{"id":187682,"date":"2026-04-16T12:23:34","date_gmt":"2026-04-16T10:23:34","guid":{"rendered":"https:\/\/ruhr-real.de\/?post_type=deals&#038;p=187682"},"modified":"2026-04-16T12:27:04","modified_gmt":"2026-04-16T10:27:04","slug":"ruhr-real-vermittelt-10-500-m%c2%b2-logistikflaeche-in-schwerte-an-finecom-logistics","status":"publish","type":"deals","link":"https:\/\/ruhr-real.de\/en\/deals\/ruhr-real-vermittelt-10-500-m%c2%b2-logistikflaeche-in-schwerte-an-finecom-logistics\/","title":{"rendered":"Erfolgreicher Abschluss: RUHR REAL sichert FineCom Logistics 10.500 m\u00b2 Logistikfl\u00e4che in Schwerte"},"content":{"rendered":"\n<p><\/p>\n\n\n\n<p><strong>Schwerte, 16.04.2026<\/strong>. RUHR REAL hat die Vermietung einer rund 10.500 m\u00b2 gro\u00dfen Logistikimmobilie an der Konrad-Zuse-Stra\u00dfe 8 in 58239 Schwerte erfolgreich begleitet. Neuer Nutzer der Fl\u00e4che ist die Alt FineCom Finishing-eCommerce-Logistics GmbH, ein Logistik- und Fulfillment-Dienstleister f\u00fcr die Textilbranche. Eigent\u00fcmerin und Vermieterin der Immobilie ist die TWS GmbH. Der Einzug ist f\u00fcr den 1. Juni 2026 vorgesehen.<\/p>\n\n\n\n<p>Bei der vermieteten Immobilie handelt es sich um die in Schwerte lokal als \u201eKarstadt-Hallen\u201c bekannten Liegenschaft an der Konrad-Zuse-Stra\u00dfe. Der Geb\u00e4udekomplex war zuletzt 17 Jahre lang von der Deutschen Post genutzt worden und stand nach deren Auszug zur Neuvermietung frei.&nbsp;<\/p>\n\n\n\n<p>Das Objekt umfasst rund 10.050 m\u00b2 Hallenfl\u00e4che sowie etwa 450 m\u00b2 B\u00fcro- und Sozialfl\u00e4chen. Ausschlaggebend f\u00fcr die Anmietung waren insbesondere die gute Anbindung an das Ruhrgebiet, die Ausstattung mit Sprinkleranlage und Rampen sowie der funktionale Fl\u00e4chenzuschnitt mit rund 10.000 m\u00b2 Hallenfl\u00e4che am St\u00fcck. FineCom war auf der Suche nach zus\u00e4tzlichen Fl\u00e4chen im Ruhrgebiet, um dem wachsenden Bedarf gerecht zu werden.<\/p>\n\n\n\n<p>\u201eMit dem neuen Standort in Schwerte schaffen wir die Voraussetzungen, um unserem zus\u00e4tzlichen Fl\u00e4chenbedarf im Ruhrgebiet gerecht zu werden. Besonders \u00fcberzeugt haben uns die sehr gute Lage, die zusammenh\u00e4ngende Hallenfl\u00e4che und die f\u00fcr unsere Anforderungen passende Ausstattung der Immobilie\u201c, Franz Alt, Gesch\u00e4ftsf\u00fchrer Alt FineCom Finishing-eCommerce-Logistics GmbH.<\/p>\n\n\n\n<p>\u201eWir freuen uns, mit FineCom einen passenden Nutzer f\u00fcr diese Logistikimmobilie in Schwerte gefunden zu haben. Dass f\u00fcr die in Schwerte bekannten Karstadt-Hallen nun eine neue Nutzungsperspektive entstanden ist, ist ein wichtiges Signal f\u00fcr den Standort\u201c, so Jens Ewald, Prokurist der TWS GmbH.<\/p>\n\n\n\n<p>\u201eDie Kombination aus Lage, Fl\u00e4chenqualit\u00e4t und Ausstattung hat sehr gut zu den Anforderungen von FineCom gepasst. Zugleich war allen Beteiligten bewusst, dass die Nachnutzung der in Schwerte bekannten Karstadt-Hallen auch \u00f6ffentlich mit besonderem Interesse verfolgt wird\u201c, kommentiert Nils Mehrer, zust\u00e4ndiger Berater bei RUHR REAL.<br><\/p>\n\n\n\n<p><\/p>\n\n\n\n<p><\/p>\n\n\n\n<p><br><\/p>\n\n\n\n<p><br><\/p>\n\n\n\n<p><\/p>\n","protected":false},"featured_media":187683,"template":"","categories":[202],"tags":[],"class_list":["post-187682","deals","type-deals","status-publish","has-post-thumbnail","hentry","category-presse"],"acf":[],"_links":{"self":[{"href":"https:\/\/ruhr-real.de\/en\/wp-json\/wp\/v2\/deals\/187682","targetHints":{"allow":["GET"]}}],"collection":[{"href":"https:\/\/ruhr-real.de\/en\/wp-json\/wp\/v2\/deals"}],"about":[{"href":"https:\/\/ruhr-real.de\/en\/wp-json\/wp\/v2\/types\/deals"}],"version-history":[{"count":0,"href":"https:\/\/ruhr-real.de\/en\/wp-json\/wp\/v2\/deals\/187682\/revisions"}],"wp:featuredmedia":[{"embeddable":true,"href":"https:\/\/ruhr-real.de\/en\/wp-json\/wp\/v2\/media\/187683"}],"wp:attachment":[{"href":"https:\/\/ruhr-real.de\/en\/wp-json\/wp\/v2\/media?parent=187682"}],"wp:term":[{"taxonomy":"category","embeddable":true,"href":"https:\/\/ruhr-real.de\/en\/wp-json\/wp\/v2\/categories?post=187682"},{"taxonomy":"post_tag","embeddable":true,"href":"https:\/\/ruhr-real.de\/en\/wp-json\/wp\/v2\/tags?post=187682"}],"curies":[{"name":"wp","href":"https:\/\/api.w.org\/{rel}","templated":true}]}}