{"id":187922,"date":"2026-04-23T10:10:40","date_gmt":"2026-04-23T08:10:40","guid":{"rendered":"https:\/\/ruhr-real.de\/?post_type=deals&#038;p=187922"},"modified":"2026-04-23T10:10:41","modified_gmt":"2026-04-23T08:10:41","slug":"ruhr-real-vermittelte-jobcenter-dortmund-sichert-sich-6-350-m%c2%b2-fuer-neues-jugendberufshaus","status":"publish","type":"deals","link":"https:\/\/ruhr-real.de\/en\/deals\/ruhr-real-vermittelte-jobcenter-dortmund-sichert-sich-6-350-m%c2%b2-fuer-neues-jugendberufshaus\/","title":{"rendered":"RUHR REAL vermittelte: Jobcenter Dortmund sichert sich 6.350 m\u00b2 f\u00fcr neues Jugendberufshaus"},"content":{"rendered":"\n<p><strong>Dortmund, 23.04.2026<\/strong>. Rund 6.350 m\u00b2 B\u00fcrofl\u00e4che hat das Jobcenter Dortmund in der Dortmunder Innenstadt angemietet. Die neue Fl\u00e4che am Burgwall 12\u201314 wird k\u00fcnftig das Jugendberufshaus beherbergen, eine zentrale Anlaufstelle f\u00fcr junge Menschen beim \u00dcbergang von der Schule in Ausbildung oder Beruf. Beratend begleitet hat die Vermietung das Maklerunternehmen RUHR REAL.<\/p>\n\n\n\n<p>Der erste Teilanzug ist f\u00fcr den 1. Juli geplant; bislang ist das Jugendberufshaus an der Steinstra\u00dfe untergebracht. Der neue Standort am Burgwall \u00fcberzeugte das Jobcenter insbesondere durch die sehr gute \u00d6PNV-Anbindung sowie die N\u00e4he zum bisherigen Standort, ein wichtiger Faktor f\u00fcr die Zielgruppe aus Jugendlichen und jungen Erwachsenen.<\/p>\n\n\n\n<p>Die Immobilie wird k\u00fcnftig als Single-Tenant-Geb\u00e4ude genutzt. Zuvor war dort das Stadtplanungs- und Bauordnungsamt der Stadt Dortmund ans\u00e4ssig. Der Mietvertrag wurde Ende des ersten Quartals unterzeichnet, nachdem die vorangegangene Haushaltssperre bis Mitte M\u00e4rz eine fr\u00fchere Anmietung verz\u00f6gert hatte. \u201eHier stimmen die entscheidenden Faktoren: eine gute Erreichbarkeit mit den \u00f6ffentlichen Verkehrsmitteln, die passende Fl\u00e4chengr\u00f6\u00dfe und die M\u00f6glichkeit, das Geb\u00e4ude vollst\u00e4ndig selbst zu nutzen\u201c, sagt Frederic Jeschke, zust\u00e4ndiger Berater bei RUHR REAL.<\/p>\n\n\n\n<p><br><\/p>\n\n\n\n<p><\/p>\n\n\n\n<p><\/p>\n\n\n\n<p><br><\/p>\n\n\n\n<p><br><\/p>\n\n\n\n<p><\/p>\n","protected":false},"featured_media":187923,"template":"","categories":[202],"tags":[],"class_list":["post-187922","deals","type-deals","status-publish","has-post-thumbnail","hentry","category-presse"],"acf":[],"_links":{"self":[{"href":"https:\/\/ruhr-real.de\/en\/wp-json\/wp\/v2\/deals\/187922","targetHints":{"allow":["GET"]}}],"collection":[{"href":"https:\/\/ruhr-real.de\/en\/wp-json\/wp\/v2\/deals"}],"about":[{"href":"https:\/\/ruhr-real.de\/en\/wp-json\/wp\/v2\/types\/deals"}],"version-history":[{"count":0,"href":"https:\/\/ruhr-real.de\/en\/wp-json\/wp\/v2\/deals\/187922\/revisions"}],"wp:featuredmedia":[{"embeddable":true,"href":"https:\/\/ruhr-real.de\/en\/wp-json\/wp\/v2\/media\/187923"}],"wp:attachment":[{"href":"https:\/\/ruhr-real.de\/en\/wp-json\/wp\/v2\/media?parent=187922"}],"wp:term":[{"taxonomy":"category","embeddable":true,"href":"https:\/\/ruhr-real.de\/en\/wp-json\/wp\/v2\/categories?post=187922"},{"taxonomy":"post_tag","embeddable":true,"href":"https:\/\/ruhr-real.de\/en\/wp-json\/wp\/v2\/tags?post=187922"}],"curies":[{"name":"wp","href":"https:\/\/api.w.org\/{rel}","templated":true}]}}