{"id":113817,"date":"2024-05-08T00:06:03","date_gmt":"2024-05-07T22:06:03","guid":{"rendered":"https:\/\/2024.ruhr-real.de\/immobilien\/4-500-m%c2%b2-hallenflaeche-975-m%c2%b2-buero-sozialflaechen-komplett-umzaeuntes-gelaende-ruhr-real\/"},"modified":"2024-05-08T00:06:03","modified_gmt":"2024-05-07T22:06:03","slug":"4-500-m%c2%b2-hallenflaeche-975-m%c2%b2-buero-sozialflaechen-komplett-umzaeuntes-gelaende-ruhr-real","status":"publish","type":"property","link":"https:\/\/ruhr-real.de\/en\/objekt\/4-500-m%c2%b2-hallenflaeche-975-m%c2%b2-buero-sozialflaechen-komplett-umzaeuntes-gelaende-ruhr-real\/","title":{"rendered":"4.500 m\u00b2 Hallenfl\u00e4che | 975 m\u00b2 B\u00fcro-\/ Sozialfl\u00e4chen | komplett umz\u00e4untes Gel\u00e4nde | RUHR REAL"},"content":{"rendered":"<p>Das Objekt umfasst drei Hallenschiffe mit zwei separaten Anlieferzonen sowie einem L-f\u00f6rmigen B\u00fcrotrakt. Das Grundst\u00fcck ist komplett eingez\u00e4unt und hat eine Torzufahrt die \u00fcber eine 24\/7- Genehmigung verf\u00fcgt. Au\u00dferdem befindet sich im Erdgeschoss des B\u00fcrotraktes eine Kantine von ca. 140 m\u00b2. Dar\u00fcber hinaus verf\u00fcgt das Objekt \u00fcber eine moderne RTL-Anlage, eine Gaszentralheizung und eine Klimaanlage, die auch die Hallenfl\u00e4chen k\u00fchlt. Im Obergeschoss befinden sich Umkleiden, WC-Anlagen\/ Duschen und Sozialr\u00e4ume f\u00fcr die Mitarbeiter. Des Weiteren stehen dem Mieter ca. 130 PKW-Stellpl\u00e4tze zur Verf\u00fcgung.<br \/>\nZahlreiche Pkw-Stellpl\u00e4tze stehen dem Nutzer ebenfalls zur Verf\u00fcgung.<br \/>\nAktuell stehen folgende Fl\u00e4chen zur Disposition:<\/p>\n<p>Halle 1: 1.445 m\u00b2<br \/>\nHalle 2: 1.580 m\u00b2<br \/>\nHalle 3: 1.610 m\u00b2<\/p>\n<p>B\u00fcro: 975 m\u00b2<\/p>\n<p>Freifl\u00e4che: ca. 7.000 m\u00b2 (optional)<\/p>\n<p>Die Anbindung an das \u00fcberregionale Verkehrsnetz ist ausgezeichnet, so kann man in nur wenigen Autominuten die nahegelegene A42, A45 und A2<br \/>\nerreichbar. Abgesehen von der Erreichbarkeit mit dem Auto, kann das Objekt ebenfalls mit den \u00f6ffentlichen Verkehrsmitteln angefahren werden. Wichtige Anschlussstellen wie der Dortmunder Hafen, der G\u00fcterbahnhof &#8220;Dortmund S\u00fcd&#8221; und Kippdienstleister, wie das DHL- oder GLS-Depot Dortmund, sind in kurzer Zeit anfahrbar.<\/p>\n<p>\u2022 Deckenh\u00f6he: 8,00 UKB<br \/>\n\u2022 Rampen mit \u00dcberladebr\u00fccken<br \/>\n\u2022 ein ebenerdiges Tor<br \/>\n\u2022 Brandschutztore<br \/>\n\u2022 130 PKW-Stellpl\u00e4tze<br \/>\n\u2022 B\u00fcrofl\u00e4che<br \/>\n\u2022 voll ausgestattete Kantine<br \/>\n\u2022 Beheizt<br \/>\n\u2022 Labor<br \/>\n\u2022 Bodenbelag: Steinboden<br \/>\n\u2022 Beleuchtung: LED-Lichtb\u00e4nder<br \/>\n\u2022 Regenwasserr\u00fcckhaltebecken<br \/>\n\u2022 RLT-Anlage<br \/>\n\u2022 Klimaanlage<br \/>\n\u2022 Labor<br \/>\n\u2022 Regenwasserr\u00fcckhaltebecken<br \/>\n\u2022 Lastenaufzug<br \/>\n\u2022 Kantine<\/p>\n<p>Es gelten ausschlie\u00dflich unsere AGB (www.ruhr-real.de\/agb). Die Halle ist nicht f\u00fcr Veranstaltungsr\u00e4ume geeignet. Wir m\u00f6chten Sie darauf hinweisen, dass die Angaben ausschlie\u00dflich auf den uns vom Eigent\u00fcmer \u00fcbermittelten Unterlagen und Informationen basieren. F\u00fcr Richtigkeit und Vollst\u00e4ndigkeit \u00fcbernehmen wir keine Gew\u00e4hr. Zwischenvermietung vorbehalten.<br \/>\n<div class=\"widget widget_immonex_user_defined_properties_widget\"><div class=\"immonex-widget immonex-widget-houzez\">\n\t\t<div class=\"immonex-widget-title clearfix\">\n\t\t<h2 class=\"widgettitle\">Energieeffizienz<\/h2>\t<\/div>\n\t\t<ul class=\"immonex-property-details row list-lined list-unstyled\">\n\t\t\t\t<li>\n\t\t\t<div class=\"list-lined-item w-100 d-flex justify-content-between py-2\">\n\t\t\t\t\t\t\t\t<strong class=\"property-details-label\">Energieausweis-Jahrgang:<\/strong>&nbsp;<span class=\"property-details-value\">not available<\/span>\n\t\t\t\t\t\t\t<\/div>\n\t\t<\/li>\n\t\t\t<\/ul>\n<\/div><\/div><\/p>\n","protected":false},"excerpt":{"rendered":"<p>Das Objekt umfasst drei Hallenschiffe mit zwei separaten Anlieferzonen sowie einem L-f\u00f6rmigen B\u00fcrotrakt. Das&#8230;<\/p>\n","protected":false},"author":1,"featured_media":113818,"parent":0,"menu_order":0,"template":"","property_type":[380],"property_status":[352],"property_feature":[350],"property_label":[],"property_country":[353],"property_state":[],"property_city":[304],"property_area":[],"class_list":["post-113817","property","type-property","status-publish","has-post-thumbnail","hentry","property_type-lager-und-produktionsflaechen","property_status-zu-vermieten","property_feature-raeume-veraenderbar","property_country-deutschland","property_city-dortmund"],"acf":[],"property_meta":{"_immonex_import_folder":["users\/RUHRREAL"],"fave_property_map_address":["44357 Dortmund"],"fave_property_zip":["44357"],"fave_property_country":["DE"],"_immonex_lat":["51.5743117"],"_immonex_lng":["7.3794529"],"houzez_geolocation_lat":["51.5743117"],"houzez_geolocation_long":["7.3794529"],"fave_property_location":["51.5743117,7.3794529"],"fave_property_price":["7.00"],"fave_property_sec_price":["5.5000"],"fave_property_size":["5957"],"fave_property_year":["1990"],"fave_property_id":["911\/E1"],"_immonex_translation_id":["911\/E1"],"_immonex_iso_country":["DEU"],"_openimmo_obid":["A205C0DC0BEF4C72AF6EFEE599DA8C85"],"_openimmo_anid":["0000"],"_immonex_group_number":["19"],"_immonex_group_id":[""],"_immonex_group_master":[""],"_immonex_import_meta":["a:6:{s:8:\"zip_file\";s:131:\"\/www\/htdocs\/w0172e0e\/ruhr-real_2024\/wp-content\/uploads\/immonex-openimmo-import\/users\/RUHRREAL\/Immowelt_estatePro_20240508172440.zip\";s:8:\"xml_file\";s:158:\"\/www\/htdocs\/w0172e0e\/ruhr-real_2024\/wp-content\/uploads\/immonex-openimmo-import\/immowelt_estatepro_20240508172440\/Homepage_2024_NEW_estatePro20240508172440.xml\";s:12:\"mapping_file\";s:116:\"\/www\/htdocs\/w0172e0e\/ruhr-real_2024\/wp-content\/uploads\/immonex-openimmo-import\/mappings\/houzez_ruhrreal_18122023.csv\";s:9:\"timestamp\";i:1715182023;s:4:\"date\";s:10:\"2024-05-08\";s:4:\"time\";s:8:\"17:27:03\";}"],"_is_immonex_import_property":["1"],"_immonex_is_reference":[""],"_immonex_is_sold":[""],"_immonex_is_reserved":[""],"_immonex_is_available":["1"],"additional_features":["a:17:{i:0;a:2:{s:29:\"fave_additional_feature_title\";s:14:\"Nettokaltmiete\";s:29:\"fave_additional_feature_value\";s:10:\"7&nbsp;\u20ac\";}i:1;a:2:{s:29:\"fave_additional_feature_title\";s:9:\"Kaltmiete\";s:29:\"fave_additional_feature_value\";s:10:\"7&nbsp;\u20ac\";}i:2;a:2:{s:29:\"fave_additional_feature_title\";s:33:\"Heizkosten in Warmmiete enthalten\";s:29:\"fave_additional_feature_value\";s:4:\"nein\";}i:3;a:2:{s:29:\"fave_additional_feature_title\";s:32:\"Preise zuz\u00fcglich Mehrwertsteuer\";s:29:\"fave_additional_feature_value\";s:4:\"nein\";}i:4;a:2:{s:29:\"fave_additional_feature_title\";s:23:\"Netto-Kaltmiete pro m\u00b2\";s:29:\"fave_additional_feature_value\";s:13:\"5,50&nbsp;\u20ac\";}i:5;a:2:{s:29:\"fave_additional_feature_title\";s:16:\"K\u00e4uferprovision\";s:29:\"fave_additional_feature_value\";s:19:\"3 Nettomonatsmieten\";}i:6;a:2:{s:29:\"fave_additional_feature_title\";s:20:\"Hinweis zur Courtage\";s:29:\"fave_additional_feature_value\";s:209:\"Bei Vertr\u00e4gen bis zu f\u00fcnf Jahren Laufzeit ist ein Honorar von 3 Nettomonatsmieten zahlbar; bei Laufzeiten bis zu zehn Jahren werden 4 Nettomonatsmieten f\u00e4llig. Hinzu kommt die jeweils g\u00fcltige Umsatzsteuer.\";}i:7;a:2:{s:29:\"fave_additional_feature_title\";s:10:\"MwSt.-Satz\";s:29:\"fave_additional_feature_value\";s:9:\"19&nbsp;%\";}i:8;a:2:{s:29:\"fave_additional_feature_title\";s:13:\"Gesamtfl\u00e4che\";s:29:\"fave_additional_feature_value\";s:14:\"5.957&nbsp;m\u00b2\";}i:9;a:2:{s:29:\"fave_additional_feature_title\";s:12:\"Lagerfl\u00e4che\";s:29:\"fave_additional_feature_value\";s:14:\"4.476&nbsp;m\u00b2\";}i:10;a:2:{s:29:\"fave_additional_feature_title\";s:12:\"B\u00fcrofl\u00e4che\";s:29:\"fave_additional_feature_value\";s:14:\"1.481&nbsp;m\u00b2\";}i:11;a:2:{s:29:\"fave_additional_feature_title\";s:16:\"B\u00fcroteilfl\u00e4che\";s:29:\"fave_additional_feature_value\";s:14:\"1.481&nbsp;m\u00b2\";}i:12;a:2:{s:29:\"fave_additional_feature_title\";s:10:\"Teilbar ab\";s:29:\"fave_additional_feature_value\";s:14:\"4.476&nbsp;m\u00b2\";}i:13;a:2:{s:29:\"fave_additional_feature_title\";s:19:\"Art der Ausstattung\";s:29:\"fave_additional_feature_value\";s:8:\"Standard\";}i:14;a:2:{s:29:\"fave_additional_feature_title\";s:10:\"Bodenbelag\";s:29:\"fave_additional_feature_value\";s:5:\"Stein\";}i:15;a:2:{s:29:\"fave_additional_feature_title\";s:7:\"Zustand\";s:29:\"fave_additional_feature_value\";s:8:\"gepflegt\";}i:16;a:2:{s:29:\"fave_additional_feature_title\";s:27:\"Immobilie ist verf\u00fcgbar ab\";s:29:\"fave_additional_feature_value\";s:10:\"01.10.2020\";}}"],"fave_additional_features_enable":["enable"],"_immonex_custom_fields":["a:1:{s:23:\"Energieausweis-Jahrgang\";a:5:{s:14:\"mapping_source\";s:38:\"zustand_angaben->energiepass->jahrgang\";s:4:\"name\";s:0:\"\";s:5:\"group\";s:5:\"epass\";s:5:\"value\";s:13:\"not available\";s:19:\"value_before_filter\";s:4:\"ohne\";}}"],"_immonex_property_xml_source":["<?xml version=\"1.0\"?>\n<immobilie>\n<objektkategorie>\n<nutzungsart WOHNEN=\"false\" GEWERBE=\"true\"\/>\n<vermarktungsart KAUF=\"false\" MIETE_PACHT=\"true\"\/>\n<objektart>\n<hallen_lager_prod hallen_typ=\"LAGERFLAECHEN\"\/>\n<\/objektart>\n<user_defined_simplefield\/>\n<\/objektkategorie>\n<geo>\n<plz>44357<\/plz>\n<ort>Dortmund<\/ort>\n<strasse>Str&#xFC;mpenbusch<\/strasse>\n<hausnummer>3<\/hausnummer>\n<land iso_land=\"DEU\"\/>\n<lage_im_bau\/>\n<\/geo>\n<kontaktperson>\n<email_zentrale>anfrage@ruhr-real.de<\/email_zentrale>\n<email_direkt>mehrer@ruhr-real.de<\/email_direkt>\n<tel_durchw>+49 201 99996330<\/tel_durchw>\n<tel_fax>+49 201 99996344<\/tel_fax>\n<tel_handy>+49 162 2907000<\/tel_handy>\n<name>Mehrer<\/name>\n<vorname>Nils<\/vorname>\n<anrede>Herr<\/anrede>\n<firma>RUHR REAL GmbH<\/firma>\n<strasse>Holsterhauser Platz<\/strasse>\n<hausnummer>2<\/hausnummer>\n<plz>45147<\/plz>\n<ort>Essen<\/ort>\n<adressfreigabe>true<\/adressfreigabe>\n<\/kontaktperson>\n<preise>\n<nettokaltmiete>7.00<\/nettokaltmiete>\n<kaltmiete>7.00<\/kaltmiete>\n<heizkosten_enthalten>false<\/heizkosten_enthalten>\n<zzg_mehrwertsteuer>false<\/zzg_mehrwertsteuer>\n<preis_zeiteinheit\/>\n<mietpreis_pro_qm>5.5000<\/mietpreis_pro_qm>\n<provisionspflichtig>true<\/provisionspflichtig>\n<aussen_courtage mit_mwst=\"false\">3 Nettomonatsmieten<\/aussen_courtage>\n<courtage_hinweis>Bei Vertr&#xE4;gen bis zu f&#xFC;nf Jahren Laufzeit ist ein Honorar von 3 Nettomonatsmieten zahlbar; bei Laufzeiten bis zu zehn Jahren werden 4 Nettomonatsmieten f&#xE4;llig. Hinzu kommt die jeweils g&#xFC;ltige Umsatzsteuer.<\/courtage_hinweis>\n<waehrung iso_waehrung=\"EUR\"\/>\n<mwst_satz>19.00<\/mwst_satz>\n<stp_carport\/>\n<stp_duplex\/>\n<stp_freiplatz\/>\n<stp_garage\/>\n<stp_parkhaus\/>\n<stp_tiefgarage\/>\n<\/preise>\n<bieterverfahren\/>\n<versteigerung\/>\n<flaechen>\n<gesamtflaeche>5957<\/gesamtflaeche>\n<lagerflaeche>4476<\/lagerflaeche>\n<bueroflaeche>1481<\/bueroflaeche>\n<bueroteilflaeche>1481<\/bueroteilflaeche>\n<teilbar_ab>4476<\/teilbar_ab>\n<\/flaechen>\n<ausstattung>\n<ausstatt_kategorie>STANDARD<\/ausstatt_kategorie>\n<raeume_veraenderbar>true<\/raeume_veraenderbar>\n<bad\/>\n<kueche\/>\n<boden STEIN=\"true\"\/>\n<heizungsart\/>\n<befeuerung\/>\n<fahrstuhl\/>\n<ausricht_balkon_terrasse\/>\n<angeschl_gastronomie\/>\n<sicherheitstechnik\/>\n<\/ausstattung>\n<zustand_angaben>\n<baujahr>1990<\/baujahr>\n<zustand zustand_art=\"GEPFLEGT\"\/>\n<energiepass>\n<jahrgang>ohne<\/jahrgang>\n<\/energiepass>\n<\/zustand_angaben>\n<bewertung\/>\n<infrastruktur\/>\n<freitexte>\n<objekttitel>4.500 m&#xB2; Hallenfl&#xE4;che | 975 m&#xB2; B&#xFC;ro-\/ Sozialfl&#xE4;chen | komplett umz&#xE4;untes Gel&#xE4;nde | RUHR REAL<\/objekttitel>\n<lage>Die Anbindung an das &#xFC;berregionale Verkehrsnetz ist ausgezeichnet, so kann man in nur wenigen Autominuten die nahegelegene A42, A45 und A2\nerreichbar. Abgesehen von der Erreichbarkeit mit dem Auto, kann das Objekt ebenfalls mit den &#xF6;ffentlichen Verkehrsmitteln angefahren werden. Wichtige Anschlussstellen wie der Dortmunder Hafen, der G&#xFC;terbahnhof \"Dortmund S&#xFC;d\" und Kippdienstleister, wie das DHL- oder GLS-Depot Dortmund, sind in kurzer Zeit anfahrbar. \n<\/lage>\n<ausstatt_beschr>&#x2022; Deckenh&#xF6;he: 8,00 UKB\n&#x2022; Rampen mit &#xDC;berladebr&#xFC;cken \n&#x2022; ein ebenerdiges Tor\n&#x2022; Brandschutztore\n&#x2022; 130 PKW-Stellpl&#xE4;tze \n&#x2022; B&#xFC;rofl&#xE4;che\n&#x2022; voll ausgestattete Kantine\n&#x2022; Beheizt\n&#x2022; Labor\n&#x2022; Bodenbelag: Steinboden\n&#x2022; Beleuchtung: LED-Lichtb&#xE4;nder\n&#x2022; Regenwasserr&#xFC;ckhaltebecken\n&#x2022; RLT-Anlage\n&#x2022; Klimaanlage\n&#x2022; Labor\n&#x2022; Regenwasserr&#xFC;ckhaltebecken\n&#x2022; Lastenaufzug\n&#x2022; Kantine \n\n<\/ausstatt_beschr>\n<objektbeschreibung>Das Objekt umfasst drei Hallenschiffe mit zwei separaten Anlieferzonen sowie einem L-f&#xF6;rmigen B&#xFC;rotrakt. Das Grundst&#xFC;ck ist komplett eingez&#xE4;unt und hat eine Torzufahrt die &#xFC;ber eine 24\/7- Genehmigung verf&#xFC;gt. Au&#xDF;erdem befindet sich im Erdgeschoss des B&#xFC;rotraktes eine Kantine von ca. 140 m&#xB2;. Dar&#xFC;ber hinaus verf&#xFC;gt das Objekt &#xFC;ber eine moderne RTL-Anlage, eine Gaszentralheizung und eine Klimaanlage, die auch die Hallenfl&#xE4;chen k&#xFC;hlt. Im Obergeschoss befinden sich Umkleiden, WC-Anlagen\/ Duschen und Sozialr&#xE4;ume f&#xFC;r die Mitarbeiter. Des Weiteren stehen dem Mieter ca. 130 PKW-Stellpl&#xE4;tze zur Verf&#xFC;gung.\nZahlreiche Pkw-Stellpl&#xE4;tze stehen dem Nutzer ebenfalls zur Verf&#xFC;gung.\nAktuell stehen folgende Fl&#xE4;chen zur Disposition:\n\nHalle 1: 1.445 m&#xB2;\nHalle 2: 1.580 m&#xB2;\nHalle 3: 1.610 m&#xB2;\n\nB&#xFC;ro: 975 m&#xB2;\n\nFreifl&#xE4;che: ca. 7.000 m&#xB2; (optional)\n<\/objektbeschreibung><sonstige_angaben>Es gelten ausschlie&#xDF;lich unsere AGB (www.ruhr-real.de\/agb). Die Halle ist nicht f&#xFC;r Veranstaltungsr&#xE4;ume geeignet. Wir m&#xF6;chten Sie darauf hinweisen, dass die Angaben ausschlie&#xDF;lich auf den uns vom Eigent&#xFC;mer &#xFC;bermittelten Unterlagen und Informationen basieren. F&#xFC;r Richtigkeit und Vollst&#xE4;ndigkeit &#xFC;bernehmen wir keine Gew&#xE4;hr. Zwischenvermietung vorbehalten.<\/sonstige_angaben>\n<\/freitexte>\n<anhaenge>\n<anhang location=\"EXTERN\" gruppe=\"TITELBILD\">\n<anhangtitel>Halle 1<\/anhangtitel>\n<format>JPG<\/format>\n<daten>\n<pfad>ac8abf0fca574d898ab90c949a3dfa83.JPG<\/pfad>\n<\/daten>\n<\/anhang>\n<anhang location=\"EXTERN\" gruppe=\"BILD\">\n<anhangtitel>Halle 1<\/anhangtitel>\n<format>JPG<\/format>\n<daten>\n<pfad>ebedcd763b46401f8ea5fc8e494b817a.JPG<\/pfad>\n<\/daten>\n<\/anhang>\n<anhang location=\"EXTERN\" gruppe=\"BILD\">\n<anhangtitel>Halle 2<\/anhangtitel>\n<format>JPG<\/format>\n<daten>\n<pfad>94b88de0f0ab4d7a967aeb9cfc72093d.JPG<\/pfad>\n<\/daten>\n<\/anhang>\n<anhang location=\"EXTERN\" gruppe=\"BILD\">\n<anhangtitel>Halle 2<\/anhangtitel>\n<format>JPG<\/format>\n<daten>\n<pfad>30a3dfa2827b434c9ecfbfb9d7dcd615.JPG<\/pfad>\n<\/daten>\n<\/anhang>\n<anhang location=\"EXTERN\" gruppe=\"BILD\">\n<anhangtitel>Halle 3<\/anhangtitel>\n<format>JPG<\/format>\n<daten>\n<pfad>acf6d65b916d4f24a1193b214cc232f7.JPG<\/pfad>\n<\/daten>\n<\/anhang>\n<anhang location=\"EXTERN\" gruppe=\"BILD\">\n<anhangtitel>Halle 3<\/anhangtitel>\n<format>JPG<\/format>\n<daten>\n<pfad>858f0bf46bc44910b3b58d2fb1f0dff7.JPG<\/pfad>\n<\/daten>\n<\/anhang>\n<anhang location=\"EXTERN\" gruppe=\"BILD\">\n<anhangtitel>Halle 3<\/anhangtitel>\n<format>JPG<\/format>\n<daten>\n<pfad>b1efd644a4eb40f29da085abfb10374e.JPG<\/pfad>\n<\/daten>\n<\/anhang>\n<anhang location=\"EXTERN\" gruppe=\"BILD\">\n<anhangtitel>Halle 3<\/anhangtitel>\n<format>JPG<\/format>\n<daten>\n<pfad>153db11b74dd4b3ab373a9f6995ad5fb.JPG<\/pfad>\n<\/daten>\n<\/anhang>\n<anhang location=\"EXTERN\" gruppe=\"BILD\">\n<anhangtitel>B&#xFC;ro<\/anhangtitel>\n<format>JPG<\/format>\n<daten>\n<pfad>f0c5880842894006a6ee13e8868d8264.JPG<\/pfad>\n<\/daten>\n<\/anhang>\n<anhang location=\"EXTERN\" gruppe=\"BILD\">\n<anhangtitel>B&#xFC;ro<\/anhangtitel>\n<format>JPG<\/format>\n<daten>\n<pfad>6c2c915d386b41c6aa5e4a2f51161f4e.JPG<\/pfad>\n<\/daten>\n<\/anhang>\n<anhang location=\"EXTERN\" gruppe=\"GRUNDRISS\">\n<anhangtitel>Grundriss<\/anhangtitel>\n<format>PNG<\/format>\n<daten>\n<pfad>10bd4757fc3041bfaf81374a57b637fb.PNG<\/pfad>\n<\/daten>\n<\/anhang>\n<anhang location=\"EXTERN\" gruppe=\"GRUNDRISS\">\n<anhangtitel>Grundriss2<\/anhangtitel>\n<format>PNG<\/format>\n<daten>\n<pfad>a463ec6b787e4aa6874100063979a7d9.PNG<\/pfad>\n<\/daten>\n<\/anhang>\n<\/anhaenge>\n<verwaltung_objekt>\n<objektadresse_freigeben>false<\/objektadresse_freigeben>\n<verfuegbar_ab>01.10.2020<\/verfuegbar_ab>\n<gruppennummer>19<\/gruppennummer>\n<geschlecht\/>\n<gewerbliche_nutzung>true<\/gewerbliche_nutzung>\n<\/verwaltung_objekt>\n<verwaltung_techn>\n<objektnr_intern>A205C0DC0BEF4C72AF6EFEE599DA8C85<\/objektnr_intern>\n<objektnr_extern>911\/E1<\/objektnr_extern>\n<aktion aktionart=\"CHANGE\"\/>\n<openimmo_obid>A205C0DC0BEF4C72AF6EFEE599DA8C85<\/openimmo_obid>\n<kennung_ursprung>estatePro V10.0.0.8<\/kennung_ursprung>\n<stand_vom>2024-05-08<\/stand_vom>\n<\/verwaltung_techn>\n<user_defined_simplefield feldname=\"Startseite\">Nein<\/user_defined_simplefield>\n<\/immobilie>\n"],"_thumbnail_id":["113818"],"fave_property_images":["113818","113819","113820","113821","113822","113823","113824","113825","113826","113827"],"fave_floor_plans_enable":["enable"],"floor_plans":["a:2:{i:0;a:7:{s:15:\"fave_plan_title\";s:9:\"Grundriss\";s:15:\"fave_plan_rooms\";s:0:\"\";s:19:\"fave_plan_bathrooms\";s:0:\"\";s:15:\"fave_plan_price\";s:0:\"\";s:14:\"fave_plan_size\";s:0:\"\";s:15:\"fave_plan_image\";s:93:\"https:\/\/ruhr-real.de\/wp-content\/uploads\/2024\/05\/10bd4757fc3041bfaf81374a57b637fb-1024x703.png\";s:21:\"fave_plan_description\";s:0:\"\";}i:1;a:7:{s:15:\"fave_plan_title\";s:10:\"Grundriss2\";s:15:\"fave_plan_rooms\";s:0:\"\";s:19:\"fave_plan_bathrooms\";s:0:\"\";s:15:\"fave_plan_price\";s:0:\"\";s:14:\"fave_plan_size\";s:0:\"\";s:15:\"fave_plan_image\";s:84:\"https:\/\/ruhr-real.de\/wp-content\/uploads\/2024\/05\/a463ec6b787e4aa6874100063979a7d9.png\";s:21:\"fave_plan_description\";s:0:\"\";}}"],"fave_prop_homeslider":["yes"],"fave_prop_slider_image":["113818"],"fave_agents":["111859"],"fave_agent_display_option":["agent_info"],"fave_single_top_area":["global"],"fave_single_content_area":["global"],"fave_property_map":["1"],"fave_property_map_street_view":["hide"],"fave_property_size_prefix":["m\u00b2"],"fave_property_land_postfix":["m\u00b2"],"fave_featured":["0"],"houzez_featured_listing_date":[""],"fave_property_price_postfix":["pro&nbsp;m\u00b2"],"fave_currency":["EUR"],"fave_currency_info":["a:8:{s:2:\"id\";s:1:\"1\";s:13:\"currency_name\";s:4:\"Euro\";s:13:\"currency_code\";s:3:\"EUR\";s:15:\"currency_symbol\";s:3:\"\u20ac\";s:17:\"currency_position\";s:5:\"after\";s:16:\"currency_decimal\";s:1:\"2\";s:26:\"currency_decimal_separator\";s:1:\",\";s:27:\"currency_thousand_separator\";s:1:\".\";}"],"fave_show_price_placeholder":["0"],"houzez_total_property_views":["2431"],"houzez_views_by_date":["a:61:{s:10:\"02-28-2026\";i:4;s:10:\"03-01-2026\";i:4;s:10:\"03-02-2026\";i:4;s:10:\"03-03-2026\";i:4;s:10:\"03-04-2026\";i:4;s:10:\"03-05-2026\";i:6;s:10:\"03-06-2026\";i:4;s:10:\"03-07-2026\";i:4;s:10:\"03-08-2026\";i:4;s:10:\"03-09-2026\";i:4;s:10:\"03-10-2026\";i:4;s:10:\"03-11-2026\";i:4;s:10:\"03-12-2026\";i:5;s:10:\"03-13-2026\";i:4;s:10:\"03-14-2026\";i:4;s:10:\"03-15-2026\";i:4;s:10:\"03-16-2026\";i:2;s:10:\"03-17-2026\";i:7;s:10:\"03-18-2026\";i:6;s:10:\"03-19-2026\";i:4;s:10:\"03-20-2026\";i:6;s:10:\"03-21-2026\";i:4;s:10:\"03-22-2026\";i:4;s:10:\"03-23-2026\";i:4;s:10:\"03-24-2026\";i:4;s:10:\"03-25-2026\";i:4;s:10:\"03-26-2026\";i:7;s:10:\"03-27-2026\";i:4;s:10:\"03-28-2026\";i:4;s:10:\"03-29-2026\";i:4;s:10:\"03-30-2026\";i:6;s:10:\"03-31-2026\";i:4;s:10:\"04-01-2026\";i:7;s:10:\"04-02-2026\";i:8;s:10:\"04-03-2026\";i:8;s:10:\"04-04-2026\";i:8;s:10:\"04-05-2026\";i:8;s:10:\"04-06-2026\";i:8;s:10:\"04-07-2026\";i:12;s:10:\"04-08-2026\";i:6;s:10:\"04-09-2026\";i:10;s:10:\"04-10-2026\";i:8;s:10:\"04-11-2026\";i:8;s:10:\"04-12-2026\";i:8;s:10:\"04-13-2026\";i:8;s:10:\"04-14-2026\";i:8;s:10:\"04-15-2026\";i:8;s:10:\"04-16-2026\";i:8;s:10:\"04-17-2026\";i:8;s:10:\"04-18-2026\";i:8;s:10:\"04-19-2026\";i:8;s:10:\"04-20-2026\";i:8;s:10:\"04-21-2026\";i:8;s:10:\"04-22-2026\";i:8;s:10:\"04-23-2026\";i:9;s:10:\"04-24-2026\";i:10;s:10:\"04-25-2026\";i:9;s:10:\"04-26-2026\";i:8;s:10:\"04-27-2026\";i:8;s:10:\"04-28-2026\";i:8;s:10:\"04-29-2026\";i:7;}"],"houzez_recently_viewed":["2026-04-29 13:56:37"],"tp_widgets":["a:2:{s:7:\"widgets\";a:0:{}s:9:\"update_at\";s:10:\"1764682733\";}"],"rank_math_news_sitemap_robots":["index"],"rank_math_robots":["a:1:{i:0;s:5:\"index\";}"],"rank_math_internal_links_processed":["1"],"_elementor_page_assets":["a:0:{}"]},"_links":{"self":[{"href":"https:\/\/ruhr-real.de\/en\/wp-json\/wp\/v2\/properties\/113817","targetHints":{"allow":["GET"]}}],"collection":[{"href":"https:\/\/ruhr-real.de\/en\/wp-json\/wp\/v2\/properties"}],"about":[{"href":"https:\/\/ruhr-real.de\/en\/wp-json\/wp\/v2\/types\/property"}],"author":[{"embeddable":true,"href":"https:\/\/ruhr-real.de\/en\/wp-json\/wp\/v2\/users\/1"}],"version-history":[{"count":0,"href":"https:\/\/ruhr-real.de\/en\/wp-json\/wp\/v2\/properties\/113817\/revisions"}],"wp:featuredmedia":[{"embeddable":true,"href":"https:\/\/ruhr-real.de\/en\/wp-json\/wp\/v2\/media\/113818"}],"wp:attachment":[{"href":"https:\/\/ruhr-real.de\/en\/wp-json\/wp\/v2\/media?parent=113817"}],"wp:term":[{"taxonomy":"property_type","embeddable":true,"href":"https:\/\/ruhr-real.de\/en\/wp-json\/wp\/v2\/property_type?post=113817"},{"taxonomy":"property_status","embeddable":true,"href":"https:\/\/ruhr-real.de\/en\/wp-json\/wp\/v2\/property_status?post=113817"},{"taxonomy":"property_feature","embeddable":true,"href":"https:\/\/ruhr-real.de\/en\/wp-json\/wp\/v2\/property_feature?post=113817"},{"taxonomy":"property_label","embeddable":true,"href":"https:\/\/ruhr-real.de\/en\/wp-json\/wp\/v2\/property_label?post=113817"},{"taxonomy":"property_country","embeddable":true,"href":"https:\/\/ruhr-real.de\/en\/wp-json\/wp\/v2\/property_country?post=113817"},{"taxonomy":"property_state","embeddable":true,"href":"https:\/\/ruhr-real.de\/en\/wp-json\/wp\/v2\/property_state?post=113817"},{"taxonomy":"property_city","embeddable":true,"href":"https:\/\/ruhr-real.de\/en\/wp-json\/wp\/v2\/property_city?post=113817"},{"taxonomy":"property_area","embeddable":true,"href":"https:\/\/ruhr-real.de\/en\/wp-json\/wp\/v2\/property_area?post=113817"}],"curies":[{"name":"wp","href":"https:\/\/api.w.org\/{rel}","templated":true}]}}