{"id":114166,"date":"2024-05-08T00:17:48","date_gmt":"2024-05-07T22:17:48","guid":{"rendered":"https:\/\/2024.ruhr-real.de\/immobilien\/hallenflaeche-in-du-neumuehl-kran-optional-buerogebaeude-und-aussenstellplaetze\/"},"modified":"2024-05-08T00:17:48","modified_gmt":"2024-05-07T22:17:48","slug":"hallenflaeche-in-du-neumuehl-kran-optional-buerogebaeude-und-aussenstellplaetze","status":"publish","type":"property","link":"https:\/\/ruhr-real.de\/en\/objekt\/hallenflaeche-in-du-neumuehl-kran-optional-buerogebaeude-und-aussenstellplaetze\/","title":{"rendered":"Hallenfl\u00e4che in DU-Neum\u00fchl | Kran optional | B\u00fcrogeb\u00e4ude und Au\u00dfenstellpl\u00e4tze"},"content":{"rendered":"<p>Bei der angebotenen Liegenschaft handelt es sich eine gepflegte Hallenfl\u00e4che mit anliegenden B\u00fcror\u00e4umen sowie einer kleinen Freifl\u00e4che. Die Fl\u00e4chen k\u00f6nnen aufgrund ihrer sehr guten Anbindung vielf\u00e4ltig genutzt werden. Vor dem Objekt stehen viele Stellpl\u00e4tze zur Verf\u00fcgung.<\/p>\n<p>Folgende Fl\u00e4chen stehen zur Zeit zur Disposition und k\u00f6nnen ausschlie\u00dflich in Kombination angemietet werden:<\/p>\n<p>Hallenfl\u00e4che: ca. 688 m\u00b2<br \/>\nB\u00fcrofl\u00e4che: ca. 220 m\u00b2<br \/>\nkleine Freifl\u00e4che\/Parkpl\u00e4tze<\/p>\n<p>Die Stadt Duisburg liegt in der Metropole Ruhr. Die Gewerbeimmobilie befindet sich im Gewerbegebiet des Stadtteils Duisburg-Neum\u00fchl vis a vis des Autobahnkreuzes Oberhausen West. Somit sind die Autobahnen A3 und die A42 nur wenige Fahrminuten entfernt. \u00d6PNV-Verbindungen befinden sich direkt vor dem Objekt. Die im Umkreis befindlichen St\u00e4dte Oberhausen, M\u00fclheim und D\u00fcsseldorf sind schnell zu erreichen. Fu\u00dfl\u00e4ufig sind einige Gastronomiebetriebe entfernt.<\/p>\n<p>Halle:<br \/>\n\u2022 Andienung: 1 ebenerdiges Sektionaltor (5m hoch, 4m breit)<br \/>\n\u2022 optional: Kran mit 5 t Traglast<br \/>\n\u2022 Boden: staplergeeigneter Boden<br \/>\n\u2022 Beleuchtung: Deckenleuchten, Lichtb\u00e4nder<br \/>\n\u2022 Deckenh\u00f6he: ca. 7,00 m UKB<br \/>\n\u2022 Lagerb\u00fcro<br \/>\n\u2022 Heizung: Deckenstrahler<\/p>\n<p>B\u00fcro:<br \/>\n\u2022 Sonnenschutz: Au\u00dfenjalousien<br \/>\n\u2022 Verkabelung: Fensterbankkan\u00e4le<br \/>\n\u2022 Bodenbelag: Teppich-\/Fliesenboden, Steinboden<br \/>\n\u2022 Beleuchtung: Deckenleuchten<br \/>\n\u2022 Klimaanlage: vorhanden<\/p>\n<p>Es gelten ausschlie\u00dflich unsere AGB (www.ruhr-real.de\/agb). Wir m\u00f6chten Sie darauf hinweisen, dass die Angaben ausschlie\u00dflich auf den uns vom Eigent\u00fcmer \u00fcbermittelten Unterlagen und Informationen basieren. F\u00fcr Richtigkeit und Vollst\u00e4ndigkeit \u00fcbernehmen wir keine Gew\u00e4hr. Zwischenvermietung vorbehalten.<br \/>\n<div class=\"widget widget_immonex_user_defined_properties_widget\"><div class=\"immonex-widget immonex-widget-houzez\">\n\t\t<div class=\"immonex-widget-title clearfix\">\n\t\t<h2 class=\"widgettitle\">Energieeffizienz<\/h2>\t<\/div>\n\t\t<ul class=\"immonex-property-details row list-lined list-unstyled\">\n\t\t\t\t<li>\n\t\t\t<div class=\"list-lined-item w-100 d-flex justify-content-between py-2\">\n\t\t\t\t\t\t\t\t<strong class=\"property-details-label\">Energieausweis-Jahrgang:<\/strong>&nbsp;<span class=\"property-details-value\">not available<\/span>\n\t\t\t\t\t\t\t<\/div>\n\t\t<\/li>\n\t\t\t<\/ul>\n<\/div><\/div><\/p>\n","protected":false},"excerpt":{"rendered":"<p>Bei der angebotenen Liegenschaft handelt es sich eine gepflegte Hallenfl\u00e4che mit anliegenden B\u00fcror\u00e4umen sowie einer&#8230;<\/p>\n","protected":false},"author":1,"featured_media":114167,"parent":0,"menu_order":0,"template":"","property_type":[380],"property_status":[352],"property_feature":[361,350],"property_label":[],"property_country":[353],"property_state":[],"property_city":[334],"property_area":[434],"class_list":["post-114166","property","type-property","status-publish","has-post-thumbnail","hentry","property_type-lager-und-produktionsflaechen","property_status-zu-vermieten","property_feature-klimaanlage","property_feature-raeume-veraenderbar","property_country-deutschland","property_city-duisburg","property_area-neumuehl-duisburg"],"acf":[],"property_meta":{"_immonex_import_folder":["users\/RUHRREAL"],"fave_property_map_address":["47167 Duisburg"],"fave_property_zip":["47167"],"fave_property_country":["DE"],"_immonex_lat":["51.4951225"],"_immonex_lng":["6.79094111566"],"houzez_geolocation_lat":["51.4951225"],"houzez_geolocation_long":["6.79094111566"],"fave_property_location":["51.4951225,6.79094111566"],"fave_property_id":["1693\/E1"],"_immonex_translation_id":["1693\/E1"],"_immonex_iso_country":["DEU"],"_openimmo_obid":["E7F0A47E7D09477182F0F8CBF0650A5D"],"_openimmo_anid":["0000"],"_immonex_group_number":["18"],"_immonex_group_id":[""],"_immonex_group_master":[""],"_immonex_import_meta":["a:6:{s:8:\"zip_file\";s:131:\"\/www\/htdocs\/w0172e0e\/ruhr-real_2024\/wp-content\/uploads\/immonex-openimmo-import\/users\/RUHRREAL\/Immowelt_estatePro_20240508173125.zip\";s:8:\"xml_file\";s:158:\"\/www\/htdocs\/w0172e0e\/ruhr-real_2024\/wp-content\/uploads\/immonex-openimmo-import\/immowelt_estatepro_20240508173125\/Homepage_2024_NEW_estatePro20240508173125.xml\";s:12:\"mapping_file\";s:116:\"\/www\/htdocs\/w0172e0e\/ruhr-real_2024\/wp-content\/uploads\/immonex-openimmo-import\/mappings\/houzez_ruhrreal_18122023.csv\";s:9:\"timestamp\";i:1715182731;s:4:\"date\";s:10:\"2024-05-08\";s:4:\"time\";s:8:\"17:38:51\";}"],"_is_immonex_import_property":["1"],"_immonex_is_reference":[""],"_immonex_is_sold":[""],"_immonex_is_reserved":[""],"_immonex_is_available":["1"],"additional_features":["a:11:{i:0;a:2:{s:29:\"fave_additional_feature_title\";s:11:\"Heizungsart\";s:29:\"fave_additional_feature_value\";s:14:\"Zentralheizung\";}i:1;a:2:{s:29:\"fave_additional_feature_title\";s:33:\"Heizkosten in Warmmiete enthalten\";s:29:\"fave_additional_feature_value\";s:4:\"nein\";}i:2;a:2:{s:29:\"fave_additional_feature_title\";s:32:\"Preise zuz\u00fcglich Mehrwertsteuer\";s:29:\"fave_additional_feature_value\";s:4:\"nein\";}i:3;a:2:{s:29:\"fave_additional_feature_title\";s:16:\"K\u00e4uferprovision\";s:29:\"fave_additional_feature_value\";s:19:\"3 Nettomonatsmieten\";}i:4;a:2:{s:29:\"fave_additional_feature_title\";s:20:\"Hinweis zur Courtage\";s:29:\"fave_additional_feature_value\";s:233:\"Bei Vertr\u00e4gen bis zu f\u00fcnf Jahren Laufzeit ist ein Honorar von 3 Nettomonatsmieten vom Mieter an RUHR REAL zahlbar; bei Laufzeiten bis zu zehn Jahren werden 4 Nettomonatsmieten f\u00e4llig. Hinzu kommt die jeweils g\u00fcltige Umsatzsteuer.\";}i:5;a:2:{s:29:\"fave_additional_feature_title\";s:10:\"MwSt.-Satz\";s:29:\"fave_additional_feature_value\";s:9:\"19&nbsp;%\";}i:6;a:2:{s:29:\"fave_additional_feature_title\";s:19:\"Art der Ausstattung\";s:29:\"fave_additional_feature_value\";s:8:\"Standard\";}i:7;a:2:{s:29:\"fave_additional_feature_title\";s:10:\"Bodenbelag\";s:29:\"fave_additional_feature_value\";s:5:\"Stein\";}i:8;a:2:{s:29:\"fave_additional_feature_title\";s:13:\"Stellplatzart\";s:29:\"fave_additional_feature_value\";s:9:\"Freiplatz\";}i:9;a:2:{s:29:\"fave_additional_feature_title\";s:7:\"Zustand\";s:29:\"fave_additional_feature_value\";s:8:\"gepflegt\";}i:10;a:2:{s:29:\"fave_additional_feature_title\";s:27:\"Immobilie ist verf\u00fcgbar ab\";s:29:\"fave_additional_feature_value\";s:19:\"vsl. September 2023\";}}"],"fave_additional_features_enable":["enable"],"_immonex_custom_fields":["a:1:{s:23:\"Energieausweis-Jahrgang\";a:5:{s:14:\"mapping_source\";s:38:\"zustand_angaben->energiepass->jahrgang\";s:4:\"name\";s:0:\"\";s:5:\"group\";s:5:\"epass\";s:5:\"value\";s:13:\"not available\";s:19:\"value_before_filter\";s:4:\"ohne\";}}"],"_immonex_property_xml_source":["<?xml version=\"1.0\"?>\n<immobilie>\n<objektkategorie>\n<nutzungsart WOHNEN=\"false\" GEWERBE=\"true\"\/>\n<vermarktungsart KAUF=\"false\" MIETE_PACHT=\"true\"\/>\n<objektart>\n<hallen_lager_prod hallen_typ=\"LAGERFLAECHEN\"\/>\n<\/objektart>\n<user_defined_simplefield\/>\n<\/objektkategorie>\n<geo>\n<plz>47167<\/plz>\n<ort>Duisburg<\/ort>\n<strasse>Theodor-Heuss-Stra&#xDF;e<\/strasse>\n<hausnummer>99<\/hausnummer>\n<land iso_land=\"DEU\"\/>\n<lage_im_bau\/>\n<regionaler_zusatz>Neum&#xFC;hl (Duisburg)<\/regionaler_zusatz>\n<\/geo>\n<kontaktperson>\n<email_zentrale>anfrage@ruhr-real.de<\/email_zentrale>\n<email_direkt>kano@ruhr-real.de<\/email_direkt>\n<tel_durchw>+49 201 99996335<\/tel_durchw>\n<tel_fax>+49 201 99996344<\/tel_fax>\n<tel_handy>+49 172 3969500<\/tel_handy>\n<name>Kanoniczak<\/name>\n<vorname>Max<\/vorname>\n<anrede>Herr<\/anrede>\n<firma>RUHR REAL GmbH<\/firma>\n<strasse>Holsterhauser Platz<\/strasse>\n<hausnummer>2<\/hausnummer>\n<plz>45147<\/plz>\n<ort>Essen<\/ort>\n<adressfreigabe>true<\/adressfreigabe>\n<\/kontaktperson>\n<preise>\n<heizkosten_enthalten>false<\/heizkosten_enthalten>\n<zzg_mehrwertsteuer>false<\/zzg_mehrwertsteuer>\n<preis_zeiteinheit\/>\n<provisionspflichtig>true<\/provisionspflichtig>\n<aussen_courtage mit_mwst=\"false\">3 Nettomonatsmieten<\/aussen_courtage>\n<courtage_hinweis>Bei Vertr&#xE4;gen bis zu f&#xFC;nf Jahren Laufzeit ist ein Honorar von 3 Nettomonatsmieten vom Mieter an RUHR REAL zahlbar; bei Laufzeiten bis zu zehn Jahren werden 4 Nettomonatsmieten f&#xE4;llig. Hinzu kommt die jeweils g&#xFC;ltige Umsatzsteuer.<\/courtage_hinweis>\n<waehrung iso_waehrung=\"EUR\"\/>\n<mwst_satz>19.00<\/mwst_satz>\n<stp_carport\/>\n<stp_duplex\/>\n<stp_freiplatz\/>\n<stp_garage\/>\n<stp_parkhaus\/>\n<stp_tiefgarage\/>\n<\/preise>\n<bieterverfahren\/>\n<versteigerung\/>\n<flaechen\/>\n<ausstattung>\n<ausstatt_kategorie>STANDARD<\/ausstatt_kategorie>\n<raeume_veraenderbar>true<\/raeume_veraenderbar>\n<bad\/>\n<kueche\/>\n<boden STEIN=\"true\"\/>\n<heizungsart ZENTRAL=\"true\"\/>\n<befeuerung\/>\n<klimatisiert>true<\/klimatisiert>\n<fahrstuhl\/>\n<stellplatzart FREIPLATZ=\"true\"\/>\n<ausricht_balkon_terrasse\/>\n<angeschl_gastronomie\/>\n<sicherheitstechnik\/>\n<\/ausstattung>\n<zustand_angaben>\n<zustand zustand_art=\"GEPFLEGT\"\/>\n<energiepass>\n<jahrgang>ohne<\/jahrgang>\n<\/energiepass>\n<\/zustand_angaben>\n<bewertung\/>\n<infrastruktur>\n<zulieferung>true<\/zulieferung>\n<\/infrastruktur>\n<freitexte>\n<objekttitel>Hallenfl&#xE4;che in DU-Neum&#xFC;hl | Kran optional | B&#xFC;rogeb&#xE4;ude und Au&#xDF;enstellpl&#xE4;tze<\/objekttitel>\n<lage>Die Stadt Duisburg liegt in der Metropole Ruhr. Die Gewerbeimmobilie befindet sich im Gewerbegebiet des Stadtteils Duisburg-Neum&#xFC;hl vis a vis des Autobahnkreuzes Oberhausen West. Somit sind die Autobahnen A3 und die A42 nur wenige Fahrminuten entfernt. &#xD6;PNV-Verbindungen befinden sich direkt vor dem Objekt. Die im Umkreis befindlichen St&#xE4;dte Oberhausen, M&#xFC;lheim und D&#xFC;sseldorf sind schnell zu erreichen. Fu&#xDF;l&#xE4;ufig sind einige Gastronomiebetriebe entfernt.<\/lage>\n<ausstatt_beschr>Halle:\n&#x2022; Andienung: 1 ebenerdiges Sektionaltor (5m hoch, 4m breit)\n&#x2022; optional: Kran mit 5 t Traglast\n&#x2022; Boden: staplergeeigneter Boden\n&#x2022; Beleuchtung: Deckenleuchten, Lichtb&#xE4;nder\n&#x2022; Deckenh&#xF6;he: ca. 7,00 m UKB\n&#x2022; Lagerb&#xFC;ro\n&#x2022; Heizung: Deckenstrahler\n\nB&#xFC;ro:\n&#x2022; Sonnenschutz: Au&#xDF;enjalousien\n&#x2022; Verkabelung: Fensterbankkan&#xE4;le\n&#x2022; Bodenbelag: Teppich-\/Fliesenboden, Steinboden\n&#x2022; Beleuchtung: Deckenleuchten\n&#x2022; Klimaanlage: vorhanden<\/ausstatt_beschr>\n<objektbeschreibung>Bei der angebotenen Liegenschaft handelt es sich eine gepflegte Hallenfl&#xE4;che mit anliegenden B&#xFC;ror&#xE4;umen sowie einer kleinen Freifl&#xE4;che. Die Fl&#xE4;chen k&#xF6;nnen aufgrund ihrer sehr guten Anbindung vielf&#xE4;ltig genutzt werden. Vor dem Objekt stehen viele Stellpl&#xE4;tze zur Verf&#xFC;gung.\n\nFolgende Fl&#xE4;chen stehen zur Zeit zur Disposition und k&#xF6;nnen ausschlie&#xDF;lich in Kombination angemietet werden:\n\nHallenfl&#xE4;che: ca. 688 m&#xB2;\nB&#xFC;rofl&#xE4;che: ca. 220 m&#xB2;\nkleine Freifl&#xE4;che\/Parkpl&#xE4;tze<\/objektbeschreibung><sonstige_angaben>Es gelten ausschlie&#xDF;lich unsere AGB (www.ruhr-real.de\/agb). Wir m&#xF6;chten Sie darauf hinweisen, dass die Angaben ausschlie&#xDF;lich auf den uns vom Eigent&#xFC;mer &#xFC;bermittelten Unterlagen und Informationen basieren. F&#xFC;r Richtigkeit und Vollst&#xE4;ndigkeit &#xFC;bernehmen wir keine Gew&#xE4;hr. Zwischenvermietung vorbehalten.<\/sonstige_angaben>\n<\/freitexte>\n<anhaenge>\n<anhang location=\"EXTERN\" gruppe=\"TITELBILD\">\n<anhangtitel>Innenansicht<\/anhangtitel>\n<format>JPG<\/format>\n<daten>\n<pfad>9a83c8d6f88a447b995a351b3c6f1d40.JPG<\/pfad>\n<\/daten>\n<\/anhang>\n<anhang location=\"EXTERN\" gruppe=\"BILD\">\n<anhangtitel>Kranbahn<\/anhangtitel>\n<format>JPG<\/format>\n<daten>\n<pfad>6d6b413dca444a8a980f637bd142ebed.JPG<\/pfad>\n<\/daten>\n<\/anhang>\n<anhang location=\"EXTERN\" gruppe=\"BILD\">\n<anhangtitel>Innenansicht<\/anhangtitel>\n<format>JPG<\/format>\n<daten>\n<pfad>786108df9e5b4ec6b8107b4a9a1dbc59.JPG<\/pfad>\n<\/daten>\n<\/anhang>\n<anhang location=\"EXTERN\" gruppe=\"BILD\">\n<anhangtitel>Innenansicht<\/anhangtitel>\n<format>JPG<\/format>\n<daten>\n<pfad>652d7d3852a348cb9de70d7641fc19f7.JPG<\/pfad>\n<\/daten>\n<\/anhang>\n<anhang location=\"EXTERN\" gruppe=\"BILD\">\n<anhangtitel>Sektionaltor<\/anhangtitel>\n<format>JPG<\/format>\n<daten>\n<pfad>d7f27f141f6b4cc8b1b8bf8ded983a71.JPG<\/pfad>\n<\/daten>\n<\/anhang>\n<\/anhaenge>\n<verwaltung_objekt>\n<objektadresse_freigeben>false<\/objektadresse_freigeben>\n<verfuegbar_ab>vsl. September 2023<\/verfuegbar_ab>\n<gruppennummer>18<\/gruppennummer>\n<geschlecht\/>\n<gewerbliche_nutzung>true<\/gewerbliche_nutzung>\n<\/verwaltung_objekt>\n<verwaltung_techn>\n<objektnr_intern>E7F0A47E7D09477182F0F8CBF0650A5D<\/objektnr_intern>\n<objektnr_extern>1693\/E1<\/objektnr_extern>\n<aktion aktionart=\"CHANGE\"\/>\n<openimmo_obid>E7F0A47E7D09477182F0F8CBF0650A5D<\/openimmo_obid>\n<kennung_ursprung>estatePro V10.0.0.8<\/kennung_ursprung>\n<stand_vom>2024-05-08<\/stand_vom>\n<\/verwaltung_techn>\n<user_defined_simplefield feldname=\"Startseite\">Nein<\/user_defined_simplefield>\n<\/immobilie>\n"],"_thumbnail_id":["114167"],"fave_property_images":["114167","114168","114169","114170","114171"],"fave_floor_plans_enable":["disable"],"fave_prop_homeslider":["yes"],"fave_prop_slider_image":["114167"],"fave_agents":["111295"],"fave_agent_display_option":["agent_info"],"fave_single_top_area":["global"],"fave_single_content_area":["global"],"fave_property_price":["0"],"fave_property_map":["1"],"fave_property_map_street_view":["hide"],"fave_property_size_prefix":["m\u00b2"],"fave_property_land_postfix":["m\u00b2"],"fave_featured":["0"],"houzez_featured_listing_date":[""],"fave_currency":["EUR"],"fave_currency_info":["a:8:{s:2:\"id\";s:1:\"1\";s:13:\"currency_name\";s:4:\"Euro\";s:13:\"currency_code\";s:3:\"EUR\";s:15:\"currency_symbol\";s:3:\"\u20ac\";s:17:\"currency_position\";s:5:\"after\";s:16:\"currency_decimal\";s:1:\"2\";s:26:\"currency_decimal_separator\";s:1:\",\";s:27:\"currency_thousand_separator\";s:1:\".\";}"],"fave_show_price_placeholder":["1"],"houzez_total_property_views":["2304"],"houzez_views_by_date":["a:61:{s:10:\"02-28-2026\";i:4;s:10:\"03-01-2026\";i:4;s:10:\"03-02-2026\";i:4;s:10:\"03-03-2026\";i:4;s:10:\"03-04-2026\";i:4;s:10:\"03-05-2026\";i:6;s:10:\"03-06-2026\";i:4;s:10:\"03-07-2026\";i:4;s:10:\"03-08-2026\";i:4;s:10:\"03-09-2026\";i:4;s:10:\"03-10-2026\";i:4;s:10:\"03-11-2026\";i:4;s:10:\"03-12-2026\";i:4;s:10:\"03-13-2026\";i:4;s:10:\"03-14-2026\";i:4;s:10:\"03-15-2026\";i:4;s:10:\"03-16-2026\";i:2;s:10:\"03-17-2026\";i:6;s:10:\"03-18-2026\";i:6;s:10:\"03-19-2026\";i:4;s:10:\"03-20-2026\";i:6;s:10:\"03-21-2026\";i:6;s:10:\"03-22-2026\";i:4;s:10:\"03-23-2026\";i:4;s:10:\"03-24-2026\";i:4;s:10:\"03-25-2026\";i:4;s:10:\"03-26-2026\";i:6;s:10:\"03-27-2026\";i:4;s:10:\"03-28-2026\";i:4;s:10:\"03-29-2026\";i:4;s:10:\"03-30-2026\";i:6;s:10:\"03-31-2026\";i:4;s:10:\"04-01-2026\";i:7;s:10:\"04-02-2026\";i:9;s:10:\"04-03-2026\";i:8;s:10:\"04-04-2026\";i:8;s:10:\"04-05-2026\";i:8;s:10:\"04-06-2026\";i:8;s:10:\"04-07-2026\";i:12;s:10:\"04-08-2026\";i:6;s:10:\"04-09-2026\";i:10;s:10:\"04-10-2026\";i:8;s:10:\"04-11-2026\";i:4;s:10:\"04-12-2026\";i:12;s:10:\"04-13-2026\";i:8;s:10:\"04-14-2026\";i:8;s:10:\"04-15-2026\";i:8;s:10:\"04-16-2026\";i:8;s:10:\"04-17-2026\";i:8;s:10:\"04-18-2026\";i:8;s:10:\"04-19-2026\";i:8;s:10:\"04-20-2026\";i:8;s:10:\"04-21-2026\";i:8;s:10:\"04-22-2026\";i:8;s:10:\"04-23-2026\";i:12;s:10:\"04-24-2026\";i:8;s:10:\"04-25-2026\";i:8;s:10:\"04-26-2026\";i:8;s:10:\"04-27-2026\";i:8;s:10:\"04-28-2026\";i:8;s:10:\"04-29-2026\";i:7;}"],"houzez_recently_viewed":["2026-04-29 13:56:32"],"tp_widgets":["a:2:{s:7:\"widgets\";a:0:{}s:9:\"update_at\";s:10:\"1764682733\";}"],"rank_math_news_sitemap_robots":["index"],"rank_math_robots":["a:1:{i:0;s:5:\"index\";}"],"rank_math_internal_links_processed":["1"],"_elementor_page_assets":["a:0:{}"]},"_links":{"self":[{"href":"https:\/\/ruhr-real.de\/en\/wp-json\/wp\/v2\/properties\/114166","targetHints":{"allow":["GET"]}}],"collection":[{"href":"https:\/\/ruhr-real.de\/en\/wp-json\/wp\/v2\/properties"}],"about":[{"href":"https:\/\/ruhr-real.de\/en\/wp-json\/wp\/v2\/types\/property"}],"author":[{"embeddable":true,"href":"https:\/\/ruhr-real.de\/en\/wp-json\/wp\/v2\/users\/1"}],"version-history":[{"count":0,"href":"https:\/\/ruhr-real.de\/en\/wp-json\/wp\/v2\/properties\/114166\/revisions"}],"wp:featuredmedia":[{"embeddable":true,"href":"https:\/\/ruhr-real.de\/en\/wp-json\/wp\/v2\/media\/114167"}],"wp:attachment":[{"href":"https:\/\/ruhr-real.de\/en\/wp-json\/wp\/v2\/media?parent=114166"}],"wp:term":[{"taxonomy":"property_type","embeddable":true,"href":"https:\/\/ruhr-real.de\/en\/wp-json\/wp\/v2\/property_type?post=114166"},{"taxonomy":"property_status","embeddable":true,"href":"https:\/\/ruhr-real.de\/en\/wp-json\/wp\/v2\/property_status?post=114166"},{"taxonomy":"property_feature","embeddable":true,"href":"https:\/\/ruhr-real.de\/en\/wp-json\/wp\/v2\/property_feature?post=114166"},{"taxonomy":"property_label","embeddable":true,"href":"https:\/\/ruhr-real.de\/en\/wp-json\/wp\/v2\/property_label?post=114166"},{"taxonomy":"property_country","embeddable":true,"href":"https:\/\/ruhr-real.de\/en\/wp-json\/wp\/v2\/property_country?post=114166"},{"taxonomy":"property_state","embeddable":true,"href":"https:\/\/ruhr-real.de\/en\/wp-json\/wp\/v2\/property_state?post=114166"},{"taxonomy":"property_city","embeddable":true,"href":"https:\/\/ruhr-real.de\/en\/wp-json\/wp\/v2\/property_city?post=114166"},{"taxonomy":"property_area","embeddable":true,"href":"https:\/\/ruhr-real.de\/en\/wp-json\/wp\/v2\/property_area?post=114166"}],"curies":[{"name":"wp","href":"https:\/\/api.w.org\/{rel}","templated":true}]}}