{"id":114235,"date":"2024-05-08T00:26:33","date_gmt":"2024-05-07T22:26:33","guid":{"rendered":"https:\/\/2024.ruhr-real.de\/immobilien\/attraktive-hallenflaechen-in-krefeld-neubau-rampenandienung-ebenerdig\/"},"modified":"2024-05-08T00:26:33","modified_gmt":"2024-05-07T22:26:33","slug":"attraktive-hallenflaechen-in-krefeld-neubau-rampenandienung-ebenerdig","status":"publish","type":"property","link":"https:\/\/ruhr-real.de\/en\/objekt\/attraktive-hallenflaechen-in-krefeld-neubau-rampenandienung-ebenerdig\/","title":{"rendered":"Attraktive Hallenfl\u00e4chen in Krefeld | Neubau | Rampenandienung + ebenerdig"},"content":{"rendered":"<p>Der Logistikneubau ist bereits kurz vor Fertigstellung und wird vorraussichtlich ab Januar 2022 bezugsfertig sein. Die Hallen verf\u00fcgen unter anderem \u00fcber Mezzanine-Lagerfl\u00e4chen, mit angrenzenden B\u00fcrofl\u00e4chen sowie Stellpl\u00e4tzen. Die Andienung erfolgt \u00fcber insgesamt 11 \u00dcberladebr\u00fccken (2 davon als Jumbobr\u00fccken) sowie 2 ebenerdige Sektionaltore. Die Deckenh\u00f6he betr\u00e4gt 12,20 m UKB. Au\u00dferdem verf\u00fcgt das Objekt \u00fcber moderne LED-Beleuchtung im Innen- und Au\u00dfenbereich. Abgerundet wird die Liegenschaft durch 26 PKW-Stellpl\u00e4tze und 4 LKW-Stellpl\u00e4tze vor dem Objekt.<\/p>\n<p>Derzeit stehen die folgenden Fl\u00e4chen zur Disposition:<\/p>\n<p>Unit 1: Hallenfl\u00e4che 5.598 m\u00b2, Mezzanine &#8211; Lagerfl\u00e4che 283 m\u00b2, B\u00fcro-, Sozialfl\u00e4chen 407 m\u00b2<br \/>\nUnit 2: Hallenfl\u00e4che 6.747 m\u00b2, Mezzanine &#8211; Lagerfl\u00e4che 469 m\u00b2, B\u00fcro-, Sozialfl\u00e4chen 471 m\u00b2<\/p>\n<p>Das Objekt befindet sich in einem Gewerbegebiet im Stadtteil H\u00fcls von Krefeld und somit in bester Lage zu den St\u00e4dten D\u00fcsseldorf und Duisburg. Die Autobahn A40 ist innerhalb weniger Minuten zu erreichen und bietet einen Anschluss an die Autobahn A 44. Das \u00d6PNV-Netz ist auch nur einen kurzen Fu\u00dfweg entfernt.<\/p>\n<p>\u2022 Andienung: 6 \u00dcberladebr\u00fccken, davon 1 Jumbobr\u00fccke, 1 ebenerdiges Tor<br \/>\n\u2022 PKW + LKW Stellpl\u00e4tze vorhanden<br \/>\n\u2022 LED-Beleuchtung innen und au\u00dfen<br \/>\n\u2022 K\u00fchlung \/ L\u00fcftung: nach Wunsch<br \/>\n\u2022 Bodenbelag: Betonboden mit 6 t\/m\u00b2 Traglast, WGK 2 optional<br \/>\n\u2022 St\u00fctzenraster: 12 x 24 m<br \/>\n\u2022 Deckenh\u00f6he: 12,20 m UKB<\/p>\n<p>Es gelten ausschlie\u00dflich unsere AGB (www.ruhr-real.de\/agb). Wir m\u00f6chten Sie darauf hinweisen, dass die Angaben ausschlie\u00dflich auf den uns vom Eigent\u00fcmer \u00fcbermittelten Unterlagen und Informationen basieren. F\u00fcr Richtigkeit und Vollst\u00e4ndigkeit \u00fcbernehmen wir keine Gew\u00e4hr. Zwischenvermietung vorbehalten.<br \/>\n<div class=\"widget widget_immonex_user_defined_properties_widget\"><div class=\"immonex-widget immonex-widget-houzez\">\n\t\t<div class=\"immonex-widget-title clearfix\">\n\t\t<h2 class=\"widgettitle\">Energieeffizienz<\/h2>\t<\/div>\n\t\t<ul class=\"immonex-property-details row list-lined list-unstyled\">\n\t\t\t\t<li>\n\t\t\t<div class=\"list-lined-item w-100 d-flex justify-content-between py-2\">\n\t\t\t\t\t\t\t\t<strong class=\"property-details-label\">Energieausweis-Jahrgang:<\/strong>&nbsp;<span class=\"property-details-value\">not available<\/span>\n\t\t\t\t\t\t\t<\/div>\n\t\t<\/li>\n\t\t\t<\/ul>\n<\/div><\/div><\/p>\n","protected":false},"excerpt":{"rendered":"<p>Der Logistikneubau ist bereits kurz vor Fertigstellung und wird vorraussichtlich ab Januar 2022 bezugsfertig sein. Die&#8230;<\/p>\n","protected":false},"author":1,"featured_media":114236,"parent":0,"menu_order":0,"template":"","property_type":[380],"property_status":[352],"property_feature":[355,350],"property_label":[],"property_country":[353],"property_state":[],"property_city":[298],"property_area":[],"class_list":["post-114235","property","type-property","status-publish","has-post-thumbnail","hentry","property_type-lager-und-produktionsflaechen","property_status-zu-vermieten","property_feature-barrierefrei","property_feature-raeume-veraenderbar","property_country-deutschland","property_city-krefeld"],"acf":[],"property_meta":{"_immonex_import_folder":["users\/RUHRREAL"],"fave_property_map_address":["47839 Krefeld"],"fave_property_zip":["47839"],"fave_property_country":["DE"],"_immonex_lat":["51.3587627"],"_immonex_lng":["6.5188574"],"houzez_geolocation_lat":["51.3587627"],"houzez_geolocation_long":["6.5188574"],"fave_property_location":["51.3587627,6.5188574"],"fave_property_year":["2022"],"fave_property_id":["1650\/E2"],"_immonex_translation_id":["1650\/E2"],"_immonex_iso_country":["DEU"],"_openimmo_obid":["67BAF226001B49C4889DF6A92230132C"],"_openimmo_anid":["0000"],"_immonex_group_number":[""],"_immonex_group_id":[""],"_immonex_group_master":[""],"_immonex_import_meta":["a:6:{s:8:\"zip_file\";s:131:\"\/www\/htdocs\/w0172e0e\/ruhr-real_2024\/wp-content\/uploads\/immonex-openimmo-import\/users\/RUHRREAL\/Immowelt_estatePro_20240508173125.zip\";s:8:\"xml_file\";s:158:\"\/www\/htdocs\/w0172e0e\/ruhr-real_2024\/wp-content\/uploads\/immonex-openimmo-import\/immowelt_estatepro_20240508173125\/Homepage_2024_NEW_estatePro20240508173125.xml\";s:12:\"mapping_file\";s:116:\"\/www\/htdocs\/w0172e0e\/ruhr-real_2024\/wp-content\/uploads\/immonex-openimmo-import\/mappings\/houzez_ruhrreal_18122023.csv\";s:9:\"timestamp\";i:1715182774;s:4:\"date\";s:10:\"2024-05-08\";s:4:\"time\";s:8:\"17:39:34\";}"],"_is_immonex_import_property":["1"],"_immonex_is_reference":[""],"_immonex_is_sold":[""],"_immonex_is_reserved":[""],"_immonex_is_available":["1"],"additional_features":["a:10:{i:0;a:2:{s:29:\"fave_additional_feature_title\";s:33:\"Heizkosten in Warmmiete enthalten\";s:29:\"fave_additional_feature_value\";s:4:\"nein\";}i:1;a:2:{s:29:\"fave_additional_feature_title\";s:32:\"Preise zuz\u00fcglich Mehrwertsteuer\";s:29:\"fave_additional_feature_value\";s:4:\"nein\";}i:2;a:2:{s:29:\"fave_additional_feature_title\";s:16:\"K\u00e4uferprovision\";s:29:\"fave_additional_feature_value\";s:19:\"3 Nettomonatsmieten\";}i:3;a:2:{s:29:\"fave_additional_feature_title\";s:20:\"Hinweis zur Courtage\";s:29:\"fave_additional_feature_value\";s:209:\"Bei Vertr\u00e4gen bis zu f\u00fcnf Jahren Laufzeit ist ein Honorar von 3 Nettomonatsmieten zahlbar; bei Laufzeiten bis zu zehn Jahren werden 4 Nettomonatsmieten f\u00e4llig. Hinzu kommt die jeweils g\u00fcltige Umsatzsteuer.\";}i:4;a:2:{s:29:\"fave_additional_feature_title\";s:10:\"MwSt.-Satz\";s:29:\"fave_additional_feature_value\";s:9:\"19&nbsp;%\";}i:5;a:2:{s:29:\"fave_additional_feature_title\";s:19:\"Art der Ausstattung\";s:29:\"fave_additional_feature_value\";s:7:\"gehoben\";}i:6;a:2:{s:29:\"fave_additional_feature_title\";s:10:\"Bodenbelag\";s:29:\"fave_additional_feature_value\";s:5:\"Stein\";}i:7;a:2:{s:29:\"fave_additional_feature_title\";s:13:\"Stellplatzart\";s:29:\"fave_additional_feature_value\";s:9:\"Freiplatz\";}i:8;a:2:{s:29:\"fave_additional_feature_title\";s:7:\"Zustand\";s:29:\"fave_additional_feature_value\";s:8:\"gepflegt\";}i:9;a:2:{s:29:\"fave_additional_feature_title\";s:27:\"Immobilie ist verf\u00fcgbar ab\";s:29:\"fave_additional_feature_value\";s:7:\"Q3 2022\";}}"],"fave_additional_features_enable":["enable"],"_immonex_custom_fields":["a:1:{s:23:\"Energieausweis-Jahrgang\";a:5:{s:14:\"mapping_source\";s:38:\"zustand_angaben->energiepass->jahrgang\";s:4:\"name\";s:0:\"\";s:5:\"group\";s:5:\"epass\";s:5:\"value\";s:13:\"not available\";s:19:\"value_before_filter\";s:4:\"ohne\";}}"],"_immonex_property_xml_source":["<?xml version=\"1.0\"?>\n<immobilie>\n<objektkategorie>\n<nutzungsart WOHNEN=\"false\" GEWERBE=\"true\"\/>\n<vermarktungsart KAUF=\"false\" MIETE_PACHT=\"true\"\/>\n<objektart>\n<hallen_lager_prod hallen_typ=\"LAGERFLAECHEN\"\/>\n<\/objektart>\n<user_defined_simplefield\/>\n<\/objektkategorie>\n<geo>\n<plz>47839<\/plz>\n<ort>Krefeld<\/ort>\n<strasse>Odilia-von-Goch-Stra&#xDF;e<\/strasse>\n<hausnummer>1<\/hausnummer>\n<land iso_land=\"DEU\"\/>\n<lage_im_bau\/>\n<\/geo>\n<kontaktperson>\n<email_zentrale>anfrage@ruhr-real.de<\/email_zentrale>\n<email_direkt>kano@ruhr-real.de<\/email_direkt>\n<tel_durchw>+49 201 99996335<\/tel_durchw>\n<tel_fax>+49 201 99996344<\/tel_fax>\n<tel_handy>+49 172 3969500<\/tel_handy>\n<name>Kanoniczak<\/name>\n<vorname>Max<\/vorname>\n<anrede>Herr<\/anrede>\n<firma>RUHR REAL GmbH<\/firma>\n<strasse>Holsterhauser Platz<\/strasse>\n<hausnummer>2<\/hausnummer>\n<plz>45147<\/plz>\n<ort>Essen<\/ort>\n<adressfreigabe>true<\/adressfreigabe>\n<\/kontaktperson>\n<preise>\n<heizkosten_enthalten>false<\/heizkosten_enthalten>\n<zzg_mehrwertsteuer>false<\/zzg_mehrwertsteuer>\n<preis_zeiteinheit\/>\n<provisionspflichtig>true<\/provisionspflichtig>\n<aussen_courtage mit_mwst=\"false\">3 Nettomonatsmieten<\/aussen_courtage>\n<courtage_hinweis>Bei Vertr&#xE4;gen bis zu f&#xFC;nf Jahren Laufzeit ist ein Honorar von 3 Nettomonatsmieten zahlbar; bei Laufzeiten bis zu zehn Jahren werden 4 Nettomonatsmieten f&#xE4;llig. Hinzu kommt die jeweils g&#xFC;ltige Umsatzsteuer.<\/courtage_hinweis><waehrung iso_waehrung=\"EUR\"\/>\n<mwst_satz>19.00<\/mwst_satz>\n<stp_carport\/>\n<stp_duplex\/>\n<stp_freiplatz\/>\n<stp_garage\/>\n<stp_parkhaus\/>\n<stp_tiefgarage\/>\n<\/preise>\n<bieterverfahren\/>\n<versteigerung\/>\n<flaechen>\n<anzahl_stellplaetze type=\"xsd:decimal\">30<\/anzahl_stellplaetze>\n<\/flaechen>\n<ausstattung>\n<ausstatt_kategorie>GEHOBEN<\/ausstatt_kategorie>\n<raeume_veraenderbar>true<\/raeume_veraenderbar>\n<bad\/>\n<kueche\/>\n<boden STEIN=\"true\"\/>\n<heizungsart\/>\n<befeuerung\/>\n<fahrstuhl\/>\n<stellplatzart FREIPLATZ=\"true\"\/>\n<ausricht_balkon_terrasse\/>\n<barrierefrei>true<\/barrierefrei>\n<angeschl_gastronomie\/>\n<sicherheitstechnik\/>\n<\/ausstattung>\n<zustand_angaben>\n<baujahr>2022<\/baujahr>\n<zustand zustand_art=\"GEPFLEGT\"\/>\n<energiepass>\n<jahrgang>ohne<\/jahrgang>\n<\/energiepass>\n<\/zustand_angaben>\n<bewertung\/>\n<infrastruktur>\n<zulieferung>true<\/zulieferung>\n<\/infrastruktur>\n<freitexte>\n<objekttitel>Attraktive Hallenfl&#xE4;chen in Krefeld | Neubau | Rampenandienung + ebenerdig<\/objekttitel>\n<lage>Das Objekt befindet sich in einem Gewerbegebiet im Stadtteil H&#xFC;ls von Krefeld und somit in bester Lage zu den St&#xE4;dten D&#xFC;sseldorf und Duisburg. Die Autobahn A40 ist innerhalb weniger Minuten zu erreichen und bietet einen Anschluss an die Autobahn A 44. Das &#xD6;PNV-Netz ist auch nur einen kurzen Fu&#xDF;weg entfernt.\n<\/lage>\n<ausstatt_beschr>&#x2022; Andienung: 6 &#xDC;berladebr&#xFC;cken, davon 1 Jumbobr&#xFC;cke, 1 ebenerdiges Tor\n&#x2022; PKW + LKW Stellpl&#xE4;tze vorhanden\n&#x2022; LED-Beleuchtung innen und au&#xDF;en\n&#x2022; K&#xFC;hlung \/ L&#xFC;ftung: nach Wunsch\n&#x2022; Bodenbelag: Betonboden mit 6 t\/m&#xB2; Traglast, WGK 2 optional\n&#x2022; St&#xFC;tzenraster: 12 x 24 m\n&#x2022; Deckenh&#xF6;he: 12,20 m UKB<\/ausstatt_beschr>\n<objektbeschreibung>Der Logistikneubau ist bereits kurz vor Fertigstellung und wird vorraussichtlich ab Januar 2022 bezugsfertig sein. Die Hallen verf&#xFC;gen unter anderem &#xFC;ber Mezzanine-Lagerfl&#xE4;chen, mit angrenzenden B&#xFC;rofl&#xE4;chen sowie Stellpl&#xE4;tzen. Die Andienung erfolgt &#xFC;ber insgesamt 11 &#xDC;berladebr&#xFC;cken (2 davon als Jumbobr&#xFC;cken) sowie 2 ebenerdige Sektionaltore. Die Deckenh&#xF6;he betr&#xE4;gt 12,20 m UKB. Au&#xDF;erdem verf&#xFC;gt das Objekt &#xFC;ber moderne LED-Beleuchtung im Innen- und Au&#xDF;enbereich. Abgerundet wird die Liegenschaft durch 26 PKW-Stellpl&#xE4;tze und 4 LKW-Stellpl&#xE4;tze vor dem Objekt.\n\nDerzeit stehen die folgenden Fl&#xE4;chen zur Disposition:\n\nUnit 1: Hallenfl&#xE4;che 5.598 m&#xB2;, Mezzanine - Lagerfl&#xE4;che 283 m&#xB2;, B&#xFC;ro-, Sozialfl&#xE4;chen 407 m&#xB2;\nUnit 2: Hallenfl&#xE4;che 6.747 m&#xB2;, Mezzanine - Lagerfl&#xE4;che 469 m&#xB2;, B&#xFC;ro-, Sozialfl&#xE4;chen 471 m&#xB2;<\/objektbeschreibung>\n<sonstige_angaben>Es gelten ausschlie&#xDF;lich unsere AGB (www.ruhr-real.de\/agb). Wir m&#xF6;chten Sie darauf hinweisen, dass die Angaben ausschlie&#xDF;lich auf den uns vom Eigent&#xFC;mer &#xFC;bermittelten Unterlagen und Informationen basieren. F&#xFC;r Richtigkeit und Vollst&#xE4;ndigkeit &#xFC;bernehmen wir keine Gew&#xE4;hr. Zwischenvermietung vorbehalten.<\/sonstige_angaben>\n<\/freitexte>\n<anhaenge>\n<anhang location=\"EXTERN\" gruppe=\"TITELBILD\">\n<anhangtitel>Hallenfl&#xE4;che Beispiel<\/anhangtitel>\n<format>jpeg<\/format>\n<daten>\n<pfad>3a0e42c861e74c0f90bebb9151f5ae41.jpeg<\/pfad>\n<\/daten>\n<\/anhang>\n<anhang location=\"EXTERN\" gruppe=\"BILD\">\n<anhangtitel>Beispielbild<\/anhangtitel>\n<format>jpeg<\/format>\n<daten>\n<pfad>4c07a9ad382b4cd4ba1e5eaf25c324f8.jpeg<\/pfad>\n<\/daten>\n<\/anhang>\n<\/anhaenge>\n<verwaltung_objekt>\n<objektadresse_freigeben>false<\/objektadresse_freigeben>\n<verfuegbar_ab>Q3 2022<\/verfuegbar_ab>\n<geschlecht\/>\n<gewerbliche_nutzung>true<\/gewerbliche_nutzung>\n<\/verwaltung_objekt>\n<verwaltung_techn>\n<objektnr_intern>67BAF226001B49C4889DF6A92230132C<\/objektnr_intern>\n<objektnr_extern>1650\/E2<\/objektnr_extern>\n<aktion aktionart=\"CHANGE\"\/>\n<openimmo_obid>67BAF226001B49C4889DF6A92230132C<\/openimmo_obid>\n<kennung_ursprung>estatePro V10.0.0.8<\/kennung_ursprung>\n<stand_vom>2024-05-08<\/stand_vom>\n<\/verwaltung_techn>\n<user_defined_simplefield feldname=\"Startseite\">Nein<\/user_defined_simplefield>\n<\/immobilie>\n"],"_thumbnail_id":["114236"],"fave_property_images":["114236","114237"],"fave_floor_plans_enable":["disable"],"fave_prop_homeslider":["yes"],"fave_prop_slider_image":["114236"],"fave_agents":["111295"],"fave_agent_display_option":["agent_info"],"fave_single_top_area":["global"],"fave_single_content_area":["global"],"fave_property_price":["0"],"fave_property_map":["1"],"fave_property_map_street_view":["hide"],"fave_property_size_prefix":["m\u00b2"],"fave_property_land_postfix":["m\u00b2"],"fave_featured":["0"],"houzez_featured_listing_date":[""],"fave_currency":["EUR"],"fave_currency_info":["a:8:{s:2:\"id\";s:1:\"1\";s:13:\"currency_name\";s:4:\"Euro\";s:13:\"currency_code\";s:3:\"EUR\";s:15:\"currency_symbol\";s:3:\"\u20ac\";s:17:\"currency_position\";s:5:\"after\";s:16:\"currency_decimal\";s:1:\"2\";s:26:\"currency_decimal_separator\";s:1:\",\";s:27:\"currency_thousand_separator\";s:1:\".\";}"],"fave_show_price_placeholder":["1"],"houzez_total_property_views":["2256"],"houzez_views_by_date":["a:61:{s:10:\"02-27-2026\";i:4;s:10:\"02-28-2026\";i:4;s:10:\"03-01-2026\";i:4;s:10:\"03-02-2026\";i:4;s:10:\"03-03-2026\";i:4;s:10:\"03-04-2026\";i:4;s:10:\"03-05-2026\";i:6;s:10:\"03-06-2026\";i:4;s:10:\"03-07-2026\";i:4;s:10:\"03-08-2026\";i:4;s:10:\"03-09-2026\";i:4;s:10:\"03-10-2026\";i:4;s:10:\"03-11-2026\";i:4;s:10:\"03-12-2026\";i:5;s:10:\"03-13-2026\";i:4;s:10:\"03-14-2026\";i:4;s:10:\"03-15-2026\";i:4;s:10:\"03-16-2026\";i:2;s:10:\"03-17-2026\";i:6;s:10:\"03-18-2026\";i:6;s:10:\"03-19-2026\";i:4;s:10:\"03-20-2026\";i:6;s:10:\"03-21-2026\";i:4;s:10:\"03-22-2026\";i:4;s:10:\"03-23-2026\";i:4;s:10:\"03-24-2026\";i:4;s:10:\"03-25-2026\";i:4;s:10:\"03-26-2026\";i:6;s:10:\"03-27-2026\";i:4;s:10:\"03-28-2026\";i:4;s:10:\"03-29-2026\";i:4;s:10:\"03-30-2026\";i:6;s:10:\"03-31-2026\";i:4;s:10:\"04-01-2026\";i:10;s:10:\"04-02-2026\";i:8;s:10:\"04-03-2026\";i:8;s:10:\"04-04-2026\";i:8;s:10:\"04-05-2026\";i:8;s:10:\"04-06-2026\";i:8;s:10:\"04-07-2026\";i:11;s:10:\"04-08-2026\";i:5;s:10:\"04-09-2026\";i:11;s:10:\"04-10-2026\";i:8;s:10:\"04-11-2026\";i:4;s:10:\"04-12-2026\";i:10;s:10:\"04-13-2026\";i:8;s:10:\"04-14-2026\";i:8;s:10:\"04-15-2026\";i:8;s:10:\"04-16-2026\";i:8;s:10:\"04-17-2026\";i:8;s:10:\"04-18-2026\";i:8;s:10:\"04-19-2026\";i:8;s:10:\"04-20-2026\";i:8;s:10:\"04-21-2026\";i:9;s:10:\"04-22-2026\";i:8;s:10:\"04-23-2026\";i:9;s:10:\"04-24-2026\";i:8;s:10:\"04-25-2026\";i:8;s:10:\"04-26-2026\";i:8;s:10:\"04-27-2026\";i:8;s:10:\"04-28-2026\";i:4;}"],"houzez_recently_viewed":["2026-04-28 11:54:14"],"tp_widgets":["a:2:{s:7:\"widgets\";a:0:{}s:9:\"update_at\";s:10:\"1764682733\";}"],"rank_math_news_sitemap_robots":["index"],"rank_math_robots":["a:1:{i:0;s:5:\"index\";}"],"rank_math_internal_links_processed":["1"],"_elementor_page_assets":["a:0:{}"]},"_links":{"self":[{"href":"https:\/\/ruhr-real.de\/en\/wp-json\/wp\/v2\/properties\/114235","targetHints":{"allow":["GET"]}}],"collection":[{"href":"https:\/\/ruhr-real.de\/en\/wp-json\/wp\/v2\/properties"}],"about":[{"href":"https:\/\/ruhr-real.de\/en\/wp-json\/wp\/v2\/types\/property"}],"author":[{"embeddable":true,"href":"https:\/\/ruhr-real.de\/en\/wp-json\/wp\/v2\/users\/1"}],"version-history":[{"count":0,"href":"https:\/\/ruhr-real.de\/en\/wp-json\/wp\/v2\/properties\/114235\/revisions"}],"wp:featuredmedia":[{"embeddable":true,"href":"https:\/\/ruhr-real.de\/en\/wp-json\/wp\/v2\/media\/114236"}],"wp:attachment":[{"href":"https:\/\/ruhr-real.de\/en\/wp-json\/wp\/v2\/media?parent=114235"}],"wp:term":[{"taxonomy":"property_type","embeddable":true,"href":"https:\/\/ruhr-real.de\/en\/wp-json\/wp\/v2\/property_type?post=114235"},{"taxonomy":"property_status","embeddable":true,"href":"https:\/\/ruhr-real.de\/en\/wp-json\/wp\/v2\/property_status?post=114235"},{"taxonomy":"property_feature","embeddable":true,"href":"https:\/\/ruhr-real.de\/en\/wp-json\/wp\/v2\/property_feature?post=114235"},{"taxonomy":"property_label","embeddable":true,"href":"https:\/\/ruhr-real.de\/en\/wp-json\/wp\/v2\/property_label?post=114235"},{"taxonomy":"property_country","embeddable":true,"href":"https:\/\/ruhr-real.de\/en\/wp-json\/wp\/v2\/property_country?post=114235"},{"taxonomy":"property_state","embeddable":true,"href":"https:\/\/ruhr-real.de\/en\/wp-json\/wp\/v2\/property_state?post=114235"},{"taxonomy":"property_city","embeddable":true,"href":"https:\/\/ruhr-real.de\/en\/wp-json\/wp\/v2\/property_city?post=114235"},{"taxonomy":"property_area","embeddable":true,"href":"https:\/\/ruhr-real.de\/en\/wp-json\/wp\/v2\/property_area?post=114235"}],"curies":[{"name":"wp","href":"https:\/\/api.w.org\/{rel}","templated":true}]}}