{"id":114393,"date":"2024-05-08T00:45:29","date_gmt":"2024-05-07T22:45:29","guid":{"rendered":"https:\/\/2024.ruhr-real.de\/immobilien\/projektierter-logistikkomplex-in-bottrop-zahlreiche-rampen-neuste-standards-q3-2024\/"},"modified":"2024-05-08T00:45:29","modified_gmt":"2024-05-07T22:45:29","slug":"projektierter-logistikkomplex-in-bottrop-zahlreiche-rampen-neuste-standards-q3-2024","status":"publish","type":"property","link":"https:\/\/ruhr-real.de\/en\/objekt\/projektierter-logistikkomplex-in-bottrop-zahlreiche-rampen-neuste-standards-q3-2024\/","title":{"rendered":"Projektierter Logistikkomplex in Bottrop | zahlreiche Rampen | neuste Standards | Q3 2024"},"content":{"rendered":"<p>Bei dem Objekt handelt es sich um einen verkehrsg\u00fcnstig gelegenen Logistikkomplex in Bottrop. Zurzeit steht eine Lagerhallen mit angrenzender B\u00fcrofl\u00e4chen zur Verf\u00fcgung. Stellpl\u00e4tze stehen direkt vor dem Geb\u00e4ude zur Verf\u00fcgung.<\/p>\n<p>Zur Zeit steht folgende Fl\u00e4che zur Disposition:<\/p>\n<p>DC1.1<\/p>\n<p>Halle: 10.269 m\u00b2<br \/>\nMezzanine: 1.236 m\u00b2<br \/>\nB\u00fcro: 315 m\u00b2<\/p>\n<p>DC1.2<\/p>\n<p>Halle:10.219 m\u00b2<br \/>\nMezzanine: 1.236 m\u00b2<br \/>\nB\u00fcro: 315 m\u00b2<\/p>\n<p>DC1.3<\/p>\n<p>Halle: 10.269 m\u00b2<br \/>\nMezzanine: 1.236 m\u00b2<br \/>\nB\u00fcro: 315 m\u00b2<\/p>\n<p>DC2.4<\/p>\n<p>Halle: 5.327 m\u00b2<br \/>\nMezzanine: 927 m\u00b2<br \/>\nB\u00fcro: 315 m\u00b2<\/p>\n<p>DC2.4<\/p>\n<p>Halle: 7.912 m\u00b2<br \/>\nMezzanine: 1.081 m\u00b2<br \/>\nB\u00fcro: 315 m\u00b2<\/p>\n<p>DC2.4<\/p>\n<p>Halle: 6.627 m\u00b2<br \/>\nMezzanine: 618 m\u00b2<br \/>\nB\u00fcro: 315 m\u00b2<\/p>\n<p>Die Liegenschaft befindet sich in dem Gewerbegebiet Bottrop-Welheim nahe der Autobahnauffahrten Essen-Nord bzw. Bottrop-S\u00fcd zur A 42. Eine Bus- und Bahnstation liegen in unmittelbarer N\u00e4he des Objekts. Der Hauptbahnhof ist zudem nur ca. 3 Fahrminuten entfernt. Au\u00dferdem ist der Duisburger Hafen nur 30 Minuten von dem Objekt entfernt.<\/p>\n<p>\u2022 Andienung: Rampenandienung + ebenerdige Andienung<br \/>\n\u2022 24 Rampen + 3 Sektionaltore<br \/>\n\u2022 H\u00f6he: ca. 12,20 m UKB<br \/>\n\u2022 Bodenbelastung: 7,5 t\/m\u00b2<br \/>\n\u2022 Heizung: Gasdunkelstrahler<br \/>\n\u2022 Tragwerk: Stahl, Stahlbeton, Holzleimbinder oder kombiniert<br \/>\n\u2022 St\u00fctzenraster: 12&#215;24 m<\/p>\n<p>Es gelten ausschlie\u00dflich unsere AGB (www.ruhr-real.de\/agb). Die Halle ist nicht f\u00fcr Veranstaltungsr\u00e4ume geeignet. Wir m\u00f6chten Sie darauf hinweisen, dass die Angaben ausschlie\u00dflich auf den uns vom Eigent\u00fcmer \u00fcbermittelten Unterlagen und Informationen basieren. F\u00fcr Richtigkeit und Vollst\u00e4ndigkeit \u00fcbernehmen wir keine Gew\u00e4hr. Zwischenvermietung vorbehalten.<br \/>\n<div class=\"widget widget_immonex_user_defined_properties_widget\"><div class=\"immonex-widget immonex-widget-houzez\">\n\t\t<div class=\"immonex-widget-title clearfix\">\n\t\t<h2 class=\"widgettitle\">Energieeffizienz<\/h2>\t<\/div>\n\t\t<ul class=\"immonex-property-details row list-lined list-unstyled\">\n\t\t\t\t<li>\n\t\t\t<div class=\"list-lined-item w-100 d-flex justify-content-between py-2\">\n\t\t\t\t\t\t\t\t<strong class=\"property-details-label\">Energieausweis-Jahrgang:<\/strong>&nbsp;<span class=\"property-details-value\">not available<\/span>\n\t\t\t\t\t\t\t<\/div>\n\t\t<\/li>\n\t\t\t<\/ul>\n<\/div><\/div><\/p>\n","protected":false},"excerpt":{"rendered":"<p>Bei dem Objekt handelt es sich um einen verkehrsg\u00fcnstig gelegenen Logistikkomplex in Bottrop. Zurzeit steht eine&#8230;<\/p>\n","protected":false},"author":1,"featured_media":114394,"parent":0,"menu_order":0,"template":"","property_type":[380],"property_status":[352],"property_feature":[350],"property_label":[],"property_country":[353],"property_state":[],"property_city":[397],"property_area":[],"class_list":["post-114393","property","type-property","status-publish","has-post-thumbnail","hentry","property_type-lager-und-produktionsflaechen","property_status-zu-vermieten","property_feature-raeume-veraenderbar","property_country-deutschland","property_city-bottrop"],"acf":[],"property_meta":{"_immonex_import_folder":["users\/RUHRREAL"],"fave_property_map_address":["46238 Bottrop"],"fave_property_zip":["46238"],"fave_property_country":["DE"],"_immonex_lat":["51.50661835"],"_immonex_lng":["6.96067622739"],"houzez_geolocation_lat":["51.50661835"],"houzez_geolocation_long":["6.96067622739"],"fave_property_location":["51.50661835,6.96067622739"],"fave_property_year":["2024"],"fave_property_id":["1877\/E7"],"_immonex_translation_id":["1877\/E7"],"_immonex_iso_country":["DEU"],"_openimmo_obid":["2818683EB12C4281B5D6F343BC23D8E9"],"_openimmo_anid":["0000"],"_immonex_group_number":[""],"_immonex_group_id":[""],"_immonex_group_master":[""],"_immonex_import_meta":["a:6:{s:8:\"zip_file\";s:131:\"\/www\/htdocs\/w0172e0e\/ruhr-real_2024\/wp-content\/uploads\/immonex-openimmo-import\/users\/RUHRREAL\/Immowelt_estatePro_20240508173125.zip\";s:8:\"xml_file\";s:158:\"\/www\/htdocs\/w0172e0e\/ruhr-real_2024\/wp-content\/uploads\/immonex-openimmo-import\/immowelt_estatepro_20240508173125\/Homepage_2024_NEW_estatePro20240508173125.xml\";s:12:\"mapping_file\";s:116:\"\/www\/htdocs\/w0172e0e\/ruhr-real_2024\/wp-content\/uploads\/immonex-openimmo-import\/mappings\/houzez_ruhrreal_18122023.csv\";s:9:\"timestamp\";i:1715182890;s:4:\"date\";s:10:\"2024-05-08\";s:4:\"time\";s:8:\"17:41:30\";}"],"_is_immonex_import_property":["1"],"_immonex_is_reference":[""],"_immonex_is_sold":[""],"_immonex_is_reserved":[""],"_immonex_is_available":["1"],"additional_features":["a:8:{i:0;a:2:{s:29:\"fave_additional_feature_title\";s:33:\"Heizkosten in Warmmiete enthalten\";s:29:\"fave_additional_feature_value\";s:4:\"nein\";}i:1;a:2:{s:29:\"fave_additional_feature_title\";s:32:\"Preise zuz\u00fcglich Mehrwertsteuer\";s:29:\"fave_additional_feature_value\";s:4:\"nein\";}i:2;a:2:{s:29:\"fave_additional_feature_title\";s:10:\"MwSt.-Satz\";s:29:\"fave_additional_feature_value\";s:9:\"19&nbsp;%\";}i:3;a:2:{s:29:\"fave_additional_feature_title\";s:19:\"Art der Ausstattung\";s:29:\"fave_additional_feature_value\";s:7:\"gehoben\";}i:4;a:2:{s:29:\"fave_additional_feature_title\";s:10:\"Bodenbelag\";s:29:\"fave_additional_feature_value\";s:5:\"Stein\";}i:5;a:2:{s:29:\"fave_additional_feature_title\";s:13:\"Stellplatzart\";s:29:\"fave_additional_feature_value\";s:9:\"Freiplatz\";}i:6;a:2:{s:29:\"fave_additional_feature_title\";s:7:\"Zustand\";s:29:\"fave_additional_feature_value\";s:9:\"Erstbezug\";}i:7;a:2:{s:29:\"fave_additional_feature_title\";s:27:\"Immobilie ist verf\u00fcgbar ab\";s:29:\"fave_additional_feature_value\";s:15:\"3. Quartal 2024\";}}"],"fave_additional_features_enable":["enable"],"_immonex_custom_fields":["a:1:{s:23:\"Energieausweis-Jahrgang\";a:5:{s:14:\"mapping_source\";s:38:\"zustand_angaben->energiepass->jahrgang\";s:4:\"name\";s:0:\"\";s:5:\"group\";s:5:\"epass\";s:5:\"value\";s:13:\"not available\";s:19:\"value_before_filter\";s:4:\"ohne\";}}"],"_immonex_property_xml_source":["<?xml version=\"1.0\"?>\n<immobilie>\n<objektkategorie>\n<nutzungsart WOHNEN=\"false\" GEWERBE=\"true\"\/>\n<vermarktungsart KAUF=\"false\" MIETE_PACHT=\"true\"\/>\n<objektart>\n<hallen_lager_prod hallen_typ=\"LAGERFLAECHEN\"\/>\n<\/objektart>\n<user_defined_simplefield\/>\n<\/objektkategorie>\n<geo>\n<plz>46238<\/plz>\n<ort>Bottrop<\/ort>\n<strasse>An der Knippenburg<\/strasse>\n<hausnummer>65<\/hausnummer>\n<land iso_land=\"DEU\"\/>\n<lage_im_bau\/>\n<\/geo>\n<kontaktperson>\n<email_zentrale>anfrage@ruhr-real.de<\/email_zentrale>\n<email_direkt>kano@ruhr-real.de<\/email_direkt>\n<tel_durchw>+49 201 99996335<\/tel_durchw>\n<tel_fax>+49 201 99996344<\/tel_fax>\n<tel_handy>+49 172 3969500<\/tel_handy>\n<name>Kanoniczak<\/name>\n<vorname>Max<\/vorname>\n<anrede>Herr<\/anrede>\n<firma>RUHR REAL GmbH<\/firma>\n<strasse>Holsterhauser Platz<\/strasse>\n<hausnummer>2<\/hausnummer>\n<plz>45147<\/plz>\n<ort>Essen<\/ort>\n<adressfreigabe>true<\/adressfreigabe>\n<\/kontaktperson>\n<preise>\n<heizkosten_enthalten>false<\/heizkosten_enthalten>\n<zzg_mehrwertsteuer>false<\/zzg_mehrwertsteuer>\n<preis_zeiteinheit\/>\n<provisionspflichtig>false<\/provisionspflichtig>\n<waehrung iso_waehrung=\"EUR\"\/>\n<mwst_satz>19.00<\/mwst_satz>\n<stp_carport\/>\n<stp_duplex\/>\n<stp_freiplatz\/>\n<stp_garage\/>\n<stp_parkhaus\/>\n<stp_tiefgarage\/>\n<\/preise>\n<bieterverfahren\/>\n<versteigerung\/>\n<flaechen\/>\n<ausstattung>\n<ausstatt_kategorie>GEHOBEN<\/ausstatt_kategorie>\n<raeume_veraenderbar>true<\/raeume_veraenderbar>\n<bad\/>\n<kueche\/>\n<boden STEIN=\"true\"\/>\n<heizungsart\/>\n<befeuerung\/>\n<fahrstuhl\/>\n<stellplatzart FREIPLATZ=\"true\"\/>\n<ausricht_balkon_terrasse\/>\n<angeschl_gastronomie\/>\n<sicherheitstechnik\/>\n<\/ausstattung>\n<zustand_angaben>\n<baujahr>2024<\/baujahr><zustand zustand_art=\"ERSTBEZUG\"\/>\n<energiepass>\n<jahrgang>ohne<\/jahrgang>\n<\/energiepass>\n<\/zustand_angaben>\n<bewertung\/>\n<infrastruktur>\n<zulieferung>true<\/zulieferung>\n<\/infrastruktur>\n<freitexte>\n<objekttitel>Projektierter Logistikkomplex in Bottrop | zahlreiche Rampen | neuste Standards | Q3 2024<\/objekttitel>\n<lage>Die Liegenschaft befindet sich in dem Gewerbegebiet Bottrop-Welheim nahe der Autobahnauffahrten Essen-Nord bzw. Bottrop-S&#xFC;d zur A 42. Eine Bus- und Bahnstation liegen in unmittelbarer N&#xE4;he des Objekts. Der Hauptbahnhof ist zudem nur ca. 3 Fahrminuten entfernt. Au&#xDF;erdem ist der Duisburger Hafen nur 30 Minuten von dem Objekt entfernt.<\/lage>\n<ausstatt_beschr>&#x2022; Andienung: Rampenandienung + ebenerdige Andienung\n&#x2022; 24 Rampen + 3 Sektionaltore\n&#x2022; H&#xF6;he: ca. 12,20 m UKB\n&#x2022; Bodenbelastung: 7,5 t\/m&#xB2;\n&#x2022; Heizung: Gasdunkelstrahler\n&#x2022; Tragwerk: Stahl, Stahlbeton, Holzleimbinder oder kombiniert\n&#x2022; St&#xFC;tzenraster: 12x24 m<\/ausstatt_beschr>\n<objektbeschreibung>Bei dem Objekt handelt es sich um einen verkehrsg&#xFC;nstig gelegenen Logistikkomplex in Bottrop. Zurzeit steht eine Lagerhallen mit angrenzender B&#xFC;rofl&#xE4;chen zur Verf&#xFC;gung. Stellpl&#xE4;tze stehen direkt vor dem Geb&#xE4;ude zur Verf&#xFC;gung.\n\nZur Zeit steht folgende Fl&#xE4;che zur Disposition:\n\nDC1.1\n\t\t\t \nHalle: 10.269 m&#xB2;\nMezzanine: 1.236 m&#xB2;\nB&#xFC;ro: 315 m&#xB2;\n\nDC1.2\n\nHalle:10.219 m&#xB2;\nMezzanine: 1.236 m&#xB2;\nB&#xFC;ro: 315 m&#xB2;\n\nDC1.3\n\nHalle: 10.269 m&#xB2;\nMezzanine: 1.236 m&#xB2;\nB&#xFC;ro: 315 m&#xB2;\n\nDC2.4\t\n\t \nHalle: 5.327 m&#xB2;\nMezzanine: 927 m&#xB2;\nB&#xFC;ro: 315 m&#xB2;\n\nDC2.4\n\nHalle: 7.912 m&#xB2;\nMezzanine: 1.081 m&#xB2;\nB&#xFC;ro: 315 m&#xB2;\n\nDC2.4\n\nHalle: 6.627 m&#xB2;\nMezzanine: 618 m&#xB2;\nB&#xFC;ro: 315 m&#xB2;\n<\/objektbeschreibung>\n<sonstige_angaben>Es gelten ausschlie&#xDF;lich unsere AGB (www.ruhr-real.de\/agb). Die Halle ist nicht f&#xFC;r Veranstaltungsr&#xE4;ume geeignet. Wir m&#xF6;chten Sie darauf hinweisen, dass die Angaben ausschlie&#xDF;lich auf den uns vom Eigent&#xFC;mer &#xFC;bermittelten Unterlagen und Informationen basieren. F&#xFC;r Richtigkeit und Vollst&#xE4;ndigkeit &#xFC;bernehmen wir keine Gew&#xE4;hr. Zwischenvermietung vorbehalten.<\/sonstige_angaben>\n<\/freitexte>\n<anhaenge>\n<anhang location=\"EXTERN\" gruppe=\"TITELBILD\">\n<anhangtitel>Beispiel Innenansicht<\/anhangtitel>\n<format>jpg<\/format>\n<daten>\n<pfad>b2a2808a797544279c63d6b86187ee1d.jpg<\/pfad>\n<\/daten>\n<\/anhang>\n<anhang location=\"EXTERN\" gruppe=\"BILD\">\n<anhangtitel>Beispiel Innenansicht<\/anhangtitel>\n<format>jpg<\/format>\n<daten>\n<pfad>1ea2fc060c9a49b2bb2aee4a188b4ee3.jpg<\/pfad>\n<\/daten>\n<\/anhang>\n<anhang location=\"EXTERN\" gruppe=\"BILD\">\n<anhangtitel>Beispiel Rampenandienung<\/anhangtitel>\n<format>jpg<\/format>\n<daten>\n<pfad>fb86d7ea8570474da509150fe300afa2.jpg<\/pfad>\n<\/daten>\n<\/anhang>\n<anhang location=\"EXTERN\" gruppe=\"BILD\">\n<anhangtitel>Beispiel B&#xFC;roraum<\/anhangtitel>\n<format>jpg<\/format>\n<daten>\n<pfad>4dc12c8849c54a709a1c84c12b15eccb.jpg<\/pfad>\n<\/daten>\n<\/anhang>\n<anhang location=\"EXTERN\" gruppe=\"GRUNDRISS\">\n<anhangtitel>Grundriss<\/anhangtitel>\n<format>PNG<\/format>\n<daten>\n<pfad>154b92051c2c40fb910dc7c1b98f5d9c.PNG<\/pfad>\n<\/daten>\n<\/anhang>\n<\/anhaenge>\n<verwaltung_objekt>\n<objektadresse_freigeben>false<\/objektadresse_freigeben>\n<verfuegbar_ab>3. Quartal 2024<\/verfuegbar_ab>\n<geschlecht\/>\n<gewerbliche_nutzung>true<\/gewerbliche_nutzung>\n<\/verwaltung_objekt>\n<verwaltung_techn>\n<objektnr_intern>2818683EB12C4281B5D6F343BC23D8E9<\/objektnr_intern>\n<objektnr_extern>1877\/E7<\/objektnr_extern>\n<aktion aktionart=\"CHANGE\"\/>\n<openimmo_obid>2818683EB12C4281B5D6F343BC23D8E9<\/openimmo_obid>\n<kennung_ursprung>estatePro V10.0.0.8<\/kennung_ursprung>\n<stand_vom>2024-05-08<\/stand_vom>\n<\/verwaltung_techn>\n<user_defined_simplefield feldname=\"Startseite\">Nein<\/user_defined_simplefield>\n<\/immobilie>\n"],"_thumbnail_id":["114394"],"fave_property_images":["114394","114395","114396","114397"],"fave_floor_plans_enable":["enable"],"floor_plans":["a:1:{i:0;a:7:{s:15:\"fave_plan_title\";s:9:\"Grundriss\";s:15:\"fave_plan_rooms\";s:0:\"\";s:19:\"fave_plan_bathrooms\";s:0:\"\";s:15:\"fave_plan_price\";s:0:\"\";s:14:\"fave_plan_size\";s:0:\"\";s:15:\"fave_plan_image\";s:84:\"https:\/\/ruhr-real.de\/wp-content\/uploads\/2024\/05\/154b92051c2c40fb910dc7c1b98f5d9c.png\";s:21:\"fave_plan_description\";s:0:\"\";}}"],"fave_prop_homeslider":["yes"],"fave_prop_slider_image":["114394"],"fave_agents":["111295"],"fave_agent_display_option":["agent_info"],"fave_single_top_area":["global"],"fave_single_content_area":["global"],"fave_property_price":["0"],"fave_property_map":["1"],"fave_property_map_street_view":["hide"],"fave_property_size_prefix":["m\u00b2"],"fave_property_land_postfix":["m\u00b2"],"fave_featured":["0"],"houzez_featured_listing_date":[""],"fave_currency":["EUR"],"fave_currency_info":["a:8:{s:2:\"id\";s:1:\"1\";s:13:\"currency_name\";s:4:\"Euro\";s:13:\"currency_code\";s:3:\"EUR\";s:15:\"currency_symbol\";s:3:\"\u20ac\";s:17:\"currency_position\";s:5:\"after\";s:16:\"currency_decimal\";s:1:\"2\";s:26:\"currency_decimal_separator\";s:1:\",\";s:27:\"currency_thousand_separator\";s:1:\".\";}"],"fave_show_price_placeholder":["1"],"houzez_total_property_views":["2245"],"houzez_views_by_date":["a:61:{s:10:\"02-28-2026\";i:4;s:10:\"03-01-2026\";i:4;s:10:\"03-02-2026\";i:4;s:10:\"03-03-2026\";i:4;s:10:\"03-04-2026\";i:4;s:10:\"03-05-2026\";i:6;s:10:\"03-06-2026\";i:4;s:10:\"03-07-2026\";i:4;s:10:\"03-08-2026\";i:4;s:10:\"03-09-2026\";i:4;s:10:\"03-10-2026\";i:4;s:10:\"03-11-2026\";i:4;s:10:\"03-12-2026\";i:5;s:10:\"03-13-2026\";i:4;s:10:\"03-14-2026\";i:4;s:10:\"03-15-2026\";i:4;s:10:\"03-16-2026\";i:2;s:10:\"03-17-2026\";i:8;s:10:\"03-18-2026\";i:6;s:10:\"03-19-2026\";i:4;s:10:\"03-20-2026\";i:6;s:10:\"03-21-2026\";i:4;s:10:\"03-22-2026\";i:4;s:10:\"03-23-2026\";i:4;s:10:\"03-24-2026\";i:4;s:10:\"03-25-2026\";i:4;s:10:\"03-26-2026\";i:6;s:10:\"03-27-2026\";i:4;s:10:\"03-28-2026\";i:4;s:10:\"03-29-2026\";i:4;s:10:\"03-30-2026\";i:6;s:10:\"03-31-2026\";i:4;s:10:\"04-01-2026\";i:10;s:10:\"04-02-2026\";i:8;s:10:\"04-03-2026\";i:8;s:10:\"04-04-2026\";i:8;s:10:\"04-05-2026\";i:8;s:10:\"04-06-2026\";i:8;s:10:\"04-07-2026\";i:11;s:10:\"04-08-2026\";i:7;s:10:\"04-09-2026\";i:9;s:10:\"04-10-2026\";i:8;s:10:\"04-11-2026\";i:6;s:10:\"04-12-2026\";i:10;s:10:\"04-13-2026\";i:8;s:10:\"04-14-2026\";i:8;s:10:\"04-15-2026\";i:8;s:10:\"04-16-2026\";i:8;s:10:\"04-17-2026\";i:9;s:10:\"04-18-2026\";i:8;s:10:\"04-19-2026\";i:8;s:10:\"04-20-2026\";i:8;s:10:\"04-21-2026\";i:8;s:10:\"04-22-2026\";i:8;s:10:\"04-23-2026\";i:8;s:10:\"04-24-2026\";i:8;s:10:\"04-25-2026\";i:8;s:10:\"04-26-2026\";i:10;s:10:\"04-27-2026\";i:8;s:10:\"04-28-2026\";i:6;s:10:\"04-29-2026\";i:7;}"],"houzez_recently_viewed":["2026-04-29 14:16:51"],"tp_widgets":["a:2:{s:7:\"widgets\";a:0:{}s:9:\"update_at\";s:10:\"1764682733\";}"],"rank_math_news_sitemap_robots":["index"],"rank_math_robots":["a:1:{i:0;s:5:\"index\";}"],"rank_math_internal_links_processed":["1"],"_elementor_page_assets":["a:0:{}"]},"_links":{"self":[{"href":"https:\/\/ruhr-real.de\/en\/wp-json\/wp\/v2\/properties\/114393","targetHints":{"allow":["GET"]}}],"collection":[{"href":"https:\/\/ruhr-real.de\/en\/wp-json\/wp\/v2\/properties"}],"about":[{"href":"https:\/\/ruhr-real.de\/en\/wp-json\/wp\/v2\/types\/property"}],"author":[{"embeddable":true,"href":"https:\/\/ruhr-real.de\/en\/wp-json\/wp\/v2\/users\/1"}],"version-history":[{"count":0,"href":"https:\/\/ruhr-real.de\/en\/wp-json\/wp\/v2\/properties\/114393\/revisions"}],"wp:featuredmedia":[{"embeddable":true,"href":"https:\/\/ruhr-real.de\/en\/wp-json\/wp\/v2\/media\/114394"}],"wp:attachment":[{"href":"https:\/\/ruhr-real.de\/en\/wp-json\/wp\/v2\/media?parent=114393"}],"wp:term":[{"taxonomy":"property_type","embeddable":true,"href":"https:\/\/ruhr-real.de\/en\/wp-json\/wp\/v2\/property_type?post=114393"},{"taxonomy":"property_status","embeddable":true,"href":"https:\/\/ruhr-real.de\/en\/wp-json\/wp\/v2\/property_status?post=114393"},{"taxonomy":"property_feature","embeddable":true,"href":"https:\/\/ruhr-real.de\/en\/wp-json\/wp\/v2\/property_feature?post=114393"},{"taxonomy":"property_label","embeddable":true,"href":"https:\/\/ruhr-real.de\/en\/wp-json\/wp\/v2\/property_label?post=114393"},{"taxonomy":"property_country","embeddable":true,"href":"https:\/\/ruhr-real.de\/en\/wp-json\/wp\/v2\/property_country?post=114393"},{"taxonomy":"property_state","embeddable":true,"href":"https:\/\/ruhr-real.de\/en\/wp-json\/wp\/v2\/property_state?post=114393"},{"taxonomy":"property_city","embeddable":true,"href":"https:\/\/ruhr-real.de\/en\/wp-json\/wp\/v2\/property_city?post=114393"},{"taxonomy":"property_area","embeddable":true,"href":"https:\/\/ruhr-real.de\/en\/wp-json\/wp\/v2\/property_area?post=114393"}],"curies":[{"name":"wp","href":"https:\/\/api.w.org\/{rel}","templated":true}]}}