{"id":114889,"date":"2025-07-02T00:02:58","date_gmt":"2025-07-01T22:02:58","guid":{"rendered":"https:\/\/2024.ruhr-real.de\/immobilien\/city-repraesentativ-stellplaetze-vorhanden\/"},"modified":"2025-07-02T10:46:58","modified_gmt":"2025-07-02T08:46:58","slug":"city-repraesentativ-stellplaetze-vorhanden","status":"publish","type":"property","link":"https:\/\/ruhr-real.de\/en\/objekt\/city-repraesentativ-stellplaetze-vorhanden\/","title":{"rendered":"CITY | Repr\u00e4sentativ | Stellpl\u00e4tze Vorhanden"},"content":{"rendered":"<p>Das attraktive Geb\u00e4ude bietet verschiedene B\u00fcrofl\u00e4chen auf mehreren Etagen zur Anmietung.<br \/>\nDer Fl\u00e4chenausbau sowie die Raumaufteilung k\u00f6nnen bei Bedarf weitesgehend flexibel angepasst werden.<\/p>\n<p>Derzeit stehen folgende Fl\u00e4chen zur Disposition:<\/p>\n<p>EG: ca. 280 m\u00b2<br \/>\n1. OG: ca. 170 m\u00b2 + ca. 150 m\u00b2<br \/>\n3. OG: ca. 220 m\u00b2<br \/>\n4. OG: ca. 140m\u00b2<\/p>\n<p>Die Repr\u00e4sentative Immobilie befindet sich an einer Ecke des hochfrequentierten K\u00f6nigswalls.<br \/>\nDer Weg in die Innenstadt, somit zu zahlreichen Optionen der Nahversorgung und Anbindungen an den \u00d6PNV kann fu\u00dfl\u00e4ufig in k\u00fcrzester Zeit zur\u00fcckgelegt werden.<br \/>\nAnbindung an die Autobahnen A 42 sowie A 2 linden sich nur wenige Fahrtminuten entfernt. Gleiches gilt f\u00fcr den Recklingh\u00e4user Hauptbahnhof.<\/p>\n<p>Bedeutende Unternehmen der B\u00fcromarktzone: Vivawest Wohnen GmbH, Deutsches-Rotes-Kreuz, Stadt Recklinghausen<\/p>\n<p>Hotels in der N\u00e4he: Parkhotel Engelsburg, City Hotel, Hotel Grafenwall<\/p>\n<p>\u2022 Bodenbelag: nach Vereinbarung<br \/>\n\u2022 EDV-Verkabelung vorhanden<br \/>\n\u2022 Beleuchtung: nach Vereinbarung<br \/>\n\u2022 Teek\u00fcche: Anschluss vorhanden<br \/>\n\u2022 Personenaufzug<\/p>\n<p>Die Ausstattung kann bei Bedarf angepasst werden!<\/p>\n<p>Es gelten ausschlie\u00dflich unsere AGB (www.ruhr-real.de\/agb). Wir m\u00f6chten Sie darauf hinweisen, dass die Angaben ausschlie\u00dflich auf den uns vom Eigent\u00fcmer \u00fcbermittelten Unterlagen und Informationen basieren. F\u00fcr Richtigkeit und Vollst\u00e4ndigkeit \u00fcbernehmen wir keine Gew\u00e4hr. Zwischenvermietung vorbehalten.<br \/>\n<div class=\"widget widget_immonex_user_defined_properties_widget\"><div class=\"immonex-widget immonex-widget-houzez\">\n\t\t<div class=\"immonex-widget-title clearfix\">\n\t\t<h2 class=\"widgettitle\">Energieeffizienz<\/h2>\t<\/div>\n\t\t<ul class=\"immonex-property-details row list-lined list-unstyled\">\n\t\t\t\t<li>\n\t\t\t<div class=\"list-lined-item w-100 d-flex justify-content-between py-2\">\n\t\t\t\t\t\t\t\t<strong class=\"property-details-label\">Energieausweis-Art:<\/strong>&nbsp;<span class=\"property-details-value\">Consumption<\/span>\n\t\t\t\t\t\t\t<\/div>\n\t\t<\/li>\n\t\t\t\t<li>\n\t\t\t<div class=\"list-lined-item w-100 d-flex justify-content-between py-2\">\n\t\t\t\t\t\t\t\t<strong class=\"property-details-label\">Prim\u00e4renergietr\u00e4ger:<\/strong>&nbsp;<span class=\"property-details-value\">Fernw\u00e4rme<\/span>\n\t\t\t\t\t\t\t<\/div>\n\t\t<\/li>\n\t\t\t\t<li>\n\t\t\t<div class=\"list-lined-item w-100 d-flex justify-content-between py-2\">\n\t\t\t\t\t\t\t\t<strong class=\"property-details-label\">Energieeffizienzklasse:<\/strong>&nbsp;<span class=\"property-details-value\">B<\/span>\n\t\t\t\t\t\t\t<\/div>\n\t\t<\/li>\n\t\t\t\t<li>\n\t\t\t<div class=\"list-lined-item w-100 d-flex justify-content-between py-2\">\n\t\t\t\t\t\t\t\t<strong class=\"property-details-label\">Baujahr (Energieausweis):<\/strong>&nbsp;<span class=\"property-details-value\">1989<\/span>\n\t\t\t\t\t\t\t<\/div>\n\t\t<\/li>\n\t\t\t<\/ul>\n<\/div><\/div><\/p>\n","protected":false},"excerpt":{"rendered":"<p>Das attraktive Geb\u00e4ude bietet verschiedene B\u00fcrofl\u00e4chen auf mehreren Etagen zur Anmietung. Der Fl\u00e4chenausbau sowie&#8230;<\/p>\n","protected":false},"author":1,"featured_media":158106,"parent":0,"menu_order":0,"template":"","property_type":[379],"property_status":[352],"property_feature":[537,354,350],"property_label":[],"property_country":[353],"property_state":[],"property_city":[313],"property_area":[],"class_list":["post-114889","property","type-property","status-publish","has-post-thumbnail","hentry","property_type-bueroflaechen","property_status-zu-vermieten","property_feature-gewerbliche-nutzung-moeglich","property_feature-personenaufzug","property_feature-raeume-veraenderbar","property_country-deutschland","property_city-recklinghausen"],"acf":[],"property_meta":{"_immonex_import_folder":["users\/RUHRREAL"],"_immonex_translation_id":["3417\/E2"],"_openimmo_obid":["25A135B064EC4C428474EA10F09729B7"],"_is_immonex_import_property":["1"],"_immonex_is_reference":[""],"rank_math_internal_links_processed":["1"],"fave_property_map_address":["45657  Recklinghausen"],"fave_property_zip":["45657 "],"fave_property_country":["DE"],"_immonex_lat":["51.6075789"],"_immonex_lng":["7.2073104"],"houzez_geolocation_lat":["51.6075789"],"houzez_geolocation_long":["7.2073104"],"fave_property_location":["51.6075789,7.2073104"],"fave_property_price":["9.50"],"fave_property_sec_price":["9.5000"],"fave_property_size":["320"],"fave_property_year":["1989"],"fave_property_id":["3417\/E2"],"fave_energy_class":["B"],"_immonex_iso_country":["DEU"],"_openimmo_anid":["0000"],"_immonex_group_number":[""],"_immonex_group_id":[""],"_immonex_group_master":[""],"_immonex_import_meta":["a:6:{s:8:\"zip_file\";s:131:\"\/www\/htdocs\/w0172e0e\/ruhr-real_2024\/wp-content\/uploads\/immonex-openimmo-import\/users\/RUHRREAL\/Immowelt_estatePro_20250702104610.zip\";s:8:\"xml_file\";s:158:\"\/www\/htdocs\/w0172e0e\/ruhr-real_2024\/wp-content\/uploads\/immonex-openimmo-import\/immowelt_estatepro_20250702104610\/Homepage_2024_NEW_estatePro20250702104610.xml\";s:12:\"mapping_file\";s:116:\"\/www\/htdocs\/w0172e0e\/ruhr-real_2024\/wp-content\/uploads\/immonex-openimmo-import\/mappings\/houzez_ruhrreal_18122023.csv\";s:9:\"timestamp\";i:1751446018;s:4:\"date\";s:10:\"2025-07-02\";s:4:\"time\";s:8:\"10:46:58\";}"],"_immonex_is_sold":[""],"_immonex_is_reserved":[""],"_immonex_is_available":["1"],"additional_features":["a:18:{i:0;a:2:{s:29:\"fave_additional_feature_title\";s:11:\"Heizungsart\";s:29:\"fave_additional_feature_value\";s:27:\"Zentralheizung, Fernheizung\";}i:1;a:2:{s:29:\"fave_additional_feature_title\";s:14:\"Nettokaltmiete\";s:29:\"fave_additional_feature_value\";s:13:\"9,50&nbsp;\u20ac\";}i:2;a:2:{s:29:\"fave_additional_feature_title\";s:9:\"Kaltmiete\";s:29:\"fave_additional_feature_value\";s:13:\"9,50&nbsp;\u20ac\";}i:3;a:2:{s:29:\"fave_additional_feature_title\";s:29:\"monatl. Betriebs-\/Nebenkosten\";s:29:\"fave_additional_feature_value\";s:13:\"2,90&nbsp;\u20ac\";}i:4;a:2:{s:29:\"fave_additional_feature_title\";s:33:\"Heizkosten in Warmmiete enthalten\";s:29:\"fave_additional_feature_value\";s:4:\"nein\";}i:5;a:2:{s:29:\"fave_additional_feature_title\";s:32:\"Preise zuz\u00fcglich Mehrwertsteuer\";s:29:\"fave_additional_feature_value\";s:4:\"nein\";}i:6;a:2:{s:29:\"fave_additional_feature_title\";s:23:\"Netto-Kaltmiete pro m\u00b2\";s:29:\"fave_additional_feature_value\";s:13:\"9,50&nbsp;\u20ac\";}i:7;a:2:{s:29:\"fave_additional_feature_title\";s:16:\"K\u00e4uferprovision\";s:29:\"fave_additional_feature_value\";s:32:\"3-4 Nettomonatsmieten zzgl. Ust.\";}i:8;a:2:{s:29:\"fave_additional_feature_title\";s:20:\"Hinweis zur Courtage\";s:29:\"fave_additional_feature_value\";s:233:\"Bei Vertr\u00e4gen bis zu f\u00fcnf Jahren Laufzeit ist ein Honorar von 3 Nettomonatsmieten vom Mieter an RUHR REAL zahlbar; bei Laufzeiten bis zu zehn Jahren werden 4 Nettomonatsmieten f\u00e4llig. Hinzu kommt die jeweils g\u00fcltige Umsatzsteuer.\";}i:9;a:2:{s:29:\"fave_additional_feature_title\";s:10:\"MwSt.-Satz\";s:29:\"fave_additional_feature_value\";s:9:\"19&nbsp;%\";}i:10;a:2:{s:29:\"fave_additional_feature_title\";s:12:\"B\u00fcrofl\u00e4che\";s:29:\"fave_additional_feature_value\";s:12:\"320&nbsp;m\u00b2\";}i:11;a:2:{s:29:\"fave_additional_feature_title\";s:16:\"B\u00fcroteilfl\u00e4che\";s:29:\"fave_additional_feature_value\";s:12:\"320&nbsp;m\u00b2\";}i:12;a:2:{s:29:\"fave_additional_feature_title\";s:10:\"Teilbar ab\";s:29:\"fave_additional_feature_value\";s:12:\"320&nbsp;m\u00b2\";}i:13;a:2:{s:29:\"fave_additional_feature_title\";s:19:\"Art der Ausstattung\";s:29:\"fave_additional_feature_value\";s:8:\"Standard\";}i:14;a:2:{s:29:\"fave_additional_feature_title\";s:10:\"Befeuerung\";s:29:\"fave_additional_feature_value\";s:10:\"Fernw\u00e4rme\";}i:15;a:2:{s:29:\"fave_additional_feature_title\";s:13:\"Stellplatzart\";s:29:\"fave_additional_feature_value\";s:10:\"Tiefgarage\";}i:16;a:2:{s:29:\"fave_additional_feature_title\";s:7:\"Zustand\";s:29:\"fave_additional_feature_value\";s:8:\"gepflegt\";}i:17;a:2:{s:29:\"fave_additional_feature_title\";s:27:\"Immobilie ist verf\u00fcgbar ab\";s:29:\"fave_additional_feature_value\";s:17:\"nach Vereinbarung\";}}"],"fave_additional_features_enable":["enable"],"_immonex_custom_fields":["a:4:{s:18:\"Energieausweis-Art\";a:5:{s:14:\"mapping_source\";s:35:\"zustand_angaben->energiepass->epart\";s:4:\"name\";s:0:\"\";s:5:\"group\";s:5:\"epass\";s:5:\"value\";s:11:\"Consumption\";s:19:\"value_before_filter\";s:9:\"VERBRAUCH\";}s:21:\"Prim\u00e4renergietr\u00e4ger\";a:5:{s:14:\"mapping_source\";s:29:\"ausstattung->befeuerung:FERN+\";s:4:\"name\";s:0:\"\";s:5:\"group\";s:5:\"epass\";s:5:\"value\";s:10:\"Fernw\u00e4rme\";s:19:\"value_before_filter\";s:10:\"Fernw\u00e4rme\";}s:22:\"Energieeffizienzklasse\";a:5:{s:14:\"mapping_source\";s:40:\"zustand_angaben->energiepass->wertklasse\";s:4:\"name\";s:0:\"\";s:5:\"group\";s:5:\"epass\";s:5:\"value\";s:1:\"B\";s:19:\"value_before_filter\";s:1:\"B\";}s:24:\"Baujahr (Energieausweis)\";a:5:{s:14:\"mapping_source\";s:37:\"zustand_angaben->energiepass->baujahr\";s:4:\"name\";s:0:\"\";s:5:\"group\";s:5:\"epass\";s:5:\"value\";s:4:\"1989\";s:19:\"value_before_filter\";s:4:\"1989\";}}"],"_immonex_property_xml_source":["<?xml version=\"1.0\"?>\n<immobilie>\n<objektkategorie>\n<nutzungsart WOHNEN=\"false\" GEWERBE=\"true\"\/>\n<vermarktungsart KAUF=\"false\" MIETE_PACHT=\"true\"\/>\n<objektart>\n<buero_praxen buero_typ=\"BUEROHAUS\"\/>\n<\/objektart>\n<user_defined_simplefield\/>\n<\/objektkategorie>\n<geo>\n<plz>45657 <\/plz>\n<ort>Recklinghausen<\/ort>\n<strasse>K&#xF6;nigswall<\/strasse>\n<hausnummer>28<\/hausnummer>\n<land iso_land=\"DEU\"\/>\n<lage_im_bau\/>\n<\/geo>\n<kontaktperson>\n<email_zentrale>anfrage@ruhr-real.de<\/email_zentrale>\n<email_direkt>ostermann@ruhr-real.de<\/email_direkt>\n<tel_durchw>+49 201 99996333<\/tel_durchw>\n<tel_fax>+49 201 99996344<\/tel_fax>\n<tel_handy>+49 162 8184000<\/tel_handy>\n<name>Ostermann<\/name>\n<vorname>Leon<\/vorname>\n<anrede>Herr<\/anrede>\n<firma>RUHR REAL GmbH<\/firma>\n<strasse>Holsterhauser Platz<\/strasse>\n<hausnummer>2<\/hausnummer>\n<plz>45147<\/plz>\n<ort>Essen<\/ort>\n<adressfreigabe>true<\/adressfreigabe>\n<\/kontaktperson>\n<preise>\n<nettokaltmiete>9.50<\/nettokaltmiete>\n<kaltmiete>9.50<\/kaltmiete>\n<nebenkosten>2.90<\/nebenkosten>\n<heizkosten_enthalten>false<\/heizkosten_enthalten>\n<zzg_mehrwertsteuer>false<\/zzg_mehrwertsteuer>\n<preis_zeiteinheit\/>\n<mietpreis_pro_qm>9.5000<\/mietpreis_pro_qm>\n<provisionspflichtig>true<\/provisionspflichtig>\n<aussen_courtage mit_mwst=\"false\">3-4 Nettomonatsmieten zzgl. Ust.<\/aussen_courtage>\n<courtage_hinweis>Bei Vertr&#xE4;gen bis zu f&#xFC;nf Jahren Laufzeit ist ein Honorar von 3 Nettomonatsmieten vom Mieter an RUHR REAL zahlbar; bei Laufzeiten bis zu zehn Jahren werden 4 Nettomonatsmieten f&#xE4;llig. Hinzu kommt die jeweils g&#xFC;ltige Umsatzsteuer.<\/courtage_hinweis>\n<waehrung iso_waehrung=\"EUR\"\/>\n<mwst_satz>19.00<\/mwst_satz>\n<stp_carport\/>\n<stp_duplex\/>\n<stp_freiplatz\/>\n<stp_garage\/>\n<stp_parkhaus\/>\n<stp_tiefgarage\/>\n<\/preise>\n<bieterverfahren\/>\n<versteigerung\/>\n<flaechen>\n<bueroflaeche>320<\/bueroflaeche>\n<bueroteilflaeche>320<\/bueroteilflaeche>\n<teilbar_ab>320<\/teilbar_ab>\n<anzahl_stellplaetze type=\"xsd:decimal\">5<\/anzahl_stellplaetze>\n<\/flaechen>\n<ausstattung>\n<ausstatt_kategorie>STANDARD<\/ausstatt_kategorie>\n<raeume_veraenderbar>true<\/raeume_veraenderbar>\n<bad\/>\n<kueche\/>\n<heizungsart ZENTRAL=\"true\" FERN=\"true\"\/>\n<befeuerung FERN=\"true\"\/>\n<fahrstuhl PERSONEN=\"true\"\/>\n<stellplatzart TIEFGARAGE=\"true\"\/>\n<ausricht_balkon_terrasse\/>\n<angeschl_gastronomie\/>\n<sicherheitstechnik\/>\n<\/ausstattung>\n<zustand_angaben>\n<baujahr>1989<\/baujahr>\n<zustand zustand_art=\"GEPFLEGT\"\/>\n<energiepass>\n<epart>VERBRAUCH<\/epart>\n<wertklasse>B<\/wertklasse>\n<baujahr>1989<\/baujahr>\n<\/energiepass>\n<\/zustand_angaben>\n<bewertung\/>\n<infrastruktur\/>\n<freitexte>\n<objekttitel>CITY | Repr&#xE4;sentativ | Stellpl&#xE4;tze Vorhanden<\/objekttitel>\n<lage>Die Repr&#xE4;sentative Immobilie befindet sich an einer Ecke des hochfrequentierten K&#xF6;nigswalls. \nDer Weg in die Innenstadt, somit zu zahlreichen Optionen der Nahversorgung und Anbindungen an den &#xD6;PNV kann fu&#xDF;l&#xE4;ufig in k&#xFC;rzester Zeit zur&#xFC;ckgelegt werden.\nAnbindung an die Autobahnen A 42 sowie A 2 linden sich nur wenige Fahrtminuten entfernt. Gleiches gilt f&#xFC;r den Recklingh&#xE4;user Hauptbahnhof.\n\nBedeutende Unternehmen der B&#xFC;romarktzone: Vivawest Wohnen GmbH, Deutsches-Rotes-Kreuz, Stadt Recklinghausen\n\nHotels in der N&#xE4;he: Parkhotel Engelsburg, City Hotel, Hotel Grafenwall<\/lage>\n<ausstatt_beschr>&#x2022; Bodenbelag: nach Vereinbarung\n&#x2022; EDV-Verkabelung vorhanden\n&#x2022; Beleuchtung: nach Vereinbarung\n&#x2022; Teek&#xFC;che: Anschluss vorhanden\n&#x2022; Personenaufzug\n\nDie Ausstattung kann bei Bedarf angepasst werden!<\/ausstatt_beschr>\n<objektbeschreibung>Das attraktive Geb&#xE4;ude bietet verschiedene B&#xFC;rofl&#xE4;chen auf mehreren Etagen zur Anmietung.\nDer Fl&#xE4;chenausbau sowie die Raumaufteilung k&#xF6;nnen bei Bedarf weitesgehend flexibel angepasst werden.\n\nDerzeit stehen folgende Fl&#xE4;chen zur Disposition:\n\nEG: ca. 280 m&#xB2; \n1. OG: ca. 170 m&#xB2; + ca. 150 m&#xB2;\n3. OG: ca. 220 m&#xB2;\n4. OG: ca. 140m&#xB2;<\/objektbeschreibung>\n<sonstige_angaben>Es gelten ausschlie&#xDF;lich unsere AGB (www.ruhr-real.de\/agb). Wir m&#xF6;chten Sie darauf hinweisen, dass die Angaben ausschlie&#xDF;lich auf den uns vom Eigent&#xFC;mer &#xFC;bermittelten Unterlagen und Informationen basieren. F&#xFC;r Richtigkeit und Vollst&#xE4;ndigkeit &#xFC;bernehmen wir keine Gew&#xE4;hr. Zwischenvermietung vorbehalten.<\/sonstige_angaben>\n<\/freitexte>\n<anhaenge>\n<anhang location=\"EXTERN\" gruppe=\"TITELBILD\">\n<anhangtitel>Au&#xDF;enansicht Drohne 1<\/anhangtitel>\n<format>jpg<\/format>\n<daten>\n<pfad>9352591ee69a42b288500930efc88658.jpg<\/pfad>\n<\/daten>\n<\/anhang>\n<anhang location=\"EXTERN\" gruppe=\"BILD\">\n<anhangtitel>M&#xF6;gl. Innenansicht<\/anhangtitel>\n<format>jpg<\/format>\n<daten>\n<pfad>fb89c5372961428ebb2016a62e2fb5df.jpg<\/pfad>\n<\/daten>\n<\/anhang>\n<anhang location=\"EXTERN\" gruppe=\"BILD\">\n<anhangtitel>M&#xF6;gl. Innenansicht<\/anhangtitel>\n<format>jpg<\/format>\n<daten>\n<pfad>42e2c4eb78bb4627a78b068cd92e13d8.jpg<\/pfad>\n<\/daten>\n<\/anhang>\n<anhang location=\"EXTERN\" gruppe=\"BILD\">\n<anhangtitel>M&#xF6;gl. Innenansicht<\/anhangtitel>\n<format>jpg<\/format>\n<daten>\n<pfad>8d701fd7d76a4c2b8fa0dcc3d9566b94.jpg<\/pfad>\n<\/daten>\n<\/anhang>\n<anhang location=\"EXTERN\" gruppe=\"BILD\">\n<anhangtitel>M&#xF6;gl. Innenansicht<\/anhangtitel>\n<format>jpg<\/format>\n<daten>\n<pfad>b7be9c68b5ac4a9c8da7f29026c48c99.jpg<\/pfad>\n<\/daten>\n<\/anhang>\n<anhang location=\"EXTERN\" gruppe=\"GRUNDRISS\">\n<anhangtitel>1. OG<\/anhangtitel>\n<format>png<\/format>\n<daten>\n<pfad>32369103dc914b8e87c294f9ba992c4e.png<\/pfad>\n<\/daten>\n<\/anhang>\n<\/anhaenge>\n<verwaltung_objekt>\n<objektadresse_freigeben>false<\/objektadresse_freigeben>\n<verfuegbar_ab>nach Vereinbarung<\/verfuegbar_ab>\n<geschlecht\/>\n<gewerbliche_nutzung>true<\/gewerbliche_nutzung>\n<\/verwaltung_objekt>\n<verwaltung_techn>\n<objektnr_intern>25A135B064EC4C428474EA10F09729B7<\/objektnr_intern>\n<objektnr_extern>3417\/E2<\/objektnr_extern>\n<aktion aktionart=\"CHANGE\"\/>\n<openimmo_obid>25A135B064EC4C428474EA10F09729B7<\/openimmo_obid>\n<kennung_ursprung>estatePro V10.0.0.8<\/kennung_ursprung>\n<stand_vom>2025-07-02<\/stand_vom>\n<\/verwaltung_techn>\n<user_defined_simplefield feldname=\"Startseite\">Nein<\/user_defined_simplefield>\n<\/immobilie>\n"],"_thumbnail_id":["158106"],"fave_property_images":["158106","158107","158108","158109","158110"],"fave_floor_plans_enable":["enable"],"floor_plans":["a:1:{i:0;a:7:{s:15:\"fave_plan_title\";s:5:\"1. OG\";s:15:\"fave_plan_rooms\";s:0:\"\";s:19:\"fave_plan_bathrooms\";s:0:\"\";s:15:\"fave_plan_price\";s:0:\"\";s:14:\"fave_plan_size\";s:0:\"\";s:15:\"fave_plan_image\";s:84:\"https:\/\/ruhr-real.de\/wp-content\/uploads\/2025\/07\/32369103dc914b8e87c294f9ba992c4e.png\";s:21:\"fave_plan_description\";s:0:\"\";}}"],"fave_prop_homeslider":["yes"],"fave_prop_slider_image":["158106"],"fave_agents":["142704"],"fave_agent_display_option":["agent_info"],"fave_single_top_area":["global"],"fave_single_content_area":["global"],"fave_property_map":["1"],"fave_property_map_street_view":["hide"],"fave_property_size_prefix":["m\u00b2"],"fave_property_land_postfix":["m\u00b2"],"fave_featured":["0"],"houzez_featured_listing_date":[""],"fave_property_price_postfix":["pro&nbsp;m\u00b2"],"fave_currency":["EUR"],"fave_currency_info":["a:8:{s:2:\"id\";s:1:\"1\";s:13:\"currency_name\";s:4:\"Euro\";s:13:\"currency_code\";s:3:\"EUR\";s:15:\"currency_symbol\";s:3:\"\u20ac\";s:17:\"currency_position\";s:5:\"after\";s:16:\"currency_decimal\";s:1:\"2\";s:26:\"currency_decimal_separator\";s:1:\",\";s:27:\"currency_thousand_separator\";s:1:\".\";}"],"houzez_total_property_views":["1392"],"houzez_views_by_date":["a:61:{s:10:\"02-27-2026\";i:6;s:10:\"02-28-2026\";i:4;s:10:\"03-01-2026\";i:4;s:10:\"03-02-2026\";i:4;s:10:\"03-03-2026\";i:4;s:10:\"03-04-2026\";i:4;s:10:\"03-05-2026\";i:6;s:10:\"03-06-2026\";i:4;s:10:\"03-07-2026\";i:4;s:10:\"03-08-2026\";i:4;s:10:\"03-09-2026\";i:4;s:10:\"03-10-2026\";i:4;s:10:\"03-11-2026\";i:6;s:10:\"03-12-2026\";i:4;s:10:\"03-13-2026\";i:4;s:10:\"03-14-2026\";i:4;s:10:\"03-15-2026\";i:4;s:10:\"03-16-2026\";i:2;s:10:\"03-17-2026\";i:9;s:10:\"03-18-2026\";i:6;s:10:\"03-19-2026\";i:4;s:10:\"03-20-2026\";i:6;s:10:\"03-21-2026\";i:4;s:10:\"03-22-2026\";i:4;s:10:\"03-23-2026\";i:4;s:10:\"03-24-2026\";i:4;s:10:\"03-25-2026\";i:4;s:10:\"03-26-2026\";i:6;s:10:\"03-27-2026\";i:4;s:10:\"03-28-2026\";i:4;s:10:\"03-29-2026\";i:4;s:10:\"03-30-2026\";i:6;s:10:\"03-31-2026\";i:4;s:10:\"04-01-2026\";i:7;s:10:\"04-02-2026\";i:8;s:10:\"04-03-2026\";i:8;s:10:\"04-04-2026\";i:8;s:10:\"04-05-2026\";i:8;s:10:\"04-06-2026\";i:8;s:10:\"04-07-2026\";i:10;s:10:\"04-08-2026\";i:8;s:10:\"04-09-2026\";i:8;s:10:\"04-10-2026\";i:8;s:10:\"04-11-2026\";i:6;s:10:\"04-12-2026\";i:8;s:10:\"04-13-2026\";i:8;s:10:\"04-14-2026\";i:8;s:10:\"04-15-2026\";i:8;s:10:\"04-16-2026\";i:8;s:10:\"04-17-2026\";i:8;s:10:\"04-18-2026\";i:8;s:10:\"04-19-2026\";i:8;s:10:\"04-20-2026\";i:8;s:10:\"04-21-2026\";i:8;s:10:\"04-22-2026\";i:8;s:10:\"04-23-2026\";i:9;s:10:\"04-24-2026\";i:8;s:10:\"04-25-2026\";i:8;s:10:\"04-26-2026\";i:8;s:10:\"04-27-2026\";i:8;s:10:\"04-28-2026\";i:4;}"],"houzez_recently_viewed":["2026-04-28 11:50:50"],"tp_widgets":["a:2:{s:7:\"widgets\";a:0:{}s:9:\"update_at\";s:10:\"1764682733\";}"],"_elementor_page_assets":["a:0:{}"]},"_links":{"self":[{"href":"https:\/\/ruhr-real.de\/en\/wp-json\/wp\/v2\/properties\/114889","targetHints":{"allow":["GET"]}}],"collection":[{"href":"https:\/\/ruhr-real.de\/en\/wp-json\/wp\/v2\/properties"}],"about":[{"href":"https:\/\/ruhr-real.de\/en\/wp-json\/wp\/v2\/types\/property"}],"author":[{"embeddable":true,"href":"https:\/\/ruhr-real.de\/en\/wp-json\/wp\/v2\/users\/1"}],"version-history":[{"count":0,"href":"https:\/\/ruhr-real.de\/en\/wp-json\/wp\/v2\/properties\/114889\/revisions"}],"wp:featuredmedia":[{"embeddable":true,"href":"https:\/\/ruhr-real.de\/en\/wp-json\/wp\/v2\/media\/158106"}],"wp:attachment":[{"href":"https:\/\/ruhr-real.de\/en\/wp-json\/wp\/v2\/media?parent=114889"}],"wp:term":[{"taxonomy":"property_type","embeddable":true,"href":"https:\/\/ruhr-real.de\/en\/wp-json\/wp\/v2\/property_type?post=114889"},{"taxonomy":"property_status","embeddable":true,"href":"https:\/\/ruhr-real.de\/en\/wp-json\/wp\/v2\/property_status?post=114889"},{"taxonomy":"property_feature","embeddable":true,"href":"https:\/\/ruhr-real.de\/en\/wp-json\/wp\/v2\/property_feature?post=114889"},{"taxonomy":"property_label","embeddable":true,"href":"https:\/\/ruhr-real.de\/en\/wp-json\/wp\/v2\/property_label?post=114889"},{"taxonomy":"property_country","embeddable":true,"href":"https:\/\/ruhr-real.de\/en\/wp-json\/wp\/v2\/property_country?post=114889"},{"taxonomy":"property_state","embeddable":true,"href":"https:\/\/ruhr-real.de\/en\/wp-json\/wp\/v2\/property_state?post=114889"},{"taxonomy":"property_city","embeddable":true,"href":"https:\/\/ruhr-real.de\/en\/wp-json\/wp\/v2\/property_city?post=114889"},{"taxonomy":"property_area","embeddable":true,"href":"https:\/\/ruhr-real.de\/en\/wp-json\/wp\/v2\/property_area?post=114889"}],"curies":[{"name":"wp","href":"https:\/\/api.w.org\/{rel}","templated":true}]}}