{"id":115285,"date":"2024-05-08T01:25:16","date_gmt":"2024-05-07T23:25:16","guid":{"rendered":"https:\/\/2024.ruhr-real.de\/immobilien\/neubauprojekt-bis-zu-90-000-m%c2%b2-schnelle-verbindung-zur-a2-und-b1-a40-ruhr-real\/"},"modified":"2024-05-08T01:25:16","modified_gmt":"2024-05-07T23:25:16","slug":"neubauprojekt-bis-zu-90-000-m%c2%b2-schnelle-verbindung-zur-a2-und-b1-a40-ruhr-real","status":"publish","type":"property","link":"https:\/\/ruhr-real.de\/en\/objekt\/neubauprojekt-bis-zu-90-000-m%c2%b2-schnelle-verbindung-zur-a2-und-b1-a40-ruhr-real\/","title":{"rendered":"Neubauprojekt bis zu 90.000 m\u00b2 | schnelle Verbindung zur A2 und B1\/A40 | RUHR REAL"},"content":{"rendered":"<p>Auf der Grundst\u00fccksfl\u00e4che, dem ehemaligen Thyssen-Krupp-Gel\u00e4nde von ca. 160.000 m\u00b2 entsteht ein ca. 80.000 m\u00b2 gro\u00dfer Logistikkomplex mit weiteren 3.935 m\u00b2 B\u00fcrofl\u00e4chen, welcher in zwei Bauabschnitten realisiert wird. F\u00fcr das 2. Quartal 2021, ist die Fertigstellung des ersten Bauabschnittes mit ca. 40.000 m\u00b2 Hallenfl\u00e4che geplant, die weiteren Fl\u00e4chen werden ca. 1 Jahr sp\u00e4ter fertig gestellt.<\/p>\n<p>Das ehemalige Thyssen-Krupp-Gel\u00e4nde, die Westfalenh\u00fctte, wird zu einem modernen Logistikpark umfunktioniert. Die Liegenschaft befindet sich in Dortmund, einer der wichtigste Verkehrsknotenpunkt im Ruhrgebiet mit der Anbindung an sechs Autobahnen und drei Bundesstra\u00dfen. Der Gewerbepark liegt direkt an der B236 mit schneller Verbindung zur A2 im Norden bzw. zur B1\/A40 im S\u00fcden. Au\u00dferdem erm\u00f6glicht der direkte Gleisanschluss im Logistik Park den Zugang zum nationalen und internationalen Schienennetz. Der Flughafen Dortmund ist in ca. 18 Minuten erreichbar.<\/p>\n<p>Ausstattungsmerkmale Hallenfl\u00e4chen:<br \/>\n&#8211; 36 \u00dcberladerampen<br \/>\n&#8211; 3 ebenerdige Halleneinfahrten<br \/>\n&#8211; Bodenbelastung: ca. 7 t\/m\u00b2<br \/>\n&#8211; Lichte H\u00f6he: ca. 12,20 m<br \/>\n&#8211; Tragwerk: Stahl, Stahlbeton, Holzleimbinder oder kombiniert<br \/>\n&#8211; St\u00fctzenraster: 12 x 24 m<br \/>\n&#8211; Brandmeldeanlage<br \/>\n&#8211; Heizung: Gas-Dunkelstrahler<br \/>\n&#8211; Beleuchtung: LED<br \/>\n&#8211; Halle: 200 lux &#8211; vollfl\u00e4chig 1 m \u00fcber dem Boden<br \/>\n&#8211; Kommissionierzone: 300 lux<br \/>\n&#8211; BMA<\/p>\n<p>Ausstattungsmerkmale B\u00fcrofl\u00e4che:<br \/>\n&#8211; B\u00fcror\u00e4ume: Nadelfilz, rollstuhlgeeignet<br \/>\n&#8211; Empfangs- und Sozialbereich: Fliesenbelag<br \/>\n&#8211; Pausen-, Umkleide- und Nebenr\u00e4ume: Linoleum\/PVC<br \/>\n&#8211; Beleuchtung: LED<br \/>\n&#8211; B\u00fcror\u00e4ume: 500 lux<br \/>\n&#8211; Eingangsbereich: 300 lux<br \/>\n&#8211; Heizung: Gastechnik in Verbindung mit Flach-\/Ventilheizk\u00f6rper<br \/>\n&#8211; Sonnenschutz: elektrisch und raumweise Verschattung<br \/>\n&#8211; K\u00fchlung: Top-Down System<\/p>\n<p>Es gelten ausschlie\u00dflich unsere AGB (www.ruhr-real.de\/agb). Wir m\u00f6chten Sie darauf hinweisen, dass die Angaben ausschlie\u00dflich auf den uns vom Eigent\u00fcmer \u00fcbermittelten Unterlagen und Informationen basieren. F\u00fcr Richtigkeit und Vollst\u00e4ndigkeit \u00fcbernehmen wir keine Gew\u00e4hr. Zwischenvermietung vorbehalten.<br \/>\n<div class=\"widget widget_immonex_user_defined_properties_widget\"><div class=\"immonex-widget immonex-widget-houzez\">\n\t\t<div class=\"immonex-widget-title clearfix\">\n\t\t<h2 class=\"widgettitle\">Energieeffizienz<\/h2>\t<\/div>\n\t\t<ul class=\"immonex-property-details row list-lined list-unstyled\">\n\t\t\t\t<li>\n\t\t\t<div class=\"list-lined-item w-100 d-flex justify-content-between py-2\">\n\t\t\t\t\t\t\t\t<strong class=\"property-details-label\">Energieausweis-Jahrgang:<\/strong>&nbsp;<span class=\"property-details-value\">not available<\/span>\n\t\t\t\t\t\t\t<\/div>\n\t\t<\/li>\n\t\t\t<\/ul>\n<\/div><\/div><\/p>\n","protected":false},"excerpt":{"rendered":"<p>Auf der Grundst\u00fccksfl\u00e4che, dem ehemaligen Thyssen-Krupp-Gel\u00e4nde von ca. 160.000 m\u00b2 entsteht ein ca. 80.000 m\u00b2&#8230;<\/p>\n","protected":false},"author":1,"featured_media":115286,"parent":0,"menu_order":0,"template":"","property_type":[380],"property_status":[352],"property_feature":[355,350],"property_label":[],"property_country":[353],"property_state":[],"property_city":[304],"property_area":[],"class_list":["post-115285","property","type-property","status-publish","has-post-thumbnail","hentry","property_type-lager-und-produktionsflaechen","property_status-zu-vermieten","property_feature-barrierefrei","property_feature-raeume-veraenderbar","property_country-deutschland","property_city-dortmund"],"acf":[],"property_meta":{"_immonex_import_folder":["users\/RUHRREAL"],"fave_property_map_address":["44145 Dortmund"],"fave_property_zip":["44145"],"fave_property_country":["DE"],"_immonex_lat":["51.53650635"],"_immonex_lng":["7.48293011162"],"houzez_geolocation_lat":["51.53650635"],"houzez_geolocation_long":["7.48293011162"],"fave_property_location":["51.53650635,7.48293011162"],"fave_property_price":["6.75"],"fave_property_sec_price":["6.7500"],"fave_property_size":["11276"],"fave_property_year":["2022"],"fave_property_id":["603\/E1"],"_immonex_translation_id":["603\/E1"],"_immonex_iso_country":["DEU"],"_openimmo_obid":["5E7940EFED84472BBB98E03BDAC70E44"],"_openimmo_anid":["0000"],"_immonex_group_number":["19"],"_immonex_group_id":[""],"_immonex_group_master":[""],"_immonex_import_meta":["a:6:{s:8:\"zip_file\";s:131:\"\/www\/htdocs\/w0172e0e\/ruhr-real_2024\/wp-content\/uploads\/immonex-openimmo-import\/users\/RUHRREAL\/Immowelt_estatePro_20240508173937.zip\";s:8:\"xml_file\";s:158:\"\/www\/htdocs\/w0172e0e\/ruhr-real_2024\/wp-content\/uploads\/immonex-openimmo-import\/immowelt_estatepro_20240508173937\/Homepage_2024_NEW_estatePro20240508173937.xml\";s:12:\"mapping_file\";s:116:\"\/www\/htdocs\/w0172e0e\/ruhr-real_2024\/wp-content\/uploads\/immonex-openimmo-import\/mappings\/houzez_ruhrreal_18122023.csv\";s:9:\"timestamp\";i:1715183476;s:4:\"date\";s:10:\"2024-05-08\";s:4:\"time\";s:8:\"17:51:16\";}"],"_is_immonex_import_property":["1"],"_immonex_is_reference":[""],"_immonex_is_sold":[""],"_immonex_is_reserved":[""],"_immonex_is_available":["1"],"additional_features":["a:14:{i:0;a:2:{s:29:\"fave_additional_feature_title\";s:14:\"Nettokaltmiete\";s:29:\"fave_additional_feature_value\";s:13:\"6,75&nbsp;\u20ac\";}i:1;a:2:{s:29:\"fave_additional_feature_title\";s:9:\"Kaltmiete\";s:29:\"fave_additional_feature_value\";s:13:\"6,75&nbsp;\u20ac\";}i:2;a:2:{s:29:\"fave_additional_feature_title\";s:33:\"Heizkosten in Warmmiete enthalten\";s:29:\"fave_additional_feature_value\";s:4:\"nein\";}i:3;a:2:{s:29:\"fave_additional_feature_title\";s:32:\"Preise zuz\u00fcglich Mehrwertsteuer\";s:29:\"fave_additional_feature_value\";s:4:\"nein\";}i:4;a:2:{s:29:\"fave_additional_feature_title\";s:23:\"Netto-Kaltmiete pro m\u00b2\";s:29:\"fave_additional_feature_value\";s:13:\"6,75&nbsp;\u20ac\";}i:5;a:2:{s:29:\"fave_additional_feature_title\";s:20:\"Hinweis zur Courtage\";s:29:\"fave_additional_feature_value\";s:209:\"Bei Vertr\u00e4gen bis zu f\u00fcnf Jahren Laufzeit ist ein Honorar von 3 Nettomonatsmieten zahlbar; bei Laufzeiten bis zu zehn Jahren werden 4 Nettomonatsmieten f\u00e4llig. Hinzu kommt die jeweils g\u00fcltige Umsatzsteuer.\";}i:6;a:2:{s:29:\"fave_additional_feature_title\";s:10:\"MwSt.-Satz\";s:29:\"fave_additional_feature_value\";s:9:\"19&nbsp;%\";}i:7;a:2:{s:29:\"fave_additional_feature_title\";s:13:\"Gesamtfl\u00e4che\";s:29:\"fave_additional_feature_value\";s:15:\"11.276&nbsp;m\u00b2\";}i:8;a:2:{s:29:\"fave_additional_feature_title\";s:12:\"Lagerfl\u00e4che\";s:29:\"fave_additional_feature_value\";s:15:\"11.276&nbsp;m\u00b2\";}i:9;a:2:{s:29:\"fave_additional_feature_title\";s:10:\"Teilbar ab\";s:29:\"fave_additional_feature_value\";s:15:\"11.276&nbsp;m\u00b2\";}i:10;a:2:{s:29:\"fave_additional_feature_title\";s:19:\"Art der Ausstattung\";s:29:\"fave_additional_feature_value\";s:7:\"gehoben\";}i:11;a:2:{s:29:\"fave_additional_feature_title\";s:13:\"Stellplatzart\";s:29:\"fave_additional_feature_value\";s:9:\"Freiplatz\";}i:12;a:2:{s:29:\"fave_additional_feature_title\";s:7:\"Zustand\";s:29:\"fave_additional_feature_value\";s:9:\"Erstbezug\";}i:13;a:2:{s:29:\"fave_additional_feature_title\";s:27:\"Immobilie ist verf\u00fcgbar ab\";s:29:\"fave_additional_feature_value\";s:7:\"Q1 2023\";}}"],"fave_additional_features_enable":["enable"],"_immonex_custom_fields":["a:1:{s:23:\"Energieausweis-Jahrgang\";a:5:{s:14:\"mapping_source\";s:38:\"zustand_angaben->energiepass->jahrgang\";s:4:\"name\";s:0:\"\";s:5:\"group\";s:5:\"epass\";s:5:\"value\";s:13:\"not available\";s:19:\"value_before_filter\";s:4:\"ohne\";}}"],"_immonex_property_xml_source":["<?xml version=\"1.0\"?>\n<immobilie>\n<objektkategorie>\n<nutzungsart WOHNEN=\"false\" GEWERBE=\"true\"\/>\n<vermarktungsart KAUF=\"false\" MIETE_PACHT=\"true\"\/>\n<objektart>\n<hallen_lager_prod hallen_typ=\"LAGERFLAECHEN\"\/>\n<\/objektart>\n<user_defined_simplefield\/>\n<\/objektkategorie>\n<geo>\n<plz>44145<\/plz>\n<ort>Dortmund<\/ort>\n<strasse>R&#xFC;schenbrinkstra&#xDF;e<\/strasse>\n<hausnummer>1<\/hausnummer>\n<land iso_land=\"DEU\"\/>\n<lage_im_bau\/>\n<\/geo>\n<kontaktperson>\n<email_zentrale>anfrage@ruhr-real.de<\/email_zentrale>\n<email_direkt>mehrer@ruhr-real.de<\/email_direkt>\n<tel_durchw>+49 201 99996330<\/tel_durchw>\n<tel_fax>+49 201 99996344<\/tel_fax>\n<tel_handy>+49 162 2907000<\/tel_handy>\n<name>Mehrer<\/name>\n<vorname>Nils<\/vorname>\n<anrede>Herr<\/anrede>\n<firma>RUHR REAL GmbH<\/firma>\n<strasse>Holsterhauser Platz<\/strasse>\n<hausnummer>2<\/hausnummer>\n<plz>45147<\/plz>\n<ort>Essen<\/ort>\n<adressfreigabe>true<\/adressfreigabe>\n<\/kontaktperson>\n<preise>\n<nettokaltmiete>6.75<\/nettokaltmiete>\n<kaltmiete>6.75<\/kaltmiete>\n<heizkosten_enthalten>false<\/heizkosten_enthalten>\n<zzg_mehrwertsteuer>false<\/zzg_mehrwertsteuer>\n<preis_zeiteinheit\/>\n<mietpreis_pro_qm>6.7500<\/mietpreis_pro_qm>\n<provisionspflichtig>false<\/provisionspflichtig>\n<courtage_hinweis>Bei Vertr&#xE4;gen bis zu f&#xFC;nf Jahren Laufzeit ist ein Honorar von 3 Nettomonatsmieten zahlbar; bei Laufzeiten bis zu zehn Jahren werden 4 Nettomonatsmieten f&#xE4;llig. Hinzu kommt die jeweils g&#xFC;ltige Umsatzsteuer.<\/courtage_hinweis>\n<waehrung iso_waehrung=\"EUR\"\/>\n<mwst_satz>19.00<\/mwst_satz>\n<stp_carport\/>\n<stp_duplex\/>\n<stp_freiplatz\/>\n<stp_garage\/>\n<stp_parkhaus\/>\n<stp_tiefgarage\/>\n<\/preise>\n<bieterverfahren\/>\n<versteigerung\/>\n<flaechen>\n<gesamtflaeche>11276<\/gesamtflaeche>\n<lagerflaeche>11276<\/lagerflaeche>\n<teilbar_ab>11276<\/teilbar_ab>\n<\/flaechen>\n<ausstattung>\n<ausstatt_kategorie>GEHOBEN<\/ausstatt_kategorie>\n<raeume_veraenderbar>true<\/raeume_veraenderbar>\n<bad\/>\n<kueche\/>\n<heizungsart\/>\n<befeuerung\/>\n<fahrstuhl\/>\n<stellplatzart FREIPLATZ=\"true\"\/>\n<ausricht_balkon_terrasse\/>\n<barrierefrei>true<\/barrierefrei>\n<angeschl_gastronomie\/>\n<sicherheitstechnik\/>\n<\/ausstattung>\n<zustand_angaben>\n<baujahr>2022<\/baujahr>\n<zustand zustand_art=\"ERSTBEZUG\"\/>\n<energiepass>\n<jahrgang>ohne<\/jahrgang>\n<\/energiepass>\n<\/zustand_angaben>\n<bewertung\/>\n<infrastruktur>\n<zulieferung>true<\/zulieferung>\n<\/infrastruktur>\n<freitexte>\n<objekttitel>Neubauprojekt bis zu 90.000 m&#xB2; | schnelle Verbindung zur A2 und B1\/A40 | RUHR REAL<\/objekttitel>\n<lage>Das ehemalige Thyssen-Krupp-Gel&#xE4;nde, die Westfalenh&#xFC;tte, wird zu einem modernen Logistikpark umfunktioniert. Die Liegenschaft befindet sich in Dortmund, einer der wichtigste Verkehrsknotenpunkt im Ruhrgebiet mit der Anbindung an sechs Autobahnen und drei Bundesstra&#xDF;en. Der Gewerbepark liegt direkt an der B236 mit schneller Verbindung zur A2 im Norden bzw. zur B1\/A40 im S&#xFC;den. Au&#xDF;erdem erm&#xF6;glicht der direkte Gleisanschluss im Logistik Park den Zugang zum nationalen und internationalen Schienennetz. Der Flughafen Dortmund ist in ca. 18 Minuten erreichbar.<\/lage>\n<ausstatt_beschr>Ausstattungsmerkmale Hallenfl&#xE4;chen:\n- 36 &#xDC;berladerampen\n- 3 ebenerdige Halleneinfahrten\n- Bodenbelastung: ca. 7 t\/m&#xB2;\n- Lichte H&#xF6;he: ca. 12,20 m\n- Tragwerk: Stahl, Stahlbeton, Holzleimbinder oder kombiniert\n- St&#xFC;tzenraster: 12 x 24 m\n- Brandmeldeanlage\n- Heizung: Gas-Dunkelstrahler\n- Beleuchtung: LED\n- Halle: 200 lux - vollfl&#xE4;chig 1 m &#xFC;ber dem Boden\n- Kommissionierzone: 300 lux\n- BMA\n\nAusstattungsmerkmale B&#xFC;rofl&#xE4;che:\n- B&#xFC;ror&#xE4;ume: Nadelfilz, rollstuhlgeeignet\n- Empfangs- und Sozialbereich: Fliesenbelag\n- Pausen-, Umkleide- und Nebenr&#xE4;ume: Linoleum\/PVC\n- Beleuchtung: LED\n- B&#xFC;ror&#xE4;ume: 500 lux\n- Eingangsbereich: 300 lux\n- Heizung: Gastechnik in Verbindung mit Flach-\/Ventilheizk&#xF6;rper\n- Sonnenschutz: elektrisch und raumweise Verschattung\n- K&#xFC;hlung: Top-Down System<\/ausstatt_beschr><objektbeschreibung>Auf der Grundst&#xFC;cksfl&#xE4;che, dem ehemaligen Thyssen-Krupp-Gel&#xE4;nde von ca. 160.000 m&#xB2; entsteht ein ca. 80.000 m&#xB2; gro&#xDF;er Logistikkomplex mit weiteren 3.935 m&#xB2; B&#xFC;rofl&#xE4;chen, welcher in zwei Bauabschnitten realisiert wird. F&#xFC;r das 2. Quartal 2021, ist die Fertigstellung des ersten Bauabschnittes mit ca. 40.000 m&#xB2; Hallenfl&#xE4;che geplant, die weiteren Fl&#xE4;chen werden ca. 1 Jahr sp&#xE4;ter fertig gestellt. \n<\/objektbeschreibung>\n<sonstige_angaben>Es gelten ausschlie&#xDF;lich unsere AGB (www.ruhr-real.de\/agb). Wir m&#xF6;chten Sie darauf hinweisen, dass die Angaben ausschlie&#xDF;lich auf den uns vom Eigent&#xFC;mer &#xFC;bermittelten Unterlagen und Informationen basieren. F&#xFC;r Richtigkeit und Vollst&#xE4;ndigkeit &#xFC;bernehmen wir keine Gew&#xE4;hr. Zwischenvermietung vorbehalten.<\/sonstige_angaben>\n<\/freitexte>\n<anhaenge>\n<anhang location=\"EXTERN\" gruppe=\"TITELBILD\">\n<anhangtitel>Vogelperspektive<\/anhangtitel>\n<format>PNG<\/format>\n<daten>\n<pfad>d529aed292744dafbb2c2f511c0e9272.PNG<\/pfad>\n<\/daten>\n<\/anhang>\n<anhang location=\"EXTERN\" gruppe=\"BILD\">\n<anhangtitel>Zulieferung<\/anhangtitel>\n<format>PNG<\/format>\n<daten>\n<pfad>b86879c58e3348cd97998f6c46364953.PNG<\/pfad>\n<\/daten>\n<\/anhang>\n<anhang location=\"EXTERN\" gruppe=\"BILD\">\n<anhangtitel>Innenansicht<\/anhangtitel>\n<format>PNG<\/format>\n<daten>\n<pfad>a8ee8c193a324eefb87bca189482d09d.PNG<\/pfad>\n<\/daten>\n<\/anhang>\n<anhang location=\"EXTERN\" gruppe=\"BILD\">\n<anhangtitel>Rampentore<\/anhangtitel>\n<format>PNG<\/format>\n<daten>\n<pfad>262dbb06090b45c29c2306f0d9055d93.PNG<\/pfad>\n<\/daten>\n<\/anhang>\n<anhang location=\"EXTERN\" gruppe=\"BILD\">\n<anhangtitel>Neubau<\/anhangtitel>\n<format>jpg<\/format>\n<daten>\n<pfad>acbb8368667a4f34a62e55b76ac2db83.jpg<\/pfad>\n<\/daten>\n<\/anhang>\n<anhang location=\"EXTERN\" gruppe=\"GRUNDRISS\">\n<anhangtitel>Planung<\/anhangtitel>\n<format>JPG<\/format>\n<daten>\n<pfad>6cc3a59f3cc54f958f29d2f969284b7e.JPG<\/pfad>\n<\/daten>\n<\/anhang>\n<\/anhaenge>\n<verwaltung_objekt>\n<objektadresse_freigeben>false<\/objektadresse_freigeben>\n<verfuegbar_ab>Q1 2023<\/verfuegbar_ab>\n<gruppennummer>19<\/gruppennummer>\n<geschlecht\/>\n<gewerbliche_nutzung>true<\/gewerbliche_nutzung>\n<\/verwaltung_objekt>\n<verwaltung_techn>\n<objektnr_intern>5E7940EFED84472BBB98E03BDAC70E44<\/objektnr_intern>\n<objektnr_extern>603\/E1<\/objektnr_extern>\n<aktion aktionart=\"CHANGE\"\/>\n<openimmo_obid>5E7940EFED84472BBB98E03BDAC70E44<\/openimmo_obid>\n<kennung_ursprung>estatePro V10.0.0.8<\/kennung_ursprung>\n<stand_vom>2024-05-08<\/stand_vom>\n<\/verwaltung_techn>\n<user_defined_simplefield feldname=\"Startseite\">Nein<\/user_defined_simplefield>\n<\/immobilie>\n"],"_thumbnail_id":["115286"],"fave_property_images":["115286","115287","115288","115289","115290"],"fave_floor_plans_enable":["enable"],"floor_plans":["a:1:{i:0;a:7:{s:15:\"fave_plan_title\";s:7:\"Planung\";s:15:\"fave_plan_rooms\";s:0:\"\";s:19:\"fave_plan_bathrooms\";s:0:\"\";s:15:\"fave_plan_price\";s:0:\"\";s:14:\"fave_plan_size\";s:0:\"\";s:15:\"fave_plan_image\";s:84:\"https:\/\/ruhr-real.de\/wp-content\/uploads\/2024\/05\/6cc3a59f3cc54f958f29d2f969284b7e.jpg\";s:21:\"fave_plan_description\";s:0:\"\";}}"],"fave_prop_homeslider":["yes"],"fave_prop_slider_image":["115286"],"fave_agents":["111859"],"fave_agent_display_option":["agent_info"],"fave_single_top_area":["global"],"fave_single_content_area":["global"],"fave_property_map":["1"],"fave_property_map_street_view":["hide"],"fave_property_size_prefix":["m\u00b2"],"fave_property_land_postfix":["m\u00b2"],"fave_featured":["0"],"houzez_featured_listing_date":[""],"fave_property_price_postfix":["pro&nbsp;m\u00b2"],"fave_currency":["EUR"],"fave_currency_info":["a:8:{s:2:\"id\";s:1:\"1\";s:13:\"currency_name\";s:4:\"Euro\";s:13:\"currency_code\";s:3:\"EUR\";s:15:\"currency_symbol\";s:3:\"\u20ac\";s:17:\"currency_position\";s:5:\"after\";s:16:\"currency_decimal\";s:1:\"2\";s:26:\"currency_decimal_separator\";s:1:\",\";s:27:\"currency_thousand_separator\";s:1:\".\";}"],"fave_show_price_placeholder":["0"],"houzez_total_property_views":["2198"],"houzez_views_by_date":["a:61:{s:10:\"02-27-2026\";i:4;s:10:\"02-28-2026\";i:4;s:10:\"03-01-2026\";i:4;s:10:\"03-02-2026\";i:4;s:10:\"03-03-2026\";i:4;s:10:\"03-04-2026\";i:4;s:10:\"03-05-2026\";i:6;s:10:\"03-06-2026\";i:4;s:10:\"03-07-2026\";i:4;s:10:\"03-08-2026\";i:4;s:10:\"03-09-2026\";i:4;s:10:\"03-10-2026\";i:4;s:10:\"03-11-2026\";i:5;s:10:\"03-12-2026\";i:4;s:10:\"03-13-2026\";i:4;s:10:\"03-14-2026\";i:4;s:10:\"03-15-2026\";i:4;s:10:\"03-16-2026\";i:2;s:10:\"03-17-2026\";i:9;s:10:\"03-18-2026\";i:6;s:10:\"03-19-2026\";i:4;s:10:\"03-20-2026\";i:6;s:10:\"03-21-2026\";i:4;s:10:\"03-22-2026\";i:4;s:10:\"03-23-2026\";i:4;s:10:\"03-24-2026\";i:4;s:10:\"03-25-2026\";i:4;s:10:\"03-26-2026\";i:8;s:10:\"03-27-2026\";i:4;s:10:\"03-28-2026\";i:4;s:10:\"03-29-2026\";i:4;s:10:\"03-30-2026\";i:6;s:10:\"03-31-2026\";i:4;s:10:\"04-01-2026\";i:9;s:10:\"04-02-2026\";i:9;s:10:\"04-03-2026\";i:8;s:10:\"04-04-2026\";i:8;s:10:\"04-05-2026\";i:8;s:10:\"04-06-2026\";i:8;s:10:\"04-07-2026\";i:12;s:10:\"04-08-2026\";i:6;s:10:\"04-09-2026\";i:8;s:10:\"04-10-2026\";i:8;s:10:\"04-11-2026\";i:6;s:10:\"04-12-2026\";i:8;s:10:\"04-13-2026\";i:8;s:10:\"04-14-2026\";i:8;s:10:\"04-15-2026\";i:8;s:10:\"04-16-2026\";i:8;s:10:\"04-17-2026\";i:8;s:10:\"04-18-2026\";i:8;s:10:\"04-19-2026\";i:8;s:10:\"04-20-2026\";i:8;s:10:\"04-21-2026\";i:10;s:10:\"04-22-2026\";i:8;s:10:\"04-23-2026\";i:8;s:10:\"04-24-2026\";i:8;s:10:\"04-25-2026\";i:8;s:10:\"04-26-2026\";i:8;s:10:\"04-27-2026\";i:8;s:10:\"04-28-2026\";i:2;}"],"houzez_recently_viewed":["2026-04-28 07:11:29"],"tp_widgets":["a:2:{s:7:\"widgets\";a:0:{}s:9:\"update_at\";s:10:\"1764682733\";}"],"rank_math_news_sitemap_robots":["index"],"rank_math_robots":["a:1:{i:0;s:5:\"index\";}"],"rank_math_internal_links_processed":["1"],"_elementor_page_assets":["a:0:{}"]},"_links":{"self":[{"href":"https:\/\/ruhr-real.de\/en\/wp-json\/wp\/v2\/properties\/115285","targetHints":{"allow":["GET"]}}],"collection":[{"href":"https:\/\/ruhr-real.de\/en\/wp-json\/wp\/v2\/properties"}],"about":[{"href":"https:\/\/ruhr-real.de\/en\/wp-json\/wp\/v2\/types\/property"}],"author":[{"embeddable":true,"href":"https:\/\/ruhr-real.de\/en\/wp-json\/wp\/v2\/users\/1"}],"version-history":[{"count":0,"href":"https:\/\/ruhr-real.de\/en\/wp-json\/wp\/v2\/properties\/115285\/revisions"}],"wp:featuredmedia":[{"embeddable":true,"href":"https:\/\/ruhr-real.de\/en\/wp-json\/wp\/v2\/media\/115286"}],"wp:attachment":[{"href":"https:\/\/ruhr-real.de\/en\/wp-json\/wp\/v2\/media?parent=115285"}],"wp:term":[{"taxonomy":"property_type","embeddable":true,"href":"https:\/\/ruhr-real.de\/en\/wp-json\/wp\/v2\/property_type?post=115285"},{"taxonomy":"property_status","embeddable":true,"href":"https:\/\/ruhr-real.de\/en\/wp-json\/wp\/v2\/property_status?post=115285"},{"taxonomy":"property_feature","embeddable":true,"href":"https:\/\/ruhr-real.de\/en\/wp-json\/wp\/v2\/property_feature?post=115285"},{"taxonomy":"property_label","embeddable":true,"href":"https:\/\/ruhr-real.de\/en\/wp-json\/wp\/v2\/property_label?post=115285"},{"taxonomy":"property_country","embeddable":true,"href":"https:\/\/ruhr-real.de\/en\/wp-json\/wp\/v2\/property_country?post=115285"},{"taxonomy":"property_state","embeddable":true,"href":"https:\/\/ruhr-real.de\/en\/wp-json\/wp\/v2\/property_state?post=115285"},{"taxonomy":"property_city","embeddable":true,"href":"https:\/\/ruhr-real.de\/en\/wp-json\/wp\/v2\/property_city?post=115285"},{"taxonomy":"property_area","embeddable":true,"href":"https:\/\/ruhr-real.de\/en\/wp-json\/wp\/v2\/property_area?post=115285"}],"curies":[{"name":"wp","href":"https:\/\/api.w.org\/{rel}","templated":true}]}}