{"id":115668,"date":"2024-05-08T02:16:49","date_gmt":"2024-05-08T00:16:49","guid":{"rendered":"https:\/\/2024.ruhr-real.de\/immobilien\/moderne-bueros-l-viele-stellplaetze\/"},"modified":"2024-05-08T02:16:49","modified_gmt":"2024-05-08T00:16:49","slug":"moderne-bueros-l-viele-stellplaetze","status":"publish","type":"property","link":"https:\/\/ruhr-real.de\/en\/objekt\/moderne-bueros-l-viele-stellplaetze\/","title":{"rendered":"Moderne B\u00fcros l viele Stellpl\u00e4tze"},"content":{"rendered":"<p>Die denkmalgesch\u00fctze B\u00fcroimmobilie aus dem Jahre 1961 ist ein wahrer Blickfang im Essen S\u00fcd-Viertel. Der repr\u00e4sentative Eingangsbereich und die gro\u00dfz\u00fcgigen Fensterfronten sorgen f\u00fcr eine angenehme Arbeitsatmosph\u00e4re. Der so genannte &#8220;FAKT TOWER&#8221; verf\u00fcgt \u00fcber zahlreiche Parkm\u00f6glichkeiten, die im Au\u00dfenbereich, sowie im hauseigenen Parkhaus zur Anmietung bereit stehen. Das Objekt bietet Ihnen flexible M\u00f6glichkeiten der B\u00fcronutzung. Sie haben die Wahl:<br \/>\nOpen-Space, Einzelb\u00fcrol\u00f6sung oder Doppelb\u00fcros.<\/p>\n<p>Derzeit stehen folgende Fl\u00e4chen zur Disposition:<\/p>\n<p>Tower:<br \/>\n13. OG: 600 m\u00b2<br \/>\n14. OG: 600 m\u00b2<br \/>\n15. OG: 600 m\u00b2<br \/>\n18. OG: 600 m\u00b2<br \/>\n21. OG: 600 m\u00b2<\/p>\n<p>Bei dem Objekt handelt es sich um einen Top-B\u00fcrostandort in der Essener Innenstadt. Aufgrund der direkten Anbindung an die Autobahn A 40 sowie der N\u00e4he zum Stadtzentrum von Essen ist dieses Objekt besonders verkehrsg\u00fcnstig gelegen. \u00dcber die A 40 wird ein Anschluss an das \u00fcberregionale Autobahnnetz hergestellt. Die B 224 stellt dar\u00fcber hinaus eine Verbindung zu den Autobahnen A 42 und A 52 her.  Der Essener HBF ist innerhalb von 4 Minuten fu\u00dfl\u00e4ufig zu erreichen. Zahlreiche Caf\u00e9s und Restaurants sowie Einkaufsm\u00f6glichkeiten sind ebenfalls in nur wenigen Gehminuten erreichbar.<\/p>\n<p>Bedeutende Unternehmen in der B\u00fcromarktzone: ThyssenKrupp, DB Schenker, Postbank, RWE<\/p>\n<p>Hotels in der Umgebung: GHotel, InterCity Hotel, Select Hotel, ibis Hotel<\/p>\n<p>\u2022 Sonnenschutz: innenliegend, manuell<br \/>\n\u2022 Bodenbelag: Teppichboden, Parkett<br \/>\n\u2022 Verkabelung: CAT-7 Verkabelung<br \/>\n\u2022 Kabelf\u00fchrung: Bodentanks<br \/>\n\u2022 Beleuchtung: Deckenleuchten<br \/>\n\u2022 Teek\u00fcche: voll ausgestattet<br \/>\n\u2022 Aufzug: Personenaufzug<br \/>\n\u2022 Barrierearm: Ja, ebenerdiger Zugang<br \/>\n\u2022 Heizungsart: Fernw\u00e4rme<br \/>\n\u2022 K\u00fchlung \/L\u00fcftung: L\u00fcftung dezentral<\/p>\n<p>Die Ausstattung kann kann bei Bedarf angepasst werden!<\/p>\n<p>Es gelten ausschlie\u00dflich unsere AGB (www.ruhr-real.de\/agb). Wir m\u00f6chten Sie darauf hinweisen, dass die Angaben ausschlie\u00dflich auf den uns vom Eigent\u00fcmer \u00fcbermittelten Unterlagen und Informationen basieren. F\u00fcr Richtigkeit und Vollst\u00e4ndigkeit \u00fcbernehmen wir keine Gew\u00e4hr. Zwischenvermietung vorbehalten.<br \/>\n<div class=\"widget widget_immonex_user_defined_properties_widget\"><div class=\"immonex-widget immonex-widget-houzez\">\n\t\t<div class=\"immonex-widget-title clearfix\">\n\t\t<h2 class=\"widgettitle\">Energieeffizienz<\/h2>\t<\/div>\n\t\t<ul class=\"immonex-property-details row list-lined list-unstyled\">\n\t\t\t\t<li>\n\t\t\t<div class=\"list-lined-item w-100 d-flex justify-content-between py-2\">\n\t\t\t\t\t\t\t\t<strong class=\"property-details-label\">Energieausweis-Art:<\/strong>&nbsp;<span class=\"property-details-value\">Demand<\/span>\n\t\t\t\t\t\t\t<\/div>\n\t\t<\/li>\n\t\t\t\t<li>\n\t\t\t<div class=\"list-lined-item w-100 d-flex justify-content-between py-2\">\n\t\t\t\t\t\t\t\t<strong class=\"property-details-label\">Prim\u00e4renergietr\u00e4ger:<\/strong>&nbsp;<span class=\"property-details-value\">Fernw\u00e4rme<\/span>\n\t\t\t\t\t\t\t<\/div>\n\t\t<\/li>\n\t\t\t\t<li>\n\t\t\t<div class=\"list-lined-item w-100 d-flex justify-content-between py-2\">\n\t\t\t\t\t\t\t\t<strong class=\"property-details-label\">Stromverbrauchskennwert:<\/strong>&nbsp;<span class=\"property-details-value\">41&nbsp;kWh\/(m\u00b2*a)<\/span>\n\t\t\t\t\t\t\t<\/div>\n\t\t<\/li>\n\t\t\t\t<li>\n\t\t\t<div class=\"list-lined-item w-100 d-flex justify-content-between py-2\">\n\t\t\t\t\t\t\t\t<strong class=\"property-details-label\">Baujahr (Energieausweis):<\/strong>&nbsp;<span class=\"property-details-value\">2016\/2017<\/span>\n\t\t\t\t\t\t\t<\/div>\n\t\t<\/li>\n\t\t\t\t<li>\n\t\t\t<div class=\"list-lined-item w-100 d-flex justify-content-between py-2\">\n\t\t\t\t\t\t\t\t<strong class=\"property-details-label\">Energieausweis-Jahrgang:<\/strong>&nbsp;<span class=\"property-details-value\">not available<\/span>\n\t\t\t\t\t\t\t<\/div>\n\t\t<\/li>\n\t\t\t<\/ul>\n<\/div><\/div><\/p>\n","protected":false},"excerpt":{"rendered":"<p>Die denkmalgesch\u00fctze B\u00fcroimmobilie aus dem Jahre 1961 ist ein wahrer Blickfang im Essen S\u00fcd-Viertel. Der&#8230;<\/p>\n","protected":false},"author":1,"featured_media":115669,"parent":0,"menu_order":0,"template":"","property_type":[379],"property_status":[352],"property_feature":[355,354,350],"property_label":[],"property_country":[353],"property_state":[],"property_city":[306],"property_area":[319],"class_list":["post-115668","property","type-property","status-publish","has-post-thumbnail","hentry","property_type-bueroflaechen","property_status-zu-vermieten","property_feature-barrierefrei","property_feature-personenaufzug","property_feature-raeume-veraenderbar","property_country-deutschland","property_city-essen","property_area-sudviertel"],"acf":[],"property_meta":{"_immonex_import_folder":["users\/RUHRREAL"],"fave_property_map_address":["45128 Essen"],"fave_property_zip":["45128"],"fave_property_country":["DE"],"_immonex_lat":["51.4671041"],"_immonex_lng":["7.01284697953"],"houzez_geolocation_lat":["51.4671041"],"houzez_geolocation_long":["7.01284697953"],"fave_property_location":["51.4671041,7.01284697953"],"fave_property_size":["633"],"fave_property_year":["1961"],"fave_property_id":["090\/E14"],"_immonex_translation_id":["090\/E14"],"_immonex_iso_country":["DEU"],"_openimmo_obid":["BC1B16481638417C9AD3D6AC377C510F"],"_openimmo_anid":["0000"],"_immonex_group_number":["2"],"_immonex_group_id":[""],"_immonex_group_master":[""],"_immonex_import_meta":["a:6:{s:8:\"zip_file\";s:131:\"\/www\/htdocs\/w0172e0e\/ruhr-real_2024\/wp-content\/uploads\/immonex-openimmo-import\/users\/RUHRREAL\/Immowelt_estatePro_20240508173937.zip\";s:8:\"xml_file\";s:158:\"\/www\/htdocs\/w0172e0e\/ruhr-real_2024\/wp-content\/uploads\/immonex-openimmo-import\/immowelt_estatepro_20240508173937\/Homepage_2024_NEW_estatePro20240508173937.xml\";s:12:\"mapping_file\";s:116:\"\/www\/htdocs\/w0172e0e\/ruhr-real_2024\/wp-content\/uploads\/immonex-openimmo-import\/mappings\/houzez_ruhrreal_18122023.csv\";s:9:\"timestamp\";i:1715183809;s:4:\"date\";s:10:\"2024-05-08\";s:4:\"time\";s:8:\"17:56:49\";}"],"_is_immonex_import_property":["1"],"_immonex_is_reference":[""],"_immonex_is_sold":[""],"_immonex_is_reserved":[""],"_immonex_is_available":["1"],"additional_features":["a:13:{i:0;a:2:{s:29:\"fave_additional_feature_title\";s:11:\"Heizungsart\";s:29:\"fave_additional_feature_value\";s:27:\"Zentralheizung, Fernheizung\";}i:1;a:2:{s:29:\"fave_additional_feature_title\";s:33:\"Heizkosten in Warmmiete enthalten\";s:29:\"fave_additional_feature_value\";s:4:\"nein\";}i:2;a:2:{s:29:\"fave_additional_feature_title\";s:32:\"Preise zuz\u00fcglich Mehrwertsteuer\";s:29:\"fave_additional_feature_value\";s:4:\"nein\";}i:3;a:2:{s:29:\"fave_additional_feature_title\";s:10:\"MwSt.-Satz\";s:29:\"fave_additional_feature_value\";s:9:\"19&nbsp;%\";}i:4;a:2:{s:29:\"fave_additional_feature_title\";s:12:\"B\u00fcrofl\u00e4che\";s:29:\"fave_additional_feature_value\";s:15:\"633,82&nbsp;m\u00b2\";}i:5;a:2:{s:29:\"fave_additional_feature_title\";s:16:\"B\u00fcroteilfl\u00e4che\";s:29:\"fave_additional_feature_value\";s:15:\"633,82&nbsp;m\u00b2\";}i:6;a:2:{s:29:\"fave_additional_feature_title\";s:10:\"Teilbar ab\";s:29:\"fave_additional_feature_value\";s:15:\"633,82&nbsp;m\u00b2\";}i:7;a:2:{s:29:\"fave_additional_feature_title\";s:19:\"Art der Ausstattung\";s:29:\"fave_additional_feature_value\";s:7:\"gehoben\";}i:8;a:2:{s:29:\"fave_additional_feature_title\";s:10:\"Befeuerung\";s:29:\"fave_additional_feature_value\";s:10:\"Fernw\u00e4rme\";}i:9;a:2:{s:29:\"fave_additional_feature_title\";s:10:\"Bodenbelag\";s:29:\"fave_additional_feature_value\";s:16:\"Teppich, Parkett\";}i:10;a:2:{s:29:\"fave_additional_feature_title\";s:13:\"Stellplatzart\";s:29:\"fave_additional_feature_value\";s:19:\"Freiplatz, Parkhaus\";}i:11;a:2:{s:29:\"fave_additional_feature_title\";s:7:\"Zustand\";s:29:\"fave_additional_feature_value\";s:12:\"modernisiert\";}i:12;a:2:{s:29:\"fave_additional_feature_title\";s:27:\"Immobilie ist verf\u00fcgbar ab\";s:29:\"fave_additional_feature_value\";s:17:\"nach Vereinbarung\";}}"],"fave_additional_features_enable":["enable"],"_immonex_custom_fields":["a:5:{s:18:\"Energieausweis-Art\";a:5:{s:14:\"mapping_source\";s:35:\"zustand_angaben->energiepass->epart\";s:4:\"name\";s:0:\"\";s:5:\"group\";s:5:\"epass\";s:5:\"value\";s:6:\"Demand\";s:19:\"value_before_filter\";s:6:\"BEDARF\";}s:21:\"Prim\u00e4renergietr\u00e4ger\";a:5:{s:14:\"mapping_source\";s:29:\"ausstattung->befeuerung:FERN+\";s:4:\"name\";s:0:\"\";s:5:\"group\";s:5:\"epass\";s:5:\"value\";s:10:\"Fernw\u00e4rme\";s:19:\"value_before_filter\";s:10:\"Fernw\u00e4rme\";}s:23:\"Stromverbrauchskennwert\";a:5:{s:14:\"mapping_source\";s:39:\"zustand_angaben->energiepass->stromwert\";s:4:\"name\";s:0:\"\";s:5:\"group\";s:5:\"epass\";s:5:\"value\";s:19:\"41&nbsp;kWh\/(m\u00b2*a)\";s:19:\"value_before_filter\";s:2:\"41\";}s:24:\"Baujahr (Energieausweis)\";a:5:{s:14:\"mapping_source\";s:37:\"zustand_angaben->energiepass->baujahr\";s:4:\"name\";s:0:\"\";s:5:\"group\";s:5:\"epass\";s:5:\"value\";s:9:\"2016\/2017\";s:19:\"value_before_filter\";s:9:\"2016\/2017\";}s:23:\"Energieausweis-Jahrgang\";a:5:{s:14:\"mapping_source\";s:38:\"zustand_angaben->energiepass->jahrgang\";s:4:\"name\";s:0:\"\";s:5:\"group\";s:5:\"epass\";s:5:\"value\";s:13:\"not available\";s:19:\"value_before_filter\";s:4:\"ohne\";}}"],"_immonex_property_xml_source":["<?xml version=\"1.0\"?>\n<immobilie>\n<objektkategorie>\n<nutzungsart WOHNEN=\"false\" GEWERBE=\"true\"\/>\n<vermarktungsart KAUF=\"false\" MIETE_PACHT=\"true\"\/>\n<objektart>\n<buero_praxen buero_typ=\"BUEROHAUS\"\/>\n<\/objektart>\n<user_defined_simplefield\/>\n<\/objektkategorie>\n<geo>\n<plz>45128<\/plz>\n<ort>Essen<\/ort>\n<strasse>Am Thyssenhaus<\/strasse>\n<hausnummer>1-3<\/hausnummer>\n<land iso_land=\"DEU\"\/>\n<lage_im_bau\/>\n<regionaler_zusatz>S&#xFC;dviertel<\/regionaler_zusatz>\n<\/geo>\n<kontaktperson>\n<email_zentrale>anfrage@ruhr-real.de<\/email_zentrale>\n<email_direkt>bruckmann@ruhr-real.de<\/email_direkt>\n<tel_durchw>+49 201 99996337<\/tel_durchw>\n<tel_fax>+49 201 99996344<\/tel_fax>\n<tel_handy>+49 172 7088870<\/tel_handy>\n<name>Bruckmann<\/name>\n<vorname>Jonas<\/vorname>\n<anrede>Herr<\/anrede>\n<firma>RUHR REAL GmbH<\/firma>\n<strasse>Holsterhauser Platz<\/strasse>\n<hausnummer>2<\/hausnummer>\n<plz>45147<\/plz>\n<ort>Essen<\/ort>\n<adressfreigabe>true<\/adressfreigabe>\n<\/kontaktperson>\n<preise>\n<heizkosten_enthalten>false<\/heizkosten_enthalten>\n<zzg_mehrwertsteuer>false<\/zzg_mehrwertsteuer>\n<preis_zeiteinheit\/>\n<provisionspflichtig>false<\/provisionspflichtig>\n<waehrung iso_waehrung=\"EUR\"\/>\n<mwst_satz>19.00<\/mwst_satz>\n<stp_carport\/>\n<stp_duplex\/>\n<stp_freiplatz\/>\n<stp_garage\/>\n<stp_parkhaus\/>\n<stp_tiefgarage\/>\n<\/preise>\n<bieterverfahren\/>\n<versteigerung\/>\n<flaechen>\n<bueroflaeche>633.82<\/bueroflaeche>\n<bueroteilflaeche>633.82<\/bueroteilflaeche>\n<teilbar_ab>633.82<\/teilbar_ab>\n<anzahl_stellplaetze type=\"xsd:decimal\">64<\/anzahl_stellplaetze>\n<\/flaechen>\n<ausstattung>\n<ausstatt_kategorie>GEHOBEN<\/ausstatt_kategorie>\n<raeume_veraenderbar>true<\/raeume_veraenderbar>\n<bad\/>\n<kueche\/>\n<boden TEPPICH=\"true\" PARKETT=\"true\"\/>\n<heizungsart ZENTRAL=\"true\" FERN=\"true\"\/>\n<befeuerung FERN=\"true\"\/>\n<fahrstuhl PERSONEN=\"true\"\/><stellplatzart FREIPLATZ=\"true\"\/>\n<stellplatzart PARKHAUS=\"true\"\/>\n<ausricht_balkon_terrasse\/>\n<barrierefrei>true<\/barrierefrei>\n<angeschl_gastronomie\/>\n<sicherheitstechnik\/>\n<\/ausstattung>\n<zustand_angaben>\n<baujahr>1961<\/baujahr>\n<zustand zustand_art=\"MODERNISIERT\"\/>\n<energiepass>\n<epart>BEDARF<\/epart>\n<stromwert>41<\/stromwert>\n<baujahr>2016\/2017<\/baujahr>\n<jahrgang>ohne<\/jahrgang>\n<\/energiepass>\n<\/zustand_angaben>\n<bewertung\/>\n<infrastruktur\/>\n<freitexte>\n<objekttitel>Moderne B&#xFC;ros l viele Stellpl&#xE4;tze<\/objekttitel>\n<lage>Bei dem Objekt handelt es sich um einen Top-B&#xFC;rostandort in der Essener Innenstadt. Aufgrund der direkten Anbindung an die Autobahn A 40 sowie der N&#xE4;he zum Stadtzentrum von Essen ist dieses Objekt besonders verkehrsg&#xFC;nstig gelegen. &#xDC;ber die A 40 wird ein Anschluss an das &#xFC;berregionale Autobahnnetz hergestellt. Die B 224 stellt dar&#xFC;ber hinaus eine Verbindung zu den Autobahnen A 42 und A 52 her.  Der Essener HBF ist innerhalb von 4 Minuten fu&#xDF;l&#xE4;ufig zu erreichen. Zahlreiche Caf&#xE9;s und Restaurants sowie Einkaufsm&#xF6;glichkeiten sind ebenfalls in nur wenigen Gehminuten erreichbar. \n\nBedeutende Unternehmen in der B&#xFC;romarktzone: ThyssenKrupp, DB Schenker, Postbank, RWE\n\nHotels in der Umgebung: GHotel, InterCity Hotel, Select Hotel, ibis Hotel<\/lage>\n<ausstatt_beschr>&#x2022; Sonnenschutz: innenliegend, manuell\n&#x2022; Bodenbelag: Teppichboden, Parkett\n&#x2022; Verkabelung: CAT-7 Verkabelung\n&#x2022; Kabelf&#xFC;hrung: Bodentanks\n&#x2022; Beleuchtung: Deckenleuchten\n&#x2022; Teek&#xFC;che: voll ausgestattet\n&#x2022; Aufzug: Personenaufzug\n&#x2022; Barrierearm: Ja, ebenerdiger Zugang\n&#x2022; Heizungsart: Fernw&#xE4;rme\n&#x2022; K&#xFC;hlung \/L&#xFC;ftung: L&#xFC;ftung dezentral\n\nDie Ausstattung kann kann bei Bedarf angepasst werden!<\/ausstatt_beschr>\n<objektbeschreibung>Die denkmalgesch&#xFC;tze B&#xFC;roimmobilie aus dem Jahre 1961 ist ein wahrer Blickfang im Essen S&#xFC;d-Viertel. Der repr&#xE4;sentative Eingangsbereich und die gro&#xDF;z&#xFC;gigen Fensterfronten sorgen f&#xFC;r eine angenehme Arbeitsatmosph&#xE4;re. Der so genannte \"FAKT TOWER\" verf&#xFC;gt &#xFC;ber zahlreiche Parkm&#xF6;glichkeiten, die im Au&#xDF;enbereich, sowie im hauseigenen Parkhaus zur Anmietung bereit stehen. Das Objekt bietet Ihnen flexible M&#xF6;glichkeiten der B&#xFC;ronutzung. Sie haben die Wahl:\nOpen-Space, Einzelb&#xFC;rol&#xF6;sung oder Doppelb&#xFC;ros.\n\nDerzeit stehen folgende Fl&#xE4;chen zur Disposition:\n\nTower:\n13. OG: 600 m&#xB2;\n14. OG: 600 m&#xB2;\n15. OG: 600 m&#xB2;\n18. OG: 600 m&#xB2;\n21. OG: 600 m&#xB2;\n<\/objektbeschreibung>\n<sonstige_angaben>Es gelten ausschlie&#xDF;lich unsere AGB (www.ruhr-real.de\/agb). Wir m&#xF6;chten Sie darauf hinweisen, dass die Angaben ausschlie&#xDF;lich auf den uns vom Eigent&#xFC;mer &#xFC;bermittelten Unterlagen und Informationen basieren. F&#xFC;r Richtigkeit und Vollst&#xE4;ndigkeit &#xFC;bernehmen wir keine Gew&#xE4;hr. Zwischenvermietung vorbehalten.<\/sonstige_angaben>\n<\/freitexte>\n<anhaenge>\n<anhang location=\"EXTERN\" gruppe=\"TITELBILD\">\n<anhangtitel>Au&#xDF;enansicht<\/anhangtitel>\n<format>jpg<\/format>\n<daten>\n<pfad>935ad0ca40c74fc3a18bb7fcf2b18c96.jpg<\/pfad>\n<\/daten>\n<\/anhang>\n<anhang location=\"EXTERN\" gruppe=\"BILD\">\n<anhangtitel>DOLounge<\/anhangtitel>\n<format>jpg<\/format>\n<daten>\n<pfad>81aac156cf5a43f9944415772958c8b6.jpg<\/pfad>\n<\/daten>\n<\/anhang>\n<anhang location=\"EXTERN\" gruppe=\"BILD\">\n<anhangtitel>RT_Fireside<\/anhangtitel>\n<format>jpg<\/format>\n<daten>\n<pfad>d7ac851f2ca6455e8ed2a718fa0ac61d.jpg<\/pfad>\n<\/daten>\n<\/anhang>\n<anhang location=\"EXTERN\" gruppe=\"BILD\">\n<anhangtitel>FlexibleOffice<\/anhangtitel>\n<format>jpg<\/format>\n<daten>\n<pfad>e26f5166f6214eacb8721b4635b0e90e.jpg<\/pfad>\n<\/daten>\n<\/anhang>\n<anhang location=\"EXTERN\" gruppe=\"BILD\">\n<anhangtitel>Meet&amp;Move<\/anhangtitel>\n<format>jpg<\/format>\n<daten>\n<pfad>c50ed102636749d891927e71bf8956d6.jpg<\/pfad>\n<\/daten>\n<\/anhang>\n<anhang location=\"EXTERN\" gruppe=\"BILD\">\n<anhangtitel>Arena<\/anhangtitel>\n<format>jpg<\/format>\n<daten>\n<pfad>3d69483f4eb34c9ba568ac9df07e3ba8.jpg<\/pfad>\n<\/daten>\n<\/anhang>\n<anhang location=\"EXTERN\" gruppe=\"BILD\">\n<anhangtitel>Aussicht<\/anhangtitel>\n<format>jpg<\/format>\n<daten>\n<pfad>38ef735895e94ec28fc79fb58a067ed9.jpg<\/pfad>\n<\/daten>\n<\/anhang>\n<anhang location=\"EXTERN\" gruppe=\"BILD\"><anhangtitel>Au&#xDF;enansicht<\/anhangtitel>\n<format>jpg<\/format>\n<daten>\n<pfad>736e8fe2b266412cb1f1697a6afcb1c1.jpg<\/pfad>\n<\/daten>\n<\/anhang>\n<anhang location=\"EXTERN\" gruppe=\"GRUNDRISS\">\n<anhangtitel>14.OG<\/anhangtitel>\n<format>PNG<\/format>\n<daten>\n<pfad>5aadace78b5944e8b9a9ff8aee397331.PNG<\/pfad>\n<\/daten>\n<\/anhang>\n<anhang location=\"EXTERN\" gruppe=\"GRUNDRISS\">\n<anhangtitel>Grundriss_2. OG_Vorgeb&#xE4;ude<\/anhangtitel>\n<format>JPG<\/format>\n<daten>\n<pfad>78c8696dbead457fa10371dd5077d2bf.JPG<\/pfad>\n<\/daten>\n<\/anhang>\n<\/anhaenge>\n<verwaltung_objekt>\n<objektadresse_freigeben>false<\/objektadresse_freigeben>\n<verfuegbar_ab>nach Vereinbarung<\/verfuegbar_ab>\n<gruppennummer>2<\/gruppennummer>\n<geschlecht\/>\n<gewerbliche_nutzung>true<\/gewerbliche_nutzung>\n<\/verwaltung_objekt>\n<verwaltung_techn>\n<objektnr_intern>BC1B16481638417C9AD3D6AC377C510F<\/objektnr_intern>\n<objektnr_extern>090\/E14<\/objektnr_extern>\n<aktion aktionart=\"CHANGE\"\/>\n<openimmo_obid>BC1B16481638417C9AD3D6AC377C510F<\/openimmo_obid>\n<kennung_ursprung>estatePro V10.0.0.8<\/kennung_ursprung>\n<stand_vom>2024-05-08<\/stand_vom>\n<\/verwaltung_techn>\n<user_defined_simplefield feldname=\"Startseite\">Nein<\/user_defined_simplefield>\n<\/immobilie>\n"],"_thumbnail_id":["115669"],"fave_property_images":["115669","115670","115671","115672","115673","115674","115675","115676"],"fave_floor_plans_enable":["enable"],"floor_plans":["a:2:{i:0;a:7:{s:15:\"fave_plan_title\";s:5:\"14.OG\";s:15:\"fave_plan_rooms\";s:0:\"\";s:19:\"fave_plan_bathrooms\";s:0:\"\";s:15:\"fave_plan_price\";s:0:\"\";s:14:\"fave_plan_size\";s:0:\"\";s:15:\"fave_plan_image\";s:84:\"https:\/\/ruhr-real.de\/wp-content\/uploads\/2024\/05\/5aadace78b5944e8b9a9ff8aee397331.png\";s:21:\"fave_plan_description\";s:0:\"\";}i:1;a:7:{s:15:\"fave_plan_title\";s:27:\"Grundriss_2. OG_Vorgeb\u00e4ude\";s:15:\"fave_plan_rooms\";s:0:\"\";s:19:\"fave_plan_bathrooms\";s:0:\"\";s:15:\"fave_plan_price\";s:0:\"\";s:14:\"fave_plan_size\";s:0:\"\";s:15:\"fave_plan_image\";s:93:\"https:\/\/ruhr-real.de\/wp-content\/uploads\/2024\/05\/78c8696dbead457fa10371dd5077d2bf-560x1024.jpg\";s:21:\"fave_plan_description\";s:0:\"\";}}"],"fave_prop_homeslider":["yes"],"fave_prop_slider_image":["115669"],"fave_agents":["111496"],"fave_agent_display_option":["agent_info"],"fave_single_top_area":["global"],"fave_single_content_area":["global"],"fave_property_price":["0"],"fave_property_map":["1"],"fave_property_map_street_view":["hide"],"fave_property_size_prefix":["m\u00b2"],"fave_property_land_postfix":["m\u00b2"],"fave_featured":["0"],"houzez_featured_listing_date":[""],"fave_currency":["EUR"],"fave_currency_info":["a:8:{s:2:\"id\";s:1:\"1\";s:13:\"currency_name\";s:4:\"Euro\";s:13:\"currency_code\";s:3:\"EUR\";s:15:\"currency_symbol\";s:3:\"\u20ac\";s:17:\"currency_position\";s:5:\"after\";s:16:\"currency_decimal\";s:1:\"2\";s:26:\"currency_decimal_separator\";s:1:\",\";s:27:\"currency_thousand_separator\";s:1:\".\";}"],"fave_show_price_placeholder":["1"],"houzez_total_property_views":["2207"],"houzez_views_by_date":["a:61:{s:10:\"02-27-2026\";i:6;s:10:\"02-28-2026\";i:4;s:10:\"03-01-2026\";i:4;s:10:\"03-02-2026\";i:4;s:10:\"03-03-2026\";i:4;s:10:\"03-04-2026\";i:4;s:10:\"03-05-2026\";i:6;s:10:\"03-06-2026\";i:4;s:10:\"03-07-2026\";i:4;s:10:\"03-08-2026\";i:4;s:10:\"03-09-2026\";i:4;s:10:\"03-10-2026\";i:4;s:10:\"03-11-2026\";i:6;s:10:\"03-12-2026\";i:5;s:10:\"03-13-2026\";i:4;s:10:\"03-14-2026\";i:4;s:10:\"03-15-2026\";i:4;s:10:\"03-16-2026\";i:2;s:10:\"03-17-2026\";i:10;s:10:\"03-18-2026\";i:6;s:10:\"03-19-2026\";i:5;s:10:\"03-20-2026\";i:6;s:10:\"03-21-2026\";i:4;s:10:\"03-22-2026\";i:4;s:10:\"03-23-2026\";i:4;s:10:\"03-24-2026\";i:4;s:10:\"03-25-2026\";i:4;s:10:\"03-26-2026\";i:6;s:10:\"03-27-2026\";i:4;s:10:\"03-28-2026\";i:4;s:10:\"03-29-2026\";i:4;s:10:\"03-30-2026\";i:6;s:10:\"03-31-2026\";i:4;s:10:\"04-01-2026\";i:10;s:10:\"04-02-2026\";i:8;s:10:\"04-03-2026\";i:8;s:10:\"04-04-2026\";i:8;s:10:\"04-05-2026\";i:8;s:10:\"04-06-2026\";i:8;s:10:\"04-07-2026\";i:10;s:10:\"04-08-2026\";i:8;s:10:\"04-09-2026\";i:8;s:10:\"04-10-2026\";i:8;s:10:\"04-11-2026\";i:6;s:10:\"04-12-2026\";i:8;s:10:\"04-13-2026\";i:8;s:10:\"04-14-2026\";i:8;s:10:\"04-15-2026\";i:8;s:10:\"04-16-2026\";i:8;s:10:\"04-17-2026\";i:8;s:10:\"04-18-2026\";i:8;s:10:\"04-19-2026\";i:8;s:10:\"04-20-2026\";i:8;s:10:\"04-21-2026\";i:8;s:10:\"04-22-2026\";i:8;s:10:\"04-23-2026\";i:8;s:10:\"04-24-2026\";i:8;s:10:\"04-25-2026\";i:8;s:10:\"04-26-2026\";i:8;s:10:\"04-27-2026\";i:8;s:10:\"04-28-2026\";i:2;}"],"houzez_recently_viewed":["2026-04-28 07:10:46"],"tp_widgets":["a:2:{s:7:\"widgets\";a:0:{}s:9:\"update_at\";s:10:\"1764682733\";}"],"rank_math_news_sitemap_robots":["index"],"rank_math_robots":["a:1:{i:0;s:5:\"index\";}"],"rank_math_internal_links_processed":["1"],"_elementor_page_assets":["a:0:{}"]},"_links":{"self":[{"href":"https:\/\/ruhr-real.de\/en\/wp-json\/wp\/v2\/properties\/115668","targetHints":{"allow":["GET"]}}],"collection":[{"href":"https:\/\/ruhr-real.de\/en\/wp-json\/wp\/v2\/properties"}],"about":[{"href":"https:\/\/ruhr-real.de\/en\/wp-json\/wp\/v2\/types\/property"}],"author":[{"embeddable":true,"href":"https:\/\/ruhr-real.de\/en\/wp-json\/wp\/v2\/users\/1"}],"version-history":[{"count":0,"href":"https:\/\/ruhr-real.de\/en\/wp-json\/wp\/v2\/properties\/115668\/revisions"}],"wp:featuredmedia":[{"embeddable":true,"href":"https:\/\/ruhr-real.de\/en\/wp-json\/wp\/v2\/media\/115669"}],"wp:attachment":[{"href":"https:\/\/ruhr-real.de\/en\/wp-json\/wp\/v2\/media?parent=115668"}],"wp:term":[{"taxonomy":"property_type","embeddable":true,"href":"https:\/\/ruhr-real.de\/en\/wp-json\/wp\/v2\/property_type?post=115668"},{"taxonomy":"property_status","embeddable":true,"href":"https:\/\/ruhr-real.de\/en\/wp-json\/wp\/v2\/property_status?post=115668"},{"taxonomy":"property_feature","embeddable":true,"href":"https:\/\/ruhr-real.de\/en\/wp-json\/wp\/v2\/property_feature?post=115668"},{"taxonomy":"property_label","embeddable":true,"href":"https:\/\/ruhr-real.de\/en\/wp-json\/wp\/v2\/property_label?post=115668"},{"taxonomy":"property_country","embeddable":true,"href":"https:\/\/ruhr-real.de\/en\/wp-json\/wp\/v2\/property_country?post=115668"},{"taxonomy":"property_state","embeddable":true,"href":"https:\/\/ruhr-real.de\/en\/wp-json\/wp\/v2\/property_state?post=115668"},{"taxonomy":"property_city","embeddable":true,"href":"https:\/\/ruhr-real.de\/en\/wp-json\/wp\/v2\/property_city?post=115668"},{"taxonomy":"property_area","embeddable":true,"href":"https:\/\/ruhr-real.de\/en\/wp-json\/wp\/v2\/property_area?post=115668"}],"curies":[{"name":"wp","href":"https:\/\/api.w.org\/{rel}","templated":true}]}}