{"id":115746,"date":"2026-03-13T00:02:12","date_gmt":"2026-03-12T23:02:12","guid":{"rendered":"https:\/\/2024.ruhr-real.de\/immobilien\/repraesentatives-gebaeude-gute-anbindung\/"},"modified":"2026-03-13T13:52:12","modified_gmt":"2026-03-13T12:52:12","slug":"repraesentatives-gebaeude-gute-anbindung","status":"publish","type":"property","link":"https:\/\/ruhr-real.de\/en\/objekt\/repraesentatives-gebaeude-gute-anbindung\/","title":{"rendered":"Repr\u00e4sentatives Geb\u00e4ude | gute Anbindung"},"content":{"rendered":"<p>Die zur Disposition stehende Liegenschaft bietet Unternehmen eine moderne Lagerhalle und mehrere B\u00fcrofl\u00e4chen in Top-Lage. Insgesamt umfasst das Objekt ca. 1600 m\u00b2 Lagerfl\u00e4che und ca. 3.867 m\u00b2 B\u00fcrofl\u00e4che. Alle B\u00fcrofl\u00e4chen verf\u00fcgen \u00fcber einen Glasfaseranschluss.<br \/>\nDie verschiedenen Fl\u00e4chen k\u00f6nnen weitesgehend unabh\u00e4ngig voneinander angemietet werden<\/p>\n<p>Derzeit stehen folgende Fl\u00e4chen zur Disposition:<br \/>\nHalle 1:  440 m\u00b2<br \/>\nHalle 2: 1.158 m\u00b2<\/p>\n<p>EG Nr. 1-3: 734 m\u00b2<br \/>\n1. OG Nr. 1-3: 663 m\u00b2<br \/>\n1. OG Nr. 7: 634 m\u00b2<br \/>\n2. OG Nr. 1-3: 663 m\u00b2<br \/>\n3. OG Nr. 1-3: 603 m\u00b2<br \/>\n4. OG Nr. 1-3: 570 m\u00b2<\/p>\n<p>Die vakante Einheit liegt in Neuss-Barbaraviertel im hiesigen Gewerbegebiet. \u00d6ffentliche Verkehrsmittel und gastronomische Angebote erreicht man fu\u00dfl\u00e4ufig in k\u00fcrzester Zeit. Nur wenige Minuten entfernt befindet sich die Autobahn A52, welche Anbindung an das regionale sowie \u00fcberregionale Stra\u00dfennetz bietet. Desweiteren erreicht man den Hauptbahnhof sowie Flughafen D\u00fcsseldorf in nur etwa 25 Autominuten.<\/p>\n<p>\u2022 Verkabelung: Glasfaser<br \/>\n\u2022 Verkabelungsort: nach Vereinbarung<br \/>\n\u2022 Bodenbelag: nach Vereinbarung<br \/>\n\u2022 Sonnenschutz:au\u00dfenliegend, elektrisch<br \/>\n\u2022 Teek\u00fcche vorhanden<br \/>\n\u2022 Personenaufzug<br \/>\n\u2022 Beleuchtung: LED<\/p>\n<p>Es gelten ausschlie\u00dflich unsere AGB (www.ruhr-real.de\/agb). Die Halle ist nicht f\u00fcr Veranstaltungsr\u00e4ume geeignet. Wir m\u00f6chten Sie darauf hinweisen, dass die Angaben ausschlie\u00dflich auf den uns vom Eigent\u00fcmer \u00fcbermittelten Unterlagen und Informationen basieren. F\u00fcr Richtigkeit und Vollst\u00e4ndigkeit \u00fcbernehmen wir keine Gew\u00e4hr. Zwischenvermietung vorbehalten.<br \/>\n<div class=\"widget widget_immonex_user_defined_properties_widget\"><div class=\"immonex-widget immonex-widget-houzez\">\n\t\t<div class=\"immonex-widget-title clearfix\">\n\t\t<h2 class=\"widgettitle\">Energieeffizienz<\/h2>\t<\/div>\n\t\t<ul class=\"immonex-property-details row list-lined list-unstyled\">\n\t\t\t\t<li>\n\t\t\t<div class=\"list-lined-item w-100 d-flex justify-content-between py-2\">\n\t\t\t\t\t\t\t\t<strong class=\"property-details-label\">Energieausweis-Jahrgang:<\/strong>&nbsp;<span class=\"property-details-value\">not available<\/span>\n\t\t\t\t\t\t\t<\/div>\n\t\t<\/li>\n\t\t\t<\/ul>\n<\/div><\/div><\/p>\n","protected":false},"excerpt":{"rendered":"<p>Die zur Disposition stehende Liegenschaft bietet Unternehmen eine moderne Lagerhalle und mehrere B\u00fcrofl\u00e4chen in&#8230;<\/p>\n","protected":false},"author":1,"featured_media":181730,"parent":0,"menu_order":0,"template":"","property_type":[379],"property_status":[352],"property_feature":[537,361,354,350],"property_label":[],"property_country":[353],"property_state":[],"property_city":[294],"property_area":[],"class_list":["post-115746","property","type-property","status-publish","has-post-thumbnail","hentry","property_type-bueroflaechen","property_status-zu-vermieten","property_feature-gewerbliche-nutzung-moeglich","property_feature-klimaanlage","property_feature-personenaufzug","property_feature-raeume-veraenderbar","property_country-deutschland","property_city-neuss"],"acf":[],"property_meta":{"_immonex_import_folder":["users\/RUHRREAL"],"_immonex_translation_id":["2893\/E8"],"_openimmo_obid":["AAA1740607414DBAAAD3D4BCA7DB96BD"],"_is_immonex_import_property":["1"],"_immonex_is_reference":[""],"rank_math_internal_links_processed":["1"],"_immonex_post_status":["updated"],"fave_property_map_address":["41460 Neuss"],"fave_property_zip":["41460"],"fave_property_country":["DE"],"_immonex_lat":["51.1994376"],"_immonex_lng":["6.6806709"],"houzez_geolocation_lat":["51.1994376"],"houzez_geolocation_long":["6.6806709"],"fave_property_location":["51.1994376,6.6806709"],"fave_property_price":["10.50"],"fave_property_sec_price":["10.5000"],"fave_property_size":["570"],"fave_property_id":["2893\/E8"],"_fave_property_id":["2893\/E8"],"_immonex_iso_country":["DEU"],"_openimmo_anid":["0000"],"_immonex_group_number":[""],"_immonex_group_id":[""],"_immonex_group_master":[""],"_immonex_import_meta":["a:6:{s:8:\"zip_file\";s:131:\"\/www\/htdocs\/w0172e0e\/ruhr-real_2024\/wp-content\/uploads\/immonex-openimmo-import\/users\/RUHRREAL\/Immowelt_estatePro_20260313135117.zip\";s:8:\"xml_file\";s:158:\"\/www\/htdocs\/w0172e0e\/ruhr-real_2024\/wp-content\/uploads\/immonex-openimmo-import\/immowelt_estatepro_20260313135117\/Homepage_2024_NEW_estatePro20260313135117.xml\";s:12:\"mapping_file\";s:116:\"\/www\/htdocs\/w0172e0e\/ruhr-real_2024\/wp-content\/uploads\/immonex-openimmo-import\/mappings\/houzez_ruhrreal_18122023.csv\";s:9:\"timestamp\";i:1773406332;s:4:\"date\";s:10:\"2026-03-13\";s:4:\"time\";s:8:\"13:52:12\";}"],"_immonex_is_sold":[""],"_immonex_is_reserved":[""],"_immonex_is_available":["1"],"_immonex_areabutler_url_with_address":[""],"_immonex_areabutler_url_no_address":[""],"_immonex_areabutler_url":[""],"additional_features":["a:14:{i:0;a:2:{s:29:\"fave_additional_feature_title\";s:14:\"Nettokaltmiete\";s:29:\"fave_additional_feature_value\";s:14:\"10,50&nbsp;\u20ac\";}i:1;a:2:{s:29:\"fave_additional_feature_title\";s:9:\"Kaltmiete\";s:29:\"fave_additional_feature_value\";s:14:\"10,50&nbsp;\u20ac\";}i:2;a:2:{s:29:\"fave_additional_feature_title\";s:29:\"monatl. Betriebs-\/Nebenkosten\";s:29:\"fave_additional_feature_value\";s:13:\"4,30&nbsp;\u20ac\";}i:3;a:2:{s:29:\"fave_additional_feature_title\";s:33:\"Heizkosten in Warmmiete enthalten\";s:29:\"fave_additional_feature_value\";s:4:\"nein\";}i:4;a:2:{s:29:\"fave_additional_feature_title\";s:32:\"Preise zuz\u00fcglich Mehrwertsteuer\";s:29:\"fave_additional_feature_value\";s:4:\"nein\";}i:5;a:2:{s:29:\"fave_additional_feature_title\";s:23:\"Netto-Kaltmiete pro m\u00b2\";s:29:\"fave_additional_feature_value\";s:14:\"10,50&nbsp;\u20ac\";}i:6;a:2:{s:29:\"fave_additional_feature_title\";s:10:\"MwSt.-Satz\";s:29:\"fave_additional_feature_value\";s:9:\"19&nbsp;%\";}i:7;a:2:{s:29:\"fave_additional_feature_title\";s:12:\"B\u00fcrofl\u00e4che\";s:29:\"fave_additional_feature_value\";s:12:\"570&nbsp;m\u00b2\";}i:8;a:2:{s:29:\"fave_additional_feature_title\";s:16:\"B\u00fcroteilfl\u00e4che\";s:29:\"fave_additional_feature_value\";s:12:\"570&nbsp;m\u00b2\";}i:9;a:2:{s:29:\"fave_additional_feature_title\";s:10:\"Teilbar ab\";s:29:\"fave_additional_feature_value\";s:12:\"570&nbsp;m\u00b2\";}i:10;a:2:{s:29:\"fave_additional_feature_title\";s:19:\"Art der Ausstattung\";s:29:\"fave_additional_feature_value\";s:8:\"Standard\";}i:11;a:2:{s:29:\"fave_additional_feature_title\";s:13:\"Stellplatzart\";s:29:\"fave_additional_feature_value\";s:19:\"Freiplatz, Parkhaus\";}i:12;a:2:{s:29:\"fave_additional_feature_title\";s:7:\"Zustand\";s:29:\"fave_additional_feature_value\";s:8:\"gepflegt\";}i:13;a:2:{s:29:\"fave_additional_feature_title\";s:27:\"Immobilie ist verf\u00fcgbar ab\";s:29:\"fave_additional_feature_value\";s:17:\"nach Vereinbarung\";}}"],"fave_additional_features_enable":["enable"],"_immonex_custom_fields":["a:1:{s:23:\"Energieausweis-Jahrgang\";a:5:{s:14:\"mapping_source\";s:38:\"zustand_angaben->energiepass->jahrgang\";s:4:\"name\";s:0:\"\";s:5:\"group\";s:5:\"epass\";s:5:\"value\";s:13:\"not available\";s:19:\"value_before_filter\";s:4:\"ohne\";}}"],"_immonex_property_xml_source":["<?xml version=\"1.0\"?>\n<immobilie>\n<objektkategorie>\n<nutzungsart WOHNEN=\"false\" GEWERBE=\"true\"\/>\n<vermarktungsart KAUF=\"false\" MIETE_PACHT=\"true\"\/>\n<objektart>\n<buero_praxen buero_typ=\"BUEROHAUS\"\/>\n<\/objektart>\n<user_defined_simplefield\/>\n<\/objektkategorie>\n<geo>\n<plz>41460<\/plz>\n<ort>Neuss<\/ort>\n<strasse>Hermann-Klammt-Stra&#xDF;e<\/strasse>\n<hausnummer>1-7<\/hausnummer>\n<land iso_land=\"DEU\"\/>\n<lage_im_bau\/>\n<\/geo>\n<kontaktperson>\n<email_zentrale>anfrage@ruhr-real.de<\/email_zentrale>\n<email_direkt>schuerk@ruhr-real.de<\/email_direkt>\n<tel_durchw>+49 201 99996333<\/tel_durchw>\n<tel_handy>+49 162 4192000<\/tel_handy>\n<name>Sch&#xFC;rk<\/name>\n<vorname>Christopher<\/vorname>\n<anrede>Herr<\/anrede>\n<firma>RUHR REAL GmbH<\/firma>\n<strasse>Holsterhauser Platz<\/strasse>\n<hausnummer>2<\/hausnummer>\n<plz>45147<\/plz>\n<ort>Essen<\/ort>\n<adressfreigabe>true<\/adressfreigabe>\n<\/kontaktperson>\n<preise>\n<nettokaltmiete>10.50<\/nettokaltmiete>\n<kaltmiete>10.50<\/kaltmiete>\n<nebenkosten>4.30<\/nebenkosten>\n<heizkosten_enthalten>false<\/heizkosten_enthalten>\n<zzg_mehrwertsteuer>false<\/zzg_mehrwertsteuer><preis_zeiteinheit\/>\n<mietpreis_pro_qm>10.5000<\/mietpreis_pro_qm>\n<provisionspflichtig>false<\/provisionspflichtig>\n<waehrung iso_waehrung=\"EUR\"\/>\n<mwst_satz>19.00<\/mwst_satz>\n<stp_carport\/>\n<stp_duplex\/>\n<stp_freiplatz\/>\n<stp_garage\/>\n<stp_parkhaus\/>\n<stp_tiefgarage\/>\n<\/preise>\n<bieterverfahren\/>\n<versteigerung\/>\n<flaechen>\n<bueroflaeche>570<\/bueroflaeche>\n<bueroteilflaeche>570<\/bueroteilflaeche>\n<teilbar_ab>570<\/teilbar_ab>\n<anzahl_stellplaetze type=\"xsd:decimal\">170<\/anzahl_stellplaetze>\n<\/flaechen>\n<ausstattung>\n<ausstatt_kategorie>STANDARD<\/ausstatt_kategorie>\n<raeume_veraenderbar>true<\/raeume_veraenderbar>\n<bad\/>\n<kueche\/>\n<heizungsart\/>\n<befeuerung\/>\n<klimatisiert>true<\/klimatisiert>\n<fahrstuhl PERSONEN=\"true\"\/>\n<stellplatzart FREIPLATZ=\"true\"\/>\n<stellplatzart PARKHAUS=\"true\"\/>\n<ausricht_balkon_terrasse\/>\n<angeschl_gastronomie\/>\n<sicherheitstechnik\/>\n<\/ausstattung>\n<zustand_angaben>\n<zustand zustand_art=\"GEPFLEGT\"\/>\n<energiepass>\n<jahrgang>ohne<\/jahrgang>\n<\/energiepass>\n<\/zustand_angaben>\n<bewertung\/>\n<infrastruktur\/>\n<freitexte>\n<objekttitel>Repr&#xE4;sentatives Geb&#xE4;ude | gute Anbindung<\/objekttitel>\n<lage>Die vakante Einheit liegt in Neuss-Barbaraviertel im hiesigen Gewerbegebiet. &#xD6;ffentliche Verkehrsmittel und gastronomische Angebote erreicht man fu&#xDF;l&#xE4;ufig in k&#xFC;rzester Zeit. Nur wenige Minuten entfernt befindet sich die Autobahn A52, welche Anbindung an das regionale sowie &#xFC;berregionale Stra&#xDF;ennetz bietet. Desweiteren erreicht man den Hauptbahnhof sowie Flughafen D&#xFC;sseldorf in nur etwa 25 Autominuten. <\/lage>\n<ausstatt_beschr>&#x2022; Verkabelung: Glasfaser\n&#x2022; Verkabelungsort: nach Vereinbarung\n&#x2022; Bodenbelag: nach Vereinbarung\n&#x2022; Sonnenschutz:au&#xDF;enliegend, elektrisch\n&#x2022; Teek&#xFC;che vorhanden\n&#x2022; Personenaufzug\n&#x2022; Beleuchtung: LED<\/ausstatt_beschr>\n<objektbeschreibung>Die zur Disposition stehende Liegenschaft bietet Unternehmen eine moderne Lagerhalle und mehrere B&#xFC;rofl&#xE4;chen in Top-Lage. Insgesamt umfasst das Objekt ca. 1600 m&#xB2; Lagerfl&#xE4;che und ca. 3.867 m&#xB2; B&#xFC;rofl&#xE4;che. Alle B&#xFC;rofl&#xE4;chen verf&#xFC;gen &#xFC;ber einen Glasfaseranschluss. \nDie verschiedenen Fl&#xE4;chen k&#xF6;nnen weitesgehend unabh&#xE4;ngig voneinander angemietet werden\n\nDerzeit stehen folgende Fl&#xE4;chen zur Disposition:\nHalle 1:  440 m&#xB2;\nHalle 2: 1.158 m&#xB2;\n\nEG Nr. 1-3: 734 m&#xB2;\n1. OG Nr. 1-3: 663 m&#xB2;\n1. OG Nr. 7: 634 m&#xB2;\n2. OG Nr. 1-3: 663 m&#xB2;\n3. OG Nr. 1-3: 603 m&#xB2;\n4. OG Nr. 1-3: 570 m&#xB2;<\/objektbeschreibung>\n<sonstige_angaben>Es gelten ausschlie&#xDF;lich unsere AGB (www.ruhr-real.de\/agb). Die Halle ist nicht f&#xFC;r Veranstaltungsr&#xE4;ume geeignet. Wir m&#xF6;chten Sie darauf hinweisen, dass die Angaben ausschlie&#xDF;lich auf den uns vom Eigent&#xFC;mer &#xFC;bermittelten Unterlagen und Informationen basieren. F&#xFC;r Richtigkeit und Vollst&#xE4;ndigkeit &#xFC;bernehmen wir keine Gew&#xE4;hr. Zwischenvermietung vorbehalten.<\/sonstige_angaben>\n<\/freitexte>\n<anhaenge>\n<anhang location=\"EXTERN\" gruppe=\"TITELBILD\">\n<anhangtitel>Au&#xDF;enansicht 2<\/anhangtitel>\n<format>jpg<\/format>\n<daten>\n<pfad>75705c38318348bfa96edd6629080431.jpg<\/pfad>\n<\/daten>\n<\/anhang>\n<anhang location=\"EXTERN\" gruppe=\"BILD\">\n<anhangtitel>Innenansicht I<\/anhangtitel>\n<format>jpg<\/format>\n<daten>\n<pfad>a816b5c1828d4dfab0eedad7cd8b97f9.jpg<\/pfad>\n<\/daten>\n<\/anhang>\n<anhang location=\"EXTERN\" gruppe=\"BILD\">\n<anhangtitel>Innenansicht II<\/anhangtitel>\n<format>jpg<\/format>\n<daten>\n<pfad>23fd04fa0dba43be9e945bc19f91baca.jpg<\/pfad>\n<\/daten>\n<\/anhang>\n<anhang location=\"EXTERN\" gruppe=\"BILD\">\n<anhangtitel>Innenansicht III<\/anhangtitel>\n<format>jpg<\/format>\n<daten>\n<pfad>324224ec1cd44cc9856a344cd2f228e1.jpg<\/pfad>\n<\/daten>\n<\/anhang>\n<anhang location=\"EXTERN\" gruppe=\"BILD\">\n<anhangtitel>Innenansicht IV<\/anhangtitel>\n<format>jpg<\/format>\n<daten>\n<pfad>eb700e751b724038b6ba6683beaccd1b.jpg<\/pfad>\n<\/daten>\n<\/anhang>\n<anhang location=\"EXTERN\" gruppe=\"BILD\">\n<anhangtitel>Innenansicht V<\/anhangtitel>\n<format>jpg<\/format>\n<daten>\n<pfad>b243da485d82411ca96e6606d563c2d4.jpg<\/pfad>\n<\/daten>\n<\/anhang>\n<anhang location=\"EXTERN\" gruppe=\"BILD\">\n<anhangtitel>Innenansicht VI<\/anhangtitel>\n<format>jpg<\/format>\n<daten><pfad>d278107b65ff48a09d87ea72420d0c08.jpg<\/pfad>\n<\/daten>\n<\/anhang>\n<anhang location=\"EXTERN\" gruppe=\"BILD\">\n<anhangtitel>Innenansicht VII<\/anhangtitel>\n<format>jpg<\/format>\n<daten>\n<pfad>cbf2878a7a11470f9e74a4a87716ff33.jpg<\/pfad>\n<\/daten>\n<\/anhang>\n<anhang location=\"EXTERN\" gruppe=\"BILD\">\n<anhangtitel>Innenansicht VIII<\/anhangtitel>\n<format>jpg<\/format>\n<daten>\n<pfad>855244f6cd7846eca61ad97e72ca22b6.jpg<\/pfad>\n<\/daten>\n<\/anhang>\n<anhang location=\"EXTERN\" gruppe=\"BILD\">\n<anhangtitel>Innenansicht IX<\/anhangtitel>\n<format>jpg<\/format>\n<daten>\n<pfad>264a55d1260648fbbec062d56f22dbbe.jpg<\/pfad>\n<\/daten>\n<\/anhang>\n<anhang location=\"EXTERN\" gruppe=\"GRUNDRISS\">\n<anhangtitel>EG - 1.OG<\/anhangtitel>\n<format>jpg<\/format>\n<daten>\n<pfad>4c0c74dedd2a42d5b7524b6da6bce8c6.jpg<\/pfad>\n<\/daten>\n<\/anhang>\n<anhang location=\"EXTERN\" gruppe=\"GRUNDRISS\">\n<anhangtitel>2. OG - 3. OG<\/anhangtitel>\n<format>jpg<\/format>\n<daten>\n<pfad>4975277b5ce24782b3783bf4455f009d.jpg<\/pfad>\n<\/daten>\n<\/anhang>\n<anhang location=\"EXTERN\" gruppe=\"GRUNDRISS\">\n<anhangtitel>4. OG \/ UG<\/anhangtitel>\n<format>jpg<\/format>\n<daten>\n<pfad>4925fc08af1f4351965362839189d273.jpg<\/pfad>\n<\/daten>\n<\/anhang>\n<\/anhaenge>\n<verwaltung_objekt>\n<objektadresse_freigeben>false<\/objektadresse_freigeben>\n<verfuegbar_ab>nach Vereinbarung <\/verfuegbar_ab>\n<geschlecht\/>\n<gewerbliche_nutzung>true<\/gewerbliche_nutzung>\n<\/verwaltung_objekt>\n<verwaltung_techn>\n<objektnr_intern>AAA1740607414DBAAAD3D4BCA7DB96BD<\/objektnr_intern>\n<objektnr_extern>2893\/E8<\/objektnr_extern>\n<aktion aktionart=\"CHANGE\"\/>\n<openimmo_obid>AAA1740607414DBAAAD3D4BCA7DB96BD<\/openimmo_obid>\n<kennung_ursprung>estatePro V10.0.0.8<\/kennung_ursprung>\n<stand_vom>2026-03-13<\/stand_vom>\n<\/verwaltung_techn>\n<user_defined_simplefield feldname=\"Startseite\">Nein<\/user_defined_simplefield>\n<\/immobilie>\n"],"_immonex_energy_class":[""],"_immonex_energy_class_id":["0"],"_thumbnail_id":["181730"],"fave_property_images":["181730","181731","181732","181733","181734","181735","181736","181737","181738","181739"],"fave_floor_plans_enable":["enable"],"floor_plans":["a:3:{i:0;a:7:{s:15:\"fave_plan_title\";s:9:\"EG - 1.OG\";s:15:\"fave_plan_rooms\";s:0:\"\";s:19:\"fave_plan_bathrooms\";s:0:\"\";s:15:\"fave_plan_price\";s:0:\"\";s:14:\"fave_plan_size\";s:0:\"\";s:15:\"fave_plan_image\";s:84:\"https:\/\/ruhr-real.de\/wp-content\/uploads\/2026\/03\/4c0c74dedd2a42d5b7524b6da6bce8c6.jpg\";s:21:\"fave_plan_description\";s:0:\"\";}i:1;a:7:{s:15:\"fave_plan_title\";s:13:\"2. OG - 3. OG\";s:15:\"fave_plan_rooms\";s:0:\"\";s:19:\"fave_plan_bathrooms\";s:0:\"\";s:15:\"fave_plan_price\";s:0:\"\";s:14:\"fave_plan_size\";s:0:\"\";s:15:\"fave_plan_image\";s:84:\"https:\/\/ruhr-real.de\/wp-content\/uploads\/2026\/03\/4975277b5ce24782b3783bf4455f009d.jpg\";s:21:\"fave_plan_description\";s:0:\"\";}i:2;a:7:{s:15:\"fave_plan_title\";s:10:\"4. OG \/ UG\";s:15:\"fave_plan_rooms\";s:0:\"\";s:19:\"fave_plan_bathrooms\";s:0:\"\";s:15:\"fave_plan_price\";s:0:\"\";s:14:\"fave_plan_size\";s:0:\"\";s:15:\"fave_plan_image\";s:84:\"https:\/\/ruhr-real.de\/wp-content\/uploads\/2026\/03\/4925fc08af1f4351965362839189d273.jpg\";s:21:\"fave_plan_description\";s:0:\"\";}}"],"fave_prop_homeslider":["yes"],"fave_prop_slider_image":["181730"],"fave_agents":["111285"],"fave_agent_display_option":["agent_info"],"fave_single_top_area":["global"],"fave_single_content_area":["global"],"fave_property_map":["1"],"fave_property_map_street_view":["hide"],"fave_property_size_prefix":["m\u00b2"],"fave_property_land_postfix":["m\u00b2"],"fave_featured":["0"],"houzez_featured_listing_date":[""],"fave_property_price_postfix":["pro&nbsp;m\u00b2"],"fave_currency":["EUR"],"fave_currency_info":["a:8:{s:2:\"id\";s:1:\"1\";s:13:\"currency_name\";s:4:\"Euro\";s:13:\"currency_code\";s:3:\"EUR\";s:15:\"currency_symbol\";s:3:\"\u20ac\";s:17:\"currency_position\";s:5:\"after\";s:16:\"currency_decimal\";s:1:\"2\";s:26:\"currency_decimal_separator\";s:1:\",\";s:27:\"currency_thousand_separator\";s:1:\".\";}"],"_wpml_word_count":["289"],"houzez_total_property_views":["325"],"houzez_views_by_date":["a:48:{s:10:\"03-13-2026\";i:4;s:10:\"03-14-2026\";i:4;s:10:\"03-15-2026\";i:4;s:10:\"03-16-2026\";i:3;s:10:\"03-17-2026\";i:10;s:10:\"03-18-2026\";i:6;s:10:\"03-19-2026\";i:4;s:10:\"03-20-2026\";i:6;s:10:\"03-21-2026\";i:4;s:10:\"03-22-2026\";i:4;s:10:\"03-23-2026\";i:4;s:10:\"03-24-2026\";i:4;s:10:\"03-25-2026\";i:4;s:10:\"03-26-2026\";i:10;s:10:\"03-27-2026\";i:4;s:10:\"03-28-2026\";i:4;s:10:\"03-29-2026\";i:4;s:10:\"03-30-2026\";i:6;s:10:\"03-31-2026\";i:4;s:10:\"04-01-2026\";i:8;s:10:\"04-02-2026\";i:8;s:10:\"04-03-2026\";i:8;s:10:\"04-04-2026\";i:8;s:10:\"04-05-2026\";i:8;s:10:\"04-06-2026\";i:8;s:10:\"04-07-2026\";i:12;s:10:\"04-08-2026\";i:4;s:10:\"04-09-2026\";i:12;s:10:\"04-10-2026\";i:8;s:10:\"04-11-2026\";i:4;s:10:\"04-12-2026\";i:12;s:10:\"04-13-2026\";i:8;s:10:\"04-14-2026\";i:8;s:10:\"04-15-2026\";i:8;s:10:\"04-16-2026\";i:8;s:10:\"04-17-2026\";i:8;s:10:\"04-18-2026\";i:8;s:10:\"04-19-2026\";i:8;s:10:\"04-20-2026\";i:8;s:10:\"04-21-2026\";i:8;s:10:\"04-22-2026\";i:8;s:10:\"04-23-2026\";i:8;s:10:\"04-24-2026\";i:8;s:10:\"04-25-2026\";i:8;s:10:\"04-26-2026\";i:8;s:10:\"04-27-2026\";i:8;s:10:\"04-28-2026\";i:8;s:10:\"04-29-2026\";i:4;}"],"houzez_recently_viewed":["2026-04-29 09:13:17"],"tp_widgets":["a:2:{s:7:\"widgets\";a:0:{}s:9:\"update_at\";s:10:\"1764682733\";}"],"_elementor_page_assets":["a:0:{}"]},"_links":{"self":[{"href":"https:\/\/ruhr-real.de\/en\/wp-json\/wp\/v2\/properties\/115746","targetHints":{"allow":["GET"]}}],"collection":[{"href":"https:\/\/ruhr-real.de\/en\/wp-json\/wp\/v2\/properties"}],"about":[{"href":"https:\/\/ruhr-real.de\/en\/wp-json\/wp\/v2\/types\/property"}],"author":[{"embeddable":true,"href":"https:\/\/ruhr-real.de\/en\/wp-json\/wp\/v2\/users\/1"}],"version-history":[{"count":0,"href":"https:\/\/ruhr-real.de\/en\/wp-json\/wp\/v2\/properties\/115746\/revisions"}],"wp:featuredmedia":[{"embeddable":true,"href":"https:\/\/ruhr-real.de\/en\/wp-json\/wp\/v2\/media\/181730"}],"wp:attachment":[{"href":"https:\/\/ruhr-real.de\/en\/wp-json\/wp\/v2\/media?parent=115746"}],"wp:term":[{"taxonomy":"property_type","embeddable":true,"href":"https:\/\/ruhr-real.de\/en\/wp-json\/wp\/v2\/property_type?post=115746"},{"taxonomy":"property_status","embeddable":true,"href":"https:\/\/ruhr-real.de\/en\/wp-json\/wp\/v2\/property_status?post=115746"},{"taxonomy":"property_feature","embeddable":true,"href":"https:\/\/ruhr-real.de\/en\/wp-json\/wp\/v2\/property_feature?post=115746"},{"taxonomy":"property_label","embeddable":true,"href":"https:\/\/ruhr-real.de\/en\/wp-json\/wp\/v2\/property_label?post=115746"},{"taxonomy":"property_country","embeddable":true,"href":"https:\/\/ruhr-real.de\/en\/wp-json\/wp\/v2\/property_country?post=115746"},{"taxonomy":"property_state","embeddable":true,"href":"https:\/\/ruhr-real.de\/en\/wp-json\/wp\/v2\/property_state?post=115746"},{"taxonomy":"property_city","embeddable":true,"href":"https:\/\/ruhr-real.de\/en\/wp-json\/wp\/v2\/property_city?post=115746"},{"taxonomy":"property_area","embeddable":true,"href":"https:\/\/ruhr-real.de\/en\/wp-json\/wp\/v2\/property_area?post=115746"}],"curies":[{"name":"wp","href":"https:\/\/api.w.org\/{rel}","templated":true}]}}