{"id":115922,"date":"2024-05-08T00:20:13","date_gmt":"2024-05-07T22:20:13","guid":{"rendered":"https:\/\/2024.ruhr-real.de\/immobilien\/attraktive-hallen-und-bueroflaechen-in-muelheim-an-der-ruhr-stellplaetze-verfuegbar-rampen-vorhanden\/"},"modified":"2024-05-08T00:20:13","modified_gmt":"2024-05-07T22:20:13","slug":"attraktive-hallen-und-bueroflaechen-in-muelheim-an-der-ruhr-stellplaetze-verfuegbar-rampen-vorhanden","status":"publish","type":"property","link":"https:\/\/ruhr-real.de\/en\/objekt\/attraktive-hallen-und-bueroflaechen-in-muelheim-an-der-ruhr-stellplaetze-verfuegbar-rampen-vorhanden\/","title":{"rendered":"Attraktive Hallen- und B\u00fcrofl\u00e4chen in M\u00fclheim an der Ruhr | Stellpl\u00e4tze verf\u00fcgbar | Rampen vorhanden"},"content":{"rendered":"<p>Die Liegenschaft verf\u00fcgt \u00fcber eine 5.863 m\u00b2 gro\u00dfe Halle mit einer Deckenh\u00f6he von ca. 10 m UKB, diese ist andienbar \u00fcber 8 Rampentore und ein ebenerdiges Tor. Ferner stehen dem Mieter sowohl 30 PKW-Stellpl\u00e4tze als auch 3 LKW-Stellpl\u00e4tze zur Verf\u00fcgung. Bei der angebotenen Liegenschaft ist au\u00dferdem eine 24\/7 Nutzung m\u00f6glich.<\/p>\n<p>Die folgenden Fl\u00e4chen stehen zurzeit zur Disposition:<\/p>\n<p>Halle: 5.863 m\u00b2<br \/>\nB\u00fcro: 803 m\u00b2<\/p>\n<p>Die Gewerbeimmobilie befindet sich im beliebten Geneba-Industriepark vis-a-vis der Mellinghoferstra\u00dfe in M\u00fclheim-D\u00fcmpten. Das \u00d6PNV-Netz erreicht man in wenigen Gehminuten.  Die Autobahnen A40, A42 und die B223 sind nur wenige Fahrminuten entfernt.<\/p>\n<p>\u2022 Hallenh\u00f6he: 10 m UKB<br \/>\n\u2022 Bodenbelastbarkeit: 50 kN\/m\u00b2 + St\u00fctzenraster: 12 m x 22,5 m<br \/>\n\u2022 Beleuchtung: LED Beleuchtung\/Durchg\u00e4ngige T5-Beleuchtung<br \/>\n\u2022 Andienung: 8 Rampen vorhanden +  1 ebenerdiges Tor<br \/>\n\u2022 Stellpl\u00e4tze: 30 PKW-Stellpl\u00e4tze + 3 LKW-Stellpl\u00e4tze<br \/>\n\u2022 Brandschutz: ESFR-Deckensprinkleranlage<br \/>\n\u2022 24\/7 Nutzung m\u00f6glich<\/p>\n<p>Nachhaltige Merkmale:<\/p>\n<p>\u2022 Landschaftsgestaltung zur F\u00f6rderung der Artenvielfalt<br \/>\n\u2022 EV-Ladestationen<br \/>\n\u2022 Intelligente Z\u00e4hler<br \/>\n\u2022 Bienenst\u00f6cke<\/p>\n<p>Es gelten ausschlie\u00dflich unsere AGB (www.ruhr-real.de\/agb). Wir m\u00f6chten Sie darauf hinweisen, dass die Angaben ausschlie\u00dflich auf den uns vom Eigent\u00fcmer \u00fcbermittelten Unterlagen und Informationen basieren. F\u00fcr Richtigkeit und Vollst\u00e4ndigkeit \u00fcbernehmen wir keine Gew\u00e4hr. Zwischenvermietung vorbehalten.<br \/>\n<div class=\"widget widget_immonex_user_defined_properties_widget\"><div class=\"immonex-widget immonex-widget-houzez\">\n\t\t<div class=\"immonex-widget-title clearfix\">\n\t\t<h2 class=\"widgettitle\">Energieeffizienz<\/h2>\t<\/div>\n\t\t<ul class=\"immonex-property-details row list-lined list-unstyled\">\n\t\t\t\t<li>\n\t\t\t<div class=\"list-lined-item w-100 d-flex justify-content-between py-2\">\n\t\t\t\t\t\t\t\t<strong class=\"property-details-label\">Energieausweis-Jahrgang:<\/strong>&nbsp;<span class=\"property-details-value\">not available<\/span>\n\t\t\t\t\t\t\t<\/div>\n\t\t<\/li>\n\t\t\t<\/ul>\n<\/div><\/div><\/p>\n","protected":false},"excerpt":{"rendered":"<p>Die Liegenschaft verf\u00fcgt \u00fcber eine 5.863 m\u00b2 gro\u00dfe Halle mit einer Deckenh\u00f6he von ca. 10 m UKB, diese ist andienbar&#8230;<\/p>\n","protected":false},"author":1,"featured_media":115923,"parent":0,"menu_order":0,"template":"","property_type":[380],"property_status":[352],"property_feature":[355,350],"property_label":[],"property_country":[353],"property_state":[],"property_city":[402],"property_area":[],"class_list":["post-115922","property","type-property","status-publish","has-post-thumbnail","hentry","property_type-lager-und-produktionsflaechen","property_status-zu-vermieten","property_feature-barrierefrei","property_feature-raeume-veraenderbar","property_country-deutschland","property_city-muelheim-an-der-ruhr"],"acf":[],"property_meta":{"_immonex_import_folder":["users\/RUHRREAL"],"fave_property_map_address":["45475 M\u00fclheim an der Ruhr"],"fave_property_zip":["45475"],"fave_property_country":["DE"],"_immonex_lat":["51.4616333"],"_immonex_lng":["6.9047601"],"houzez_geolocation_lat":["51.4616333"],"houzez_geolocation_long":["6.9047601"],"fave_property_location":["51.4616333,6.9047601"],"fave_property_size":["5863"],"fave_property_id":["1692\/E1"],"_immonex_translation_id":["1692\/E1"],"_immonex_iso_country":["DEU"],"_openimmo_obid":["D43ED58256CE416D9849A183A2096307"],"_openimmo_anid":["0000"],"_immonex_group_number":[""],"_immonex_group_id":[""],"_immonex_group_master":[""],"_immonex_import_meta":["a:6:{s:8:\"zip_file\";s:131:\"\/www\/htdocs\/w0172e0e\/ruhr-real_2024\/wp-content\/uploads\/immonex-openimmo-import\/users\/RUHRREAL\/Immowelt_estatePro_20240508175052.zip\";s:8:\"xml_file\";s:158:\"\/www\/htdocs\/w0172e0e\/ruhr-real_2024\/wp-content\/uploads\/immonex-openimmo-import\/immowelt_estatepro_20240508175052\/Homepage_2024_NEW_estatePro20240508175052.xml\";s:12:\"mapping_file\";s:116:\"\/www\/htdocs\/w0172e0e\/ruhr-real_2024\/wp-content\/uploads\/immonex-openimmo-import\/mappings\/houzez_ruhrreal_18122023.csv\";s:9:\"timestamp\";i:1715184793;s:4:\"date\";s:10:\"2024-05-08\";s:4:\"time\";s:8:\"18:13:13\";}"],"_is_immonex_import_property":["1"],"_immonex_is_reference":[""],"_immonex_is_sold":[""],"_immonex_is_reserved":[""],"_immonex_is_available":["1"],"additional_features":["a:10:{i:0;a:2:{s:29:\"fave_additional_feature_title\";s:33:\"Heizkosten in Warmmiete enthalten\";s:29:\"fave_additional_feature_value\";s:4:\"nein\";}i:1;a:2:{s:29:\"fave_additional_feature_title\";s:32:\"Preise zuz\u00fcglich Mehrwertsteuer\";s:29:\"fave_additional_feature_value\";s:4:\"nein\";}i:2;a:2:{s:29:\"fave_additional_feature_title\";s:10:\"MwSt.-Satz\";s:29:\"fave_additional_feature_value\";s:9:\"19&nbsp;%\";}i:3;a:2:{s:29:\"fave_additional_feature_title\";s:13:\"Gesamtfl\u00e4che\";s:29:\"fave_additional_feature_value\";s:14:\"5.863&nbsp;m\u00b2\";}i:4;a:2:{s:29:\"fave_additional_feature_title\";s:12:\"Lagerfl\u00e4che\";s:29:\"fave_additional_feature_value\";s:14:\"5.863&nbsp;m\u00b2\";}i:5;a:2:{s:29:\"fave_additional_feature_title\";s:10:\"Teilbar ab\";s:29:\"fave_additional_feature_value\";s:14:\"5.863&nbsp;m\u00b2\";}i:6;a:2:{s:29:\"fave_additional_feature_title\";s:19:\"Art der Ausstattung\";s:29:\"fave_additional_feature_value\";s:8:\"Standard\";}i:7;a:2:{s:29:\"fave_additional_feature_title\";s:13:\"Stellplatzart\";s:29:\"fave_additional_feature_value\";s:9:\"Freiplatz\";}i:8;a:2:{s:29:\"fave_additional_feature_title\";s:7:\"Zustand\";s:29:\"fave_additional_feature_value\";s:12:\"modernisiert\";}i:9;a:2:{s:29:\"fave_additional_feature_title\";s:27:\"Immobilie ist verf\u00fcgbar ab\";s:29:\"fave_additional_feature_value\";s:32:\"ab 01.08.2022, eventuell fr\u00fcher\";}}"],"fave_additional_features_enable":["enable"],"_immonex_custom_fields":["a:1:{s:23:\"Energieausweis-Jahrgang\";a:5:{s:14:\"mapping_source\";s:38:\"zustand_angaben->energiepass->jahrgang\";s:4:\"name\";s:0:\"\";s:5:\"group\";s:5:\"epass\";s:5:\"value\";s:13:\"not available\";s:19:\"value_before_filter\";s:4:\"ohne\";}}"],"_immonex_property_xml_source":["<?xml version=\"1.0\"?>\n<immobilie>\n<objektkategorie>\n<nutzungsart WOHNEN=\"false\" GEWERBE=\"true\"\/>\n<vermarktungsart KAUF=\"false\" MIETE_PACHT=\"true\"\/>\n<objektart>\n<hallen_lager_prod hallen_typ=\"LAGERFLAECHEN\"\/>\n<\/objektart>\n<user_defined_simplefield\/>\n<\/objektkategorie>\n<geo>\n<plz>45475<\/plz>\n<ort>M&#xFC;lheim an der Ruhr<\/ort>\n<strasse>Pilgerstra&#xDF;e<\/strasse>\n<hausnummer>3<\/hausnummer>\n<land iso_land=\"DEU\"\/>\n<lage_im_bau\/>\n<\/geo>\n<kontaktperson>\n<email_zentrale>anfrage@ruhr-real.de<\/email_zentrale>\n<email_direkt>degenhardt@ruhr-real.de<\/email_direkt>\n<tel_durchw>+49 201 99996336<\/tel_durchw>\n<tel_fax>+49 201 99996344<\/tel_fax>\n<tel_handy>+49 162 4398000<\/tel_handy>\n<name>Degenhardt<\/name>\n<vorname>Marius<\/vorname>\n<anrede>Herr<\/anrede>\n<firma>RUHR REAL GmbH<\/firma>\n<strasse>Holsterhauser Platz<\/strasse>\n<hausnummer>2<\/hausnummer>\n<plz>45147<\/plz>\n<ort>Essen<\/ort>\n<adressfreigabe>true<\/adressfreigabe>\n<\/kontaktperson>\n<preise>\n<heizkosten_enthalten>false<\/heizkosten_enthalten>\n<zzg_mehrwertsteuer>false<\/zzg_mehrwertsteuer>\n<preis_zeiteinheit\/>\n<provisionspflichtig>false<\/provisionspflichtig>\n<waehrung iso_waehrung=\"EUR\"\/>\n<mwst_satz>19.00<\/mwst_satz>\n<stp_carport\/>\n<stp_duplex\/>\n<stp_freiplatz\/>\n<stp_garage\/><stp_parkhaus\/>\n<stp_tiefgarage\/>\n<\/preise>\n<bieterverfahren\/>\n<versteigerung\/>\n<flaechen>\n<gesamtflaeche>5863<\/gesamtflaeche>\n<lagerflaeche>5863<\/lagerflaeche>\n<teilbar_ab>5863<\/teilbar_ab>\n<anzahl_stellplaetze type=\"xsd:decimal\">33<\/anzahl_stellplaetze>\n<\/flaechen>\n<ausstattung>\n<ausstatt_kategorie>STANDARD<\/ausstatt_kategorie>\n<raeume_veraenderbar>true<\/raeume_veraenderbar>\n<bad\/>\n<kueche\/>\n<heizungsart\/>\n<befeuerung\/>\n<fahrstuhl\/>\n<stellplatzart FREIPLATZ=\"true\"\/>\n<ausricht_balkon_terrasse\/>\n<barrierefrei>true<\/barrierefrei>\n<angeschl_gastronomie\/>\n<sicherheitstechnik\/>\n<\/ausstattung>\n<zustand_angaben>\n<zustand zustand_art=\"MODERNISIERT\"\/>\n<energiepass>\n<jahrgang>ohne<\/jahrgang>\n<\/energiepass>\n<\/zustand_angaben>\n<bewertung\/>\n<infrastruktur>\n<zulieferung>true<\/zulieferung>\n<\/infrastruktur>\n<freitexte>\n<objekttitel>Attraktive Hallen- und B&#xFC;rofl&#xE4;chen in M&#xFC;lheim an der Ruhr | Stellpl&#xE4;tze verf&#xFC;gbar | Rampen vorhanden<\/objekttitel>\n<lage>Die Gewerbeimmobilie befindet sich im beliebten Geneba-Industriepark vis-a-vis der Mellinghoferstra&#xDF;e in M&#xFC;lheim-D&#xFC;mpten. Das &#xD6;PNV-Netz erreicht man in wenigen Gehminuten.  Die Autobahnen A40, A42 und die B223 sind nur wenige Fahrminuten entfernt.<\/lage>\n<ausstatt_beschr>&#x2022; Hallenh&#xF6;he: 10 m UKB \n&#x2022; Bodenbelastbarkeit: 50 kN\/m&#xB2; + St&#xFC;tzenraster: 12 m x 22,5 m \n&#x2022; Beleuchtung: LED Beleuchtung\/Durchg&#xE4;ngige T5-Beleuchtung\n&#x2022; Andienung: 8 Rampen vorhanden +  1 ebenerdiges Tor \n&#x2022; Stellpl&#xE4;tze: 30 PKW-Stellpl&#xE4;tze + 3 LKW-Stellpl&#xE4;tze\n&#x2022; Brandschutz: ESFR-Deckensprinkleranlage \n&#x2022; 24\/7 Nutzung m&#xF6;glich\n\nNachhaltige Merkmale:\n\n&#x2022; Landschaftsgestaltung zur F&#xF6;rderung der Artenvielfalt\n&#x2022; EV-Ladestationen\n&#x2022; Intelligente Z&#xE4;hler\n&#x2022; Bienenst&#xF6;cke<\/ausstatt_beschr>\n<objektbeschreibung>Die Liegenschaft verf&#xFC;gt &#xFC;ber eine 5.863 m&#xB2; gro&#xDF;e Halle mit einer Deckenh&#xF6;he von ca. 10 m UKB, diese ist andienbar &#xFC;ber 8 Rampentore und ein ebenerdiges Tor. Ferner stehen dem Mieter sowohl 30 PKW-Stellpl&#xE4;tze als auch 3 LKW-Stellpl&#xE4;tze zur Verf&#xFC;gung. Bei der angebotenen Liegenschaft ist au&#xDF;erdem eine 24\/7 Nutzung m&#xF6;glich.\n\nDie folgenden Fl&#xE4;chen stehen zurzeit zur Disposition: \n\nHalle: 5.863 m&#xB2;\nB&#xFC;ro: 803 m&#xB2;<\/objektbeschreibung>\n<sonstige_angaben>Es gelten ausschlie&#xDF;lich unsere AGB (www.ruhr-real.de\/agb). Wir m&#xF6;chten Sie darauf hinweisen, dass die Angaben ausschlie&#xDF;lich auf den uns vom Eigent&#xFC;mer &#xFC;bermittelten Unterlagen und Informationen basieren. F&#xFC;r Richtigkeit und Vollst&#xE4;ndigkeit &#xFC;bernehmen wir keine Gew&#xE4;hr. Zwischenvermietung vorbehalten.<\/sonstige_angaben>\n<\/freitexte>\n<anhaenge>\n<anhang location=\"EXTERN\" gruppe=\"TITELBILD\">\n<anhangtitel>Drohnenaufnahme<\/anhangtitel>\n<format>jpg<\/format>\n<daten>\n<pfad>543ed58bb6734522b40ad39435f5fa9c.jpg<\/pfad>\n<\/daten>\n<\/anhang>\n<anhang location=\"EXTERN\" gruppe=\"BILD\">\n<anhangtitel>Drohnenaufnahme<\/anhangtitel>\n<format>jpg<\/format>\n<daten>\n<pfad>de1593fc5ec540f0a34224b4e0dc4d7d.jpg<\/pfad>\n<\/daten>\n<\/anhang>\n<anhang location=\"EXTERN\" gruppe=\"BILD\">\n<anhangtitel>Drohnenaufnahme<\/anhangtitel>\n<format>jpg<\/format>\n<daten>\n<pfad>2099060ea69c44f9805f4de96045083c.jpg<\/pfad>\n<\/daten>\n<\/anhang>\n<anhang location=\"EXTERN\" gruppe=\"BILD\">\n<anhangtitel>Lager<\/anhangtitel>\n<format>PNG<\/format>\n<daten>\n<pfad>b9e64eaa681347b2bb3d29062a372e5a.PNG<\/pfad>\n<\/daten>\n<\/anhang>\n<anhang location=\"EXTERN\" gruppe=\"BILD\">\n<anhangtitel>Lager Hochregale<\/anhangtitel>\n<format>jpg<\/format>\n<daten>\n<pfad>8e4bfff4c5ea41ffbbe4627b9bc60642.jpg<\/pfad>\n<\/daten>\n<\/anhang>\n<anhang location=\"EXTERN\" gruppe=\"BILD\">\n<anhangtitel>Halle<\/anhangtitel>\n<format>jpg<\/format>\n<daten>\n<pfad>4432f4210f1d43b59177b9e4303fbf38.jpg<\/pfad>\n<\/daten>\n<\/anhang>\n<anhang location=\"EXTERN\" gruppe=\"BILD\">\n<anhangtitel>Andienung<\/anhangtitel>\n<format>jpg<\/format>\n<daten>\n<pfad>5ce91613771a4438ac2bd54d1423ddae.jpg<\/pfad>\n<\/daten>\n<\/anhang>\n<anhang location=\"EXTERN\" gruppe=\"BILD\">\n<anhangtitel>B&#xFC;ro<\/anhangtitel>\n<format>jpg<\/format>\n<daten>\n<pfad>9ff122760c314fdb8a660998c8fbd944.jpg<\/pfad>\n<\/daten>\n<\/anhang>\n<anhang location=\"EXTERN\" gruppe=\"BILD\">\n<anhangtitel>B&#xFC;ro 2<\/anhangtitel><format>jpg<\/format>\n<daten>\n<pfad>58b285803e864d4794bd86c8ac774d24.jpg<\/pfad>\n<\/daten>\n<\/anhang>\n<\/anhaenge>\n<verwaltung_objekt>\n<objektadresse_freigeben>false<\/objektadresse_freigeben>\n<verfuegbar_ab>ab 01.08.2022, eventuell fr&#xFC;her<\/verfuegbar_ab>\n<geschlecht\/>\n<gewerbliche_nutzung>true<\/gewerbliche_nutzung>\n<\/verwaltung_objekt>\n<verwaltung_techn>\n<objektnr_intern>D43ED58256CE416D9849A183A2096307<\/objektnr_intern>\n<objektnr_extern>1692\/E1<\/objektnr_extern>\n<aktion aktionart=\"CHANGE\"\/>\n<openimmo_obid>D43ED58256CE416D9849A183A2096307<\/openimmo_obid>\n<kennung_ursprung>estatePro V10.0.0.8<\/kennung_ursprung>\n<stand_vom>2024-05-08<\/stand_vom>\n<\/verwaltung_techn>\n<user_defined_simplefield feldname=\"Startseite\">Nein<\/user_defined_simplefield>\n<\/immobilie>\n"],"_thumbnail_id":["115923"],"fave_property_images":["115923","115924","115925","115926","115927","115928","115929","115930","115931"],"fave_floor_plans_enable":["disable"],"fave_prop_homeslider":["yes"],"fave_prop_slider_image":["115923"],"fave_agents":["112643"],"fave_agent_display_option":["agent_info"],"fave_single_top_area":["global"],"fave_single_content_area":["global"],"fave_property_price":["0"],"fave_property_map":["1"],"fave_property_map_street_view":["hide"],"fave_property_size_prefix":["m\u00b2"],"fave_property_land_postfix":["m\u00b2"],"fave_featured":["0"],"houzez_featured_listing_date":[""],"fave_currency":["EUR"],"fave_currency_info":["a:8:{s:2:\"id\";s:1:\"1\";s:13:\"currency_name\";s:4:\"Euro\";s:13:\"currency_code\";s:3:\"EUR\";s:15:\"currency_symbol\";s:3:\"\u20ac\";s:17:\"currency_position\";s:5:\"after\";s:16:\"currency_decimal\";s:1:\"2\";s:26:\"currency_decimal_separator\";s:1:\",\";s:27:\"currency_thousand_separator\";s:1:\".\";}"],"fave_show_price_placeholder":["1"],"houzez_total_property_views":["2151"],"houzez_views_by_date":["a:61:{s:10:\"02-28-2026\";i:4;s:10:\"03-01-2026\";i:4;s:10:\"03-02-2026\";i:4;s:10:\"03-03-2026\";i:4;s:10:\"03-04-2026\";i:4;s:10:\"03-05-2026\";i:6;s:10:\"03-06-2026\";i:4;s:10:\"03-07-2026\";i:4;s:10:\"03-08-2026\";i:4;s:10:\"03-09-2026\";i:4;s:10:\"03-10-2026\";i:4;s:10:\"03-11-2026\";i:4;s:10:\"03-12-2026\";i:4;s:10:\"03-13-2026\";i:4;s:10:\"03-14-2026\";i:4;s:10:\"03-15-2026\";i:4;s:10:\"03-16-2026\";i:2;s:10:\"03-17-2026\";i:7;s:10:\"03-18-2026\";i:6;s:10:\"03-19-2026\";i:4;s:10:\"03-20-2026\";i:6;s:10:\"03-21-2026\";i:4;s:10:\"03-22-2026\";i:4;s:10:\"03-23-2026\";i:4;s:10:\"03-24-2026\";i:4;s:10:\"03-25-2026\";i:4;s:10:\"03-26-2026\";i:6;s:10:\"03-27-2026\";i:4;s:10:\"03-28-2026\";i:4;s:10:\"03-29-2026\";i:4;s:10:\"03-30-2026\";i:6;s:10:\"03-31-2026\";i:4;s:10:\"04-01-2026\";i:7;s:10:\"04-02-2026\";i:9;s:10:\"04-03-2026\";i:8;s:10:\"04-04-2026\";i:8;s:10:\"04-05-2026\";i:8;s:10:\"04-06-2026\";i:8;s:10:\"04-07-2026\";i:12;s:10:\"04-08-2026\";i:6;s:10:\"04-09-2026\";i:10;s:10:\"04-10-2026\";i:8;s:10:\"04-11-2026\";i:4;s:10:\"04-12-2026\";i:12;s:10:\"04-13-2026\";i:8;s:10:\"04-14-2026\";i:8;s:10:\"04-15-2026\";i:8;s:10:\"04-16-2026\";i:8;s:10:\"04-17-2026\";i:8;s:10:\"04-18-2026\";i:8;s:10:\"04-19-2026\";i:8;s:10:\"04-20-2026\";i:8;s:10:\"04-21-2026\";i:8;s:10:\"04-22-2026\";i:8;s:10:\"04-23-2026\";i:12;s:10:\"04-24-2026\";i:8;s:10:\"04-25-2026\";i:8;s:10:\"04-26-2026\";i:8;s:10:\"04-27-2026\";i:8;s:10:\"04-28-2026\";i:8;s:10:\"04-29-2026\";i:4;}"],"houzez_recently_viewed":["2026-04-29 08:43:11"],"tp_widgets":["a:2:{s:7:\"widgets\";a:0:{}s:9:\"update_at\";s:10:\"1764682733\";}"],"rank_math_news_sitemap_robots":["index"],"rank_math_robots":["a:1:{i:0;s:5:\"index\";}"],"rank_math_internal_links_processed":["1"],"_elementor_page_assets":["a:0:{}"]},"_links":{"self":[{"href":"https:\/\/ruhr-real.de\/en\/wp-json\/wp\/v2\/properties\/115922","targetHints":{"allow":["GET"]}}],"collection":[{"href":"https:\/\/ruhr-real.de\/en\/wp-json\/wp\/v2\/properties"}],"about":[{"href":"https:\/\/ruhr-real.de\/en\/wp-json\/wp\/v2\/types\/property"}],"author":[{"embeddable":true,"href":"https:\/\/ruhr-real.de\/en\/wp-json\/wp\/v2\/users\/1"}],"version-history":[{"count":0,"href":"https:\/\/ruhr-real.de\/en\/wp-json\/wp\/v2\/properties\/115922\/revisions"}],"wp:featuredmedia":[{"embeddable":true,"href":"https:\/\/ruhr-real.de\/en\/wp-json\/wp\/v2\/media\/115923"}],"wp:attachment":[{"href":"https:\/\/ruhr-real.de\/en\/wp-json\/wp\/v2\/media?parent=115922"}],"wp:term":[{"taxonomy":"property_type","embeddable":true,"href":"https:\/\/ruhr-real.de\/en\/wp-json\/wp\/v2\/property_type?post=115922"},{"taxonomy":"property_status","embeddable":true,"href":"https:\/\/ruhr-real.de\/en\/wp-json\/wp\/v2\/property_status?post=115922"},{"taxonomy":"property_feature","embeddable":true,"href":"https:\/\/ruhr-real.de\/en\/wp-json\/wp\/v2\/property_feature?post=115922"},{"taxonomy":"property_label","embeddable":true,"href":"https:\/\/ruhr-real.de\/en\/wp-json\/wp\/v2\/property_label?post=115922"},{"taxonomy":"property_country","embeddable":true,"href":"https:\/\/ruhr-real.de\/en\/wp-json\/wp\/v2\/property_country?post=115922"},{"taxonomy":"property_state","embeddable":true,"href":"https:\/\/ruhr-real.de\/en\/wp-json\/wp\/v2\/property_state?post=115922"},{"taxonomy":"property_city","embeddable":true,"href":"https:\/\/ruhr-real.de\/en\/wp-json\/wp\/v2\/property_city?post=115922"},{"taxonomy":"property_area","embeddable":true,"href":"https:\/\/ruhr-real.de\/en\/wp-json\/wp\/v2\/property_area?post=115922"}],"curies":[{"name":"wp","href":"https:\/\/api.w.org\/{rel}","templated":true}]}}