{"id":116093,"date":"2024-05-08T00:42:40","date_gmt":"2024-05-07T22:42:40","guid":{"rendered":"https:\/\/2024.ruhr-real.de\/immobilien\/zentral-und-attraktiv-ihr-neues-buero-in-essen-viele-stellplaetze-provisionsfrei\/"},"modified":"2024-05-08T00:42:40","modified_gmt":"2024-05-07T22:42:40","slug":"zentral-und-attraktiv-ihr-neues-buero-in-essen-viele-stellplaetze-provisionsfrei","status":"publish","type":"property","link":"https:\/\/ruhr-real.de\/en\/objekt\/zentral-und-attraktiv-ihr-neues-buero-in-essen-viele-stellplaetze-provisionsfrei\/","title":{"rendered":"Zentral und attraktiv: Ihr neues B\u00fcro in Essen | viele Stellpl\u00e4tze | provisionsfrei"},"content":{"rendered":"<p>Bei der angebotenen Liegenschaft aus dem Jahre 1930 handelt es sich um ein attraktives und repr\u00e4sentatives B\u00fcrogeb\u00e4ude, welches stetig erneuert und erweitert wurde. Die vakanten Fl\u00e4chen befinden sich auf f\u00fcnf Vollgeschossen und sind in einem gepflegten Zustand. Aufgrund seiner Bauweise besitzt das Objekt eine gute Fl\u00e4chenflexibilit\u00e4t, sodass die Raumaufteilungen nach Mieterwunsch erfolgen k\u00f6nnen. Ferner stehen auf den umliegenden Parkpl\u00e4tzen zahlreiche Stellpl\u00e4tze zur Anmietung zur Verf\u00fcgung.<\/p>\n<p>Derzeit stehen die folgenden Fl\u00e4chen zur Disposition:<\/p>\n<p>KG: 1.564,67 m\u00b2<br \/>\nEG: 1.318,95 m\u00b2<br \/>\n1. OG: 1.371,50 m\u00b2<br \/>\n2. OG: 1.397,58 m\u00b2<br \/>\n3. OG: 1.401,30 m\u00b2<br \/>\n4. OG: 379,78 m\u00b2<\/p>\n<p>Die angebotene Liegenschaft befindet sich in zentraler Lage von Essen, unweit der Universit\u00e4t Duisburg-Essen sowie der Essener Innenstadt. Das \u00f6rtliche Stra\u00dfenverkehrsnetz und die optimale Anbindung an den \u00d6PNV erm\u00f6glichen eine flexible An- und Abreise sowie eine kurzfristige Erreichbarkeit der umliegenden Ruhrgebietsst\u00e4dte. Zahlreiche Unternehmen des t\u00e4glichen Bedarfs, sowie Lebensmittelh\u00e4ndler, Caf\u00e9s und Restaurants erm\u00f6glichen eine ausgezeichnete Nahversorgung.<\/p>\n<p>Hotels in der Umgebung: Petul Apart Hotel, Welcome Hotel Essen, NH Hotel Essen<\/p>\n<p>\u2022 Bodenbelag: Teppichboden<br \/>\n\u2022 Aufzug: Personenaufz\u00fcge vorhanden<br \/>\n\u2022 EDV-Verkabelung: CAT-5 Verkabelung<br \/>\n\u2022 Sonnenschutz: au\u00dfenliegend, elektrisch<br \/>\n\u2022 Teek\u00fcche: voll ausgestattet<br \/>\n\u2022 Beleuchtung: arbeitsplatzgerechte Deckenleuchten<br \/>\n\u2022 K\u00fchlung: vorhanden<br \/>\n\u2022 Heizungsart: Fernw\u00e4rme<br \/>\n\u2022 Deckenh\u00f6he: 2,30 m<\/p>\n<p>Die Ausstattung, sowie die Raumaufteilung k\u00f6nnen flexibel an den individuellen Mieterwunsch angepasst werden.<\/p>\n<p>Es gelten ausschlie\u00dflich unsere AGB (www.ruhr-real.de\/agb). Wir m\u00f6chten Sie darauf hinweisen, dass die Angaben ausschlie\u00dflich auf den uns vom Eigent\u00fcmer \u00fcbermittelten Unterlagen und Informationen basieren. F\u00fcr Richtigkeit und Vollst\u00e4ndigkeit \u00fcbernehmen wir keine Gew\u00e4hr. Zwischenvermietung vorb<br \/>\n<div class=\"widget widget_immonex_user_defined_properties_widget\"><div class=\"immonex-widget immonex-widget-houzez\">\n\t\t<div class=\"immonex-widget-title clearfix\">\n\t\t<h2 class=\"widgettitle\">Energieeffizienz<\/h2>\t<\/div>\n\t\t<ul class=\"immonex-property-details row list-lined list-unstyled\">\n\t\t\t\t<li>\n\t\t\t<div class=\"list-lined-item w-100 d-flex justify-content-between py-2\">\n\t\t\t\t\t\t\t\t<strong class=\"property-details-label\">Energieausweis-Jahrgang:<\/strong>&nbsp;<span class=\"property-details-value\">not available<\/span>\n\t\t\t\t\t\t\t<\/div>\n\t\t<\/li>\n\t\t\t<\/ul>\n<\/div><\/div><\/p>\n","protected":false},"excerpt":{"rendered":"<p>Bei der angebotenen Liegenschaft aus dem Jahre 1930 handelt es sich um ein attraktives und repr\u00e4sentatives&#8230;<\/p>\n","protected":false},"author":1,"featured_media":116094,"parent":0,"menu_order":0,"template":"","property_type":[379],"property_status":[352],"property_feature":[355,361,354,350],"property_label":[],"property_country":[353],"property_state":[],"property_city":[306],"property_area":[324],"class_list":["post-116093","property","type-property","status-publish","has-post-thumbnail","hentry","property_type-bueroflaechen","property_status-zu-vermieten","property_feature-barrierefrei","property_feature-klimaanlage","property_feature-personenaufzug","property_feature-raeume-veraenderbar","property_country-deutschland","property_city-essen","property_area-nordviertel"],"acf":[],"property_meta":{"_immonex_import_folder":["users\/RUHRREAL"],"fave_property_map_address":["45141  Essen"],"fave_property_zip":["45141 "],"fave_property_country":["DE"],"_immonex_lat":["51.4623993"],"_immonex_lng":["7.01910234358"],"houzez_geolocation_lat":["51.4623993"],"houzez_geolocation_long":["7.01910234358"],"fave_property_location":["51.4623993,7.01910234358"],"fave_property_price":["8.00"],"fave_property_year":["1930"],"fave_property_id":["1516\/E2"],"_immonex_translation_id":["1516\/E2"],"_immonex_iso_country":["DEU"],"_openimmo_obid":["547F6E902F0E46E3A2999BB6EEBDE3A4"],"_openimmo_anid":["0000"],"_immonex_group_number":["3"],"_immonex_group_id":[""],"_immonex_group_master":[""],"_immonex_import_meta":["a:6:{s:8:\"zip_file\";s:131:\"\/www\/htdocs\/w0172e0e\/ruhr-real_2024\/wp-content\/uploads\/immonex-openimmo-import\/users\/RUHRREAL\/Immowelt_estatePro_20240508175052.zip\";s:8:\"xml_file\";s:158:\"\/www\/htdocs\/w0172e0e\/ruhr-real_2024\/wp-content\/uploads\/immonex-openimmo-import\/immowelt_estatepro_20240508175052\/Homepage_2024_NEW_estatePro20240508175052.xml\";s:12:\"mapping_file\";s:116:\"\/www\/htdocs\/w0172e0e\/ruhr-real_2024\/wp-content\/uploads\/immonex-openimmo-import\/mappings\/houzez_ruhrreal_18122023.csv\";s:9:\"timestamp\";i:1715185181;s:4:\"date\";s:10:\"2024-05-08\";s:4:\"time\";s:8:\"18:19:41\";}"],"_is_immonex_import_property":["1"],"_immonex_is_reference":[""],"_immonex_is_sold":[""],"_immonex_is_reserved":[""],"_immonex_is_available":["1"],"additional_features":["a:11:{i:0;a:2:{s:29:\"fave_additional_feature_title\";s:11:\"Heizungsart\";s:29:\"fave_additional_feature_value\";s:11:\"Fernheizung\";}i:1;a:2:{s:29:\"fave_additional_feature_title\";s:14:\"Nettokaltmiete\";s:29:\"fave_additional_feature_value\";s:10:\"8&nbsp;\u20ac\";}i:2;a:2:{s:29:\"fave_additional_feature_title\";s:9:\"Kaltmiete\";s:29:\"fave_additional_feature_value\";s:10:\"8&nbsp;\u20ac\";}i:3;a:2:{s:29:\"fave_additional_feature_title\";s:29:\"monatl. Betriebs-\/Nebenkosten\";s:29:\"fave_additional_feature_value\";s:10:\"3&nbsp;\u20ac\";}i:4;a:2:{s:29:\"fave_additional_feature_title\";s:33:\"Heizkosten in Warmmiete enthalten\";s:29:\"fave_additional_feature_value\";s:4:\"nein\";}i:5;a:2:{s:29:\"fave_additional_feature_title\";s:32:\"Preise zuz\u00fcglich Mehrwertsteuer\";s:29:\"fave_additional_feature_value\";s:4:\"nein\";}i:6;a:2:{s:29:\"fave_additional_feature_title\";s:10:\"MwSt.-Satz\";s:29:\"fave_additional_feature_value\";s:9:\"19&nbsp;%\";}i:7;a:2:{s:29:\"fave_additional_feature_title\";s:10:\"Bodenbelag\";s:29:\"fave_additional_feature_value\";s:7:\"Teppich\";}i:8;a:2:{s:29:\"fave_additional_feature_title\";s:13:\"Stellplatzart\";s:29:\"fave_additional_feature_value\";s:9:\"Freiplatz\";}i:9;a:2:{s:29:\"fave_additional_feature_title\";s:7:\"Zustand\";s:29:\"fave_additional_feature_value\";s:8:\"gepflegt\";}i:10;a:2:{s:29:\"fave_additional_feature_title\";s:27:\"Immobilie ist verf\u00fcgbar ab\";s:29:\"fave_additional_feature_value\";s:6:\"sofort\";}}"],"fave_additional_features_enable":["enable"],"_immonex_custom_fields":["a:1:{s:23:\"Energieausweis-Jahrgang\";a:5:{s:14:\"mapping_source\";s:38:\"zustand_angaben->energiepass->jahrgang\";s:4:\"name\";s:0:\"\";s:5:\"group\";s:5:\"epass\";s:5:\"value\";s:13:\"not available\";s:19:\"value_before_filter\";s:4:\"ohne\";}}"],"_immonex_property_xml_source":["<?xml version=\"1.0\"?>\n<immobilie>\n<objektkategorie>\n<nutzungsart WOHNEN=\"false\" GEWERBE=\"true\"\/>\n<vermarktungsart KAUF=\"false\" MIETE_PACHT=\"true\"\/>\n<objektart>\n<buero_praxen buero_typ=\"BUEROFLAECHE\"\/>\n<\/objektart>\n<user_defined_simplefield\/>\n<\/objektkategorie>\n<geo>\n<plz>45141 <\/plz>\n<ort>Essen<\/ort>\n<strasse>Altenessener Stra&#xDF;e<\/strasse>\n<hausnummer>32<\/hausnummer>\n<land iso_land=\"DEU\"\/>\n<lage_im_bau\/>\n<regionaler_zusatz>Nordviertel<\/regionaler_zusatz>\n<\/geo>\n<kontaktperson>\n<email_zentrale>anfrage@ruhr-real.de<\/email_zentrale>\n<email_direkt>bruckmann@ruhr-real.de<\/email_direkt>\n<tel_durchw>+49 201 99996337<\/tel_durchw>\n<tel_fax>+49 201 99996344<\/tel_fax>\n<tel_handy>+49 172 7088870<\/tel_handy>\n<name>Bruckmann<\/name>\n<vorname>Jonas<\/vorname>\n<anrede>Herr<\/anrede>\n<firma>RUHR REAL GmbH<\/firma>\n<strasse>Holsterhauser Platz<\/strasse>\n<hausnummer>2<\/hausnummer>\n<plz>45147<\/plz>\n<ort>Essen<\/ort>\n<adressfreigabe>true<\/adressfreigabe>\n<\/kontaktperson>\n<preise>\n<nettokaltmiete>8.00<\/nettokaltmiete>\n<kaltmiete>8.00<\/kaltmiete>\n<nebenkosten>3.00<\/nebenkosten>\n<heizkosten_enthalten>false<\/heizkosten_enthalten>\n<zzg_mehrwertsteuer>false<\/zzg_mehrwertsteuer>\n<preis_zeiteinheit\/>\n<provisionspflichtig>false<\/provisionspflichtig>\n<waehrung iso_waehrung=\"EUR\"\/>\n<mwst_satz>19.00<\/mwst_satz>\n<stp_carport\/>\n<stp_duplex\/>\n<stp_freiplatz\/>\n<stp_garage\/>\n<stp_parkhaus\/>\n<stp_tiefgarage\/>\n<\/preise>\n<bieterverfahren\/>\n<versteigerung\/>\n<flaechen>\n<anzahl_stellplaetze type=\"xsd:decimal\">112<\/anzahl_stellplaetze>\n<\/flaechen>\n<ausstattung>\n<raeume_veraenderbar>true<\/raeume_veraenderbar>\n<bad\/>\n<kueche\/>\n<boden TEPPICH=\"true\"\/><heizungsart FERN=\"true\"\/>\n<befeuerung\/>\n<klimatisiert>true<\/klimatisiert>\n<fahrstuhl PERSONEN=\"true\"\/>\n<stellplatzart FREIPLATZ=\"true\"\/>\n<ausricht_balkon_terrasse\/>\n<barrierefrei>true<\/barrierefrei>\n<angeschl_gastronomie\/>\n<sicherheitstechnik\/>\n<\/ausstattung>\n<zustand_angaben>\n<baujahr>1930<\/baujahr>\n<zustand zustand_art=\"GEPFLEGT\"\/>\n<energiepass>\n<jahrgang>ohne<\/jahrgang>\n<\/energiepass>\n<\/zustand_angaben>\n<bewertung\/>\n<infrastruktur\/>\n<freitexte>\n<objekttitel>Zentral und attraktiv: Ihr neues B&#xFC;ro in Essen | viele Stellpl&#xE4;tze | provisionsfrei<\/objekttitel>\n<lage>Die angebotene Liegenschaft befindet sich in zentraler Lage von Essen, unweit der Universit&#xE4;t Duisburg-Essen sowie der Essener Innenstadt. Das &#xF6;rtliche Stra&#xDF;enverkehrsnetz und die optimale Anbindung an den &#xD6;PNV erm&#xF6;glichen eine flexible An- und Abreise sowie eine kurzfristige Erreichbarkeit der umliegenden Ruhrgebietsst&#xE4;dte. Zahlreiche Unternehmen des t&#xE4;glichen Bedarfs, sowie Lebensmittelh&#xE4;ndler, Caf&#xE9;s und Restaurants erm&#xF6;glichen eine ausgezeichnete Nahversorgung. \n\nHotels in der Umgebung: Petul Apart Hotel, Welcome Hotel Essen, NH Hotel Essen<\/lage>\n<ausstatt_beschr>&#x2022; Bodenbelag: Teppichboden\n&#x2022; Aufzug: Personenaufz&#xFC;ge vorhanden\n&#x2022; EDV-Verkabelung: CAT-5 Verkabelung\n&#x2022; Sonnenschutz: au&#xDF;enliegend, elektrisch\n&#x2022; Teek&#xFC;che: voll ausgestattet\n&#x2022; Beleuchtung: arbeitsplatzgerechte Deckenleuchten \n&#x2022; K&#xFC;hlung: vorhanden\n&#x2022; Heizungsart: Fernw&#xE4;rme \n&#x2022; Deckenh&#xF6;he: 2,30 m\n\nDie Ausstattung, sowie die Raumaufteilung k&#xF6;nnen flexibel an den individuellen Mieterwunsch angepasst werden. <\/ausstatt_beschr>\n<objektbeschreibung>Bei der angebotenen Liegenschaft aus dem Jahre 1930 handelt es sich um ein attraktives und repr&#xE4;sentatives B&#xFC;rogeb&#xE4;ude, welches stetig erneuert und erweitert wurde. Die vakanten Fl&#xE4;chen befinden sich auf f&#xFC;nf Vollgeschossen und sind in einem gepflegten Zustand. Aufgrund seiner Bauweise besitzt das Objekt eine gute Fl&#xE4;chenflexibilit&#xE4;t, sodass die Raumaufteilungen nach Mieterwunsch erfolgen k&#xF6;nnen. Ferner stehen auf den umliegenden Parkpl&#xE4;tzen zahlreiche Stellpl&#xE4;tze zur Anmietung zur Verf&#xFC;gung. \n\nDerzeit stehen die folgenden Fl&#xE4;chen zur Disposition: \n\nKG: 1.564,67 m&#xB2;\nEG: 1.318,95 m&#xB2;\n1. OG: 1.371,50 m&#xB2;\n2. OG: 1.397,58 m&#xB2;\n3. OG: 1.401,30 m&#xB2;\n4. OG: 379,78 m&#xB2;<\/objektbeschreibung>\n<sonstige_angaben>Es gelten ausschlie&#xDF;lich unsere AGB (www.ruhr-real.de\/agb). Wir m&#xF6;chten Sie darauf hinweisen, dass die Angaben ausschlie&#xDF;lich auf den uns vom Eigent&#xFC;mer &#xFC;bermittelten Unterlagen und Informationen basieren. F&#xFC;r Richtigkeit und Vollst&#xE4;ndigkeit &#xFC;bernehmen wir keine Gew&#xE4;hr. Zwischenvermietung vorb<\/sonstige_angaben>\n<\/freitexte>\n<anhaenge>\n<anhang location=\"EXTERN\" gruppe=\"TITELBILD\">\n<anhangtitel>Au&#xDF;enansicht<\/anhangtitel>\n<format>jpg<\/format>\n<daten>\n<pfad>22d75866c085439ca348048b06d89104.jpg<\/pfad>\n<\/daten>\n<\/anhang>\n<anhang location=\"EXTERN\" gruppe=\"BILD\">\n<anhangtitel>Geb&#xE4;udeansicht<\/anhangtitel>\n<format>jpg<\/format>\n<daten>\n<pfad>d805a9a6987e4b2397edad6ed39e209d.jpg<\/pfad>\n<\/daten>\n<\/anhang>\n<anhang location=\"EXTERN\" gruppe=\"BILD\">\n<anhangtitel>Au&#xDF;enaufnahme<\/anhangtitel>\n<format>jpg<\/format>\n<daten>\n<pfad>660c30e47d9c4b8ca1dfdde4b785431d.jpg<\/pfad>\n<\/daten>\n<\/anhang>\n<anhang location=\"EXTERN\" gruppe=\"BILD\">\n<anhangtitel>Eingangsbereich<\/anhangtitel>\n<format>jpg<\/format>\n<daten>\n<pfad>4c4561ee34a74bb4b27f0cf6f08474e3.jpg<\/pfad>\n<\/daten>\n<\/anhang>\n<anhang location=\"EXTERN\" gruppe=\"BILD\">\n<anhangtitel>Ausblick Hinterhof<\/anhangtitel>\n<format>JPG<\/format>\n<daten>\n<pfad>164b47119930499f997633bd1d221a14.JPG<\/pfad>\n<\/daten>\n<\/anhang>\n<anhang location=\"EXTERN\" gruppe=\"BILD\">\n<anhangtitel>B&#xFC;ro 1<\/anhangtitel>\n<format>JPG<\/format>\n<daten>\n<pfad>35e8af6b06764cb9bbcf498d3aa2b9bd.JPG<\/pfad>\n<\/daten>\n<\/anhang>\n<anhang location=\"EXTERN\" gruppe=\"BILD\">\n<anhangtitel>B&#xFC;ro 2<\/anhangtitel>\n<format>JPG<\/format>\n<daten>\n<pfad>611b0cbcde5f42bc885fa23e4843d267.JPG<\/pfad>\n<\/daten>\n<\/anhang>\n<anhang location=\"EXTERN\" gruppe=\"BILD\">\n<anhangtitel>Eingangsbereich<\/anhangtitel>\n<format>JPG<\/format>\n<daten>\n<pfad>834599d467e843d89d6f2903f12207ba.JPG<\/pfad>\n<\/daten>\n<\/anhang>\n<anhang location=\"EXTERN\" gruppe=\"BILD\">\n<anhangtitel>Empfang<\/anhangtitel>\n<format>JPG<\/format>\n<daten>\n<pfad>11b7cd2c7a344a82a936cb2c1f0b70c4.JPG<\/pfad>\n<\/daten>\n<\/anhang>\n<anhang location=\"EXTERN\" gruppe=\"BILD\">\n<anhangtitel>Flur<\/anhangtitel>\n<format>JPG<\/format>\n<daten>\n<pfad>37700fc3a9b144b4a217b084f9657076.JPG<\/pfad>\n<\/daten>\n<\/anhang>\n<anhang location=\"EXTERN\" gruppe=\"GRUNDRISS\">\n<anhangtitel>1. OG<\/anhangtitel>\n<format>png<\/format>\n<daten>\n<pfad>10a5fb5ea1b14690a79b9863ea9b02cb.png<\/pfad>\n<\/daten>\n<\/anhang>\n<\/anhaenge>\n<verwaltung_objekt>\n<objektadresse_freigeben>false<\/objektadresse_freigeben>\n<verfuegbar_ab>sofort<\/verfuegbar_ab>\n<gruppennummer>3<\/gruppennummer>\n<geschlecht\/>\n<gewerbliche_nutzung>true<\/gewerbliche_nutzung>\n<\/verwaltung_objekt>\n<verwaltung_techn>\n<objektnr_intern>547F6E902F0E46E3A2999BB6EEBDE3A4<\/objektnr_intern>\n<objektnr_extern>1516\/E2<\/objektnr_extern>\n<aktion aktionart=\"CHANGE\"\/>\n<openimmo_obid>547F6E902F0E46E3A2999BB6EEBDE3A4<\/openimmo_obid>\n<kennung_ursprung>estatePro V10.0.0.8<\/kennung_ursprung>\n<stand_vom>2024-05-08<\/stand_vom>\n<\/verwaltung_techn>\n<user_defined_simplefield feldname=\"Startseite\">Nein<\/user_defined_simplefield>\n<\/immobilie>\n"],"_thumbnail_id":["116094"],"fave_property_images":["116094","116095","116096","116097","116098","116099","116100","116101","116102","116103"],"fave_floor_plans_enable":["enable"],"floor_plans":["a:1:{i:0;a:7:{s:15:\"fave_plan_title\";s:5:\"1. OG\";s:15:\"fave_plan_rooms\";s:0:\"\";s:19:\"fave_plan_bathrooms\";s:0:\"\";s:15:\"fave_plan_price\";s:0:\"\";s:14:\"fave_plan_size\";s:0:\"\";s:15:\"fave_plan_image\";s:84:\"https:\/\/ruhr-real.de\/wp-content\/uploads\/2024\/05\/10a5fb5ea1b14690a79b9863ea9b02cb.png\";s:21:\"fave_plan_description\";s:0:\"\";}}"],"fave_prop_homeslider":["yes"],"fave_prop_slider_image":["116094"],"fave_agents":["111496"],"fave_agent_display_option":["agent_info"],"fave_single_top_area":["global"],"fave_single_content_area":["global"],"fave_property_map":["1"],"fave_property_map_street_view":["hide"],"fave_property_size_prefix":["m\u00b2"],"fave_property_land_postfix":["m\u00b2"],"fave_featured":["0"],"houzez_featured_listing_date":[""],"fave_currency":["EUR"],"fave_currency_info":["a:8:{s:2:\"id\";s:1:\"1\";s:13:\"currency_name\";s:4:\"Euro\";s:13:\"currency_code\";s:3:\"EUR\";s:15:\"currency_symbol\";s:3:\"\u20ac\";s:17:\"currency_position\";s:5:\"after\";s:16:\"currency_decimal\";s:1:\"2\";s:26:\"currency_decimal_separator\";s:1:\",\";s:27:\"currency_thousand_separator\";s:1:\".\";}"],"fave_show_price_placeholder":["0"],"houzez_total_property_views":["2173"],"houzez_views_by_date":["a:61:{s:10:\"02-27-2026\";i:4;s:10:\"02-28-2026\";i:4;s:10:\"03-01-2026\";i:4;s:10:\"03-02-2026\";i:4;s:10:\"03-03-2026\";i:4;s:10:\"03-04-2026\";i:4;s:10:\"03-05-2026\";i:6;s:10:\"03-06-2026\";i:4;s:10:\"03-07-2026\";i:4;s:10:\"03-08-2026\";i:4;s:10:\"03-09-2026\";i:4;s:10:\"03-10-2026\";i:4;s:10:\"03-11-2026\";i:4;s:10:\"03-12-2026\";i:4;s:10:\"03-13-2026\";i:4;s:10:\"03-14-2026\";i:4;s:10:\"03-15-2026\";i:4;s:10:\"03-16-2026\";i:2;s:10:\"03-17-2026\";i:9;s:10:\"03-18-2026\";i:6;s:10:\"03-19-2026\";i:4;s:10:\"03-20-2026\";i:6;s:10:\"03-21-2026\";i:4;s:10:\"03-22-2026\";i:4;s:10:\"03-23-2026\";i:4;s:10:\"03-24-2026\";i:4;s:10:\"03-25-2026\";i:4;s:10:\"03-26-2026\";i:6;s:10:\"03-27-2026\";i:4;s:10:\"03-28-2026\";i:4;s:10:\"03-29-2026\";i:4;s:10:\"03-30-2026\";i:6;s:10:\"03-31-2026\";i:4;s:10:\"04-01-2026\";i:9;s:10:\"04-02-2026\";i:9;s:10:\"04-03-2026\";i:8;s:10:\"04-04-2026\";i:8;s:10:\"04-05-2026\";i:8;s:10:\"04-06-2026\";i:8;s:10:\"04-07-2026\";i:12;s:10:\"04-08-2026\";i:6;s:10:\"04-09-2026\";i:10;s:10:\"04-10-2026\";i:8;s:10:\"04-11-2026\";i:8;s:10:\"04-12-2026\";i:8;s:10:\"04-13-2026\";i:8;s:10:\"04-14-2026\";i:8;s:10:\"04-15-2026\";i:8;s:10:\"04-16-2026\";i:8;s:10:\"04-17-2026\";i:8;s:10:\"04-18-2026\";i:8;s:10:\"04-19-2026\";i:8;s:10:\"04-20-2026\";i:8;s:10:\"04-21-2026\";i:8;s:10:\"04-22-2026\";i:8;s:10:\"04-23-2026\";i:10;s:10:\"04-24-2026\";i:8;s:10:\"04-25-2026\";i:8;s:10:\"04-26-2026\";i:8;s:10:\"04-27-2026\";i:8;s:10:\"04-28-2026\";i:4;}"],"houzez_recently_viewed":["2026-04-28 11:17:10"],"tp_widgets":["a:2:{s:7:\"widgets\";a:0:{}s:9:\"update_at\";s:10:\"1764682733\";}"],"rank_math_news_sitemap_robots":["index"],"rank_math_robots":["a:1:{i:0;s:5:\"index\";}"],"rank_math_internal_links_processed":["1"],"_elementor_page_assets":["a:0:{}"]},"_links":{"self":[{"href":"https:\/\/ruhr-real.de\/en\/wp-json\/wp\/v2\/properties\/116093","targetHints":{"allow":["GET"]}}],"collection":[{"href":"https:\/\/ruhr-real.de\/en\/wp-json\/wp\/v2\/properties"}],"about":[{"href":"https:\/\/ruhr-real.de\/en\/wp-json\/wp\/v2\/types\/property"}],"author":[{"embeddable":true,"href":"https:\/\/ruhr-real.de\/en\/wp-json\/wp\/v2\/users\/1"}],"version-history":[{"count":0,"href":"https:\/\/ruhr-real.de\/en\/wp-json\/wp\/v2\/properties\/116093\/revisions"}],"wp:featuredmedia":[{"embeddable":true,"href":"https:\/\/ruhr-real.de\/en\/wp-json\/wp\/v2\/media\/116094"}],"wp:attachment":[{"href":"https:\/\/ruhr-real.de\/en\/wp-json\/wp\/v2\/media?parent=116093"}],"wp:term":[{"taxonomy":"property_type","embeddable":true,"href":"https:\/\/ruhr-real.de\/en\/wp-json\/wp\/v2\/property_type?post=116093"},{"taxonomy":"property_status","embeddable":true,"href":"https:\/\/ruhr-real.de\/en\/wp-json\/wp\/v2\/property_status?post=116093"},{"taxonomy":"property_feature","embeddable":true,"href":"https:\/\/ruhr-real.de\/en\/wp-json\/wp\/v2\/property_feature?post=116093"},{"taxonomy":"property_label","embeddable":true,"href":"https:\/\/ruhr-real.de\/en\/wp-json\/wp\/v2\/property_label?post=116093"},{"taxonomy":"property_country","embeddable":true,"href":"https:\/\/ruhr-real.de\/en\/wp-json\/wp\/v2\/property_country?post=116093"},{"taxonomy":"property_state","embeddable":true,"href":"https:\/\/ruhr-real.de\/en\/wp-json\/wp\/v2\/property_state?post=116093"},{"taxonomy":"property_city","embeddable":true,"href":"https:\/\/ruhr-real.de\/en\/wp-json\/wp\/v2\/property_city?post=116093"},{"taxonomy":"property_area","embeddable":true,"href":"https:\/\/ruhr-real.de\/en\/wp-json\/wp\/v2\/property_area?post=116093"}],"curies":[{"name":"wp","href":"https:\/\/api.w.org\/{rel}","templated":true}]}}