{"id":116145,"date":"2025-05-23T00:01:40","date_gmt":"2025-05-22T22:01:40","guid":{"rendered":"https:\/\/2024.ruhr-real.de\/immobilien\/moderne-bueroimmobilie-in-duisburg-citynah-hervorragende-verkehrsanbindung\/"},"modified":"2025-05-23T17:45:40","modified_gmt":"2025-05-23T15:45:40","slug":"moderne-bueroimmobilie-in-duisburg-citynah-hervorragende-verkehrsanbindung","status":"publish","type":"property","link":"https:\/\/ruhr-real.de\/en\/objekt\/moderne-bueroimmobilie-in-duisburg-citynah-hervorragende-verkehrsanbindung\/","title":{"rendered":"Moderne B\u00fcroimmobilie in Duisburg | Citynah | hervorragende Verkehrsanbindung"},"content":{"rendered":"<p>Das gepflegte B\u00fcrogeb\u00e4ude verf\u00fcgt \u00fcber vier Geschosse. Der moderne Eingangsbereich, sowie die helle Fassade sorgen f\u00fcr Aufsehen. Die B\u00fcrofl\u00e4che ist mit einem Teppichboden ausgestattet und verf\u00fcgt \u00fcber eine CAT-Verkabelung. Die Teek\u00fcche ist voll ausgestattet.<\/p>\n<p>Dem Nutzer stehen ferner Stellpl\u00e4tze in der hauseigenen Tiefgarage zur Anmietung zur Verf\u00fcgung.<\/p>\n<p>Zur Zeit stehen folgende Fl\u00e4chen zur Disposition:<\/p>\n<p>EG: 317 m\u00b2<\/p>\n<p>Das moderne B\u00fcrogeb\u00e4ude befindet sich in unmittelbarer N\u00e4he zur Duisburger City, sowie zur Universit\u00e4t Duisburg. Der Hauptbahnhof ist fu\u00dfl\u00e4ufig in 5 Minuten erreichbar.<br \/>\nDie A40, A3 und A59 befinden sich nur wenige Fahrminuten entfernt. \u00d6PNV-Anbindungen sind innerhalb weniger Gehminuten zu erreichen. Durch die Lage an einer stark frequentierten Stra\u00dfe profitiert das Geb\u00e4ude von seiner Sichtbarkeit und seiner Werbem\u00f6glichkeit.<\/p>\n<p>\u2022 Sonnenschutz: au\u00dfenliegend, elektrisch<br \/>\n\u2022 Bodenbelag: Teppichboden<br \/>\n\u2022 Verkabelung: vom Vormieter<br \/>\n\u2022 Kabelf\u00fchrung: Fensterbankkabelkanal<br \/>\n\u2022 Beleuchtung: Rasterdeckenleuchten<br \/>\n\u2022 Teek\u00fcche: voll ausgestattet<br \/>\n\u2022 Aufzug: Personenaufzug<br \/>\n\u2022 Barrierearm: ebenerdiger Zugang<\/p>\n<p>Die Ausstattung kann kann bei Bedarf angepasst werden!<\/p>\n<p>Es gelten ausschlie\u00dflich unsere AGB (www.ruhr-real.de\/agb). Wir m\u00f6chten Sie darauf hinweisen, dass die Angaben ausschlie\u00dflich auf den uns vom Eigent\u00fcmer \u00fcbermittelten Unterlagen und Informationen basieren. F\u00fcr Richtigkeit und Vollst\u00e4ndigkeit \u00fcbernehmen wir keine Gew\u00e4hr. Zwischenvermietung vorbehalten.<br \/>\n<div class=\"widget widget_immonex_user_defined_properties_widget\"><div class=\"immonex-widget immonex-widget-houzez\">\n\t\t<div class=\"immonex-widget-title clearfix\">\n\t\t<h2 class=\"widgettitle\">Energieeffizienz<\/h2>\t<\/div>\n\t\t<ul class=\"immonex-property-details row list-lined list-unstyled\">\n\t\t\t\t<li>\n\t\t\t<div class=\"list-lined-item w-100 d-flex justify-content-between py-2\">\n\t\t\t\t\t\t\t\t<strong class=\"property-details-label\">Energieausweis-Art:<\/strong>&nbsp;<span class=\"property-details-value\">Demand<\/span>\n\t\t\t\t\t\t\t<\/div>\n\t\t<\/li>\n\t\t\t\t<li>\n\t\t\t<div class=\"list-lined-item w-100 d-flex justify-content-between py-2\">\n\t\t\t\t\t\t\t\t<strong class=\"property-details-label\">Energieausweis g\u00fcltig bis:<\/strong>&nbsp;<span class=\"property-details-value\">30.06.2022<\/span>\n\t\t\t\t\t\t\t<\/div>\n\t\t<\/li>\n\t\t\t\t<li>\n\t\t\t<div class=\"list-lined-item w-100 d-flex justify-content-between py-2\">\n\t\t\t\t\t\t\t\t<strong class=\"property-details-label\">Stromverbrauchskennwert:<\/strong>&nbsp;<span class=\"property-details-value\">127,8&nbsp;kWh\/(m\u00b2*a)<\/span>\n\t\t\t\t\t\t\t<\/div>\n\t\t<\/li>\n\t\t\t\t<li>\n\t\t\t<div class=\"list-lined-item w-100 d-flex justify-content-between py-2\">\n\t\t\t\t\t\t\t\t<strong class=\"property-details-label\">Energieausweis-Ausstellungsdatum:<\/strong>&nbsp;<span class=\"property-details-value\">30.06.2012<\/span>\n\t\t\t\t\t\t\t<\/div>\n\t\t<\/li>\n\t\t\t\t<li>\n\t\t\t<div class=\"list-lined-item w-100 d-flex justify-content-between py-2\">\n\t\t\t\t\t\t\t\t<strong class=\"property-details-label\">Energieausweis-Jahrgang:<\/strong>&nbsp;<span class=\"property-details-value\">as from may 2014<\/span>\n\t\t\t\t\t\t\t<\/div>\n\t\t<\/li>\n\t\t\t<\/ul>\n<\/div><\/div><\/p>\n","protected":false},"excerpt":{"rendered":"<p>Das gepflegte B\u00fcrogeb\u00e4ude verf\u00fcgt \u00fcber vier Geschosse. Der moderne Eingangsbereich, sowie die helle Fassade sorgen&#8230;<\/p>\n","protected":false},"author":1,"featured_media":154351,"parent":0,"menu_order":0,"template":"","property_type":[379],"property_status":[352],"property_feature":[350],"property_label":[],"property_country":[353],"property_state":[],"property_city":[334],"property_area":[413],"class_list":["post-116145","property","type-property","status-publish","has-post-thumbnail","hentry","property_type-bueroflaechen","property_status-zu-vermieten","property_feature-raeume-veraenderbar","property_country-deutschland","property_city-duisburg","property_area-neudorf-nord-duisburg"],"acf":[],"property_meta":{"_immonex_import_folder":["users\/RUHRREAL"],"_immonex_translation_id":["1113\/E1"],"_openimmo_obid":["EB4A35493B014709910699F4C0D9C7E4"],"_is_immonex_import_property":["1"],"_immonex_is_reference":[""],"rank_math_internal_links_processed":["1"],"fave_property_map_address":["47057 Duisburg"],"fave_property_zip":["47057"],"fave_property_country":["DE"],"_immonex_lat":["51.4278312"],"_immonex_lng":["6.78871102941"],"houzez_geolocation_lat":["51.4278312"],"houzez_geolocation_long":["6.78871102941"],"fave_property_location":["51.4278312,6.78871102941"],"fave_property_price":["10.50"],"fave_property_sec_price":["10.5000"],"fave_property_size":["317"],"fave_property_year":["1977"],"fave_property_id":["1113\/E1"],"_immonex_iso_country":["DEU"],"_openimmo_anid":["0000"],"_immonex_group_number":["10"],"_immonex_group_id":[""],"_immonex_group_master":[""],"_immonex_import_meta":["a:6:{s:8:\"zip_file\";s:131:\"\/www\/htdocs\/w0172e0e\/ruhr-real_2024\/wp-content\/uploads\/immonex-openimmo-import\/users\/RUHRREAL\/Immowelt_estatePro_20250523174527.zip\";s:8:\"xml_file\";s:158:\"\/www\/htdocs\/w0172e0e\/ruhr-real_2024\/wp-content\/uploads\/immonex-openimmo-import\/immowelt_estatepro_20250523174527\/Homepage_2024_NEW_estatePro20250523174527.xml\";s:12:\"mapping_file\";s:116:\"\/www\/htdocs\/w0172e0e\/ruhr-real_2024\/wp-content\/uploads\/immonex-openimmo-import\/mappings\/houzez_ruhrreal_18122023.csv\";s:9:\"timestamp\";i:1748015144;s:4:\"date\";s:10:\"2025-05-23\";s:4:\"time\";s:8:\"17:45:44\";}"],"_immonex_is_sold":[""],"_immonex_is_reserved":[""],"_immonex_is_available":["1"],"additional_features":["a:15:{i:0;a:2:{s:29:\"fave_additional_feature_title\";s:14:\"Nettokaltmiete\";s:29:\"fave_additional_feature_value\";s:14:\"10,50&nbsp;\u20ac\";}i:1;a:2:{s:29:\"fave_additional_feature_title\";s:9:\"Kaltmiete\";s:29:\"fave_additional_feature_value\";s:14:\"10,50&nbsp;\u20ac\";}i:2;a:2:{s:29:\"fave_additional_feature_title\";s:29:\"monatl. Betriebs-\/Nebenkosten\";s:29:\"fave_additional_feature_value\";s:13:\"3,60&nbsp;\u20ac\";}i:3;a:2:{s:29:\"fave_additional_feature_title\";s:33:\"Heizkosten in Warmmiete enthalten\";s:29:\"fave_additional_feature_value\";s:4:\"nein\";}i:4;a:2:{s:29:\"fave_additional_feature_title\";s:32:\"Preise zuz\u00fcglich Mehrwertsteuer\";s:29:\"fave_additional_feature_value\";s:4:\"nein\";}i:5;a:2:{s:29:\"fave_additional_feature_title\";s:23:\"Netto-Kaltmiete pro m\u00b2\";s:29:\"fave_additional_feature_value\";s:14:\"10,50&nbsp;\u20ac\";}i:6;a:2:{s:29:\"fave_additional_feature_title\";s:10:\"MwSt.-Satz\";s:29:\"fave_additional_feature_value\";s:9:\"19&nbsp;%\";}i:7;a:2:{s:29:\"fave_additional_feature_title\";s:12:\"B\u00fcrofl\u00e4che\";s:29:\"fave_additional_feature_value\";s:12:\"317&nbsp;m\u00b2\";}i:8;a:2:{s:29:\"fave_additional_feature_title\";s:16:\"B\u00fcroteilfl\u00e4che\";s:29:\"fave_additional_feature_value\";s:12:\"317&nbsp;m\u00b2\";}i:9;a:2:{s:29:\"fave_additional_feature_title\";s:10:\"Teilbar ab\";s:29:\"fave_additional_feature_value\";s:12:\"317&nbsp;m\u00b2\";}i:10;a:2:{s:29:\"fave_additional_feature_title\";s:19:\"Art der Ausstattung\";s:29:\"fave_additional_feature_value\";s:8:\"Standard\";}i:11;a:2:{s:29:\"fave_additional_feature_title\";s:10:\"Bodenbelag\";s:29:\"fave_additional_feature_value\";s:7:\"Teppich\";}i:12;a:2:{s:29:\"fave_additional_feature_title\";s:13:\"Stellplatzart\";s:29:\"fave_additional_feature_value\";s:10:\"Tiefgarage\";}i:13;a:2:{s:29:\"fave_additional_feature_title\";s:7:\"Zustand\";s:29:\"fave_additional_feature_value\";s:8:\"gepflegt\";}i:14;a:2:{s:29:\"fave_additional_feature_title\";s:27:\"Immobilie ist verf\u00fcgbar ab\";s:29:\"fave_additional_feature_value\";s:9:\"Ab sofort\";}}"],"fave_additional_features_enable":["enable"],"_immonex_custom_fields":["a:5:{s:18:\"Energieausweis-Art\";a:5:{s:14:\"mapping_source\";s:35:\"zustand_angaben->energiepass->epart\";s:4:\"name\";s:0:\"\";s:5:\"group\";s:5:\"epass\";s:5:\"value\";s:6:\"Demand\";s:19:\"value_before_filter\";s:6:\"BEDARF\";}s:26:\"Energieausweis g\u00fcltig bis\";a:5:{s:14:\"mapping_source\";s:41:\"zustand_angaben->energiepass->gueltig_bis\";s:4:\"name\";s:0:\"\";s:5:\"group\";s:5:\"epass\";s:5:\"value\";s:10:\"30.06.2022\";s:19:\"value_before_filter\";s:10:\"30.06.2022\";}s:23:\"Stromverbrauchskennwert\";a:5:{s:14:\"mapping_source\";s:39:\"zustand_angaben->energiepass->stromwert\";s:4:\"name\";s:0:\"\";s:5:\"group\";s:5:\"epass\";s:5:\"value\";s:22:\"127,8&nbsp;kWh\/(m\u00b2*a)\";s:19:\"value_before_filter\";s:5:\"127,8\";}s:32:\"Energieausweis-Ausstellungsdatum\";a:5:{s:14:\"mapping_source\";s:43:\"zustand_angaben->energiepass->ausstelldatum\";s:4:\"name\";s:0:\"\";s:5:\"group\";s:5:\"epass\";s:5:\"value\";s:10:\"30.06.2012\";s:19:\"value_before_filter\";s:10:\"2012-06-30\";}s:23:\"Energieausweis-Jahrgang\";a:5:{s:14:\"mapping_source\";s:38:\"zustand_angaben->energiepass->jahrgang\";s:4:\"name\";s:0:\"\";s:5:\"group\";s:5:\"epass\";s:5:\"value\";s:16:\"as from may 2014\";s:19:\"value_before_filter\";s:4:\"2014\";}}"],"_immonex_property_xml_source":["<?xml version=\"1.0\"?>\n<immobilie>\n<objektkategorie>\n<nutzungsart WOHNEN=\"false\" GEWERBE=\"true\"\/>\n<vermarktungsart KAUF=\"false\" MIETE_PACHT=\"true\"\/>\n<objektart>\n<buero_praxen buero_typ=\"BUEROHAUS\"\/>\n<\/objektart>\n<user_defined_simplefield\/>\n<\/objektkategorie>\n<geo>\n<plz>47057<\/plz>\n<ort>Duisburg<\/ort>\n<strasse>L&#xFC;tzowstra&#xDF;e<\/strasse>\n<hausnummer>5-7<\/hausnummer>\n<land iso_land=\"DEU\"\/>\n<lage_im_bau\/>\n<regionaler_zusatz>Neudorf-Nord (Duisburg)<\/regionaler_zusatz>\n<\/geo>\n<kontaktperson>\n<email_zentrale>anfrage@ruhr-real.de<\/email_zentrale>\n<email_direkt>kruse@ruhr-real.de<\/email_direkt>\n<tel_durchw>+49 201 999963-33<\/tel_durchw>\n<tel_fax>+49 201 99 99 63 44<\/tel_fax>\n<tel_handy>+49 162 88 87 076<\/tel_handy>\n<name>Kruse<\/name>\n<vorname>Samuel<\/vorname>\n<anrede>Herr<\/anrede>\n<firma>RUHR REAL GmbH<\/firma>\n<strasse>Holsterhauser Platz<\/strasse>\n<hausnummer>2<\/hausnummer>\n<plz>45147<\/plz>\n<ort>Essen<\/ort>\n<adressfreigabe>true<\/adressfreigabe>\n<\/kontaktperson>\n<preise>\n<nettokaltmiete>10.50<\/nettokaltmiete>\n<kaltmiete>10.50<\/kaltmiete>\n<nebenkosten>3.60<\/nebenkosten>\n<heizkosten_enthalten>false<\/heizkosten_enthalten>\n<zzg_mehrwertsteuer>false<\/zzg_mehrwertsteuer>\n<preis_zeiteinheit\/>\n<mietpreis_pro_qm>10.5000<\/mietpreis_pro_qm>\n<provisionspflichtig>false<\/provisionspflichtig>\n<waehrung iso_waehrung=\"EUR\"\/>\n<mwst_satz>19.00<\/mwst_satz>\n<stp_carport\/>\n<stp_duplex\/>\n<stp_freiplatz\/>\n<stp_garage\/>\n<stp_parkhaus\/>\n<stp_tiefgarage\/>\n<\/preise>\n<bieterverfahren\/>\n<versteigerung\/>\n<flaechen>\n<bueroflaeche>317<\/bueroflaeche>\n<bueroteilflaeche>317<\/bueroteilflaeche>\n<teilbar_ab>317<\/teilbar_ab>\n<anzahl_stellplaetze type=\"xsd:decimal\">4<\/anzahl_stellplaetze>\n<\/flaechen>\n<ausstattung>\n<ausstatt_kategorie>STANDARD<\/ausstatt_kategorie>\n<raeume_veraenderbar>true<\/raeume_veraenderbar>\n<bad\/>\n<kueche\/>\n<boden TEPPICH=\"true\"\/>\n<heizungsart\/>\n<befeuerung\/>\n<fahrstuhl\/>\n<stellplatzart TIEFGARAGE=\"true\"\/>\n<ausricht_balkon_terrasse\/>\n<angeschl_gastronomie\/>\n<sicherheitstechnik\/>\n<\/ausstattung>\n<zustand_angaben>\n<baujahr>1977<\/baujahr>\n<zustand zustand_art=\"GEPFLEGT\"\/>\n<energiepass>\n<epart>BEDARF<\/epart>\n<gueltig_bis>30.06.2022<\/gueltig_bis>\n<stromwert>127,8<\/stromwert>\n<ausstelldatum>2012-06-30<\/ausstelldatum>\n<jahrgang>2014<\/jahrgang>\n<\/energiepass>\n<\/zustand_angaben>\n<bewertung\/>\n<infrastruktur\/>\n<freitexte>\n<objekttitel>Moderne B&#xFC;roimmobilie in Duisburg | Citynah | hervorragende Verkehrsanbindung<\/objekttitel>\n<lage>Das moderne B&#xFC;rogeb&#xE4;ude befindet sich in unmittelbarer N&#xE4;he zur Duisburger City, sowie zur Universit&#xE4;t Duisburg. Der Hauptbahnhof ist fu&#xDF;l&#xE4;ufig in 5 Minuten erreichbar.\nDie A40, A3 und A59 befinden sich nur wenige Fahrminuten entfernt. &#xD6;PNV-Anbindungen sind innerhalb weniger Gehminuten zu erreichen. Durch die Lage an einer stark frequentierten Stra&#xDF;e profitiert das Geb&#xE4;ude von seiner Sichtbarkeit und seiner Werbem&#xF6;glichkeit.<\/lage>\n<ausstatt_beschr>&#x2022; Sonnenschutz: au&#xDF;enliegend, elektrisch\n&#x2022; Bodenbelag: Teppichboden\n&#x2022; Verkabelung: vom Vormieter\n&#x2022; Kabelf&#xFC;hrung: Fensterbankkabelkanal\n&#x2022; Beleuchtung: Rasterdeckenleuchten\n&#x2022; Teek&#xFC;che: voll ausgestattet\n&#x2022; Aufzug: Personenaufzug\n&#x2022; Barrierearm: ebenerdiger Zugang\n\n\nDie Ausstattung kann kann bei Bedarf angepasst werden!<\/ausstatt_beschr>\n<objektbeschreibung>Das gepflegte B&#xFC;rogeb&#xE4;ude verf&#xFC;gt &#xFC;ber vier Geschosse. Der moderne Eingangsbereich, sowie die helle Fassade sorgen f&#xFC;r Aufsehen. Die B&#xFC;rofl&#xE4;che ist mit einem Teppichboden ausgestattet und verf&#xFC;gt &#xFC;ber eine CAT-Verkabelung. Die Teek&#xFC;che ist voll ausgestattet. \n\nDem Nutzer stehen ferner Stellpl&#xE4;tze in der hauseigenen Tiefgarage zur Anmietung zur Verf&#xFC;gung.\n\nZur Zeit stehen folgende Fl&#xE4;chen zur Disposition:\n\nEG: 317 m&#xB2;\n<\/objektbeschreibung><sonstige_angaben>Es gelten ausschlie&#xDF;lich unsere AGB (www.ruhr-real.de\/agb). Wir m&#xF6;chten Sie darauf hinweisen, dass die Angaben ausschlie&#xDF;lich auf den uns vom Eigent&#xFC;mer &#xFC;bermittelten Unterlagen und Informationen basieren. F&#xFC;r Richtigkeit und Vollst&#xE4;ndigkeit &#xFC;bernehmen wir keine Gew&#xE4;hr. Zwischenvermietung vorbehalten.<\/sonstige_angaben>\n<\/freitexte>\n<anhaenge>\n<anhang location=\"EXTERN\" gruppe=\"TITELBILD\">\n<anhangtitel>Geb&#xE4;udeansicht<\/anhangtitel>\n<format>jpg<\/format>\n<daten>\n<pfad>517e0e30f87e4729b112ce7ed0dd2e25.jpg<\/pfad>\n<\/daten>\n<\/anhang>\n<anhang location=\"EXTERN\" gruppe=\"BILD\">\n<anhangtitel>Konferenzraum<\/anhangtitel>\n<format>jpg<\/format>\n<daten>\n<pfad>72e199a5116b4d069f46819caf6d797c.jpg<\/pfad>\n<\/daten>\n<\/anhang>\n<anhang location=\"EXTERN\" gruppe=\"BILD\">\n<anhangtitel>Doppelb&#xFC;ro<\/anhangtitel>\n<format>jpg<\/format>\n<daten>\n<pfad>04b1874f6cdc44c69b64faff4e2536f6.jpg<\/pfad>\n<\/daten>\n<\/anhang>\n<anhang location=\"EXTERN\" gruppe=\"BILD\">\n<anhangtitel>Empfang<\/anhangtitel>\n<format>jpg<\/format>\n<daten>\n<pfad>a539a2d9c3f4404f8dd67b672036753a.jpg<\/pfad>\n<\/daten>\n<\/anhang>\n<anhang location=\"EXTERN\" gruppe=\"BILD\">\n<anhangtitel>Fluransicht<\/anhangtitel>\n<format>jpg<\/format>\n<daten>\n<pfad>d244d5e6b6ca49a1b4f34520a7861006.jpg<\/pfad>\n<\/daten>\n<\/anhang>\n<anhang location=\"EXTERN\" gruppe=\"BILD\">\n<anhangtitel>Zellenb&#xFC;ro<\/anhangtitel>\n<format>jpg<\/format>\n<daten>\n<pfad>5c27c3e7814541809677c87baddba82c.jpg<\/pfad>\n<\/daten>\n<\/anhang>\n<anhang location=\"EXTERN\" gruppe=\"BILD\">\n<anhangtitel>B&#xFC;roansicht<\/anhangtitel>\n<format>jpg<\/format>\n<daten>\n<pfad>42c31cb53ff14dc4a37dd59eff670fdd.jpg<\/pfad>\n<\/daten>\n<\/anhang>\n<anhang location=\"EXTERN\" gruppe=\"BILD\">\n<anhangtitel>K&#xFC;chenansicht<\/anhangtitel>\n<format>jpg<\/format>\n<daten>\n<pfad>c3048acb475146bc8d511b8bc05b5110.jpg<\/pfad>\n<\/daten>\n<\/anhang>\n<anhang location=\"EXTERN\" gruppe=\"BILD\">\n<anhangtitel>Eingangsbereich<\/anhangtitel>\n<format>JPG<\/format>\n<daten>\n<pfad>5c882e9d2da540f0a6c98e579e1227b1.JPG<\/pfad>\n<\/daten>\n<\/anhang>\n<anhang location=\"EXTERN\" gruppe=\"BILD\">\n<anhangtitel>Au&#xDF;enansicht<\/anhangtitel>\n<format>jpg<\/format>\n<daten>\n<pfad>73459307caff42ca9e33910a46892809.jpg<\/pfad>\n<\/daten>\n<\/anhang>\n<anhang location=\"EXTERN\" gruppe=\"GRUNDRISS\">\n<anhangtitel>EG<\/anhangtitel>\n<format>JPG<\/format>\n<daten>\n<pfad>024a8b6e25c44b328f3d4c1f678153f2.JPG<\/pfad>\n<\/daten>\n<\/anhang>\n<\/anhaenge>\n<verwaltung_objekt>\n<objektadresse_freigeben>false<\/objektadresse_freigeben>\n<verfuegbar_ab>Ab sofort<\/verfuegbar_ab>\n<gruppennummer>10<\/gruppennummer>\n<geschlecht\/>\n<\/verwaltung_objekt>\n<verwaltung_techn>\n<objektnr_intern>EB4A35493B014709910699F4C0D9C7E4<\/objektnr_intern>\n<objektnr_extern>1113\/E1<\/objektnr_extern>\n<aktion aktionart=\"CHANGE\"\/>\n<openimmo_obid>EB4A35493B014709910699F4C0D9C7E4<\/openimmo_obid>\n<kennung_ursprung>estatePro V10.0.0.8<\/kennung_ursprung>\n<stand_vom>2025-05-23<\/stand_vom>\n<\/verwaltung_techn>\n<user_defined_simplefield feldname=\"Startseite\">Nein<\/user_defined_simplefield>\n<\/immobilie>\n"],"_thumbnail_id":["154351"],"fave_property_images":["154351","154352","154353","154354","154355","154356","154357","154358","154359","154360"],"fave_floor_plans_enable":["enable"],"floor_plans":["a:1:{i:0;a:7:{s:15:\"fave_plan_title\";s:2:\"EG\";s:15:\"fave_plan_rooms\";s:0:\"\";s:19:\"fave_plan_bathrooms\";s:0:\"\";s:15:\"fave_plan_price\";s:0:\"\";s:14:\"fave_plan_size\";s:0:\"\";s:15:\"fave_plan_image\";s:93:\"https:\/\/ruhr-real.de\/wp-content\/uploads\/2025\/05\/024a8b6e25c44b328f3d4c1f678153f2-675x1024.jpg\";s:21:\"fave_plan_description\";s:0:\"\";}}"],"fave_prop_homeslider":["yes"],"fave_prop_slider_image":["154351"],"fave_agents":["152858"],"fave_agent_display_option":["agent_info"],"fave_single_top_area":["global"],"fave_single_content_area":["global"],"fave_property_map":["1"],"fave_property_map_street_view":["hide"],"fave_property_size_prefix":["m\u00b2"],"fave_property_land_postfix":["m\u00b2"],"fave_featured":["0"],"houzez_featured_listing_date":[""],"fave_property_price_postfix":["pro&nbsp;m\u00b2"],"fave_currency":["EUR"],"fave_currency_info":["a:8:{s:2:\"id\";s:1:\"1\";s:13:\"currency_name\";s:4:\"Euro\";s:13:\"currency_code\";s:3:\"EUR\";s:15:\"currency_symbol\";s:3:\"\u20ac\";s:17:\"currency_position\";s:5:\"after\";s:16:\"currency_decimal\";s:1:\"2\";s:26:\"currency_decimal_separator\";s:1:\",\";s:27:\"currency_thousand_separator\";s:1:\".\";}"],"houzez_total_property_views":["1520"],"houzez_views_by_date":["a:61:{s:10:\"02-28-2026\";i:4;s:10:\"03-01-2026\";i:4;s:10:\"03-02-2026\";i:4;s:10:\"03-03-2026\";i:4;s:10:\"03-04-2026\";i:4;s:10:\"03-05-2026\";i:6;s:10:\"03-06-2026\";i:4;s:10:\"03-07-2026\";i:4;s:10:\"03-08-2026\";i:4;s:10:\"03-09-2026\";i:4;s:10:\"03-10-2026\";i:4;s:10:\"03-11-2026\";i:4;s:10:\"03-12-2026\";i:4;s:10:\"03-13-2026\";i:4;s:10:\"03-14-2026\";i:4;s:10:\"03-15-2026\";i:4;s:10:\"03-16-2026\";i:2;s:10:\"03-17-2026\";i:2;s:10:\"03-18-2026\";i:5;s:10:\"03-19-2026\";i:4;s:10:\"03-20-2026\";i:6;s:10:\"03-21-2026\";i:4;s:10:\"03-22-2026\";i:4;s:10:\"03-23-2026\";i:4;s:10:\"03-24-2026\";i:4;s:10:\"03-25-2026\";i:4;s:10:\"03-26-2026\";i:10;s:10:\"03-27-2026\";i:4;s:10:\"03-28-2026\";i:4;s:10:\"03-29-2026\";i:4;s:10:\"03-30-2026\";i:2;s:10:\"03-31-2026\";i:1;s:10:\"04-01-2026\";i:9;s:10:\"04-02-2026\";i:8;s:10:\"04-03-2026\";i:8;s:10:\"04-04-2026\";i:8;s:10:\"04-05-2026\";i:8;s:10:\"04-06-2026\";i:8;s:10:\"04-07-2026\";i:10;s:10:\"04-08-2026\";i:6;s:10:\"04-09-2026\";i:10;s:10:\"04-10-2026\";i:8;s:10:\"04-11-2026\";i:4;s:10:\"04-12-2026\";i:8;s:10:\"04-13-2026\";i:8;s:10:\"04-14-2026\";i:8;s:10:\"04-15-2026\";i:8;s:10:\"04-16-2026\";i:8;s:10:\"04-17-2026\";i:8;s:10:\"04-18-2026\";i:8;s:10:\"04-19-2026\";i:8;s:10:\"04-20-2026\";i:8;s:10:\"04-21-2026\";i:8;s:10:\"04-22-2026\";i:8;s:10:\"04-23-2026\";i:8;s:10:\"04-24-2026\";i:8;s:10:\"04-25-2026\";i:8;s:10:\"04-26-2026\";i:8;s:10:\"04-27-2026\";i:8;s:10:\"04-28-2026\";i:6;s:10:\"04-29-2026\";i:2;}"],"houzez_recently_viewed":["2026-04-29 02:35:45"],"tp_widgets":["a:2:{s:7:\"widgets\";a:0:{}s:9:\"update_at\";s:10:\"1764682733\";}"],"_elementor_page_assets":["a:0:{}"]},"_links":{"self":[{"href":"https:\/\/ruhr-real.de\/en\/wp-json\/wp\/v2\/properties\/116145","targetHints":{"allow":["GET"]}}],"collection":[{"href":"https:\/\/ruhr-real.de\/en\/wp-json\/wp\/v2\/properties"}],"about":[{"href":"https:\/\/ruhr-real.de\/en\/wp-json\/wp\/v2\/types\/property"}],"author":[{"embeddable":true,"href":"https:\/\/ruhr-real.de\/en\/wp-json\/wp\/v2\/users\/1"}],"version-history":[{"count":0,"href":"https:\/\/ruhr-real.de\/en\/wp-json\/wp\/v2\/properties\/116145\/revisions"}],"wp:featuredmedia":[{"embeddable":true,"href":"https:\/\/ruhr-real.de\/en\/wp-json\/wp\/v2\/media\/154351"}],"wp:attachment":[{"href":"https:\/\/ruhr-real.de\/en\/wp-json\/wp\/v2\/media?parent=116145"}],"wp:term":[{"taxonomy":"property_type","embeddable":true,"href":"https:\/\/ruhr-real.de\/en\/wp-json\/wp\/v2\/property_type?post=116145"},{"taxonomy":"property_status","embeddable":true,"href":"https:\/\/ruhr-real.de\/en\/wp-json\/wp\/v2\/property_status?post=116145"},{"taxonomy":"property_feature","embeddable":true,"href":"https:\/\/ruhr-real.de\/en\/wp-json\/wp\/v2\/property_feature?post=116145"},{"taxonomy":"property_label","embeddable":true,"href":"https:\/\/ruhr-real.de\/en\/wp-json\/wp\/v2\/property_label?post=116145"},{"taxonomy":"property_country","embeddable":true,"href":"https:\/\/ruhr-real.de\/en\/wp-json\/wp\/v2\/property_country?post=116145"},{"taxonomy":"property_state","embeddable":true,"href":"https:\/\/ruhr-real.de\/en\/wp-json\/wp\/v2\/property_state?post=116145"},{"taxonomy":"property_city","embeddable":true,"href":"https:\/\/ruhr-real.de\/en\/wp-json\/wp\/v2\/property_city?post=116145"},{"taxonomy":"property_area","embeddable":true,"href":"https:\/\/ruhr-real.de\/en\/wp-json\/wp\/v2\/property_area?post=116145"}],"curies":[{"name":"wp","href":"https:\/\/api.w.org\/{rel}","templated":true}]}}