{"id":116269,"date":"2026-04-02T00:01:17","date_gmt":"2026-04-01T22:01:17","guid":{"rendered":"https:\/\/2024.ruhr-real.de\/immobilien\/moderne-bueroflaechen-direkt-am-limbecker-platz-perfekte-anbindung-provisionsfrei\/"},"modified":"2026-04-02T16:26:17","modified_gmt":"2026-04-02T14:26:17","slug":"moderne-bueroflaechen-direkt-am-limbecker-platz-perfekte-anbindung-provisionsfrei","status":"publish","type":"property","link":"https:\/\/ruhr-real.de\/en\/objekt\/moderne-bueroflaechen-direkt-am-limbecker-platz-perfekte-anbindung-provisionsfrei\/","title":{"rendered":"Ihr neues B\u00fcro am Limbecker Platz! Helle, moderne R\u00e4umlichkeiten | flexibler Grundriss"},"content":{"rendered":"<p>Die direkt in der Fu\u00dfg\u00e4ngerzone vorfindbare Eckimmobilie befindet sich vis-\u00e1-vis zum Einkaufscenter Limbecker Platz und  zeichnet sich durch ihre individuell nutzbare Raumaufteilung aus. Das Objekt hat eine optimale Sichtbarkeit und bietet viel Platz f\u00fcr individuelle Gestaltungsm\u00f6glichkeiten. Der neue Mieter kann die Fl\u00e4chen selbst mitgestalten und nach seinen individuellen Anspr\u00fcchen einrichten. Die R\u00e4ume sind hell, modern und bieten einen Arbeitsplatz zum wohlf\u00fchlen. Durch zentrale Citylage ist die \u00d6PNV-Anbindung optimal.<\/p>\n<p>Folgende Fl\u00e4chen stehen aktuell zur Disposition:<\/p>\n<p>3. OG: ca. 227 m\u00b2<\/p>\n<p>Die repr\u00e4sentative Gewerbeimmobilie befindet sich vis-a-vis vom Limbecker Platz in Essen. Durch seine Zentralit\u00e4t erm\u00f6glicht das Objekt perfekte \u00d6PNV-Anbindungen. Die A40 und die A52 sind innerhalb weniger Fahrminuten zu erreichen.<br \/>\nDurch die Ecklage an einer stark frequentierten Stra\u00dfe bietet das Geb\u00e4ude perfekte Werbem\u00f6glichkeiten.<br \/>\nF\u00fcr die Nahversorgung stehen zahlreiche Lokale direkt vor Ort.<\/p>\n<p>Bedeutende Unternehmen in der B\u00fcromarktzone: WGV-Versicherungen, Deutsche Rentenversicherung, SF Education, NESTOR Bildungsinstitut<\/p>\n<p>Hotels in der Umgebung: Hotel Lindenhof, HolidayInn, Hotel Motel One<\/p>\n<p>\u2022 Sonnenschutz: nach Vereinbarung<br \/>\n\u2022 Bodenbelag: Teppichboden\/ nach Mieterwunsch<br \/>\n\u2022 Verkabelung: Mietersache<br \/>\n\u2022 Kabelf\u00fchrung: Fensterbankkabelkanal<br \/>\n\u2022 Beleuchtung: Deckenleuchten<br \/>\n\u2022 Teek\u00fcche: Anschl\u00fcsse vorhanden<\/p>\n<p>Die Ausstattung kann bei Bedarf angepasst werden!<\/p>\n<p>Es gelten ausschlie\u00dflich unsere AGB (www.ruhr-real.de\/agb). Wir m\u00f6chten Sie darauf hinweisen, dass die Angaben ausschlie\u00dflich auf den uns vom Eigent\u00fcmer \u00fcbermittelten Unterlagen und Informationen basieren. F\u00fcr Richtigkeit und Vollst\u00e4ndigkeit \u00fcbernehmen wir keine Gew\u00e4hr. Zwischenvermietung vorbehalten.<br \/>\n<div class=\"widget widget_immonex_user_defined_properties_widget\"><div class=\"immonex-widget immonex-widget-houzez\">\n\t\t<div class=\"immonex-widget-title clearfix\">\n\t\t<h2 class=\"widgettitle\">Energieeffizienz<\/h2>\t<\/div>\n\t\t<ul class=\"immonex-property-details row list-lined list-unstyled\">\n\t\t\t\t<li>\n\t\t\t<div class=\"list-lined-item w-100 d-flex justify-content-between py-2\">\n\t\t\t\t\t\t\t\t<strong class=\"property-details-label\">Energieausweis-Jahrgang:<\/strong>&nbsp;<span class=\"property-details-value\">not available<\/span>\n\t\t\t\t\t\t\t<\/div>\n\t\t<\/li>\n\t\t\t<\/ul>\n<\/div><\/div><\/p>\n","protected":false},"excerpt":{"rendered":"<p>Die direkt in der Fu\u00dfg\u00e4ngerzone vorfindbare Eckimmobilie befindet sich vis-\u00e1-vis zum Einkaufscenter Limbecker Platz&#8230;<\/p>\n","protected":false},"author":1,"featured_media":185749,"parent":0,"menu_order":0,"template":"","property_type":[379],"property_status":[352],"property_feature":[537,350],"property_label":[],"property_country":[353],"property_state":[],"property_city":[306],"property_area":[308],"class_list":["post-116269","property","type-property","status-publish","has-post-thumbnail","hentry","property_type-bueroflaechen","property_status-zu-vermieten","property_feature-gewerbliche-nutzung-moeglich","property_feature-raeume-veraenderbar","property_country-deutschland","property_city-essen","property_area-stadtkern"],"acf":[],"property_meta":{"_immonex_import_folder":["users\/RUHRREAL"],"_immonex_translation_id":["588\/E1"],"_openimmo_obid":["85F912A28C2B4C1487DB97C5F49AD805"],"_is_immonex_import_property":["1"],"_immonex_is_reference":[""],"rank_math_internal_links_processed":["1"],"copied_media_ids":["a:0:{}"],"referenced_media_ids":["a:0:{}"],"_immonex_post_status":["updated"],"fave_property_map_address":["45127 Essen"],"fave_property_zip":["45127"],"fave_property_country":["DE"],"_immonex_lat":["51.4464769"],"_immonex_lng":["7.0134679"],"houzez_geolocation_lat":["51.4464769"],"houzez_geolocation_long":["7.0134679"],"fave_property_location":["51.4464769,7.0134679"],"fave_property_price":["8.50"],"fave_property_sec_price":["8.5000"],"fave_property_size":["227"],"fave_property_year":["1950"],"fave_property_id":["588\/E1"],"_fave_property_id":["588\/E1"],"_immonex_iso_country":["DEU"],"fave_nebenkosten":["3&nbsp;\u20ac"],"_openimmo_anid":["0000"],"_immonex_group_number":["1"],"_immonex_group_id":[""],"_immonex_group_master":[""],"_immonex_import_meta":["a:6:{s:8:\"zip_file\";s:131:\"\/www\/htdocs\/w0172e0e\/ruhr-real_2024\/wp-content\/uploads\/immonex-openimmo-import\/users\/RUHRREAL\/Immowelt_estatePro_20260402162518.zip\";s:8:\"xml_file\";s:158:\"\/www\/htdocs\/w0172e0e\/ruhr-real_2024\/wp-content\/uploads\/immonex-openimmo-import\/immowelt_estatepro_20260402162518\/Homepage_2024_NEW_estatePro20260402162518.xml\";s:12:\"mapping_file\";s:116:\"\/www\/htdocs\/w0172e0e\/ruhr-real_2024\/wp-content\/uploads\/immonex-openimmo-import\/mappings\/houzez_ruhrreal_20260325.csv\";s:9:\"timestamp\";i:1775139977;s:4:\"date\";s:10:\"2026-04-02\";s:4:\"time\";s:8:\"16:26:17\";}"],"_immonex_is_sold":[""],"_immonex_is_reserved":[""],"_immonex_is_available":["1"],"_immonex_areabutler_url_with_address":[""],"_immonex_areabutler_url_no_address":[""],"_immonex_areabutler_url":[""],"additional_features":["a:14:{i:0;a:2:{s:29:\"fave_additional_feature_title\";s:11:\"Heizungsart\";s:29:\"fave_additional_feature_value\";s:11:\"Fernheizung\";}i:1;a:2:{s:29:\"fave_additional_feature_title\";s:14:\"Nettokaltmiete\";s:29:\"fave_additional_feature_value\";s:13:\"8,50&nbsp;\u20ac\";}i:2;a:2:{s:29:\"fave_additional_feature_title\";s:9:\"Kaltmiete\";s:29:\"fave_additional_feature_value\";s:13:\"8,50&nbsp;\u20ac\";}i:3;a:2:{s:29:\"fave_additional_feature_title\";s:29:\"monatl. Betriebs-\/Nebenkosten\";s:29:\"fave_additional_feature_value\";s:10:\"3&nbsp;\u20ac\";}i:4;a:2:{s:29:\"fave_additional_feature_title\";s:33:\"Heizkosten in Warmmiete enthalten\";s:29:\"fave_additional_feature_value\";s:4:\"nein\";}i:5;a:2:{s:29:\"fave_additional_feature_title\";s:32:\"Preise zuz\u00fcglich Mehrwertsteuer\";s:29:\"fave_additional_feature_value\";s:4:\"nein\";}i:6;a:2:{s:29:\"fave_additional_feature_title\";s:23:\"Netto-Kaltmiete pro m\u00b2\";s:29:\"fave_additional_feature_value\";s:13:\"8,50&nbsp;\u20ac\";}i:7;a:2:{s:29:\"fave_additional_feature_title\";s:10:\"MwSt.-Satz\";s:29:\"fave_additional_feature_value\";s:9:\"19&nbsp;%\";}i:8;a:2:{s:29:\"fave_additional_feature_title\";s:12:\"B\u00fcrofl\u00e4che\";s:29:\"fave_additional_feature_value\";s:12:\"227&nbsp;m\u00b2\";}i:9;a:2:{s:29:\"fave_additional_feature_title\";s:16:\"B\u00fcroteilfl\u00e4che\";s:29:\"fave_additional_feature_value\";s:12:\"227&nbsp;m\u00b2\";}i:10;a:2:{s:29:\"fave_additional_feature_title\";s:10:\"Teilbar ab\";s:29:\"fave_additional_feature_value\";s:12:\"227&nbsp;m\u00b2\";}i:11;a:2:{s:29:\"fave_additional_feature_title\";s:19:\"Art der Ausstattung\";s:29:\"fave_additional_feature_value\";s:8:\"Standard\";}i:12;a:2:{s:29:\"fave_additional_feature_title\";s:7:\"Zustand\";s:29:\"fave_additional_feature_value\";s:8:\"gepflegt\";}i:13;a:2:{s:29:\"fave_additional_feature_title\";s:27:\"Immobilie ist verf\u00fcgbar ab\";s:29:\"fave_additional_feature_value\";s:9:\"ab sofort\";}}"],"fave_additional_features_enable":["enable"],"_immonex_custom_fields":["a:1:{s:23:\"Energieausweis-Jahrgang\";a:5:{s:14:\"mapping_source\";s:38:\"zustand_angaben->energiepass->jahrgang\";s:4:\"name\";s:0:\"\";s:5:\"group\";s:5:\"epass\";s:5:\"value\";s:13:\"not available\";s:19:\"value_before_filter\";s:4:\"ohne\";}}"],"_immonex_property_xml_source":["<?xml version=\"1.0\"?>\n<immobilie>\n<objektkategorie>\n<nutzungsart WOHNEN=\"false\" GEWERBE=\"true\"\/>\n<vermarktungsart KAUF=\"false\" MIETE_PACHT=\"true\"\/>\n<objektart>\n<buero_praxen buero_typ=\"BUEROHAUS\"\/>\n<\/objektart>\n<user_defined_simplefield\/>\n<\/objektkategorie>\n<geo>\n<plz>45127<\/plz>\n<ort>Essen<\/ort>\n<strasse>Limbecker Stra&#xDF;e<\/strasse>\n<hausnummer>71-73<\/hausnummer>\n<land iso_land=\"DEU\"\/>\n<lage_im_bau\/>\n<regionaler_zusatz>Stadtkern<\/regionaler_zusatz>\n<\/geo>\n<kontaktperson>\n<email_zentrale>anfrage@ruhr-real.de<\/email_zentrale>\n<email_direkt>kruse@ruhr-real.de<\/email_direkt>\n<tel_durchw>+49 201 999963-33<\/tel_durchw>\n<tel_fax>+49 201 99 99 63 44<\/tel_fax>\n<tel_handy>+49 162 88 87 076<\/tel_handy>\n<name>Kruse<\/name>\n<vorname>Samuel<\/vorname>\n<anrede>Herr<\/anrede>\n<firma>RUHR REAL GmbH<\/firma>\n<strasse>Holsterhauser Platz<\/strasse>\n<hausnummer>2<\/hausnummer>\n<plz>45147<\/plz>\n<ort>Essen<\/ort>\n<adressfreigabe>true<\/adressfreigabe>\n<\/kontaktperson>\n<preise>\n<nettokaltmiete>8.50<\/nettokaltmiete>\n<kaltmiete>8.50<\/kaltmiete>\n<nebenkosten>3.00<\/nebenkosten>\n<heizkosten_enthalten>false<\/heizkosten_enthalten>\n<zzg_mehrwertsteuer>false<\/zzg_mehrwertsteuer>\n<preis_zeiteinheit\/>\n<mietpreis_pro_qm>8.5000<\/mietpreis_pro_qm>\n<provisionspflichtig>false<\/provisionspflichtig>\n<waehrung iso_waehrung=\"EUR\"\/>\n<mwst_satz>19.00<\/mwst_satz>\n<stp_carport\/>\n<stp_duplex\/>\n<stp_freiplatz\/>\n<stp_garage\/>\n<stp_parkhaus\/>\n<stp_tiefgarage\/>\n<\/preise>\n<bieterverfahren\/>\n<versteigerung\/>\n<flaechen>\n<bueroflaeche>227<\/bueroflaeche>\n<bueroteilflaeche>227<\/bueroteilflaeche>\n<teilbar_ab>227<\/teilbar_ab>\n<\/flaechen>\n<ausstattung>\n<ausstatt_kategorie>STANDARD<\/ausstatt_kategorie>\n<raeume_veraenderbar>true<\/raeume_veraenderbar>\n<bad\/>\n<kueche\/>\n<heizungsart FERN=\"true\"\/>\n<befeuerung\/>\n<fahrstuhl\/>\n<ausricht_balkon_terrasse\/>\n<angeschl_gastronomie\/>\n<sicherheitstechnik\/>\n<\/ausstattung>\n<zustand_angaben>\n<baujahr>1950<\/baujahr>\n<zustand zustand_art=\"GEPFLEGT\"\/>\n<energiepass>\n<jahrgang>ohne<\/jahrgang>\n<\/energiepass>\n<\/zustand_angaben>\n<bewertung\/>\n<infrastruktur\/>\n<freitexte>\n<objekttitel>Ihr neues B&#xFC;ro am Limbecker Platz! Helle, moderne R&#xE4;umlichkeiten | flexibler Grundriss<\/objekttitel>\n<lage>Die repr&#xE4;sentative Gewerbeimmobilie befindet sich vis-a-vis vom Limbecker Platz in Essen. Durch seine Zentralit&#xE4;t erm&#xF6;glicht das Objekt perfekte &#xD6;PNV-Anbindungen. Die A40 und die A52 sind innerhalb weniger Fahrminuten zu erreichen. \nDurch die Ecklage an einer stark frequentierten Stra&#xDF;e bietet das Geb&#xE4;ude perfekte Werbem&#xF6;glichkeiten.\nF&#xFC;r die Nahversorgung stehen zahlreiche Lokale direkt vor Ort.\n\nBedeutende Unternehmen in der B&#xFC;romarktzone: WGV-Versicherungen, Deutsche Rentenversicherung, SF Education, NESTOR Bildungsinstitut\n\nHotels in der Umgebung: Hotel Lindenhof, HolidayInn, Hotel Motel One<\/lage>\n<ausstatt_beschr>&#x2022; Sonnenschutz: nach Vereinbarung\n&#x2022; Bodenbelag: Teppichboden\/ nach Mieterwunsch\n&#x2022; Verkabelung: Mietersache\n&#x2022; Kabelf&#xFC;hrung: Fensterbankkabelkanal\n&#x2022; Beleuchtung: Deckenleuchten\n&#x2022; Teek&#xFC;che: Anschl&#xFC;sse vorhanden\n\nDie Ausstattung kann bei Bedarf angepasst werden!<\/ausstatt_beschr>\n<objektbeschreibung>Die direkt in der Fu&#xDF;g&#xE4;ngerzone vorfindbare Eckimmobilie befindet sich vis-&#xE1;-vis zum Einkaufscenter Limbecker Platz und  zeichnet sich durch ihre individuell nutzbare Raumaufteilung aus. Das Objekt hat eine optimale Sichtbarkeit und bietet viel Platz f&#xFC;r individuelle Gestaltungsm&#xF6;glichkeiten. Der neue Mieter kann die Fl&#xE4;chen selbst mitgestalten und nach seinen individuellen Anspr&#xFC;chen einrichten. Die R&#xE4;ume sind hell, modern und bieten einen Arbeitsplatz zum wohlf&#xFC;hlen. Durch zentrale Citylage ist die &#xD6;PNV-Anbindung optimal.\n\nFolgende Fl&#xE4;chen stehen aktuell zur Disposition:\n\n3. OG: ca. 227 m&#xB2;\n\n<\/objektbeschreibung><sonstige_angaben>Es gelten ausschlie&#xDF;lich unsere AGB (www.ruhr-real.de\/agb). Wir m&#xF6;chten Sie darauf hinweisen, dass die Angaben ausschlie&#xDF;lich auf den uns vom Eigent&#xFC;mer &#xFC;bermittelten Unterlagen und Informationen basieren. F&#xFC;r Richtigkeit und Vollst&#xE4;ndigkeit &#xFC;bernehmen wir keine Gew&#xE4;hr. Zwischenvermietung vorbehalten.<\/sonstige_angaben>\n<\/freitexte>\n<anhaenge>\n<anhang location=\"EXTERN\" gruppe=\"TITELBILD\">\n<anhangtitel>Au&#xDF;enansicht<\/anhangtitel>\n<format>jpg<\/format>\n<daten>\n<pfad>09d5f493815d4c659f2b6a2632787b3b.jpg<\/pfad>\n<\/daten>\n<\/anhang>\n<anhang location=\"EXTERN\" gruppe=\"BILD\">\n<anhangtitel>B&#xFC;roansicht<\/anhangtitel>\n<format>jpg<\/format>\n<daten>\n<pfad>cb1dd6f2efd7443db1326132c369e9a1.jpg<\/pfad>\n<\/daten>\n<\/anhang>\n<anhang location=\"EXTERN\" gruppe=\"BILD\">\n<anhangtitel>Doppelb&#xFC;roansicht<\/anhangtitel>\n<format>jpg<\/format>\n<daten>\n<pfad>e24f630675314b67893b26978b3a4a0e.jpg<\/pfad>\n<\/daten>\n<\/anhang>\n<anhang location=\"EXTERN\" gruppe=\"BILD\">\n<anhangtitel>Gro&#xDF;raumb&#xFC;ro<\/anhangtitel>\n<format>jpg<\/format>\n<daten>\n<pfad>f65c1b52a592497886b81c3f3c9c8a90.jpg<\/pfad>\n<\/daten>\n<\/anhang>\n<anhang location=\"EXTERN\" gruppe=\"BILD\">\n<anhangtitel>Schulungsraum<\/anhangtitel>\n<format>jpg<\/format>\n<daten>\n<pfad>732011a5c903454caa1d216a8d82cc8c.jpg<\/pfad>\n<\/daten>\n<\/anhang>\n<anhang location=\"EXTERN\" gruppe=\"BILD\">\n<anhangtitel>Fluransicht<\/anhangtitel>\n<format>jpg<\/format>\n<daten>\n<pfad>378002a9387e46e4a13059d05b410952.jpg<\/pfad>\n<\/daten>\n<\/anhang>\n<anhang location=\"EXTERN\" gruppe=\"BILD\">\n<anhangtitel>K&#xFC;chenansicht<\/anhangtitel>\n<format>jpg<\/format>\n<daten>\n<pfad>c6c39a2943654fb8ae4644a85fb3715e.jpg<\/pfad>\n<\/daten>\n<\/anhang>\n<anhang location=\"EXTERN\" gruppe=\"GRUNDRISS\">\n<anhangtitel>1. OG<\/anhangtitel>\n<format>JPG<\/format>\n<daten>\n<pfad>9d0a16075cc24d8aaa0dca4da636287f.JPG<\/pfad>\n<\/daten>\n<\/anhang>\n<anhang location=\"EXTERN\" gruppe=\"GRUNDRISS\">\n<anhangtitel>3. OG<\/anhangtitel>\n<format>png<\/format>\n<daten>\n<pfad>e25b967b539b477182371239d602cb3b.png<\/pfad>\n<\/daten>\n<\/anhang>\n<\/anhaenge>\n<verwaltung_objekt>\n<objektadresse_freigeben>false<\/objektadresse_freigeben>\n<verfuegbar_ab>ab sofort<\/verfuegbar_ab>\n<gruppennummer>1<\/gruppennummer>\n<geschlecht\/>\n<gewerbliche_nutzung>true<\/gewerbliche_nutzung>\n<\/verwaltung_objekt>\n<verwaltung_techn>\n<objektnr_intern>85F912A28C2B4C1487DB97C5F49AD805<\/objektnr_intern>\n<objektnr_extern>588\/E1<\/objektnr_extern>\n<aktion aktionart=\"CHANGE\"\/>\n<openimmo_obid>85F912A28C2B4C1487DB97C5F49AD805<\/openimmo_obid>\n<kennung_ursprung>estatePro V10.0.0.8<\/kennung_ursprung>\n<stand_vom>2026-04-02<\/stand_vom>\n<\/verwaltung_techn>\n<user_defined_simplefield feldname=\"Startseite\">Nein<\/user_defined_simplefield>\n<\/immobilie>\n"],"_immonex_energy_class":[""],"_immonex_energy_class_id":["0"],"_thumbnail_id":["185749"],"fave_property_images":["185749","185750","185751","185752","185753","185754","185755"],"fave_floor_plans_enable":["enable"],"floor_plans":["a:2:{i:0;a:7:{s:15:\"fave_plan_title\";s:5:\"1. OG\";s:15:\"fave_plan_rooms\";s:0:\"\";s:19:\"fave_plan_bathrooms\";s:0:\"\";s:15:\"fave_plan_price\";s:0:\"\";s:14:\"fave_plan_size\";s:0:\"\";s:15:\"fave_plan_image\";s:84:\"https:\/\/ruhr-real.de\/wp-content\/uploads\/2026\/04\/9d0a16075cc24d8aaa0dca4da636287f.jpg\";s:21:\"fave_plan_description\";s:0:\"\";}i:1;a:7:{s:15:\"fave_plan_title\";s:5:\"3. OG\";s:15:\"fave_plan_rooms\";s:0:\"\";s:19:\"fave_plan_bathrooms\";s:0:\"\";s:15:\"fave_plan_price\";s:0:\"\";s:14:\"fave_plan_size\";s:0:\"\";s:15:\"fave_plan_image\";s:84:\"https:\/\/ruhr-real.de\/wp-content\/uploads\/2026\/04\/e25b967b539b477182371239d602cb3b.png\";s:21:\"fave_plan_description\";s:0:\"\";}}"],"fave_prop_homeslider":["yes"],"fave_prop_slider_image":["185749"],"fave_agents":["152858"],"fave_agent_display_option":["agent_info"],"fave_single_top_area":["global"],"fave_single_content_area":["global"],"fave_property_map":["1"],"fave_property_map_street_view":["hide"],"fave_property_size_prefix":["m\u00b2"],"fave_property_land_postfix":["m\u00b2"],"fave_featured":["0"],"houzez_featured_listing_date":[""],"fave_property_price_postfix":["pro&nbsp;m\u00b2"],"fave_currency":["EUR"],"fave_currency_info":["a:8:{s:2:\"id\";s:1:\"1\";s:13:\"currency_name\";s:4:\"Euro\";s:13:\"currency_code\";s:3:\"EUR\";s:15:\"currency_symbol\";s:3:\"\u20ac\";s:17:\"currency_position\";s:5:\"after\";s:16:\"currency_decimal\";s:1:\"2\";s:26:\"currency_decimal_separator\";s:1:\",\";s:27:\"currency_thousand_separator\";s:1:\".\";}"],"_wpml_word_count":["352"],"houzez_total_property_views":["219"],"houzez_views_by_date":["a:28:{s:10:\"04-02-2026\";i:4;s:10:\"04-03-2026\";i:8;s:10:\"04-04-2026\";i:8;s:10:\"04-05-2026\";i:8;s:10:\"04-06-2026\";i:8;s:10:\"04-07-2026\";i:12;s:10:\"04-08-2026\";i:6;s:10:\"04-09-2026\";i:10;s:10:\"04-10-2026\";i:8;s:10:\"04-11-2026\";i:8;s:10:\"04-12-2026\";i:8;s:10:\"04-13-2026\";i:8;s:10:\"04-14-2026\";i:8;s:10:\"04-15-2026\";i:8;s:10:\"04-16-2026\";i:8;s:10:\"04-17-2026\";i:8;s:10:\"04-18-2026\";i:8;s:10:\"04-19-2026\";i:8;s:10:\"04-20-2026\";i:8;s:10:\"04-21-2026\";i:8;s:10:\"04-22-2026\";i:8;s:10:\"04-23-2026\";i:8;s:10:\"04-24-2026\";i:8;s:10:\"04-25-2026\";i:8;s:10:\"04-26-2026\";i:8;s:10:\"04-27-2026\";i:8;s:10:\"04-28-2026\";i:8;s:10:\"04-29-2026\";i:3;}"],"houzez_recently_viewed":["2026-04-29 10:28:47"],"_elementor_page_assets":["a:0:{}"]},"_links":{"self":[{"href":"https:\/\/ruhr-real.de\/en\/wp-json\/wp\/v2\/properties\/116269","targetHints":{"allow":["GET"]}}],"collection":[{"href":"https:\/\/ruhr-real.de\/en\/wp-json\/wp\/v2\/properties"}],"about":[{"href":"https:\/\/ruhr-real.de\/en\/wp-json\/wp\/v2\/types\/property"}],"author":[{"embeddable":true,"href":"https:\/\/ruhr-real.de\/en\/wp-json\/wp\/v2\/users\/1"}],"version-history":[{"count":0,"href":"https:\/\/ruhr-real.de\/en\/wp-json\/wp\/v2\/properties\/116269\/revisions"}],"wp:featuredmedia":[{"embeddable":true,"href":"https:\/\/ruhr-real.de\/en\/wp-json\/wp\/v2\/media\/185749"}],"wp:attachment":[{"href":"https:\/\/ruhr-real.de\/en\/wp-json\/wp\/v2\/media?parent=116269"}],"wp:term":[{"taxonomy":"property_type","embeddable":true,"href":"https:\/\/ruhr-real.de\/en\/wp-json\/wp\/v2\/property_type?post=116269"},{"taxonomy":"property_status","embeddable":true,"href":"https:\/\/ruhr-real.de\/en\/wp-json\/wp\/v2\/property_status?post=116269"},{"taxonomy":"property_feature","embeddable":true,"href":"https:\/\/ruhr-real.de\/en\/wp-json\/wp\/v2\/property_feature?post=116269"},{"taxonomy":"property_label","embeddable":true,"href":"https:\/\/ruhr-real.de\/en\/wp-json\/wp\/v2\/property_label?post=116269"},{"taxonomy":"property_country","embeddable":true,"href":"https:\/\/ruhr-real.de\/en\/wp-json\/wp\/v2\/property_country?post=116269"},{"taxonomy":"property_state","embeddable":true,"href":"https:\/\/ruhr-real.de\/en\/wp-json\/wp\/v2\/property_state?post=116269"},{"taxonomy":"property_city","embeddable":true,"href":"https:\/\/ruhr-real.de\/en\/wp-json\/wp\/v2\/property_city?post=116269"},{"taxonomy":"property_area","embeddable":true,"href":"https:\/\/ruhr-real.de\/en\/wp-json\/wp\/v2\/property_area?post=116269"}],"curies":[{"name":"wp","href":"https:\/\/api.w.org\/{rel}","templated":true}]}}