{"id":117002,"date":"2025-02-13T00:01:22","date_gmt":"2025-02-12T23:01:22","guid":{"rendered":"https:\/\/2024.ruhr-real.de\/immobilien\/ihre-neue-bueroflaeche-in-city-lage-provisionsfrei\/"},"modified":"2025-02-13T08:31:22","modified_gmt":"2025-02-13T07:31:22","slug":"ihre-neue-bueroflaeche-in-city-lage-provisionsfrei","status":"publish","type":"property","link":"https:\/\/ruhr-real.de\/en\/objekt\/ihre-neue-bueroflaeche-in-city-lage-provisionsfrei\/","title":{"rendered":"Ihre neue B\u00fcrofl\u00e4che in CITY-Lage | provisionsfrei"},"content":{"rendered":"<p>Die angebotene Liegenschaft im Herzen von Moers bietet viel Raum zur Entfaltung. Der Ausbau und die Renovierung erfolgen nach Mieterwunsch. Zum Einzug wird die Elektrik sowie die Beleuchtung erneuert. Ab Mitte 2024 ist das EG zur Anmietung verf\u00fcgbar. Gleiches trifft auf eine weitere Einheit im 1. OG zu.<br \/>\nDie lichtdurchflutete B\u00fcrofl\u00e4che hat teilweise bodentiefe Fenster.<\/p>\n<p>Derzeit stehen folgende Fl\u00e4chen zur Disposition:<\/p>\n<p>1. OG: 210 m\u00b2<br \/>\n1. OG: 126 m\u00b2<\/p>\n<p>Das Objekt befindet sich direkt in der Moerser Innenstadt und hat daher eine ausgezeichnete Lage. Sowohl diverse, gastronomische Angebote der Nahversorgung, als auch die \u00d6PNV-Anbindung befinden sich in fu\u00dfl\u00e4ufiger Distanz. Die Autobahnen A 40 und A 57 sind nur wenige Fahrtminuten entfernt. Das Gleiche gilt f\u00fcr den Moerser Hauptbahnhof. Der n\u00e4chste Flughafen liegt ca. 25 Minuten mit dem Auto entfernt.<\/p>\n<p>Bedeutende Unternehmen in der B\u00fcromarktzone: Stiftung Krankenhaus Bethanien, Stadt Moers, EDEKA Handelsgesellschaft Rhein-Ruhr mbH, Niederrheinische Verkehrsbetriebe AG<\/p>\n<p>Hotels in der N\u00e4he: Liro Hotel Moers, Hotel Moers van der Valk, Hotel Demir, Hotel Moerser Hof<\/p>\n<p>\u2022 Bodenbelag: nach Mieterwunsch<br \/>\n\u2022 Sonnenschutz: innenliegend, manuell<br \/>\n\u2022 Beleuchtung: Rasterleuchten, LED zum Einzug<br \/>\n\u2022 EDV-Verkabelung: CAT-5, erneuerte Elektrik zum Einzug<br \/>\n\u2022 Teek\u00fcche: Anschluss vorhanden<br \/>\n\u2022 Hausmeister<\/p>\n<p>Die Ausstattung kann bei Bedarf angepasst werden!<\/p>\n<p>Es gelten ausschlie\u00dflich unsere AGB (www.ruhr-real.de\/agb). Wir m\u00f6chten Sie darauf hinweisen, dass die Angaben ausschlie\u00dflich auf den uns vom Eigent\u00fcmer \u00fcbermittelten Unterlagen und Informationen basieren. F\u00fcr Richtigkeit und Vollst\u00e4ndigkeit \u00fcbernehmen wir keine Gew\u00e4hr. Zwischenvermietung vorbehalten.<br \/>\n<div class=\"widget widget_immonex_user_defined_properties_widget\"><div class=\"immonex-widget immonex-widget-houzez\">\n\t\t<div class=\"immonex-widget-title clearfix\">\n\t\t<h2 class=\"widgettitle\">Energieeffizienz<\/h2>\t<\/div>\n\t\t<ul class=\"immonex-property-details row list-lined list-unstyled\">\n\t\t\t\t<li>\n\t\t\t<div class=\"list-lined-item w-100 d-flex justify-content-between py-2\">\n\t\t\t\t\t\t\t\t<strong class=\"property-details-label\">Energieausweis-Jahrgang:<\/strong>&nbsp;<span class=\"property-details-value\">not available<\/span>\n\t\t\t\t\t\t\t<\/div>\n\t\t<\/li>\n\t\t\t<\/ul>\n<\/div><\/div><\/p>\n","protected":false},"excerpt":{"rendered":"<p>Die angebotene Liegenschaft im Herzen von Moers bietet viel Raum zur Entfaltung. Der Ausbau und die Renovierung&#8230;<\/p>\n","protected":false},"author":1,"featured_media":145693,"parent":0,"menu_order":0,"template":"","property_type":[379],"property_status":[352],"property_feature":[537,350],"property_label":[],"property_country":[353],"property_state":[],"property_city":[386],"property_area":[],"class_list":["post-117002","property","type-property","status-publish","has-post-thumbnail","hentry","property_type-bueroflaechen","property_status-zu-vermieten","property_feature-gewerbliche-nutzung-moeglich","property_feature-raeume-veraenderbar","property_country-deutschland","property_city-moers"],"acf":[],"property_meta":{"_immonex_import_folder":["users\/RUHRREAL"],"_immonex_translation_id":["2998\/E2"],"_openimmo_obid":["F0BECECB2DA3461F9E3C8342C4409BDB"],"_is_immonex_import_property":["1"],"_immonex_is_reference":[""],"rank_math_internal_links_processed":["1"],"fave_property_map_address":["47441  Moers"],"fave_property_zip":["47441 "],"fave_property_country":["DE"],"_immonex_lat":["51.4501129"],"_immonex_lng":["6.6455115"],"houzez_geolocation_lat":["51.4501129"],"houzez_geolocation_long":["6.6455115"],"fave_property_location":["51.4501129,6.6455115"],"fave_property_price":["7.90"],"fave_property_sec_price":["7.9000"],"fave_property_size":["210"],"fave_property_id":["2998\/E2"],"_immonex_iso_country":["DEU"],"_openimmo_anid":["0000"],"_immonex_group_number":[""],"_immonex_group_id":[""],"_immonex_group_master":[""],"_immonex_import_meta":["a:6:{s:8:\"zip_file\";s:131:\"\/www\/htdocs\/w0172e0e\/ruhr-real_2024\/wp-content\/uploads\/immonex-openimmo-import\/users\/RUHRREAL\/Immowelt_estatePro_20250213083037.zip\";s:8:\"xml_file\";s:158:\"\/www\/htdocs\/w0172e0e\/ruhr-real_2024\/wp-content\/uploads\/immonex-openimmo-import\/immowelt_estatepro_20250213083037\/Homepage_2024_NEW_estatePro20250213083037.xml\";s:12:\"mapping_file\";s:116:\"\/www\/htdocs\/w0172e0e\/ruhr-real_2024\/wp-content\/uploads\/immonex-openimmo-import\/mappings\/houzez_ruhrreal_18122023.csv\";s:9:\"timestamp\";i:1739431896;s:4:\"date\";s:10:\"2025-02-13\";s:4:\"time\";s:8:\"08:31:36\";}"],"_immonex_is_sold":[""],"_immonex_is_reserved":[""],"_immonex_is_available":["1"],"additional_features":["a:14:{i:0;a:2:{s:29:\"fave_additional_feature_title\";s:11:\"Heizungsart\";s:29:\"fave_additional_feature_value\";s:14:\"Zentralheizung\";}i:1;a:2:{s:29:\"fave_additional_feature_title\";s:14:\"Nettokaltmiete\";s:29:\"fave_additional_feature_value\";s:13:\"7,90&nbsp;\u20ac\";}i:2;a:2:{s:29:\"fave_additional_feature_title\";s:9:\"Kaltmiete\";s:29:\"fave_additional_feature_value\";s:13:\"7,90&nbsp;\u20ac\";}i:3;a:2:{s:29:\"fave_additional_feature_title\";s:29:\"monatl. Betriebs-\/Nebenkosten\";s:29:\"fave_additional_feature_value\";s:13:\"3,95&nbsp;\u20ac\";}i:4;a:2:{s:29:\"fave_additional_feature_title\";s:33:\"Heizkosten in Warmmiete enthalten\";s:29:\"fave_additional_feature_value\";s:4:\"nein\";}i:5;a:2:{s:29:\"fave_additional_feature_title\";s:32:\"Preise zuz\u00fcglich Mehrwertsteuer\";s:29:\"fave_additional_feature_value\";s:4:\"nein\";}i:6;a:2:{s:29:\"fave_additional_feature_title\";s:23:\"Netto-Kaltmiete pro m\u00b2\";s:29:\"fave_additional_feature_value\";s:13:\"7,90&nbsp;\u20ac\";}i:7;a:2:{s:29:\"fave_additional_feature_title\";s:10:\"MwSt.-Satz\";s:29:\"fave_additional_feature_value\";s:9:\"19&nbsp;%\";}i:8;a:2:{s:29:\"fave_additional_feature_title\";s:12:\"B\u00fcrofl\u00e4che\";s:29:\"fave_additional_feature_value\";s:12:\"336&nbsp;m\u00b2\";}i:9;a:2:{s:29:\"fave_additional_feature_title\";s:16:\"B\u00fcroteilfl\u00e4che\";s:29:\"fave_additional_feature_value\";s:12:\"210&nbsp;m\u00b2\";}i:10;a:2:{s:29:\"fave_additional_feature_title\";s:10:\"Teilbar ab\";s:29:\"fave_additional_feature_value\";s:12:\"210&nbsp;m\u00b2\";}i:11;a:2:{s:29:\"fave_additional_feature_title\";s:19:\"Art der Ausstattung\";s:29:\"fave_additional_feature_value\";s:8:\"Standard\";}i:12;a:2:{s:29:\"fave_additional_feature_title\";s:7:\"Zustand\";s:29:\"fave_additional_feature_value\";s:17:\"nach Vereinbarung\";}i:13;a:2:{s:29:\"fave_additional_feature_title\";s:27:\"Immobilie ist verf\u00fcgbar ab\";s:29:\"fave_additional_feature_value\";s:9:\"ab sofort\";}}"],"fave_additional_features_enable":["enable"],"_immonex_custom_fields":["a:1:{s:23:\"Energieausweis-Jahrgang\";a:5:{s:14:\"mapping_source\";s:38:\"zustand_angaben->energiepass->jahrgang\";s:4:\"name\";s:0:\"\";s:5:\"group\";s:5:\"epass\";s:5:\"value\";s:13:\"not available\";s:19:\"value_before_filter\";s:4:\"ohne\";}}"],"_immonex_property_xml_source":["<?xml version=\"1.0\"?>\n<immobilie>\n<objektkategorie>\n<nutzungsart WOHNEN=\"false\" GEWERBE=\"true\"\/>\n<vermarktungsart KAUF=\"false\" MIETE_PACHT=\"true\"\/>\n<objektart>\n<buero_praxen buero_typ=\"BUEROHAUS\"\/>\n<\/objektart>\n<user_defined_simplefield\/>\n<\/objektkategorie>\n<geo>\n<plz>47441 <\/plz>\n<ort>Moers<\/ort>\n<strasse>Steinstra&#xDF;e<\/strasse>\n<hausnummer>30-32, 47441 Moers<\/hausnummer>\n<land iso_land=\"DEU\"\/>\n<lage_im_bau\/>\n<\/geo>\n<kontaktperson>\n<email_zentrale>anfrage@ruhr-real.de<\/email_zentrale>\n<email_direkt>schuerk@ruhr-real.de<\/email_direkt>\n<tel_durchw>+49 201 99996333<\/tel_durchw>\n<tel_handy>+49 162 4192000<\/tel_handy>\n<name>Sch&#xFC;rk<\/name>\n<vorname>Christopher<\/vorname>\n<anrede>Herr<\/anrede>\n<firma>RUHR REAL GmbH<\/firma>\n<strasse>Holsterhauser Platz<\/strasse>\n<hausnummer>2<\/hausnummer>\n<plz>45147<\/plz>\n<ort>Essen<\/ort>\n<adressfreigabe>true<\/adressfreigabe>\n<\/kontaktperson>\n<preise>\n<nettokaltmiete>7.90<\/nettokaltmiete>\n<kaltmiete>7.90<\/kaltmiete>\n<nebenkosten>3.95<\/nebenkosten>\n<heizkosten_enthalten>false<\/heizkosten_enthalten>\n<zzg_mehrwertsteuer>false<\/zzg_mehrwertsteuer>\n<preis_zeiteinheit\/>\n<mietpreis_pro_qm>7.9000<\/mietpreis_pro_qm>\n<provisionspflichtig>false<\/provisionspflichtig>\n<waehrung iso_waehrung=\"EUR\"\/>\n<mwst_satz>19.00<\/mwst_satz>\n<stp_carport\/>\n<stp_duplex\/>\n<stp_freiplatz\/>\n<stp_garage\/>\n<stp_parkhaus\/>\n<stp_tiefgarage\/>\n<\/preise>\n<bieterverfahren\/>\n<versteigerung\/>\n<flaechen>\n<bueroflaeche>336<\/bueroflaeche>\n<bueroteilflaeche>210<\/bueroteilflaeche>\n<teilbar_ab>210<\/teilbar_ab>\n<\/flaechen>\n<ausstattung>\n<ausstatt_kategorie>STANDARD<\/ausstatt_kategorie>\n<raeume_veraenderbar>true<\/raeume_veraenderbar>\n<bad\/>\n<kueche\/>\n<heizungsart ZENTRAL=\"true\"\/>\n<befeuerung\/>\n<fahrstuhl\/>\n<ausricht_balkon_terrasse\/>\n<angeschl_gastronomie\/>\n<sicherheitstechnik\/>\n<\/ausstattung>\n<zustand_angaben>\n<zustand zustand_art=\"NACH_VEREINBARUNG\"\/>\n<energiepass>\n<jahrgang>ohne<\/jahrgang>\n<\/energiepass>\n<\/zustand_angaben>\n<bewertung\/>\n<infrastruktur\/>\n<freitexte>\n<objekttitel>Ihre neue B&#xFC;rofl&#xE4;che in CITY-Lage | provisionsfrei<\/objekttitel>\n<lage>Das Objekt befindet sich direkt in der Moerser Innenstadt und hat daher eine ausgezeichnete Lage. Sowohl diverse, gastronomische Angebote der Nahversorgung, als auch die &#xD6;PNV-Anbindung befinden sich in fu&#xDF;l&#xE4;ufiger Distanz. Die Autobahnen A 40 und A 57 sind nur wenige Fahrtminuten entfernt. Das Gleiche gilt f&#xFC;r den Moerser Hauptbahnhof. Der n&#xE4;chste Flughafen liegt ca. 25 Minuten mit dem Auto entfernt.\n\nBedeutende Unternehmen in der B&#xFC;romarktzone: Stiftung Krankenhaus Bethanien, Stadt Moers, EDEKA Handelsgesellschaft Rhein-Ruhr mbH, Niederrheinische Verkehrsbetriebe AG\n\nHotels in der N&#xE4;he: Liro Hotel Moers, Hotel Moers van der Valk, Hotel Demir, Hotel Moerser Hof<\/lage>\n<ausstatt_beschr>&#x2022; Bodenbelag: nach Mieterwunsch\n&#x2022; Sonnenschutz: innenliegend, manuell\n&#x2022; Beleuchtung: Rasterleuchten, LED zum Einzug\n&#x2022; EDV-Verkabelung: CAT-5, erneuerte Elektrik zum Einzug\n&#x2022; Teek&#xFC;che: Anschluss vorhanden\n&#x2022; Hausmeister\n\nDie Ausstattung kann bei Bedarf angepasst werden!<\/ausstatt_beschr>\n<objektbeschreibung>Die angebotene Liegenschaft im Herzen von Moers bietet viel Raum zur Entfaltung. Der Ausbau und die Renovierung erfolgen nach Mieterwunsch. Zum Einzug wird die Elektrik sowie die Beleuchtung erneuert. Ab Mitte 2024 ist das EG zur Anmietung verf&#xFC;gbar. Gleiches trifft auf eine weitere Einheit im 1. OG zu.\nDie lichtdurchflutete B&#xFC;rofl&#xE4;che hat teilweise bodentiefe Fenster.\n\nDerzeit stehen folgende Fl&#xE4;chen zur Disposition:\n\n1. OG: 210 m&#xB2;\n1. OG: 126 m&#xB2; <\/objektbeschreibung>\n<sonstige_angaben>Es gelten ausschlie&#xDF;lich unsere AGB (www.ruhr-real.de\/agb). Wir m&#xF6;chten Sie darauf hinweisen, dass die Angaben ausschlie&#xDF;lich auf den uns vom Eigent&#xFC;mer &#xFC;bermittelten Unterlagen und Informationen basieren. F&#xFC;r Richtigkeit und Vollst&#xE4;ndigkeit &#xFC;bernehmen wir keine Gew&#xE4;hr. Zwischenvermietung vorbehalten.<\/sonstige_angaben><\/freitexte>\n<anhaenge>\n<anhang location=\"EXTERN\" gruppe=\"TITELBILD\">\n<anhangtitel>Au&#xDF;enansicht<\/anhangtitel>\n<format>jpg<\/format>\n<daten>\n<pfad>202b544f93d24e6cad4ea82a5d3172db.jpg<\/pfad>\n<\/daten>\n<\/anhang>\n<anhang location=\"EXTERN\" gruppe=\"BILD\">\n<anhangtitel>Innenansicht<\/anhangtitel>\n<format>jpg<\/format>\n<daten>\n<pfad>250cc87d83c440ddb5468f9a31ba6992.jpg<\/pfad>\n<\/daten>\n<\/anhang>\n<anhang location=\"EXTERN\" gruppe=\"BILD\">\n<anhangtitel>Innenansicht<\/anhangtitel>\n<format>jpg<\/format>\n<daten>\n<pfad>7676dee4a1084e8e8e1a6e3994dac602.jpg<\/pfad>\n<\/daten>\n<\/anhang>\n<anhang location=\"EXTERN\" gruppe=\"BILD\">\n<anhangtitel>Innenansicht<\/anhangtitel>\n<format>jpg<\/format>\n<daten>\n<pfad>06a07426a7c74b4ab4598aa343f1fb83.jpg<\/pfad>\n<\/daten>\n<\/anhang>\n<anhang location=\"EXTERN\" gruppe=\"BILD\">\n<anhangtitel>Innenansicht<\/anhangtitel>\n<format>jpg<\/format>\n<daten>\n<pfad>11e8955cabd54e9eb1d48b93c1c26a8d.jpg<\/pfad>\n<\/daten>\n<\/anhang>\n<anhang location=\"EXTERN\" gruppe=\"BILD\">\n<anhangtitel>Innenansicht<\/anhangtitel>\n<format>jpg<\/format>\n<daten>\n<pfad>6f6cec02d6fd4821a2d56c6f9f211940.jpg<\/pfad>\n<\/daten>\n<\/anhang>\n<anhang location=\"EXTERN\" gruppe=\"BILD\">\n<anhangtitel>Au&#xDF;enansicht<\/anhangtitel>\n<format>jpg<\/format>\n<daten>\n<pfad>a8df81d2041a423b92c4ff56f104644e.jpg<\/pfad>\n<\/daten>\n<\/anhang>\n<anhang location=\"EXTERN\" gruppe=\"GRUNDRISS\">\n<anhangtitel>1. OG 210 qm<\/anhangtitel>\n<format>PNG<\/format>\n<daten>\n<pfad>fb21ef0cebb64f87ab4eb3b16db618c2.PNG<\/pfad>\n<\/daten>\n<\/anhang>\n<anhang location=\"EXTERN\" gruppe=\"GRUNDRISS\">\n<anhangtitel>1. OG 380 qm<\/anhangtitel>\n<format>PNG<\/format>\n<daten>\n<pfad>9b52b806218f4b7190bf2d2e2f8f12ec.PNG<\/pfad>\n<\/daten>\n<\/anhang>\n<\/anhaenge>\n<verwaltung_objekt>\n<objektadresse_freigeben>false<\/objektadresse_freigeben>\n<verfuegbar_ab>ab sofort<\/verfuegbar_ab>\n<geschlecht\/>\n<gewerbliche_nutzung>true<\/gewerbliche_nutzung>\n<\/verwaltung_objekt>\n<verwaltung_techn>\n<objektnr_intern>F0BECECB2DA3461F9E3C8342C4409BDB<\/objektnr_intern>\n<objektnr_extern>2998\/E2<\/objektnr_extern>\n<aktion aktionart=\"CHANGE\"\/>\n<openimmo_obid>F0BECECB2DA3461F9E3C8342C4409BDB<\/openimmo_obid>\n<kennung_ursprung>estatePro V10.0.0.8<\/kennung_ursprung>\n<stand_vom>2025-02-13<\/stand_vom>\n<\/verwaltung_techn>\n<user_defined_simplefield feldname=\"Startseite\">Nein<\/user_defined_simplefield>\n<\/immobilie>\n"],"_thumbnail_id":["145693"],"fave_property_images":["145693","145694","145695","145696","145697","145698","145699"],"fave_floor_plans_enable":["enable"],"floor_plans":["a:2:{i:0;a:7:{s:15:\"fave_plan_title\";s:12:\"1. OG 210 qm\";s:15:\"fave_plan_rooms\";s:0:\"\";s:19:\"fave_plan_bathrooms\";s:0:\"\";s:15:\"fave_plan_price\";s:0:\"\";s:14:\"fave_plan_size\";s:0:\"\";s:15:\"fave_plan_image\";s:93:\"https:\/\/ruhr-real.de\/wp-content\/uploads\/2025\/02\/fb21ef0cebb64f87ab4eb3b16db618c2-1024x861.png\";s:21:\"fave_plan_description\";s:0:\"\";}i:1;a:7:{s:15:\"fave_plan_title\";s:12:\"1. OG 380 qm\";s:15:\"fave_plan_rooms\";s:0:\"\";s:19:\"fave_plan_bathrooms\";s:0:\"\";s:15:\"fave_plan_price\";s:0:\"\";s:14:\"fave_plan_size\";s:0:\"\";s:15:\"fave_plan_image\";s:93:\"https:\/\/ruhr-real.de\/wp-content\/uploads\/2025\/02\/9b52b806218f4b7190bf2d2e2f8f12ec-1024x856.png\";s:21:\"fave_plan_description\";s:0:\"\";}}"],"fave_prop_homeslider":["yes"],"fave_prop_slider_image":["145693"],"fave_agents":["111285"],"fave_agent_display_option":["agent_info"],"fave_single_top_area":["global"],"fave_single_content_area":["global"],"fave_property_map":["1"],"fave_property_map_street_view":["hide"],"fave_property_size_prefix":["m\u00b2"],"fave_property_land_postfix":["m\u00b2"],"fave_featured":["0"],"houzez_featured_listing_date":[""],"fave_property_price_postfix":["pro&nbsp;m\u00b2"],"fave_currency":["EUR"],"fave_currency_info":["a:8:{s:2:\"id\";s:1:\"1\";s:13:\"currency_name\";s:4:\"Euro\";s:13:\"currency_code\";s:3:\"EUR\";s:15:\"currency_symbol\";s:3:\"\u20ac\";s:17:\"currency_position\";s:5:\"after\";s:16:\"currency_decimal\";s:1:\"2\";s:26:\"currency_decimal_separator\";s:1:\",\";s:27:\"currency_thousand_separator\";s:1:\".\";}"],"houzez_total_property_views":["1768"],"houzez_views_by_date":["a:61:{s:10:\"03-02-2026\";i:4;s:10:\"03-03-2026\";i:4;s:10:\"03-04-2026\";i:4;s:10:\"03-05-2026\";i:6;s:10:\"03-06-2026\";i:4;s:10:\"03-07-2026\";i:4;s:10:\"03-08-2026\";i:4;s:10:\"03-09-2026\";i:4;s:10:\"03-10-2026\";i:4;s:10:\"03-11-2026\";i:4;s:10:\"03-12-2026\";i:4;s:10:\"03-13-2026\";i:4;s:10:\"03-14-2026\";i:4;s:10:\"03-15-2026\";i:4;s:10:\"03-16-2026\";i:2;s:10:\"03-17-2026\";i:8;s:10:\"03-18-2026\";i:6;s:10:\"03-19-2026\";i:4;s:10:\"03-20-2026\";i:6;s:10:\"03-21-2026\";i:4;s:10:\"03-22-2026\";i:4;s:10:\"03-23-2026\";i:4;s:10:\"03-24-2026\";i:4;s:10:\"03-25-2026\";i:5;s:10:\"03-26-2026\";i:8;s:10:\"03-27-2026\";i:4;s:10:\"03-28-2026\";i:4;s:10:\"03-29-2026\";i:4;s:10:\"03-30-2026\";i:6;s:10:\"03-31-2026\";i:4;s:10:\"04-01-2026\";i:8;s:10:\"04-02-2026\";i:8;s:10:\"04-03-2026\";i:8;s:10:\"04-04-2026\";i:8;s:10:\"04-05-2026\";i:8;s:10:\"04-06-2026\";i:8;s:10:\"04-07-2026\";i:11;s:10:\"04-08-2026\";i:8;s:10:\"04-09-2026\";i:8;s:10:\"04-10-2026\";i:8;s:10:\"04-11-2026\";i:6;s:10:\"04-12-2026\";i:8;s:10:\"04-13-2026\";i:8;s:10:\"04-14-2026\";i:8;s:10:\"04-15-2026\";i:8;s:10:\"04-16-2026\";i:8;s:10:\"04-17-2026\";i:8;s:10:\"04-18-2026\";i:8;s:10:\"04-19-2026\";i:8;s:10:\"04-20-2026\";i:8;s:10:\"04-21-2026\";i:8;s:10:\"04-22-2026\";i:8;s:10:\"04-23-2026\";i:8;s:10:\"04-24-2026\";i:8;s:10:\"04-25-2026\";i:8;s:10:\"04-26-2026\";i:8;s:10:\"04-27-2026\";i:8;s:10:\"04-28-2026\";i:8;s:10:\"04-29-2026\";i:7;s:10:\"04-30-2026\";i:10;s:10:\"05-01-2026\";i:4;}"],"houzez_recently_viewed":["2026-05-01 10:35:04"],"tp_widgets":["a:2:{s:7:\"widgets\";a:0:{}s:9:\"update_at\";s:10:\"1764682733\";}"],"_elementor_page_assets":["a:0:{}"]},"_links":{"self":[{"href":"https:\/\/ruhr-real.de\/en\/wp-json\/wp\/v2\/properties\/117002","targetHints":{"allow":["GET"]}}],"collection":[{"href":"https:\/\/ruhr-real.de\/en\/wp-json\/wp\/v2\/properties"}],"about":[{"href":"https:\/\/ruhr-real.de\/en\/wp-json\/wp\/v2\/types\/property"}],"author":[{"embeddable":true,"href":"https:\/\/ruhr-real.de\/en\/wp-json\/wp\/v2\/users\/1"}],"version-history":[{"count":0,"href":"https:\/\/ruhr-real.de\/en\/wp-json\/wp\/v2\/properties\/117002\/revisions"}],"wp:featuredmedia":[{"embeddable":true,"href":"https:\/\/ruhr-real.de\/en\/wp-json\/wp\/v2\/media\/145693"}],"wp:attachment":[{"href":"https:\/\/ruhr-real.de\/en\/wp-json\/wp\/v2\/media?parent=117002"}],"wp:term":[{"taxonomy":"property_type","embeddable":true,"href":"https:\/\/ruhr-real.de\/en\/wp-json\/wp\/v2\/property_type?post=117002"},{"taxonomy":"property_status","embeddable":true,"href":"https:\/\/ruhr-real.de\/en\/wp-json\/wp\/v2\/property_status?post=117002"},{"taxonomy":"property_feature","embeddable":true,"href":"https:\/\/ruhr-real.de\/en\/wp-json\/wp\/v2\/property_feature?post=117002"},{"taxonomy":"property_label","embeddable":true,"href":"https:\/\/ruhr-real.de\/en\/wp-json\/wp\/v2\/property_label?post=117002"},{"taxonomy":"property_country","embeddable":true,"href":"https:\/\/ruhr-real.de\/en\/wp-json\/wp\/v2\/property_country?post=117002"},{"taxonomy":"property_state","embeddable":true,"href":"https:\/\/ruhr-real.de\/en\/wp-json\/wp\/v2\/property_state?post=117002"},{"taxonomy":"property_city","embeddable":true,"href":"https:\/\/ruhr-real.de\/en\/wp-json\/wp\/v2\/property_city?post=117002"},{"taxonomy":"property_area","embeddable":true,"href":"https:\/\/ruhr-real.de\/en\/wp-json\/wp\/v2\/property_area?post=117002"}],"curies":[{"name":"wp","href":"https:\/\/api.w.org\/{rel}","templated":true}]}}