{"id":118004,"date":"2026-03-25T00:01:18","date_gmt":"2026-03-24T23:01:18","guid":{"rendered":"https:\/\/2024.ruhr-real.de\/immobilien\/sensationell-moderne-bueroflaechen-im-innenhafen-mit-dachterrasse-provisonsfrei\/"},"modified":"2026-03-25T11:44:18","modified_gmt":"2026-03-25T10:44:18","slug":"sensationell-moderne-bueroflaechen-im-innenhafen-mit-dachterrasse-provisonsfrei","status":"publish","type":"property","link":"https:\/\/ruhr-real.de\/en\/objekt\/sensationell-moderne-bueroflaechen-im-innenhafen-mit-dachterrasse-provisonsfrei\/","title":{"rendered":"Sensationell: Moderne B\u00fcrofl\u00e4chen im Innenhafen mit Dachterrasse | hervorragende Verkehrsanbindung"},"content":{"rendered":"<p>Bei der sehr besonderen, aus Backstein gebauten B\u00fcroimmobilie handelt es sich um ein Objekt in bester Lage des Duisburger Innenhafen. Das Objekt verf\u00fcgt \u00fcber eine gepflegte Ausstattung, eine gro\u00dfz\u00fcgige Raumgestaltung und zwei attraktive Dachterassen . Die Immobilie besticht nicht nur durch ihre Lage, sondern auch durch eine gute \u00d6PNV-Anbindung. In der hauseigenen Tiefgarage stehen Stellpl\u00e4tze zur Anmietung bereit.<\/p>\n<p>Folgende Fl\u00e4chen stehen derzeit zur Disposition:<\/p>\n<p>EG: 164 m\u00b2<br \/>\n1. OG: 634 m\u00b2<br \/>\n4. OG: 662 m\u00b2 teilbar ab 300 m\u00b2<br \/>\n5. OG: 95 m\u00b2 (nicht separat verf\u00fcgbar)<\/p>\n<p>Der Innenhafen, ein fr\u00fcherer Industriehafen, gilt als Musterbeispiel f\u00fcr den Strukturwandel im Ruhrgebiet. Der heutige Innenhafen zeichnet sich durch moderne B\u00fcroneubauten entlang der Schifferstra\u00dfe, sowie ehemalige Speichergeb\u00e4ude aus. Die Objekte bieten fast ausnahmslos einen direkten Blick auf das Wasser.<\/p>\n<p>Zu den bedeutensten Immobilien im Innenhafen z\u00e4hlen die Objekte: H2-Office, Looper, Five Boats, K\u00fcppersm\u00fchle und das Landesarchiv NRW<\/p>\n<p>Bedeutende Unternehmen in der B\u00fcromarktzone: Mitsubishi Hitachi Power, SPAETER, Volksbank Rhein-Ruhr, PKF<\/p>\n<p>Hotels der Umgebung: Wyndham Duisburger Hof, Intercity Hotel, Ibis Budget City<\/p>\n<p>\u2022 Bodenbelag: Laminat-, Fliesen-, Teppichboden<br \/>\n\u2022 Verkabelung: CAT-7\/ vom Vormieter<br \/>\n\u2022 Klimatisierung: Wand- und Deckenger\u00e4te<br \/>\n\u2022 Verkabelungsort: Bodentanks<br \/>\n\u2022 Beleuchtung: arbeitsplatzgerechte Beleuchtung<br \/>\n\u2022 Aufzug: Personenaufzug<br \/>\n\u2022 Sonnenschutz: innenliegend, manuell<br \/>\n\u2022 Teek\u00fcche: voll ausgestattet<\/p>\n<p>Die Ausstattung kann kann bei Bedarf angepasst werden!<\/p>\n<p>Es gelten ausschlie\u00dflich unsere AGB (www.ruhr-real.de\/agb). Wir m\u00f6chten Sie darauf hinweisen, dass die Angaben ausschlie\u00dflich auf den uns vom Eigent\u00fcmer \u00fcbermittelten Unterlagen und Informationen basieren. F\u00fcr Richtigkeit und Vollst\u00e4ndigkeit \u00fcbernehmen wir keine Gew\u00e4hr. Zwischenvermietung vorbehalten.<br \/>\n<div class=\"widget widget_immonex_user_defined_properties_widget\"><div class=\"immonex-widget immonex-widget-houzez\">\n\t\t<div class=\"immonex-widget-title clearfix\">\n\t\t<h2 class=\"widgettitle\">Energieeffizienz<\/h2>\t<\/div>\n\t\t<ul class=\"immonex-property-details row list-lined list-unstyled\">\n\t\t\t\t<li>\n\t\t\t<div class=\"list-lined-item w-100 d-flex justify-content-between py-2\">\n\t\t\t\t\t\t\t\t<strong class=\"property-details-label\">Energieausweis-Jahrgang:<\/strong>&nbsp;<span class=\"property-details-value\">not available<\/span>\n\t\t\t\t\t\t\t<\/div>\n\t\t<\/li>\n\t\t\t<\/ul>\n<\/div><\/div><\/p>\n","protected":false},"excerpt":{"rendered":"<p>Bei der sehr besonderen, aus Backstein gebauten B\u00fcroimmobilie handelt es sich um ein Objekt in bester Lage des&#8230;<\/p>\n","protected":false},"author":1,"featured_media":183387,"parent":0,"menu_order":0,"template":"","property_type":[379],"property_status":[352],"property_feature":[537,361,354],"property_label":[],"property_country":[353],"property_state":[],"property_city":[334],"property_area":[437],"class_list":["post-118004","property","type-property","status-publish","has-post-thumbnail","hentry","property_type-bueroflaechen","property_status-zu-vermieten","property_feature-gewerbliche-nutzung-moeglich","property_feature-klimaanlage","property_feature-personenaufzug","property_country-deutschland","property_city-duisburg","property_area-altstadt"],"acf":[],"property_meta":{"_immonex_import_folder":["users\/RUHRREAL"],"_immonex_translation_id":["486\/E4"],"_openimmo_obid":["6B094A0E87D5449E99B5CFA7093957E1"],"_is_immonex_import_property":["1"],"_immonex_is_reference":[""],"rank_math_internal_links_processed":["1"],"_immonex_post_status":["updated"],"fave_property_map_address":["47051 Duisburg"],"fave_property_zip":["47051"],"fave_property_country":["DE"],"_immonex_lat":["51.4296701"],"_immonex_lng":["6.7801771"],"houzez_geolocation_lat":["51.4296701"],"houzez_geolocation_long":["6.7801771"],"fave_property_location":["51.4296701,6.7801771"],"fave_property_price":["13.50"],"fave_property_sec_price":["13.5000"],"fave_property_size":["300"],"fave_property_year":["1999"],"fave_property_id":["486\/E4"],"_fave_property_id":["486\/E4"],"_immonex_iso_country":["DEU"],"_openimmo_anid":["0000"],"_immonex_group_number":["11"],"_immonex_group_id":[""],"_immonex_group_master":[""],"_immonex_import_meta":["a:6:{s:8:\"zip_file\";s:131:\"\/www\/htdocs\/w0172e0e\/ruhr-real_2024\/wp-content\/uploads\/immonex-openimmo-import\/users\/RUHRREAL\/Immowelt_estatePro_20260325113830.zip\";s:8:\"xml_file\";s:158:\"\/www\/htdocs\/w0172e0e\/ruhr-real_2024\/wp-content\/uploads\/immonex-openimmo-import\/immowelt_estatepro_20260325113830\/Homepage_2024_NEW_estatePro20260325113830.xml\";s:12:\"mapping_file\";s:116:\"\/www\/htdocs\/w0172e0e\/ruhr-real_2024\/wp-content\/uploads\/immonex-openimmo-import\/mappings\/houzez_ruhrreal_18122023.csv\";s:9:\"timestamp\";i:1774435458;s:4:\"date\";s:10:\"2026-03-25\";s:4:\"time\";s:8:\"11:44:18\";}"],"_immonex_is_sold":[""],"_immonex_is_reserved":[""],"_immonex_is_available":["1"],"_immonex_areabutler_url_with_address":[""],"_immonex_areabutler_url_no_address":[""],"_immonex_areabutler_url":[""],"additional_features":["a:16:{i:0;a:2:{s:29:\"fave_additional_feature_title\";s:11:\"Heizungsart\";s:29:\"fave_additional_feature_value\";s:11:\"Fernheizung\";}i:1;a:2:{s:29:\"fave_additional_feature_title\";s:14:\"Nettokaltmiete\";s:29:\"fave_additional_feature_value\";s:14:\"13,50&nbsp;\u20ac\";}i:2;a:2:{s:29:\"fave_additional_feature_title\";s:9:\"Kaltmiete\";s:29:\"fave_additional_feature_value\";s:14:\"13,50&nbsp;\u20ac\";}i:3;a:2:{s:29:\"fave_additional_feature_title\";s:29:\"monatl. Betriebs-\/Nebenkosten\";s:29:\"fave_additional_feature_value\";s:10:\"4&nbsp;\u20ac\";}i:4;a:2:{s:29:\"fave_additional_feature_title\";s:33:\"Heizkosten in Warmmiete enthalten\";s:29:\"fave_additional_feature_value\";s:4:\"nein\";}i:5;a:2:{s:29:\"fave_additional_feature_title\";s:32:\"Preise zuz\u00fcglich Mehrwertsteuer\";s:29:\"fave_additional_feature_value\";s:4:\"nein\";}i:6;a:2:{s:29:\"fave_additional_feature_title\";s:23:\"Netto-Kaltmiete pro m\u00b2\";s:29:\"fave_additional_feature_value\";s:14:\"13,50&nbsp;\u20ac\";}i:7;a:2:{s:29:\"fave_additional_feature_title\";s:10:\"MwSt.-Satz\";s:29:\"fave_additional_feature_value\";s:9:\"19&nbsp;%\";}i:8;a:2:{s:29:\"fave_additional_feature_title\";s:12:\"B\u00fcrofl\u00e4che\";s:29:\"fave_additional_feature_value\";s:12:\"662&nbsp;m\u00b2\";}i:9;a:2:{s:29:\"fave_additional_feature_title\";s:16:\"B\u00fcroteilfl\u00e4che\";s:29:\"fave_additional_feature_value\";s:12:\"300&nbsp;m\u00b2\";}i:10;a:2:{s:29:\"fave_additional_feature_title\";s:10:\"Teilbar ab\";s:29:\"fave_additional_feature_value\";s:12:\"300&nbsp;m\u00b2\";}i:11;a:2:{s:29:\"fave_additional_feature_title\";s:19:\"Art der Ausstattung\";s:29:\"fave_additional_feature_value\";s:7:\"gehoben\";}i:12;a:2:{s:29:\"fave_additional_feature_title\";s:10:\"Bodenbelag\";s:29:\"fave_additional_feature_value\";s:16:\"Teppich, Laminat\";}i:13;a:2:{s:29:\"fave_additional_feature_title\";s:13:\"Stellplatzart\";s:29:\"fave_additional_feature_value\";s:9:\"Freiplatz\";}i:14;a:2:{s:29:\"fave_additional_feature_title\";s:7:\"Zustand\";s:29:\"fave_additional_feature_value\";s:12:\"modernisiert\";}i:15;a:2:{s:29:\"fave_additional_feature_title\";s:27:\"Immobilie ist verf\u00fcgbar ab\";s:29:\"fave_additional_feature_value\";s:9:\"ab sofort\";}}"],"fave_additional_features_enable":["enable"],"_immonex_custom_fields":["a:1:{s:23:\"Energieausweis-Jahrgang\";a:5:{s:14:\"mapping_source\";s:38:\"zustand_angaben->energiepass->jahrgang\";s:4:\"name\";s:0:\"\";s:5:\"group\";s:5:\"epass\";s:5:\"value\";s:13:\"not available\";s:19:\"value_before_filter\";s:4:\"ohne\";}}"],"_immonex_property_xml_source":["<?xml version=\"1.0\"?>\n<immobilie>\n<objektkategorie>\n<nutzungsart WOHNEN=\"false\" GEWERBE=\"true\"\/>\n<vermarktungsart KAUF=\"false\" MIETE_PACHT=\"true\"\/>\n<objektart>\n<buero_praxen buero_typ=\"BUEROHAUS\"\/>\n<\/objektart>\n<user_defined_simplefield\/>\n<\/objektkategorie>\n<geo>\n<plz>47051<\/plz>\n<ort>Duisburg<\/ort>\n<strasse>Philosophenweg<\/strasse>\n<hausnummer>21<\/hausnummer>\n<land iso_land=\"DEU\"\/>\n<lage_im_bau\/>\n<regionaler_zusatz>Altstadt<\/regionaler_zusatz>\n<\/geo>\n<kontaktperson>\n<email_zentrale>anfrage@ruhr-real.de<\/email_zentrale>\n<email_direkt>bruckmann@ruhr-real.de<\/email_direkt>\n<tel_durchw>+49 201 99996337<\/tel_durchw>\n<tel_fax>+49 201 99996344<\/tel_fax>\n<tel_handy>+49 172 7088870<\/tel_handy>\n<name>Bruckmann<\/name>\n<vorname>Jonas<\/vorname>\n<anrede>Herr<\/anrede>\n<firma>RUHR REAL GmbH<\/firma>\n<strasse>Holsterhauser Platz<\/strasse>\n<hausnummer>2<\/hausnummer>\n<plz>45147<\/plz>\n<ort>Essen<\/ort>\n<adressfreigabe>true<\/adressfreigabe>\n<\/kontaktperson>\n<preise>\n<nettokaltmiete>13.50<\/nettokaltmiete>\n<kaltmiete>13.50<\/kaltmiete>\n<nebenkosten>4.00<\/nebenkosten>\n<heizkosten_enthalten>false<\/heizkosten_enthalten>\n<zzg_mehrwertsteuer>false<\/zzg_mehrwertsteuer>\n<preis_zeiteinheit\/>\n<mietpreis_pro_qm>13.5000<\/mietpreis_pro_qm>\n<provisionspflichtig>false<\/provisionspflichtig>\n<waehrung iso_waehrung=\"EUR\"\/>\n<mwst_satz>19.00<\/mwst_satz>\n<stp_carport\/>\n<stp_duplex\/>\n<stp_freiplatz\/>\n<stp_garage\/>\n<stp_parkhaus\/>\n<stp_tiefgarage\/>\n<\/preise>\n<bieterverfahren\/>\n<versteigerung\/>\n<flaechen>\n<bueroflaeche>662<\/bueroflaeche>\n<bueroteilflaeche>300<\/bueroteilflaeche>\n<teilbar_ab>300<\/teilbar_ab>\n<anzahl_stellplaetze type=\"xsd:decimal\">25<\/anzahl_stellplaetze>\n<\/flaechen>\n<ausstattung>\n<ausstatt_kategorie>GEHOBEN<\/ausstatt_kategorie>\n<bad\/>\n<kueche\/>\n<boden TEPPICH=\"true\" LAMINAT=\"true\"\/>\n<heizungsart FERN=\"true\"\/>\n<befeuerung\/>\n<klimatisiert>true<\/klimatisiert>\n<fahrstuhl PERSONEN=\"true\"\/>\n<stellplatzart FREIPLATZ=\"true\"\/>\n<ausricht_balkon_terrasse\/>\n<angeschl_gastronomie\/>\n<sicherheitstechnik\/>\n<\/ausstattung>\n<zustand_angaben>\n<baujahr>1999<\/baujahr>\n<zustand zustand_art=\"MODERNISIERT\"\/>\n<energiepass>\n<jahrgang>ohne<\/jahrgang>\n<\/energiepass>\n<\/zustand_angaben>\n<bewertung\/>\n<infrastruktur\/>\n<freitexte>\n<objekttitel>Sensationell: Moderne B&#xFC;rofl&#xE4;chen im Innenhafen mit Dachterrasse | hervorragende Verkehrsanbindung<\/objekttitel>\n<lage>Der Innenhafen, ein fr&#xFC;herer Industriehafen, gilt als Musterbeispiel f&#xFC;r den Strukturwandel im Ruhrgebiet. Der heutige Innenhafen zeichnet sich durch moderne B&#xFC;roneubauten entlang der Schifferstra&#xDF;e, sowie ehemalige Speichergeb&#xE4;ude aus. Die Objekte bieten fast ausnahmslos einen direkten Blick auf das Wasser.\n\nZu den bedeutensten Immobilien im Innenhafen z&#xE4;hlen die Objekte: H2-Office, Looper, Five Boats, K&#xFC;ppersm&#xFC;hle und das Landesarchiv NRW\n\nBedeutende Unternehmen in der B&#xFC;romarktzone: Mitsubishi Hitachi Power, SPAETER, Volksbank Rhein-Ruhr, PKF\n\nHotels der Umgebung: Wyndham Duisburger Hof, Intercity Hotel, Ibis Budget City<\/lage>\n<ausstatt_beschr>&#x2022; Bodenbelag: Laminat-, Fliesen-, Teppichboden\n&#x2022; Verkabelung: CAT-7\/ vom Vormieter\n&#x2022; Klimatisierung: Wand- und Deckenger&#xE4;te\n&#x2022; Verkabelungsort: Bodentanks\n&#x2022; Beleuchtung: arbeitsplatzgerechte Beleuchtung\n&#x2022; Aufzug: Personenaufzug\n&#x2022; Sonnenschutz: innenliegend, manuell\n&#x2022; Teek&#xFC;che: voll ausgestattet\n\nDie Ausstattung kann kann bei Bedarf angepasst werden!<\/ausstatt_beschr>\n<objektbeschreibung>Bei der sehr besonderen, aus Backstein gebauten B&#xFC;roimmobilie handelt es sich um ein Objekt in bester Lage des Duisburger Innenhafen. Das Objekt verf&#xFC;gt &#xFC;ber eine gepflegte Ausstattung, eine gro&#xDF;z&#xFC;gige Raumgestaltung und zwei attraktive Dachterassen . Die Immobilie besticht nicht nur durch ihre Lage, sondern auch durch eine gute &#xD6;PNV-Anbindung. In der hauseigenen Tiefgarage stehen Stellpl&#xE4;tze zur Anmietung bereit. \n\nFolgende Fl&#xE4;chen stehen derzeit zur Disposition:\n\nEG: 164 m&#xB2;\n1. OG: 634 m&#xB2;\n4. OG: 662 m&#xB2; teilbar ab 300 m&#xB2;\n5. OG: 95 m&#xB2; (nicht separat verf&#xFC;gbar)<\/objektbeschreibung><sonstige_angaben>Es gelten ausschlie&#xDF;lich unsere AGB (www.ruhr-real.de\/agb). Wir m&#xF6;chten Sie darauf hinweisen, dass die Angaben ausschlie&#xDF;lich auf den uns vom Eigent&#xFC;mer &#xFC;bermittelten Unterlagen und Informationen basieren. F&#xFC;r Richtigkeit und Vollst&#xE4;ndigkeit &#xFC;bernehmen wir keine Gew&#xE4;hr. Zwischenvermietung vorbehalten.<\/sonstige_angaben>\n<\/freitexte>\n<anhaenge>\n<anhang location=\"EXTERN\" gruppe=\"TITELBILD\">\n<anhangtitel>Au&#xDF;enansicht<\/anhangtitel>\n<format>jpg<\/format>\n<daten>\n<pfad>5d20f41b5e15434f874add9cc0abba0a.jpg<\/pfad>\n<\/daten>\n<\/anhang>\n<anhang location=\"EXTERN\" gruppe=\"BILD\">\n<anhangtitel>Eingangsbereich<\/anhangtitel>\n<format>jpg<\/format>\n<daten>\n<pfad>03d8e16f69634de9a5411cffaf43022e.jpg<\/pfad>\n<\/daten>\n<\/anhang>\n<anhang location=\"EXTERN\" gruppe=\"BILD\">\n<anhangtitel>Konferenzraum<\/anhangtitel>\n<format>jpg<\/format>\n<daten>\n<pfad>874d15644fde4cbab705e6e714002af3.jpg<\/pfad>\n<\/daten>\n<\/anhang>\n<anhang location=\"EXTERN\" gruppe=\"BILD\">\n<anhangtitel>Empfang<\/anhangtitel>\n<format>jpg<\/format>\n<daten>\n<pfad>5884b05d40194bb0a146798982695496.jpg<\/pfad>\n<\/daten>\n<\/anhang>\n<anhang location=\"EXTERN\" gruppe=\"BILD\">\n<anhangtitel>Innenansicht<\/anhangtitel>\n<format>jpg<\/format>\n<daten>\n<pfad>894587e0a5454c6283b1463cbdf94b8f.jpg<\/pfad>\n<\/daten>\n<\/anhang>\n<anhang location=\"EXTERN\" gruppe=\"BILD\">\n<anhangtitel>Besprechungsbereich<\/anhangtitel>\n<format>jpg<\/format>\n<daten>\n<pfad>2a14257c36694c9ba3bc532fddf9f142.jpg<\/pfad>\n<\/daten>\n<\/anhang>\n<anhang location=\"EXTERN\" gruppe=\"BILD\">\n<anhangtitel>Besprechungsraum<\/anhangtitel>\n<format>jpg<\/format>\n<daten>\n<pfad>6e95813df9044b95a6c284572a481894.jpg<\/pfad>\n<\/daten>\n<\/anhang>\n<anhang location=\"EXTERN\" gruppe=\"BILD\">\n<anhangtitel>Sozialraum<\/anhangtitel>\n<format>jpg<\/format>\n<daten>\n<pfad>3456fed94e884522af3c4c822c51f88d.jpg<\/pfad>\n<\/daten>\n<\/anhang>\n<anhang location=\"EXTERN\" gruppe=\"BILD\">\n<anhangtitel>Vogelperspektive<\/anhangtitel>\n<format>jpg<\/format>\n<daten>\n<pfad>75dc09cc7e214f18860942bb5540115b.jpg<\/pfad>\n<\/daten>\n<\/anhang>\n<anhang location=\"EXTERN\" gruppe=\"GRUNDRISS\">\n<anhangtitel>EG<\/anhangtitel>\n<format>jpg<\/format>\n<daten>\n<pfad>12167e7c5b904233986db318e9563c09.jpg<\/pfad>\n<\/daten>\n<\/anhang>\n<anhang location=\"EXTERN\" gruppe=\"GRUNDRISS\">\n<anhangtitel>1. OG<\/anhangtitel>\n<format>PNG<\/format>\n<daten>\n<pfad>07579787865a4d4e9d9c44f1a56c715d.PNG<\/pfad>\n<\/daten>\n<\/anhang>\n<anhang location=\"EXTERN\" gruppe=\"GRUNDRISS\">\n<anhangtitel>4. OG<\/anhangtitel>\n<format>JPG<\/format>\n<daten>\n<pfad>cbe25ceb45cd42959eddcb6de6f9c560.JPG<\/pfad>\n<\/daten>\n<\/anhang>\n<\/anhaenge>\n<verwaltung_objekt>\n<objektadresse_freigeben>false<\/objektadresse_freigeben>\n<verfuegbar_ab>ab sofort<\/verfuegbar_ab>\n<gruppennummer>11<\/gruppennummer>\n<geschlecht\/>\n<gewerbliche_nutzung>true<\/gewerbliche_nutzung>\n<\/verwaltung_objekt>\n<verwaltung_techn>\n<objektnr_intern>6B094A0E87D5449E99B5CFA7093957E1<\/objektnr_intern>\n<objektnr_extern>486\/E4<\/objektnr_extern>\n<aktion aktionart=\"CHANGE\"\/>\n<openimmo_obid>6B094A0E87D5449E99B5CFA7093957E1<\/openimmo_obid>\n<kennung_ursprung>estatePro V10.0.0.8<\/kennung_ursprung>\n<stand_vom>2026-03-25<\/stand_vom>\n<\/verwaltung_techn>\n<user_defined_simplefield feldname=\"Startseite\">Nein<\/user_defined_simplefield>\n<\/immobilie>\n"],"_immonex_energy_class":[""],"_immonex_energy_class_id":["0"],"_thumbnail_id":["183387"],"fave_property_images":["183387","183388","183389","183390","183391","183392","183393","183394","183395"],"fave_floor_plans_enable":["enable"],"floor_plans":["a:3:{i:0;a:7:{s:15:\"fave_plan_title\";s:2:\"EG\";s:15:\"fave_plan_rooms\";s:0:\"\";s:19:\"fave_plan_bathrooms\";s:0:\"\";s:15:\"fave_plan_price\";s:0:\"\";s:14:\"fave_plan_size\";s:0:\"\";s:15:\"fave_plan_image\";s:84:\"https:\/\/ruhr-real.de\/wp-content\/uploads\/2026\/03\/12167e7c5b904233986db318e9563c09.jpg\";s:21:\"fave_plan_description\";s:0:\"\";}i:1;a:7:{s:15:\"fave_plan_title\";s:5:\"1. OG\";s:15:\"fave_plan_rooms\";s:0:\"\";s:19:\"fave_plan_bathrooms\";s:0:\"\";s:15:\"fave_plan_price\";s:0:\"\";s:14:\"fave_plan_size\";s:0:\"\";s:15:\"fave_plan_image\";s:84:\"https:\/\/ruhr-real.de\/wp-content\/uploads\/2026\/03\/07579787865a4d4e9d9c44f1a56c715d.png\";s:21:\"fave_plan_description\";s:0:\"\";}i:2;a:7:{s:15:\"fave_plan_title\";s:5:\"4. OG\";s:15:\"fave_plan_rooms\";s:0:\"\";s:19:\"fave_plan_bathrooms\";s:0:\"\";s:15:\"fave_plan_price\";s:0:\"\";s:14:\"fave_plan_size\";s:0:\"\";s:15:\"fave_plan_image\";s:84:\"https:\/\/ruhr-real.de\/wp-content\/uploads\/2026\/03\/cbe25ceb45cd42959eddcb6de6f9c560.jpg\";s:21:\"fave_plan_description\";s:0:\"\";}}"],"fave_prop_homeslider":["yes"],"fave_prop_slider_image":["183387"],"fave_agents":["111496"],"fave_agent_display_option":["agent_info"],"fave_single_top_area":["global"],"fave_single_content_area":["global"],"fave_property_map":["1"],"fave_property_map_street_view":["hide"],"fave_property_size_prefix":["m\u00b2"],"fave_property_land_postfix":["m\u00b2"],"fave_featured":["0"],"houzez_featured_listing_date":[""],"fave_property_price_postfix":["pro&nbsp;m\u00b2"],"fave_currency":["EUR"],"fave_currency_info":["a:8:{s:2:\"id\";s:1:\"1\";s:13:\"currency_name\";s:4:\"Euro\";s:13:\"currency_code\";s:3:\"EUR\";s:15:\"currency_symbol\";s:3:\"\u20ac\";s:17:\"currency_position\";s:5:\"after\";s:16:\"currency_decimal\";s:1:\"2\";s:26:\"currency_decimal_separator\";s:1:\",\";s:27:\"currency_thousand_separator\";s:1:\".\";}"],"houzez_total_property_views":["259"],"houzez_views_by_date":["a:35:{s:10:\"03-25-2026\";i:4;s:10:\"03-26-2026\";i:6;s:10:\"03-27-2026\";i:4;s:10:\"03-28-2026\";i:4;s:10:\"03-29-2026\";i:4;s:10:\"03-30-2026\";i:6;s:10:\"03-31-2026\";i:4;s:10:\"04-01-2026\";i:7;s:10:\"04-02-2026\";i:8;s:10:\"04-03-2026\";i:8;s:10:\"04-04-2026\";i:8;s:10:\"04-05-2026\";i:8;s:10:\"04-06-2026\";i:8;s:10:\"04-07-2026\";i:12;s:10:\"04-08-2026\";i:6;s:10:\"04-09-2026\";i:10;s:10:\"04-10-2026\";i:8;s:10:\"04-11-2026\";i:6;s:10:\"04-12-2026\";i:10;s:10:\"04-13-2026\";i:8;s:10:\"04-14-2026\";i:8;s:10:\"04-15-2026\";i:8;s:10:\"04-16-2026\";i:8;s:10:\"04-17-2026\";i:8;s:10:\"04-18-2026\";i:8;s:10:\"04-19-2026\";i:8;s:10:\"04-20-2026\";i:8;s:10:\"04-21-2026\";i:8;s:10:\"04-22-2026\";i:8;s:10:\"04-23-2026\";i:12;s:10:\"04-24-2026\";i:8;s:10:\"04-25-2026\";i:8;s:10:\"04-26-2026\";i:8;s:10:\"04-27-2026\";i:8;s:10:\"04-28-2026\";i:4;}"],"houzez_recently_viewed":["2026-04-28 09:04:15"],"_elementor_page_assets":["a:0:{}"]},"_links":{"self":[{"href":"https:\/\/ruhr-real.de\/en\/wp-json\/wp\/v2\/properties\/118004","targetHints":{"allow":["GET"]}}],"collection":[{"href":"https:\/\/ruhr-real.de\/en\/wp-json\/wp\/v2\/properties"}],"about":[{"href":"https:\/\/ruhr-real.de\/en\/wp-json\/wp\/v2\/types\/property"}],"author":[{"embeddable":true,"href":"https:\/\/ruhr-real.de\/en\/wp-json\/wp\/v2\/users\/1"}],"version-history":[{"count":0,"href":"https:\/\/ruhr-real.de\/en\/wp-json\/wp\/v2\/properties\/118004\/revisions"}],"wp:featuredmedia":[{"embeddable":true,"href":"https:\/\/ruhr-real.de\/en\/wp-json\/wp\/v2\/media\/183387"}],"wp:attachment":[{"href":"https:\/\/ruhr-real.de\/en\/wp-json\/wp\/v2\/media?parent=118004"}],"wp:term":[{"taxonomy":"property_type","embeddable":true,"href":"https:\/\/ruhr-real.de\/en\/wp-json\/wp\/v2\/property_type?post=118004"},{"taxonomy":"property_status","embeddable":true,"href":"https:\/\/ruhr-real.de\/en\/wp-json\/wp\/v2\/property_status?post=118004"},{"taxonomy":"property_feature","embeddable":true,"href":"https:\/\/ruhr-real.de\/en\/wp-json\/wp\/v2\/property_feature?post=118004"},{"taxonomy":"property_label","embeddable":true,"href":"https:\/\/ruhr-real.de\/en\/wp-json\/wp\/v2\/property_label?post=118004"},{"taxonomy":"property_country","embeddable":true,"href":"https:\/\/ruhr-real.de\/en\/wp-json\/wp\/v2\/property_country?post=118004"},{"taxonomy":"property_state","embeddable":true,"href":"https:\/\/ruhr-real.de\/en\/wp-json\/wp\/v2\/property_state?post=118004"},{"taxonomy":"property_city","embeddable":true,"href":"https:\/\/ruhr-real.de\/en\/wp-json\/wp\/v2\/property_city?post=118004"},{"taxonomy":"property_area","embeddable":true,"href":"https:\/\/ruhr-real.de\/en\/wp-json\/wp\/v2\/property_area?post=118004"}],"curies":[{"name":"wp","href":"https:\/\/api.w.org\/{rel}","templated":true}]}}