{"id":118026,"date":"2025-07-22T00:02:17","date_gmt":"2025-07-21T22:02:17","guid":{"rendered":"https:\/\/2024.ruhr-real.de\/immobilien\/ihr-zukunftsstandort-in-essener-innenstadt-neubau-mit-lichtdurchfluteten-raeumen-provisionsfrei\/"},"modified":"2025-07-22T14:40:17","modified_gmt":"2025-07-22T12:40:17","slug":"ihr-zukunftsstandort-in-essener-innenstadt-neubau-mit-lichtdurchfluteten-raeumen-provisionsfrei","status":"publish","type":"property","link":"https:\/\/ruhr-real.de\/en\/objekt\/ihr-zukunftsstandort-in-essener-innenstadt-neubau-mit-lichtdurchfluteten-raeumen-provisionsfrei\/","title":{"rendered":"Ihr Zukunftsstandort in Essener Innenstadt | Neubau mit lichtdurchfluteten R\u00e4umen | PROVISIONSFREI"},"content":{"rendered":"<p>Das Neubauprojekt, welches sich im Essener Citykern, in unmittelbarer N\u00e4he zur Universit\u00e4t Duisburg-Essen befindet, bietet freie Gestaltungsm\u00f6glichkeiten f\u00fcr den Mieter. Die gro\u00dfen Fenster sorgen f\u00fcr moderne, lichtdurchflutete R\u00e4ume in denen gerne gearbeitet wird. Durch zwei Personenaufz\u00fcge lassen sich alle Etagen problemlos erschlie\u00dfen. In der hauseigenen Tiefgarage stehen Stellpl\u00e4tze zur Anmietung bereit. Ein urbanes Umfeld ist ebenfalls gegeben.<\/p>\n<p>Folgende Fl\u00e4chen stehen zur Disposition:<\/p>\n<p>1. OG: 200 m\u00b2 zzgl. Terrasse<br \/>\n2. OG: 300 m\u00b2<br \/>\n5. OG: 250 m\u00b2 zzgl. Dachterasse<\/p>\n<p>Das Objekt liegt \u00e4usserst zentral in der Essener City, direkt gegen\u00fcber vom Einkaufszentrum Limbecker Platz.  Die Fu\u00dfg\u00e4ngerzone ist innerhalb von 3 Gehminuten fu\u00dfl\u00e4ufig zu erreichen. Die Autobahnauffahrt der A40 ist in wenigen Minuten zu erreichen. Ebenfalls bietet die zentrale Lage M\u00f6glichkeiten zur schnellen Anbindung an das \u00f6ffentliche Verkehrsnetz.<\/p>\n<p>Bedeutende Unternehmen in der B\u00fcromarktzone: Allbau, AOK, Funke Mediengruppe, IHK, Nationalbank, Fedex<\/p>\n<p>Hotels in der Umgebung: Welcome Hotel, Novum Hotel, Motel One, M\u00f6venpick Hotel<\/p>\n<p>\u2022 Bodenbelag: Teppichboden<br \/>\n\u2022 Klimatisierung: Klimaanlage<br \/>\n\u2022 EDV-Verkabelung: CAT-7 Verkabelung<br \/>\n\u2022 Kabelf\u00fchrung: Doppelboden<br \/>\n\u2022 Sonnenschutz: au\u00dfenliegend, elektrisch<br \/>\n\u2022 Teek\u00fcche: vom Vormieter<br \/>\n\u2022 Beleuchtung: abgependelte LED-Deckenleuchten oder moderne Stehleuchten<\/p>\n<p>Es gelten ausschlie\u00dflich unsere AGB (www.ruhr-real.de\/agb). Wir m\u00f6chten Sie darauf hinweisen, dass die Angaben ausschlie\u00dflich auf den uns vom Eigent\u00fcmer \u00fcbermittelten Unterlagen und Informationen basieren. F\u00fcr Richtigkeit und Vollst\u00e4ndigkeit \u00fcbernehmen wir keine Gew\u00e4hr. Zwischenvermietung vorbehalten.<br \/>\n<div class=\"widget widget_immonex_user_defined_properties_widget\"><div class=\"immonex-widget immonex-widget-houzez\">\n\t\t<div class=\"immonex-widget-title clearfix\">\n\t\t<h2 class=\"widgettitle\">Energieeffizienz<\/h2>\t<\/div>\n\t\t<ul class=\"immonex-property-details row list-lined list-unstyled\">\n\t\t\t\t<li>\n\t\t\t<div class=\"list-lined-item w-100 d-flex justify-content-between py-2\">\n\t\t\t\t\t\t\t\t<strong class=\"property-details-label\">Energieausweis-Art:<\/strong>&nbsp;<span class=\"property-details-value\">Demand<\/span>\n\t\t\t\t\t\t\t<\/div>\n\t\t<\/li>\n\t\t\t\t<li>\n\t\t\t<div class=\"list-lined-item w-100 d-flex justify-content-between py-2\">\n\t\t\t\t\t\t\t\t<strong class=\"property-details-label\">Energieausweis g\u00fcltig bis:<\/strong>&nbsp;<span class=\"property-details-value\">04.03.2028<\/span>\n\t\t\t\t\t\t\t<\/div>\n\t\t<\/li>\n\t\t\t\t<li>\n\t\t\t<div class=\"list-lined-item w-100 d-flex justify-content-between py-2\">\n\t\t\t\t\t\t\t\t<strong class=\"property-details-label\">Prim\u00e4renergietr\u00e4ger:<\/strong>&nbsp;<span class=\"property-details-value\">Fernw\u00e4rme<\/span>\n\t\t\t\t\t\t\t<\/div>\n\t\t<\/li>\n\t\t\t\t<li>\n\t\t\t<div class=\"list-lined-item w-100 d-flex justify-content-between py-2\">\n\t\t\t\t\t\t\t\t<strong class=\"property-details-label\">Stromverbrauchskennwert:<\/strong>&nbsp;<span class=\"property-details-value\">19&nbsp;kWh\/(m\u00b2*a)<\/span>\n\t\t\t\t\t\t\t<\/div>\n\t\t<\/li>\n\t\t\t\t<li>\n\t\t\t<div class=\"list-lined-item w-100 d-flex justify-content-between py-2\">\n\t\t\t\t\t\t\t\t<strong class=\"property-details-label\">Heizenergieverbrauchskennwert:<\/strong>&nbsp;<span class=\"property-details-value\">93&nbsp;kWh\/(m\u00b2*a)<\/span>\n\t\t\t\t\t\t\t<\/div>\n\t\t<\/li>\n\t\t\t\t<li>\n\t\t\t<div class=\"list-lined-item w-100 d-flex justify-content-between py-2\">\n\t\t\t\t\t\t\t\t<strong class=\"property-details-label\">Energieausweis-Jahrgang:<\/strong>&nbsp;<span class=\"property-details-value\">as from may 2014<\/span>\n\t\t\t\t\t\t\t<\/div>\n\t\t<\/li>\n\t\t\t<\/ul>\n<\/div><\/div><\/p>\n","protected":false},"excerpt":{"rendered":"<p>Das Neubauprojekt, welches sich im Essener Citykern, in unmittelbarer N\u00e4he zur Universit\u00e4t Duisburg-Essen befindet,&#8230;<\/p>\n","protected":false},"author":1,"featured_media":159766,"parent":0,"menu_order":0,"template":"","property_type":[379],"property_status":[352],"property_feature":[537,361,354,350],"property_label":[],"property_country":[353],"property_state":[],"property_city":[306],"property_area":[329],"class_list":["post-118026","property","type-property","status-publish","has-post-thumbnail","hentry","property_type-bueroflaechen","property_status-zu-vermieten","property_feature-gewerbliche-nutzung-moeglich","property_feature-klimaanlage","property_feature-personenaufzug","property_feature-raeume-veraenderbar","property_country-deutschland","property_city-essen","property_area-ruttenscheid"],"acf":[],"property_meta":{"_immonex_import_folder":["users\/RUHRREAL"],"_immonex_translation_id":["493\/E2"],"_openimmo_obid":["2906D82FF6304EA7A243CF2ECF84856E"],"_is_immonex_import_property":["1"],"_immonex_is_reference":[""],"rank_math_internal_links_processed":["1"],"fave_property_map_address":["45127 Essen"],"fave_property_zip":["45127"],"fave_property_country":["DE"],"_immonex_lat":["51.4554769"],"_immonex_lng":["7.0194679"],"houzez_geolocation_lat":["51.4554769"],"houzez_geolocation_long":["7.0194679"],"fave_property_location":["51.4554769,7.0194679"],"fave_property_price":["14.20"],"fave_property_sec_price":["14.2000"],"fave_property_size":["604"],"fave_property_year":["2020"],"fave_property_id":["493\/E2"],"_immonex_iso_country":["DEU"],"_openimmo_anid":["0000"],"_immonex_group_number":["2"],"_immonex_group_id":[""],"_immonex_group_master":[""],"_immonex_import_meta":["a:6:{s:8:\"zip_file\";s:131:\"\/www\/htdocs\/w0172e0e\/ruhr-real_2024\/wp-content\/uploads\/immonex-openimmo-import\/users\/RUHRREAL\/Immowelt_estatePro_20250722143743.zip\";s:8:\"xml_file\";s:158:\"\/www\/htdocs\/w0172e0e\/ruhr-real_2024\/wp-content\/uploads\/immonex-openimmo-import\/immowelt_estatepro_20250722143743\/Homepage_2024_NEW_estatePro20250722143743.xml\";s:12:\"mapping_file\";s:116:\"\/www\/htdocs\/w0172e0e\/ruhr-real_2024\/wp-content\/uploads\/immonex-openimmo-import\/mappings\/houzez_ruhrreal_18122023.csv\";s:9:\"timestamp\";i:1753188017;s:4:\"date\";s:10:\"2025-07-22\";s:4:\"time\";s:8:\"14:40:17\";}"],"_immonex_is_sold":[""],"_immonex_is_reserved":[""],"_immonex_is_available":["1"],"additional_features":["a:17:{i:0;a:2:{s:29:\"fave_additional_feature_title\";s:11:\"Heizungsart\";s:29:\"fave_additional_feature_value\";s:11:\"Fernheizung\";}i:1;a:2:{s:29:\"fave_additional_feature_title\";s:14:\"Nettokaltmiete\";s:29:\"fave_additional_feature_value\";s:14:\"14,20&nbsp;\u20ac\";}i:2;a:2:{s:29:\"fave_additional_feature_title\";s:9:\"Kaltmiete\";s:29:\"fave_additional_feature_value\";s:14:\"14,20&nbsp;\u20ac\";}i:3;a:2:{s:29:\"fave_additional_feature_title\";s:29:\"monatl. Betriebs-\/Nebenkosten\";s:29:\"fave_additional_feature_value\";s:13:\"4,50&nbsp;\u20ac\";}i:4;a:2:{s:29:\"fave_additional_feature_title\";s:33:\"Heizkosten in Warmmiete enthalten\";s:29:\"fave_additional_feature_value\";s:4:\"nein\";}i:5;a:2:{s:29:\"fave_additional_feature_title\";s:32:\"Preise zuz\u00fcglich Mehrwertsteuer\";s:29:\"fave_additional_feature_value\";s:4:\"nein\";}i:6;a:2:{s:29:\"fave_additional_feature_title\";s:23:\"Netto-Kaltmiete pro m\u00b2\";s:29:\"fave_additional_feature_value\";s:14:\"14,20&nbsp;\u20ac\";}i:7;a:2:{s:29:\"fave_additional_feature_title\";s:10:\"MwSt.-Satz\";s:29:\"fave_additional_feature_value\";s:9:\"19&nbsp;%\";}i:8;a:2:{s:29:\"fave_additional_feature_title\";s:12:\"B\u00fcrofl\u00e4che\";s:29:\"fave_additional_feature_value\";s:12:\"604&nbsp;m\u00b2\";}i:9;a:2:{s:29:\"fave_additional_feature_title\";s:16:\"B\u00fcroteilfl\u00e4che\";s:29:\"fave_additional_feature_value\";s:12:\"604&nbsp;m\u00b2\";}i:10;a:2:{s:29:\"fave_additional_feature_title\";s:10:\"Teilbar ab\";s:29:\"fave_additional_feature_value\";s:12:\"604&nbsp;m\u00b2\";}i:11;a:2:{s:29:\"fave_additional_feature_title\";s:19:\"Art der Ausstattung\";s:29:\"fave_additional_feature_value\";s:7:\"gehoben\";}i:12;a:2:{s:29:\"fave_additional_feature_title\";s:10:\"Befeuerung\";s:29:\"fave_additional_feature_value\";s:10:\"Fernw\u00e4rme\";}i:13;a:2:{s:29:\"fave_additional_feature_title\";s:10:\"Bodenbelag\";s:29:\"fave_additional_feature_value\";s:7:\"Teppich\";}i:14;a:2:{s:29:\"fave_additional_feature_title\";s:13:\"Stellplatzart\";s:29:\"fave_additional_feature_value\";s:10:\"Tiefgarage\";}i:15;a:2:{s:29:\"fave_additional_feature_title\";s:7:\"Zustand\";s:29:\"fave_additional_feature_value\";s:9:\"neuwertig\";}i:16;a:2:{s:29:\"fave_additional_feature_title\";s:27:\"Immobilie ist verf\u00fcgbar ab\";s:29:\"fave_additional_feature_value\";s:6:\"sofort\";}}"],"fave_additional_features_enable":["enable"],"_immonex_custom_fields":["a:6:{s:18:\"Energieausweis-Art\";a:5:{s:14:\"mapping_source\";s:35:\"zustand_angaben->energiepass->epart\";s:4:\"name\";s:0:\"\";s:5:\"group\";s:5:\"epass\";s:5:\"value\";s:6:\"Demand\";s:19:\"value_before_filter\";s:6:\"BEDARF\";}s:26:\"Energieausweis g\u00fcltig bis\";a:5:{s:14:\"mapping_source\";s:41:\"zustand_angaben->energiepass->gueltig_bis\";s:4:\"name\";s:0:\"\";s:5:\"group\";s:5:\"epass\";s:5:\"value\";s:10:\"04.03.2028\";s:19:\"value_before_filter\";s:10:\"04.03.2028\";}s:21:\"Prim\u00e4renergietr\u00e4ger\";a:5:{s:14:\"mapping_source\";s:29:\"ausstattung->befeuerung:FERN+\";s:4:\"name\";s:0:\"\";s:5:\"group\";s:5:\"epass\";s:5:\"value\";s:10:\"Fernw\u00e4rme\";s:19:\"value_before_filter\";s:10:\"Fernw\u00e4rme\";}s:23:\"Stromverbrauchskennwert\";a:5:{s:14:\"mapping_source\";s:39:\"zustand_angaben->energiepass->stromwert\";s:4:\"name\";s:0:\"\";s:5:\"group\";s:5:\"epass\";s:5:\"value\";s:19:\"19&nbsp;kWh\/(m\u00b2*a)\";s:19:\"value_before_filter\";s:2:\"19\";}s:29:\"Heizenergieverbrauchskennwert\";a:5:{s:14:\"mapping_source\";s:40:\"zustand_angaben->energiepass->waermewert\";s:4:\"name\";s:0:\"\";s:5:\"group\";s:5:\"epass\";s:5:\"value\";s:19:\"93&nbsp;kWh\/(m\u00b2*a)\";s:19:\"value_before_filter\";s:2:\"93\";}s:23:\"Energieausweis-Jahrgang\";a:5:{s:14:\"mapping_source\";s:38:\"zustand_angaben->energiepass->jahrgang\";s:4:\"name\";s:0:\"\";s:5:\"group\";s:5:\"epass\";s:5:\"value\";s:16:\"as from may 2014\";s:19:\"value_before_filter\";s:4:\"2014\";}}"],"_immonex_property_xml_source":["<?xml version=\"1.0\"?>\n<immobilie>\n<objektkategorie>\n<nutzungsart WOHNEN=\"false\" GEWERBE=\"true\"\/>\n<vermarktungsart KAUF=\"false\" MIETE_PACHT=\"true\"\/>\n<objektart>\n<buero_praxen buero_typ=\"BUEROHAUS\"\/>\n<\/objektart>\n<user_defined_simplefield\/>\n<\/objektkategorie>\n<geo>\n<plz>45127<\/plz>\n<ort>Essen<\/ort>\n<strasse>Segerothstra&#xDF;e<\/strasse>\n<hausnummer>1A<\/hausnummer>\n<land iso_land=\"DEU\"\/>\n<lage_im_bau\/>\n<regionaler_zusatz>R&#xFC;ttenscheid<\/regionaler_zusatz>\n<\/geo>\n<kontaktperson>\n<email_zentrale>anfrage@ruhr-real.de<\/email_zentrale>\n<email_direkt>bruckmann@ruhr-real.de<\/email_direkt>\n<tel_durchw>+49 201 99996337<\/tel_durchw>\n<tel_fax>+49 201 99996344<\/tel_fax>\n<tel_handy>+49 172 7088870<\/tel_handy>\n<name>Bruckmann<\/name>\n<vorname>Jonas<\/vorname>\n<anrede>Herr<\/anrede>\n<firma>RUHR REAL GmbH<\/firma>\n<strasse>Holsterhauser Platz<\/strasse>\n<hausnummer>2<\/hausnummer>\n<plz>45147<\/plz>\n<ort>Essen<\/ort>\n<adressfreigabe>true<\/adressfreigabe>\n<\/kontaktperson>\n<preise>\n<nettokaltmiete>14.20<\/nettokaltmiete>\n<kaltmiete>14.20<\/kaltmiete>\n<nebenkosten>4.50<\/nebenkosten>\n<heizkosten_enthalten>false<\/heizkosten_enthalten><zzg_mehrwertsteuer>false<\/zzg_mehrwertsteuer>\n<preis_zeiteinheit\/>\n<mietpreis_pro_qm>14.2000<\/mietpreis_pro_qm>\n<provisionspflichtig>false<\/provisionspflichtig>\n<waehrung iso_waehrung=\"EUR\"\/>\n<mwst_satz>19.00<\/mwst_satz>\n<stp_carport\/>\n<stp_duplex\/>\n<stp_freiplatz\/>\n<stp_garage\/>\n<stp_parkhaus\/>\n<stp_tiefgarage\/>\n<\/preise>\n<bieterverfahren\/>\n<versteigerung\/>\n<flaechen>\n<bueroflaeche>604<\/bueroflaeche>\n<bueroteilflaeche>604<\/bueroteilflaeche>\n<teilbar_ab>604<\/teilbar_ab>\n<anzahl_stellplaetze type=\"xsd:decimal\">5<\/anzahl_stellplaetze>\n<\/flaechen>\n<ausstattung>\n<ausstatt_kategorie>GEHOBEN<\/ausstatt_kategorie>\n<raeume_veraenderbar>true<\/raeume_veraenderbar>\n<bad\/>\n<kueche\/>\n<boden TEPPICH=\"true\"\/>\n<heizungsart FERN=\"true\"\/>\n<befeuerung FERN=\"true\"\/>\n<klimatisiert>true<\/klimatisiert>\n<fahrstuhl PERSONEN=\"true\"\/>\n<stellplatzart TIEFGARAGE=\"true\"\/>\n<ausricht_balkon_terrasse\/>\n<angeschl_gastronomie\/>\n<sicherheitstechnik\/>\n<\/ausstattung>\n<zustand_angaben>\n<baujahr>2020<\/baujahr>\n<zustand zustand_art=\"NEUWERTIG\"\/>\n<energiepass>\n<epart>BEDARF<\/epart>\n<gueltig_bis>04.03.2028<\/gueltig_bis>\n<stromwert>19<\/stromwert>\n<waermewert>93<\/waermewert>\n<jahrgang>2014<\/jahrgang>\n<\/energiepass>\n<\/zustand_angaben>\n<bewertung\/>\n<infrastruktur\/>\n<freitexte>\n<objekttitel>Ihr Zukunftsstandort in Essener Innenstadt | Neubau mit lichtdurchfluteten R&#xE4;umen | PROVISIONSFREI<\/objekttitel>\n<lage>Das Objekt liegt &#xE4;usserst zentral in der Essener City, direkt gegen&#xFC;ber vom Einkaufszentrum Limbecker Platz.  Die Fu&#xDF;g&#xE4;ngerzone ist innerhalb von 3 Gehminuten fu&#xDF;l&#xE4;ufig zu erreichen. Die Autobahnauffahrt der A40 ist in wenigen Minuten zu erreichen. Ebenfalls bietet die zentrale Lage M&#xF6;glichkeiten zur schnellen Anbindung an das &#xF6;ffentliche Verkehrsnetz. \n\nBedeutende Unternehmen in der B&#xFC;romarktzone: Allbau, AOK, Funke Mediengruppe, IHK, Nationalbank, Fedex\n\nHotels in der Umgebung: Welcome Hotel, Novum Hotel, Motel One, M&#xF6;venpick Hotel<\/lage>\n<ausstatt_beschr>&#x2022; Bodenbelag: Teppichboden\n&#x2022; Klimatisierung: Klimaanlage\n&#x2022; EDV-Verkabelung: CAT-7 Verkabelung\n&#x2022; Kabelf&#xFC;hrung: Doppelboden\n&#x2022; Sonnenschutz: au&#xDF;enliegend, elektrisch\n&#x2022; Teek&#xFC;che: vom Vormieter\n&#x2022; Beleuchtung: abgependelte LED-Deckenleuchten oder moderne Stehleuchten<\/ausstatt_beschr>\n<objektbeschreibung>Das Neubauprojekt, welches sich im Essener Citykern, in unmittelbarer N&#xE4;he zur Universit&#xE4;t Duisburg-Essen befindet, bietet freie Gestaltungsm&#xF6;glichkeiten f&#xFC;r den Mieter. Die gro&#xDF;en Fenster sorgen f&#xFC;r moderne, lichtdurchflutete R&#xE4;ume in denen gerne gearbeitet wird. Durch zwei Personenaufz&#xFC;ge lassen sich alle Etagen problemlos erschlie&#xDF;en. In der hauseigenen Tiefgarage stehen Stellpl&#xE4;tze zur Anmietung bereit. Ein urbanes Umfeld ist ebenfalls gegeben.\n\nFolgende Fl&#xE4;chen stehen zur Disposition:\n\n1. OG: 200 m&#xB2; zzgl. Terrasse\n2. OG: 300 m&#xB2;\n5. OG: 250 m&#xB2; zzgl. Dachterasse<\/objektbeschreibung>\n<sonstige_angaben>Es gelten ausschlie&#xDF;lich unsere AGB (www.ruhr-real.de\/agb). Wir m&#xF6;chten Sie darauf hinweisen, dass die Angaben ausschlie&#xDF;lich auf den uns vom Eigent&#xFC;mer &#xFC;bermittelten Unterlagen und Informationen basieren. F&#xFC;r Richtigkeit und Vollst&#xE4;ndigkeit &#xFC;bernehmen wir keine Gew&#xE4;hr. Zwischenvermietung vorbehalten.<\/sonstige_angaben>\n<\/freitexte>\n<anhaenge>\n<anhang location=\"EXTERN\" gruppe=\"TITELBILD\">\n<anhangtitel>Au&#xDF;enansicht<\/anhangtitel>\n<format>jpg<\/format>\n<daten>\n<pfad>7925615e16ed42c4b35f07c9e9601e19.jpg<\/pfad>\n<\/daten>\n<\/anhang>\n<anhang location=\"EXTERN\" gruppe=\"BILD\">\n<anhangtitel>Au&#xDF;en<\/anhangtitel>\n<format>jpg<\/format>\n<daten>\n<pfad>06b7f615a70f46989f4adbc431282ef5.jpg<\/pfad>\n<\/daten>\n<\/anhang>\n<anhang location=\"EXTERN\" gruppe=\"BILD\">\n<anhangtitel>Eingang<\/anhangtitel>\n<format>jpg<\/format>\n<daten>\n<pfad>372bad70cc7a47a08df198d5896eb437.jpg<\/pfad>\n<\/daten>\n<\/anhang>\n<\/anhaenge>\n<verwaltung_objekt>\n<objektadresse_freigeben>false<\/objektadresse_freigeben>\n<verfuegbar_ab>sofort<\/verfuegbar_ab>\n<gruppennummer>2<\/gruppennummer>\n<geschlecht\/>\n<gewerbliche_nutzung>true<\/gewerbliche_nutzung>\n<\/verwaltung_objekt>\n<verwaltung_techn>\n<objektnr_intern>2906D82FF6304EA7A243CF2ECF84856E<\/objektnr_intern>\n<objektnr_extern>493\/E2<\/objektnr_extern>\n<aktion aktionart=\"CHANGE\"\/>\n<openimmo_obid>2906D82FF6304EA7A243CF2ECF84856E<\/openimmo_obid>\n<kennung_ursprung>estatePro V10.0.0.8<\/kennung_ursprung>\n<stand_vom>2025-07-22<\/stand_vom>\n<\/verwaltung_techn>\n<user_defined_simplefield feldname=\"Startseite\">Nein<\/user_defined_simplefield>\n<\/immobilie>\n"],"_thumbnail_id":["159766"],"fave_property_images":["159766","159767","159768"],"fave_floor_plans_enable":["disable"],"fave_prop_homeslider":["yes"],"fave_prop_slider_image":["159766"],"fave_agents":["111496"],"fave_agent_display_option":["agent_info"],"fave_single_top_area":["global"],"fave_single_content_area":["global"],"fave_property_map":["1"],"fave_property_map_street_view":["hide"],"fave_property_size_prefix":["m\u00b2"],"fave_property_land_postfix":["m\u00b2"],"fave_featured":["0"],"houzez_featured_listing_date":[""],"fave_property_price_postfix":["pro&nbsp;m\u00b2"],"fave_currency":["EUR"],"fave_currency_info":["a:8:{s:2:\"id\";s:1:\"1\";s:13:\"currency_name\";s:4:\"Euro\";s:13:\"currency_code\";s:3:\"EUR\";s:15:\"currency_symbol\";s:3:\"\u20ac\";s:17:\"currency_position\";s:5:\"after\";s:16:\"currency_decimal\";s:1:\"2\";s:26:\"currency_decimal_separator\";s:1:\",\";s:27:\"currency_thousand_separator\";s:1:\".\";}"],"houzez_total_property_views":["1287"],"houzez_views_by_date":["a:61:{s:10:\"02-27-2026\";i:6;s:10:\"02-28-2026\";i:4;s:10:\"03-01-2026\";i:4;s:10:\"03-02-2026\";i:4;s:10:\"03-03-2026\";i:4;s:10:\"03-04-2026\";i:6;s:10:\"03-05-2026\";i:4;s:10:\"03-06-2026\";i:4;s:10:\"03-07-2026\";i:4;s:10:\"03-08-2026\";i:4;s:10:\"03-09-2026\";i:4;s:10:\"03-10-2026\";i:4;s:10:\"03-11-2026\";i:6;s:10:\"03-12-2026\";i:7;s:10:\"03-13-2026\";i:4;s:10:\"03-14-2026\";i:4;s:10:\"03-15-2026\";i:4;s:10:\"03-16-2026\";i:2;s:10:\"03-17-2026\";i:10;s:10:\"03-18-2026\";i:6;s:10:\"03-19-2026\";i:4;s:10:\"03-20-2026\";i:6;s:10:\"03-21-2026\";i:4;s:10:\"03-22-2026\";i:4;s:10:\"03-23-2026\";i:4;s:10:\"03-24-2026\";i:4;s:10:\"03-25-2026\";i:4;s:10:\"03-26-2026\";i:6;s:10:\"03-27-2026\";i:4;s:10:\"03-28-2026\";i:4;s:10:\"03-29-2026\";i:4;s:10:\"03-30-2026\";i:6;s:10:\"03-31-2026\";i:4;s:10:\"04-01-2026\";i:9;s:10:\"04-02-2026\";i:9;s:10:\"04-03-2026\";i:8;s:10:\"04-04-2026\";i:8;s:10:\"04-05-2026\";i:8;s:10:\"04-06-2026\";i:8;s:10:\"04-07-2026\";i:12;s:10:\"04-08-2026\";i:6;s:10:\"04-09-2026\";i:8;s:10:\"04-10-2026\";i:8;s:10:\"04-11-2026\";i:7;s:10:\"04-12-2026\";i:9;s:10:\"04-13-2026\";i:8;s:10:\"04-14-2026\";i:8;s:10:\"04-15-2026\";i:8;s:10:\"04-16-2026\";i:8;s:10:\"04-17-2026\";i:8;s:10:\"04-18-2026\";i:8;s:10:\"04-19-2026\";i:8;s:10:\"04-20-2026\";i:8;s:10:\"04-21-2026\";i:8;s:10:\"04-22-2026\";i:8;s:10:\"04-23-2026\";i:8;s:10:\"04-24-2026\";i:8;s:10:\"04-25-2026\";i:8;s:10:\"04-26-2026\";i:9;s:10:\"04-27-2026\";i:8;s:10:\"04-28-2026\";i:4;}"],"houzez_recently_viewed":["2026-04-28 11:21:29"],"tp_widgets":["a:2:{s:7:\"widgets\";a:0:{}s:9:\"update_at\";s:10:\"1764682733\";}"],"_elementor_page_assets":["a:0:{}"]},"_links":{"self":[{"href":"https:\/\/ruhr-real.de\/en\/wp-json\/wp\/v2\/properties\/118026","targetHints":{"allow":["GET"]}}],"collection":[{"href":"https:\/\/ruhr-real.de\/en\/wp-json\/wp\/v2\/properties"}],"about":[{"href":"https:\/\/ruhr-real.de\/en\/wp-json\/wp\/v2\/types\/property"}],"author":[{"embeddable":true,"href":"https:\/\/ruhr-real.de\/en\/wp-json\/wp\/v2\/users\/1"}],"version-history":[{"count":0,"href":"https:\/\/ruhr-real.de\/en\/wp-json\/wp\/v2\/properties\/118026\/revisions"}],"wp:featuredmedia":[{"embeddable":true,"href":"https:\/\/ruhr-real.de\/en\/wp-json\/wp\/v2\/media\/159766"}],"wp:attachment":[{"href":"https:\/\/ruhr-real.de\/en\/wp-json\/wp\/v2\/media?parent=118026"}],"wp:term":[{"taxonomy":"property_type","embeddable":true,"href":"https:\/\/ruhr-real.de\/en\/wp-json\/wp\/v2\/property_type?post=118026"},{"taxonomy":"property_status","embeddable":true,"href":"https:\/\/ruhr-real.de\/en\/wp-json\/wp\/v2\/property_status?post=118026"},{"taxonomy":"property_feature","embeddable":true,"href":"https:\/\/ruhr-real.de\/en\/wp-json\/wp\/v2\/property_feature?post=118026"},{"taxonomy":"property_label","embeddable":true,"href":"https:\/\/ruhr-real.de\/en\/wp-json\/wp\/v2\/property_label?post=118026"},{"taxonomy":"property_country","embeddable":true,"href":"https:\/\/ruhr-real.de\/en\/wp-json\/wp\/v2\/property_country?post=118026"},{"taxonomy":"property_state","embeddable":true,"href":"https:\/\/ruhr-real.de\/en\/wp-json\/wp\/v2\/property_state?post=118026"},{"taxonomy":"property_city","embeddable":true,"href":"https:\/\/ruhr-real.de\/en\/wp-json\/wp\/v2\/property_city?post=118026"},{"taxonomy":"property_area","embeddable":true,"href":"https:\/\/ruhr-real.de\/en\/wp-json\/wp\/v2\/property_area?post=118026"}],"curies":[{"name":"wp","href":"https:\/\/api.w.org\/{rel}","templated":true}]}}