{"id":119087,"date":"2025-11-12T00:01:41","date_gmt":"2025-11-11T23:01:41","guid":{"rendered":"https:\/\/2024.ruhr-real.de\/immobilien\/k2-office-moderne-bueroflaeche-in-dortmund\/"},"modified":"2025-11-12T09:45:41","modified_gmt":"2025-11-12T08:45:41","slug":"k2-office-moderne-bueroflaeche-in-dortmund","status":"publish","type":"property","link":"https:\/\/ruhr-real.de\/en\/objekt\/k2-office-moderne-bueroflaeche-in-dortmund\/","title":{"rendered":"K2 OFFICE: Moderne B\u00fcrofl\u00e4che in Dortmund"},"content":{"rendered":"<p>Das repr\u00e4sentative B\u00fcrogeb\u00e4ude K2 Office Center verf\u00fcgt \u00fcber 7 Vollgeschosse. \u00dcber den \u00e4u\u00dferst repr\u00e4sentativen Empfangsbereich gelangt man mithilfe des offenen Treppenhauses und mithilfe von einem Personenaufzug problemlos in alle Etagen des Geb\u00e4udes. Die B\u00fcror\u00e4umlichkeiten bieten flexible Nutzungsm\u00f6glichkeiten und verf\u00fcgen \u00fcber eine moderne Ausstattung. Des Weiteren sorgen die vielen Fensterfronten des Objektes f\u00fcr eine lichtdurchflutete Arbeitsumgebung. Die Fl\u00e4chen sind mit einem au\u00dfenliegenden, elektrischen Sonnenschutz und einer CAT-Verkabelung ausgestattet. Den Mitarbeitern stehen voll ausgestattete Teek\u00fcchen, sowie auch ausreichend Stellpl\u00e4tze in der Tiefgarage zur Verf\u00fcgung.<\/p>\n<p>Derzeit stehen folgende Fl\u00e4chen zur Disposition:<\/p>\n<p>EG: 100 m\u00b2<br \/>\n3.OG: 225 m\u00b2<br \/>\n4.OG: 225 m\u00b2<br \/>\n5.OG: 225 m\u00b2<\/p>\n<p>Die M\u00e4rkische Stra\u00dfe gilt als Verbindungsst\u00fcck zwischen dem Citykern und dem PHOENIX SEE. Eine ideale Nahversorgung wird durch diverse H\u00e4ndler wie Edeka und Restaurants gew\u00e4hrleistet.<br \/>\nDer in der unmittelbaren Umgebung gelegene Westfalenpark l\u00e4dt in der Mittagspause zu einem Spaziergang ein. Ferner ist das Objekt hervorragend an den \u00d6PNV und die Autobahn angebunden.<\/p>\n<p>Bedeutende Unternehmen in der B\u00fcromarktzone: Volkswohlbund, Allianz, Siemens, Telekom, Continentale<\/p>\n<p>Hotels der Umgebung: Radisson Blu, Mercure Hotel Messe &amp; Kongress, Steigenberger Hotel, Hotel ibis Dortmund City<\/p>\n<p>\u2022 Teek\u00fcche: voll ausgestattet<br \/>\n\u2022 EDV-Verkabelung: vom Vormieter<br \/>\n\u2022 Kabelf\u00fchrung: Fensterkabelkanal<br \/>\n\u2022 Sonnenschutz: au\u00dfenliegend, elektrisch<br \/>\n\u2022 Bodenbelag: Teppichboden<\/p>\n<p>Sonstiges: flexibler Grundriss<\/p>\n<p>Es gelten ausschlie\u00dflich unsere AGB (www.ruhr-real.de\/agb). Wir m\u00f6chten Sie darauf hinweisen, dass die Angaben ausschlie\u00dflich auf den uns vom Eigent\u00fcmer \u00fcbermittelten Unterlagen und Informationen basieren. F\u00fcr Richtigkeit und Vollst\u00e4ndigkeit \u00fcbernehmen wir keine Gew\u00e4hr. Zwischenvermietung vorbehalten.<br \/>\n<div class=\"widget widget_immonex_user_defined_properties_widget\"><div class=\"immonex-widget immonex-widget-houzez\">\n\t\t<div class=\"immonex-widget-title clearfix\">\n\t\t<h2 class=\"widgettitle\">Energieeffizienz<\/h2>\t<\/div>\n\t\t<ul class=\"immonex-property-details row list-lined list-unstyled\">\n\t\t\t\t<li>\n\t\t\t<div class=\"list-lined-item w-100 d-flex justify-content-between py-2\">\n\t\t\t\t\t\t\t\t<strong class=\"property-details-label\">Energieausweis-Jahrgang:<\/strong>&nbsp;<span class=\"property-details-value\">not required<\/span>\n\t\t\t\t\t\t\t<\/div>\n\t\t<\/li>\n\t\t\t<\/ul>\n<\/div><\/div><\/p>\n","protected":false},"excerpt":{"rendered":"<p>Das repr\u00e4sentative B\u00fcrogeb\u00e4ude K2 Office Center verf\u00fcgt \u00fcber 7 Vollgeschosse. \u00dcber den \u00e4u\u00dferst repr\u00e4sentativen&#8230;<\/p>\n","protected":false},"author":1,"featured_media":172754,"parent":0,"menu_order":0,"template":"","property_type":[379],"property_status":[352],"property_feature":[],"property_label":[],"property_country":[353],"property_state":[],"property_city":[304],"property_area":[],"class_list":["post-119087","property","type-property","status-publish","has-post-thumbnail","hentry","property_type-bueroflaechen","property_status-zu-vermieten","property_country-deutschland","property_city-dortmund"],"acf":[],"property_meta":{"_immonex_import_folder":["users\/RUHRREAL"],"_immonex_translation_id":["988\/E2"],"_openimmo_obid":["BE8E3592EC954E928602BAE74630034A"],"_is_immonex_import_property":["1"],"_immonex_is_reference":[""],"rank_math_internal_links_processed":["1"],"_immonex_post_status":["updated"],"fave_property_map_address":["44139 Dortmund"],"fave_property_zip":["44139"],"fave_property_country":["DE"],"_immonex_lat":["51.4909242"],"_immonex_lng":["7.4546274509"],"houzez_geolocation_lat":["51.4909242"],"houzez_geolocation_long":["7.4546274509"],"fave_property_location":["51.4909242,7.4546274509"],"fave_property_price":["11.00"],"fave_property_sec_price":["11.0000"],"fave_property_size":["225"],"fave_property_id":["988\/E2"],"_fave_property_id":["988\/E2"],"_immonex_iso_country":["DEU"],"_openimmo_anid":["0000"],"_immonex_group_number":[""],"_immonex_group_id":[""],"_immonex_group_master":[""],"_immonex_import_meta":["a:6:{s:8:\"zip_file\";s:131:\"\/www\/htdocs\/w0172e0e\/ruhr-real_2024\/wp-content\/uploads\/immonex-openimmo-import\/users\/RUHRREAL\/Immowelt_estatePro_20251112094424.zip\";s:8:\"xml_file\";s:158:\"\/www\/htdocs\/w0172e0e\/ruhr-real_2024\/wp-content\/uploads\/immonex-openimmo-import\/immowelt_estatepro_20251112094424\/Homepage_2024_NEW_estatePro20251112094424.xml\";s:12:\"mapping_file\";s:116:\"\/www\/htdocs\/w0172e0e\/ruhr-real_2024\/wp-content\/uploads\/immonex-openimmo-import\/mappings\/houzez_ruhrreal_18122023.csv\";s:9:\"timestamp\";i:1762937142;s:4:\"date\";s:10:\"2025-11-12\";s:4:\"time\";s:8:\"09:45:42\";}"],"_immonex_is_sold":[""],"_immonex_is_reserved":[""],"_immonex_is_available":["1"],"_immonex_areabutler_url_with_address":[""],"_immonex_areabutler_url_no_address":[""],"_immonex_areabutler_url":[""],"additional_features":["a:13:{i:0;a:2:{s:29:\"fave_additional_feature_title\";s:14:\"Nettokaltmiete\";s:29:\"fave_additional_feature_value\";s:11:\"11&nbsp;\u20ac\";}i:1;a:2:{s:29:\"fave_additional_feature_title\";s:9:\"Kaltmiete\";s:29:\"fave_additional_feature_value\";s:11:\"11&nbsp;\u20ac\";}i:2;a:2:{s:29:\"fave_additional_feature_title\";s:29:\"monatl. Betriebs-\/Nebenkosten\";s:29:\"fave_additional_feature_value\";s:13:\"3,50&nbsp;\u20ac\";}i:3;a:2:{s:29:\"fave_additional_feature_title\";s:33:\"Heizkosten in Warmmiete enthalten\";s:29:\"fave_additional_feature_value\";s:4:\"nein\";}i:4;a:2:{s:29:\"fave_additional_feature_title\";s:32:\"Preise zuz\u00fcglich Mehrwertsteuer\";s:29:\"fave_additional_feature_value\";s:4:\"nein\";}i:5;a:2:{s:29:\"fave_additional_feature_title\";s:23:\"Netto-Kaltmiete pro m\u00b2\";s:29:\"fave_additional_feature_value\";s:11:\"11&nbsp;\u20ac\";}i:6;a:2:{s:29:\"fave_additional_feature_title\";s:10:\"MwSt.-Satz\";s:29:\"fave_additional_feature_value\";s:9:\"19&nbsp;%\";}i:7;a:2:{s:29:\"fave_additional_feature_title\";s:12:\"B\u00fcrofl\u00e4che\";s:29:\"fave_additional_feature_value\";s:12:\"225&nbsp;m\u00b2\";}i:8;a:2:{s:29:\"fave_additional_feature_title\";s:16:\"B\u00fcroteilfl\u00e4che\";s:29:\"fave_additional_feature_value\";s:12:\"225&nbsp;m\u00b2\";}i:9;a:2:{s:29:\"fave_additional_feature_title\";s:10:\"Teilbar ab\";s:29:\"fave_additional_feature_value\";s:12:\"225&nbsp;m\u00b2\";}i:10;a:2:{s:29:\"fave_additional_feature_title\";s:13:\"Stellplatzart\";s:29:\"fave_additional_feature_value\";s:9:\"Freiplatz\";}i:11;a:2:{s:29:\"fave_additional_feature_title\";s:7:\"Zustand\";s:29:\"fave_additional_feature_value\";s:8:\"gepflegt\";}i:12;a:2:{s:29:\"fave_additional_feature_title\";s:27:\"Immobilie ist verf\u00fcgbar ab\";s:29:\"fave_additional_feature_value\";s:17:\"nach Vereinbarung\";}}"],"fave_additional_features_enable":["enable"],"_immonex_custom_fields":["a:1:{s:23:\"Energieausweis-Jahrgang\";a:5:{s:14:\"mapping_source\";s:38:\"zustand_angaben->energiepass->jahrgang\";s:4:\"name\";s:0:\"\";s:5:\"group\";s:5:\"epass\";s:5:\"value\";s:12:\"not required\";s:19:\"value_before_filter\";s:12:\"nicht_noetig\";}}"],"_immonex_property_xml_source":["<?xml version=\"1.0\"?>\n<immobilie>\n<objektkategorie>\n<nutzungsart WOHNEN=\"false\" GEWERBE=\"true\"\/>\n<vermarktungsart KAUF=\"false\" MIETE_PACHT=\"true\"\/>\n<objektart>\n<buero_praxen buero_typ=\"BUEROHAUS\"\/>\n<\/objektart>\n<user_defined_simplefield\/>\n<\/objektkategorie>\n<geo>\n<plz>44139<\/plz>\n<ort>Dortmund<\/ort>\n<strasse>M&#xE4;rkische Stra&#xDF;e<\/strasse>\n<hausnummer>115-117<\/hausnummer>\n<land iso_land=\"DEU\"\/>\n<lage_im_bau\/>\n<\/geo>\n<kontaktperson>\n<email_zentrale>anfrage@ruhr-real.de<\/email_zentrale>\n<email_direkt>ostermann@ruhr-real.de<\/email_direkt>\n<tel_durchw>+49 201 99996333<\/tel_durchw>\n<tel_fax>+49 201 99996344<\/tel_fax>\n<tel_handy>+49 162 8184000<\/tel_handy>\n<name>Ostermann<\/name>\n<vorname>Leon<\/vorname>\n<anrede>Herr<\/anrede>\n<firma>RUHR REAL GmbH<\/firma>\n<strasse>Holsterhauser Platz<\/strasse>\n<hausnummer>2<\/hausnummer>\n<plz>45147<\/plz>\n<ort>Essen<\/ort>\n<adressfreigabe>true<\/adressfreigabe>\n<\/kontaktperson>\n<preise>\n<nettokaltmiete>11.00<\/nettokaltmiete>\n<kaltmiete>11.00<\/kaltmiete>\n<nebenkosten>3.50<\/nebenkosten>\n<heizkosten_enthalten>false<\/heizkosten_enthalten>\n<zzg_mehrwertsteuer>false<\/zzg_mehrwertsteuer>\n<preis_zeiteinheit\/>\n<mietpreis_pro_qm>11.0000<\/mietpreis_pro_qm>\n<provisionspflichtig>false<\/provisionspflichtig>\n<waehrung iso_waehrung=\"EUR\"\/>\n<mwst_satz>19.00<\/mwst_satz>\n<stp_carport\/>\n<stp_duplex\/>\n<stp_freiplatz\/>\n<stp_garage\/>\n<stp_parkhaus\/>\n<stp_tiefgarage\/>\n<\/preise>\n<bieterverfahren\/>\n<versteigerung\/>\n<flaechen>\n<bueroflaeche>225<\/bueroflaeche>\n<bueroteilflaeche>225<\/bueroteilflaeche>\n<teilbar_ab>225<\/teilbar_ab>\n<anzahl_stellplaetze type=\"xsd:decimal\">5<\/anzahl_stellplaetze>\n<\/flaechen>\n<ausstattung>\n<bad\/>\n<kueche\/>\n<heizungsart\/>\n<befeuerung\/>\n<fahrstuhl\/>\n<stellplatzart FREIPLATZ=\"true\"\/>\n<ausricht_balkon_terrasse\/>\n<angeschl_gastronomie\/>\n<sicherheitstechnik\/>\n<\/ausstattung>\n<zustand_angaben>\n<zustand zustand_art=\"GEPFLEGT\"\/>\n<energiepass>\n<jahrgang>nicht_noetig<\/jahrgang>\n<\/energiepass>\n<\/zustand_angaben>\n<bewertung\/>\n<infrastruktur\/>\n<freitexte>\n<objekttitel>K2 OFFICE: Moderne B&#xFC;rofl&#xE4;che in Dortmund<\/objekttitel>\n<lage>Die M&#xE4;rkische Stra&#xDF;e gilt als Verbindungsst&#xFC;ck zwischen dem Citykern und dem PHOENIX SEE. Eine ideale Nahversorgung wird durch diverse H&#xE4;ndler wie Edeka und Restaurants gew&#xE4;hrleistet. \nDer in der unmittelbaren Umgebung gelegene Westfalenpark l&#xE4;dt in der Mittagspause zu einem Spaziergang ein. Ferner ist das Objekt hervorragend an den &#xD6;PNV und die Autobahn angebunden.\n\nBedeutende Unternehmen in der B&#xFC;romarktzone: Volkswohlbund, Allianz, Siemens, Telekom, Continentale\n\nHotels der Umgebung: Radisson Blu, Mercure Hotel Messe &amp; Kongress, Steigenberger Hotel, Hotel ibis Dortmund City<\/lage>\n<ausstatt_beschr>&#x2022; Teek&#xFC;che: voll ausgestattet\n&#x2022; EDV-Verkabelung: vom Vormieter\n&#x2022; Kabelf&#xFC;hrung: Fensterkabelkanal\n&#x2022; Sonnenschutz: au&#xDF;enliegend, elektrisch\n&#x2022; Bodenbelag: Teppichboden\n\nSonstiges: flexibler Grundriss<\/ausstatt_beschr>\n<objektbeschreibung>Das repr&#xE4;sentative B&#xFC;rogeb&#xE4;ude K2 Office Center verf&#xFC;gt &#xFC;ber 7 Vollgeschosse. &#xDC;ber den &#xE4;u&#xDF;erst repr&#xE4;sentativen Empfangsbereich gelangt man mithilfe des offenen Treppenhauses und mithilfe von einem Personenaufzug problemlos in alle Etagen des Geb&#xE4;udes. Die B&#xFC;ror&#xE4;umlichkeiten bieten flexible Nutzungsm&#xF6;glichkeiten und verf&#xFC;gen &#xFC;ber eine moderne Ausstattung. Des Weiteren sorgen die vielen Fensterfronten des Objektes f&#xFC;r eine lichtdurchflutete Arbeitsumgebung. Die Fl&#xE4;chen sind mit einem au&#xDF;enliegenden, elektrischen Sonnenschutz und einer CAT-Verkabelung ausgestattet. Den Mitarbeitern stehen voll ausgestattete Teek&#xFC;chen, sowie auch ausreichend Stellpl&#xE4;tze in der Tiefgarage zur Verf&#xFC;gung. \n\nDerzeit stehen folgende Fl&#xE4;chen zur Disposition:\n\nEG: 100 m&#xB2;\n3.OG: 225 m&#xB2;\n4.OG: 225 m&#xB2;\n5.OG: 225 m&#xB2;<\/objektbeschreibung><sonstige_angaben>Es gelten ausschlie&#xDF;lich unsere AGB (www.ruhr-real.de\/agb). Wir m&#xF6;chten Sie darauf hinweisen, dass die Angaben ausschlie&#xDF;lich auf den uns vom Eigent&#xFC;mer &#xFC;bermittelten Unterlagen und Informationen basieren. F&#xFC;r Richtigkeit und Vollst&#xE4;ndigkeit &#xFC;bernehmen wir keine Gew&#xE4;hr. Zwischenvermietung vorbehalten.<\/sonstige_angaben>\n<\/freitexte>\n<anhaenge>\n<anhang location=\"EXTERN\" gruppe=\"TITELBILD\">\n<anhangtitel>B&#xFC;ro<\/anhangtitel>\n<format>jpeg<\/format>\n<daten>\n<pfad>af99b25bfccc4656becf4f22a81b9ca2.jpeg<\/pfad>\n<\/daten>\n<\/anhang>\n<anhang location=\"EXTERN\" gruppe=\"BILD\">\n<anhangtitel>B&#xFC;ro<\/anhangtitel>\n<format>jpeg<\/format>\n<daten>\n<pfad>2ee6bffc760b40a395ce0b2eeb19f381.jpeg<\/pfad>\n<\/daten>\n<\/anhang>\n<anhang location=\"EXTERN\" gruppe=\"BILD\">\n<anhangtitel>B&#xFC;ro<\/anhangtitel>\n<format>jpeg<\/format>\n<daten>\n<pfad>7c22d5a85ceb4afc847d6cf9cf5a992d.jpeg<\/pfad>\n<\/daten>\n<\/anhang>\n<anhang location=\"EXTERN\" gruppe=\"GRUNDRISS\">\n<anhangtitel>3. OG<\/anhangtitel>\n<format>JPG<\/format>\n<daten>\n<pfad>e1fa9a4d41e1405abe5de31adaee586b.JPG<\/pfad>\n<\/daten>\n<\/anhang>\n<anhang location=\"EXTERN\" gruppe=\"GRUNDRISS\">\n<anhangtitel>4. OG<\/anhangtitel>\n<format>JPG<\/format>\n<daten>\n<pfad>5bd2c1f79d534971914815152ead42aa.JPG<\/pfad>\n<\/daten>\n<\/anhang>\n<\/anhaenge>\n<verwaltung_objekt>\n<objektadresse_freigeben>false<\/objektadresse_freigeben>\n<verfuegbar_ab>nach Vereinbarung <\/verfuegbar_ab>\n<geschlecht\/>\n<\/verwaltung_objekt>\n<verwaltung_techn>\n<objektnr_intern>BE8E3592EC954E928602BAE74630034A<\/objektnr_intern>\n<objektnr_extern>988\/E2<\/objektnr_extern>\n<aktion aktionart=\"CHANGE\"\/>\n<openimmo_obid>BE8E3592EC954E928602BAE74630034A<\/openimmo_obid>\n<kennung_ursprung>estatePro V10.0.0.8<\/kennung_ursprung>\n<stand_vom>2025-11-12<\/stand_vom>\n<\/verwaltung_techn>\n<user_defined_simplefield feldname=\"Startseite\">Nein<\/user_defined_simplefield>\n<\/immobilie>\n"],"_immonex_energy_class":[""],"_immonex_energy_class_id":["0"],"_thumbnail_id":["172754"],"fave_property_images":["172754","172755","172756"],"fave_floor_plans_enable":["enable"],"floor_plans":["a:2:{i:0;a:7:{s:15:\"fave_plan_title\";s:5:\"3. OG\";s:15:\"fave_plan_rooms\";s:0:\"\";s:19:\"fave_plan_bathrooms\";s:0:\"\";s:15:\"fave_plan_price\";s:0:\"\";s:14:\"fave_plan_size\";s:0:\"\";s:15:\"fave_plan_image\";s:84:\"https:\/\/ruhr-real.de\/wp-content\/uploads\/2025\/11\/e1fa9a4d41e1405abe5de31adaee586b.jpg\";s:21:\"fave_plan_description\";s:0:\"\";}i:1;a:7:{s:15:\"fave_plan_title\";s:5:\"4. OG\";s:15:\"fave_plan_rooms\";s:0:\"\";s:19:\"fave_plan_bathrooms\";s:0:\"\";s:15:\"fave_plan_price\";s:0:\"\";s:14:\"fave_plan_size\";s:0:\"\";s:15:\"fave_plan_image\";s:84:\"https:\/\/ruhr-real.de\/wp-content\/uploads\/2025\/11\/5bd2c1f79d534971914815152ead42aa.jpg\";s:21:\"fave_plan_description\";s:0:\"\";}}"],"fave_prop_homeslider":["yes"],"fave_prop_slider_image":["172754"],"fave_agents":["142704"],"fave_agent_display_option":["agent_info"],"fave_single_top_area":["global"],"fave_single_content_area":["global"],"fave_property_map":["1"],"fave_property_map_street_view":["hide"],"fave_property_size_prefix":["m\u00b2"],"fave_property_land_postfix":["m\u00b2"],"fave_featured":["0"],"houzez_featured_listing_date":[""],"fave_property_price_postfix":["pro&nbsp;m\u00b2"],"fave_currency":["EUR"],"fave_currency_info":["a:8:{s:2:\"id\";s:1:\"1\";s:13:\"currency_name\";s:4:\"Euro\";s:13:\"currency_code\";s:3:\"EUR\";s:15:\"currency_symbol\";s:3:\"\u20ac\";s:17:\"currency_position\";s:5:\"after\";s:16:\"currency_decimal\";s:1:\"2\";s:26:\"currency_decimal_separator\";s:1:\",\";s:27:\"currency_thousand_separator\";s:1:\".\";}"],"houzez_total_property_views":["852"],"houzez_views_by_date":["a:61:{s:10:\"03-01-2026\";i:4;s:10:\"03-02-2026\";i:4;s:10:\"03-03-2026\";i:4;s:10:\"03-04-2026\";i:6;s:10:\"03-05-2026\";i:4;s:10:\"03-06-2026\";i:4;s:10:\"03-07-2026\";i:4;s:10:\"03-08-2026\";i:4;s:10:\"03-09-2026\";i:4;s:10:\"03-10-2026\";i:4;s:10:\"03-11-2026\";i:6;s:10:\"03-12-2026\";i:6;s:10:\"03-13-2026\";i:4;s:10:\"03-14-2026\";i:4;s:10:\"03-15-2026\";i:4;s:10:\"03-16-2026\";i:2;s:10:\"03-17-2026\";i:8;s:10:\"03-18-2026\";i:6;s:10:\"03-19-2026\";i:4;s:10:\"03-20-2026\";i:6;s:10:\"03-21-2026\";i:4;s:10:\"03-22-2026\";i:4;s:10:\"03-23-2026\";i:4;s:10:\"03-24-2026\";i:4;s:10:\"03-25-2026\";i:4;s:10:\"03-26-2026\";i:6;s:10:\"03-27-2026\";i:4;s:10:\"03-28-2026\";i:4;s:10:\"03-29-2026\";i:4;s:10:\"03-30-2026\";i:6;s:10:\"03-31-2026\";i:4;s:10:\"04-01-2026\";i:7;s:10:\"04-02-2026\";i:9;s:10:\"04-03-2026\";i:8;s:10:\"04-04-2026\";i:8;s:10:\"04-05-2026\";i:8;s:10:\"04-06-2026\";i:8;s:10:\"04-07-2026\";i:12;s:10:\"04-08-2026\";i:6;s:10:\"04-09-2026\";i:10;s:10:\"04-10-2026\";i:8;s:10:\"04-11-2026\";i:8;s:10:\"04-12-2026\";i:8;s:10:\"04-13-2026\";i:8;s:10:\"04-14-2026\";i:8;s:10:\"04-15-2026\";i:8;s:10:\"04-16-2026\";i:10;s:10:\"04-17-2026\";i:6;s:10:\"04-18-2026\";i:10;s:10:\"04-19-2026\";i:8;s:10:\"04-20-2026\";i:8;s:10:\"04-21-2026\";i:8;s:10:\"04-22-2026\";i:8;s:10:\"04-23-2026\";i:10;s:10:\"04-24-2026\";i:11;s:10:\"04-25-2026\";i:8;s:10:\"04-26-2026\";i:8;s:10:\"04-27-2026\";i:8;s:10:\"04-28-2026\";i:8;s:10:\"04-29-2026\";i:10;s:10:\"04-30-2026\";i:3;}"],"houzez_recently_viewed":["2026-04-30 06:32:07"],"tp_widgets":["a:2:{s:7:\"widgets\";a:0:{}s:9:\"update_at\";s:10:\"1764682733\";}"],"_elementor_page_assets":["a:0:{}"]},"_links":{"self":[{"href":"https:\/\/ruhr-real.de\/en\/wp-json\/wp\/v2\/properties\/119087","targetHints":{"allow":["GET"]}}],"collection":[{"href":"https:\/\/ruhr-real.de\/en\/wp-json\/wp\/v2\/properties"}],"about":[{"href":"https:\/\/ruhr-real.de\/en\/wp-json\/wp\/v2\/types\/property"}],"author":[{"embeddable":true,"href":"https:\/\/ruhr-real.de\/en\/wp-json\/wp\/v2\/users\/1"}],"version-history":[{"count":0,"href":"https:\/\/ruhr-real.de\/en\/wp-json\/wp\/v2\/properties\/119087\/revisions"}],"wp:featuredmedia":[{"embeddable":true,"href":"https:\/\/ruhr-real.de\/en\/wp-json\/wp\/v2\/media\/172754"}],"wp:attachment":[{"href":"https:\/\/ruhr-real.de\/en\/wp-json\/wp\/v2\/media?parent=119087"}],"wp:term":[{"taxonomy":"property_type","embeddable":true,"href":"https:\/\/ruhr-real.de\/en\/wp-json\/wp\/v2\/property_type?post=119087"},{"taxonomy":"property_status","embeddable":true,"href":"https:\/\/ruhr-real.de\/en\/wp-json\/wp\/v2\/property_status?post=119087"},{"taxonomy":"property_feature","embeddable":true,"href":"https:\/\/ruhr-real.de\/en\/wp-json\/wp\/v2\/property_feature?post=119087"},{"taxonomy":"property_label","embeddable":true,"href":"https:\/\/ruhr-real.de\/en\/wp-json\/wp\/v2\/property_label?post=119087"},{"taxonomy":"property_country","embeddable":true,"href":"https:\/\/ruhr-real.de\/en\/wp-json\/wp\/v2\/property_country?post=119087"},{"taxonomy":"property_state","embeddable":true,"href":"https:\/\/ruhr-real.de\/en\/wp-json\/wp\/v2\/property_state?post=119087"},{"taxonomy":"property_city","embeddable":true,"href":"https:\/\/ruhr-real.de\/en\/wp-json\/wp\/v2\/property_city?post=119087"},{"taxonomy":"property_area","embeddable":true,"href":"https:\/\/ruhr-real.de\/en\/wp-json\/wp\/v2\/property_area?post=119087"}],"curies":[{"name":"wp","href":"https:\/\/api.w.org\/{rel}","templated":true}]}}