{"id":119237,"date":"2024-05-10T03:04:36","date_gmt":"2024-05-10T01:04:36","guid":{"rendered":"https:\/\/2024.ruhr-real.de\/immobilien\/lagerhalle-mit-ca-950-m%c2%b2-grosshandelsflaeche-repraesentative-lage-viele-parkplaetze-ruhr-real\/"},"modified":"2024-05-10T03:04:36","modified_gmt":"2024-05-10T01:04:36","slug":"lagerhalle-mit-ca-950-m%c2%b2-grosshandelsflaeche-repraesentative-lage-viele-parkplaetze-ruhr-real","status":"publish","type":"property","link":"https:\/\/ruhr-real.de\/en\/objekt\/lagerhalle-mit-ca-950-m%c2%b2-grosshandelsflaeche-repraesentative-lage-viele-parkplaetze-ruhr-real\/","title":{"rendered":"Lagerhalle mit ca. 950 m\u00b2 Gro\u00dfhandelsfl\u00e4che | repr\u00e4sentative Lage | viele Parkpl\u00e4tze | RUHR REAL"},"content":{"rendered":"<p>Die attraktive Hallenfl\u00e4che dient derzeit als Gro\u00dfhandelsfl\u00e4che und wird zum 1. Oktober 2023 frei. Besonders \u00fcberzeugen die hervorragende Verkehrsanbindung sowie die weitr\u00e4umigen Parkm\u00f6glichkeiten. Die ebenerdige Fl\u00e4che ist \u00fcberdies nahezu st\u00fctzenfrei. Die Andienung erfolgt \u00fcber ein ebenerdiges Rolltor.<\/p>\n<p>Derzeit stehen folgende Fl\u00e4chen zur Verf\u00fcgung:<\/p>\n<p>Gro\u00dfhandelsfl\u00e4che: ca. 950 m\u00b2<br \/>\nLagerfl\u00e4che: ca. 616,99 m\u00b2<\/p>\n<p>Die attraktive Logistikfl\u00e4che befindet sich im beliebten Dortmunder Indu-Park. Namhafte Filialisten wie IKEA, METRO und viele weitere Unternehmen pr\u00e4gen das frequentierte Handelsumfeld.<br \/>\nDie Fl\u00e4che ist hervorragend an den \u00d6PNV sowie an die Autobahn angeschlossen und garantiert somit eine schnelle und flexible Erreichbarkeit.<\/p>\n<p>\u2022 1 elektrisches Rolltor<br \/>\n\u2022 Brandschutz: RWA \/ Sprinkleranlage<br \/>\n\u2022 Starkstrom: vorhanden<br \/>\n\u2022 Gebietsausweis: Gewerbegebiet<br \/>\n\u2022 schnelle Autobahnanbindung<br \/>\n\u2022 Parkpl\u00e4tze<br \/>\n\u2022 Gro\u00dfhandelsfl\u00e4che<\/p>\n<p>Es gelten ausschlie\u00dflich unsere AGB (www.ruhr-real.de\/agb). Die Halle ist nicht f\u00fcr Veranstaltungsr\u00e4ume geeignet. Wir m\u00f6chten Sie darauf hinweisen, dass die Angaben ausschlie\u00dflich auf den uns vom Eigent\u00fcmer \u00fcbermittelten Unterlagen und Informationen basieren. F\u00fcr Richtigkeit und Vollst\u00e4ndigkeit \u00fcbernehmen wir keine Gew\u00e4hr. Zwischenvermietung vorbehalten.<br \/>\n<div class=\"widget widget_immonex_user_defined_properties_widget\"><div class=\"immonex-widget immonex-widget-houzez\">\n\t\t<div class=\"immonex-widget-title clearfix\">\n\t\t<h2 class=\"widgettitle\">Energieeffizienz<\/h2>\t<\/div>\n\t\t<ul class=\"immonex-property-details row list-lined list-unstyled\">\n\t\t\t\t<li>\n\t\t\t<div class=\"list-lined-item w-100 d-flex justify-content-between py-2\">\n\t\t\t\t\t\t\t\t<strong class=\"property-details-label\">Energieausweis-Jahrgang:<\/strong>&nbsp;<span class=\"property-details-value\">not available<\/span>\n\t\t\t\t\t\t\t<\/div>\n\t\t<\/li>\n\t\t\t<\/ul>\n<\/div><\/div><\/p>\n","protected":false},"excerpt":{"rendered":"<p>Die attraktive Hallenfl\u00e4che dient derzeit als Gro\u00dfhandelsfl\u00e4che und wird zum 1. Oktober 2023 frei. Besonders&#8230;<\/p>\n","protected":false},"author":1,"featured_media":119238,"parent":0,"menu_order":0,"template":"","property_type":[380],"property_status":[352],"property_feature":[],"property_label":[],"property_country":[353],"property_state":[],"property_city":[304],"property_area":[],"class_list":["post-119237","property","type-property","status-publish","has-post-thumbnail","hentry","property_type-lager-und-produktionsflaechen","property_status-zu-vermieten","property_country-deutschland","property_city-dortmund"],"acf":[],"property_meta":{"_immonex_import_folder":["users\/RUHRREAL"],"fave_property_map_address":["44149  Dortmund"],"fave_property_zip":["44149 "],"fave_property_country":["DE"],"_immonex_lat":["51.5112739"],"_immonex_lng":["7.4232947"],"houzez_geolocation_lat":["51.5112739"],"houzez_geolocation_long":["7.4232947"],"fave_property_location":["51.5112739,7.4232947"],"fave_property_size":["1566"],"fave_property_id":["2650\/E1"],"_immonex_translation_id":["2650\/E1"],"_immonex_iso_country":["DEU"],"_openimmo_obid":["DA7C713B9C1E4E03AE52B76F6F892FDC"],"_openimmo_anid":["0000"],"_immonex_group_number":[""],"_immonex_group_id":[""],"_immonex_group_master":[""],"_immonex_import_meta":["a:6:{s:8:\"zip_file\";s:131:\"\/www\/htdocs\/w0172e0e\/ruhr-real_2024\/wp-content\/uploads\/immonex-openimmo-import\/users\/RUHRREAL\/Immowelt_estatePro_20240510090508.zip\";s:8:\"xml_file\";s:158:\"\/www\/htdocs\/w0172e0e\/ruhr-real_2024\/wp-content\/uploads\/immonex-openimmo-import\/immowelt_estatepro_20240510090508\/Homepage_2024_NEW_estatePro20240510090508.xml\";s:12:\"mapping_file\";s:116:\"\/www\/htdocs\/w0172e0e\/ruhr-real_2024\/wp-content\/uploads\/immonex-openimmo-import\/mappings\/houzez_ruhrreal_18122023.csv\";s:9:\"timestamp\";i:1715330316;s:4:\"date\";s:10:\"2024-05-10\";s:4:\"time\";s:8:\"10:38:36\";}"],"_is_immonex_import_property":["1"],"_immonex_is_reference":[""],"_immonex_is_sold":[""],"_immonex_is_reserved":[""],"_immonex_is_available":["1"],"additional_features":["a:12:{i:0;a:2:{s:29:\"fave_additional_feature_title\";s:33:\"Heizkosten in Warmmiete enthalten\";s:29:\"fave_additional_feature_value\";s:4:\"nein\";}i:1;a:2:{s:29:\"fave_additional_feature_title\";s:32:\"Preise zuz\u00fcglich Mehrwertsteuer\";s:29:\"fave_additional_feature_value\";s:4:\"nein\";}i:2;a:2:{s:29:\"fave_additional_feature_title\";s:16:\"K\u00e4uferprovision\";s:29:\"fave_additional_feature_value\";s:19:\"3 Nettomonatsmieten\";}i:3;a:2:{s:29:\"fave_additional_feature_title\";s:20:\"Hinweis zur Courtage\";s:29:\"fave_additional_feature_value\";s:209:\"Bei Vertr\u00e4gen bis zu f\u00fcnf Jahren Laufzeit ist ein Honorar von 3 Nettomonatsmieten zahlbar; bei Laufzeiten bis zu zehn Jahren werden 4 Nettomonatsmieten f\u00e4llig. Hinzu kommt die jeweils g\u00fcltige Umsatzsteuer.\";}i:4;a:2:{s:29:\"fave_additional_feature_title\";s:10:\"MwSt.-Satz\";s:29:\"fave_additional_feature_value\";s:9:\"19&nbsp;%\";}i:5;a:2:{s:29:\"fave_additional_feature_title\";s:13:\"Gesamtfl\u00e4che\";s:29:\"fave_additional_feature_value\";s:14:\"1.566&nbsp;m\u00b2\";}i:6;a:2:{s:29:\"fave_additional_feature_title\";s:12:\"Ladenfl\u00e4che\";s:29:\"fave_additional_feature_value\";s:12:\"950&nbsp;m\u00b2\";}i:7;a:2:{s:29:\"fave_additional_feature_title\";s:12:\"Lagerfl\u00e4che\";s:29:\"fave_additional_feature_value\";s:12:\"616&nbsp;m\u00b2\";}i:8;a:2:{s:29:\"fave_additional_feature_title\";s:10:\"Teilbar ab\";s:29:\"fave_additional_feature_value\";s:12:\"616&nbsp;m\u00b2\";}i:9;a:2:{s:29:\"fave_additional_feature_title\";s:13:\"Stellplatzart\";s:29:\"fave_additional_feature_value\";s:9:\"Freiplatz\";}i:10;a:2:{s:29:\"fave_additional_feature_title\";s:7:\"Zustand\";s:29:\"fave_additional_feature_value\";s:8:\"gepflegt\";}i:11;a:2:{s:29:\"fave_additional_feature_title\";s:27:\"Immobilie ist verf\u00fcgbar ab\";s:29:\"fave_additional_feature_value\";s:10:\"01.10.2023\";}}"],"fave_additional_features_enable":["enable"],"_immonex_custom_fields":["a:1:{s:23:\"Energieausweis-Jahrgang\";a:5:{s:14:\"mapping_source\";s:38:\"zustand_angaben->energiepass->jahrgang\";s:4:\"name\";s:0:\"\";s:5:\"group\";s:5:\"epass\";s:5:\"value\";s:13:\"not available\";s:19:\"value_before_filter\";s:4:\"ohne\";}}"],"_immonex_property_xml_source":["<?xml version=\"1.0\"?>\n<immobilie>\n<objektkategorie>\n<nutzungsart WOHNEN=\"false\" GEWERBE=\"true\"\/>\n<vermarktungsart KAUF=\"false\" MIETE_PACHT=\"true\"\/>\n<objektart>\n<hallen_lager_prod hallen_typ=\"LAGERFLAECHEN\"\/>\n<\/objektart>\n<user_defined_simplefield\/>\n<\/objektkategorie>\n<geo>\n<plz>44149 <\/plz>\n<ort>Dortmund<\/ort>\n<strasse>Brennaborstra&#xDF;e<\/strasse>\n<hausnummer>12<\/hausnummer>\n<land iso_land=\"DEU\"\/>\n<lage_im_bau\/>\n<\/geo>\n<kontaktperson>\n<email_zentrale>anfrage@ruhr-real.de<\/email_zentrale>\n<email_direkt>mehrer@ruhr-real.de<\/email_direkt>\n<tel_durchw>+49 201 99996330<\/tel_durchw>\n<tel_fax>+49 201 99996344<\/tel_fax>\n<tel_handy>+49 162 2907000<\/tel_handy>\n<name>Mehrer<\/name>\n<vorname>Nils<\/vorname>\n<anrede>Herr<\/anrede>\n<firma>RUHR REAL GmbH<\/firma>\n<strasse>Holsterhauser Platz<\/strasse>\n<hausnummer>2<\/hausnummer>\n<plz>45147<\/plz>\n<ort>Essen<\/ort>\n<adressfreigabe>true<\/adressfreigabe>\n<\/kontaktperson>\n<preise>\n<heizkosten_enthalten>false<\/heizkosten_enthalten>\n<zzg_mehrwertsteuer>false<\/zzg_mehrwertsteuer>\n<preis_zeiteinheit\/>\n<provisionspflichtig>true<\/provisionspflichtig>\n<aussen_courtage mit_mwst=\"false\">3 Nettomonatsmieten<\/aussen_courtage>\n<courtage_hinweis>Bei Vertr&#xE4;gen bis zu f&#xFC;nf Jahren Laufzeit ist ein Honorar von 3 Nettomonatsmieten zahlbar; bei Laufzeiten bis zu zehn Jahren werden 4 Nettomonatsmieten f&#xE4;llig. Hinzu kommt die jeweils g&#xFC;ltige Umsatzsteuer.<\/courtage_hinweis><waehrung iso_waehrung=\"EUR\"\/>\n<mwst_satz>19.00<\/mwst_satz>\n<stp_carport\/>\n<stp_duplex\/>\n<stp_freiplatz\/>\n<stp_garage\/>\n<stp_parkhaus\/>\n<stp_tiefgarage\/>\n<\/preise>\n<bieterverfahren\/>\n<versteigerung\/>\n<flaechen>\n<gesamtflaeche>1566<\/gesamtflaeche>\n<ladenflaeche>950<\/ladenflaeche>\n<lagerflaeche>616<\/lagerflaeche>\n<teilbar_ab>616<\/teilbar_ab>\n<anzahl_stellplaetze type=\"xsd:decimal\">7<\/anzahl_stellplaetze>\n<\/flaechen>\n<ausstattung>\n<bad\/>\n<kueche\/>\n<heizungsart\/>\n<befeuerung\/>\n<fahrstuhl\/>\n<stellplatzart FREIPLATZ=\"true\"\/>\n<ausricht_balkon_terrasse\/>\n<angeschl_gastronomie\/>\n<sicherheitstechnik\/>\n<\/ausstattung>\n<zustand_angaben>\n<zustand zustand_art=\"GEPFLEGT\"\/>\n<energiepass>\n<jahrgang>ohne<\/jahrgang>\n<\/energiepass>\n<\/zustand_angaben>\n<bewertung\/>\n<infrastruktur\/>\n<freitexte>\n<objekttitel>Lagerhalle mit ca. 950 m&#xB2; Gro&#xDF;handelsfl&#xE4;che | repr&#xE4;sentative Lage | viele Parkpl&#xE4;tze | RUHR REAL<\/objekttitel>\n<lage>Die attraktive Logistikfl&#xE4;che befindet sich im beliebten Dortmunder Indu-Park. Namhafte Filialisten wie IKEA, METRO und viele weitere Unternehmen pr&#xE4;gen das frequentierte Handelsumfeld.\nDie Fl&#xE4;che ist hervorragend an den &#xD6;PNV sowie an die Autobahn angeschlossen und garantiert somit eine schnelle und flexible Erreichbarkeit.<\/lage>\n<ausstatt_beschr>&#x2022; 1 elektrisches Rolltor\n&#x2022; Brandschutz: RWA \/ Sprinkleranlage \n&#x2022; Starkstrom: vorhanden\n&#x2022; Gebietsausweis: Gewerbegebiet\n&#x2022; schnelle Autobahnanbindung\n&#x2022; Parkpl&#xE4;tze\n&#x2022; Gro&#xDF;handelsfl&#xE4;che<\/ausstatt_beschr>\n<objektbeschreibung>Die attraktive Hallenfl&#xE4;che dient derzeit als Gro&#xDF;handelsfl&#xE4;che und wird zum 1. Oktober 2023 frei. Besonders &#xFC;berzeugen die hervorragende Verkehrsanbindung sowie die weitr&#xE4;umigen Parkm&#xF6;glichkeiten. Die ebenerdige Fl&#xE4;che ist &#xFC;berdies nahezu st&#xFC;tzenfrei. Die Andienung erfolgt &#xFC;ber ein ebenerdiges Rolltor.\n\n\nDerzeit stehen folgende Fl&#xE4;chen zur Verf&#xFC;gung: \n\nGro&#xDF;handelsfl&#xE4;che: ca. 950 m&#xB2;\nLagerfl&#xE4;che: ca. 616,99 m&#xB2;<\/objektbeschreibung>\n<sonstige_angaben>Es gelten ausschlie&#xDF;lich unsere AGB (www.ruhr-real.de\/agb). Die Halle ist nicht f&#xFC;r Veranstaltungsr&#xE4;ume geeignet. Wir m&#xF6;chten Sie darauf hinweisen, dass die Angaben ausschlie&#xDF;lich auf den uns vom Eigent&#xFC;mer &#xFC;bermittelten Unterlagen und Informationen basieren. F&#xFC;r Richtigkeit und Vollst&#xE4;ndigkeit &#xFC;bernehmen wir keine Gew&#xE4;hr. Zwischenvermietung vorbehalten.<\/sonstige_angaben>\n<\/freitexte>\n<anhaenge>\n<anhang location=\"EXTERN\" gruppe=\"TITELBILD\">\n<anhangtitel>Hallenfl&#xE4;che <\/anhangtitel>\n<format>jpg<\/format>\n<daten>\n<pfad>9ab571ba3efa4b1f865341bc1e73349d.jpg<\/pfad>\n<\/daten>\n<\/anhang>\n<\/anhaenge>\n<verwaltung_objekt>\n<objektadresse_freigeben>false<\/objektadresse_freigeben>\n<verfuegbar_ab>01.10.2023<\/verfuegbar_ab>\n<geschlecht\/>\n<\/verwaltung_objekt>\n<verwaltung_techn>\n<objektnr_intern>DA7C713B9C1E4E03AE52B76F6F892FDC<\/objektnr_intern>\n<objektnr_extern>2650\/E1<\/objektnr_extern>\n<aktion aktionart=\"CHANGE\"\/>\n<openimmo_obid>DA7C713B9C1E4E03AE52B76F6F892FDC<\/openimmo_obid>\n<kennung_ursprung>estatePro V10.0.0.8<\/kennung_ursprung>\n<stand_vom>2024-05-10<\/stand_vom>\n<\/verwaltung_techn>\n<user_defined_simplefield feldname=\"Startseite\">Nein<\/user_defined_simplefield>\n<\/immobilie>\n"],"_thumbnail_id":["119238"],"fave_property_images":["119238"],"fave_floor_plans_enable":["disable"],"fave_prop_homeslider":["yes"],"fave_prop_slider_image":["119238"],"fave_agents":["111859"],"fave_agent_display_option":["agent_info"],"fave_single_top_area":["global"],"fave_single_content_area":["global"],"fave_property_price":["0"],"fave_property_map":["1"],"fave_property_map_street_view":["hide"],"fave_property_size_prefix":["m\u00b2"],"fave_property_land_postfix":["m\u00b2"],"fave_featured":["0"],"houzez_featured_listing_date":[""],"fave_currency":["EUR"],"fave_currency_info":["a:8:{s:2:\"id\";s:1:\"1\";s:13:\"currency_name\";s:4:\"Euro\";s:13:\"currency_code\";s:3:\"EUR\";s:15:\"currency_symbol\";s:3:\"\u20ac\";s:17:\"currency_position\";s:5:\"after\";s:16:\"currency_decimal\";s:1:\"2\";s:26:\"currency_decimal_separator\";s:1:\",\";s:27:\"currency_thousand_separator\";s:1:\".\";}"],"fave_show_price_placeholder":["1"],"houzez_total_property_views":["2239"],"houzez_views_by_date":["a:61:{s:10:\"02-28-2026\";i:4;s:10:\"03-01-2026\";i:4;s:10:\"03-02-2026\";i:4;s:10:\"03-03-2026\";i:4;s:10:\"03-04-2026\";i:4;s:10:\"03-05-2026\";i:6;s:10:\"03-06-2026\";i:4;s:10:\"03-07-2026\";i:4;s:10:\"03-08-2026\";i:4;s:10:\"03-09-2026\";i:4;s:10:\"03-10-2026\";i:4;s:10:\"03-11-2026\";i:4;s:10:\"03-12-2026\";i:4;s:10:\"03-13-2026\";i:4;s:10:\"03-14-2026\";i:4;s:10:\"03-15-2026\";i:4;s:10:\"03-16-2026\";i:2;s:10:\"03-17-2026\";i:11;s:10:\"03-18-2026\";i:6;s:10:\"03-19-2026\";i:4;s:10:\"03-20-2026\";i:6;s:10:\"03-21-2026\";i:4;s:10:\"03-22-2026\";i:4;s:10:\"03-23-2026\";i:4;s:10:\"03-24-2026\";i:4;s:10:\"03-25-2026\";i:8;s:10:\"03-26-2026\";i:8;s:10:\"03-27-2026\";i:5;s:10:\"03-28-2026\";i:4;s:10:\"03-29-2026\";i:4;s:10:\"03-30-2026\";i:6;s:10:\"03-31-2026\";i:4;s:10:\"04-01-2026\";i:7;s:10:\"04-02-2026\";i:9;s:10:\"04-03-2026\";i:8;s:10:\"04-04-2026\";i:8;s:10:\"04-05-2026\";i:8;s:10:\"04-06-2026\";i:8;s:10:\"04-07-2026\";i:10;s:10:\"04-08-2026\";i:8;s:10:\"04-09-2026\";i:8;s:10:\"04-10-2026\";i:8;s:10:\"04-11-2026\";i:6;s:10:\"04-12-2026\";i:8;s:10:\"04-13-2026\";i:8;s:10:\"04-14-2026\";i:8;s:10:\"04-15-2026\";i:8;s:10:\"04-16-2026\";i:8;s:10:\"04-17-2026\";i:8;s:10:\"04-18-2026\";i:8;s:10:\"04-19-2026\";i:8;s:10:\"04-20-2026\";i:8;s:10:\"04-21-2026\";i:8;s:10:\"04-22-2026\";i:8;s:10:\"04-23-2026\";i:9;s:10:\"04-24-2026\";i:8;s:10:\"04-25-2026\";i:8;s:10:\"04-26-2026\";i:10;s:10:\"04-27-2026\";i:8;s:10:\"04-28-2026\";i:6;s:10:\"04-29-2026\";i:8;}"],"houzez_recently_viewed":["2026-04-29 17:14:25"],"tp_widgets":["a:2:{s:7:\"widgets\";a:0:{}s:9:\"update_at\";s:10:\"1764682733\";}"],"rank_math_news_sitemap_robots":["index"],"rank_math_robots":["a:1:{i:0;s:5:\"index\";}"],"rank_math_internal_links_processed":["1"],"_elementor_page_assets":["a:0:{}"]},"_links":{"self":[{"href":"https:\/\/ruhr-real.de\/en\/wp-json\/wp\/v2\/properties\/119237","targetHints":{"allow":["GET"]}}],"collection":[{"href":"https:\/\/ruhr-real.de\/en\/wp-json\/wp\/v2\/properties"}],"about":[{"href":"https:\/\/ruhr-real.de\/en\/wp-json\/wp\/v2\/types\/property"}],"author":[{"embeddable":true,"href":"https:\/\/ruhr-real.de\/en\/wp-json\/wp\/v2\/users\/1"}],"version-history":[{"count":0,"href":"https:\/\/ruhr-real.de\/en\/wp-json\/wp\/v2\/properties\/119237\/revisions"}],"wp:featuredmedia":[{"embeddable":true,"href":"https:\/\/ruhr-real.de\/en\/wp-json\/wp\/v2\/media\/119238"}],"wp:attachment":[{"href":"https:\/\/ruhr-real.de\/en\/wp-json\/wp\/v2\/media?parent=119237"}],"wp:term":[{"taxonomy":"property_type","embeddable":true,"href":"https:\/\/ruhr-real.de\/en\/wp-json\/wp\/v2\/property_type?post=119237"},{"taxonomy":"property_status","embeddable":true,"href":"https:\/\/ruhr-real.de\/en\/wp-json\/wp\/v2\/property_status?post=119237"},{"taxonomy":"property_feature","embeddable":true,"href":"https:\/\/ruhr-real.de\/en\/wp-json\/wp\/v2\/property_feature?post=119237"},{"taxonomy":"property_label","embeddable":true,"href":"https:\/\/ruhr-real.de\/en\/wp-json\/wp\/v2\/property_label?post=119237"},{"taxonomy":"property_country","embeddable":true,"href":"https:\/\/ruhr-real.de\/en\/wp-json\/wp\/v2\/property_country?post=119237"},{"taxonomy":"property_state","embeddable":true,"href":"https:\/\/ruhr-real.de\/en\/wp-json\/wp\/v2\/property_state?post=119237"},{"taxonomy":"property_city","embeddable":true,"href":"https:\/\/ruhr-real.de\/en\/wp-json\/wp\/v2\/property_city?post=119237"},{"taxonomy":"property_area","embeddable":true,"href":"https:\/\/ruhr-real.de\/en\/wp-json\/wp\/v2\/property_area?post=119237"}],"curies":[{"name":"wp","href":"https:\/\/api.w.org\/{rel}","templated":true}]}}