{"id":119621,"date":"2025-03-07T00:01:46","date_gmt":"2025-03-06T23:01:46","guid":{"rendered":"https:\/\/2024.ruhr-real.de\/immobilien\/391-m%c2%b2-attraktive-bueroflaeche-im-indupark-dortmund-stellplaetze-ruhr-real\/"},"modified":"2025-03-07T15:02:46","modified_gmt":"2025-03-07T14:02:46","slug":"391-m%c2%b2-attraktive-bueroflaeche-im-indupark-dortmund-stellplaetze-ruhr-real","status":"publish","type":"property","link":"https:\/\/ruhr-real.de\/en\/objekt\/391-m%c2%b2-attraktive-bueroflaeche-im-indupark-dortmund-stellplaetze-ruhr-real\/","title":{"rendered":"391 m\u00b2 | Attraktive B\u00fcrofl\u00e4che im Indupark Dortmund | Stellpl\u00e4tze | RUHR REAL"},"content":{"rendered":"<p>Die f\u00fcnf geschossige und moderne B\u00fcroimmobilie verf\u00fcgt \u00fcber eine ansehnliche Lobby im Eingangsbereich. Ferner k\u00f6nnen alle Etagen m\u00fchelos mit dem Aufzug erschlossen werden. Dar\u00fcber hinaus stehen einem k\u00fcnftigen Mieter kostenfreie Au\u00dfenstellpl\u00e4tze zur Verf\u00fcgung. Die Zufahrt auf das Gel\u00e4nde erfolgt \u00fcber ein automatisches Schrankensystem.<\/p>\n<p>Folgende Fl\u00e4chen stehen in dem begehrten Objekt zur Disposition:<\/p>\n<p>EG: 188 m\u00b2<br \/>\nUG: 38 m\u00b2<\/p>\n<p>Das Objekt befindet sich sehr verkehrsg\u00fcnstig im Indu-Park gelegen. In nur wenigen Fahrminuten erreicht man die Autobahnen A40, A45 sowie die A1. Ferner ist das Objekt gut an das \u00d6PNV angeschlossen. Diverse S-Bahn Linien sind nur wenige Gehminuten entfernt. Der Teilmarkt Indu-Park wird von namhaften Handelsfilialisten und Gastronomen gepr\u00e4gt, welche eine ideale Nahversorgung garantieren.<\/p>\n<p>Bedeutende Unternehmen in der B\u00fcromarktzone: Hellweg, Crown, Bosch &amp; Premio, W &amp; L Jordan, VONOVIA, OSMA-Aufz\u00fcge<\/p>\n<p>Hotels der Umgebung: Ibis, Hotel in der Meile, Tryp, B&amp;B<\/p>\n<p>\u2022 Bodenbelag: Teppichboden<br \/>\n\u2022 EDV-Verkabelung: CAT-5 vom Vormieter<br \/>\n\u2022 Kabelf\u00fchrung: Bodentanks<br \/>\n\u2022 Sonnenschutz: au\u00dfenliegend, elektrisch<br \/>\n\u2022 Teek\u00fcche: voll ausgestattet<br \/>\n\u2022 Beleuchtung: Rasterleuchten<\/p>\n<p>Es gelten ausschlie\u00dflich unsere AGB (www.ruhr-real.de\/agb). Wir m\u00f6chten Sie darauf hinweisen, dass die Angaben ausschlie\u00dflich auf den uns vom Eigent\u00fcmer \u00fcbermittelten Unterlagen und Informationen basieren. F\u00fcr Richtigkeit und Vollst\u00e4ndigkeit \u00fcbernehmen wir keine Gew\u00e4hr. Zwischenvermietung vorbehalten.<br \/>\n<div class=\"widget widget_immonex_user_defined_properties_widget\"><div class=\"immonex-widget immonex-widget-houzez\">\n\t\t<div class=\"immonex-widget-title clearfix\">\n\t\t<h2 class=\"widgettitle\">Energieeffizienz<\/h2>\t<\/div>\n\t\t<ul class=\"immonex-property-details row list-lined list-unstyled\">\n\t\t\t\t<li>\n\t\t\t<div class=\"list-lined-item w-100 d-flex justify-content-between py-2\">\n\t\t\t\t\t\t\t\t<strong class=\"property-details-label\">Energieausweis-Art:<\/strong>&nbsp;<span class=\"property-details-value\">Consumption<\/span>\n\t\t\t\t\t\t\t<\/div>\n\t\t<\/li>\n\t\t\t\t<li>\n\t\t\t<div class=\"list-lined-item w-100 d-flex justify-content-between py-2\">\n\t\t\t\t\t\t\t\t<strong class=\"property-details-label\">Prim\u00e4renergietr\u00e4ger:<\/strong>&nbsp;<span class=\"property-details-value\">Gas<\/span>\n\t\t\t\t\t\t\t<\/div>\n\t\t<\/li>\n\t\t\t\t<li>\n\t\t\t<div class=\"list-lined-item w-100 d-flex justify-content-between py-2\">\n\t\t\t\t\t\t\t\t<strong class=\"property-details-label\">Stromverbrauchskennwert:<\/strong>&nbsp;<span class=\"property-details-value\">58,9&nbsp;kWh\/(m\u00b2*a)<\/span>\n\t\t\t\t\t\t\t<\/div>\n\t\t<\/li>\n\t\t\t\t<li>\n\t\t\t<div class=\"list-lined-item w-100 d-flex justify-content-between py-2\">\n\t\t\t\t\t\t\t\t<strong class=\"property-details-label\">Heizenergieverbrauchskennwert:<\/strong>&nbsp;<span class=\"property-details-value\">93,2&nbsp;kWh\/(m\u00b2*a)<\/span>\n\t\t\t\t\t\t\t<\/div>\n\t\t<\/li>\n\t\t\t\t<li>\n\t\t\t<div class=\"list-lined-item w-100 d-flex justify-content-between py-2\">\n\t\t\t\t\t\t\t\t<strong class=\"property-details-label\">Baujahr (Energieausweis):<\/strong>&nbsp;<span class=\"property-details-value\">1992<\/span>\n\t\t\t\t\t\t\t<\/div>\n\t\t<\/li>\n\t\t\t\t<li>\n\t\t\t<div class=\"list-lined-item w-100 d-flex justify-content-between py-2\">\n\t\t\t\t\t\t\t\t<strong class=\"property-details-label\">Energieausweis-Jahrgang:<\/strong>&nbsp;<span class=\"property-details-value\">before 2014<\/span>\n\t\t\t\t\t\t\t<\/div>\n\t\t<\/li>\n\t\t\t<\/ul>\n<\/div><\/div><\/p>\n","protected":false},"excerpt":{"rendered":"<p>Die f\u00fcnf geschossige und moderne B\u00fcroimmobilie verf\u00fcgt \u00fcber eine ansehnliche Lobby im Eingangsbereich. Ferner&#8230;<\/p>\n","protected":false},"author":1,"featured_media":147479,"parent":0,"menu_order":0,"template":"","property_type":[379],"property_status":[352],"property_feature":[355,537,354,350],"property_label":[],"property_country":[353],"property_state":[],"property_city":[304],"property_area":[],"class_list":["post-119621","property","type-property","status-publish","has-post-thumbnail","hentry","property_type-bueroflaechen","property_status-zu-vermieten","property_feature-barrierefrei","property_feature-gewerbliche-nutzung-moeglich","property_feature-personenaufzug","property_feature-raeume-veraenderbar","property_country-deutschland","property_city-dortmund"],"acf":[],"property_meta":{"_immonex_import_folder":["users\/RUHRREAL"],"_immonex_translation_id":["261\/E2"],"_openimmo_obid":["4F10F41CECA84AC2A817AFC72BF63086"],"_is_immonex_import_property":["1"],"_immonex_is_reference":[""],"rank_math_internal_links_processed":["1"],"fave_property_map_address":["44149  Dortmund"],"fave_property_zip":["44149 "],"fave_property_country":["DE"],"_immonex_lat":["51.5122739"],"_immonex_lng":["7.4222947"],"houzez_geolocation_lat":["51.5122739"],"houzez_geolocation_long":["7.4222947"],"fave_property_location":["51.5122739,7.4222947"],"fave_property_price":["10.94"],"fave_property_sec_price":["11.0000"],"fave_property_size":["391"],"fave_property_year":["1992"],"fave_property_id":["261\/E2"],"_immonex_iso_country":["DEU"],"_openimmo_anid":["0000"],"_immonex_group_number":["7"],"_immonex_group_id":[""],"_immonex_group_master":[""],"_immonex_import_meta":["a:6:{s:8:\"zip_file\";s:131:\"\/www\/htdocs\/w0172e0e\/ruhr-real_2024\/wp-content\/uploads\/immonex-openimmo-import\/users\/RUHRREAL\/Immowelt_estatePro_20250307150150.zip\";s:8:\"xml_file\";s:158:\"\/www\/htdocs\/w0172e0e\/ruhr-real_2024\/wp-content\/uploads\/immonex-openimmo-import\/immowelt_estatepro_20250307150150\/Homepage_2024_NEW_estatePro20250307150150.xml\";s:12:\"mapping_file\";s:116:\"\/www\/htdocs\/w0172e0e\/ruhr-real_2024\/wp-content\/uploads\/immonex-openimmo-import\/mappings\/houzez_ruhrreal_18122023.csv\";s:9:\"timestamp\";i:1741356166;s:4:\"date\";s:10:\"2025-03-07\";s:4:\"time\";s:8:\"15:02:46\";}"],"_immonex_is_sold":[""],"_immonex_is_reserved":[""],"_immonex_is_available":["1"],"additional_features":["a:17:{i:0;a:2:{s:29:\"fave_additional_feature_title\";s:11:\"Heizungsart\";s:29:\"fave_additional_feature_value\";s:14:\"Zentralheizung\";}i:1;a:2:{s:29:\"fave_additional_feature_title\";s:14:\"Nettokaltmiete\";s:29:\"fave_additional_feature_value\";s:14:\"10,94&nbsp;\u20ac\";}i:2;a:2:{s:29:\"fave_additional_feature_title\";s:9:\"Kaltmiete\";s:29:\"fave_additional_feature_value\";s:14:\"10,94&nbsp;\u20ac\";}i:3;a:2:{s:29:\"fave_additional_feature_title\";s:29:\"monatl. Betriebs-\/Nebenkosten\";s:29:\"fave_additional_feature_value\";s:10:\"3&nbsp;\u20ac\";}i:4;a:2:{s:29:\"fave_additional_feature_title\";s:33:\"Heizkosten in Warmmiete enthalten\";s:29:\"fave_additional_feature_value\";s:4:\"nein\";}i:5;a:2:{s:29:\"fave_additional_feature_title\";s:32:\"Preise zuz\u00fcglich Mehrwertsteuer\";s:29:\"fave_additional_feature_value\";s:4:\"nein\";}i:6;a:2:{s:29:\"fave_additional_feature_title\";s:23:\"Netto-Kaltmiete pro m\u00b2\";s:29:\"fave_additional_feature_value\";s:11:\"11&nbsp;\u20ac\";}i:7;a:2:{s:29:\"fave_additional_feature_title\";s:10:\"MwSt.-Satz\";s:29:\"fave_additional_feature_value\";s:9:\"19&nbsp;%\";}i:8;a:2:{s:29:\"fave_additional_feature_title\";s:12:\"B\u00fcrofl\u00e4che\";s:29:\"fave_additional_feature_value\";s:12:\"391&nbsp;m\u00b2\";}i:9;a:2:{s:29:\"fave_additional_feature_title\";s:16:\"B\u00fcroteilfl\u00e4che\";s:29:\"fave_additional_feature_value\";s:12:\"391&nbsp;m\u00b2\";}i:10;a:2:{s:29:\"fave_additional_feature_title\";s:10:\"Teilbar ab\";s:29:\"fave_additional_feature_value\";s:12:\"391&nbsp;m\u00b2\";}i:11;a:2:{s:29:\"fave_additional_feature_title\";s:19:\"Art der Ausstattung\";s:29:\"fave_additional_feature_value\";s:8:\"Standard\";}i:12;a:2:{s:29:\"fave_additional_feature_title\";s:10:\"Befeuerung\";s:29:\"fave_additional_feature_value\";s:3:\"Gas\";}i:13;a:2:{s:29:\"fave_additional_feature_title\";s:10:\"Bodenbelag\";s:29:\"fave_additional_feature_value\";s:7:\"Teppich\";}i:14;a:2:{s:29:\"fave_additional_feature_title\";s:13:\"Stellplatzart\";s:29:\"fave_additional_feature_value\";s:9:\"Freiplatz\";}i:15;a:2:{s:29:\"fave_additional_feature_title\";s:7:\"Zustand\";s:29:\"fave_additional_feature_value\";s:8:\"gepflegt\";}i:16;a:2:{s:29:\"fave_additional_feature_title\";s:27:\"Immobilie ist verf\u00fcgbar ab\";s:29:\"fave_additional_feature_value\";s:17:\"Nach Vereinbarung\";}}"],"fave_additional_features_enable":["enable"],"_immonex_custom_fields":["a:6:{s:18:\"Energieausweis-Art\";a:5:{s:14:\"mapping_source\";s:35:\"zustand_angaben->energiepass->epart\";s:4:\"name\";s:0:\"\";s:5:\"group\";s:5:\"epass\";s:5:\"value\";s:11:\"Consumption\";s:19:\"value_before_filter\";s:9:\"VERBRAUCH\";}s:21:\"Prim\u00e4renergietr\u00e4ger\";a:5:{s:14:\"mapping_source\";s:28:\"ausstattung->befeuerung:GAS+\";s:4:\"name\";s:0:\"\";s:5:\"group\";s:5:\"epass\";s:5:\"value\";s:3:\"Gas\";s:19:\"value_before_filter\";s:3:\"Gas\";}s:23:\"Stromverbrauchskennwert\";a:5:{s:14:\"mapping_source\";s:39:\"zustand_angaben->energiepass->stromwert\";s:4:\"name\";s:0:\"\";s:5:\"group\";s:5:\"epass\";s:5:\"value\";s:21:\"58,9&nbsp;kWh\/(m\u00b2*a)\";s:19:\"value_before_filter\";s:4:\"58,9\";}s:29:\"Heizenergieverbrauchskennwert\";a:5:{s:14:\"mapping_source\";s:40:\"zustand_angaben->energiepass->waermewert\";s:4:\"name\";s:0:\"\";s:5:\"group\";s:5:\"epass\";s:5:\"value\";s:21:\"93,2&nbsp;kWh\/(m\u00b2*a)\";s:19:\"value_before_filter\";s:4:\"93,2\";}s:24:\"Baujahr (Energieausweis)\";a:5:{s:14:\"mapping_source\";s:37:\"zustand_angaben->energiepass->baujahr\";s:4:\"name\";s:0:\"\";s:5:\"group\";s:5:\"epass\";s:5:\"value\";s:4:\"1992\";s:19:\"value_before_filter\";s:4:\"1992\";}s:23:\"Energieausweis-Jahrgang\";a:5:{s:14:\"mapping_source\";s:38:\"zustand_angaben->energiepass->jahrgang\";s:4:\"name\";s:0:\"\";s:5:\"group\";s:5:\"epass\";s:5:\"value\";s:11:\"before 2014\";s:19:\"value_before_filter\";s:4:\"2008\";}}"],"_immonex_property_xml_source":["<?xml version=\"1.0\"?>\n<immobilie>\n<objektkategorie>\n<nutzungsart WOHNEN=\"false\" GEWERBE=\"true\"\/>\n<vermarktungsart KAUF=\"false\" MIETE_PACHT=\"true\"\/>\n<objektart>\n<buero_praxen buero_typ=\"BUEROHAUS\"\/>\n<\/objektart>\n<user_defined_simplefield\/>\n<\/objektkategorie>\n<geo>\n<plz>44149 <\/plz>\n<ort>Dortmund<\/ort>\n<strasse>Borussiastra&#xDF;e<\/strasse>\n<hausnummer>112<\/hausnummer>\n<land iso_land=\"DEU\"\/>\n<lage_im_bau\/>\n<\/geo>\n<kontaktperson>\n<email_zentrale>anfrage@ruhr-real.de<\/email_zentrale>\n<email_direkt>jeschke@ruhr-real.de<\/email_direkt>\n<tel_durchw>+49 201 99996333<\/tel_durchw>\n<tel_fax>+49 201 99996344<\/tel_fax>\n<tel_handy>+49 172 7447817<\/tel_handy>\n<name>Jeschke<\/name>\n<vorname>Frederic<\/vorname>\n<anrede>Herr<\/anrede>\n<firma>RUHR REAL GmbH<\/firma>\n<strasse>Holsterhauser Platz<\/strasse>\n<hausnummer>2<\/hausnummer>\n<plz>45147<\/plz>\n<ort>Essen<\/ort>\n<adressfreigabe>true<\/adressfreigabe>\n<\/kontaktperson>\n<preise>\n<nettokaltmiete>10.94<\/nettokaltmiete>\n<kaltmiete>10.94<\/kaltmiete>\n<nebenkosten>3.00<\/nebenkosten>\n<heizkosten_enthalten>false<\/heizkosten_enthalten>\n<zzg_mehrwertsteuer>false<\/zzg_mehrwertsteuer>\n<preis_zeiteinheit\/>\n<mietpreis_pro_qm>11.0000<\/mietpreis_pro_qm>\n<provisionspflichtig>false<\/provisionspflichtig>\n<waehrung iso_waehrung=\"EUR\"\/>\n<mwst_satz>19.00<\/mwst_satz>\n<stp_carport\/>\n<stp_duplex\/>\n<stp_freiplatz\/>\n<stp_garage\/>\n<stp_parkhaus\/>\n<stp_tiefgarage\/>\n<\/preise>\n<bieterverfahren\/>\n<versteigerung\/>\n<flaechen>\n<bueroflaeche>391<\/bueroflaeche>\n<bueroteilflaeche>391<\/bueroteilflaeche>\n<teilbar_ab>391<\/teilbar_ab>\n<anzahl_stellplaetze type=\"xsd:decimal\">11<\/anzahl_stellplaetze>\n<\/flaechen>\n<ausstattung>\n<ausstatt_kategorie>STANDARD<\/ausstatt_kategorie>\n<raeume_veraenderbar>true<\/raeume_veraenderbar>\n<bad\/>\n<kueche\/>\n<boden TEPPICH=\"true\"\/>\n<heizungsart ZENTRAL=\"true\"\/>\n<befeuerung GAS=\"true\"\/>\n<fahrstuhl PERSONEN=\"true\"\/>\n<stellplatzart FREIPLATZ=\"true\"\/>\n<ausricht_balkon_terrasse\/>\n<barrierefrei>true<\/barrierefrei>\n<angeschl_gastronomie\/>\n<sicherheitstechnik\/>\n<\/ausstattung>\n<zustand_angaben>\n<baujahr>1992<\/baujahr>\n<zustand zustand_art=\"GEPFLEGT\"\/>\n<energiepass>\n<epart>VERBRAUCH<\/epart>\n<stromwert>58,9<\/stromwert>\n<waermewert>93,2<\/waermewert>\n<baujahr>1992<\/baujahr>\n<jahrgang>2008<\/jahrgang>\n<\/energiepass>\n<\/zustand_angaben>\n<bewertung\/>\n<infrastruktur\/>\n<freitexte>\n<objekttitel>391 m&#xB2; | Attraktive B&#xFC;rofl&#xE4;che im Indupark Dortmund | Stellpl&#xE4;tze | RUHR REAL <\/objekttitel>\n<lage>Das Objekt befindet sich sehr verkehrsg&#xFC;nstig im Indu-Park gelegen. In nur wenigen Fahrminuten erreicht man die Autobahnen A40, A45 sowie die A1. Ferner ist das Objekt gut an das &#xD6;PNV angeschlossen. Diverse S-Bahn Linien sind nur wenige Gehminuten entfernt. Der Teilmarkt Indu-Park wird von namhaften Handelsfilialisten und Gastronomen gepr&#xE4;gt, welche eine ideale Nahversorgung garantieren.\n\nBedeutende Unternehmen in der B&#xFC;romarktzone: Hellweg, Crown, Bosch &amp; Premio, W &amp; L Jordan, VONOVIA, OSMA-Aufz&#xFC;ge\n\nHotels der Umgebung: Ibis, Hotel in der Meile, Tryp, B&amp;B<\/lage>\n<ausstatt_beschr>&#x2022; Bodenbelag: Teppichboden\n&#x2022; EDV-Verkabelung: CAT-5 vom Vormieter \n&#x2022; Kabelf&#xFC;hrung: Bodentanks\n&#x2022; Sonnenschutz: au&#xDF;enliegend, elektrisch\n&#x2022; Teek&#xFC;che: voll ausgestattet\n&#x2022; Beleuchtung: Rasterleuchten\n\n<\/ausstatt_beschr>\n<objektbeschreibung>Die f&#xFC;nf geschossige und moderne B&#xFC;roimmobilie verf&#xFC;gt &#xFC;ber eine ansehnliche Lobby im Eingangsbereich. Ferner k&#xF6;nnen alle Etagen m&#xFC;helos mit dem Aufzug erschlossen werden. Dar&#xFC;ber hinaus stehen einem k&#xFC;nftigen Mieter kostenfreie Au&#xDF;enstellpl&#xE4;tze zur Verf&#xFC;gung. Die Zufahrt auf das Gel&#xE4;nde erfolgt &#xFC;ber ein automatisches Schrankensystem.\n\nFolgende Fl&#xE4;chen stehen in dem begehrten Objekt zur Disposition:\n\nEG: 188 m&#xB2; \nUG: 38 m&#xB2; \n\n<\/objektbeschreibung><sonstige_angaben>Es gelten ausschlie&#xDF;lich unsere AGB (www.ruhr-real.de\/agb). Wir m&#xF6;chten Sie darauf hinweisen, dass die Angaben ausschlie&#xDF;lich auf den uns vom Eigent&#xFC;mer &#xFC;bermittelten Unterlagen und Informationen basieren. F&#xFC;r Richtigkeit und Vollst&#xE4;ndigkeit &#xFC;bernehmen wir keine Gew&#xE4;hr. Zwischenvermietung vorbehalten.<\/sonstige_angaben>\n<\/freitexte>\n<anhaenge>\n<anhang location=\"EXTERN\" gruppe=\"TITELBILD\">\n<anhangtitel>Frontansicht <\/anhangtitel>\n<format>JPG<\/format>\n<daten>\n<pfad>458120d2d3ae479991835b9aaf278bae.JPG<\/pfad>\n<\/daten>\n<\/anhang>\n<anhang location=\"EXTERN\" gruppe=\"BILD\">\n<anhangtitel>R&#xFC;ckansicht <\/anhangtitel>\n<format>JPG<\/format>\n<daten>\n<pfad>336b69b34a664f7b88123b0a3078e6ab.JPG<\/pfad>\n<\/daten>\n<\/anhang>\n<anhang location=\"EXTERN\" gruppe=\"BILD\">\n<anhangtitel>Flur <\/anhangtitel>\n<format>jpg<\/format>\n<daten>\n<pfad>4c000d55bb0445f5be0fe43ba8e1c9f7.jpg<\/pfad>\n<\/daten>\n<\/anhang>\n<anhang location=\"EXTERN\" gruppe=\"BILD\">\n<anhangtitel>Ansicht B&#xFC;ro<\/anhangtitel>\n<format>jpg<\/format>\n<daten>\n<pfad>98af9baa2fab4dbb9bbccec797d38c46.jpg<\/pfad>\n<\/daten>\n<\/anhang>\n<anhang location=\"EXTERN\" gruppe=\"BILD\">\n<anhangtitel>Ansicht Doppelb&#xFC;ro<\/anhangtitel>\n<format>jpg<\/format>\n<daten>\n<pfad>58fe8b0d9d1c4daf806f6aac360a4a5f.jpg<\/pfad>\n<\/daten>\n<\/anhang>\n<anhang location=\"EXTERN\" gruppe=\"BILD\">\n<anhangtitel>B&#xFC;ro EG<\/anhangtitel>\n<format>jpg<\/format>\n<daten>\n<pfad>1dd7e2648b634825974215fbf58bc89f.jpg<\/pfad>\n<\/daten>\n<\/anhang>\n<anhang location=\"EXTERN\" gruppe=\"BILD\">\n<anhangtitel>B&#xFC;roansicht<\/anhangtitel>\n<format>jpg<\/format>\n<daten>\n<pfad>7a6923fd2c054417baa0ba6629f3a9c0.jpg<\/pfad>\n<\/daten>\n<\/anhang>\n<anhang location=\"EXTERN\" gruppe=\"BILD\">\n<anhangtitel>Doppelb&#xFC;ro<\/anhangtitel>\n<format>jpg<\/format>\n<daten>\n<pfad>9b8668fb05db443b85b0e4e6fdbc7333.jpg<\/pfad>\n<\/daten>\n<\/anhang>\n<anhang location=\"EXTERN\" gruppe=\"BILD\">\n<anhangtitel>Zellenb&#xFC;ro<\/anhangtitel>\n<format>jpg<\/format>\n<daten>\n<pfad>be9d8604225a4f4cae7a65380f4737fc.jpg<\/pfad>\n<\/daten>\n<\/anhang>\n<anhang location=\"EXTERN\" gruppe=\"GRUNDRISS\">\n<anhangtitel>EG<\/anhangtitel>\n<format>png<\/format>\n<daten>\n<pfad>ce484c8d03334a52a441d644ac1f39c4.png<\/pfad>\n<\/daten>\n<\/anhang>\n<\/anhaenge>\n<verwaltung_objekt>\n<objektadresse_freigeben>false<\/objektadresse_freigeben>\n<verfuegbar_ab>Nach Vereinbarung<\/verfuegbar_ab>\n<gruppennummer>7<\/gruppennummer>\n<geschlecht\/>\n<gewerbliche_nutzung>true<\/gewerbliche_nutzung>\n<\/verwaltung_objekt>\n<verwaltung_techn>\n<objektnr_intern>4F10F41CECA84AC2A817AFC72BF63086<\/objektnr_intern>\n<objektnr_extern>261\/E2<\/objektnr_extern>\n<aktion aktionart=\"CHANGE\"\/>\n<openimmo_obid>4F10F41CECA84AC2A817AFC72BF63086<\/openimmo_obid>\n<kennung_ursprung>estatePro V10.0.0.8<\/kennung_ursprung>\n<stand_vom>2025-03-07<\/stand_vom>\n<\/verwaltung_techn>\n<user_defined_simplefield feldname=\"Startseite\">Nein<\/user_defined_simplefield>\n<\/immobilie>\n"],"_thumbnail_id":["147479"],"fave_property_images":["147479","147480","147481","147482","147483","147484","147485","147486","147487"],"fave_floor_plans_enable":["enable"],"floor_plans":["a:1:{i:0;a:7:{s:15:\"fave_plan_title\";s:2:\"EG\";s:15:\"fave_plan_rooms\";s:0:\"\";s:19:\"fave_plan_bathrooms\";s:0:\"\";s:15:\"fave_plan_price\";s:0:\"\";s:14:\"fave_plan_size\";s:0:\"\";s:15:\"fave_plan_image\";s:94:\"https:\/\/ruhr-real.de\/wp-content\/uploads\/2025\/03\/ce484c8d03334a52a441d644ac1f39c4-1022x1024.png\";s:21:\"fave_plan_description\";s:0:\"\";}}"],"fave_prop_homeslider":["yes"],"fave_prop_slider_image":["147479"],"fave_agents":["113552"],"fave_agent_display_option":["agent_info"],"fave_single_top_area":["global"],"fave_single_content_area":["global"],"fave_property_map":["1"],"fave_property_map_street_view":["hide"],"fave_property_size_prefix":["m\u00b2"],"fave_property_land_postfix":["m\u00b2"],"fave_featured":["0"],"houzez_featured_listing_date":[""],"fave_property_price_postfix":["pro&nbsp;m\u00b2"],"fave_currency":["EUR"],"fave_currency_info":["a:8:{s:2:\"id\";s:1:\"1\";s:13:\"currency_name\";s:4:\"Euro\";s:13:\"currency_code\";s:3:\"EUR\";s:15:\"currency_symbol\";s:3:\"\u20ac\";s:17:\"currency_position\";s:5:\"after\";s:16:\"currency_decimal\";s:1:\"2\";s:26:\"currency_decimal_separator\";s:1:\",\";s:27:\"currency_thousand_separator\";s:1:\".\";}"],"houzez_total_property_views":["1751"],"houzez_views_by_date":["a:61:{s:10:\"02-27-2026\";i:4;s:10:\"02-28-2026\";i:4;s:10:\"03-01-2026\";i:4;s:10:\"03-02-2026\";i:4;s:10:\"03-03-2026\";i:4;s:10:\"03-04-2026\";i:4;s:10:\"03-05-2026\";i:6;s:10:\"03-06-2026\";i:4;s:10:\"03-07-2026\";i:4;s:10:\"03-08-2026\";i:4;s:10:\"03-09-2026\";i:4;s:10:\"03-10-2026\";i:4;s:10:\"03-11-2026\";i:4;s:10:\"03-12-2026\";i:4;s:10:\"03-13-2026\";i:4;s:10:\"03-14-2026\";i:4;s:10:\"03-15-2026\";i:4;s:10:\"03-16-2026\";i:2;s:10:\"03-17-2026\";i:11;s:10:\"03-18-2026\";i:6;s:10:\"03-19-2026\";i:4;s:10:\"03-20-2026\";i:6;s:10:\"03-21-2026\";i:4;s:10:\"03-22-2026\";i:4;s:10:\"03-23-2026\";i:4;s:10:\"03-24-2026\";i:4;s:10:\"03-25-2026\";i:4;s:10:\"03-26-2026\";i:6;s:10:\"03-27-2026\";i:4;s:10:\"03-28-2026\";i:4;s:10:\"03-29-2026\";i:4;s:10:\"03-30-2026\";i:6;s:10:\"03-31-2026\";i:4;s:10:\"04-01-2026\";i:8;s:10:\"04-02-2026\";i:8;s:10:\"04-03-2026\";i:8;s:10:\"04-04-2026\";i:8;s:10:\"04-05-2026\";i:8;s:10:\"04-06-2026\";i:8;s:10:\"04-07-2026\";i:12;s:10:\"04-08-2026\";i:6;s:10:\"04-09-2026\";i:8;s:10:\"04-10-2026\";i:8;s:10:\"04-11-2026\";i:6;s:10:\"04-12-2026\";i:10;s:10:\"04-13-2026\";i:8;s:10:\"04-14-2026\";i:8;s:10:\"04-15-2026\";i:8;s:10:\"04-16-2026\";i:8;s:10:\"04-17-2026\";i:8;s:10:\"04-18-2026\";i:8;s:10:\"04-19-2026\";i:8;s:10:\"04-20-2026\";i:8;s:10:\"04-21-2026\";i:8;s:10:\"04-22-2026\";i:8;s:10:\"04-23-2026\";i:8;s:10:\"04-24-2026\";i:8;s:10:\"04-25-2026\";i:8;s:10:\"04-26-2026\";i:8;s:10:\"04-27-2026\";i:8;s:10:\"04-28-2026\";i:4;}"],"houzez_recently_viewed":["2026-04-28 11:52:39"],"tp_widgets":["a:2:{s:7:\"widgets\";a:0:{}s:9:\"update_at\";s:10:\"1764682733\";}"],"_elementor_page_assets":["a:0:{}"]},"_links":{"self":[{"href":"https:\/\/ruhr-real.de\/en\/wp-json\/wp\/v2\/properties\/119621","targetHints":{"allow":["GET"]}}],"collection":[{"href":"https:\/\/ruhr-real.de\/en\/wp-json\/wp\/v2\/properties"}],"about":[{"href":"https:\/\/ruhr-real.de\/en\/wp-json\/wp\/v2\/types\/property"}],"author":[{"embeddable":true,"href":"https:\/\/ruhr-real.de\/en\/wp-json\/wp\/v2\/users\/1"}],"version-history":[{"count":0,"href":"https:\/\/ruhr-real.de\/en\/wp-json\/wp\/v2\/properties\/119621\/revisions"}],"wp:featuredmedia":[{"embeddable":true,"href":"https:\/\/ruhr-real.de\/en\/wp-json\/wp\/v2\/media\/147479"}],"wp:attachment":[{"href":"https:\/\/ruhr-real.de\/en\/wp-json\/wp\/v2\/media?parent=119621"}],"wp:term":[{"taxonomy":"property_type","embeddable":true,"href":"https:\/\/ruhr-real.de\/en\/wp-json\/wp\/v2\/property_type?post=119621"},{"taxonomy":"property_status","embeddable":true,"href":"https:\/\/ruhr-real.de\/en\/wp-json\/wp\/v2\/property_status?post=119621"},{"taxonomy":"property_feature","embeddable":true,"href":"https:\/\/ruhr-real.de\/en\/wp-json\/wp\/v2\/property_feature?post=119621"},{"taxonomy":"property_label","embeddable":true,"href":"https:\/\/ruhr-real.de\/en\/wp-json\/wp\/v2\/property_label?post=119621"},{"taxonomy":"property_country","embeddable":true,"href":"https:\/\/ruhr-real.de\/en\/wp-json\/wp\/v2\/property_country?post=119621"},{"taxonomy":"property_state","embeddable":true,"href":"https:\/\/ruhr-real.de\/en\/wp-json\/wp\/v2\/property_state?post=119621"},{"taxonomy":"property_city","embeddable":true,"href":"https:\/\/ruhr-real.de\/en\/wp-json\/wp\/v2\/property_city?post=119621"},{"taxonomy":"property_area","embeddable":true,"href":"https:\/\/ruhr-real.de\/en\/wp-json\/wp\/v2\/property_area?post=119621"}],"curies":[{"name":"wp","href":"https:\/\/api.w.org\/{rel}","templated":true}]}}