{"id":120113,"date":"2026-04-10T00:02:10","date_gmt":"2026-04-09T22:02:10","guid":{"rendered":"https:\/\/2024.ruhr-real.de\/immobilien\/attraktive-bueroflaeche-in-duisburg-city-moderne-ausstattung-434-m%c2%b2\/"},"modified":"2026-04-10T13:28:10","modified_gmt":"2026-04-10T11:28:10","slug":"attraktive-bueroflaeche-in-duisburg-city-moderne-ausstattung-434-m%c2%b2","status":"publish","type":"property","link":"https:\/\/ruhr-real.de\/en\/objekt\/attraktive-bueroflaeche-in-duisburg-city-moderne-ausstattung-434-m%c2%b2\/","title":{"rendered":"Klimatisierte B\u00fcrofl\u00e4che in Duisburg-City | moderne Ausstattung | hohe Visibilit\u00e4t"},"content":{"rendered":"<p>Die im Jahre 1963 erbaute und bekannte Immobilie sorgt f\u00fcr eine hohe Visibilit\u00e4t in zentraler Lage von Duisburg. Alle 16 Geschosse sind durch vier Aufz\u00fcge und zwei Treppenh\u00e4user zu erschlie\u00dfen. Die B\u00fcrofl\u00e4chen sind mit Teppichboden sowie Umluftklimager\u00e4ten ausgestattet und bieten zahlreiche Gestaltungsm\u00f6glichkeiten. Ferner k\u00f6nnen in der Umgebung Parkpl\u00e4tze angemietet werden.<\/p>\n<p>Folgende Fl\u00e4chen stehen derzeit zur Disposition:<\/p>\n<p>Retail:<br \/>\nEG: 426 m\u00b2, teilbar ab 172 m\u00b2<\/p>\n<p>B\u00fcro:<br \/>\n3. OG: 434 m\u00b2<br \/>\n15. OG: 633 m\u00b2, teilbar ab 185 m\u00b2<\/p>\n<p>Die angebotene Immobilie befindet sich zentral gelegen in der Duisburger Innenstadt. In unmittelbarer N\u00e4he sind die Autobahnen A59 und A40 zu erreichen. Bus- und Bahnhaltestellen, sowie der naheliegende Hauptbahnhof, sind innerhalb von wenigen Minuten zu Fu\u00df erschlie\u00dfbar. In der Nachbarschaft der Deutschen Oper am Rhein, des Amts- und Landesgerichtes und vieler Banken, befindet sich hier gemeinsam mit dem Forum Duisburg das Zentrum f\u00fcr Einzelhandel, Gastronomie und B\u00fcro in der City.<\/p>\n<p>Hotels der Umgebung: Duisburger Hof, Mercure Hotel, ibis<\/p>\n<p>Bedeutende Unternehmen in der B\u00fcromarktzone: TARGO Bank Zentrale, Finanzamt, IHK Duisburg<\/p>\n<p>\u2022 Bodenbelag: Teppichboden<br \/>\n\u2022 EDV-Verkabelung: vom Vormieter vorhanden<br \/>\n\u2022 Kabelf\u00fchrung: Fensterbankkan\u00e4le<br \/>\n\u2022 Heizung\/K\u00fchlung: Umluftklimager\u00e4te<br \/>\n\u2022 Sonnenschutz: nach Vereinbarung<br \/>\n\u2022 Barrierearm: ebenerdiger Zugang<br \/>\n\u2022 Beleuchtung: arbeitsgerechte Deckenbeleuchtung<br \/>\n\u2022 Sonstiges: Empfang vorhanden<\/p>\n<p>Die Ausstattung kann bei Bedarf angepasst werden.<\/p>\n<p>Es gelten ausschlie\u00dflich unsere AGB (www.ruhr-real.de\/agb). Wir m\u00f6chten Sie darauf hinweisen, dass die Angaben ausschlie\u00dflich auf den uns vom Eigent\u00fcmer \u00fcbermittelten Unterlagen und Informationen basieren. F\u00fcr Richtigkeit und Vollst\u00e4ndigkeit \u00fcbernehmen wir keine Gew\u00e4hr. Zwischenvermietung vorbehalten.<br \/>\n<div class=\"widget widget_immonex_user_defined_properties_widget\"><div class=\"immonex-widget immonex-widget-houzez\">\n\t\t<div class=\"immonex-widget-title clearfix\">\n\t\t<h2 class=\"widgettitle\">Energieeffizienz<\/h2>\t<\/div>\n\t\t<ul class=\"immonex-property-details row list-lined list-unstyled\">\n\t\t\t\t<li>\n\t\t\t<div class=\"list-lined-item w-100 d-flex justify-content-between py-2\">\n\t\t\t\t\t\t\t\t<strong class=\"property-details-label\">Energieausweis-Jahrgang:<\/strong>&nbsp;<span class=\"property-details-value\">not available<\/span>\n\t\t\t\t\t\t\t<\/div>\n\t\t<\/li>\n\t\t\t<\/ul>\n<\/div><\/div><\/p>\n","protected":false},"excerpt":{"rendered":"<p>Die im Jahre 1963 erbaute und bekannte Immobilie sorgt f\u00fcr eine hohe Visibilit\u00e4t in zentraler Lage von Duisburg. Alle&#8230;<\/p>\n","protected":false},"author":1,"featured_media":187169,"parent":0,"menu_order":0,"template":"","property_type":[379],"property_status":[352],"property_feature":[355,537,361,354,350],"property_label":[],"property_country":[353],"property_state":[],"property_city":[334],"property_area":[335],"class_list":["post-120113","property","type-property","status-publish","has-post-thumbnail","hentry","property_type-bueroflaechen","property_status-zu-vermieten","property_feature-barrierefrei","property_feature-gewerbliche-nutzung-moeglich","property_feature-klimaanlage","property_feature-personenaufzug","property_feature-raeume-veraenderbar","property_country-deutschland","property_city-duisburg","property_area-mitte"],"acf":[],"property_meta":{"_immonex_import_folder":["users\/RUHRREAL"],"_immonex_translation_id":["1926\/E3"],"_openimmo_obid":["C5A39643CEA14051B719A63ED10B6FAA"],"_is_immonex_import_property":["1"],"_immonex_is_reference":[""],"rank_math_internal_links_processed":["1"],"copied_media_ids":["a:0:{}"],"referenced_media_ids":["a:0:{}"],"_immonex_post_status":["updated"],"fave_property_map_address":["47501 Duisburg"],"fave_property_zip":["47501"],"fave_property_country":["DE"],"_immonex_lat":["51.4389538"],"_immonex_lng":["6.7698743"],"houzez_geolocation_lat":["51.4389538"],"houzez_geolocation_long":["6.7698743"],"fave_property_location":["51.4389538,6.7698743"],"fave_property_price":["10.00"],"fave_property_sec_price":["10.0000"],"fave_property_size":["180"],"fave_property_year":["1963"],"fave_property_id":["1926\/E3"],"_fave_property_id":["1926\/E3"],"_immonex_iso_country":["DEU"],"fave_nebenkosten":["5&nbsp;\u20ac"],"_openimmo_anid":["0000"],"_immonex_group_number":["10"],"_immonex_group_id":[""],"_immonex_group_master":[""],"_immonex_import_meta":["a:6:{s:8:\"zip_file\";s:131:\"\/www\/htdocs\/w0172e0e\/ruhr-real_2024\/wp-content\/uploads\/immonex-openimmo-import\/users\/RUHRREAL\/Immowelt_estatePro_20260410132651.zip\";s:8:\"xml_file\";s:158:\"\/www\/htdocs\/w0172e0e\/ruhr-real_2024\/wp-content\/uploads\/immonex-openimmo-import\/immowelt_estatepro_20260410132651\/Homepage_2024_NEW_estatePro20260410132651.xml\";s:12:\"mapping_file\";s:116:\"\/www\/htdocs\/w0172e0e\/ruhr-real_2024\/wp-content\/uploads\/immonex-openimmo-import\/mappings\/houzez_ruhrreal_20260325.csv\";s:9:\"timestamp\";i:1775820490;s:4:\"date\";s:10:\"2026-04-10\";s:4:\"time\";s:8:\"13:28:10\";}"],"_immonex_is_sold":[""],"_immonex_is_reserved":[""],"_immonex_is_available":["1"],"_immonex_areabutler_url_with_address":[""],"_immonex_areabutler_url_no_address":[""],"_immonex_areabutler_url":[""],"additional_features":["a:17:{i:0;a:2:{s:29:\"fave_additional_feature_title\";s:11:\"Heizungsart\";s:29:\"fave_additional_feature_value\";s:11:\"Fernheizung\";}i:1;a:2:{s:29:\"fave_additional_feature_title\";s:14:\"Nettokaltmiete\";s:29:\"fave_additional_feature_value\";s:11:\"10&nbsp;\u20ac\";}i:2;a:2:{s:29:\"fave_additional_feature_title\";s:9:\"Kaltmiete\";s:29:\"fave_additional_feature_value\";s:11:\"10&nbsp;\u20ac\";}i:3;a:2:{s:29:\"fave_additional_feature_title\";s:29:\"monatl. Betriebs-\/Nebenkosten\";s:29:\"fave_additional_feature_value\";s:10:\"5&nbsp;\u20ac\";}i:4;a:2:{s:29:\"fave_additional_feature_title\";s:33:\"Heizkosten in Warmmiete enthalten\";s:29:\"fave_additional_feature_value\";s:4:\"nein\";}i:5;a:2:{s:29:\"fave_additional_feature_title\";s:32:\"Preise zuz\u00fcglich Mehrwertsteuer\";s:29:\"fave_additional_feature_value\";s:4:\"nein\";}i:6;a:2:{s:29:\"fave_additional_feature_title\";s:23:\"Netto-Kaltmiete pro m\u00b2\";s:29:\"fave_additional_feature_value\";s:11:\"10&nbsp;\u20ac\";}i:7;a:2:{s:29:\"fave_additional_feature_title\";s:15:\"Mieterprovision\";s:29:\"fave_additional_feature_value\";s:19:\"3 Nettomonatsmieten\";}i:8;a:2:{s:29:\"fave_additional_feature_title\";s:20:\"Hinweis zur Courtage\";s:29:\"fave_additional_feature_value\";s:207:\"Bei Abschluss eines Mietvertrages ist eine Provision von 3 Nettomonatsmieten zzgl. gesetzlicher Umsatzsteuer zu zahlen. Die Provision ist bei Vertragsabschluss verdient und vom Mieter an RUHR REAL zu zahlen.\";}i:9;a:2:{s:29:\"fave_additional_feature_title\";s:10:\"MwSt.-Satz\";s:29:\"fave_additional_feature_value\";s:9:\"19&nbsp;%\";}i:10;a:2:{s:29:\"fave_additional_feature_title\";s:12:\"B\u00fcrofl\u00e4che\";s:29:\"fave_additional_feature_value\";s:12:\"434&nbsp;m\u00b2\";}i:11;a:2:{s:29:\"fave_additional_feature_title\";s:16:\"B\u00fcroteilfl\u00e4che\";s:29:\"fave_additional_feature_value\";s:12:\"180&nbsp;m\u00b2\";}i:12;a:2:{s:29:\"fave_additional_feature_title\";s:10:\"Teilbar ab\";s:29:\"fave_additional_feature_value\";s:12:\"180&nbsp;m\u00b2\";}i:13;a:2:{s:29:\"fave_additional_feature_title\";s:19:\"Art der Ausstattung\";s:29:\"fave_additional_feature_value\";s:7:\"gehoben\";}i:14;a:2:{s:29:\"fave_additional_feature_title\";s:10:\"Bodenbelag\";s:29:\"fave_additional_feature_value\";s:7:\"Teppich\";}i:15;a:2:{s:29:\"fave_additional_feature_title\";s:7:\"Zustand\";s:29:\"fave_additional_feature_value\";s:8:\"gepflegt\";}i:16;a:2:{s:29:\"fave_additional_feature_title\";s:27:\"Immobilie ist verf\u00fcgbar ab\";s:29:\"fave_additional_feature_value\";s:11:\"kurzfristig\";}}"],"fave_additional_features_enable":["enable"],"_immonex_custom_fields":["a:1:{s:23:\"Energieausweis-Jahrgang\";a:5:{s:14:\"mapping_source\";s:38:\"zustand_angaben->energiepass->jahrgang\";s:4:\"name\";s:0:\"\";s:5:\"group\";s:5:\"epass\";s:5:\"value\";s:13:\"not available\";s:19:\"value_before_filter\";s:4:\"ohne\";}}"],"_immonex_property_xml_source":["<?xml version=\"1.0\"?>\n<immobilie>\n<objektkategorie>\n<nutzungsart WOHNEN=\"false\" GEWERBE=\"true\"\/>\n<vermarktungsart KAUF=\"false\" MIETE_PACHT=\"true\"\/>\n<objektart>\n<buero_praxen buero_typ=\"BUEROHAUS\"\/>\n<\/objektart>\n<user_defined_simplefield\/>\n<\/objektkategorie>\n<geo>\n<plz>47501<\/plz>\n<ort>Duisburg<\/ort>\n<strasse>K&#xF6;nigstra&#xDF;e<\/strasse>\n<hausnummer>57<\/hausnummer>\n<land iso_land=\"DEU\"\/>\n<lage_im_bau\/>\n<regionaler_zusatz>Mitte<\/regionaler_zusatz>\n<\/geo>\n<kontaktperson>\n<email_zentrale>anfrage@ruhr-real.de<\/email_zentrale>\n<email_direkt>kruse@ruhr-real.de<\/email_direkt>\n<tel_durchw>+49 201 999963-33<\/tel_durchw>\n<tel_fax>+49 201 99 99 63 44<\/tel_fax>\n<tel_handy>+49 162 88 87 076<\/tel_handy>\n<name>Kruse<\/name>\n<vorname>Samuel<\/vorname>\n<anrede>Herr<\/anrede>\n<firma>RUHR REAL GmbH<\/firma>\n<strasse>Holsterhauser Platz<\/strasse>\n<hausnummer>2<\/hausnummer>\n<plz>45147<\/plz>\n<ort>Essen<\/ort>\n<adressfreigabe>true<\/adressfreigabe>\n<\/kontaktperson>\n<preise>\n<nettokaltmiete>10.00<\/nettokaltmiete>\n<kaltmiete>10.00<\/kaltmiete>\n<nebenkosten>5.00<\/nebenkosten>\n<heizkosten_enthalten>false<\/heizkosten_enthalten>\n<zzg_mehrwertsteuer>false<\/zzg_mehrwertsteuer>\n<preis_zeiteinheit\/>\n<mietpreis_pro_qm>10.0000<\/mietpreis_pro_qm>\n<provisionspflichtig>false<\/provisionspflichtig>\n<aussen_courtage mit_mwst=\"false\">3 Nettomonatsmieten<\/aussen_courtage>\n<courtage_hinweis>Bei Abschluss eines Mietvertrages ist eine Provision von 3 Nettomonatsmieten zzgl. gesetzlicher Umsatzsteuer zu zahlen. Die Provision ist bei Vertragsabschluss verdient und vom Mieter an RUHR REAL zu zahlen.<\/courtage_hinweis><waehrung iso_waehrung=\"EUR\"\/>\n<mwst_satz>19.00<\/mwst_satz>\n<stp_carport\/>\n<stp_duplex\/>\n<stp_freiplatz\/>\n<stp_garage\/>\n<stp_parkhaus\/>\n<stp_tiefgarage\/>\n<\/preise>\n<bieterverfahren\/>\n<versteigerung\/>\n<flaechen>\n<bueroflaeche>434<\/bueroflaeche>\n<bueroteilflaeche>180<\/bueroteilflaeche>\n<teilbar_ab>180<\/teilbar_ab>\n<\/flaechen>\n<ausstattung>\n<ausstatt_kategorie>GEHOBEN<\/ausstatt_kategorie>\n<raeume_veraenderbar>true<\/raeume_veraenderbar>\n<bad\/>\n<kueche\/>\n<boden TEPPICH=\"true\"\/>\n<heizungsart FERN=\"true\"\/>\n<befeuerung\/>\n<klimatisiert>true<\/klimatisiert>\n<fahrstuhl PERSONEN=\"true\"\/>\n<ausricht_balkon_terrasse\/>\n<barrierefrei>true<\/barrierefrei>\n<angeschl_gastronomie\/>\n<sicherheitstechnik\/>\n<\/ausstattung>\n<zustand_angaben>\n<baujahr>1963<\/baujahr>\n<zustand zustand_art=\"GEPFLEGT\"\/>\n<energiepass>\n<jahrgang>ohne<\/jahrgang>\n<\/energiepass>\n<\/zustand_angaben>\n<bewertung\/>\n<infrastruktur\/>\n<freitexte>\n<objekttitel>Klimatisierte B&#xFC;rofl&#xE4;che in Duisburg-City | moderne Ausstattung | hohe Visibilit&#xE4;t<\/objekttitel>\n<lage>Die angebotene Immobilie befindet sich zentral gelegen in der Duisburger Innenstadt. In unmittelbarer N&#xE4;he sind die Autobahnen A59 und A40 zu erreichen. Bus- und Bahnhaltestellen, sowie der naheliegende Hauptbahnhof, sind innerhalb von wenigen Minuten zu Fu&#xDF; erschlie&#xDF;bar. In der Nachbarschaft der Deutschen Oper am Rhein, des Amts- und Landesgerichtes und vieler Banken, befindet sich hier gemeinsam mit dem Forum Duisburg das Zentrum f&#xFC;r Einzelhandel, Gastronomie und B&#xFC;ro in der City.\n\nHotels der Umgebung: Duisburger Hof, Mercure Hotel, ibis\n\nBedeutende Unternehmen in der B&#xFC;romarktzone: TARGO Bank Zentrale, Finanzamt, IHK Duisburg <\/lage>\n<ausstatt_beschr>&#x2022; Bodenbelag: Teppichboden\n&#x2022; EDV-Verkabelung: vom Vormieter vorhanden\n&#x2022; Kabelf&#xFC;hrung: Fensterbankkan&#xE4;le\n&#x2022; Heizung\/K&#xFC;hlung: Umluftklimager&#xE4;te\n&#x2022; Sonnenschutz: nach Vereinbarung\n&#x2022; Barrierearm: ebenerdiger Zugang\n&#x2022; Beleuchtung: arbeitsgerechte Deckenbeleuchtung \n&#x2022; Sonstiges: Empfang vorhanden\n\nDie Ausstattung kann bei Bedarf angepasst werden.<\/ausstatt_beschr>\n<objektbeschreibung>Die im Jahre 1963 erbaute und bekannte Immobilie sorgt f&#xFC;r eine hohe Visibilit&#xE4;t in zentraler Lage von Duisburg. Alle 16 Geschosse sind durch vier Aufz&#xFC;ge und zwei Treppenh&#xE4;user zu erschlie&#xDF;en. Die B&#xFC;rofl&#xE4;chen sind mit Teppichboden sowie Umluftklimager&#xE4;ten ausgestattet und bieten zahlreiche Gestaltungsm&#xF6;glichkeiten. Ferner k&#xF6;nnen in der Umgebung Parkpl&#xE4;tze angemietet werden.\n\nFolgende Fl&#xE4;chen stehen derzeit zur Disposition:\n\nRetail:\nEG: 426 m&#xB2;, teilbar ab 172 m&#xB2;\n\nB&#xFC;ro:\n3. OG: 434 m&#xB2;\n15. OG: 633 m&#xB2;, teilbar ab 185 m&#xB2;<\/objektbeschreibung>\n<sonstige_angaben>Es gelten ausschlie&#xDF;lich unsere AGB (www.ruhr-real.de\/agb). Wir m&#xF6;chten Sie darauf hinweisen, dass die Angaben ausschlie&#xDF;lich auf den uns vom Eigent&#xFC;mer &#xFC;bermittelten Unterlagen und Informationen basieren. F&#xFC;r Richtigkeit und Vollst&#xE4;ndigkeit &#xFC;bernehmen wir keine Gew&#xE4;hr. Zwischenvermietung vorbehalten.<\/sonstige_angaben>\n<\/freitexte>\n<anhaenge>\n<anhang location=\"EXTERN\" gruppe=\"TITELBILD\">\n<anhangtitel>Luftbild<\/anhangtitel>\n<format>jpg<\/format>\n<daten>\n<pfad>3405d25b478f47dea7b700692938585d.jpg<\/pfad>\n<\/daten>\n<\/anhang>\n<anhang location=\"EXTERN\" gruppe=\"BILD\">\n<anhangtitel>B&#xFC;ro<\/anhangtitel>\n<format>jpg<\/format>\n<daten>\n<pfad>195ebe7d497742fcb399ea1d69d8b33f.jpg<\/pfad>\n<\/daten>\n<\/anhang>\n<anhang location=\"EXTERN\" gruppe=\"BILD\">\n<anhangtitel>B&#xFC;ro<\/anhangtitel>\n<format>jpg<\/format>\n<daten>\n<pfad>0851e24b612a4234ada8ac306fca033b.jpg<\/pfad>\n<\/daten>\n<\/anhang>\n<anhang location=\"EXTERN\" gruppe=\"BILD\">\n<anhangtitel>B&#xFC;ro<\/anhangtitel>\n<format>jpg<\/format>\n<daten>\n<pfad>53ec48794ba841d1a3abf5cdde0d2f8c.jpg<\/pfad>\n<\/daten>\n<\/anhang>\n<anhang location=\"EXTERN\" gruppe=\"BILD\">\n<anhangtitel>B&#xFC;ro<\/anhangtitel>\n<format>jpg<\/format>\n<daten>\n<pfad>73246420b543419fa84fa5fd31af53ed.jpg<\/pfad>\n<\/daten>\n<\/anhang>\n<anhang location=\"EXTERN\" gruppe=\"BILD\">\n<anhangtitel>B&#xFC;ro<\/anhangtitel>\n<format>jpg<\/format>\n<daten>\n<pfad>4cca3e76ff6e46249c344a2f685d6830.jpg<\/pfad>\n<\/daten>\n<\/anhang><\/anhaenge>\n<verwaltung_objekt>\n<objektadresse_freigeben>false<\/objektadresse_freigeben>\n<verfuegbar_ab>kurzfristig<\/verfuegbar_ab>\n<gruppennummer>10<\/gruppennummer>\n<geschlecht\/>\n<gewerbliche_nutzung>true<\/gewerbliche_nutzung>\n<\/verwaltung_objekt>\n<verwaltung_techn>\n<objektnr_intern>C5A39643CEA14051B719A63ED10B6FAA<\/objektnr_intern>\n<objektnr_extern>1926\/E3<\/objektnr_extern>\n<aktion aktionart=\"CHANGE\"\/>\n<openimmo_obid>C5A39643CEA14051B719A63ED10B6FAA<\/openimmo_obid>\n<kennung_ursprung>estatePro V10.0.0.8<\/kennung_ursprung>\n<stand_vom>2026-04-10<\/stand_vom>\n<\/verwaltung_techn>\n<user_defined_simplefield feldname=\"Startseite\">Nein<\/user_defined_simplefield>\n<\/immobilie>\n"],"_immonex_energy_class":[""],"_immonex_energy_class_id":["0"],"_thumbnail_id":["187169"],"fave_property_images":["187169","187170","187171","187172","187173","187174"],"fave_floor_plans_enable":["disable"],"fave_prop_homeslider":["yes"],"fave_prop_slider_image":["187169"],"fave_agents":["152858"],"fave_agent_display_option":["agent_info"],"fave_single_top_area":["global"],"fave_single_content_area":["global"],"fave_property_map":["1"],"fave_property_map_street_view":["hide"],"fave_property_size_prefix":["m\u00b2"],"fave_property_land_postfix":["m\u00b2"],"fave_featured":["0"],"houzez_featured_listing_date":[""],"fave_property_price_postfix":["pro&nbsp;m\u00b2"],"fave_currency":["EUR"],"fave_currency_info":["a:8:{s:2:\"id\";s:1:\"1\";s:13:\"currency_name\";s:4:\"Euro\";s:13:\"currency_code\";s:3:\"EUR\";s:15:\"currency_symbol\";s:3:\"\u20ac\";s:17:\"currency_position\";s:5:\"after\";s:16:\"currency_decimal\";s:1:\"2\";s:26:\"currency_decimal_separator\";s:1:\",\";s:27:\"currency_thousand_separator\";s:1:\".\";}"],"_wpml_word_count":["352"],"houzez_total_property_views":["156"],"houzez_views_by_date":["a:20:{s:10:\"04-10-2026\";i:6;s:10:\"04-11-2026\";i:4;s:10:\"04-12-2026\";i:10;s:10:\"04-13-2026\";i:8;s:10:\"04-14-2026\";i:8;s:10:\"04-15-2026\";i:8;s:10:\"04-16-2026\";i:8;s:10:\"04-17-2026\";i:8;s:10:\"04-18-2026\";i:8;s:10:\"04-19-2026\";i:8;s:10:\"04-20-2026\";i:8;s:10:\"04-21-2026\";i:8;s:10:\"04-22-2026\";i:9;s:10:\"04-23-2026\";i:9;s:10:\"04-24-2026\";i:8;s:10:\"04-25-2026\";i:8;s:10:\"04-26-2026\";i:8;s:10:\"04-27-2026\";i:8;s:10:\"04-28-2026\";i:6;s:10:\"04-29-2026\";i:8;}"],"houzez_recently_viewed":["2026-04-29 12:50:08"],"_elementor_page_assets":["a:0:{}"]},"_links":{"self":[{"href":"https:\/\/ruhr-real.de\/en\/wp-json\/wp\/v2\/properties\/120113","targetHints":{"allow":["GET"]}}],"collection":[{"href":"https:\/\/ruhr-real.de\/en\/wp-json\/wp\/v2\/properties"}],"about":[{"href":"https:\/\/ruhr-real.de\/en\/wp-json\/wp\/v2\/types\/property"}],"author":[{"embeddable":true,"href":"https:\/\/ruhr-real.de\/en\/wp-json\/wp\/v2\/users\/1"}],"version-history":[{"count":0,"href":"https:\/\/ruhr-real.de\/en\/wp-json\/wp\/v2\/properties\/120113\/revisions"}],"wp:featuredmedia":[{"embeddable":true,"href":"https:\/\/ruhr-real.de\/en\/wp-json\/wp\/v2\/media\/187169"}],"wp:attachment":[{"href":"https:\/\/ruhr-real.de\/en\/wp-json\/wp\/v2\/media?parent=120113"}],"wp:term":[{"taxonomy":"property_type","embeddable":true,"href":"https:\/\/ruhr-real.de\/en\/wp-json\/wp\/v2\/property_type?post=120113"},{"taxonomy":"property_status","embeddable":true,"href":"https:\/\/ruhr-real.de\/en\/wp-json\/wp\/v2\/property_status?post=120113"},{"taxonomy":"property_feature","embeddable":true,"href":"https:\/\/ruhr-real.de\/en\/wp-json\/wp\/v2\/property_feature?post=120113"},{"taxonomy":"property_label","embeddable":true,"href":"https:\/\/ruhr-real.de\/en\/wp-json\/wp\/v2\/property_label?post=120113"},{"taxonomy":"property_country","embeddable":true,"href":"https:\/\/ruhr-real.de\/en\/wp-json\/wp\/v2\/property_country?post=120113"},{"taxonomy":"property_state","embeddable":true,"href":"https:\/\/ruhr-real.de\/en\/wp-json\/wp\/v2\/property_state?post=120113"},{"taxonomy":"property_city","embeddable":true,"href":"https:\/\/ruhr-real.de\/en\/wp-json\/wp\/v2\/property_city?post=120113"},{"taxonomy":"property_area","embeddable":true,"href":"https:\/\/ruhr-real.de\/en\/wp-json\/wp\/v2\/property_area?post=120113"}],"curies":[{"name":"wp","href":"https:\/\/api.w.org\/{rel}","templated":true}]}}