{"id":120125,"date":"2024-05-10T00:54:13","date_gmt":"2024-05-09T22:54:13","guid":{"rendered":"https:\/\/2024.ruhr-real.de\/immobilien\/rr-neuwertige-produktions-logistikimmobilie-40-rampentore-sprinkler-hervorragende-lage\/"},"modified":"2024-05-10T00:54:13","modified_gmt":"2024-05-09T22:54:13","slug":"rr-neuwertige-produktions-logistikimmobilie-40-rampentore-sprinkler-hervorragende-lage","status":"publish","type":"property","link":"https:\/\/ruhr-real.de\/en\/objekt\/rr-neuwertige-produktions-logistikimmobilie-40-rampentore-sprinkler-hervorragende-lage\/","title":{"rendered":"RR: Neuwertige Produktions-\/Logistikimmobilie | 40 Rampentore | Sprinkler | hervorragende Lage"},"content":{"rendered":"<p>Dieses 2020 erbaute Objekt verf\u00fcgt \u00fcber ca. 22.000 m\u00b2, aufgeteilt auf 2 Units. Die Hallenfl\u00e4chen haben eine Deckenh\u00f6he von 12 m UKB, verf\u00fcgen \u00fcber eine Brandmeldeanlage und eine ESFR Deckensprinklerung. Beheizt werden die Hallen durch Gasdunkelstrahler, die B\u00fcrofl\u00e4chen mit Flachventilheizk\u00f6rpern. Die Bodentraglast der Hallen betr\u00e4gt 8.000 kg\/m\u00b2, insgesamt verf\u00fcgt das Objekt \u00fcber 40 Rampentore und zwei ebenerdige Halleneinfahrten, jeweils h\u00e4lftig f\u00fcr beide Units. Das gesamte Gel\u00e4nde ist durch einen  hohen Zaun gesch\u00fctzt, es sind 60 PKW Parkpl\u00e4tze und mehrere LKW Parkpl\u00e4tze verf\u00fcgbar.<\/p>\n<p>Die angebotene Liegenschaft befindet sich im Dortmunder Norden im Gewerbegebiet Westfalenh\u00fctte. \u00dcber die naheliegende Bundesstra\u00dfe B236 erreicht man innerhalb weniger Minuten die Autobahnauffahrt zur A2, welche sowohl eine regionale, als auch die \u00fcberregionale Verbindung darstellt. In ca. 3 Gehminuten erreichen Sie eine Bushaltestelle, die S-Bahn-Station ist nur 8 Gehminuten entfernt. Restaurants sind ebenfalls fu\u00dfl\u00e4ufig erreichbar, der Dortmunder Hauptbahnhof, sowie der Dortmunder Flughafen sind jeweils in nur 16 Autominuten erreicht.<\/p>\n<p>\u2022 Neubau<br \/>\n\u2022 Rampentore<br \/>\n\u2022 Deckensprinklerung<br \/>\n\u2022 umz\u00e4unt<br \/>\n\u2022 Deckehnh\u00f6he 12 m UKB<br \/>\n\u2022 Bogenbelastbarkeit 7.500 kg\/ m\u00b2<br \/>\n\u2022 Stellpl\u00e4tze, LKW Stellpl\u00e4tze<\/p>\n<p>Es gelten ausschlie\u00dflich unsere AGB (www.ruhr-real.de\/agb). Da der Eigent\u00fcmer ausschlie\u00dflich Lager\/Logistik, Produktion und Light Industrial als Nutzung w\u00fcnscht, bitten wir Sie zu ber\u00fccksichtigen, dass Anfragen zu folgenden Nutzungen nicht bearbeitet werden k\u00f6nnen: Veranstaltungen\/Events, Gastronomie\/Vergn\u00fcgungsst\u00e4tten, religi\u00f6se Einrichtungen sowie Sport- und Spielst\u00e4tten. Wir m\u00f6chten Sie darauf hinweisen, dass die Angaben ausschlie\u00dflich auf den uns vom Eigent\u00fcmer \u00fcbermittelten Unterlagen und Informationen basieren. F\u00fcr Richtigkeit und Vollst\u00e4ndigkeit \u00fcbernehmen wir keine Gew\u00e4hr. Zwischenvermietung vorbehalten.<br \/>\n<div class=\"widget widget_immonex_user_defined_properties_widget\"><div class=\"immonex-widget immonex-widget-houzez\">\n\t\t<div class=\"immonex-widget-title clearfix\">\n\t\t<h2 class=\"widgettitle\">Energieeffizienz<\/h2>\t<\/div>\n\t\t<ul class=\"immonex-property-details row list-lined list-unstyled\">\n\t\t\t\t<li>\n\t\t\t<div class=\"list-lined-item w-100 d-flex justify-content-between py-2\">\n\t\t\t\t\t\t\t\t<strong class=\"property-details-label\">Energieausweis-Jahrgang:<\/strong>&nbsp;<span class=\"property-details-value\">not available<\/span>\n\t\t\t\t\t\t\t<\/div>\n\t\t<\/li>\n\t\t\t<\/ul>\n<\/div><\/div><\/p>\n","protected":false},"excerpt":{"rendered":"<p>Dieses 2020 erbaute Objekt verf\u00fcgt \u00fcber ca. 22.000 m\u00b2, aufgeteilt auf 2 Units. Die Hallenfl\u00e4chen haben eine&#8230;<\/p>\n","protected":false},"author":1,"featured_media":120126,"parent":0,"menu_order":0,"template":"","property_type":[380],"property_status":[352],"property_feature":[350],"property_label":[],"property_country":[353],"property_state":[],"property_city":[304],"property_area":[],"class_list":["post-120125","property","type-property","status-publish","has-post-thumbnail","hentry","property_type-lager-und-produktionsflaechen","property_status-zu-vermieten","property_feature-raeume-veraenderbar","property_country-deutschland","property_city-dortmund"],"acf":[],"property_meta":{"_immonex_import_folder":["users\/RUHRREAL"],"fave_property_map_address":["44145 Dortmund"],"fave_property_zip":["44145"],"fave_property_country":["DE"],"_immonex_lat":["51.53950635"],"_immonex_lng":["7.48193011162"],"houzez_geolocation_lat":["51.53950635"],"houzez_geolocation_long":["7.48193011162"],"fave_property_location":["51.53950635,7.48193011162"],"fave_property_size":["23000"],"fave_property_year":["2020"],"fave_property_id":["3208\/E4"],"_immonex_translation_id":["3208\/E4"],"_immonex_iso_country":["DEU"],"_openimmo_obid":["89ED6526085346E3B952A5B84CC23B77"],"_openimmo_anid":["0000"],"_immonex_group_number":[""],"_immonex_group_id":[""],"_immonex_group_master":[""],"_immonex_import_meta":["a:6:{s:8:\"zip_file\";s:131:\"\/www\/htdocs\/w0172e0e\/ruhr-real_2024\/wp-content\/uploads\/immonex-openimmo-import\/users\/RUHRREAL\/Immowelt_estatePro_20240510092007.zip\";s:8:\"xml_file\";s:158:\"\/www\/htdocs\/w0172e0e\/ruhr-real_2024\/wp-content\/uploads\/immonex-openimmo-import\/immowelt_estatepro_20240510092007\/Homepage_2024_NEW_estatePro20240510092007.xml\";s:12:\"mapping_file\";s:116:\"\/www\/htdocs\/w0172e0e\/ruhr-real_2024\/wp-content\/uploads\/immonex-openimmo-import\/mappings\/houzez_ruhrreal_18122023.csv\";s:9:\"timestamp\";i:1715331015;s:4:\"date\";s:10:\"2024-05-10\";s:4:\"time\";s:8:\"10:50:15\";}"],"_is_immonex_import_property":["1"],"_immonex_is_reference":[""],"_immonex_is_sold":[""],"_immonex_is_reserved":[""],"_immonex_is_available":["1"],"additional_features":["a:17:{i:0;a:2:{s:29:\"fave_additional_feature_title\";s:11:\"Heizungsart\";s:29:\"fave_additional_feature_value\";s:14:\"Zentralheizung\";}i:1;a:2:{s:29:\"fave_additional_feature_title\";s:33:\"Heizkosten in Warmmiete enthalten\";s:29:\"fave_additional_feature_value\";s:4:\"nein\";}i:2;a:2:{s:29:\"fave_additional_feature_title\";s:32:\"Preise zuz\u00fcglich Mehrwertsteuer\";s:29:\"fave_additional_feature_value\";s:4:\"nein\";}i:3;a:2:{s:29:\"fave_additional_feature_title\";s:16:\"K\u00e4uferprovision\";s:29:\"fave_additional_feature_value\";s:32:\"3-4 Nettomonatsmieten zzgl. Ust.\";}i:4;a:2:{s:29:\"fave_additional_feature_title\";s:20:\"Hinweis zur Courtage\";s:29:\"fave_additional_feature_value\";s:233:\"Bei Vertr\u00e4gen bis zu f\u00fcnf Jahren Laufzeit ist ein Honorar von 3 Nettomonatsmieten vom Mieter an RUHR REAL zahlbar; bei Laufzeiten bis zu zehn Jahren werden 4 Nettomonatsmieten f\u00e4llig. Hinzu kommt die jeweils g\u00fcltige Umsatzsteuer.\";}i:5;a:2:{s:29:\"fave_additional_feature_title\";s:10:\"MwSt.-Satz\";s:29:\"fave_additional_feature_value\";s:9:\"19&nbsp;%\";}i:6;a:2:{s:29:\"fave_additional_feature_title\";s:13:\"Gesamtfl\u00e4che\";s:29:\"fave_additional_feature_value\";s:15:\"23.000&nbsp;m\u00b2\";}i:7;a:2:{s:29:\"fave_additional_feature_title\";s:12:\"Lagerfl\u00e4che\";s:29:\"fave_additional_feature_value\";s:15:\"23.000&nbsp;m\u00b2\";}i:8;a:2:{s:29:\"fave_additional_feature_title\";s:12:\"B\u00fcrofl\u00e4che\";s:29:\"fave_additional_feature_value\";s:12:\"800&nbsp;m\u00b2\";}i:9;a:2:{s:29:\"fave_additional_feature_title\";s:16:\"B\u00fcroteilfl\u00e4che\";s:29:\"fave_additional_feature_value\";s:12:\"800&nbsp;m\u00b2\";}i:10;a:2:{s:29:\"fave_additional_feature_title\";s:10:\"Teilbar ab\";s:29:\"fave_additional_feature_value\";s:15:\"23.000&nbsp;m\u00b2\";}i:11;a:2:{s:29:\"fave_additional_feature_title\";s:19:\"Art der Ausstattung\";s:29:\"fave_additional_feature_value\";s:7:\"gehoben\";}i:12;a:2:{s:29:\"fave_additional_feature_title\";s:10:\"Bodenbelag\";s:29:\"fave_additional_feature_value\";s:7:\"Estrich\";}i:13;a:2:{s:29:\"fave_additional_feature_title\";s:18:\"Sicherheitstechnik\";s:29:\"fave_additional_feature_value\";s:19:\"Alarmanlage, Kamera\";}i:14;a:2:{s:29:\"fave_additional_feature_title\";s:13:\"Stellplatzart\";s:29:\"fave_additional_feature_value\";s:9:\"Freiplatz\";}i:15;a:2:{s:29:\"fave_additional_feature_title\";s:7:\"Zustand\";s:29:\"fave_additional_feature_value\";s:9:\"neuwertig\";}i:16;a:2:{s:29:\"fave_additional_feature_title\";s:27:\"Immobilie ist verf\u00fcgbar ab\";s:29:\"fave_additional_feature_value\";s:17:\"nach Vereinbarung\";}}"],"fave_additional_features_enable":["enable"],"_immonex_custom_fields":["a:1:{s:23:\"Energieausweis-Jahrgang\";a:5:{s:14:\"mapping_source\";s:38:\"zustand_angaben->energiepass->jahrgang\";s:4:\"name\";s:0:\"\";s:5:\"group\";s:5:\"epass\";s:5:\"value\";s:13:\"not available\";s:19:\"value_before_filter\";s:4:\"ohne\";}}"],"_immonex_property_xml_source":["<?xml version=\"1.0\"?>\n<immobilie>\n<objektkategorie>\n<nutzungsart WOHNEN=\"false\" GEWERBE=\"true\"\/>\n<vermarktungsart KAUF=\"false\" MIETE_PACHT=\"true\"\/>\n<objektart>\n<hallen_lager_prod hallen_typ=\"LAGERFLAECHEN\"\/>\n<\/objektart>\n<user_defined_simplefield\/>\n<\/objektkategorie>\n<geo>\n<plz>44145<\/plz>\n<ort>Dortmund<\/ort>\n<strasse>Kaiserstuhlstra&#xDF;e<\/strasse>\n<hausnummer>4-8<\/hausnummer>\n<land iso_land=\"DEU\"\/>\n<lage_im_bau\/>\n<\/geo>\n<kontaktperson>\n<email_zentrale>anfrage@ruhr-real.de<\/email_zentrale>\n<email_direkt>mehrer@ruhr-real.de<\/email_direkt>\n<tel_durchw>+49 201 99996330<\/tel_durchw>\n<tel_fax>+49 201 99996344<\/tel_fax>\n<tel_handy>+49 162 2907000<\/tel_handy>\n<name>Mehrer<\/name>\n<vorname>Nils<\/vorname>\n<anrede>Herr<\/anrede>\n<firma>RUHR REAL GmbH<\/firma>\n<strasse>Holsterhauser Platz<\/strasse>\n<hausnummer>2<\/hausnummer>\n<plz>45147<\/plz>\n<ort>Essen<\/ort>\n<adressfreigabe>true<\/adressfreigabe>\n<\/kontaktperson>\n<preise>\n<heizkosten_enthalten>false<\/heizkosten_enthalten>\n<zzg_mehrwertsteuer>false<\/zzg_mehrwertsteuer>\n<preis_zeiteinheit\/>\n<provisionspflichtig>true<\/provisionspflichtig>\n<aussen_courtage mit_mwst=\"false\">3-4 Nettomonatsmieten zzgl. Ust.<\/aussen_courtage>\n<courtage_hinweis>Bei Vertr&#xE4;gen bis zu f&#xFC;nf Jahren Laufzeit ist ein Honorar von 3 Nettomonatsmieten vom Mieter an RUHR REAL zahlbar; bei Laufzeiten bis zu zehn Jahren werden 4 Nettomonatsmieten f&#xE4;llig. Hinzu kommt die jeweils g&#xFC;ltige Umsatzsteuer.<\/courtage_hinweis>\n<waehrung iso_waehrung=\"EUR\"\/>\n<mwst_satz>19.00<\/mwst_satz>\n<stp_carport\/>\n<stp_duplex\/>\n<stp_freiplatz\/>\n<stp_garage\/>\n<stp_parkhaus\/>\n<stp_tiefgarage\/>\n<\/preise>\n<bieterverfahren\/>\n<versteigerung\/>\n<flaechen>\n<gesamtflaeche>23000<\/gesamtflaeche>\n<lagerflaeche>23000<\/lagerflaeche>\n<bueroflaeche>800<\/bueroflaeche>\n<bueroteilflaeche>800<\/bueroteilflaeche>\n<teilbar_ab>23000<\/teilbar_ab>\n<anzahl_stellplaetze type=\"xsd:decimal\">60<\/anzahl_stellplaetze>\n<\/flaechen>\n<ausstattung>\n<ausstatt_kategorie>GEHOBEN<\/ausstatt_kategorie>\n<raeume_veraenderbar>true<\/raeume_veraenderbar>\n<bad\/>\n<kueche\/>\n<boden ESTRICH=\"true\"\/>\n<heizungsart ZENTRAL=\"true\"\/>\n<befeuerung\/>\n<fahrstuhl\/>\n<stellplatzart FREIPLATZ=\"true\"\/>\n<ausricht_balkon_terrasse\/>\n<angeschl_gastronomie\/>\n<sicherheitstechnik ALARMANLAGE=\"true\" KAMERA=\"true\"\/>\n<\/ausstattung>\n<zustand_angaben>\n<baujahr>2020<\/baujahr>\n<zustand zustand_art=\"NEUWERTIG\"\/>\n<energiepass>\n<jahrgang>ohne<\/jahrgang>\n<\/energiepass>\n<\/zustand_angaben>\n<bewertung\/>\n<infrastruktur>\n<zulieferung>true<\/zulieferung>\n<\/infrastruktur>\n<freitexte>\n<objekttitel>RR: Neuwertige Produktions-\/Logistikimmobilie | 40 Rampentore | Sprinkler | hervorragende Lage <\/objekttitel>\n<lage>Die angebotene Liegenschaft befindet sich im Dortmunder Norden im Gewerbegebiet Westfalenh&#xFC;tte. &#xDC;ber die naheliegende Bundesstra&#xDF;e B236 erreicht man innerhalb weniger Minuten die Autobahnauffahrt zur A2, welche sowohl eine regionale, als auch die &#xFC;berregionale Verbindung darstellt. In ca. 3 Gehminuten erreichen Sie eine Bushaltestelle, die S-Bahn-Station ist nur 8 Gehminuten entfernt. Restaurants sind ebenfalls fu&#xDF;l&#xE4;ufig erreichbar, der Dortmunder Hauptbahnhof, sowie der Dortmunder Flughafen sind jeweils in nur 16 Autominuten erreicht.<\/lage><ausstatt_beschr>&#x2022; Neubau \n&#x2022; Rampentore\n&#x2022; Deckensprinklerung\n&#x2022; umz&#xE4;unt\n&#x2022; Deckehnh&#xF6;he 12 m UKB\n&#x2022; Bogenbelastbarkeit 7.500 kg\/ m&#xB2;\n&#x2022; Stellpl&#xE4;tze, LKW Stellpl&#xE4;tze<\/ausstatt_beschr>\n<objektbeschreibung>Dieses 2020 erbaute Objekt verf&#xFC;gt &#xFC;ber ca. 22.000 m&#xB2;, aufgeteilt auf 2 Units. Die Hallenfl&#xE4;chen haben eine Deckenh&#xF6;he von 12 m UKB, verf&#xFC;gen &#xFC;ber eine Brandmeldeanlage und eine ESFR Deckensprinklerung. Beheizt werden die Hallen durch Gasdunkelstrahler, die B&#xFC;rofl&#xE4;chen mit Flachventilheizk&#xF6;rpern. Die Bodentraglast der Hallen betr&#xE4;gt 8.000 kg\/m&#xB2;, insgesamt verf&#xFC;gt das Objekt &#xFC;ber 40 Rampentore und zwei ebenerdige Halleneinfahrten, jeweils h&#xE4;lftig f&#xFC;r beide Units. Das gesamte Gel&#xE4;nde ist durch einen  hohen Zaun gesch&#xFC;tzt, es sind 60 PKW Parkpl&#xE4;tze und mehrere LKW Parkpl&#xE4;tze verf&#xFC;gbar. <\/objektbeschreibung>\n<sonstige_angaben>Es gelten ausschlie&#xDF;lich unsere AGB (www.ruhr-real.de\/agb). Da der Eigent&#xFC;mer ausschlie&#xDF;lich Lager\/Logistik, Produktion und Light Industrial als Nutzung w&#xFC;nscht, bitten wir Sie zu ber&#xFC;cksichtigen, dass Anfragen zu folgenden Nutzungen nicht bearbeitet werden k&#xF6;nnen: Veranstaltungen\/Events, Gastronomie\/Vergn&#xFC;gungsst&#xE4;tten, religi&#xF6;se Einrichtungen sowie Sport- und Spielst&#xE4;tten. Wir m&#xF6;chten Sie darauf hinweisen, dass die Angaben ausschlie&#xDF;lich auf den uns vom Eigent&#xFC;mer &#xFC;bermittelten Unterlagen und Informationen basieren. F&#xFC;r Richtigkeit und Vollst&#xE4;ndigkeit &#xFC;bernehmen wir keine Gew&#xE4;hr. Zwischenvermietung vorbehalten.<\/sonstige_angaben>\n<\/freitexte>\n<anhaenge>\n<anhang location=\"EXTERN\" gruppe=\"TITELBILD\">\n<anhangtitel>Hallenfl&#xE4;che (1)<\/anhangtitel>\n<format>jpg<\/format>\n<daten>\n<pfad>5deb7920c4bd40348719bdbfd74f44d5.jpg<\/pfad>\n<\/daten>\n<\/anhang>\n<anhang location=\"EXTERN\" gruppe=\"BILD\">\n<anhangtitel>Hallenfl&#xE4;che (2)<\/anhangtitel>\n<format>jpg<\/format>\n<daten>\n<pfad>20e4fa47f85b4be8946ff8947ab95067.jpg<\/pfad>\n<\/daten>\n<\/anhang>\n<\/anhaenge>\n<verwaltung_objekt>\n<objektadresse_freigeben>false<\/objektadresse_freigeben>\n<verfuegbar_ab>nach Vereinbarung<\/verfuegbar_ab>\n<geschlecht\/>\n<gewerbliche_nutzung>true<\/gewerbliche_nutzung>\n<\/verwaltung_objekt>\n<verwaltung_techn>\n<objektnr_intern>89ED6526085346E3B952A5B84CC23B77<\/objektnr_intern>\n<objektnr_extern>3208\/E4<\/objektnr_extern>\n<aktion aktionart=\"CHANGE\"\/>\n<openimmo_obid>89ED6526085346E3B952A5B84CC23B77<\/openimmo_obid>\n<kennung_ursprung>estatePro V10.0.0.8<\/kennung_ursprung>\n<stand_vom>2024-05-10<\/stand_vom>\n<\/verwaltung_techn>\n<user_defined_simplefield feldname=\"Startseite\">Nein<\/user_defined_simplefield>\n<\/immobilie>\n"],"_thumbnail_id":["120126"],"fave_property_images":["120126","120127"],"fave_floor_plans_enable":["disable"],"fave_prop_homeslider":["yes"],"fave_prop_slider_image":["120126"],"fave_agents":["111859"],"fave_agent_display_option":["agent_info"],"fave_single_top_area":["global"],"fave_single_content_area":["global"],"fave_property_price":["0"],"fave_property_map":["1"],"fave_property_map_street_view":["hide"],"fave_property_size_prefix":["m\u00b2"],"fave_property_land_postfix":["m\u00b2"],"fave_featured":["0"],"houzez_featured_listing_date":[""],"fave_currency":["EUR"],"fave_currency_info":["a:8:{s:2:\"id\";s:1:\"1\";s:13:\"currency_name\";s:4:\"Euro\";s:13:\"currency_code\";s:3:\"EUR\";s:15:\"currency_symbol\";s:3:\"\u20ac\";s:17:\"currency_position\";s:5:\"after\";s:16:\"currency_decimal\";s:1:\"2\";s:26:\"currency_decimal_separator\";s:1:\",\";s:27:\"currency_thousand_separator\";s:1:\".\";}"],"fave_show_price_placeholder":["1"],"houzez_total_property_views":["2182"],"houzez_views_by_date":["a:61:{s:10:\"02-28-2026\";i:4;s:10:\"03-01-2026\";i:4;s:10:\"03-02-2026\";i:4;s:10:\"03-03-2026\";i:4;s:10:\"03-04-2026\";i:4;s:10:\"03-05-2026\";i:6;s:10:\"03-06-2026\";i:4;s:10:\"03-07-2026\";i:4;s:10:\"03-08-2026\";i:4;s:10:\"03-09-2026\";i:4;s:10:\"03-10-2026\";i:4;s:10:\"03-11-2026\";i:6;s:10:\"03-12-2026\";i:5;s:10:\"03-13-2026\";i:4;s:10:\"03-14-2026\";i:4;s:10:\"03-15-2026\";i:4;s:10:\"03-16-2026\";i:2;s:10:\"03-17-2026\";i:10;s:10:\"03-18-2026\";i:6;s:10:\"03-19-2026\";i:4;s:10:\"03-20-2026\";i:6;s:10:\"03-21-2026\";i:4;s:10:\"03-22-2026\";i:4;s:10:\"03-23-2026\";i:4;s:10:\"03-24-2026\";i:4;s:10:\"03-25-2026\";i:4;s:10:\"03-26-2026\";i:6;s:10:\"03-27-2026\";i:4;s:10:\"03-28-2026\";i:4;s:10:\"03-29-2026\";i:4;s:10:\"03-30-2026\";i:4;s:10:\"03-31-2026\";i:4;s:10:\"04-01-2026\";i:7;s:10:\"04-02-2026\";i:8;s:10:\"04-03-2026\";i:8;s:10:\"04-04-2026\";i:8;s:10:\"04-05-2026\";i:8;s:10:\"04-06-2026\";i:8;s:10:\"04-07-2026\";i:11;s:10:\"04-08-2026\";i:7;s:10:\"04-09-2026\";i:8;s:10:\"04-10-2026\";i:8;s:10:\"04-11-2026\";i:6;s:10:\"04-12-2026\";i:8;s:10:\"04-13-2026\";i:8;s:10:\"04-14-2026\";i:8;s:10:\"04-15-2026\";i:8;s:10:\"04-16-2026\";i:8;s:10:\"04-17-2026\";i:8;s:10:\"04-18-2026\";i:8;s:10:\"04-19-2026\";i:8;s:10:\"04-20-2026\";i:8;s:10:\"04-21-2026\";i:8;s:10:\"04-22-2026\";i:8;s:10:\"04-23-2026\";i:8;s:10:\"04-24-2026\";i:8;s:10:\"04-25-2026\";i:9;s:10:\"04-26-2026\";i:8;s:10:\"04-27-2026\";i:8;s:10:\"04-28-2026\";i:6;s:10:\"04-29-2026\";i:7;}"],"houzez_recently_viewed":["2026-04-29 16:26:51"],"tp_widgets":["a:2:{s:7:\"widgets\";a:0:{}s:9:\"update_at\";s:10:\"1764682733\";}"],"rank_math_news_sitemap_robots":["index"],"rank_math_robots":["a:1:{i:0;s:5:\"index\";}"],"rank_math_internal_links_processed":["1"],"_elementor_page_assets":["a:0:{}"]},"_links":{"self":[{"href":"https:\/\/ruhr-real.de\/en\/wp-json\/wp\/v2\/properties\/120125","targetHints":{"allow":["GET"]}}],"collection":[{"href":"https:\/\/ruhr-real.de\/en\/wp-json\/wp\/v2\/properties"}],"about":[{"href":"https:\/\/ruhr-real.de\/en\/wp-json\/wp\/v2\/types\/property"}],"author":[{"embeddable":true,"href":"https:\/\/ruhr-real.de\/en\/wp-json\/wp\/v2\/users\/1"}],"version-history":[{"count":0,"href":"https:\/\/ruhr-real.de\/en\/wp-json\/wp\/v2\/properties\/120125\/revisions"}],"wp:featuredmedia":[{"embeddable":true,"href":"https:\/\/ruhr-real.de\/en\/wp-json\/wp\/v2\/media\/120126"}],"wp:attachment":[{"href":"https:\/\/ruhr-real.de\/en\/wp-json\/wp\/v2\/media?parent=120125"}],"wp:term":[{"taxonomy":"property_type","embeddable":true,"href":"https:\/\/ruhr-real.de\/en\/wp-json\/wp\/v2\/property_type?post=120125"},{"taxonomy":"property_status","embeddable":true,"href":"https:\/\/ruhr-real.de\/en\/wp-json\/wp\/v2\/property_status?post=120125"},{"taxonomy":"property_feature","embeddable":true,"href":"https:\/\/ruhr-real.de\/en\/wp-json\/wp\/v2\/property_feature?post=120125"},{"taxonomy":"property_label","embeddable":true,"href":"https:\/\/ruhr-real.de\/en\/wp-json\/wp\/v2\/property_label?post=120125"},{"taxonomy":"property_country","embeddable":true,"href":"https:\/\/ruhr-real.de\/en\/wp-json\/wp\/v2\/property_country?post=120125"},{"taxonomy":"property_state","embeddable":true,"href":"https:\/\/ruhr-real.de\/en\/wp-json\/wp\/v2\/property_state?post=120125"},{"taxonomy":"property_city","embeddable":true,"href":"https:\/\/ruhr-real.de\/en\/wp-json\/wp\/v2\/property_city?post=120125"},{"taxonomy":"property_area","embeddable":true,"href":"https:\/\/ruhr-real.de\/en\/wp-json\/wp\/v2\/property_area?post=120125"}],"curies":[{"name":"wp","href":"https:\/\/api.w.org\/{rel}","templated":true}]}}