{"id":120417,"date":"2024-05-10T01:28:33","date_gmt":"2024-05-09T23:28:33","guid":{"rendered":"https:\/\/2024.ruhr-real.de\/immobilien\/grosszuegige-grundstuecksflaeche-ausreichend-stellplaetze-fuer-pkws-und-lkws-starkstromanschluss\/"},"modified":"2024-05-10T01:28:33","modified_gmt":"2024-05-09T23:28:33","slug":"grosszuegige-grundstuecksflaeche-ausreichend-stellplaetze-fuer-pkws-und-lkws-starkstromanschluss","status":"publish","type":"property","link":"https:\/\/ruhr-real.de\/en\/objekt\/grosszuegige-grundstuecksflaeche-ausreichend-stellplaetze-fuer-pkws-und-lkws-starkstromanschluss\/","title":{"rendered":"Gro\u00dfz\u00fcgige Grundst\u00fccksfl\u00e4che | ausreichend Stellpl\u00e4tze f\u00fcr PKWs und LKWs | Starkstromanschluss"},"content":{"rendered":"<p>Die Halle wurde im Jahr 1990 erbaut und dient zur Lager-\/ Logistik-\/ Produktions- oder auch hervorragend als Hochregallager. Die Deckenh\u00f6he liegt bei ca. 12 Meter. Die Halle verf\u00fcgt \u00fcber eine ebenerdige Andienung und vier Rolltore. Aufgrund der gro\u00dfz\u00fcgigen Grundst\u00fccksfl\u00e4che gibt es genug Rangier- und Wendem\u00f6glichkeiten auf dem Gel\u00e4nde. F\u00fcr ausreichende Stellpl\u00e4tze ist gesorgt, sowohl f\u00fcr PKWs, als auch f\u00fcr LKWs. Es gibt zus\u00e4tzliche B\u00fcrofl\u00e4chen und die M\u00f6glichkeit ein ein anliegendes und unbebautes Grundst\u00fcck mit ca. 5.000 m\u00b2 bei Bedarf an zu mieten.<\/p>\n<p>Zur Zeit stehen folgende Fl\u00e4chen zur Disposition:<\/p>\n<p>Lagerhalle: ca. 6.000 m\u00b2<\/p>\n<p>Das angebotene Objekt ist in Herne im Herzen des Ruhrgebiets gelegen und bietet eine hervorragende Infrastruktur mit einer sehr guten Anbindung an die Autobahnen A2, A42 und A43, die innerhalb weniger Minuten erreichbar sind.  Die benachbarten Ruhr-Metropolen Bochum, Essen, Gelsenkirchen und Dortmund schnell erreicht und die Anbindung mit dem \u00f6ffentlichen Personennahverkehr ist ebenfalls als gut zu bezeichnen.<\/p>\n<p>\u2022 Rampen\/Tore: 4 vorhandene Sektionaltore<br \/>\n\u2022 Anlieferung: ebenerdig<br \/>\n\u2022 Heizung: nach Vereinbarung<br \/>\n\u2022 Brandschutz: nach Vereinbarung<br \/>\n\u2022 Deckenh\u00f6he: 12 Meter<br \/>\n\u2022 Bodenbelag: Steinboden<\/p>\n<p>Es gelten ausschlie\u00dflich unsere AGB (www.ruhr-real.de\/agb). Die Halle ist nicht f\u00fcr Veranstaltungsr\u00e4ume geeignet. Wir m\u00f6chten Sie darauf hinweisen, dass die Angaben ausschlie\u00dflich auf den uns vom Eigent\u00fcmer \u00fcbermittelten Unterlagen und Informationen basieren. F\u00fcr Richtigkeit und Vollst\u00e4ndigkeit \u00fcbernehmen wir keine Gew\u00e4hr. Zwischenvermietung vorbehalten.<br \/>\n<\/p>\n","protected":false},"excerpt":{"rendered":"<p>Die Halle wurde im Jahr 1990 erbaut und dient zur Lager-\/ Logistik-\/ Produktions- oder auch hervorragend als&#8230;<\/p>\n","protected":false},"author":1,"featured_media":120418,"parent":0,"menu_order":0,"template":"","property_type":[380],"property_status":[352],"property_feature":[355,350],"property_label":[],"property_country":[353],"property_state":[],"property_city":[467],"property_area":[],"class_list":["post-120417","property","type-property","status-publish","has-post-thumbnail","hentry","property_type-lager-und-produktionsflaechen","property_status-zu-vermieten","property_feature-barrierefrei","property_feature-raeume-veraenderbar","property_country-deutschland","property_city-herne"],"acf":[],"property_meta":{"_immonex_import_folder":["users\/RUHRREAL"],"fave_property_map_address":["44628 Herne"],"fave_property_zip":["44628"],"fave_property_country":["DE"],"_immonex_lat":["51.56438095"],"_immonex_lng":["7.22962166252"],"houzez_geolocation_lat":["51.56438095"],"houzez_geolocation_long":["7.22962166252"],"fave_property_location":["51.56438095,7.22962166252"],"fave_property_price":["2.75"],"fave_property_land":["35609"],"fave_property_size":["6000"],"fave_property_year":["1990"],"fave_property_id":["903"],"_immonex_translation_id":["903"],"_immonex_iso_country":["DEU"],"_openimmo_obid":["05B8162684F34056865584E2447FD782"],"_openimmo_anid":["0000"],"_immonex_group_number":[""],"_immonex_group_id":[""],"_immonex_group_master":[""],"_immonex_import_meta":["a:6:{s:8:\"zip_file\";s:131:\"\/www\/htdocs\/w0172e0e\/ruhr-real_2024\/wp-content\/uploads\/immonex-openimmo-import\/users\/RUHRREAL\/Immowelt_estatePro_20240510092007.zip\";s:8:\"xml_file\";s:158:\"\/www\/htdocs\/w0172e0e\/ruhr-real_2024\/wp-content\/uploads\/immonex-openimmo-import\/immowelt_estatepro_20240510092007\/Homepage_2024_NEW_estatePro20240510092007.xml\";s:12:\"mapping_file\";s:116:\"\/www\/htdocs\/w0172e0e\/ruhr-real_2024\/wp-content\/uploads\/immonex-openimmo-import\/mappings\/houzez_ruhrreal_18122023.csv\";s:9:\"timestamp\";i:1715331215;s:4:\"date\";s:10:\"2024-05-10\";s:4:\"time\";s:8:\"10:53:35\";}"],"_is_immonex_import_property":["1"],"_immonex_is_reference":[""],"_immonex_is_sold":[""],"_immonex_is_reserved":[""],"_immonex_is_available":["1"],"additional_features":["a:13:{i:0;a:2:{s:29:\"fave_additional_feature_title\";s:14:\"Nettokaltmiete\";s:29:\"fave_additional_feature_value\";s:13:\"2,75&nbsp;\u20ac\";}i:1;a:2:{s:29:\"fave_additional_feature_title\";s:9:\"Kaltmiete\";s:29:\"fave_additional_feature_value\";s:13:\"2,75&nbsp;\u20ac\";}i:2;a:2:{s:29:\"fave_additional_feature_title\";s:29:\"monatl. Betriebs-\/Nebenkosten\";s:29:\"fave_additional_feature_value\";s:13:\"0,90&nbsp;\u20ac\";}i:3;a:2:{s:29:\"fave_additional_feature_title\";s:33:\"Heizkosten in Warmmiete enthalten\";s:29:\"fave_additional_feature_value\";s:4:\"nein\";}i:4;a:2:{s:29:\"fave_additional_feature_title\";s:32:\"Preise zuz\u00fcglich Mehrwertsteuer\";s:29:\"fave_additional_feature_value\";s:4:\"nein\";}i:5;a:2:{s:29:\"fave_additional_feature_title\";s:10:\"MwSt.-Satz\";s:29:\"fave_additional_feature_value\";s:9:\"19&nbsp;%\";}i:6;a:2:{s:29:\"fave_additional_feature_title\";s:13:\"Gesamtfl\u00e4che\";s:29:\"fave_additional_feature_value\";s:14:\"6.000&nbsp;m\u00b2\";}i:7;a:2:{s:29:\"fave_additional_feature_title\";s:12:\"Lagerfl\u00e4che\";s:29:\"fave_additional_feature_value\";s:14:\"6.000&nbsp;m\u00b2\";}i:8;a:2:{s:29:\"fave_additional_feature_title\";s:19:\"Art der Ausstattung\";s:29:\"fave_additional_feature_value\";s:8:\"Standard\";}i:9;a:2:{s:29:\"fave_additional_feature_title\";s:10:\"Bodenbelag\";s:29:\"fave_additional_feature_value\";s:5:\"Stein\";}i:10;a:2:{s:29:\"fave_additional_feature_title\";s:13:\"Stellplatzart\";s:29:\"fave_additional_feature_value\";s:9:\"Freiplatz\";}i:11;a:2:{s:29:\"fave_additional_feature_title\";s:7:\"Zustand\";s:29:\"fave_additional_feature_value\";s:8:\"gepflegt\";}i:12;a:2:{s:29:\"fave_additional_feature_title\";s:27:\"Immobilie ist verf\u00fcgbar ab\";s:29:\"fave_additional_feature_value\";s:6:\"sofort\";}}"],"fave_additional_features_enable":["enable"],"_immonex_property_xml_source":["<?xml version=\"1.0\"?>\n<immobilie>\n<objektkategorie>\n<nutzungsart WOHNEN=\"false\" GEWERBE=\"true\"\/>\n<vermarktungsart KAUF=\"false\" MIETE_PACHT=\"true\"\/>\n<objektart>\n<hallen_lager_prod\/>\n<\/objektart>\n<user_defined_simplefield\/>\n<\/objektkategorie>\n<geo>\n<plz>44628<\/plz>\n<ort>Herne<\/ort>\n<strasse>Sch&#xFC;chtermannstra&#xDF;e<\/strasse>\n<hausnummer>12<\/hausnummer>\n<land iso_land=\"DEU\"\/>\n<lage_im_bau\/>\n<\/geo>\n<kontaktperson>\n<email_zentrale>anfrage@ruhr-real.de<\/email_zentrale>\n<email_direkt>degenhardt@ruhr-real.de<\/email_direkt>\n<tel_durchw>+49 201 99996336<\/tel_durchw>\n<tel_fax>+49 201 99996344<\/tel_fax>\n<tel_handy>+49 162 4398000<\/tel_handy>\n<name>Degenhardt<\/name>\n<vorname>Marius<\/vorname>\n<anrede>Herr<\/anrede>\n<firma>RUHR REAL GmbH<\/firma>\n<strasse>Holsterhauser Platz<\/strasse>\n<hausnummer>2<\/hausnummer>\n<plz>45147<\/plz>\n<ort>Essen<\/ort>\n<adressfreigabe>true<\/adressfreigabe>\n<\/kontaktperson>\n<preise>\n<nettokaltmiete>2.75<\/nettokaltmiete>\n<kaltmiete>2.75<\/kaltmiete>\n<nebenkosten>0.90<\/nebenkosten>\n<heizkosten_enthalten>false<\/heizkosten_enthalten>\n<zzg_mehrwertsteuer>false<\/zzg_mehrwertsteuer>\n<preis_zeiteinheit\/>\n<provisionspflichtig>false<\/provisionspflichtig>\n<waehrung iso_waehrung=\"EUR\"\/>\n<mwst_satz>19.00<\/mwst_satz>\n<stp_carport\/>\n<stp_duplex\/>\n<stp_freiplatz\/>\n<stp_garage\/>\n<stp_parkhaus\/>\n<stp_tiefgarage\/>\n<\/preise>\n<bieterverfahren\/>\n<versteigerung\/>\n<flaechen>\n<gesamtflaeche>6000<\/gesamtflaeche>\n<lagerflaeche>6000<\/lagerflaeche>\n<grundstuecksflaeche>35609<\/grundstuecksflaeche>\n<\/flaechen>\n<ausstattung>\n<ausstatt_kategorie>STANDARD<\/ausstatt_kategorie>\n<raeume_veraenderbar>true<\/raeume_veraenderbar>\n<bad\/>\n<kueche\/>\n<boden STEIN=\"true\"\/>\n<heizungsart\/>\n<befeuerung\/>\n<fahrstuhl\/>\n<stellplatzart FREIPLATZ=\"true\"\/>\n<ausricht_balkon_terrasse\/>\n<barrierefrei>true<\/barrierefrei>\n<angeschl_gastronomie\/>\n<sicherheitstechnik\/>\n<\/ausstattung>\n<zustand_angaben>\n<baujahr>1990<\/baujahr>\n<zustand zustand_art=\"GEPFLEGT\"\/>\n<\/zustand_angaben>\n<bewertung\/>\n<infrastruktur>\n<zulieferung>true<\/zulieferung>\n<\/infrastruktur>\n<freitexte>\n<objekttitel>Gro&#xDF;z&#xFC;gige Grundst&#xFC;cksfl&#xE4;che | ausreichend Stellpl&#xE4;tze f&#xFC;r PKWs und LKWs | Starkstromanschluss<\/objekttitel>\n<lage>Das angebotene Objekt ist in Herne im Herzen des Ruhrgebiets gelegen und bietet eine hervorragende Infrastruktur mit einer sehr guten Anbindung an die Autobahnen A2, A42 und A43, die innerhalb weniger Minuten erreichbar sind.  Die benachbarten Ruhr-Metropolen Bochum, Essen, Gelsenkirchen und Dortmund schnell erreicht und die Anbindung mit dem &#xF6;ffentlichen Personennahverkehr ist ebenfalls als gut zu bezeichnen.<\/lage>\n<ausstatt_beschr>&#x2022; Rampen\/Tore: 4 vorhandene Sektionaltore \n&#x2022; Anlieferung: ebenerdig\n&#x2022; Heizung: nach Vereinbarung\n&#x2022; Brandschutz: nach Vereinbarung\n&#x2022; Deckenh&#xF6;he: 12 Meter\n&#x2022; Bodenbelag: Steinboden\n\n<\/ausstatt_beschr><objektbeschreibung>Die Halle wurde im Jahr 1990 erbaut und dient zur Lager-\/ Logistik-\/ Produktions- oder auch hervorragend als Hochregallager. Die Deckenh&#xF6;he liegt bei ca. 12 Meter. Die Halle verf&#xFC;gt &#xFC;ber eine ebenerdige Andienung und vier Rolltore. Aufgrund der gro&#xDF;z&#xFC;gigen Grundst&#xFC;cksfl&#xE4;che gibt es genug Rangier- und Wendem&#xF6;glichkeiten auf dem Gel&#xE4;nde. F&#xFC;r ausreichende Stellpl&#xE4;tze ist gesorgt, sowohl f&#xFC;r PKWs, als auch f&#xFC;r LKWs. Es gibt zus&#xE4;tzliche B&#xFC;rofl&#xE4;chen und die M&#xF6;glichkeit ein ein anliegendes und unbebautes Grundst&#xFC;ck mit ca. 5.000 m&#xB2; bei Bedarf an zu mieten.\n\nZur Zeit stehen folgende Fl&#xE4;chen zur Disposition: \n\nLagerhalle: ca. 6.000 m&#xB2; <\/objektbeschreibung>\n<sonstige_angaben>Es gelten ausschlie&#xDF;lich unsere AGB (www.ruhr-real.de\/agb). Die Halle ist nicht f&#xFC;r Veranstaltungsr&#xE4;ume geeignet. Wir m&#xF6;chten Sie darauf hinweisen, dass die Angaben ausschlie&#xDF;lich auf den uns vom Eigent&#xFC;mer &#xFC;bermittelten Unterlagen und Informationen basieren. F&#xFC;r Richtigkeit und Vollst&#xE4;ndigkeit &#xFC;bernehmen wir keine Gew&#xE4;hr. Zwischenvermietung vorbehalten.<\/sonstige_angaben>\n<\/freitexte>\n<anhaenge>\n<anhang location=\"EXTERN\" gruppe=\"TITELBILD\">\n<anhangtitel>Halle Au&#xDF;enansicht andere Seite - Kopie<\/anhangtitel>\n<format>PNG<\/format>\n<daten>\n<pfad>0d7314c118d54d6da7d0675a97b9fc69.PNG<\/pfad>\n<\/daten>\n<\/anhang>\n<anhang location=\"EXTERN\" gruppe=\"BILD\">\n<anhangtitel>Halle Au&#xDF;enansicht<\/anhangtitel>\n<format>PNG<\/format>\n<daten>\n<pfad>476b4e41c43b41b586502354eb0ec497.PNG<\/pfad>\n<\/daten>\n<\/anhang>\n<anhang location=\"EXTERN\" gruppe=\"GRUNDRISS\">\n<anhangtitel>Grundriss<\/anhangtitel>\n<format>PNG<\/format>\n<daten>\n<pfad>05bec545bd434f5ea421188fdf48ebc4.PNG<\/pfad>\n<\/daten>\n<\/anhang>\n<\/anhaenge>\n<verwaltung_objekt>\n<objektadresse_freigeben>false<\/objektadresse_freigeben>\n<verfuegbar_ab>sofort<\/verfuegbar_ab>\n<geschlecht\/>\n<gewerbliche_nutzung>true<\/gewerbliche_nutzung>\n<\/verwaltung_objekt>\n<verwaltung_techn>\n<objektnr_intern>05B8162684F34056865584E2447FD782<\/objektnr_intern>\n<objektnr_extern>903<\/objektnr_extern>\n<aktion aktionart=\"CHANGE\"\/>\n<openimmo_obid>05B8162684F34056865584E2447FD782<\/openimmo_obid>\n<kennung_ursprung>estatePro V10.0.0.8<\/kennung_ursprung>\n<stand_vom>2024-05-10<\/stand_vom>\n<\/verwaltung_techn>\n<user_defined_simplefield feldname=\"Startseite\">Nein<\/user_defined_simplefield>\n<\/immobilie>\n"],"_thumbnail_id":["120418"],"fave_property_images":["120418","120419"],"fave_floor_plans_enable":["enable"],"floor_plans":["a:1:{i:0;a:7:{s:15:\"fave_plan_title\";s:9:\"Grundriss\";s:15:\"fave_plan_rooms\";s:0:\"\";s:19:\"fave_plan_bathrooms\";s:0:\"\";s:15:\"fave_plan_price\";s:0:\"\";s:14:\"fave_plan_size\";s:0:\"\";s:15:\"fave_plan_image\";s:84:\"https:\/\/ruhr-real.de\/wp-content\/uploads\/2024\/05\/05bec545bd434f5ea421188fdf48ebc4.png\";s:21:\"fave_plan_description\";s:0:\"\";}}"],"fave_prop_homeslider":["yes"],"fave_prop_slider_image":["120418"],"fave_agents":["112643"],"fave_agent_display_option":["agent_info"],"fave_single_top_area":["global"],"fave_single_content_area":["global"],"fave_property_map":["1"],"fave_property_map_street_view":["hide"],"fave_property_size_prefix":["m\u00b2"],"fave_property_land_postfix":["m\u00b2"],"fave_featured":["0"],"houzez_featured_listing_date":[""],"fave_currency":["EUR"],"fave_currency_info":["a:8:{s:2:\"id\";s:1:\"1\";s:13:\"currency_name\";s:4:\"Euro\";s:13:\"currency_code\";s:3:\"EUR\";s:15:\"currency_symbol\";s:3:\"\u20ac\";s:17:\"currency_position\";s:5:\"after\";s:16:\"currency_decimal\";s:1:\"2\";s:26:\"currency_decimal_separator\";s:1:\",\";s:27:\"currency_thousand_separator\";s:1:\".\";}"],"fave_show_price_placeholder":["0"],"houzez_total_property_views":["2196"],"houzez_views_by_date":["a:61:{s:10:\"02-27-2026\";i:6;s:10:\"02-28-2026\";i:4;s:10:\"03-01-2026\";i:4;s:10:\"03-02-2026\";i:4;s:10:\"03-03-2026\";i:4;s:10:\"03-04-2026\";i:6;s:10:\"03-05-2026\";i:4;s:10:\"03-06-2026\";i:4;s:10:\"03-07-2026\";i:4;s:10:\"03-08-2026\";i:4;s:10:\"03-09-2026\";i:4;s:10:\"03-10-2026\";i:4;s:10:\"03-11-2026\";i:6;s:10:\"03-12-2026\";i:6;s:10:\"03-13-2026\";i:4;s:10:\"03-14-2026\";i:4;s:10:\"03-15-2026\";i:4;s:10:\"03-16-2026\";i:2;s:10:\"03-17-2026\";i:10;s:10:\"03-18-2026\";i:6;s:10:\"03-19-2026\";i:4;s:10:\"03-20-2026\";i:6;s:10:\"03-21-2026\";i:4;s:10:\"03-22-2026\";i:4;s:10:\"03-23-2026\";i:4;s:10:\"03-24-2026\";i:4;s:10:\"03-25-2026\";i:4;s:10:\"03-26-2026\";i:10;s:10:\"03-27-2026\";i:4;s:10:\"03-28-2026\";i:4;s:10:\"03-29-2026\";i:4;s:10:\"03-30-2026\";i:6;s:10:\"03-31-2026\";i:4;s:10:\"04-01-2026\";i:7;s:10:\"04-02-2026\";i:9;s:10:\"04-03-2026\";i:8;s:10:\"04-04-2026\";i:8;s:10:\"04-05-2026\";i:8;s:10:\"04-06-2026\";i:8;s:10:\"04-07-2026\";i:12;s:10:\"04-08-2026\";i:6;s:10:\"04-09-2026\";i:8;s:10:\"04-10-2026\";i:8;s:10:\"04-11-2026\";i:6;s:10:\"04-12-2026\";i:8;s:10:\"04-13-2026\";i:8;s:10:\"04-14-2026\";i:8;s:10:\"04-15-2026\";i:8;s:10:\"04-16-2026\";i:8;s:10:\"04-17-2026\";i:8;s:10:\"04-18-2026\";i:8;s:10:\"04-19-2026\";i:8;s:10:\"04-20-2026\";i:8;s:10:\"04-21-2026\";i:10;s:10:\"04-22-2026\";i:8;s:10:\"04-23-2026\";i:8;s:10:\"04-24-2026\";i:8;s:10:\"04-25-2026\";i:8;s:10:\"04-26-2026\";i:8;s:10:\"04-27-2026\";i:8;s:10:\"04-28-2026\";i:3;}"],"houzez_recently_viewed":["2026-04-28 10:33:44"],"tp_widgets":["a:2:{s:7:\"widgets\";a:0:{}s:9:\"update_at\";s:10:\"1764682733\";}"],"rank_math_news_sitemap_robots":["index"],"rank_math_robots":["a:1:{i:0;s:5:\"index\";}"],"rank_math_internal_links_processed":["1"],"_elementor_page_assets":["a:0:{}"]},"_links":{"self":[{"href":"https:\/\/ruhr-real.de\/en\/wp-json\/wp\/v2\/properties\/120417","targetHints":{"allow":["GET"]}}],"collection":[{"href":"https:\/\/ruhr-real.de\/en\/wp-json\/wp\/v2\/properties"}],"about":[{"href":"https:\/\/ruhr-real.de\/en\/wp-json\/wp\/v2\/types\/property"}],"author":[{"embeddable":true,"href":"https:\/\/ruhr-real.de\/en\/wp-json\/wp\/v2\/users\/1"}],"version-history":[{"count":0,"href":"https:\/\/ruhr-real.de\/en\/wp-json\/wp\/v2\/properties\/120417\/revisions"}],"wp:featuredmedia":[{"embeddable":true,"href":"https:\/\/ruhr-real.de\/en\/wp-json\/wp\/v2\/media\/120418"}],"wp:attachment":[{"href":"https:\/\/ruhr-real.de\/en\/wp-json\/wp\/v2\/media?parent=120417"}],"wp:term":[{"taxonomy":"property_type","embeddable":true,"href":"https:\/\/ruhr-real.de\/en\/wp-json\/wp\/v2\/property_type?post=120417"},{"taxonomy":"property_status","embeddable":true,"href":"https:\/\/ruhr-real.de\/en\/wp-json\/wp\/v2\/property_status?post=120417"},{"taxonomy":"property_feature","embeddable":true,"href":"https:\/\/ruhr-real.de\/en\/wp-json\/wp\/v2\/property_feature?post=120417"},{"taxonomy":"property_label","embeddable":true,"href":"https:\/\/ruhr-real.de\/en\/wp-json\/wp\/v2\/property_label?post=120417"},{"taxonomy":"property_country","embeddable":true,"href":"https:\/\/ruhr-real.de\/en\/wp-json\/wp\/v2\/property_country?post=120417"},{"taxonomy":"property_state","embeddable":true,"href":"https:\/\/ruhr-real.de\/en\/wp-json\/wp\/v2\/property_state?post=120417"},{"taxonomy":"property_city","embeddable":true,"href":"https:\/\/ruhr-real.de\/en\/wp-json\/wp\/v2\/property_city?post=120417"},{"taxonomy":"property_area","embeddable":true,"href":"https:\/\/ruhr-real.de\/en\/wp-json\/wp\/v2\/property_area?post=120417"}],"curies":[{"name":"wp","href":"https:\/\/api.w.org\/{rel}","templated":true}]}}