{"id":121721,"date":"2024-05-10T00:45:31","date_gmt":"2024-05-09T22:45:31","guid":{"rendered":"https:\/\/2024.ruhr-real.de\/immobilien\/moderner-und-lukrativer-logistikkomplex-in-wuppertal-hervorragende-anbindung\/"},"modified":"2024-05-10T11:27:31","modified_gmt":"2024-05-10T09:27:31","slug":"moderner-und-lukrativer-logistikkomplex-in-wuppertal-hervorragende-anbindung","status":"publish","type":"property","link":"https:\/\/ruhr-real.de\/en\/objekt\/moderner-und-lukrativer-logistikkomplex-in-wuppertal-hervorragende-anbindung\/","title":{"rendered":"Moderner und lukrativer Logistikkomplex in Wuppertal | hervorragende Anbindung"},"content":{"rendered":"<p>Der moderne Logistikkomplex verf\u00fcgt \u00fcber eine Deckenh\u00f6he von rund 10 m. Die Anlieferung erfolgt \u00fcber insgesamt 65 Rampentore. Ausreichend beleuchtet wird die Fl\u00e4che mithilfe von Deckenstrahlern. Zus\u00e4tzlich stehen dem Nutzer voll ausgestattete B\u00fcro- und Sozialfl\u00e4chen zur Verf\u00fcgung.<\/p>\n<p>Zur Zeit stehen folgende Fl\u00e4chen zur Verf\u00fcgung:<\/p>\n<p>Halle: 8.864 m\u00b2<br \/>\nB\u00fcro: 880 m\u00b2<\/p>\n<p>Das Objekt in Wuppertal liegt direkt am Sonnborner Kreuz an der A 46. Sowohl die umliegenden St\u00e4dte als auch der Flughafen D\u00fcsseldorf und der Duisburger Hafen sind ideal erreichbar. Das \u00d6PNV-Netz ist fu\u00dfl\u00e4ufig zu erreichen.<\/p>\n<p>\u2022 Bodenbelag: Stahlbetonboden<br \/>\n\u2022 Bodentraglast: 5 t\/ m\u00b2<br \/>\n\u2022 Deckenh\u00f6he: 10 m<br \/>\n\u2022 Rampen\/ Tore: 65 Sektionaltor<br \/>\n\u2022 Beleuchtung: gro\u00dffl\u00e4chige Beleuchtung<\/p>\n<p>Es gelten ausschlie\u00dflich unsere AGB (www.ruhr-real.de\/agb). Die Halle ist nicht f\u00fcr Veranstaltungsr\u00e4ume geeignet. Wir m\u00f6chten Sie darauf hinweisen, dass die Angaben ausschlie\u00dflich auf den uns vom Eigent\u00fcmer \u00fcbermittelten Unterlagen und Informationen basieren. F\u00fcr Richtigkeit und Vollst\u00e4ndigkeit \u00fcbernehmen wir keine Gew\u00e4hr. Zwischenvermietung vorbehalten.<br \/>\n<div class=\"widget widget_immonex_user_defined_properties_widget\"><div class=\"immonex-widget immonex-widget-houzez\">\n\t\t<div class=\"immonex-widget-title clearfix\">\n\t\t<h2 class=\"widgettitle\">Energieeffizienz<\/h2>\t<\/div>\n\t\t<ul class=\"immonex-property-details row list-lined list-unstyled\">\n\t\t\t\t<li>\n\t\t\t<div class=\"list-lined-item w-100 d-flex justify-content-between py-2\">\n\t\t\t\t\t\t\t\t<strong class=\"property-details-label\">Energieausweis-Jahrgang:<\/strong>&nbsp;<span class=\"property-details-value\">not available<\/span>\n\t\t\t\t\t\t\t<\/div>\n\t\t<\/li>\n\t\t\t<\/ul>\n<\/div><\/div><\/p>\n","protected":false},"excerpt":{"rendered":"<p>Der moderne Logistikkomplex verf\u00fcgt \u00fcber eine Deckenh\u00f6he von rund 10 m. Die Anlieferung erfolgt \u00fcber insgesamt 65&#8230;<\/p>\n","protected":false},"author":1,"featured_media":123067,"parent":0,"menu_order":0,"template":"","property_type":[380],"property_status":[352],"property_feature":[],"property_label":[],"property_country":[353],"property_state":[],"property_city":[289],"property_area":[],"class_list":["post-121721","property","type-property","status-publish","has-post-thumbnail","hentry","property_type-lager-und-produktionsflaechen","property_status-zu-vermieten","property_country-deutschland","property_city-wuppertal"],"acf":[],"property_meta":{"_immonex_import_folder":["users\/RUHRREAL"],"_immonex_translation_id":["1193\/E1"],"_openimmo_obid":["55C9383CB5E4499699E14298B3B26F4E"],"_is_immonex_import_property":["1"],"_immonex_is_reference":[""],"fave_property_map_address":["42327 Wuppertal"],"fave_property_zip":["42327"],"fave_property_country":["DE"],"_immonex_lat":["51.2445702"],"_immonex_lng":["7.0893712"],"houzez_geolocation_lat":["51.2445702"],"houzez_geolocation_long":["7.0893712"],"fave_property_location":["51.2445702,7.0893712"],"fave_property_size":["9744"],"fave_property_id":["1193\/E1"],"_immonex_iso_country":["DEU"],"_openimmo_anid":["0000"],"_immonex_group_number":[""],"_immonex_group_id":[""],"_immonex_group_master":[""],"_immonex_import_meta":["a:6:{s:8:\"zip_file\";s:131:\"\/www\/htdocs\/w0172e0e\/ruhr-real_2024\/wp-content\/uploads\/immonex-openimmo-import\/users\/RUHRREAL\/Immowelt_estatePro_20240510093348.zip\";s:8:\"xml_file\";s:158:\"\/www\/htdocs\/w0172e0e\/ruhr-real_2024\/wp-content\/uploads\/immonex-openimmo-import\/immowelt_estatepro_20240510093348\/Homepage_2024_NEW_estatePro20240510093348.xml\";s:12:\"mapping_file\";s:116:\"\/www\/htdocs\/w0172e0e\/ruhr-real_2024\/wp-content\/uploads\/immonex-openimmo-import\/mappings\/houzez_ruhrreal_18122023.csv\";s:9:\"timestamp\";i:1715333251;s:4:\"date\";s:10:\"2024-05-10\";s:4:\"time\";s:8:\"11:27:31\";}"],"_immonex_is_sold":[""],"_immonex_is_reserved":[""],"_immonex_is_available":["1"],"additional_features":["a:13:{i:0;a:2:{s:29:\"fave_additional_feature_title\";s:33:\"Heizkosten in Warmmiete enthalten\";s:29:\"fave_additional_feature_value\";s:4:\"nein\";}i:1;a:2:{s:29:\"fave_additional_feature_title\";s:32:\"Preise zuz\u00fcglich Mehrwertsteuer\";s:29:\"fave_additional_feature_value\";s:4:\"nein\";}i:2;a:2:{s:29:\"fave_additional_feature_title\";s:10:\"MwSt.-Satz\";s:29:\"fave_additional_feature_value\";s:9:\"19&nbsp;%\";}i:3;a:2:{s:29:\"fave_additional_feature_title\";s:13:\"Gesamtfl\u00e4che\";s:29:\"fave_additional_feature_value\";s:14:\"9.744&nbsp;m\u00b2\";}i:4;a:2:{s:29:\"fave_additional_feature_title\";s:12:\"Lagerfl\u00e4che\";s:29:\"fave_additional_feature_value\";s:14:\"8.864&nbsp;m\u00b2\";}i:5;a:2:{s:29:\"fave_additional_feature_title\";s:12:\"B\u00fcrofl\u00e4che\";s:29:\"fave_additional_feature_value\";s:12:\"880&nbsp;m\u00b2\";}i:6;a:2:{s:29:\"fave_additional_feature_title\";s:16:\"B\u00fcroteilfl\u00e4che\";s:29:\"fave_additional_feature_value\";s:12:\"880&nbsp;m\u00b2\";}i:7;a:2:{s:29:\"fave_additional_feature_title\";s:10:\"Teilbar ab\";s:29:\"fave_additional_feature_value\";s:14:\"8.864&nbsp;m\u00b2\";}i:8;a:2:{s:29:\"fave_additional_feature_title\";s:19:\"Art der Ausstattung\";s:29:\"fave_additional_feature_value\";s:8:\"Standard\";}i:9;a:2:{s:29:\"fave_additional_feature_title\";s:10:\"Bodenbelag\";s:29:\"fave_additional_feature_value\";s:5:\"Stein\";}i:10;a:2:{s:29:\"fave_additional_feature_title\";s:13:\"Stellplatzart\";s:29:\"fave_additional_feature_value\";s:9:\"Freiplatz\";}i:11;a:2:{s:29:\"fave_additional_feature_title\";s:7:\"Zustand\";s:29:\"fave_additional_feature_value\";s:8:\"gepflegt\";}i:12;a:2:{s:29:\"fave_additional_feature_title\";s:27:\"Immobilie ist verf\u00fcgbar ab\";s:29:\"fave_additional_feature_value\";s:17:\"nach Vereinbarung\";}}"],"fave_additional_features_enable":["enable"],"_immonex_custom_fields":["a:1:{s:23:\"Energieausweis-Jahrgang\";a:5:{s:14:\"mapping_source\";s:38:\"zustand_angaben->energiepass->jahrgang\";s:4:\"name\";s:0:\"\";s:5:\"group\";s:5:\"epass\";s:5:\"value\";s:13:\"not available\";s:19:\"value_before_filter\";s:4:\"ohne\";}}"],"_immonex_property_xml_source":["<?xml version=\"1.0\"?>\n<immobilie>\n<objektkategorie>\n<nutzungsart WOHNEN=\"false\" GEWERBE=\"true\"\/>\n<vermarktungsart KAUF=\"false\" MIETE_PACHT=\"true\"\/>\n<objektart>\n<hallen_lager_prod hallen_typ=\"LAGERFLAECHEN\"\/>\n<\/objektart>\n<user_defined_simplefield\/>\n<\/objektkategorie>\n<geo>\n<plz>42327<\/plz>\n<ort>Wuppertal<\/ort>\n<strasse>Essener Stra&#xDF;e<\/strasse>\n<hausnummer>68<\/hausnummer>\n<land iso_land=\"DEU\"\/>\n<lage_im_bau\/>\n<\/geo>\n<kontaktperson>\n<email_zentrale>anfrage@ruhr-real.de<\/email_zentrale>\n<email_direkt>degenhardt@ruhr-real.de<\/email_direkt>\n<tel_durchw>+49 201 99996336<\/tel_durchw>\n<tel_fax>+49 201 99996344<\/tel_fax>\n<tel_handy>+49 162 4398000<\/tel_handy>\n<name>Degenhardt<\/name>\n<vorname>Marius<\/vorname>\n<anrede>Herr<\/anrede>\n<firma>RUHR REAL GmbH<\/firma>\n<strasse>Holsterhauser Platz<\/strasse>\n<hausnummer>2<\/hausnummer>\n<plz>45147<\/plz>\n<ort>Essen<\/ort>\n<adressfreigabe>true<\/adressfreigabe>\n<\/kontaktperson>\n<preise>\n<heizkosten_enthalten>false<\/heizkosten_enthalten>\n<zzg_mehrwertsteuer>false<\/zzg_mehrwertsteuer>\n<preis_zeiteinheit\/>\n<provisionspflichtig>false<\/provisionspflichtig>\n<waehrung iso_waehrung=\"EUR\"\/>\n<mwst_satz>19.00<\/mwst_satz>\n<stp_carport\/>\n<stp_duplex\/>\n<stp_freiplatz\/>\n<stp_garage\/>\n<stp_parkhaus\/>\n<stp_tiefgarage\/>\n<\/preise>\n<bieterverfahren\/>\n<versteigerung\/>\n<flaechen>\n<gesamtflaeche>9744<\/gesamtflaeche>\n<lagerflaeche>8864<\/lagerflaeche>\n<bueroflaeche>880<\/bueroflaeche>\n<bueroteilflaeche>880<\/bueroteilflaeche>\n<teilbar_ab>8864<\/teilbar_ab>\n<anzahl_stellplaetze type=\"xsd:decimal\">100<\/anzahl_stellplaetze>\n<\/flaechen>\n<ausstattung>\n<ausstatt_kategorie>STANDARD<\/ausstatt_kategorie>\n<bad\/>\n<kueche\/>\n<boden STEIN=\"true\"\/>\n<heizungsart\/>\n<befeuerung\/>\n<fahrstuhl\/>\n<stellplatzart FREIPLATZ=\"true\"\/>\n<ausricht_balkon_terrasse\/>\n<angeschl_gastronomie\/>\n<sicherheitstechnik\/>\n<\/ausstattung>\n<zustand_angaben>\n<zustand zustand_art=\"GEPFLEGT\"\/>\n<energiepass>\n<jahrgang>ohne<\/jahrgang>\n<\/energiepass>\n<\/zustand_angaben>\n<bewertung\/>\n<infrastruktur>\n<zulieferung>true<\/zulieferung>\n<\/infrastruktur>\n<freitexte>\n<objekttitel>Moderner und lukrativer Logistikkomplex in Wuppertal | hervorragende Anbindung<\/objekttitel>\n<lage>Das Objekt in Wuppertal liegt direkt am Sonnborner Kreuz an der A 46. Sowohl die umliegenden St&#xE4;dte als auch der Flughafen D&#xFC;sseldorf und der Duisburger Hafen sind ideal erreichbar. Das &#xD6;PNV-Netz ist fu&#xDF;l&#xE4;ufig zu erreichen. <\/lage><ausstatt_beschr>&#x2022; Bodenbelag: Stahlbetonboden \n&#x2022; Bodentraglast: 5 t\/ m&#xB2;\n&#x2022; Deckenh&#xF6;he: 10 m\n&#x2022; Rampen\/ Tore: 65 Sektionaltor \n&#x2022; Beleuchtung: gro&#xDF;fl&#xE4;chige Beleuchtung<\/ausstatt_beschr>\n<objektbeschreibung>Der moderne Logistikkomplex verf&#xFC;gt &#xFC;ber eine Deckenh&#xF6;he von rund 10 m. Die Anlieferung erfolgt &#xFC;ber insgesamt 65 Rampentore. Ausreichend beleuchtet wird die Fl&#xE4;che mithilfe von Deckenstrahlern. Zus&#xE4;tzlich stehen dem Nutzer voll ausgestattete B&#xFC;ro- und Sozialfl&#xE4;chen zur Verf&#xFC;gung. \n\nZur Zeit stehen folgende Fl&#xE4;chen zur Verf&#xFC;gung:\n\nHalle: 8.864 m&#xB2;\nB&#xFC;ro: 880 m&#xB2;<\/objektbeschreibung>\n<sonstige_angaben>Es gelten ausschlie&#xDF;lich unsere AGB (www.ruhr-real.de\/agb). Die Halle ist nicht f&#xFC;r Veranstaltungsr&#xE4;ume geeignet. Wir m&#xF6;chten Sie darauf hinweisen, dass die Angaben ausschlie&#xDF;lich auf den uns vom Eigent&#xFC;mer &#xFC;bermittelten Unterlagen und Informationen basieren. F&#xFC;r Richtigkeit und Vollst&#xE4;ndigkeit &#xFC;bernehmen wir keine Gew&#xE4;hr. Zwischenvermietung vorbehalten.<\/sonstige_angaben>\n<\/freitexte>\n<anhaenge>\n<anhang location=\"EXTERN\" gruppe=\"TITELBILD\">\n<anhangtitel>Halle<\/anhangtitel>\n<format>JPG<\/format>\n<daten>\n<pfad>0a88abb7bef2405fa266a8251486e5f5.JPG<\/pfad>\n<\/daten>\n<\/anhang>\n<anhang location=\"EXTERN\" gruppe=\"BILD\">\n<anhangtitel>Halle<\/anhangtitel>\n<format>JPG<\/format>\n<daten>\n<pfad>9c2f50e1690041a7a93333dcebef988d.JPG<\/pfad>\n<\/daten>\n<\/anhang>\n<anhang location=\"EXTERN\" gruppe=\"BILD\">\n<anhangtitel>B&#xFC;ro<\/anhangtitel>\n<format>JPG<\/format>\n<daten>\n<pfad>7930e4c139b14ab3bbf59b0a8f2aee8a.JPG<\/pfad>\n<\/daten>\n<\/anhang>\n<anhang location=\"EXTERN\" gruppe=\"BILD\">\n<anhangtitel>B&#xFC;ro<\/anhangtitel>\n<format>JPG<\/format>\n<daten>\n<pfad>0ff02bf48a774c9faa722a90a5c4438b.JPG<\/pfad>\n<\/daten>\n<\/anhang>\n<anhang location=\"EXTERN\" gruppe=\"BILD\">\n<anhangtitel>Anlieferung<\/anhangtitel>\n<format>JPG<\/format>\n<daten>\n<pfad>f293d68cad224cf38eb2b20c73bc6af3.JPG<\/pfad>\n<\/daten>\n<\/anhang>\n<anhang location=\"EXTERN\" gruppe=\"BILD\">\n<anhangtitel>Logistik<\/anhangtitel>\n<format>JPG<\/format>\n<daten>\n<pfad>62f241cb33de48ff88062c5bc58f0486.JPG<\/pfad>\n<\/daten>\n<\/anhang>\n<\/anhaenge>\n<verwaltung_objekt>\n<objektadresse_freigeben>false<\/objektadresse_freigeben>\n<verfuegbar_ab>nach Vereinbarung<\/verfuegbar_ab>\n<geschlecht\/>\n<gewerbliche_nutzung>true<\/gewerbliche_nutzung>\n<\/verwaltung_objekt>\n<verwaltung_techn>\n<objektnr_intern>55C9383CB5E4499699E14298B3B26F4E<\/objektnr_intern>\n<objektnr_extern>1193\/E1<\/objektnr_extern>\n<aktion aktionart=\"CHANGE\"\/>\n<openimmo_obid>55C9383CB5E4499699E14298B3B26F4E<\/openimmo_obid>\n<kennung_ursprung>estatePro V10.0.0.8<\/kennung_ursprung>\n<stand_vom>2024-05-10<\/stand_vom>\n<\/verwaltung_techn>\n<user_defined_simplefield feldname=\"Startseite\">Nein<\/user_defined_simplefield>\n<\/immobilie>\n"],"_thumbnail_id":["123067"],"fave_property_images":["123067","123068","123069","123070","123071","123072"],"fave_floor_plans_enable":["disable"],"fave_prop_homeslider":["yes"],"fave_prop_slider_image":["123067"],"fave_agents":["112643"],"fave_agent_display_option":["agent_info"],"fave_single_top_area":["global"],"fave_single_content_area":["global"],"fave_property_price":["0"],"fave_property_map":["1"],"fave_property_map_street_view":["hide"],"fave_property_size_prefix":["m\u00b2"],"fave_property_land_postfix":["m\u00b2"],"fave_featured":["0"],"houzez_featured_listing_date":[""],"fave_currency":["EUR"],"fave_currency_info":["a:8:{s:2:\"id\";s:1:\"1\";s:13:\"currency_name\";s:4:\"Euro\";s:13:\"currency_code\";s:3:\"EUR\";s:15:\"currency_symbol\";s:3:\"\u20ac\";s:17:\"currency_position\";s:5:\"after\";s:16:\"currency_decimal\";s:1:\"2\";s:26:\"currency_decimal_separator\";s:1:\",\";s:27:\"currency_thousand_separator\";s:1:\".\";}"],"fave_show_price_placeholder":["1"],"houzez_total_property_views":["2165"],"houzez_views_by_date":["a:61:{s:10:\"02-28-2026\";i:4;s:10:\"03-01-2026\";i:4;s:10:\"03-02-2026\";i:4;s:10:\"03-03-2026\";i:4;s:10:\"03-04-2026\";i:4;s:10:\"03-05-2026\";i:6;s:10:\"03-06-2026\";i:4;s:10:\"03-07-2026\";i:4;s:10:\"03-08-2026\";i:4;s:10:\"03-09-2026\";i:4;s:10:\"03-10-2026\";i:4;s:10:\"03-11-2026\";i:6;s:10:\"03-12-2026\";i:4;s:10:\"03-13-2026\";i:4;s:10:\"03-14-2026\";i:4;s:10:\"03-15-2026\";i:4;s:10:\"03-16-2026\";i:2;s:10:\"03-17-2026\";i:10;s:10:\"03-18-2026\";i:6;s:10:\"03-19-2026\";i:4;s:10:\"03-20-2026\";i:6;s:10:\"03-21-2026\";i:4;s:10:\"03-22-2026\";i:4;s:10:\"03-23-2026\";i:4;s:10:\"03-24-2026\";i:4;s:10:\"03-25-2026\";i:4;s:10:\"03-26-2026\";i:6;s:10:\"03-27-2026\";i:4;s:10:\"03-28-2026\";i:4;s:10:\"03-29-2026\";i:4;s:10:\"03-30-2026\";i:6;s:10:\"03-31-2026\";i:4;s:10:\"04-01-2026\";i:7;s:10:\"04-02-2026\";i:8;s:10:\"04-03-2026\";i:8;s:10:\"04-04-2026\";i:8;s:10:\"04-05-2026\";i:8;s:10:\"04-06-2026\";i:8;s:10:\"04-07-2026\";i:10;s:10:\"04-08-2026\";i:8;s:10:\"04-09-2026\";i:8;s:10:\"04-10-2026\";i:8;s:10:\"04-11-2026\";i:6;s:10:\"04-12-2026\";i:8;s:10:\"04-13-2026\";i:8;s:10:\"04-14-2026\";i:8;s:10:\"04-15-2026\";i:8;s:10:\"04-16-2026\";i:8;s:10:\"04-17-2026\";i:8;s:10:\"04-18-2026\";i:8;s:10:\"04-19-2026\";i:8;s:10:\"04-20-2026\";i:8;s:10:\"04-21-2026\";i:10;s:10:\"04-22-2026\";i:8;s:10:\"04-23-2026\";i:8;s:10:\"04-24-2026\";i:8;s:10:\"04-25-2026\";i:8;s:10:\"04-26-2026\";i:8;s:10:\"04-27-2026\";i:8;s:10:\"04-28-2026\";i:6;s:10:\"04-29-2026\";i:5;}"],"houzez_recently_viewed":["2026-04-29 09:49:27"],"tp_widgets":["a:2:{s:7:\"widgets\";a:0:{}s:9:\"update_at\";s:10:\"1764682733\";}"],"rank_math_news_sitemap_robots":["index"],"rank_math_robots":["a:1:{i:0;s:5:\"index\";}"],"rank_math_internal_links_processed":["1"],"_elementor_page_assets":["a:0:{}"]},"_links":{"self":[{"href":"https:\/\/ruhr-real.de\/en\/wp-json\/wp\/v2\/properties\/121721","targetHints":{"allow":["GET"]}}],"collection":[{"href":"https:\/\/ruhr-real.de\/en\/wp-json\/wp\/v2\/properties"}],"about":[{"href":"https:\/\/ruhr-real.de\/en\/wp-json\/wp\/v2\/types\/property"}],"author":[{"embeddable":true,"href":"https:\/\/ruhr-real.de\/en\/wp-json\/wp\/v2\/users\/1"}],"version-history":[{"count":0,"href":"https:\/\/ruhr-real.de\/en\/wp-json\/wp\/v2\/properties\/121721\/revisions"}],"wp:featuredmedia":[{"embeddable":true,"href":"https:\/\/ruhr-real.de\/en\/wp-json\/wp\/v2\/media\/123067"}],"wp:attachment":[{"href":"https:\/\/ruhr-real.de\/en\/wp-json\/wp\/v2\/media?parent=121721"}],"wp:term":[{"taxonomy":"property_type","embeddable":true,"href":"https:\/\/ruhr-real.de\/en\/wp-json\/wp\/v2\/property_type?post=121721"},{"taxonomy":"property_status","embeddable":true,"href":"https:\/\/ruhr-real.de\/en\/wp-json\/wp\/v2\/property_status?post=121721"},{"taxonomy":"property_feature","embeddable":true,"href":"https:\/\/ruhr-real.de\/en\/wp-json\/wp\/v2\/property_feature?post=121721"},{"taxonomy":"property_label","embeddable":true,"href":"https:\/\/ruhr-real.de\/en\/wp-json\/wp\/v2\/property_label?post=121721"},{"taxonomy":"property_country","embeddable":true,"href":"https:\/\/ruhr-real.de\/en\/wp-json\/wp\/v2\/property_country?post=121721"},{"taxonomy":"property_state","embeddable":true,"href":"https:\/\/ruhr-real.de\/en\/wp-json\/wp\/v2\/property_state?post=121721"},{"taxonomy":"property_city","embeddable":true,"href":"https:\/\/ruhr-real.de\/en\/wp-json\/wp\/v2\/property_city?post=121721"},{"taxonomy":"property_area","embeddable":true,"href":"https:\/\/ruhr-real.de\/en\/wp-json\/wp\/v2\/property_area?post=121721"}],"curies":[{"name":"wp","href":"https:\/\/api.w.org\/{rel}","templated":true}]}}