{"id":122291,"date":"2025-09-26T15:11:51","date_gmt":"2025-09-26T13:11:51","guid":{"rendered":"https:\/\/2024.ruhr-real.de\/immobilien\/attraktive-bueroflaechen-in-langenfeld-optimale-anbindung-ruhr-real\/"},"modified":"2025-09-26T15:11:51","modified_gmt":"2025-09-26T13:11:51","slug":"attraktive-bueroflaechen-in-langenfeld-optimale-anbindung-ruhr-real","status":"publish","type":"property","link":"https:\/\/ruhr-real.de\/en\/objekt\/attraktive-bueroflaechen-in-langenfeld-optimale-anbindung-ruhr-real\/","title":{"rendered":"Attraktive B\u00fcrofl\u00e4chen in Langenfeld | optimale Anbindung | RUHR REAL"},"content":{"rendered":"<p>Das zur Verf\u00fcgung stehende Objekt verf\u00fcgt \u00fcber eine gute Grundausstattung. Die B\u00fcrofl\u00e4chen sind mit einem Teppichboden ausgestattet und bieten durch die gro\u00dfen Fenster eine helle und freundliche Arbeitsatmosph\u00e4re. Ferner stehen dem Nutzer hauseigene Parkfl\u00e4chen im Au\u00dfenbereich zur Verf\u00fcgung.<\/p>\n<p>Folgende Fl\u00e4chen stehen zur Disposition:<\/p>\n<p>Haus A B\u00fcro EG: 768 m\u00b2<br \/>\nHaus B B\u00fcro OG: 3.033 m\u00b2<\/p>\n<p>Das Objekt befindet sich in einem Industriegebiet im Norden von Langenfeld. Die Autobahn A3 ist innerhalb von wenigen Minuten zu erreichen und bietet einen Anschluss an die weiteren Autobahnen A1 und A46. Auch das \u00d6PNV-Netz ist nur einen kurzen Fu\u00dfweg entfernt und bietet eine optimale Anbindung.<\/p>\n<p>\u2022 Bodenbelag: Teppichboden<br \/>\n\u2022 Verkabelungsort: Fensterbank<br \/>\n\u2022 Sonnenschutz: au\u00dfenliegend, elektrisch<br \/>\n\u2022 Ausstattung nach Mieterwunsch<br \/>\n\u2022 ausreichend Parkm\u00f6glichkeiten<\/p>\n<p>Es gelten ausschlie\u00dflich unsere AGB (www.ruhr-real.de\/agb). Die Halle ist nicht f\u00fcr Veranstaltungsr\u00e4ume geeignet. Wir m\u00f6chten Sie darauf hinweisen, dass die Angaben ausschlie\u00dflich auf den uns vom Eigent\u00fcmer \u00fcbermittelten Unterlagen und Informationen basieren. F\u00fcr Richtigkeit und Vollst\u00e4ndigkeit \u00fcbernehmen wir keine Gew\u00e4hr. Zwischenvermietung vorbehalten.<br \/>\n<div class=\"widget widget_immonex_user_defined_properties_widget\"><div class=\"immonex-widget immonex-widget-houzez\">\n\t\t<div class=\"immonex-widget-title clearfix\">\n\t\t<h2 class=\"widgettitle\">Energieeffizienz<\/h2>\t<\/div>\n\t\t<ul class=\"immonex-property-details row list-lined list-unstyled\">\n\t\t\t\t<li>\n\t\t\t<div class=\"list-lined-item w-100 d-flex justify-content-between py-2\">\n\t\t\t\t\t\t\t\t<strong class=\"property-details-label\">Energieausweis-Jahrgang:<\/strong>&nbsp;<span class=\"property-details-value\">not available<\/span>\n\t\t\t\t\t\t\t<\/div>\n\t\t<\/li>\n\t\t\t<\/ul>\n<\/div><\/div><\/p>\n","protected":false},"excerpt":{"rendered":"<p>Das zur Verf\u00fcgung stehende Objekt verf\u00fcgt \u00fcber eine gute Grundausstattung. Die B\u00fcrofl\u00e4chen sind mit einem&#8230;<\/p>\n","protected":false},"author":1,"featured_media":163699,"parent":0,"menu_order":0,"template":"","property_type":[379],"property_status":[352],"property_feature":[537,350,539],"property_label":[],"property_country":[353],"property_state":[],"property_city":[327],"property_area":[],"class_list":["post-122291","property","type-property","status-publish","has-post-thumbnail","hentry","property_type-bueroflaechen","property_status-zu-vermieten","property_feature-gewerbliche-nutzung-moeglich","property_feature-raeume-veraenderbar","property_feature-teilmoebliert","property_country-deutschland","property_city-langenfeld"],"acf":[],"property_meta":{"_immonex_import_folder":["users\/RUHRREAL"],"_immonex_translation_id":["1984\/E2"],"_openimmo_obid":["60251E4CFC134BF5B7AA0EFA86698303"],"_is_immonex_import_property":["1"],"_immonex_is_reference":[""],"rank_math_internal_links_processed":["1"],"_immonex_post_status":["updated"],"fave_property_map_address":["40764 Langenfeld"],"fave_property_zip":["40764"],"fave_property_country":["DE"],"_immonex_lat":["51.0958952"],"_immonex_lng":["6.9429377"],"houzez_geolocation_lat":["51.0958952"],"houzez_geolocation_long":["6.9429377"],"fave_property_location":["51.0958952,6.9429377"],"fave_property_price":["7.00"],"fave_property_size":["768"],"fave_property_id":["1984\/E2"],"_fave_property_id":["1984\/E2"],"_immonex_iso_country":["DEU"],"_openimmo_anid":["0000"],"_immonex_group_number":[""],"_immonex_group_id":[""],"_immonex_group_master":[""],"_immonex_import_meta":["a:6:{s:8:\"zip_file\";s:131:\"\/www\/htdocs\/w0172e0e\/ruhr-real_2024\/wp-content\/uploads\/immonex-openimmo-import\/users\/RUHRREAL\/Immowelt_estatePro_20250924175912.zip\";s:8:\"xml_file\";s:158:\"\/www\/htdocs\/w0172e0e\/ruhr-real_2024\/wp-content\/uploads\/immonex-openimmo-import\/immowelt_estatepro_20250924175912\/Homepage_2024_NEW_estatePro20250924175912.xml\";s:12:\"mapping_file\";s:116:\"\/www\/htdocs\/w0172e0e\/ruhr-real_2024\/wp-content\/uploads\/immonex-openimmo-import\/mappings\/houzez_ruhrreal_18122023.csv\";s:9:\"timestamp\";i:1758730883;s:4:\"date\";s:10:\"2025-09-24\";s:4:\"time\";s:8:\"18:21:23\";}"],"_immonex_is_sold":[""],"_immonex_is_reserved":[""],"_immonex_is_available":["1"],"_immonex_areabutler_url_with_address":[""],"_immonex_areabutler_url_no_address":[""],"_immonex_areabutler_url":[""],"additional_features":["a:15:{i:0;a:2:{s:29:\"fave_additional_feature_title\";s:11:\"Heizungsart\";s:29:\"fave_additional_feature_value\";s:14:\"Zentralheizung\";}i:1;a:2:{s:29:\"fave_additional_feature_title\";s:14:\"Nettokaltmiete\";s:29:\"fave_additional_feature_value\";s:10:\"7&nbsp;\u20ac\";}i:2;a:2:{s:29:\"fave_additional_feature_title\";s:9:\"Kaltmiete\";s:29:\"fave_additional_feature_value\";s:10:\"7&nbsp;\u20ac\";}i:3;a:2:{s:29:\"fave_additional_feature_title\";s:29:\"monatl. Betriebs-\/Nebenkosten\";s:29:\"fave_additional_feature_value\";s:13:\"2,80&nbsp;\u20ac\";}i:4;a:2:{s:29:\"fave_additional_feature_title\";s:33:\"Heizkosten in Warmmiete enthalten\";s:29:\"fave_additional_feature_value\";s:4:\"nein\";}i:5;a:2:{s:29:\"fave_additional_feature_title\";s:32:\"Preise zuz\u00fcglich Mehrwertsteuer\";s:29:\"fave_additional_feature_value\";s:4:\"nein\";}i:6;a:2:{s:29:\"fave_additional_feature_title\";s:10:\"MwSt.-Satz\";s:29:\"fave_additional_feature_value\";s:9:\"19&nbsp;%\";}i:7;a:2:{s:29:\"fave_additional_feature_title\";s:12:\"B\u00fcrofl\u00e4che\";s:29:\"fave_additional_feature_value\";s:12:\"768&nbsp;m\u00b2\";}i:8;a:2:{s:29:\"fave_additional_feature_title\";s:16:\"B\u00fcroteilfl\u00e4che\";s:29:\"fave_additional_feature_value\";s:12:\"768&nbsp;m\u00b2\";}i:9;a:2:{s:29:\"fave_additional_feature_title\";s:10:\"Teilbar ab\";s:29:\"fave_additional_feature_value\";s:12:\"768&nbsp;m\u00b2\";}i:10;a:2:{s:29:\"fave_additional_feature_title\";s:19:\"Art der Ausstattung\";s:29:\"fave_additional_feature_value\";s:8:\"Standard\";}i:11;a:2:{s:29:\"fave_additional_feature_title\";s:10:\"Bodenbelag\";s:29:\"fave_additional_feature_value\";s:7:\"Teppich\";}i:12;a:2:{s:29:\"fave_additional_feature_title\";s:13:\"Stellplatzart\";s:29:\"fave_additional_feature_value\";s:9:\"Freiplatz\";}i:13;a:2:{s:29:\"fave_additional_feature_title\";s:7:\"Zustand\";s:29:\"fave_additional_feature_value\";s:8:\"gepflegt\";}i:14;a:2:{s:29:\"fave_additional_feature_title\";s:27:\"Immobilie ist verf\u00fcgbar ab\";s:29:\"fave_additional_feature_value\";s:9:\"Ab sofort\";}}"],"fave_additional_features_enable":["enable"],"_immonex_custom_fields":["a:1:{s:23:\"Energieausweis-Jahrgang\";a:5:{s:14:\"mapping_source\";s:38:\"zustand_angaben->energiepass->jahrgang\";s:4:\"name\";s:0:\"\";s:5:\"group\";s:5:\"epass\";s:5:\"value\";s:13:\"not available\";s:19:\"value_before_filter\";s:4:\"ohne\";}}"],"_immonex_property_xml_source":["<?xml version=\"1.0\"?>\n<immobilie>\n<objektkategorie>\n<nutzungsart WOHNEN=\"false\" GEWERBE=\"true\"\/>\n<vermarktungsart KAUF=\"false\" MIETE_PACHT=\"true\"\/>\n<objektart>\n<buero_praxen buero_typ=\"BUEROHAUS\"\/>\n<\/objektart>\n<user_defined_simplefield\/>\n<\/objektkategorie>\n<geo>\n<plz>40764<\/plz>\n<ort>Langenfeld<\/ort>\n<strasse>Max-Planck-Ring<\/strasse>\n<hausnummer>26-28<\/hausnummer>\n<land iso_land=\"DEU\"\/>\n<lage_im_bau\/>\n<\/geo>\n<kontaktperson>\n<email_zentrale>anfrage@ruhr-real.de<\/email_zentrale>\n<email_direkt>losa@ruhr-real.de<\/email_direkt>\n<tel_zentrale>+49 221 273229-0<\/tel_zentrale>\n<tel_durchw>+49 201 99996343<\/tel_durchw>\n<tel_fax>+49 201 99996344<\/tel_fax>\n<tel_handy>+49 162 4320008<\/tel_handy>\n<name>Gonzalez Losa<\/name>\n<vorname>Joel<\/vorname>\n<anrede>Herr<\/anrede>\n<firma>RUHR REAL WEST GmbH<\/firma>\n<strasse>Bonner Stra&#xDF;e<\/strasse>\n<hausnummer>326<\/hausnummer>\n<plz>50968<\/plz>\n<ort>K&#xF6;ln<\/ort>\n<adressfreigabe>true<\/adressfreigabe>\n<\/kontaktperson>\n<preise>\n<nettokaltmiete>7.00<\/nettokaltmiete>\n<kaltmiete>7.00<\/kaltmiete>\n<nebenkosten>2.80<\/nebenkosten>\n<heizkosten_enthalten>false<\/heizkosten_enthalten>\n<zzg_mehrwertsteuer>false<\/zzg_mehrwertsteuer>\n<preis_zeiteinheit\/>\n<provisionspflichtig>false<\/provisionspflichtig>\n<waehrung iso_waehrung=\"EUR\"\/>\n<mwst_satz>19.00<\/mwst_satz>\n<stp_carport\/>\n<stp_duplex\/>\n<stp_freiplatz\/>\n<stp_garage\/>\n<stp_parkhaus\/>\n<stp_tiefgarage\/>\n<\/preise>\n<bieterverfahren\/>\n<versteigerung\/>\n<flaechen>\n<bueroflaeche>768<\/bueroflaeche>\n<bueroteilflaeche>768<\/bueroteilflaeche>\n<teilbar_ab>768<\/teilbar_ab>\n<anzahl_stellplaetze type=\"xsd:decimal\">154<\/anzahl_stellplaetze>\n<\/flaechen>\n<ausstattung>\n<ausstatt_kategorie>STANDARD<\/ausstatt_kategorie>\n<raeume_veraenderbar>true<\/raeume_veraenderbar>\n<bad\/>\n<kueche\/>\n<boden TEPPICH=\"true\"\/>\n<heizungsart ZENTRAL=\"true\"\/>\n<befeuerung\/>\n<fahrstuhl\/>\n<stellplatzart FREIPLATZ=\"true\"\/>\n<ausricht_balkon_terrasse\/>\n<moebliert moeb=\"TEIL\"\/>\n<angeschl_gastronomie\/>\n<sicherheitstechnik\/>\n<\/ausstattung>\n<zustand_angaben>\n<zustand zustand_art=\"GEPFLEGT\"\/>\n<energiepass>\n<jahrgang>ohne<\/jahrgang>\n<\/energiepass>\n<\/zustand_angaben>\n<bewertung\/>\n<infrastruktur\/>\n<freitexte>\n<objekttitel>Attraktive B&#xFC;rofl&#xE4;chen in Langenfeld | optimale Anbindung | RUHR REAL<\/objekttitel>\n<lage>Das Objekt befindet sich in einem Industriegebiet im Norden von Langenfeld. Die Autobahn A3 ist innerhalb von wenigen Minuten zu erreichen und bietet einen Anschluss an die weiteren Autobahnen A1 und A46. Auch das &#xD6;PNV-Netz ist nur einen kurzen Fu&#xDF;weg entfernt und bietet eine optimale Anbindung. <\/lage>\n<ausstatt_beschr>&#x2022; Bodenbelag: Teppichboden\n&#x2022; Verkabelungsort: Fensterbank\n&#x2022; Sonnenschutz: au&#xDF;enliegend, elektrisch\n&#x2022; Ausstattung nach Mieterwunsch\n&#x2022; ausreichend Parkm&#xF6;glichkeiten<\/ausstatt_beschr>\n<objektbeschreibung>Das zur Verf&#xFC;gung stehende Objekt verf&#xFC;gt &#xFC;ber eine gute Grundausstattung. Die B&#xFC;rofl&#xE4;chen sind mit einem Teppichboden ausgestattet und bieten durch die gro&#xDF;en Fenster eine helle und freundliche Arbeitsatmosph&#xE4;re. Ferner stehen dem Nutzer hauseigene Parkfl&#xE4;chen im Au&#xDF;enbereich zur Verf&#xFC;gung.\n\nFolgende Fl&#xE4;chen stehen zur Disposition: \n\nHaus A B&#xFC;ro EG: 768 m&#xB2;\nHaus B B&#xFC;ro OG: 3.033 m&#xB2;<\/objektbeschreibung>\n<sonstige_angaben>Es gelten ausschlie&#xDF;lich unsere AGB (www.ruhr-real.de\/agb). Die Halle ist nicht f&#xFC;r Veranstaltungsr&#xE4;ume geeignet. Wir m&#xF6;chten Sie darauf hinweisen, dass die Angaben ausschlie&#xDF;lich auf den uns vom Eigent&#xFC;mer &#xFC;bermittelten Unterlagen und Informationen basieren. F&#xFC;r Richtigkeit und Vollst&#xE4;ndigkeit &#xFC;bernehmen wir keine Gew&#xE4;hr. Zwischenvermietung vorbehalten.<\/sonstige_angaben>\n<\/freitexte>\n<anhaenge>\n<anhang location=\"EXTERN\" gruppe=\"TITELBILD\">\n<anhangtitel>Drohnenaufnahme<\/anhangtitel>\n<format>jpg<\/format>\n<daten>\n<pfad>b8e13fe2fdf54e67a8de0d31e85e4856.jpg<\/pfad>\n<\/daten>\n<\/anhang>\n<anhang location=\"EXTERN\" gruppe=\"BILD\">\n<anhangtitel>Eingangsansicht<\/anhangtitel>\n<format>jpg<\/format>\n<daten>\n<pfad>35b077f8ab58491a8e64112b356ff075.jpg<\/pfad>\n<\/daten>\n<\/anhang>\n<anhang location=\"EXTERN\" gruppe=\"BILD\">\n<anhangtitel>Frontansicht<\/anhangtitel>\n<format>jpg<\/format>\n<daten>\n<pfad>46580dc14eeb4e888fc46826a0bb2099.jpg<\/pfad>\n<\/daten>\n<\/anhang>\n<anhang location=\"EXTERN\" gruppe=\"BILD\">\n<anhangtitel>B&#xFC;ro EG<\/anhangtitel>\n<format>JPG<\/format>\n<daten>\n<pfad>88f017c1c2b94a2aa0650a65924831f3.JPG<\/pfad><\/daten>\n<\/anhang>\n<anhang location=\"EXTERN\" gruppe=\"BILD\">\n<anhangtitel>Treppenhaus<\/anhangtitel>\n<format>JPG<\/format>\n<daten>\n<pfad>778f8e3964ae488b987fc0cd2a1f525e.JPG<\/pfad>\n<\/daten>\n<\/anhang>\n<anhang location=\"EXTERN\" gruppe=\"BILD\">\n<anhangtitel>B&#xFC;rofl&#xE4;che<\/anhangtitel>\n<format>JPG<\/format>\n<daten>\n<pfad>fdc666aa4fdd47d685c92748f437f928.JPG<\/pfad>\n<\/daten>\n<\/anhang>\n<anhang location=\"EXTERN\" gruppe=\"BILD\">\n<anhangtitel>Flur<\/anhangtitel>\n<format>JPG<\/format>\n<daten>\n<pfad>08ec0508c0c049079f02f7c6ab4f4f23.JPG<\/pfad>\n<\/daten>\n<\/anhang>\n<anhang location=\"EXTERN\" gruppe=\"GRUNDRISS\">\n<anhangtitel>EG<\/anhangtitel>\n<format>PNG<\/format>\n<daten>\n<pfad>cb76e5516db54a5c8329eec6667e030c.PNG<\/pfad>\n<\/daten>\n<\/anhang>\n<\/anhaenge>\n<verwaltung_objekt>\n<objektadresse_freigeben>false<\/objektadresse_freigeben>\n<verfuegbar_ab>Ab sofort<\/verfuegbar_ab>\n<geschlecht\/>\n<gewerbliche_nutzung>true<\/gewerbliche_nutzung>\n<\/verwaltung_objekt>\n<verwaltung_techn>\n<objektnr_intern>60251E4CFC134BF5B7AA0EFA86698303<\/objektnr_intern>\n<objektnr_extern>1984\/E2<\/objektnr_extern>\n<aktion aktionart=\"CHANGE\"\/>\n<openimmo_obid>60251E4CFC134BF5B7AA0EFA86698303<\/openimmo_obid>\n<kennung_ursprung>estatePro V10.0.0.8<\/kennung_ursprung>\n<stand_vom>2025-09-24<\/stand_vom>\n<\/verwaltung_techn>\n<user_defined_simplefield feldname=\"Startseite\">Nein<\/user_defined_simplefield>\n<\/immobilie>\n"],"_immonex_energy_class":[""],"_immonex_energy_class_id":["0"],"_thumbnail_id":["163699"],"fave_property_images":["163699","163700","163701","163702","163703","163704","163705"],"fave_floor_plans_enable":["enable"],"floor_plans":["a:1:{i:0;a:7:{s:15:\"fave_plan_title\";s:2:\"EG\";s:15:\"fave_plan_rooms\";s:0:\"\";s:19:\"fave_plan_bathrooms\";s:0:\"\";s:15:\"fave_plan_price\";s:0:\"\";s:14:\"fave_plan_size\";s:0:\"\";s:15:\"fave_plan_image\";s:84:\"https:\/\/ruhr-real.de\/wp-content\/uploads\/2025\/09\/cb76e5516db54a5c8329eec6667e030c.png\";s:21:\"fave_plan_description\";s:0:\"\";}}"],"fave_prop_homeslider":["yes"],"fave_prop_slider_image":["163699"],"fave_agents":["111299"],"fave_agent_display_option":["agent_info"],"fave_single_top_area":["global"],"fave_single_content_area":["global"],"fave_property_map":["1"],"fave_property_map_street_view":["hide"],"fave_property_size_prefix":["m\u00b2"],"fave_property_land_postfix":["m\u00b2"],"fave_featured":["0"],"houzez_featured_listing_date":[""],"fave_currency":["EUR"],"fave_currency_info":["a:8:{s:2:\"id\";s:1:\"1\";s:13:\"currency_name\";s:4:\"Euro\";s:13:\"currency_code\";s:3:\"EUR\";s:15:\"currency_symbol\";s:3:\"\u20ac\";s:17:\"currency_position\";s:5:\"after\";s:16:\"currency_decimal\";s:1:\"2\";s:26:\"currency_decimal_separator\";s:1:\",\";s:27:\"currency_thousand_separator\";s:1:\".\";}"],"houzez_total_property_views":["1030"],"houzez_views_by_date":["a:61:{s:10:\"02-27-2026\";i:6;s:10:\"02-28-2026\";i:4;s:10:\"03-01-2026\";i:4;s:10:\"03-02-2026\";i:4;s:10:\"03-03-2026\";i:4;s:10:\"03-04-2026\";i:6;s:10:\"03-05-2026\";i:4;s:10:\"03-06-2026\";i:4;s:10:\"03-07-2026\";i:4;s:10:\"03-08-2026\";i:4;s:10:\"03-09-2026\";i:4;s:10:\"03-10-2026\";i:4;s:10:\"03-11-2026\";i:6;s:10:\"03-12-2026\";i:6;s:10:\"03-13-2026\";i:4;s:10:\"03-14-2026\";i:4;s:10:\"03-15-2026\";i:4;s:10:\"03-16-2026\";i:2;s:10:\"03-17-2026\";i:9;s:10:\"03-18-2026\";i:6;s:10:\"03-19-2026\";i:4;s:10:\"03-20-2026\";i:6;s:10:\"03-21-2026\";i:4;s:10:\"03-22-2026\";i:4;s:10:\"03-23-2026\";i:4;s:10:\"03-24-2026\";i:4;s:10:\"03-25-2026\";i:4;s:10:\"03-26-2026\";i:6;s:10:\"03-27-2026\";i:4;s:10:\"03-28-2026\";i:4;s:10:\"03-29-2026\";i:4;s:10:\"03-30-2026\";i:6;s:10:\"03-31-2026\";i:4;s:10:\"04-01-2026\";i:7;s:10:\"04-02-2026\";i:9;s:10:\"04-03-2026\";i:8;s:10:\"04-04-2026\";i:8;s:10:\"04-05-2026\";i:8;s:10:\"04-06-2026\";i:8;s:10:\"04-07-2026\";i:12;s:10:\"04-08-2026\";i:6;s:10:\"04-09-2026\";i:10;s:10:\"04-10-2026\";i:8;s:10:\"04-11-2026\";i:8;s:10:\"04-12-2026\";i:8;s:10:\"04-13-2026\";i:8;s:10:\"04-14-2026\";i:8;s:10:\"04-15-2026\";i:8;s:10:\"04-16-2026\";i:8;s:10:\"04-17-2026\";i:8;s:10:\"04-18-2026\";i:8;s:10:\"04-19-2026\";i:8;s:10:\"04-20-2026\";i:8;s:10:\"04-21-2026\";i:8;s:10:\"04-22-2026\";i:10;s:10:\"04-23-2026\";i:10;s:10:\"04-24-2026\";i:10;s:10:\"04-25-2026\";i:8;s:10:\"04-26-2026\";i:8;s:10:\"04-27-2026\";i:8;s:10:\"04-28-2026\";i:4;}"],"houzez_recently_viewed":["2026-04-28 10:32:16"],"tp_widgets":["a:2:{s:7:\"widgets\";a:0:{}s:9:\"update_at\";s:10:\"1764682733\";}"],"_edit_last":["1"],"_elementor_page_assets":["a:0:{}"]},"_links":{"self":[{"href":"https:\/\/ruhr-real.de\/en\/wp-json\/wp\/v2\/properties\/122291","targetHints":{"allow":["GET"]}}],"collection":[{"href":"https:\/\/ruhr-real.de\/en\/wp-json\/wp\/v2\/properties"}],"about":[{"href":"https:\/\/ruhr-real.de\/en\/wp-json\/wp\/v2\/types\/property"}],"author":[{"embeddable":true,"href":"https:\/\/ruhr-real.de\/en\/wp-json\/wp\/v2\/users\/1"}],"version-history":[{"count":0,"href":"https:\/\/ruhr-real.de\/en\/wp-json\/wp\/v2\/properties\/122291\/revisions"}],"wp:featuredmedia":[{"embeddable":true,"href":"https:\/\/ruhr-real.de\/en\/wp-json\/wp\/v2\/media\/163699"}],"wp:attachment":[{"href":"https:\/\/ruhr-real.de\/en\/wp-json\/wp\/v2\/media?parent=122291"}],"wp:term":[{"taxonomy":"property_type","embeddable":true,"href":"https:\/\/ruhr-real.de\/en\/wp-json\/wp\/v2\/property_type?post=122291"},{"taxonomy":"property_status","embeddable":true,"href":"https:\/\/ruhr-real.de\/en\/wp-json\/wp\/v2\/property_status?post=122291"},{"taxonomy":"property_feature","embeddable":true,"href":"https:\/\/ruhr-real.de\/en\/wp-json\/wp\/v2\/property_feature?post=122291"},{"taxonomy":"property_label","embeddable":true,"href":"https:\/\/ruhr-real.de\/en\/wp-json\/wp\/v2\/property_label?post=122291"},{"taxonomy":"property_country","embeddable":true,"href":"https:\/\/ruhr-real.de\/en\/wp-json\/wp\/v2\/property_country?post=122291"},{"taxonomy":"property_state","embeddable":true,"href":"https:\/\/ruhr-real.de\/en\/wp-json\/wp\/v2\/property_state?post=122291"},{"taxonomy":"property_city","embeddable":true,"href":"https:\/\/ruhr-real.de\/en\/wp-json\/wp\/v2\/property_city?post=122291"},{"taxonomy":"property_area","embeddable":true,"href":"https:\/\/ruhr-real.de\/en\/wp-json\/wp\/v2\/property_area?post=122291"}],"curies":[{"name":"wp","href":"https:\/\/api.w.org\/{rel}","templated":true}]}}