{"id":123048,"date":"2024-05-10T00:41:20","date_gmt":"2024-05-09T22:41:20","guid":{"rendered":"https:\/\/2024.ruhr-real.de\/immobilien\/beheizte-halle-im-essener-westviertel-gute-verkehrsanbindung-provisionsfrei-ruhr-real\/"},"modified":"2024-05-10T00:41:20","modified_gmt":"2024-05-09T22:41:20","slug":"beheizte-halle-im-essener-westviertel-gute-verkehrsanbindung-provisionsfrei-ruhr-real","status":"publish","type":"property","link":"https:\/\/ruhr-real.de\/en\/objekt\/beheizte-halle-im-essener-westviertel-gute-verkehrsanbindung-provisionsfrei-ruhr-real\/","title":{"rendered":"Beheizte Halle im Essener Westviertel | gute Verkehrsanbindung | provisionsfrei | RUHR REAL"},"content":{"rendered":"<p>Es handelt sich hierbei um ein gepflegtes Objekt mit Rolltoren und einer Hallenh\u00f6he von 3,50 m &#8211; . Die Halle ist beheizt und wird mit einer davor liegenden Freifl\u00e4che vermietet, welche viel Platz zum Rangieren bietet. Das in der Halle befindliche Regalsystem kann optional vom Vormieter abgekauft werden. Ferner steht ebenfalls ein Meisterb\u00fcro zur Anmietung zur Verf\u00fcgung. Stellpl\u00e4tze befinden sich vor der Gewerbeimmobilie.<\/p>\n<p>Zur Zeit stehen folgende Fl\u00e4chen zur Disposition:<\/p>\n<p>Hallenfl\u00e4che A: 1.343 m\u00b2<br \/>\nHallenfl\u00e4che B: 1.165 m\u00b2<\/p>\n<p>Es stehen ausreichend B\u00fcrofl\u00e4chen zur Verf\u00fcgung.<\/p>\n<p>Das Objekt befindet sich in unmittelbarer N\u00e4he zur Essener Innenstadt. Die Autobahnauffahrten der A40 und der A52 sind in wenigen Minuten zu erreichen. Ebenfalls bietet die zentrale Lage M\u00f6glichkeiten zur schnellen Anbindung an das \u00f6ffentliche Verkehrsnetz.<\/p>\n<p>\u2022 Rolltore: vorhanden<br \/>\n\u2022 Hallenh\u00f6he: 4,00 m<br \/>\n\u2022 RWA \u00fcber Dachkuppeln<br \/>\n\u2022 Heizung: Fernw\u00e4rme<br \/>\n\u2022 Boden: Steinboden<\/p>\n<p>Es gelten ausschlie\u00dflich unsere AGB (www.ruhr-real.de\/agb). Die Halle ist nicht f\u00fcr Veranstaltungsr\u00e4ume geeignet. Wir m\u00f6chten Sie darauf hinweisen, dass die Angaben ausschlie\u00dflich auf den uns vom Eigent\u00fcmer \u00fcbermittelten Unterlagen und Informationen basieren. F\u00fcr Richtigkeit und Vollst\u00e4ndigkeit \u00fcbernehmen wir keine Gew\u00e4hr. Zwischenvermietung vorbehalten.<br \/>\n<div class=\"widget widget_immonex_user_defined_properties_widget\"><div class=\"immonex-widget immonex-widget-houzez\">\n\t\t<div class=\"immonex-widget-title clearfix\">\n\t\t<h2 class=\"widgettitle\">Energieeffizienz<\/h2>\t<\/div>\n\t\t<ul class=\"immonex-property-details row list-lined list-unstyled\">\n\t\t\t\t<li>\n\t\t\t<div class=\"list-lined-item w-100 d-flex justify-content-between py-2\">\n\t\t\t\t\t\t\t\t<strong class=\"property-details-label\">Energieausweis-Jahrgang:<\/strong>&nbsp;<span class=\"property-details-value\">not available<\/span>\n\t\t\t\t\t\t\t<\/div>\n\t\t<\/li>\n\t\t\t<\/ul>\n<\/div><\/div><\/p>\n","protected":false},"excerpt":{"rendered":"<p>Es handelt sich hierbei um ein gepflegtes Objekt mit Rolltoren und einer Hallenh\u00f6he von 3,50 m &#8211; . Die Halle ist&#8230;<\/p>\n","protected":false},"author":1,"featured_media":123049,"parent":0,"menu_order":0,"template":"","property_type":[380],"property_status":[352],"property_feature":[355,350],"property_label":[],"property_country":[353],"property_state":[],"property_city":[306],"property_area":[507],"class_list":["post-123048","property","type-property","status-publish","has-post-thumbnail","hentry","property_type-lager-und-produktionsflaechen","property_status-zu-vermieten","property_feature-barrierefrei","property_feature-raeume-veraenderbar","property_country-deutschland","property_city-essen","property_area-westviertel"],"acf":[],"property_meta":{"_immonex_import_folder":["users\/RUHRREAL"],"fave_property_map_address":["45143 Essen"],"fave_property_zip":["45143"],"fave_property_country":["DE"],"_immonex_lat":["51.4719305"],"_immonex_lng":["6.98631226101"],"houzez_geolocation_lat":["51.4719305"],"houzez_geolocation_long":["6.98631226101"],"fave_property_location":["51.4719305,6.98631226101"],"fave_property_price":["4520.00"],"fave_property_sec_price":["5.5000"],"fave_property_size":["6258"],"fave_property_id":["1523\/E1"],"_immonex_translation_id":["1523\/E1"],"_immonex_iso_country":["DEU"],"_openimmo_obid":["9C8E5ECFE9D446A895694337A1F515F3"],"_openimmo_anid":["0000"],"_immonex_group_number":["16"],"_immonex_group_id":[""],"_immonex_group_master":[""],"_immonex_import_meta":["a:6:{s:8:\"zip_file\";s:131:\"\/www\/htdocs\/w0172e0e\/ruhr-real_2024\/wp-content\/uploads\/immonex-openimmo-import\/users\/RUHRREAL\/Immowelt_estatePro_20240510093348.zip\";s:8:\"xml_file\";s:158:\"\/www\/htdocs\/w0172e0e\/ruhr-real_2024\/wp-content\/uploads\/immonex-openimmo-import\/immowelt_estatepro_20240510093348\/Homepage_2024_NEW_estatePro20240510093348.xml\";s:12:\"mapping_file\";s:116:\"\/www\/htdocs\/w0172e0e\/ruhr-real_2024\/wp-content\/uploads\/immonex-openimmo-import\/mappings\/houzez_ruhrreal_18122023.csv\";s:9:\"timestamp\";i:1715333240;s:4:\"date\";s:10:\"2024-05-10\";s:4:\"time\";s:8:\"11:27:20\";}"],"_is_immonex_import_property":["1"],"_immonex_is_reference":[""],"_immonex_is_sold":[""],"_immonex_is_reserved":[""],"_immonex_is_available":["1"],"additional_features":["a:20:{i:0;a:2:{s:29:\"fave_additional_feature_title\";s:11:\"Heizungsart\";s:29:\"fave_additional_feature_value\";s:11:\"Fernheizung\";}i:1;a:2:{s:29:\"fave_additional_feature_title\";s:14:\"Nettokaltmiete\";s:29:\"fave_additional_feature_value\";s:14:\"4.520&nbsp;\u20ac\";}i:2;a:2:{s:29:\"fave_additional_feature_title\";s:9:\"Kaltmiete\";s:29:\"fave_additional_feature_value\";s:14:\"4.520&nbsp;\u20ac\";}i:3;a:2:{s:29:\"fave_additional_feature_title\";s:9:\"Warmmiete\";s:29:\"fave_additional_feature_value\";s:14:\"5.520&nbsp;\u20ac\";}i:4;a:2:{s:29:\"fave_additional_feature_title\";s:29:\"monatl. Betriebs-\/Nebenkosten\";s:29:\"fave_additional_feature_value\";s:14:\"1.000&nbsp;\u20ac\";}i:5;a:2:{s:29:\"fave_additional_feature_title\";s:33:\"Heizkosten in Warmmiete enthalten\";s:29:\"fave_additional_feature_value\";s:4:\"nein\";}i:6;a:2:{s:29:\"fave_additional_feature_title\";s:32:\"Preise zuz\u00fcglich Mehrwertsteuer\";s:29:\"fave_additional_feature_value\";s:4:\"nein\";}i:7;a:2:{s:29:\"fave_additional_feature_title\";s:23:\"Netto-Kaltmiete pro m\u00b2\";s:29:\"fave_additional_feature_value\";s:13:\"5,50&nbsp;\u20ac\";}i:8;a:2:{s:29:\"fave_additional_feature_title\";s:20:\"Hinweis zur Courtage\";s:29:\"fave_additional_feature_value\";s:209:\"Bei Vertr\u00e4gen bis zu f\u00fcnf Jahren Laufzeit ist ein Honorar von 3 Nettomonatsmieten zahlbar; bei Laufzeiten bis zu zehn Jahren werden 4 Nettomonatsmieten f\u00e4llig. Hinzu kommt die jeweils g\u00fcltige Umsatzsteuer.\";}i:9;a:2:{s:29:\"fave_additional_feature_title\";s:10:\"MwSt.-Satz\";s:29:\"fave_additional_feature_value\";s:9:\"19&nbsp;%\";}i:10;a:2:{s:29:\"fave_additional_feature_title\";s:13:\"Gesamtfl\u00e4che\";s:29:\"fave_additional_feature_value\";s:14:\"6.258&nbsp;m\u00b2\";}i:11;a:2:{s:29:\"fave_additional_feature_title\";s:12:\"Lagerfl\u00e4che\";s:29:\"fave_additional_feature_value\";s:14:\"2.508&nbsp;m\u00b2\";}i:12;a:2:{s:29:\"fave_additional_feature_title\";s:12:\"B\u00fcrofl\u00e4che\";s:29:\"fave_additional_feature_value\";s:14:\"3.616&nbsp;m\u00b2\";}i:13;a:2:{s:29:\"fave_additional_feature_title\";s:16:\"B\u00fcroteilfl\u00e4che\";s:29:\"fave_additional_feature_value\";s:14:\"3.616&nbsp;m\u00b2\";}i:14;a:2:{s:29:\"fave_additional_feature_title\";s:10:\"Teilbar ab\";s:29:\"fave_additional_feature_value\";s:14:\"1.165&nbsp;m\u00b2\";}i:15;a:2:{s:29:\"fave_additional_feature_title\";s:19:\"Art der Ausstattung\";s:29:\"fave_additional_feature_value\";s:8:\"Standard\";}i:16;a:2:{s:29:\"fave_additional_feature_title\";s:10:\"Bodenbelag\";s:29:\"fave_additional_feature_value\";s:5:\"Stein\";}i:17;a:2:{s:29:\"fave_additional_feature_title\";s:13:\"Stellplatzart\";s:29:\"fave_additional_feature_value\";s:9:\"Freiplatz\";}i:18;a:2:{s:29:\"fave_additional_feature_title\";s:7:\"Zustand\";s:29:\"fave_additional_feature_value\";s:8:\"gepflegt\";}i:19;a:2:{s:29:\"fave_additional_feature_title\";s:27:\"Immobilie ist verf\u00fcgbar ab\";s:29:\"fave_additional_feature_value\";s:17:\"nach Vereinbarung\";}}"],"fave_additional_features_enable":["enable"],"_immonex_custom_fields":["a:1:{s:23:\"Energieausweis-Jahrgang\";a:5:{s:14:\"mapping_source\";s:38:\"zustand_angaben->energiepass->jahrgang\";s:4:\"name\";s:0:\"\";s:5:\"group\";s:5:\"epass\";s:5:\"value\";s:13:\"not available\";s:19:\"value_before_filter\";s:4:\"ohne\";}}"],"_immonex_property_xml_source":["<?xml version=\"1.0\"?>\n<immobilie>\n<objektkategorie>\n<nutzungsart WOHNEN=\"false\" GEWERBE=\"true\"\/>\n<vermarktungsart KAUF=\"false\" MIETE_PACHT=\"true\"\/>\n<objektart>\n<hallen_lager_prod hallen_typ=\"LAGERFLAECHEN\"\/>\n<\/objektart>\n<user_defined_simplefield\/>\n<\/objektkategorie>\n<geo>\n<plz>45143<\/plz>\n<ort>Essen<\/ort>\n<strasse>Frohnhauser Stra&#xDF;e<\/strasse>\n<hausnummer>71<\/hausnummer>\n<land iso_land=\"DEU\"\/>\n<lage_im_bau\/>\n<regionaler_zusatz>Westviertel<\/regionaler_zusatz>\n<\/geo>\n<kontaktperson>\n<email_zentrale>anfrage@ruhr-real.de<\/email_zentrale>\n<email_direkt>degenhardt@ruhr-real.de<\/email_direkt>\n<tel_durchw>+49 201 99996336<\/tel_durchw>\n<tel_fax>+49 201 99996344<\/tel_fax>\n<tel_handy>+49 162 4398000<\/tel_handy>\n<name>Degenhardt<\/name>\n<vorname>Marius<\/vorname>\n<anrede>Herr<\/anrede>\n<firma>RUHR REAL GmbH<\/firma>\n<strasse>Holsterhauser Platz<\/strasse>\n<hausnummer>2<\/hausnummer>\n<plz>45147<\/plz>\n<ort>Essen<\/ort>\n<adressfreigabe>true<\/adressfreigabe>\n<\/kontaktperson>\n<preise>\n<nettokaltmiete>4520.00<\/nettokaltmiete>\n<kaltmiete>4520.00<\/kaltmiete>\n<warmmiete>5520.00<\/warmmiete>\n<nebenkosten>1000.00<\/nebenkosten>\n<heizkosten_enthalten>false<\/heizkosten_enthalten>\n<zzg_mehrwertsteuer>false<\/zzg_mehrwertsteuer>\n<preis_zeiteinheit\/>\n<mietpreis_pro_qm>5.5000<\/mietpreis_pro_qm>\n<provisionspflichtig>false<\/provisionspflichtig>\n<courtage_hinweis>Bei Vertr&#xE4;gen bis zu f&#xFC;nf Jahren Laufzeit ist ein Honorar von 3 Nettomonatsmieten zahlbar; bei Laufzeiten bis zu zehn Jahren werden 4 Nettomonatsmieten f&#xE4;llig. Hinzu kommt die jeweils g&#xFC;ltige Umsatzsteuer.<\/courtage_hinweis>\n<waehrung iso_waehrung=\"EUR\"\/>\n<mwst_satz>19.00<\/mwst_satz>\n<stp_carport\/>\n<stp_duplex\/>\n<stp_freiplatz\/>\n<stp_garage\/>\n<stp_parkhaus\/>\n<stp_tiefgarage\/>\n<\/preise>\n<bieterverfahren\/>\n<versteigerung\/>\n<flaechen>\n<gesamtflaeche>6258<\/gesamtflaeche>\n<lagerflaeche>2508<\/lagerflaeche>\n<bueroflaeche>3616<\/bueroflaeche>\n<bueroteilflaeche>3616<\/bueroteilflaeche>\n<teilbar_ab>1165<\/teilbar_ab>\n<anzahl_stellplaetze type=\"xsd:decimal\">20<\/anzahl_stellplaetze>\n<\/flaechen>\n<ausstattung>\n<ausstatt_kategorie>STANDARD<\/ausstatt_kategorie>\n<raeume_veraenderbar>true<\/raeume_veraenderbar>\n<bad\/>\n<kueche\/>\n<boden STEIN=\"true\"\/>\n<heizungsart FERN=\"true\"\/>\n<befeuerung\/>\n<fahrstuhl\/>\n<stellplatzart FREIPLATZ=\"true\"\/>\n<ausricht_balkon_terrasse\/>\n<barrierefrei>true<\/barrierefrei>\n<angeschl_gastronomie\/>\n<sicherheitstechnik\/>\n<\/ausstattung>\n<zustand_angaben>\n<zustand zustand_art=\"GEPFLEGT\"\/>\n<energiepass>\n<jahrgang>ohne<\/jahrgang>\n<\/energiepass>\n<\/zustand_angaben>\n<bewertung\/>\n<infrastruktur>\n<zulieferung>true<\/zulieferung>\n<\/infrastruktur>\n<freitexte>\n<objekttitel>Beheizte Halle im Essener Westviertel | gute Verkehrsanbindung | provisionsfrei | RUHR REAL<\/objekttitel>\n<lage>Das Objekt befindet sich in unmittelbarer N&#xE4;he zur Essener Innenstadt. Die Autobahnauffahrten der A40 und der A52 sind in wenigen Minuten zu erreichen. Ebenfalls bietet die zentrale Lage M&#xF6;glichkeiten zur schnellen Anbindung an das &#xF6;ffentliche Verkehrsnetz. <\/lage>\n<ausstatt_beschr>&#x2022; Rolltore: vorhanden\n&#x2022; Hallenh&#xF6;he: 4,00 m \n&#x2022; RWA &#xFC;ber Dachkuppeln\n&#x2022; Heizung: Fernw&#xE4;rme\n&#x2022; Boden: Steinboden<\/ausstatt_beschr>\n<objektbeschreibung>Es handelt sich hierbei um ein gepflegtes Objekt mit Rolltoren und einer Hallenh&#xF6;he von 3,50 m - . Die Halle ist beheizt und wird mit einer davor liegenden Freifl&#xE4;che vermietet, welche viel Platz zum Rangieren bietet. Das in der Halle befindliche Regalsystem kann optional vom Vormieter abgekauft werden. Ferner steht ebenfalls ein Meisterb&#xFC;ro zur Anmietung zur Verf&#xFC;gung. Stellpl&#xE4;tze befinden sich vor der Gewerbeimmobilie.\n\nZur Zeit stehen folgende Fl&#xE4;chen zur Disposition: \n\nHallenfl&#xE4;che A: 1.343 m&#xB2; \nHallenfl&#xE4;che B: 1.165 m&#xB2; \n\nEs stehen ausreichend B&#xFC;rofl&#xE4;chen zur Verf&#xFC;gung. \n<\/objektbeschreibung>\n<sonstige_angaben>Es gelten ausschlie&#xDF;lich unsere AGB (www.ruhr-real.de\/agb). Die Halle ist nicht f&#xFC;r Veranstaltungsr&#xE4;ume geeignet. Wir m&#xF6;chten Sie darauf hinweisen, dass die Angaben ausschlie&#xDF;lich auf den uns vom Eigent&#xFC;mer &#xFC;bermittelten Unterlagen und Informationen basieren. F&#xFC;r Richtigkeit und Vollst&#xE4;ndigkeit &#xFC;bernehmen wir keine Gew&#xE4;hr. Zwischenvermietung vorbehalten.<\/sonstige_angaben>\n<\/freitexte>\n<anhaenge>\n<anhang location=\"EXTERN\" gruppe=\"TITELBILD\">\n<anhangtitel>Andienung<\/anhangtitel>\n<format>jpg<\/format>\n<daten>\n<pfad>483f4d80d4e74b278629eaffaf184f8c.jpg<\/pfad>\n<\/daten>\n<\/anhang>\n<anhang location=\"EXTERN\" gruppe=\"BILD\">\n<anhangtitel>Andienung<\/anhangtitel>\n<format>jpg<\/format>\n<daten>\n<pfad>79314f1d6ec74e57a4f52fe8ef444b37.jpg<\/pfad>\n<\/daten>\n<\/anhang>\n<anhang location=\"EXTERN\" gruppe=\"BILD\">\n<anhangtitel>Hallenfl&#xE4;che<\/anhangtitel>\n<format>jpg<\/format>\n<daten>\n<pfad>13d3d35c53c14c0abe82f960a0fdeb1d.jpg<\/pfad>\n<\/daten>\n<\/anhang>\n<anhang location=\"EXTERN\" gruppe=\"BILD\">\n<anhangtitel>Hallenfl&#xE4;che<\/anhangtitel>\n<format>jpg<\/format>\n<daten>\n<pfad>8c72cbbccc5e438fbf237fb34560036a.jpg<\/pfad>\n<\/daten>\n<\/anhang>\n<anhang location=\"EXTERN\" gruppe=\"BILD\">\n<anhangtitel>Hallenfl&#xE4;che<\/anhangtitel>\n<format>jpg<\/format>\n<daten>\n<pfad>6ff49781cdb343faab22f434220edcbe.jpg<\/pfad>\n<\/daten>\n<\/anhang>\n<anhang location=\"EXTERN\" gruppe=\"BILD\">\n<anhangtitel>B&#xFC;rofl&#xE4;che <\/anhangtitel>\n<format>jpg<\/format>\n<daten>\n<pfad>10e0f2a22f224866aeedeca362bfb613.jpg<\/pfad>\n<\/daten>\n<\/anhang>\n<anhang location=\"EXTERN\" gruppe=\"BILD\">\n<anhangtitel>B&#xFC;rofl&#xE4;che<\/anhangtitel>\n<format>jpg<\/format>\n<daten>\n<pfad>5d94f4b3ad79493cb0c0d83ed5571854.jpg<\/pfad>\n<\/daten>\n<\/anhang>\n<\/anhaenge>\n<verwaltung_objekt>\n<objektadresse_freigeben>false<\/objektadresse_freigeben>\n<verfuegbar_ab>nach Vereinbarung<\/verfuegbar_ab>\n<gruppennummer>16<\/gruppennummer>\n<geschlecht\/>\n<gewerbliche_nutzung>true<\/gewerbliche_nutzung>\n<\/verwaltung_objekt>\n<verwaltung_techn>\n<objektnr_intern>9C8E5ECFE9D446A895694337A1F515F3<\/objektnr_intern>\n<objektnr_extern>1523\/E1<\/objektnr_extern>\n<aktion aktionart=\"CHANGE\"\/>\n<openimmo_obid>9C8E5ECFE9D446A895694337A1F515F3<\/openimmo_obid>\n<kennung_ursprung>estatePro V10.0.0.8<\/kennung_ursprung>\n<stand_vom>2024-05-10<\/stand_vom>\n<\/verwaltung_techn>\n<user_defined_simplefield feldname=\"Startseite\">Nein<\/user_defined_simplefield>\n<\/immobilie>\n"],"_thumbnail_id":["123049"],"fave_property_images":["123049","123050","123051","123052","123053","123054","123055"],"fave_floor_plans_enable":["disable"],"fave_prop_homeslider":["yes"],"fave_prop_slider_image":["123049"],"fave_agents":["112643"],"fave_agent_display_option":["agent_info"],"fave_single_top_area":["global"],"fave_single_content_area":["global"],"fave_property_map":["1"],"fave_property_map_street_view":["hide"],"fave_property_size_prefix":["m\u00b2"],"fave_property_land_postfix":["m\u00b2"],"fave_featured":["0"],"houzez_featured_listing_date":[""],"fave_property_price_postfix":["pro&nbsp;m\u00b2"],"fave_currency":["EUR"],"fave_currency_info":["a:8:{s:2:\"id\";s:1:\"1\";s:13:\"currency_name\";s:4:\"Euro\";s:13:\"currency_code\";s:3:\"EUR\";s:15:\"currency_symbol\";s:3:\"\u20ac\";s:17:\"currency_position\";s:5:\"after\";s:16:\"currency_decimal\";s:1:\"2\";s:26:\"currency_decimal_separator\";s:1:\",\";s:27:\"currency_thousand_separator\";s:1:\".\";}"],"fave_show_price_placeholder":["0"],"houzez_total_property_views":["2229"],"houzez_views_by_date":["a:61:{s:10:\"02-28-2026\";i:4;s:10:\"03-01-2026\";i:4;s:10:\"03-02-2026\";i:4;s:10:\"03-03-2026\";i:4;s:10:\"03-04-2026\";i:4;s:10:\"03-05-2026\";i:6;s:10:\"03-06-2026\";i:4;s:10:\"03-07-2026\";i:4;s:10:\"03-08-2026\";i:4;s:10:\"03-09-2026\";i:4;s:10:\"03-10-2026\";i:4;s:10:\"03-11-2026\";i:6;s:10:\"03-12-2026\";i:4;s:10:\"03-13-2026\";i:4;s:10:\"03-14-2026\";i:4;s:10:\"03-15-2026\";i:4;s:10:\"03-16-2026\";i:2;s:10:\"03-17-2026\";i:11;s:10:\"03-18-2026\";i:6;s:10:\"03-19-2026\";i:4;s:10:\"03-20-2026\";i:6;s:10:\"03-21-2026\";i:4;s:10:\"03-22-2026\";i:4;s:10:\"03-23-2026\";i:4;s:10:\"03-24-2026\";i:4;s:10:\"03-25-2026\";i:4;s:10:\"03-26-2026\";i:6;s:10:\"03-27-2026\";i:4;s:10:\"03-28-2026\";i:4;s:10:\"03-29-2026\";i:4;s:10:\"03-30-2026\";i:4;s:10:\"03-31-2026\";i:4;s:10:\"04-01-2026\";i:7;s:10:\"04-02-2026\";i:8;s:10:\"04-03-2026\";i:8;s:10:\"04-04-2026\";i:8;s:10:\"04-05-2026\";i:8;s:10:\"04-06-2026\";i:8;s:10:\"04-07-2026\";i:10;s:10:\"04-08-2026\";i:8;s:10:\"04-09-2026\";i:8;s:10:\"04-10-2026\";i:8;s:10:\"04-11-2026\";i:6;s:10:\"04-12-2026\";i:9;s:10:\"04-13-2026\";i:8;s:10:\"04-14-2026\";i:8;s:10:\"04-15-2026\";i:8;s:10:\"04-16-2026\";i:8;s:10:\"04-17-2026\";i:8;s:10:\"04-18-2026\";i:8;s:10:\"04-19-2026\";i:8;s:10:\"04-20-2026\";i:8;s:10:\"04-21-2026\";i:8;s:10:\"04-22-2026\";i:8;s:10:\"04-23-2026\";i:8;s:10:\"04-24-2026\";i:8;s:10:\"04-25-2026\";i:8;s:10:\"04-26-2026\";i:8;s:10:\"04-27-2026\";i:8;s:10:\"04-28-2026\";i:6;s:10:\"04-29-2026\";i:8;}"],"houzez_recently_viewed":["2026-04-29 17:01:12"],"tp_widgets":["a:2:{s:7:\"widgets\";a:0:{}s:9:\"update_at\";s:10:\"1764682733\";}"],"rank_math_news_sitemap_robots":["index"],"rank_math_robots":["a:1:{i:0;s:5:\"index\";}"],"rank_math_internal_links_processed":["1"],"_elementor_page_assets":["a:0:{}"]},"_links":{"self":[{"href":"https:\/\/ruhr-real.de\/en\/wp-json\/wp\/v2\/properties\/123048","targetHints":{"allow":["GET"]}}],"collection":[{"href":"https:\/\/ruhr-real.de\/en\/wp-json\/wp\/v2\/properties"}],"about":[{"href":"https:\/\/ruhr-real.de\/en\/wp-json\/wp\/v2\/types\/property"}],"author":[{"embeddable":true,"href":"https:\/\/ruhr-real.de\/en\/wp-json\/wp\/v2\/users\/1"}],"version-history":[{"count":0,"href":"https:\/\/ruhr-real.de\/en\/wp-json\/wp\/v2\/properties\/123048\/revisions"}],"wp:featuredmedia":[{"embeddable":true,"href":"https:\/\/ruhr-real.de\/en\/wp-json\/wp\/v2\/media\/123049"}],"wp:attachment":[{"href":"https:\/\/ruhr-real.de\/en\/wp-json\/wp\/v2\/media?parent=123048"}],"wp:term":[{"taxonomy":"property_type","embeddable":true,"href":"https:\/\/ruhr-real.de\/en\/wp-json\/wp\/v2\/property_type?post=123048"},{"taxonomy":"property_status","embeddable":true,"href":"https:\/\/ruhr-real.de\/en\/wp-json\/wp\/v2\/property_status?post=123048"},{"taxonomy":"property_feature","embeddable":true,"href":"https:\/\/ruhr-real.de\/en\/wp-json\/wp\/v2\/property_feature?post=123048"},{"taxonomy":"property_label","embeddable":true,"href":"https:\/\/ruhr-real.de\/en\/wp-json\/wp\/v2\/property_label?post=123048"},{"taxonomy":"property_country","embeddable":true,"href":"https:\/\/ruhr-real.de\/en\/wp-json\/wp\/v2\/property_country?post=123048"},{"taxonomy":"property_state","embeddable":true,"href":"https:\/\/ruhr-real.de\/en\/wp-json\/wp\/v2\/property_state?post=123048"},{"taxonomy":"property_city","embeddable":true,"href":"https:\/\/ruhr-real.de\/en\/wp-json\/wp\/v2\/property_city?post=123048"},{"taxonomy":"property_area","embeddable":true,"href":"https:\/\/ruhr-real.de\/en\/wp-json\/wp\/v2\/property_area?post=123048"}],"curies":[{"name":"wp","href":"https:\/\/api.w.org\/{rel}","templated":true}]}}