{"id":123784,"date":"2026-04-10T00:01:02","date_gmt":"2026-04-09T22:01:02","guid":{"rendered":"https:\/\/2024.ruhr-real.de\/immobilien\/6-500-m%c2%b2-logistikflaeche-im-logport-i-direkte-hafenanbindung-rampentore-ruhr-real\/"},"modified":"2026-04-10T16:30:02","modified_gmt":"2026-04-10T14:30:02","slug":"6-500-m%c2%b2-logistikflaeche-im-logport-i-direkte-hafenanbindung-rampentore-ruhr-real","status":"publish","type":"property","link":"https:\/\/ruhr-real.de\/en\/objekt\/6-500-m%c2%b2-logistikflaeche-im-logport-i-direkte-hafenanbindung-rampentore-ruhr-real\/","title":{"rendered":"6.500 m\u00b2 Logistikfl\u00e4che im Logport I | direkte Hafenanbindung | Rampentore | RUHR REAL"},"content":{"rendered":"<p>Das angebotene Objekt mit logistisch einzigartiger Lage verf\u00fcgt \u00fcber ca. 6.500 m\u00b2 Lager- &amp; Logistikfl\u00e4che, ca. 350 m\u00b2 Mezzanine- und ca. 450 m\u00b2 B\u00fcro- und Sozialfl\u00e4chen. Das Highlight dieser Immobilie sind mehrere Rampentore mit \u00dcberladebr\u00fccken, sowie die Deckensprinkleranlage nach FM-Standard und die WGK-F\u00e4higkeit des Hallenbodens. Die Hallenfl\u00e4che wird teils mittels Gasdunkelstrahler beheizt.<\/p>\n<p>Duisburg ist eine kreisfreie Gro\u00dfstadt, die an der M\u00fcndung der Ruhr in den Rhein im Schnittpunkt von Region Niederrhein und Ruhrgebiet liegt. Im Stadtteil Rheinhausen befindet sich das Grundst\u00fcck, auf dem diese Liegenschaft steht. Mit der autobahnnahen Lage ist dies ein perfekter Standort. Die Autobahnauffahrt zur A59 ist nur 11 Autominuten entfernt, welche zu weiteren Autobahnen wie zur A42, A3, A7 und zur A40 f\u00fchrt. Das Logistikobjekt befindet sich auf dem Gel\u00e4nde des Logports Duisburg mit idealer Anbindung zu den Wasserstra\u00dfen des weltweit gr\u00f6\u00dften Binnenhafen und eines weltweit gr\u00f6\u00dften Distributions- und Servicenetzwerk.<\/p>\n<p>\u2022 Andienung: mehrere Rampen und ebenerdig<br \/>\n\u2022 Boden: WGK-f\u00e4hig<br \/>\n\u2022 Heizung: Gasdunkelstrahler<br \/>\n\u2022 Brandschutz: Deckensprinklerung<br \/>\n\u2022 Deckenh\u00f6he ca. 11 m<br \/>\n\u2022 Parken: 12 PKW-Stellpl\u00e4tze<br \/>\n\u2022 Regale: \u00dcbernahme m\u00f6glich<\/p>\n<p>Es gelten ausschlie\u00dflich unsere AGB (www.ruhr-real.de\/agb). Die Halle ist nicht f\u00fcr Veranstaltungsr\u00e4ume geeignet. Wir m\u00f6chten Sie darauf hinweisen, dass die Angaben ausschlie\u00dflich auf den uns vom Eigent\u00fcmer \u00fcbermittelten Unterlagen und Informationen basieren. F\u00fcr Richtigkeit und Vollst\u00e4ndigkeit \u00fcbernehmen wir keine Gew\u00e4hr. Zwischenvermietung vorbehalten.<br \/>\n<div class=\"widget widget_immonex_user_defined_properties_widget\"><div class=\"immonex-widget immonex-widget-houzez\">\n\t\t<div class=\"immonex-widget-title clearfix\">\n\t\t<h2 class=\"widgettitle\">Energieeffizienz<\/h2>\t<\/div>\n\t\t<ul class=\"immonex-property-details row list-lined list-unstyled\">\n\t\t\t\t<li>\n\t\t\t<div class=\"list-lined-item w-100 d-flex justify-content-between py-2\">\n\t\t\t\t\t\t\t\t<strong class=\"property-details-label\">Energieausweis-Jahrgang:<\/strong>&nbsp;<span class=\"property-details-value\">not available<\/span>\n\t\t\t\t\t\t\t<\/div>\n\t\t<\/li>\n\t\t\t<\/ul>\n<\/div><\/div><\/p>\n","protected":false},"excerpt":{"rendered":"<p>Das angebotene Objekt mit logistisch einzigartiger Lage verf\u00fcgt \u00fcber ca. 6.500 m\u00b2 Lager- &amp; Logistikfl\u00e4che, ca. 350&#8230;<\/p>\n","protected":false},"author":1,"featured_media":187536,"parent":0,"menu_order":0,"template":"","property_type":[380],"property_status":[352],"property_feature":[537],"property_label":[],"property_country":[353],"property_state":[],"property_city":[334],"property_area":[],"class_list":["post-123784","property","type-property","status-publish","has-post-thumbnail","hentry","property_type-lager-und-produktionsflaechen","property_status-zu-vermieten","property_feature-gewerbliche-nutzung-moeglich","property_country-deutschland","property_city-duisburg"],"acf":[],"property_meta":{"_immonex_import_folder":["users\/RUHRREAL"],"_immonex_translation_id":["3386\/E4"],"_openimmo_obid":["AC0FB57F982041FA85C834ED7E4C647A"],"_is_immonex_import_property":["1"],"_immonex_is_reference":[""],"rank_math_internal_links_processed":["1"],"copied_media_ids":["a:0:{}"],"referenced_media_ids":["a:0:{}"],"_immonex_post_status":["updated"],"fave_property_map_address":["47229  Duisburg"],"fave_property_zip":["47229 "],"fave_property_country":["DE"],"_immonex_lat":["51.4012902"],"_immonex_lng":["6.7394897"],"houzez_geolocation_lat":["51.4012902"],"houzez_geolocation_long":["6.7394897"],"fave_property_location":["51.4012902,6.7394897"],"fave_property_size":["7300"],"fave_property_id":["3386\/E4"],"_fave_property_id":["3386\/E4"],"_immonex_iso_country":["DEU"],"_openimmo_anid":["0000"],"_immonex_group_number":[""],"_immonex_group_id":[""],"_immonex_group_master":[""],"_immonex_import_meta":["a:6:{s:8:\"zip_file\";s:131:\"\/www\/htdocs\/w0172e0e\/ruhr-real_2024\/wp-content\/uploads\/immonex-openimmo-import\/users\/RUHRREAL\/Immowelt_estatePro_20260410163015.zip\";s:8:\"xml_file\";s:158:\"\/www\/htdocs\/w0172e0e\/ruhr-real_2024\/wp-content\/uploads\/immonex-openimmo-import\/immowelt_estatepro_20260410163015\/Homepage_2024_NEW_estatePro20260410163015.xml\";s:12:\"mapping_file\";s:116:\"\/www\/htdocs\/w0172e0e\/ruhr-real_2024\/wp-content\/uploads\/immonex-openimmo-import\/mappings\/houzez_ruhrreal_20260325.csv\";s:9:\"timestamp\";i:1775831403;s:4:\"date\";s:10:\"2026-04-10\";s:4:\"time\";s:8:\"16:30:03\";}"],"_immonex_is_sold":[""],"_immonex_is_reserved":[""],"_immonex_is_available":["1"],"_immonex_areabutler_url_with_address":[""],"_immonex_areabutler_url_no_address":[""],"_immonex_areabutler_url":[""],"additional_features":["a:13:{i:0;a:2:{s:29:\"fave_additional_feature_title\";s:33:\"Heizkosten in Warmmiete enthalten\";s:29:\"fave_additional_feature_value\";s:4:\"nein\";}i:1;a:2:{s:29:\"fave_additional_feature_title\";s:32:\"Preise zuz\u00fcglich Mehrwertsteuer\";s:29:\"fave_additional_feature_value\";s:4:\"nein\";}i:2;a:2:{s:29:\"fave_additional_feature_title\";s:10:\"MwSt.-Satz\";s:29:\"fave_additional_feature_value\";s:9:\"19&nbsp;%\";}i:3;a:2:{s:29:\"fave_additional_feature_title\";s:13:\"Gesamtfl\u00e4che\";s:29:\"fave_additional_feature_value\";s:14:\"7.300&nbsp;m\u00b2\";}i:4;a:2:{s:29:\"fave_additional_feature_title\";s:12:\"Lagerfl\u00e4che\";s:29:\"fave_additional_feature_value\";s:14:\"6.500&nbsp;m\u00b2\";}i:5;a:2:{s:29:\"fave_additional_feature_title\";s:12:\"B\u00fcrofl\u00e4che\";s:29:\"fave_additional_feature_value\";s:12:\"450&nbsp;m\u00b2\";}i:6;a:2:{s:29:\"fave_additional_feature_title\";s:16:\"B\u00fcroteilfl\u00e4che\";s:29:\"fave_additional_feature_value\";s:12:\"450&nbsp;m\u00b2\";}i:7;a:2:{s:29:\"fave_additional_feature_title\";s:10:\"Teilbar ab\";s:29:\"fave_additional_feature_value\";s:14:\"6.500&nbsp;m\u00b2\";}i:8;a:2:{s:29:\"fave_additional_feature_title\";s:19:\"Art der Ausstattung\";s:29:\"fave_additional_feature_value\";s:7:\"gehoben\";}i:9;a:2:{s:29:\"fave_additional_feature_title\";s:10:\"Bodenbelag\";s:29:\"fave_additional_feature_value\";s:5:\"Stein\";}i:10;a:2:{s:29:\"fave_additional_feature_title\";s:13:\"Stellplatzart\";s:29:\"fave_additional_feature_value\";s:9:\"Freiplatz\";}i:11;a:2:{s:29:\"fave_additional_feature_title\";s:7:\"Zustand\";s:29:\"fave_additional_feature_value\";s:8:\"gepflegt\";}i:12;a:2:{s:29:\"fave_additional_feature_title\";s:27:\"Immobilie ist verf\u00fcgbar ab\";s:29:\"fave_additional_feature_value\";s:10:\"30.04.2026\";}}"],"fave_additional_features_enable":["enable"],"_immonex_custom_fields":["a:1:{s:23:\"Energieausweis-Jahrgang\";a:5:{s:14:\"mapping_source\";s:38:\"zustand_angaben->energiepass->jahrgang\";s:4:\"name\";s:0:\"\";s:5:\"group\";s:5:\"epass\";s:5:\"value\";s:13:\"not available\";s:19:\"value_before_filter\";s:4:\"ohne\";}}"],"_immonex_property_xml_source":["<?xml version=\"1.0\"?>\n<immobilie>\n<objektkategorie>\n<nutzungsart WOHNEN=\"false\" GEWERBE=\"true\"\/>\n<vermarktungsart KAUF=\"false\" MIETE_PACHT=\"true\"\/>\n<objektart>\n<hallen_lager_prod hallen_typ=\"LAGERFLAECHEN\"\/>\n<\/objektart>\n<user_defined_simplefield\/>\n<\/objektkategorie>\n<geo>\n<plz>47229 <\/plz>\n<ort>Duisburg<\/ort>\n<strasse>Hamburger Stra&#xDF;e<\/strasse>\n<hausnummer>40<\/hausnummer>\n<land iso_land=\"DEU\"\/>\n<lage_im_bau\/>\n<\/geo>\n<kontaktperson>\n<email_zentrale>anfrage@ruhr-real.de<\/email_zentrale>\n<email_direkt>degenhardt@ruhr-real.de<\/email_direkt>\n<tel_durchw>+49 201 99996336<\/tel_durchw>\n<tel_fax>+49 201 99996344<\/tel_fax>\n<tel_handy>+49 162 4398000<\/tel_handy>\n<name>Degenhardt<\/name>\n<vorname>Marius<\/vorname>\n<anrede>Herr<\/anrede>\n<firma>RUHR REAL GmbH<\/firma>\n<strasse>Holsterhauser Platz<\/strasse>\n<hausnummer>2<\/hausnummer>\n<plz>45147<\/plz>\n<ort>Essen<\/ort>\n<adressfreigabe>true<\/adressfreigabe>\n<\/kontaktperson>\n<preise>\n<heizkosten_enthalten>false<\/heizkosten_enthalten>\n<zzg_mehrwertsteuer>false<\/zzg_mehrwertsteuer>\n<preis_zeiteinheit\/>\n<provisionspflichtig>false<\/provisionspflichtig>\n<waehrung iso_waehrung=\"EUR\"\/>\n<mwst_satz>19.00<\/mwst_satz>\n<stp_carport\/>\n<stp_duplex\/>\n<stp_freiplatz\/>\n<stp_garage\/>\n<stp_parkhaus\/>\n<stp_tiefgarage\/>\n<\/preise>\n<bieterverfahren\/>\n<versteigerung\/>\n<flaechen>\n<gesamtflaeche>7300<\/gesamtflaeche>\n<lagerflaeche>6500<\/lagerflaeche>\n<bueroflaeche>450<\/bueroflaeche>\n<bueroteilflaeche>450<\/bueroteilflaeche>\n<teilbar_ab>6500<\/teilbar_ab>\n<anzahl_stellplaetze type=\"xsd:decimal\">15<\/anzahl_stellplaetze>\n<\/flaechen>\n<ausstattung>\n<ausstatt_kategorie>GEHOBEN<\/ausstatt_kategorie>\n<bad\/>\n<kueche\/>\n<boden STEIN=\"true\"\/>\n<heizungsart\/>\n<befeuerung\/>\n<fahrstuhl\/>\n<stellplatzart FREIPLATZ=\"true\"\/>\n<ausricht_balkon_terrasse\/>\n<angeschl_gastronomie\/>\n<sicherheitstechnik\/>\n<\/ausstattung>\n<zustand_angaben>\n<zustand zustand_art=\"GEPFLEGT\"\/>\n<energiepass>\n<jahrgang>ohne<\/jahrgang>\n<\/energiepass>\n<\/zustand_angaben>\n<bewertung\/>\n<infrastruktur\/>\n<freitexte>\n<objekttitel>6.500 m&#xB2; Logistikfl&#xE4;che im Logport I | direkte Hafenanbindung | Rampentore | RUHR REAL<\/objekttitel>\n<lage>Duisburg ist eine kreisfreie Gro&#xDF;stadt, die an der M&#xFC;ndung der Ruhr in den Rhein im Schnittpunkt von Region Niederrhein und Ruhrgebiet liegt. Im Stadtteil Rheinhausen befindet sich das Grundst&#xFC;ck, auf dem diese Liegenschaft steht. Mit der autobahnnahen Lage ist dies ein perfekter Standort. Die Autobahnauffahrt zur A59 ist nur 11 Autominuten entfernt, welche zu weiteren Autobahnen wie zur A42, A3, A7 und zur A40 f&#xFC;hrt. Das Logistikobjekt befindet sich auf dem Gel&#xE4;nde des Logports Duisburg mit idealer Anbindung zu den Wasserstra&#xDF;en des weltweit gr&#xF6;&#xDF;ten Binnenhafen und eines weltweit gr&#xF6;&#xDF;ten Distributions- und Servicenetzwerk.<\/lage>\n<ausstatt_beschr>&#x2022; Andienung: mehrere Rampen und ebenerdig\n&#x2022; Boden: WGK-f&#xE4;hig\n&#x2022; Heizung: Gasdunkelstrahler\n&#x2022; Brandschutz: Deckensprinklerung\n&#x2022; Deckenh&#xF6;he ca. 11 m\n&#x2022; Parken: 12 PKW-Stellpl&#xE4;tze\n&#x2022; Regale: &#xDC;bernahme m&#xF6;glich<\/ausstatt_beschr>\n<objektbeschreibung>Das angebotene Objekt mit logistisch einzigartiger Lage verf&#xFC;gt &#xFC;ber ca. 6.500 m&#xB2; Lager- &amp; Logistikfl&#xE4;che, ca. 350 m&#xB2; Mezzanine- und ca. 450 m&#xB2; B&#xFC;ro- und Sozialfl&#xE4;chen. Das Highlight dieser Immobilie sind mehrere Rampentore mit &#xDC;berladebr&#xFC;cken, sowie die Deckensprinkleranlage nach FM-Standard und die WGK-F&#xE4;higkeit des Hallenbodens. Die Hallenfl&#xE4;che wird teils mittels Gasdunkelstrahler beheizt. <\/objektbeschreibung>\n<sonstige_angaben>Es gelten ausschlie&#xDF;lich unsere AGB (www.ruhr-real.de\/agb). Die Halle ist nicht f&#xFC;r Veranstaltungsr&#xE4;ume geeignet. Wir m&#xF6;chten Sie darauf hinweisen, dass die Angaben ausschlie&#xDF;lich auf den uns vom Eigent&#xFC;mer &#xFC;bermittelten Unterlagen und Informationen basieren. F&#xFC;r Richtigkeit und Vollst&#xE4;ndigkeit &#xFC;bernehmen wir keine Gew&#xE4;hr. Zwischenvermietung vorbehalten.<\/sonstige_angaben><\/freitexte>\n<anhaenge>\n<anhang location=\"EXTERN\" gruppe=\"TITELBILD\">\n<anhangtitel>Luftbild<\/anhangtitel>\n<format>JPG<\/format>\n<daten>\n<pfad>c211ae06ad9c4f1b8a8c0dc6d6ca7842.JPG<\/pfad>\n<\/daten>\n<\/anhang>\n<anhang location=\"EXTERN\" gruppe=\"BILD\">\n<anhangtitel>Luftbild<\/anhangtitel>\n<format>JPG<\/format>\n<daten>\n<pfad>1ab588b702d44fc2b76e8348d2cea7ea.JPG<\/pfad>\n<\/daten>\n<\/anhang>\n<anhang location=\"EXTERN\" gruppe=\"BILD\">\n<anhangtitel>Innenansicht<\/anhangtitel>\n<format>JPG<\/format>\n<daten>\n<pfad>65c16d0caad24b92884995c057f5c72c.JPG<\/pfad>\n<\/daten>\n<\/anhang>\n<anhang location=\"EXTERN\" gruppe=\"BILD\">\n<anhangtitel>Innenansicht<\/anhangtitel>\n<format>JPG<\/format>\n<daten>\n<pfad>dfabcbaf41c54cdb8aedb426a93ee80d.JPG<\/pfad>\n<\/daten>\n<\/anhang>\n<anhang location=\"EXTERN\" gruppe=\"BILD\">\n<anhangtitel>Rampenandienung<\/anhangtitel>\n<format>JPG<\/format>\n<daten>\n<pfad>27d0ebc75a9d47719554ed2fc4b6c41d.JPG<\/pfad>\n<\/daten>\n<\/anhang>\n<anhang location=\"EXTERN\" gruppe=\"BILD\">\n<anhangtitel>ebenerdiges Tor<\/anhangtitel>\n<format>JPG<\/format>\n<daten>\n<pfad>5fa2374be60c4a8dadd558f3a768d7d8.JPG<\/pfad>\n<\/daten>\n<\/anhang>\n<\/anhaenge>\n<verwaltung_objekt>\n<objektadresse_freigeben>false<\/objektadresse_freigeben>\n<verfuegbar_ab>2026<\/verfuegbar_ab>\n<geschlecht\/>\n<gewerbliche_nutzung>true<\/gewerbliche_nutzung>\n<\/verwaltung_objekt>\n<verwaltung_techn>\n<objektnr_intern>AC0FB57F982041FA85C834ED7E4C647A<\/objektnr_intern>\n<objektnr_extern>3386\/E4<\/objektnr_extern>\n<aktion aktionart=\"CHANGE\"\/>\n<openimmo_obid>AC0FB57F982041FA85C834ED7E4C647A<\/openimmo_obid>\n<kennung_ursprung>estatePro V10.0.0.8<\/kennung_ursprung>\n<stand_vom>2026-04-10<\/stand_vom>\n<\/verwaltung_techn>\n<user_defined_simplefield feldname=\"Startseite\">Nein<\/user_defined_simplefield>\n<\/immobilie>\n"],"_immonex_energy_class":[""],"_immonex_energy_class_id":["0"],"_thumbnail_id":["187536"],"fave_property_images":["187536","187537","187538","187539","187540","187541"],"fave_floor_plans_enable":["disable"],"fave_prop_homeslider":["yes"],"fave_prop_slider_image":["187536"],"fave_agents":["112643"],"fave_agent_display_option":["agent_info"],"fave_single_top_area":["global"],"fave_single_content_area":["global"],"fave_property_price":["0"],"fave_property_map":["1"],"fave_property_map_street_view":["hide"],"fave_property_size_prefix":["m\u00b2"],"fave_property_land_postfix":["m\u00b2"],"fave_featured":["0"],"houzez_featured_listing_date":[""],"fave_currency":["EUR"],"fave_currency_info":["a:8:{s:2:\"id\";s:1:\"1\";s:13:\"currency_name\";s:4:\"Euro\";s:13:\"currency_code\";s:3:\"EUR\";s:15:\"currency_symbol\";s:3:\"\u20ac\";s:17:\"currency_position\";s:5:\"after\";s:16:\"currency_decimal\";s:1:\"2\";s:26:\"currency_decimal_separator\";s:1:\",\";s:27:\"currency_thousand_separator\";s:1:\".\";}"],"_wpml_word_count":["314"],"houzez_total_property_views":["157"],"houzez_views_by_date":["a:20:{s:10:\"04-10-2026\";i:4;s:10:\"04-11-2026\";i:6;s:10:\"04-12-2026\";i:10;s:10:\"04-13-2026\";i:8;s:10:\"04-14-2026\";i:8;s:10:\"04-15-2026\";i:8;s:10:\"04-16-2026\";i:8;s:10:\"04-17-2026\";i:8;s:10:\"04-18-2026\";i:8;s:10:\"04-19-2026\";i:8;s:10:\"04-20-2026\";i:8;s:10:\"04-21-2026\";i:10;s:10:\"04-22-2026\";i:8;s:10:\"04-23-2026\";i:8;s:10:\"04-24-2026\";i:8;s:10:\"04-25-2026\";i:8;s:10:\"04-26-2026\";i:8;s:10:\"04-27-2026\";i:8;s:10:\"04-28-2026\";i:8;s:10:\"04-29-2026\";i:7;}"],"houzez_recently_viewed":["2026-04-29 14:50:43"],"fave_show_price_placeholder":["1"],"_elementor_page_assets":["a:0:{}"]},"_links":{"self":[{"href":"https:\/\/ruhr-real.de\/en\/wp-json\/wp\/v2\/properties\/123784","targetHints":{"allow":["GET"]}}],"collection":[{"href":"https:\/\/ruhr-real.de\/en\/wp-json\/wp\/v2\/properties"}],"about":[{"href":"https:\/\/ruhr-real.de\/en\/wp-json\/wp\/v2\/types\/property"}],"author":[{"embeddable":true,"href":"https:\/\/ruhr-real.de\/en\/wp-json\/wp\/v2\/users\/1"}],"version-history":[{"count":0,"href":"https:\/\/ruhr-real.de\/en\/wp-json\/wp\/v2\/properties\/123784\/revisions"}],"wp:featuredmedia":[{"embeddable":true,"href":"https:\/\/ruhr-real.de\/en\/wp-json\/wp\/v2\/media\/187536"}],"wp:attachment":[{"href":"https:\/\/ruhr-real.de\/en\/wp-json\/wp\/v2\/media?parent=123784"}],"wp:term":[{"taxonomy":"property_type","embeddable":true,"href":"https:\/\/ruhr-real.de\/en\/wp-json\/wp\/v2\/property_type?post=123784"},{"taxonomy":"property_status","embeddable":true,"href":"https:\/\/ruhr-real.de\/en\/wp-json\/wp\/v2\/property_status?post=123784"},{"taxonomy":"property_feature","embeddable":true,"href":"https:\/\/ruhr-real.de\/en\/wp-json\/wp\/v2\/property_feature?post=123784"},{"taxonomy":"property_label","embeddable":true,"href":"https:\/\/ruhr-real.de\/en\/wp-json\/wp\/v2\/property_label?post=123784"},{"taxonomy":"property_country","embeddable":true,"href":"https:\/\/ruhr-real.de\/en\/wp-json\/wp\/v2\/property_country?post=123784"},{"taxonomy":"property_state","embeddable":true,"href":"https:\/\/ruhr-real.de\/en\/wp-json\/wp\/v2\/property_state?post=123784"},{"taxonomy":"property_city","embeddable":true,"href":"https:\/\/ruhr-real.de\/en\/wp-json\/wp\/v2\/property_city?post=123784"},{"taxonomy":"property_area","embeddable":true,"href":"https:\/\/ruhr-real.de\/en\/wp-json\/wp\/v2\/property_area?post=123784"}],"curies":[{"name":"wp","href":"https:\/\/api.w.org\/{rel}","templated":true}]}}