{"id":123789,"date":"2025-05-26T00:01:25","date_gmt":"2025-05-25T22:01:25","guid":{"rendered":"https:\/\/2024.ruhr-real.de\/immobilien\/modern-moebliert-erstbezug-nach-sanierung\/"},"modified":"2025-05-26T10:03:25","modified_gmt":"2025-05-26T08:03:25","slug":"modern-moebliert-erstbezug-nach-sanierung","status":"publish","type":"property","link":"https:\/\/ruhr-real.de\/en\/objekt\/modern-moebliert-erstbezug-nach-sanierung\/","title":{"rendered":"Modern | M\u00f6bliert | Erstbezug nach Sanierung"},"content":{"rendered":"<p>Das Objekt bietet Exklusive B\u00fcrofl\u00e4chen in verschiedenen Geb\u00e4uden. Die B\u00fcroeinheiten bietet in repr\u00e4sentativer Umgebung ein stilvolles, kreatives und effektives arbeiten. Das Historische Bauhaus-Ambiente sorgt in der sattgr\u00fcnen Au\u00dfenanlage f\u00fcr Ausstrahlung und Kompetenz gegen\u00fcber Mitarbeitern und Kunden.<br \/>\nDer Campus bietet diverse Angebote, wie u.a. Catering, Sportkurse uvm.<\/p>\n<p>Diese Fl\u00e4chen stehen zur Disposition:<br \/>\nF\u00e4rberei Fl\u00e4che 1: 1.197 m\u00b2<br \/>\nF\u00e4rberei Fl\u00e4che 2: 1.679 m\u00b2<br \/>\nF\u00e4rberei Fl\u00e4che 3: 949 m\u00b2<br \/>\nF\u00e4rberei Fl\u00e4che 4: 1.679 m\u00b2<\/p>\n<p>HE3, EG:<br \/>\nHE3, 1. OG:<br \/>\nHE3, 2. OG:<br \/>\nHE3, 3. OG:<\/p>\n<p>Die zentrale Lage des  Mies-van-der-Rohe-Business-Parks bietet perfekte \u00d6PNV- und Autobahnanbindungen. Die A44, A57 und die B9 sind innerhalb weniger Fahrminuten erreichbar. Das Logistikzentrum bietet eine direkte Verbindung zwischen Rotterdam und dem Ruhrgebiet. Das \u00d6PNV-Netz ist zu Fu\u00df zu erschlie\u00dfen. In unmittelbarer N\u00e4he befinden sich zahlreichen namhaften Gewerbeansiedlungen wie das Stadthaus, der K\u00f6nigPALAST und das Gewerbegebiet Mevissenstra\u00dfe.<\/p>\n<p>\u2022 Bodenbelag: nach Vereinbarung<br \/>\n\u2022 Sonnenschutz: elektrisch, au\u00dfenliegend<br \/>\n\u2022 K\u00fchlung\/L\u00fcftung: klimatisiert<br \/>\n\u2022 Aufzug: Personenaufzug\/ Lastenaufzug<br \/>\n\u2022 Beleuchtung: Deckenleuchten<br \/>\n\u2022 Teek\u00fcche: voll ausgestattet<\/p>\n<p>Es gelten ausschlie\u00dflich unsere AGB (www.ruhr-real.de\/agb). Wir m\u00f6chten Sie darauf hinweisen, dass die Angaben ausschlie\u00dflich auf den uns vom Eigent\u00fcmer \u00fcbermittelten Unterlagen und Informationen basieren. F\u00fcr Richtigkeit und Vollst\u00e4ndigkeit \u00fcbernehmen wir keine Gew\u00e4hr. Zwischenvermietung vorbehalten.<br \/>\n<\/p>\n","protected":false},"excerpt":{"rendered":"<p>Das Objekt bietet Exklusive B\u00fcrofl\u00e4chen in verschiedenen Geb\u00e4uden. Die B\u00fcroeinheiten bietet in repr\u00e4sentativer&#8230;<\/p>\n","protected":false},"author":1,"featured_media":154491,"parent":0,"menu_order":0,"template":"","property_type":[379],"property_status":[352],"property_feature":[537],"property_label":[],"property_country":[353],"property_state":[],"property_city":[298],"property_area":[],"class_list":["post-123789","property","type-property","status-publish","has-post-thumbnail","hentry","property_type-bueroflaechen","property_status-zu-vermieten","property_feature-gewerbliche-nutzung-moeglich","property_country-deutschland","property_city-krefeld"],"acf":[],"property_meta":{"_immonex_import_folder":["users\/RUHRREAL"],"_immonex_translation_id":["900\/E10"],"_openimmo_obid":["8182A599460E4D5A84FF34D3E485CF80"],"_is_immonex_import_property":["1"],"_immonex_is_reference":[""],"rank_math_internal_links_processed":["1"],"fave_property_map_address":["47803 Krefeld"],"fave_property_zip":["47803"],"fave_property_country":["DE"],"_immonex_lat":["51.3488536"],"_immonex_lng":["6.54300881382"],"houzez_geolocation_lat":["51.3488536"],"houzez_geolocation_long":["6.54300881382"],"fave_property_location":["51.3488536,6.54300881382"],"fave_property_size":["480"],"fave_property_id":["900\/E10"],"_immonex_iso_country":["DEU"],"_openimmo_anid":["0000"],"_immonex_group_number":[""],"_immonex_group_id":[""],"_immonex_group_master":[""],"_immonex_import_meta":["a:6:{s:8:\"zip_file\";s:131:\"\/www\/htdocs\/w0172e0e\/ruhr-real_2024\/wp-content\/uploads\/immonex-openimmo-import\/users\/RUHRREAL\/Immowelt_estatePro_20250526100327.zip\";s:8:\"xml_file\";s:158:\"\/www\/htdocs\/w0172e0e\/ruhr-real_2024\/wp-content\/uploads\/immonex-openimmo-import\/immowelt_estatepro_20250526100327\/Homepage_2024_NEW_estatePro20250526100327.xml\";s:12:\"mapping_file\";s:116:\"\/www\/htdocs\/w0172e0e\/ruhr-real_2024\/wp-content\/uploads\/immonex-openimmo-import\/mappings\/houzez_ruhrreal_18122023.csv\";s:9:\"timestamp\";i:1748246605;s:4:\"date\";s:10:\"2025-05-26\";s:4:\"time\";s:8:\"10:03:25\";}"],"_immonex_is_sold":[""],"_immonex_is_reserved":[""],"_immonex_is_available":["1"],"additional_features":["a:14:{i:0;a:2:{s:29:\"fave_additional_feature_title\";s:11:\"Heizungsart\";s:29:\"fave_additional_feature_value\";s:14:\"Zentralheizung\";}i:1;a:2:{s:29:\"fave_additional_feature_title\";s:33:\"Heizkosten in Warmmiete enthalten\";s:29:\"fave_additional_feature_value\";s:4:\"nein\";}i:2;a:2:{s:29:\"fave_additional_feature_title\";s:32:\"Preise zuz\u00fcglich Mehrwertsteuer\";s:29:\"fave_additional_feature_value\";s:4:\"nein\";}i:3;a:2:{s:29:\"fave_additional_feature_title\";s:16:\"K\u00e4uferprovision\";s:29:\"fave_additional_feature_value\";s:32:\"3-4 Nettomonatsmieten zzgl. Ust.\";}i:4;a:2:{s:29:\"fave_additional_feature_title\";s:20:\"Hinweis zur Courtage\";s:29:\"fave_additional_feature_value\";s:233:\"Bei Vertr\u00e4gen bis zu f\u00fcnf Jahren Laufzeit ist ein Honorar von 3 Nettomonatsmieten vom Mieter an RUHR REAL zahlbar; bei Laufzeiten bis zu zehn Jahren werden 4 Nettomonatsmieten f\u00e4llig. Hinzu kommt die jeweils g\u00fcltige Umsatzsteuer.\";}i:5;a:2:{s:29:\"fave_additional_feature_title\";s:10:\"MwSt.-Satz\";s:29:\"fave_additional_feature_value\";s:9:\"19&nbsp;%\";}i:6;a:2:{s:29:\"fave_additional_feature_title\";s:12:\"B\u00fcrofl\u00e4che\";s:29:\"fave_additional_feature_value\";s:12:\"480&nbsp;m\u00b2\";}i:7;a:2:{s:29:\"fave_additional_feature_title\";s:16:\"B\u00fcroteilfl\u00e4che\";s:29:\"fave_additional_feature_value\";s:12:\"480&nbsp;m\u00b2\";}i:8;a:2:{s:29:\"fave_additional_feature_title\";s:10:\"Teilbar ab\";s:29:\"fave_additional_feature_value\";s:12:\"480&nbsp;m\u00b2\";}i:9;a:2:{s:29:\"fave_additional_feature_title\";s:19:\"Art der Ausstattung\";s:29:\"fave_additional_feature_value\";s:8:\"Standard\";}i:10;a:2:{s:29:\"fave_additional_feature_title\";s:10:\"Bodenbelag\";s:29:\"fave_additional_feature_value\";s:7:\"Laminat\";}i:11;a:2:{s:29:\"fave_additional_feature_title\";s:13:\"Stellplatzart\";s:29:\"fave_additional_feature_value\";s:9:\"Freiplatz\";}i:12;a:2:{s:29:\"fave_additional_feature_title\";s:7:\"Zustand\";s:29:\"fave_additional_feature_value\";s:7:\"saniert\";}i:13;a:2:{s:29:\"fave_additional_feature_title\";s:27:\"Immobilie ist verf\u00fcgbar ab\";s:29:\"fave_additional_feature_value\";s:17:\"nach Vereinbarung\";}}"],"fave_additional_features_enable":["enable"],"_immonex_property_xml_source":["<?xml version=\"1.0\"?>\n<immobilie>\n<objektkategorie>\n<nutzungsart WOHNEN=\"false\" GEWERBE=\"true\"\/>\n<vermarktungsart KAUF=\"false\" MIETE_PACHT=\"true\"\/>\n<objektart>\n<buero_praxen buero_typ=\"BUEROHAUS\"\/>\n<\/objektart>\n<user_defined_simplefield\/>\n<\/objektkategorie>\n<geo>\n<plz>47803<\/plz>\n<ort>Krefeld<\/ort>\n<strasse>Girmesgath<\/strasse>\n<hausnummer>5<\/hausnummer>\n<land iso_land=\"DEU\"\/>\n<lage_im_bau\/>\n<\/geo>\n<kontaktperson>\n<email_zentrale>anfrage@ruhr-real.de<\/email_zentrale>\n<email_direkt>jeschke@ruhr-real.de<\/email_direkt>\n<tel_durchw>+49 201 99996333<\/tel_durchw>\n<tel_fax>+49 201 99996344<\/tel_fax>\n<tel_handy>+49 172 7447817<\/tel_handy>\n<name>Jeschke<\/name>\n<vorname>Frederic<\/vorname>\n<anrede>Herr<\/anrede>\n<firma>RUHR REAL GmbH<\/firma>\n<strasse>Holsterhauser Platz<\/strasse>\n<hausnummer>2<\/hausnummer>\n<plz>45147<\/plz>\n<ort>Essen<\/ort>\n<adressfreigabe>true<\/adressfreigabe>\n<\/kontaktperson>\n<preise>\n<heizkosten_enthalten>false<\/heizkosten_enthalten>\n<zzg_mehrwertsteuer>false<\/zzg_mehrwertsteuer>\n<preis_zeiteinheit\/>\n<provisionspflichtig>true<\/provisionspflichtig>\n<aussen_courtage mit_mwst=\"false\">3-4 Nettomonatsmieten zzgl. Ust.<\/aussen_courtage>\n<courtage_hinweis>Bei Vertr&#xE4;gen bis zu f&#xFC;nf Jahren Laufzeit ist ein Honorar von 3 Nettomonatsmieten vom Mieter an RUHR REAL zahlbar; bei Laufzeiten bis zu zehn Jahren werden 4 Nettomonatsmieten f&#xE4;llig. Hinzu kommt die jeweils g&#xFC;ltige Umsatzsteuer.<\/courtage_hinweis>\n<waehrung iso_waehrung=\"EUR\"\/>\n<mwst_satz>19.00<\/mwst_satz>\n<stp_carport\/>\n<stp_duplex\/>\n<stp_freiplatz\/>\n<stp_garage\/>\n<stp_parkhaus\/>\n<stp_tiefgarage\/>\n<\/preise>\n<bieterverfahren\/>\n<versteigerung\/>\n<flaechen>\n<bueroflaeche>480<\/bueroflaeche>\n<bueroteilflaeche>480<\/bueroteilflaeche>\n<teilbar_ab>480<\/teilbar_ab>\n<anzahl_stellplaetze type=\"xsd:decimal\">30<\/anzahl_stellplaetze>\n<\/flaechen>\n<ausstattung>\n<ausstatt_kategorie>STANDARD<\/ausstatt_kategorie>\n<bad\/>\n<kueche\/>\n<boden LAMINAT=\"true\"\/>\n<heizungsart ZENTRAL=\"true\"\/>\n<befeuerung\/>\n<fahrstuhl\/>\n<stellplatzart FREIPLATZ=\"true\"\/>\n<ausricht_balkon_terrasse\/>\n<angeschl_gastronomie\/>\n<sicherheitstechnik\/>\n<\/ausstattung>\n<zustand_angaben>\n<zustand zustand_art=\"TEIL_VOLLSANIERT\"\/>\n<\/zustand_angaben>\n<bewertung\/>\n<infrastruktur\/>\n<freitexte>\n<objekttitel>Modern | M&#xF6;bliert | Erstbezug nach Sanierung<\/objekttitel>\n<lage>Die zentrale Lage des  Mies-van-der-Rohe-Business-Parks bietet perfekte &#xD6;PNV- und Autobahnanbindungen. Die A44, A57 und die B9 sind innerhalb weniger Fahrminuten erreichbar. Das Logistikzentrum bietet eine direkte Verbindung zwischen Rotterdam und dem Ruhrgebiet. Das &#xD6;PNV-Netz ist zu Fu&#xDF; zu erschlie&#xDF;en. In unmittelbarer N&#xE4;he befinden sich zahlreichen namhaften Gewerbeansiedlungen wie das Stadthaus, der K&#xF6;nigPALAST und das Gewerbegebiet Mevissenstra&#xDF;e.<\/lage>\n<ausstatt_beschr>&#x2022; Bodenbelag: nach Vereinbarung\n&#x2022; Sonnenschutz: elektrisch, au&#xDF;enliegend\n&#x2022; K&#xFC;hlung\/L&#xFC;ftung: klimatisiert\n&#x2022; Aufzug: Personenaufzug\/ Lastenaufzug\n&#x2022; Beleuchtung: Deckenleuchten\n&#x2022; Teek&#xFC;che: voll ausgestattet<\/ausstatt_beschr>\n<objektbeschreibung>Das Objekt bietet Exklusive B&#xFC;rofl&#xE4;chen in verschiedenen Geb&#xE4;uden. Die B&#xFC;roeinheiten bietet in repr&#xE4;sentativer Umgebung ein stilvolles, kreatives und effektives arbeiten. Das Historische Bauhaus-Ambiente sorgt in der sattgr&#xFC;nen Au&#xDF;enanlage f&#xFC;r Ausstrahlung und Kompetenz gegen&#xFC;ber Mitarbeitern und Kunden.\nDer Campus bietet diverse Angebote, wie u.a. Catering, Sportkurse uvm.\n\nDiese Fl&#xE4;chen stehen zur Disposition:\nF&#xE4;rberei Fl&#xE4;che 1: 1.197 m&#xB2;\nF&#xE4;rberei Fl&#xE4;che 2: 1.679 m&#xB2;\nF&#xE4;rberei Fl&#xE4;che 3: 949 m&#xB2;\nF&#xE4;rberei Fl&#xE4;che 4: 1.679 m&#xB2;\n\nHE3, EG:\nHE3, 1. OG:\nHE3, 2. OG:\nHE3, 3. OG:<\/objektbeschreibung>\n<sonstige_angaben>Es gelten ausschlie&#xDF;lich unsere AGB (www.ruhr-real.de\/agb). Wir m&#xF6;chten Sie darauf hinweisen, dass die Angaben ausschlie&#xDF;lich auf den uns vom Eigent&#xFC;mer &#xFC;bermittelten Unterlagen und Informationen basieren. F&#xFC;r Richtigkeit und Vollst&#xE4;ndigkeit &#xFC;bernehmen wir keine Gew&#xE4;hr. Zwischenvermietung vorbehalten.<\/sonstige_angaben>\n<\/freitexte>\n<anhaenge>\n<anhang location=\"EXTERN\" gruppe=\"TITELBILD\">\n<anhangtitel>Au&#xDF;enaufnahme<\/anhangtitel>\n<format>jpg<\/format>\n<daten>\n<pfad>677780e3d3f74b4996b78bbd9435deb2.jpg<\/pfad>\n<\/daten>\n<\/anhang>\n<anhang location=\"EXTERN\" gruppe=\"BILD\">\n<anhangtitel>Au&#xDF;enaufnahme I<\/anhangtitel>\n<format>jpg<\/format>\n<daten>\n<pfad>f608f0a4ae3d47d084dd44827d178fb8.jpg<\/pfad>\n<\/daten>\n<\/anhang>\n<anhang location=\"EXTERN\" gruppe=\"BILD\">\n<anhangtitel>Au&#xDF;enaufnahme II<\/anhangtitel>\n<format>jpg<\/format>\n<daten>\n<pfad>a61a3e5a341d4ae69f2f7e4c6da6ac03.jpg<\/pfad>\n<\/daten>\n<\/anhang>\n<anhang location=\"EXTERN\" gruppe=\"BILD\">\n<anhangtitel>Au&#xDF;enaufnahme III<\/anhangtitel>\n<format>jpg<\/format>\n<daten>\n<pfad>56b6e9a167cb449db9933859ead72a97.jpg<\/pfad>\n<\/daten>\n<\/anhang>\n<anhang location=\"EXTERN\" gruppe=\"BILD\">\n<anhangtitel>Au&#xDF;enaufnahme IV<\/anhangtitel>\n<format>jpg<\/format>\n<daten>\n<pfad>62b414304e8b4d7ea23217e0e9e6f8cc.jpg<\/pfad>\n<\/daten>\n<\/anhang>\n<anhang location=\"EXTERN\" gruppe=\"BILD\">\n<anhangtitel>Au&#xDF;enaufnahme V<\/anhangtitel>\n<format>jpg<\/format>\n<daten>\n<pfad>65a604c2164349faadee4806c87ac9a2.jpg<\/pfad>\n<\/daten>\n<\/anhang>\n<anhang location=\"EXTERN\" gruppe=\"BILD\">\n<anhangtitel>Au&#xDF;enaufnahme VI<\/anhangtitel>\n<format>jpg<\/format>\n<daten>\n<pfad>2aa40cb7f8344d9b9f12e25b8bfd75f6.jpg<\/pfad>\n<\/daten>\n<\/anhang>\n<anhang location=\"EXTERN\" gruppe=\"BILD\">\n<anhangtitel>Au&#xDF;enaufnahme VII<\/anhangtitel>\n<format>jpg<\/format>\n<daten>\n<pfad>5410578666e54ca39d8f11b40544d444.jpg<\/pfad>\n<\/daten>\n<\/anhang>\n<anhang location=\"EXTERN\" gruppe=\"BILD\">\n<anhangtitel>Au&#xDF;enaufnahme VIII<\/anhangtitel>\n<format>jpg<\/format>\n<daten>\n<pfad>76ad41dbc5cf44978131b1334733b425.jpg<\/pfad>\n<\/daten>\n<\/anhang>\n<anhang location=\"EXTERN\" gruppe=\"BILD\">\n<anhangtitel>Au&#xDF;enaufnahme X<\/anhangtitel>\n<format>jpg<\/format>\n<daten>\n<pfad>f151d4dfd33a4b4a81f377c5d28286b4.jpg<\/pfad>\n<\/daten>\n<\/anhang>\n<anhang location=\"EXTERN\" gruppe=\"GRUNDRISS\">\n<anhangtitel>EG<\/anhangtitel>\n<format>PNG<\/format>\n<daten>\n<pfad>1b873dffe1184ccd85aee9eac0990254.PNG<\/pfad>\n<\/daten>\n<\/anhang>\n<anhang location=\"EXTERN\" gruppe=\"GRUNDRISS\">\n<anhangtitel>OG<\/anhangtitel>\n<format>PNG<\/format>\n<daten>\n<pfad>3c654221ed354620bb1e6711a8263ce2.PNG<\/pfad>\n<\/daten>\n<\/anhang>\n<\/anhaenge>\n<verwaltung_objekt>\n<objektadresse_freigeben>false<\/objektadresse_freigeben>\n<verfuegbar_ab>nach Vereinbarung<\/verfuegbar_ab>\n<geschlecht\/>\n<gewerbliche_nutzung>true<\/gewerbliche_nutzung>\n<\/verwaltung_objekt>\n<verwaltung_techn>\n<objektnr_intern>8182A599460E4D5A84FF34D3E485CF80<\/objektnr_intern>\n<objektnr_extern>900\/E10<\/objektnr_extern>\n<aktion aktionart=\"CHANGE\"\/>\n<openimmo_obid>8182A599460E4D5A84FF34D3E485CF80<\/openimmo_obid>\n<kennung_ursprung>estatePro V10.0.0.8<\/kennung_ursprung>\n<stand_vom>2025-05-26<\/stand_vom>\n<\/verwaltung_techn>\n<user_defined_simplefield feldname=\"Startseite\">Nein<\/user_defined_simplefield>\n<\/immobilie>\n"],"_thumbnail_id":["154491"],"fave_property_images":["154491","154492","154493","154494","154495","154496","154497","154498","154499","154500"],"fave_floor_plans_enable":["enable"],"floor_plans":["a:2:{i:0;a:7:{s:15:\"fave_plan_title\";s:2:\"EG\";s:15:\"fave_plan_rooms\";s:0:\"\";s:19:\"fave_plan_bathrooms\";s:0:\"\";s:15:\"fave_plan_price\";s:0:\"\";s:14:\"fave_plan_size\";s:0:\"\";s:15:\"fave_plan_image\";s:93:\"https:\/\/ruhr-real.de\/wp-content\/uploads\/2025\/05\/1b873dffe1184ccd85aee9eac0990254-1024x571.png\";s:21:\"fave_plan_description\";s:0:\"\";}i:1;a:7:{s:15:\"fave_plan_title\";s:2:\"OG\";s:15:\"fave_plan_rooms\";s:0:\"\";s:19:\"fave_plan_bathrooms\";s:0:\"\";s:15:\"fave_plan_price\";s:0:\"\";s:14:\"fave_plan_size\";s:0:\"\";s:15:\"fave_plan_image\";s:93:\"https:\/\/ruhr-real.de\/wp-content\/uploads\/2025\/05\/3c654221ed354620bb1e6711a8263ce2-1024x568.png\";s:21:\"fave_plan_description\";s:0:\"\";}}"],"fave_prop_homeslider":["yes"],"fave_prop_slider_image":["154491"],"fave_agents":["113552"],"fave_agent_display_option":["agent_info"],"fave_single_top_area":["global"],"fave_single_content_area":["global"],"fave_property_price":["0"],"fave_property_map":["1"],"fave_property_map_street_view":["hide"],"fave_property_size_prefix":["m\u00b2"],"fave_property_land_postfix":["m\u00b2"],"fave_featured":["0"],"houzez_featured_listing_date":[""],"fave_currency":["EUR"],"fave_currency_info":["a:8:{s:2:\"id\";s:1:\"1\";s:13:\"currency_name\";s:4:\"Euro\";s:13:\"currency_code\";s:3:\"EUR\";s:15:\"currency_symbol\";s:3:\"\u20ac\";s:17:\"currency_position\";s:5:\"after\";s:16:\"currency_decimal\";s:1:\"2\";s:26:\"currency_decimal_separator\";s:1:\",\";s:27:\"currency_thousand_separator\";s:1:\".\";}"],"houzez_total_property_views":["1503"],"houzez_views_by_date":["a:61:{s:10:\"02-26-2026\";i:4;s:10:\"02-27-2026\";i:4;s:10:\"02-28-2026\";i:4;s:10:\"03-01-2026\";i:4;s:10:\"03-02-2026\";i:4;s:10:\"03-03-2026\";i:4;s:10:\"03-04-2026\";i:4;s:10:\"03-05-2026\";i:6;s:10:\"03-06-2026\";i:4;s:10:\"03-07-2026\";i:4;s:10:\"03-08-2026\";i:4;s:10:\"03-09-2026\";i:4;s:10:\"03-10-2026\";i:4;s:10:\"03-11-2026\";i:4;s:10:\"03-12-2026\";i:4;s:10:\"03-13-2026\";i:4;s:10:\"03-14-2026\";i:4;s:10:\"03-15-2026\";i:4;s:10:\"03-16-2026\";i:2;s:10:\"03-17-2026\";i:2;s:10:\"03-18-2026\";i:1;s:10:\"03-19-2026\";i:4;s:10:\"03-20-2026\";i:6;s:10:\"03-21-2026\";i:4;s:10:\"03-22-2026\";i:4;s:10:\"03-23-2026\";i:4;s:10:\"03-24-2026\";i:4;s:10:\"03-25-2026\";i:4;s:10:\"03-26-2026\";i:6;s:10:\"03-27-2026\";i:4;s:10:\"03-28-2026\";i:4;s:10:\"03-29-2026\";i:4;s:10:\"03-30-2026\";i:2;s:10:\"04-01-2026\";i:8;s:10:\"04-02-2026\";i:8;s:10:\"04-03-2026\";i:8;s:10:\"04-04-2026\";i:8;s:10:\"04-05-2026\";i:8;s:10:\"04-06-2026\";i:8;s:10:\"04-07-2026\";i:12;s:10:\"04-08-2026\";i:5;s:10:\"04-09-2026\";i:11;s:10:\"04-10-2026\";i:8;s:10:\"04-11-2026\";i:6;s:10:\"04-12-2026\";i:10;s:10:\"04-13-2026\";i:8;s:10:\"04-14-2026\";i:8;s:10:\"04-15-2026\";i:8;s:10:\"04-16-2026\";i:8;s:10:\"04-17-2026\";i:8;s:10:\"04-18-2026\";i:8;s:10:\"04-19-2026\";i:8;s:10:\"04-20-2026\";i:8;s:10:\"04-21-2026\";i:8;s:10:\"04-22-2026\";i:8;s:10:\"04-23-2026\";i:9;s:10:\"04-24-2026\";i:9;s:10:\"04-25-2026\";i:8;s:10:\"04-26-2026\";i:8;s:10:\"04-27-2026\";i:8;s:10:\"04-28-2026\";i:8;}"],"houzez_recently_viewed":["2026-04-28 23:55:28"],"tp_widgets":["a:2:{s:7:\"widgets\";a:0:{}s:9:\"update_at\";s:10:\"1764682733\";}"],"fave_show_price_placeholder":["1"],"_elementor_page_assets":["a:0:{}"]},"_links":{"self":[{"href":"https:\/\/ruhr-real.de\/en\/wp-json\/wp\/v2\/properties\/123789","targetHints":{"allow":["GET"]}}],"collection":[{"href":"https:\/\/ruhr-real.de\/en\/wp-json\/wp\/v2\/properties"}],"about":[{"href":"https:\/\/ruhr-real.de\/en\/wp-json\/wp\/v2\/types\/property"}],"author":[{"embeddable":true,"href":"https:\/\/ruhr-real.de\/en\/wp-json\/wp\/v2\/users\/1"}],"version-history":[{"count":0,"href":"https:\/\/ruhr-real.de\/en\/wp-json\/wp\/v2\/properties\/123789\/revisions"}],"wp:featuredmedia":[{"embeddable":true,"href":"https:\/\/ruhr-real.de\/en\/wp-json\/wp\/v2\/media\/154491"}],"wp:attachment":[{"href":"https:\/\/ruhr-real.de\/en\/wp-json\/wp\/v2\/media?parent=123789"}],"wp:term":[{"taxonomy":"property_type","embeddable":true,"href":"https:\/\/ruhr-real.de\/en\/wp-json\/wp\/v2\/property_type?post=123789"},{"taxonomy":"property_status","embeddable":true,"href":"https:\/\/ruhr-real.de\/en\/wp-json\/wp\/v2\/property_status?post=123789"},{"taxonomy":"property_feature","embeddable":true,"href":"https:\/\/ruhr-real.de\/en\/wp-json\/wp\/v2\/property_feature?post=123789"},{"taxonomy":"property_label","embeddable":true,"href":"https:\/\/ruhr-real.de\/en\/wp-json\/wp\/v2\/property_label?post=123789"},{"taxonomy":"property_country","embeddable":true,"href":"https:\/\/ruhr-real.de\/en\/wp-json\/wp\/v2\/property_country?post=123789"},{"taxonomy":"property_state","embeddable":true,"href":"https:\/\/ruhr-real.de\/en\/wp-json\/wp\/v2\/property_state?post=123789"},{"taxonomy":"property_city","embeddable":true,"href":"https:\/\/ruhr-real.de\/en\/wp-json\/wp\/v2\/property_city?post=123789"},{"taxonomy":"property_area","embeddable":true,"href":"https:\/\/ruhr-real.de\/en\/wp-json\/wp\/v2\/property_area?post=123789"}],"curies":[{"name":"wp","href":"https:\/\/api.w.org\/{rel}","templated":true}]}}