{"id":124259,"date":"2024-08-01T00:01:44","date_gmt":"2024-07-31T22:01:44","guid":{"rendered":"https:\/\/2024.ruhr-real.de\/immobilien\/820-m%c2%b2-mitten-in-essen-ueber-ruhr-real-hervorragende-verkehrsanbindung-perfekte-aussicht\/"},"modified":"2024-08-01T10:56:44","modified_gmt":"2024-08-01T08:56:44","slug":"820-m%c2%b2-mitten-in-essen-ueber-ruhr-real-hervorragende-verkehrsanbindung-perfekte-aussicht","status":"publish","type":"property","link":"https:\/\/ruhr-real.de\/en\/objekt\/820-m%c2%b2-mitten-in-essen-ueber-ruhr-real-hervorragende-verkehrsanbindung-perfekte-aussicht\/","title":{"rendered":"820 m\u00b2 mitten in Essen \u00fcber RUHR REAL | hervorragende Verkehrsanbindung | perfekte Aussicht"},"content":{"rendered":"<p>Der moderne ca. 60 m hohe B\u00fcroturm bietet einen Blick weit \u00fcber die Grenzen von Essen hinaus. Ein hochwertiger und besetzter Empfangsbereich bietet einen ansprechenden Zutritt in die Immobilie. Eine hauseigene Tiefgarage im Untergeschoss verf\u00fcgt \u00fcber ausreichend Stellpl\u00e4tze.<br \/>\nIn der Lobby befindet sich ein Stehcaf\u00e9.<\/p>\n<p>Folgende Fl\u00e4chen stehen zur Disposition:<\/p>\n<p>12. OG: 820 m\u00b2<\/p>\n<p>Das Objekt besticht durch seine \u00e4usserst zentrale Lage in der Essener Innenstadt. Nur 200 Meter vom Hauptbahnhof entfernt, besteht eine perfekte \u00d6PNV Anbindung. Die attraktive Fu\u00dfg\u00e4ngerzone ist nur 100 m entfernt. Die Autobahnen A40 und A52 sind schnell in 3 Fahrminuten erreicht.<\/p>\n<p>Bedeutende Unternehmen in der B\u00fcromarktzone: Commerzbank, DAK, Deutsche Post, Sparda Bank, Deutsche Bank<\/p>\n<p>Hotels in der Umgebung: Intercity Hotel, Select Hotel, Center Hotel, Motel One, GHOTEL<\/p>\n<p>\u2022 Bodenbelag: Teppichboden<br \/>\n\u2022 Klimatisierung: klimatisiert<br \/>\n\u2022 EDV-Verkabelung: CAT-7 vom Vormieter<br \/>\n\u2022 Kabelf\u00fchrung: Fensterbankkan\u00e4le<br \/>\n\u2022 Sonnenschutz: innenliegend, manuell<br \/>\n\u2022 Teek\u00fcche: voll ausgestattet<br \/>\n\u2022 Beleuchtung: Rasterleuchten<br \/>\n\u2022 Sonstige Informationen:<\/p>\n<p>&#8211; Einzel- Zweier- oder Gro\u00dfraumb\u00fcros umsetzbar<br \/>\n&#8211; Reflexionsglas Licht absorbierend<br \/>\n&#8211; Sicherheits-Wandschr\u00e4nke<br \/>\n&#8211; Parkfl\u00e4chen im hauseigenen Parkhaus<br \/>\n&#8211; Behinderten WC im EG vorhanden<\/p>\n<p>Es gelten ausschlie\u00dflich unsere AGB (www.ruhr-real.de\/agb). Wir m\u00f6chten Sie darauf hinweisen, dass die Angaben ausschlie\u00dflich auf den uns vom Eigent\u00fcmer \u00fcbermittelten Unterlagen und Informationen basieren. F\u00fcr Richtigkeit und Vollst\u00e4ndigkeit \u00fcbernehmen wir keine Gew\u00e4hr. Zwischenvermietung vorbehalten.<br \/>\n<div class=\"widget widget_immonex_user_defined_properties_widget\"><div class=\"immonex-widget immonex-widget-houzez\">\n\t\t<div class=\"immonex-widget-title clearfix\">\n\t\t<h2 class=\"widgettitle\">Energieeffizienz<\/h2>\t<\/div>\n\t\t<ul class=\"immonex-property-details row list-lined list-unstyled\">\n\t\t\t\t<li>\n\t\t\t<div class=\"list-lined-item w-100 d-flex justify-content-between py-2\">\n\t\t\t\t\t\t\t\t<strong class=\"property-details-label\">Energieausweis-Jahrgang:<\/strong>&nbsp;<span class=\"property-details-value\">not available<\/span>\n\t\t\t\t\t\t\t<\/div>\n\t\t<\/li>\n\t\t\t<\/ul>\n<\/div><\/div><\/p>\n","protected":false},"excerpt":{"rendered":"<p>Der moderne ca. 60 m hohe B\u00fcroturm bietet einen Blick weit \u00fcber die Grenzen von Essen hinaus. Ein hochwertiger und&#8230;<\/p>\n","protected":false},"author":1,"featured_media":133734,"parent":0,"menu_order":0,"template":"","property_type":[379],"property_status":[352],"property_feature":[355,537,350,360],"property_label":[],"property_country":[353],"property_state":[],"property_city":[306],"property_area":[319],"class_list":["post-124259","property","type-property","status-publish","has-post-thumbnail","hentry","property_type-bueroflaechen","property_status-zu-vermieten","property_feature-barrierefrei","property_feature-gewerbliche-nutzung-moeglich","property_feature-raeume-veraenderbar","property_feature-rollstuhlgerecht","property_country-deutschland","property_city-essen","property_area-sudviertel"],"acf":[],"property_meta":{"_immonex_import_folder":["users\/RUHRREAL"],"_immonex_translation_id":["063\/E2"],"_openimmo_obid":["99EFB544841A4D46922D2B27C0B205BB"],"_is_immonex_import_property":["1"],"_immonex_is_reference":[""],"rank_math_internal_links_processed":["1"],"fave_property_map_address":["45127 Essen"],"fave_property_zip":["45127"],"fave_property_country":["DE"],"_immonex_lat":["51.4494769"],"_immonex_lng":["7.0194679"],"houzez_geolocation_lat":["51.4494769"],"houzez_geolocation_long":["7.0194679"],"fave_property_location":["51.4494769,7.0194679"],"fave_property_price":["12.00"],"fave_property_sec_price":["12.0000"],"fave_property_size":["820"],"fave_property_year":["1995"],"fave_property_id":["063\/E2"],"_immonex_iso_country":["DEU"],"_openimmo_anid":["0000"],"_immonex_group_number":["2"],"_immonex_group_id":[""],"_immonex_group_master":[""],"_immonex_import_meta":["a:6:{s:8:\"zip_file\";s:131:\"\/www\/htdocs\/w0172e0e\/ruhr-real_2024\/wp-content\/uploads\/immonex-openimmo-import\/users\/RUHRREAL\/Immowelt_estatePro_20240801105641.zip\";s:8:\"xml_file\";s:158:\"\/www\/htdocs\/w0172e0e\/ruhr-real_2024\/wp-content\/uploads\/immonex-openimmo-import\/immowelt_estatepro_20240801105641\/Homepage_2024_NEW_estatePro20240801105641.xml\";s:12:\"mapping_file\";s:116:\"\/www\/htdocs\/w0172e0e\/ruhr-real_2024\/wp-content\/uploads\/immonex-openimmo-import\/mappings\/houzez_ruhrreal_18122023.csv\";s:9:\"timestamp\";i:1722502605;s:4:\"date\";s:10:\"2024-08-01\";s:4:\"time\";s:8:\"10:56:45\";}"],"_immonex_is_sold":[""],"_immonex_is_reserved":[""],"_immonex_is_available":["1"],"additional_features":["a:16:{i:0;a:2:{s:29:\"fave_additional_feature_title\";s:11:\"Heizungsart\";s:29:\"fave_additional_feature_value\";s:11:\"Fernheizung\";}i:1;a:2:{s:29:\"fave_additional_feature_title\";s:14:\"Nettokaltmiete\";s:29:\"fave_additional_feature_value\";s:11:\"12&nbsp;\u20ac\";}i:2;a:2:{s:29:\"fave_additional_feature_title\";s:9:\"Kaltmiete\";s:29:\"fave_additional_feature_value\";s:11:\"12&nbsp;\u20ac\";}i:3;a:2:{s:29:\"fave_additional_feature_title\";s:29:\"monatl. Betriebs-\/Nebenkosten\";s:29:\"fave_additional_feature_value\";s:10:\"3&nbsp;\u20ac\";}i:4;a:2:{s:29:\"fave_additional_feature_title\";s:33:\"Heizkosten in Warmmiete enthalten\";s:29:\"fave_additional_feature_value\";s:4:\"nein\";}i:5;a:2:{s:29:\"fave_additional_feature_title\";s:32:\"Preise zuz\u00fcglich Mehrwertsteuer\";s:29:\"fave_additional_feature_value\";s:4:\"nein\";}i:6;a:2:{s:29:\"fave_additional_feature_title\";s:23:\"Netto-Kaltmiete pro m\u00b2\";s:29:\"fave_additional_feature_value\";s:11:\"12&nbsp;\u20ac\";}i:7;a:2:{s:29:\"fave_additional_feature_title\";s:10:\"MwSt.-Satz\";s:29:\"fave_additional_feature_value\";s:9:\"19&nbsp;%\";}i:8;a:2:{s:29:\"fave_additional_feature_title\";s:12:\"B\u00fcrofl\u00e4che\";s:29:\"fave_additional_feature_value\";s:12:\"820&nbsp;m\u00b2\";}i:9;a:2:{s:29:\"fave_additional_feature_title\";s:16:\"B\u00fcroteilfl\u00e4che\";s:29:\"fave_additional_feature_value\";s:12:\"820&nbsp;m\u00b2\";}i:10;a:2:{s:29:\"fave_additional_feature_title\";s:10:\"Teilbar ab\";s:29:\"fave_additional_feature_value\";s:12:\"820&nbsp;m\u00b2\";}i:11;a:2:{s:29:\"fave_additional_feature_title\";s:19:\"Art der Ausstattung\";s:29:\"fave_additional_feature_value\";s:8:\"Standard\";}i:12;a:2:{s:29:\"fave_additional_feature_title\";s:10:\"Bodenbelag\";s:29:\"fave_additional_feature_value\";s:7:\"Teppich\";}i:13;a:2:{s:29:\"fave_additional_feature_title\";s:13:\"Stellplatzart\";s:29:\"fave_additional_feature_value\";s:10:\"Tiefgarage\";}i:14;a:2:{s:29:\"fave_additional_feature_title\";s:7:\"Zustand\";s:29:\"fave_additional_feature_value\";s:8:\"gepflegt\";}i:15;a:2:{s:29:\"fave_additional_feature_title\";s:27:\"Immobilie ist verf\u00fcgbar ab\";s:29:\"fave_additional_feature_value\";s:6:\"sofort\";}}"],"fave_additional_features_enable":["enable"],"_immonex_custom_fields":["a:1:{s:23:\"Energieausweis-Jahrgang\";a:5:{s:14:\"mapping_source\";s:38:\"zustand_angaben->energiepass->jahrgang\";s:4:\"name\";s:0:\"\";s:5:\"group\";s:5:\"epass\";s:5:\"value\";s:13:\"not available\";s:19:\"value_before_filter\";s:4:\"ohne\";}}"],"_immonex_property_xml_source":["<?xml version=\"1.0\"?>\n<immobilie>\n<objektkategorie>\n<nutzungsart WOHNEN=\"false\" GEWERBE=\"true\"\/>\n<vermarktungsart KAUF=\"false\" MIETE_PACHT=\"true\"\/>\n<objektart>\n<buero_praxen buero_typ=\"BUEROHAUS\"\/>\n<\/objektart>\n<user_defined_simplefield\/>\n<\/objektkategorie>\n<geo>\n<plz>45127<\/plz>\n<ort>Essen<\/ort>\n<strasse>Hollestra&#xDF;e<\/strasse>\n<hausnummer>7a\/b<\/hausnummer>\n<land iso_land=\"DEU\"\/>\n<lage_im_bau\/>\n<regionaler_zusatz>S&#xFC;dviertel<\/regionaler_zusatz>\n<\/geo>\n<kontaktperson>\n<email_zentrale>anfrage@ruhr-real.de<\/email_zentrale>\n<email_direkt>bruckmann@ruhr-real.de<\/email_direkt>\n<tel_durchw>+49 201 99996337<\/tel_durchw>\n<tel_fax>+49 201 99996344<\/tel_fax>\n<tel_handy>+49 172 7088870<\/tel_handy>\n<name>Bruckmann<\/name>\n<vorname>Jonas<\/vorname>\n<anrede>Herr<\/anrede>\n<firma>RUHR REAL GmbH<\/firma>\n<strasse>Holsterhauser Platz<\/strasse>\n<hausnummer>2<\/hausnummer>\n<plz>45147<\/plz>\n<ort>Essen<\/ort>\n<adressfreigabe>true<\/adressfreigabe>\n<\/kontaktperson>\n<preise>\n<nettokaltmiete>12.00<\/nettokaltmiete>\n<kaltmiete>12.00<\/kaltmiete>\n<nebenkosten>3.00<\/nebenkosten>\n<heizkosten_enthalten>false<\/heizkosten_enthalten>\n<zzg_mehrwertsteuer>false<\/zzg_mehrwertsteuer>\n<preis_zeiteinheit\/>\n<mietpreis_pro_qm>12.0000<\/mietpreis_pro_qm>\n<provisionspflichtig>false<\/provisionspflichtig>\n<waehrung iso_waehrung=\"EUR\"\/>\n<mwst_satz>19.00<\/mwst_satz>\n<stp_carport\/>\n<stp_duplex\/>\n<stp_freiplatz\/>\n<stp_garage\/>\n<stp_parkhaus\/>\n<stp_tiefgarage\/>\n<\/preise>\n<bieterverfahren\/>\n<versteigerung\/>\n<flaechen>\n<bueroflaeche>820<\/bueroflaeche>\n<bueroteilflaeche>820<\/bueroteilflaeche>\n<teilbar_ab>820<\/teilbar_ab>\n<anzahl_stellplaetze type=\"xsd:decimal\">25<\/anzahl_stellplaetze>\n<\/flaechen>\n<ausstattung>\n<ausstatt_kategorie>STANDARD<\/ausstatt_kategorie>\n<raeume_veraenderbar>true<\/raeume_veraenderbar>\n<bad\/>\n<kueche\/>\n<boden TEPPICH=\"true\"\/>\n<heizungsart FERN=\"true\"\/>\n<befeuerung\/>\n<fahrstuhl\/>\n<stellplatzart TIEFGARAGE=\"true\"\/>\n<ausricht_balkon_terrasse\/>\n<rollstuhlgerecht>true<\/rollstuhlgerecht>\n<barrierefrei>true<\/barrierefrei>\n<angeschl_gastronomie\/>\n<sicherheitstechnik\/>\n<\/ausstattung>\n<zustand_angaben>\n<baujahr>1995<\/baujahr>\n<zustand zustand_art=\"GEPFLEGT\"\/>\n<energiepass>\n<jahrgang>ohne<\/jahrgang>\n<\/energiepass>\n<\/zustand_angaben>\n<bewertung\/>\n<infrastruktur\/>\n<freitexte>\n<objekttitel>820 m&#xB2; mitten in Essen &#xFC;ber RUHR REAL | hervorragende Verkehrsanbindung | perfekte Aussicht<\/objekttitel>\n<lage>Das Objekt besticht durch seine &#xE4;usserst zentrale Lage in der Essener Innenstadt. Nur 200 Meter vom Hauptbahnhof entfernt, besteht eine perfekte &#xD6;PNV Anbindung. Die attraktive Fu&#xDF;g&#xE4;ngerzone ist nur 100 m entfernt. Die Autobahnen A40 und A52 sind schnell in 3 Fahrminuten erreicht.\n\nBedeutende Unternehmen in der B&#xFC;romarktzone: Commerzbank, DAK, Deutsche Post, Sparda Bank, Deutsche Bank\n\nHotels in der Umgebung: Intercity Hotel, Select Hotel, Center Hotel, Motel One, GHOTEL<\/lage>\n<ausstatt_beschr>&#x2022; Bodenbelag: Teppichboden\n&#x2022; Klimatisierung: klimatisiert\n&#x2022; EDV-Verkabelung: CAT-7 vom Vormieter\n&#x2022; Kabelf&#xFC;hrung: Fensterbankkan&#xE4;le\n&#x2022; Sonnenschutz: innenliegend, manuell\n&#x2022; Teek&#xFC;che: voll ausgestattet\n&#x2022; Beleuchtung: Rasterleuchten\n&#x2022; Sonstige Informationen:\n\n- Einzel- Zweier- oder Gro&#xDF;raumb&#xFC;ros umsetzbar\n- Reflexionsglas Licht absorbierend\n- Sicherheits-Wandschr&#xE4;nke\n- Parkfl&#xE4;chen im hauseigenen Parkhaus\n- Behinderten WC im EG vorhanden<\/ausstatt_beschr>\n<objektbeschreibung>Der moderne ca. 60 m hohe B&#xFC;roturm bietet einen Blick weit &#xFC;ber die Grenzen von Essen hinaus. Ein hochwertiger und besetzter Empfangsbereich bietet einen ansprechenden Zutritt in die Immobilie. Eine hauseigene Tiefgarage im Untergeschoss verf&#xFC;gt &#xFC;ber ausreichend Stellpl&#xE4;tze.\nIn der Lobby befindet sich ein Stehcaf&#xE9;.\n\nFolgende Fl&#xE4;chen stehen zur Disposition:\n\n12. OG: 820 m&#xB2;\n\n\n<\/objektbeschreibung><sonstige_angaben>Es gelten ausschlie&#xDF;lich unsere AGB (www.ruhr-real.de\/agb). Wir m&#xF6;chten Sie darauf hinweisen, dass die Angaben ausschlie&#xDF;lich auf den uns vom Eigent&#xFC;mer &#xFC;bermittelten Unterlagen und Informationen basieren. F&#xFC;r Richtigkeit und Vollst&#xE4;ndigkeit &#xFC;bernehmen wir keine Gew&#xE4;hr. Zwischenvermietung vorbehalten.<\/sonstige_angaben>\n<\/freitexte>\n<anhaenge>\n<anhang location=\"EXTERN\" gruppe=\"TITELBILD\">\n<anhangtitel>Au&#xDF;enaufnahme<\/anhangtitel>\n<format>jpg<\/format>\n<daten>\n<pfad>d3ca05d54b6541a397e6dbdec885bd92.jpg<\/pfad>\n<\/daten>\n<\/anhang>\n<anhang location=\"EXTERN\" gruppe=\"BILD\">\n<anhangtitel>Au&#xDF;enaufnahme<\/anhangtitel>\n<format>jpg<\/format>\n<daten>\n<pfad>36fbfb70b01a42e2975c11a757ced701.jpg<\/pfad>\n<\/daten>\n<\/anhang>\n<anhang location=\"EXTERN\" gruppe=\"BILD\">\n<anhangtitel>Innen<\/anhangtitel>\n<format>jpg<\/format>\n<daten>\n<pfad>6caafd51d7954a94bc39b821f9c15b9c.jpg<\/pfad>\n<\/daten>\n<\/anhang>\n<anhang location=\"EXTERN\" gruppe=\"BILD\">\n<anhangtitel>Innen<\/anhangtitel>\n<format>jpg<\/format>\n<daten>\n<pfad>90002ad035394d49a92a8eb4ddfed289.jpg<\/pfad>\n<\/daten>\n<\/anhang>\n<anhang location=\"EXTERN\" gruppe=\"BILD\">\n<anhangtitel>Innen<\/anhangtitel>\n<format>jpg<\/format>\n<daten>\n<pfad>782c4b39ed564a629f75346b474b8415.jpg<\/pfad>\n<\/daten>\n<\/anhang>\n<anhang location=\"EXTERN\" gruppe=\"BILD\">\n<anhangtitel>Innen<\/anhangtitel>\n<format>jpg<\/format>\n<daten>\n<pfad>08f29e70f62c4f0fa7bb2e5d5cd81a29.jpg<\/pfad>\n<\/daten>\n<\/anhang>\n<anhang location=\"EXTERN\" gruppe=\"BILD\">\n<anhangtitel>Au&#xDF;enaufnahme<\/anhangtitel>\n<format>jpg<\/format>\n<daten>\n<pfad>c1a1c29f4d79435d96e21dffd442d414.jpg<\/pfad>\n<\/daten>\n<\/anhang>\n<anhang location=\"EXTERN\" gruppe=\"BILD\">\n<anhangtitel>Au&#xDF;enaufnahme<\/anhangtitel>\n<format>jpg<\/format>\n<daten>\n<pfad>bdb9825f0c764359a8d8742f31d8ed3b.jpg<\/pfad>\n<\/daten>\n<\/anhang>\n<anhang location=\"EXTERN\" gruppe=\"GRUNDRISS\">\n<anhangtitel>11. OG<\/anhangtitel>\n<format>PNG<\/format>\n<daten>\n<pfad>6da0e2f928f9460fb5502e9b51a53c45.PNG<\/pfad>\n<\/daten>\n<\/anhang>\n<anhang location=\"EXTERN\" gruppe=\"GRUNDRISS\">\n<anhangtitel>12. OG<\/anhangtitel>\n<format>PNG<\/format>\n<daten>\n<pfad>23ab7930474e4a5f924fd0b17a17fb14.PNG<\/pfad>\n<\/daten>\n<\/anhang>\n<\/anhaenge>\n<verwaltung_objekt>\n<objektadresse_freigeben>false<\/objektadresse_freigeben>\n<verfuegbar_ab>sofort<\/verfuegbar_ab>\n<gruppennummer>2<\/gruppennummer>\n<geschlecht\/>\n<gewerbliche_nutzung>true<\/gewerbliche_nutzung>\n<\/verwaltung_objekt>\n<verwaltung_techn>\n<objektnr_intern>99EFB544841A4D46922D2B27C0B205BB<\/objektnr_intern>\n<objektnr_extern>063\/E2<\/objektnr_extern>\n<aktion aktionart=\"CHANGE\"\/>\n<openimmo_obid>99EFB544841A4D46922D2B27C0B205BB<\/openimmo_obid>\n<kennung_ursprung>estatePro V10.0.0.8<\/kennung_ursprung>\n<stand_vom>2024-08-01<\/stand_vom>\n<\/verwaltung_techn>\n<user_defined_simplefield feldname=\"Startseite\">Nein<\/user_defined_simplefield>\n<\/immobilie>\n"],"_thumbnail_id":["133734"],"fave_property_images":["133734","133735","133736","133737","133738","133739","133740","133741"],"fave_floor_plans_enable":["enable"],"floor_plans":["a:2:{i:0;a:7:{s:15:\"fave_plan_title\";s:6:\"11. OG\";s:15:\"fave_plan_rooms\";s:0:\"\";s:19:\"fave_plan_bathrooms\";s:0:\"\";s:15:\"fave_plan_price\";s:0:\"\";s:14:\"fave_plan_size\";s:0:\"\";s:15:\"fave_plan_image\";s:93:\"https:\/\/ruhr-real.de\/wp-content\/uploads\/2024\/08\/6da0e2f928f9460fb5502e9b51a53c45-567x1024.png\";s:21:\"fave_plan_description\";s:0:\"\";}i:1;a:7:{s:15:\"fave_plan_title\";s:6:\"12. OG\";s:15:\"fave_plan_rooms\";s:0:\"\";s:19:\"fave_plan_bathrooms\";s:0:\"\";s:15:\"fave_plan_price\";s:0:\"\";s:14:\"fave_plan_size\";s:0:\"\";s:15:\"fave_plan_image\";s:93:\"https:\/\/ruhr-real.de\/wp-content\/uploads\/2024\/08\/23ab7930474e4a5f924fd0b17a17fb14-516x1024.png\";s:21:\"fave_plan_description\";s:0:\"\";}}"],"fave_prop_homeslider":["yes"],"fave_prop_slider_image":["133734"],"fave_agents":["111496"],"fave_agent_display_option":["agent_info"],"fave_single_top_area":["global"],"fave_single_content_area":["global"],"fave_property_map":["1"],"fave_property_map_street_view":["hide"],"fave_property_size_prefix":["m\u00b2"],"fave_property_land_postfix":["m\u00b2"],"fave_featured":["0"],"houzez_featured_listing_date":[""],"fave_property_price_postfix":["pro&nbsp;m\u00b2"],"fave_currency":["EUR"],"fave_currency_info":["a:8:{s:2:\"id\";s:1:\"1\";s:13:\"currency_name\";s:4:\"Euro\";s:13:\"currency_code\";s:3:\"EUR\";s:15:\"currency_symbol\";s:3:\"\u20ac\";s:17:\"currency_position\";s:5:\"after\";s:16:\"currency_decimal\";s:1:\"2\";s:26:\"currency_decimal_separator\";s:1:\",\";s:27:\"currency_thousand_separator\";s:1:\".\";}"],"houzez_total_property_views":["2090"],"houzez_views_by_date":["a:61:{s:10:\"02-27-2026\";i:4;s:10:\"02-28-2026\";i:4;s:10:\"03-01-2026\";i:4;s:10:\"03-02-2026\";i:4;s:10:\"03-03-2026\";i:4;s:10:\"03-04-2026\";i:4;s:10:\"03-05-2026\";i:6;s:10:\"03-06-2026\";i:4;s:10:\"03-07-2026\";i:4;s:10:\"03-08-2026\";i:4;s:10:\"03-09-2026\";i:6;s:10:\"03-10-2026\";i:4;s:10:\"03-11-2026\";i:4;s:10:\"03-12-2026\";i:4;s:10:\"03-13-2026\";i:4;s:10:\"03-14-2026\";i:4;s:10:\"03-15-2026\";i:4;s:10:\"03-16-2026\";i:2;s:10:\"03-17-2026\";i:7;s:10:\"03-18-2026\";i:6;s:10:\"03-19-2026\";i:4;s:10:\"03-20-2026\";i:6;s:10:\"03-21-2026\";i:4;s:10:\"03-22-2026\";i:4;s:10:\"03-23-2026\";i:4;s:10:\"03-24-2026\";i:4;s:10:\"03-25-2026\";i:4;s:10:\"03-26-2026\";i:6;s:10:\"03-27-2026\";i:4;s:10:\"03-28-2026\";i:4;s:10:\"03-29-2026\";i:4;s:10:\"03-30-2026\";i:6;s:10:\"03-31-2026\";i:4;s:10:\"04-01-2026\";i:7;s:10:\"04-02-2026\";i:8;s:10:\"04-03-2026\";i:8;s:10:\"04-04-2026\";i:8;s:10:\"04-05-2026\";i:8;s:10:\"04-06-2026\";i:8;s:10:\"04-07-2026\";i:12;s:10:\"04-08-2026\";i:6;s:10:\"04-09-2026\";i:8;s:10:\"04-10-2026\";i:8;s:10:\"04-11-2026\";i:8;s:10:\"04-12-2026\";i:8;s:10:\"04-13-2026\";i:8;s:10:\"04-14-2026\";i:8;s:10:\"04-15-2026\";i:8;s:10:\"04-16-2026\";i:8;s:10:\"04-17-2026\";i:8;s:10:\"04-18-2026\";i:8;s:10:\"04-19-2026\";i:8;s:10:\"04-20-2026\";i:8;s:10:\"04-21-2026\";i:8;s:10:\"04-22-2026\";i:8;s:10:\"04-23-2026\";i:8;s:10:\"04-24-2026\";i:8;s:10:\"04-25-2026\";i:8;s:10:\"04-26-2026\";i:8;s:10:\"04-27-2026\";i:8;s:10:\"04-28-2026\";i:3;}"],"houzez_recently_viewed":["2026-04-28 10:29:10"],"tp_widgets":["a:2:{s:7:\"widgets\";a:0:{}s:9:\"update_at\";s:10:\"1764682733\";}"],"_elementor_page_assets":["a:0:{}"]},"_links":{"self":[{"href":"https:\/\/ruhr-real.de\/en\/wp-json\/wp\/v2\/properties\/124259","targetHints":{"allow":["GET"]}}],"collection":[{"href":"https:\/\/ruhr-real.de\/en\/wp-json\/wp\/v2\/properties"}],"about":[{"href":"https:\/\/ruhr-real.de\/en\/wp-json\/wp\/v2\/types\/property"}],"author":[{"embeddable":true,"href":"https:\/\/ruhr-real.de\/en\/wp-json\/wp\/v2\/users\/1"}],"version-history":[{"count":0,"href":"https:\/\/ruhr-real.de\/en\/wp-json\/wp\/v2\/properties\/124259\/revisions"}],"wp:featuredmedia":[{"embeddable":true,"href":"https:\/\/ruhr-real.de\/en\/wp-json\/wp\/v2\/media\/133734"}],"wp:attachment":[{"href":"https:\/\/ruhr-real.de\/en\/wp-json\/wp\/v2\/media?parent=124259"}],"wp:term":[{"taxonomy":"property_type","embeddable":true,"href":"https:\/\/ruhr-real.de\/en\/wp-json\/wp\/v2\/property_type?post=124259"},{"taxonomy":"property_status","embeddable":true,"href":"https:\/\/ruhr-real.de\/en\/wp-json\/wp\/v2\/property_status?post=124259"},{"taxonomy":"property_feature","embeddable":true,"href":"https:\/\/ruhr-real.de\/en\/wp-json\/wp\/v2\/property_feature?post=124259"},{"taxonomy":"property_label","embeddable":true,"href":"https:\/\/ruhr-real.de\/en\/wp-json\/wp\/v2\/property_label?post=124259"},{"taxonomy":"property_country","embeddable":true,"href":"https:\/\/ruhr-real.de\/en\/wp-json\/wp\/v2\/property_country?post=124259"},{"taxonomy":"property_state","embeddable":true,"href":"https:\/\/ruhr-real.de\/en\/wp-json\/wp\/v2\/property_state?post=124259"},{"taxonomy":"property_city","embeddable":true,"href":"https:\/\/ruhr-real.de\/en\/wp-json\/wp\/v2\/property_city?post=124259"},{"taxonomy":"property_area","embeddable":true,"href":"https:\/\/ruhr-real.de\/en\/wp-json\/wp\/v2\/property_area?post=124259"}],"curies":[{"name":"wp","href":"https:\/\/api.w.org\/{rel}","templated":true}]}}