{"id":125886,"date":"2024-05-10T06:21:30","date_gmt":"2024-05-10T04:21:30","guid":{"rendered":"https:\/\/2024.ruhr-real.de\/immobilien\/repraesentative-und-hochwertige-hallenflaeche-in-essen-angrenzende-bueroflaechen-ruhr-real-2\/"},"modified":"2024-05-10T06:21:30","modified_gmt":"2024-05-10T04:21:30","slug":"repraesentative-und-hochwertige-hallenflaeche-in-essen-angrenzende-bueroflaechen-ruhr-real-2","status":"publish","type":"property","link":"https:\/\/ruhr-real.de\/en\/objekt\/repraesentative-und-hochwertige-hallenflaeche-in-essen-angrenzende-bueroflaechen-ruhr-real-2\/","title":{"rendered":"Repr\u00e4sentative und hochwertige Hallenfl\u00e4che in Essen | angrenzende B\u00fcrofl\u00e4chen | RUHR REAL"},"content":{"rendered":"<p>Die angebotene Liegenschaft hat eine hochwertige Zufahrt f\u00fcr das B\u00fcrogeb\u00e4ude und die Hallenfl\u00e4chen, sowie eine eigene Zufahrt f\u00fcr die r\u00fcckw\u00e4rtige Andienungsseite. Die Lagerhalle hat 8 kleine Kranbahnen mit einer Traglast von jeweils 5t und eine Deckenh\u00f6he von 6m &#8211; 8m UKB. Das Objekt hat zus\u00e4tzlich einen seitlichen  Parkplatz mit 138 PKW-Stellpl\u00e4tzen. Hinter der Liegenschaft befindet sich direkt der Essener Stadthafen\/Wasserandienung.<\/p>\n<p>Zurzeit stehen folgende Fl\u00e4chen zur Verf\u00fcgung:<\/p>\n<p>Halle: 5.006 m\u00b2<br \/>\nWerkstattfl\u00e4chen: 908 m\u00b2<br \/>\nServicefl\u00e4chen: 626 m\u00b2<br \/>\nSozialfl\u00e4chen: 388 m\u00b2<br \/>\nTechnikfl\u00e4chen: 455 m\u00b2<br \/>\nB\u00fcro: 1.144 m\u00b2<br \/>\nFreifl\u00e4che: 3.250 m\u00b2<\/p>\n<p>Das Objekt befindet sich in Essen Vogelheim in unmittelbarer N\u00e4he zur Autobahn A 42. Die Autobahnen A 2 und A 40 sind ebenfalls in nur wenigen Fahrminuten erreichbar. \u00d6PNV-Anbindungen sind innerhalb von einer Gehminute zu erreichen. L\u00e4den des t\u00e4glichen Bedarfs und Gastronomien sind in wenigen Minuten fu\u00dfl\u00e4ufig zu erreichen.<\/p>\n<p>Ausstattung Halle:<\/p>\n<p>\u2022 Hallenboden rutschbeschichtet<br \/>\n\u2022 Brandschutz: Brandmeldeanlage<br \/>\n\u2022 8 kleine Kranbahnen (5t)<br \/>\n\u2022 Beleuchtung: Lichtb\u00e4nder<br \/>\n\u2022 \u00dcberdachte Anlieferung<br \/>\n\u2022 Hallenh\u00f6he: ca. 6m &#8211; 8m UKB<br \/>\n\u2022 Druckluft und Kompressoranlage<\/p>\n<p>Ausstattung B\u00fcrogeb\u00e4ude:<\/p>\n<p>\u2022 Repr\u00e4sentativer, modern gestalteter Eingangsbereich mit Empfang<br \/>\n\u2022 Klimatisierung: klimatisierte B\u00fcro- und Besprechungsr\u00e4ume<br \/>\n\u2022 Elektrische Au\u00dfenjalousien<br \/>\n\u2022 Verkabelung: CAT-7<br \/>\n\u2022 Access Points<br \/>\n\u2022 Bodenbelag: Hochwertige Teppichb\u00f6den<br \/>\n\u2022 Hochwertige, moderne Sanit\u00e4rbereiche<br \/>\n\u2022 Interne Sicherheitsschlie\u00dfung<br \/>\n\u2022 Alarmanlage mit Video\u00fcberwachung<\/p>\n<p>Es gelten ausschlie\u00dflich unsere AGB (www.ruhr-real.de\/agb). Wir m\u00f6chten Sie darauf hinweisen, dass die Angaben ausschlie\u00dflich auf den uns vom Eigent\u00fcmer \u00fcbermittelten Unterlagen und Informationen basieren. F\u00fcr Richtigkeit und Vollst\u00e4ndigkeit \u00fcbernehmen wir keine Gew\u00e4hr. Zwischenvermietung vorbehalten.<br \/>\n<div class=\"widget widget_immonex_user_defined_properties_widget\"><div class=\"immonex-widget immonex-widget-houzez\">\n\t\t<div class=\"immonex-widget-title clearfix\">\n\t\t<h2 class=\"widgettitle\">Energieeffizienz<\/h2>\t<\/div>\n\t\t<ul class=\"immonex-property-details row list-lined list-unstyled\">\n\t\t\t\t<li>\n\t\t\t<div class=\"list-lined-item w-100 d-flex justify-content-between py-2\">\n\t\t\t\t\t\t\t\t<strong class=\"property-details-label\">Energieausweis-Jahrgang:<\/strong>&nbsp;<span class=\"property-details-value\">not available<\/span>\n\t\t\t\t\t\t\t<\/div>\n\t\t<\/li>\n\t\t\t<\/ul>\n<\/div><\/div><\/p>\n","protected":false},"excerpt":{"rendered":"<p>Die angebotene Liegenschaft hat eine hochwertige Zufahrt f\u00fcr das B\u00fcrogeb\u00e4ude und die Hallenfl\u00e4chen, sowie eine&#8230;<\/p>\n","protected":false},"author":1,"featured_media":125887,"parent":0,"menu_order":0,"template":"","property_type":[380],"property_status":[352],"property_feature":[355,350],"property_label":[],"property_country":[353],"property_state":[],"property_city":[306],"property_area":[],"class_list":["post-125886","property","type-property","status-publish","has-post-thumbnail","hentry","property_type-lager-und-produktionsflaechen","property_status-zu-vermieten","property_feature-barrierefrei","property_feature-raeume-veraenderbar","property_country-deutschland","property_city-essen"],"acf":[],"property_meta":{"_immonex_import_folder":["users\/RUHRREAL"],"fave_property_map_address":["45356 Essen"],"fave_property_zip":["45356"],"fave_property_country":["DE"],"_immonex_lat":["51.4783634"],"_immonex_lng":["6.9762042"],"houzez_geolocation_lat":["51.4783634"],"houzez_geolocation_long":["6.9762042"],"fave_property_location":["51.4783634,6.9762042"],"fave_property_price":["65000.00"],"fave_property_land":["22400"],"fave_property_size":["15271"],"fave_property_year":["2014"],"fave_property_id":["1834"],"_immonex_translation_id":["1834"],"_immonex_iso_country":["DEU"],"_openimmo_obid":["DB45A178E6D442D9B04709250EA3E40C"],"_openimmo_anid":["0000"],"_immonex_group_number":["16"],"_immonex_group_id":[""],"_immonex_group_master":[""],"_immonex_import_meta":["a:6:{s:8:\"zip_file\";s:131:\"\/www\/htdocs\/w0172e0e\/ruhr-real_2024\/wp-content\/uploads\/immonex-openimmo-import\/users\/RUHRREAL\/Immowelt_estatePro_20240510093348.zip\";s:8:\"xml_file\";s:158:\"\/www\/htdocs\/w0172e0e\/ruhr-real_2024\/wp-content\/uploads\/immonex-openimmo-import\/immowelt_estatepro_20240510093348\/Homepage_2024_NEW_estatePro20240510093348.xml\";s:12:\"mapping_file\";s:116:\"\/www\/htdocs\/w0172e0e\/ruhr-real_2024\/wp-content\/uploads\/immonex-openimmo-import\/mappings\/houzez_ruhrreal_18122023.csv\";s:9:\"timestamp\";i:1715335710;s:4:\"date\";s:10:\"2024-05-10\";s:4:\"time\";s:8:\"12:08:30\";}"],"_is_immonex_import_property":["1"],"_immonex_is_reference":[""],"_immonex_is_sold":[""],"_immonex_is_reserved":[""],"_immonex_is_available":["1"],"additional_features":["a:14:{i:0;a:2:{s:29:\"fave_additional_feature_title\";s:14:\"Nettokaltmiete\";s:29:\"fave_additional_feature_value\";s:15:\"65.000&nbsp;\u20ac\";}i:1;a:2:{s:29:\"fave_additional_feature_title\";s:9:\"Kaltmiete\";s:29:\"fave_additional_feature_value\";s:15:\"65.000&nbsp;\u20ac\";}i:2;a:2:{s:29:\"fave_additional_feature_title\";s:33:\"Heizkosten in Warmmiete enthalten\";s:29:\"fave_additional_feature_value\";s:4:\"nein\";}i:3;a:2:{s:29:\"fave_additional_feature_title\";s:32:\"Preise zuz\u00fcglich Mehrwertsteuer\";s:29:\"fave_additional_feature_value\";s:4:\"nein\";}i:4;a:2:{s:29:\"fave_additional_feature_title\";s:10:\"MwSt.-Satz\";s:29:\"fave_additional_feature_value\";s:9:\"19&nbsp;%\";}i:5;a:2:{s:29:\"fave_additional_feature_title\";s:13:\"Gesamtfl\u00e4che\";s:29:\"fave_additional_feature_value\";s:15:\"15.271&nbsp;m\u00b2\";}i:6;a:2:{s:29:\"fave_additional_feature_title\";s:12:\"Lagerfl\u00e4che\";s:29:\"fave_additional_feature_value\";s:14:\"8.163&nbsp;m\u00b2\";}i:7;a:2:{s:29:\"fave_additional_feature_title\";s:11:\"Freifl\u00e4che\";s:29:\"fave_additional_feature_value\";s:14:\"3.250&nbsp;m\u00b2\";}i:8;a:2:{s:29:\"fave_additional_feature_title\";s:12:\"B\u00fcrofl\u00e4che\";s:29:\"fave_additional_feature_value\";s:14:\"3.858&nbsp;m\u00b2\";}i:9;a:2:{s:29:\"fave_additional_feature_title\";s:16:\"B\u00fcroteilfl\u00e4che\";s:29:\"fave_additional_feature_value\";s:12:\"388&nbsp;m\u00b2\";}i:10;a:2:{s:29:\"fave_additional_feature_title\";s:19:\"Art der Ausstattung\";s:29:\"fave_additional_feature_value\";s:7:\"gehoben\";}i:11;a:2:{s:29:\"fave_additional_feature_title\";s:13:\"Stellplatzart\";s:29:\"fave_additional_feature_value\";s:9:\"Freiplatz\";}i:12;a:2:{s:29:\"fave_additional_feature_title\";s:7:\"Zustand\";s:29:\"fave_additional_feature_value\";s:9:\"neuwertig\";}i:13;a:2:{s:29:\"fave_additional_feature_title\";s:27:\"Immobilie ist verf\u00fcgbar ab\";s:29:\"fave_additional_feature_value\";s:10:\"01.01.2022\";}}"],"fave_additional_features_enable":["enable"],"_immonex_custom_fields":["a:1:{s:23:\"Energieausweis-Jahrgang\";a:5:{s:14:\"mapping_source\";s:38:\"zustand_angaben->energiepass->jahrgang\";s:4:\"name\";s:0:\"\";s:5:\"group\";s:5:\"epass\";s:5:\"value\";s:13:\"not available\";s:19:\"value_before_filter\";s:4:\"ohne\";}}"],"_immonex_property_xml_source":["<?xml version=\"1.0\"?>\n<immobilie>\n<objektkategorie>\n<nutzungsart WOHNEN=\"false\" GEWERBE=\"true\"\/>\n<vermarktungsart KAUF=\"false\" MIETE_PACHT=\"true\"\/>\n<objektart>\n<hallen_lager_prod\/>\n<\/objektart>\n<user_defined_simplefield\/>\n<\/objektkategorie>\n<geo>\n<plz>45356<\/plz>\n<ort>Essen<\/ort>\n<strasse>Zur Halbinsel<\/strasse>\n<hausnummer>6<\/hausnummer>\n<land iso_land=\"DEU\"\/>\n<lage_im_bau\/>\n<\/geo>\n<kontaktperson>\n<email_zentrale>anfrage@ruhr-real.de<\/email_zentrale>\n<email_direkt>degenhardt@ruhr-real.de<\/email_direkt>\n<tel_durchw>+49 201 99996336<\/tel_durchw>\n<tel_fax>+49 201 99996344<\/tel_fax>\n<tel_handy>+49 162 4398000<\/tel_handy>\n<name>Degenhardt<\/name>\n<vorname>Marius<\/vorname>\n<anrede>Herr<\/anrede>\n<firma>RUHR REAL GmbH<\/firma>\n<strasse>Holsterhauser Platz<\/strasse>\n<hausnummer>2<\/hausnummer><plz>45147<\/plz>\n<ort>Essen<\/ort>\n<adressfreigabe>true<\/adressfreigabe>\n<\/kontaktperson>\n<preise>\n<nettokaltmiete>65000.00<\/nettokaltmiete>\n<kaltmiete>65000.00<\/kaltmiete>\n<heizkosten_enthalten>false<\/heizkosten_enthalten>\n<zzg_mehrwertsteuer>false<\/zzg_mehrwertsteuer>\n<preis_zeiteinheit\/>\n<provisionspflichtig>false<\/provisionspflichtig>\n<waehrung iso_waehrung=\"EUR\"\/>\n<mwst_satz>19.00<\/mwst_satz>\n<stp_carport\/>\n<stp_duplex\/>\n<stp_freiplatz\/>\n<stp_garage\/>\n<stp_parkhaus\/>\n<stp_tiefgarage\/>\n<\/preise>\n<bieterverfahren\/>\n<versteigerung\/>\n<flaechen>\n<gesamtflaeche>15271<\/gesamtflaeche>\n<lagerflaeche>8163<\/lagerflaeche>\n<freiflaeche>3250<\/freiflaeche>\n<bueroflaeche>3858<\/bueroflaeche>\n<bueroteilflaeche>388<\/bueroteilflaeche>\n<grundstuecksflaeche>22400<\/grundstuecksflaeche>\n<anzahl_stellplaetze type=\"xsd:decimal\">138<\/anzahl_stellplaetze>\n<\/flaechen>\n<ausstattung>\n<ausstatt_kategorie>GEHOBEN<\/ausstatt_kategorie>\n<raeume_veraenderbar>true<\/raeume_veraenderbar>\n<bad\/>\n<kueche\/>\n<heizungsart\/>\n<befeuerung\/>\n<fahrstuhl\/>\n<stellplatzart FREIPLATZ=\"true\"\/>\n<ausricht_balkon_terrasse\/>\n<barrierefrei>true<\/barrierefrei>\n<angeschl_gastronomie\/>\n<sicherheitstechnik\/>\n<\/ausstattung>\n<zustand_angaben>\n<baujahr>2014<\/baujahr>\n<zustand zustand_art=\"NEUWERTIG\"\/>\n<energiepass>\n<jahrgang>ohne<\/jahrgang>\n<\/energiepass>\n<\/zustand_angaben>\n<bewertung\/>\n<infrastruktur>\n<zulieferung>true<\/zulieferung>\n<\/infrastruktur>\n<freitexte>\n<objekttitel>Repr&#xE4;sentative und hochwertige Hallenfl&#xE4;che in Essen | angrenzende B&#xFC;rofl&#xE4;chen | RUHR REAL<\/objekttitel>\n<lage>Das Objekt befindet sich in Essen Vogelheim in unmittelbarer N&#xE4;he zur Autobahn A 42. Die Autobahnen A 2 und A 40 sind ebenfalls in nur wenigen Fahrminuten erreichbar. &#xD6;PNV-Anbindungen sind innerhalb von einer Gehminute zu erreichen. L&#xE4;den des t&#xE4;glichen Bedarfs und Gastronomien sind in wenigen Minuten fu&#xDF;l&#xE4;ufig zu erreichen.\n<\/lage>\n<ausstatt_beschr>Ausstattung Halle:\n\n&#x2022; Hallenboden rutschbeschichtet\n&#x2022; Brandschutz: Brandmeldeanlage\n&#x2022; 8 kleine Kranbahnen (5t)\n&#x2022; Beleuchtung: Lichtb&#xE4;nder\n&#x2022; &#xDC;berdachte Anlieferung\n&#x2022; Hallenh&#xF6;he: ca. 6m - 8m UKB\n&#x2022; Druckluft und Kompressoranlage\n \n\nAusstattung B&#xFC;rogeb&#xE4;ude:\n\n&#x2022; Repr&#xE4;sentativer, modern gestalteter Eingangsbereich mit Empfang\n&#x2022; Klimatisierung: klimatisierte B&#xFC;ro- und Besprechungsr&#xE4;ume\n&#x2022; Elektrische Au&#xDF;enjalousien\n&#x2022; Verkabelung: CAT-7\n&#x2022; Access Points\n&#x2022; Bodenbelag: Hochwertige Teppichb&#xF6;den\n&#x2022; Hochwertige, moderne Sanit&#xE4;rbereiche\n&#x2022; Interne Sicherheitsschlie&#xDF;ung\n&#x2022; Alarmanlage mit Video&#xFC;berwachung<\/ausstatt_beschr>\n<objektbeschreibung>Die angebotene Liegenschaft hat eine hochwertige Zufahrt f&#xFC;r das B&#xFC;rogeb&#xE4;ude und die Hallenfl&#xE4;chen, sowie eine eigene Zufahrt f&#xFC;r die r&#xFC;ckw&#xE4;rtige Andienungsseite. Die Lagerhalle hat 8 kleine Kranbahnen mit einer Traglast von jeweils 5t und eine Deckenh&#xF6;he von 6m - 8m UKB. Das Objekt hat zus&#xE4;tzlich einen seitlichen  Parkplatz mit 138 PKW-Stellpl&#xE4;tzen. Hinter der Liegenschaft befindet sich direkt der Essener Stadthafen\/Wasserandienung.\n\nZurzeit stehen folgende Fl&#xE4;chen zur Verf&#xFC;gung:\n\nHalle: 5.006 m&#xB2; \nWerkstattfl&#xE4;chen: 908 m&#xB2; \nServicefl&#xE4;chen: 626 m&#xB2; \nSozialfl&#xE4;chen: 388 m&#xB2;\nTechnikfl&#xE4;chen: 455 m&#xB2; \nB&#xFC;ro: 1.144 m&#xB2; \nFreifl&#xE4;che: 3.250 m&#xB2; <\/objektbeschreibung>\n<sonstige_angaben>Es gelten ausschlie&#xDF;lich unsere AGB (www.ruhr-real.de\/agb). Wir m&#xF6;chten Sie darauf hinweisen, dass die Angaben ausschlie&#xDF;lich auf den uns vom Eigent&#xFC;mer &#xFC;bermittelten Unterlagen und Informationen basieren. F&#xFC;r Richtigkeit und Vollst&#xE4;ndigkeit &#xFC;bernehmen wir keine Gew&#xE4;hr. Zwischenvermietung vorbehalten.<\/sonstige_angaben>\n<\/freitexte>\n<anhaenge>\n<anhang location=\"EXTERN\" gruppe=\"TITELBILD\">\n<anhangtitel>Drohnenaufnahme<\/anhangtitel>\n<format>jpg<\/format>\n<daten>\n<pfad>674378469724467cba3a55e812de0cb6.jpg<\/pfad>\n<\/daten>\n<\/anhang>\n<anhang location=\"EXTERN\" gruppe=\"BILD\">\n<anhangtitel>Drohnenaufnahme<\/anhangtitel>\n<format>jpg<\/format>\n<daten>\n<pfad>667cbbfd180748898b7c3bdad5a6aef9.jpg<\/pfad>\n<\/daten>\n<\/anhang>\n<anhang location=\"EXTERN\" gruppe=\"BILD\"><anhangtitel>Au&#xDF;enfl&#xE4;che<\/anhangtitel>\n<format>PNG<\/format>\n<daten>\n<pfad>589fea92df70458793ff2a751eff7f2c.PNG<\/pfad>\n<\/daten>\n<\/anhang>\n<anhang location=\"EXTERN\" gruppe=\"BILD\">\n<anhangtitel>Halle<\/anhangtitel>\n<format>PNG<\/format>\n<daten>\n<pfad>f9e0a6947ce64751bab814ab9c1964c2.PNG<\/pfad>\n<\/daten>\n<\/anhang>\n<anhang location=\"EXTERN\" gruppe=\"BILD\">\n<anhangtitel>Hallenfl&#xE4;che<\/anhangtitel>\n<format>PNG<\/format>\n<daten>\n<pfad>517dc0c2ca484154b68d512a2188fa2c.PNG<\/pfad>\n<\/daten>\n<\/anhang>\n<anhang location=\"EXTERN\" gruppe=\"BILD\">\n<anhangtitel>B&#xFC;ro<\/anhangtitel>\n<format>PNG<\/format>\n<daten>\n<pfad>8ed7da95e90349cb95fed5efbf1ca614.PNG<\/pfad>\n<\/daten>\n<\/anhang>\n<anhang location=\"EXTERN\" gruppe=\"BILD\">\n<anhangtitel>Freifl&#xE4;che 2<\/anhangtitel>\n<format>PNG<\/format>\n<daten>\n<pfad>35ebe473fe1a4deabccb3442a61b981d.PNG<\/pfad>\n<\/daten>\n<\/anhang>\n<anhang location=\"EXTERN\" gruppe=\"BILD\">\n<anhangtitel>Freifl&#xE4;che<\/anhangtitel>\n<format>PNG<\/format>\n<daten>\n<pfad>fa077c7e551747f499bd312332e6b3e7.PNG<\/pfad>\n<\/daten>\n<\/anhang>\n<anhang location=\"EXTERN\" gruppe=\"GRUNDRISS\">\n<anhangtitel>Freifl&#xE4;chen<\/anhangtitel>\n<format>jpg<\/format>\n<daten>\n<pfad>adc4b6ba72f94e64812a5d0764426823.jpg<\/pfad>\n<\/daten>\n<\/anhang>\n<anhang location=\"EXTERN\" gruppe=\"GRUNDRISS\">\n<anhangtitel>EG<\/anhangtitel>\n<format>jpg<\/format>\n<daten>\n<pfad>c48fb11c6e7d4ad886c75962cb98d0af.jpg<\/pfad>\n<\/daten>\n<\/anhang>\n<anhang location=\"EXTERN\" gruppe=\"GRUNDRISS\">\n<anhangtitel>1. OG<\/anhangtitel>\n<format>jpg<\/format>\n<daten>\n<pfad>0e9765fa5dd44b88a2bd252faa40e743.jpg<\/pfad>\n<\/daten>\n<\/anhang>\n<anhang location=\"EXTERN\" gruppe=\"BILD\">\n<anhangtitel>2. OG<\/anhangtitel>\n<format>jpg<\/format>\n<daten>\n<pfad>2a4bf4c8c4c54e24ad80ad050e579fb9.jpg<\/pfad>\n<\/daten>\n<\/anhang>\n<\/anhaenge>\n<verwaltung_objekt>\n<objektadresse_freigeben>false<\/objektadresse_freigeben>\n<verfuegbar_ab>01.01.2022<\/verfuegbar_ab>\n<gruppennummer>16<\/gruppennummer>\n<geschlecht\/>\n<gewerbliche_nutzung>true<\/gewerbliche_nutzung>\n<\/verwaltung_objekt>\n<verwaltung_techn>\n<objektnr_intern>DB45A178E6D442D9B04709250EA3E40C<\/objektnr_intern>\n<objektnr_extern>1834<\/objektnr_extern>\n<aktion aktionart=\"CHANGE\"\/>\n<openimmo_obid>DB45A178E6D442D9B04709250EA3E40C<\/openimmo_obid>\n<kennung_ursprung>estatePro V10.0.0.8<\/kennung_ursprung>\n<stand_vom>2024-05-10<\/stand_vom>\n<\/verwaltung_techn>\n<user_defined_simplefield feldname=\"Startseite\">Nein<\/user_defined_simplefield>\n<\/immobilie>\n"],"_thumbnail_id":["125887"],"fave_property_images":["125887","125888","125889","125890","125891","125892","125893","125894","125898"],"fave_floor_plans_enable":["enable"],"floor_plans":["a:3:{i:0;a:7:{s:15:\"fave_plan_title\";s:12:\"Freifl\u00e4chen\";s:15:\"fave_plan_rooms\";s:0:\"\";s:19:\"fave_plan_bathrooms\";s:0:\"\";s:15:\"fave_plan_price\";s:0:\"\";s:14:\"fave_plan_size\";s:0:\"\";s:15:\"fave_plan_image\";s:84:\"https:\/\/ruhr-real.de\/wp-content\/uploads\/2024\/05\/adc4b6ba72f94e64812a5d0764426823.jpg\";s:21:\"fave_plan_description\";s:0:\"\";}i:1;a:7:{s:15:\"fave_plan_title\";s:2:\"EG\";s:15:\"fave_plan_rooms\";s:0:\"\";s:19:\"fave_plan_bathrooms\";s:0:\"\";s:15:\"fave_plan_price\";s:0:\"\";s:14:\"fave_plan_size\";s:0:\"\";s:15:\"fave_plan_image\";s:84:\"https:\/\/ruhr-real.de\/wp-content\/uploads\/2024\/05\/c48fb11c6e7d4ad886c75962cb98d0af.jpg\";s:21:\"fave_plan_description\";s:0:\"\";}i:2;a:7:{s:15:\"fave_plan_title\";s:5:\"1. OG\";s:15:\"fave_plan_rooms\";s:0:\"\";s:19:\"fave_plan_bathrooms\";s:0:\"\";s:15:\"fave_plan_price\";s:0:\"\";s:14:\"fave_plan_size\";s:0:\"\";s:15:\"fave_plan_image\";s:84:\"https:\/\/ruhr-real.de\/wp-content\/uploads\/2024\/05\/0e9765fa5dd44b88a2bd252faa40e743.jpg\";s:21:\"fave_plan_description\";s:0:\"\";}}"],"fave_prop_homeslider":["yes"],"fave_prop_slider_image":["125887"],"fave_agents":["112643"],"fave_agent_display_option":["agent_info"],"fave_single_top_area":["global"],"fave_single_content_area":["global"],"fave_property_map":["1"],"fave_property_map_street_view":["hide"],"fave_property_size_prefix":["m\u00b2"],"fave_property_land_postfix":["m\u00b2"],"fave_featured":["0"],"houzez_featured_listing_date":[""],"fave_currency":["EUR"],"fave_currency_info":["a:8:{s:2:\"id\";s:1:\"1\";s:13:\"currency_name\";s:4:\"Euro\";s:13:\"currency_code\";s:3:\"EUR\";s:15:\"currency_symbol\";s:3:\"\u20ac\";s:17:\"currency_position\";s:5:\"after\";s:16:\"currency_decimal\";s:1:\"2\";s:26:\"currency_decimal_separator\";s:1:\",\";s:27:\"currency_thousand_separator\";s:1:\".\";}"],"fave_show_price_placeholder":["0"],"houzez_total_property_views":["2157"],"houzez_views_by_date":["a:61:{s:10:\"02-26-2026\";i:4;s:10:\"02-27-2026\";i:4;s:10:\"02-28-2026\";i:4;s:10:\"03-01-2026\";i:4;s:10:\"03-02-2026\";i:4;s:10:\"03-03-2026\";i:4;s:10:\"03-04-2026\";i:4;s:10:\"03-05-2026\";i:6;s:10:\"03-06-2026\";i:4;s:10:\"03-07-2026\";i:4;s:10:\"03-08-2026\";i:4;s:10:\"03-09-2026\";i:4;s:10:\"03-10-2026\";i:4;s:10:\"03-11-2026\";i:4;s:10:\"03-12-2026\";i:4;s:10:\"03-13-2026\";i:4;s:10:\"03-14-2026\";i:5;s:10:\"03-15-2026\";i:4;s:10:\"03-16-2026\";i:2;s:10:\"03-17-2026\";i:11;s:10:\"03-18-2026\";i:6;s:10:\"03-19-2026\";i:4;s:10:\"03-20-2026\";i:6;s:10:\"03-21-2026\";i:4;s:10:\"03-22-2026\";i:4;s:10:\"03-23-2026\";i:4;s:10:\"03-24-2026\";i:4;s:10:\"03-25-2026\";i:4;s:10:\"03-26-2026\";i:6;s:10:\"03-27-2026\";i:4;s:10:\"03-28-2026\";i:4;s:10:\"03-29-2026\";i:4;s:10:\"03-30-2026\";i:6;s:10:\"03-31-2026\";i:4;s:10:\"04-01-2026\";i:7;s:10:\"04-02-2026\";i:8;s:10:\"04-03-2026\";i:8;s:10:\"04-04-2026\";i:8;s:10:\"04-05-2026\";i:8;s:10:\"04-06-2026\";i:8;s:10:\"04-07-2026\";i:12;s:10:\"04-08-2026\";i:6;s:10:\"04-09-2026\";i:10;s:10:\"04-10-2026\";i:8;s:10:\"04-11-2026\";i:6;s:10:\"04-12-2026\";i:10;s:10:\"04-13-2026\";i:8;s:10:\"04-14-2026\";i:8;s:10:\"04-15-2026\";i:8;s:10:\"04-16-2026\";i:8;s:10:\"04-17-2026\";i:8;s:10:\"04-18-2026\";i:8;s:10:\"04-19-2026\";i:8;s:10:\"04-20-2026\";i:8;s:10:\"04-21-2026\";i:8;s:10:\"04-22-2026\";i:8;s:10:\"04-23-2026\";i:10;s:10:\"04-24-2026\";i:8;s:10:\"04-25-2026\";i:8;s:10:\"04-26-2026\";i:8;s:10:\"04-27-2026\";i:4;}"],"houzez_recently_viewed":["2026-04-27 09:25:02"],"tp_widgets":["a:2:{s:7:\"widgets\";a:0:{}s:9:\"update_at\";s:10:\"1764682733\";}"],"rank_math_news_sitemap_robots":["index"],"rank_math_robots":["a:1:{i:0;s:5:\"index\";}"],"rank_math_internal_links_processed":["1"],"_elementor_page_assets":["a:0:{}"]},"_links":{"self":[{"href":"https:\/\/ruhr-real.de\/en\/wp-json\/wp\/v2\/properties\/125886","targetHints":{"allow":["GET"]}}],"collection":[{"href":"https:\/\/ruhr-real.de\/en\/wp-json\/wp\/v2\/properties"}],"about":[{"href":"https:\/\/ruhr-real.de\/en\/wp-json\/wp\/v2\/types\/property"}],"author":[{"embeddable":true,"href":"https:\/\/ruhr-real.de\/en\/wp-json\/wp\/v2\/users\/1"}],"version-history":[{"count":0,"href":"https:\/\/ruhr-real.de\/en\/wp-json\/wp\/v2\/properties\/125886\/revisions"}],"wp:featuredmedia":[{"embeddable":true,"href":"https:\/\/ruhr-real.de\/en\/wp-json\/wp\/v2\/media\/125887"}],"wp:attachment":[{"href":"https:\/\/ruhr-real.de\/en\/wp-json\/wp\/v2\/media?parent=125886"}],"wp:term":[{"taxonomy":"property_type","embeddable":true,"href":"https:\/\/ruhr-real.de\/en\/wp-json\/wp\/v2\/property_type?post=125886"},{"taxonomy":"property_status","embeddable":true,"href":"https:\/\/ruhr-real.de\/en\/wp-json\/wp\/v2\/property_status?post=125886"},{"taxonomy":"property_feature","embeddable":true,"href":"https:\/\/ruhr-real.de\/en\/wp-json\/wp\/v2\/property_feature?post=125886"},{"taxonomy":"property_label","embeddable":true,"href":"https:\/\/ruhr-real.de\/en\/wp-json\/wp\/v2\/property_label?post=125886"},{"taxonomy":"property_country","embeddable":true,"href":"https:\/\/ruhr-real.de\/en\/wp-json\/wp\/v2\/property_country?post=125886"},{"taxonomy":"property_state","embeddable":true,"href":"https:\/\/ruhr-real.de\/en\/wp-json\/wp\/v2\/property_state?post=125886"},{"taxonomy":"property_city","embeddable":true,"href":"https:\/\/ruhr-real.de\/en\/wp-json\/wp\/v2\/property_city?post=125886"},{"taxonomy":"property_area","embeddable":true,"href":"https:\/\/ruhr-real.de\/en\/wp-json\/wp\/v2\/property_area?post=125886"}],"curies":[{"name":"wp","href":"https:\/\/api.w.org\/{rel}","templated":true}]}}