{"id":126413,"date":"2024-05-10T00:05:06","date_gmt":"2024-05-09T22:05:06","guid":{"rendered":"https:\/\/2024.ruhr-real.de\/immobilien\/top-anbindung-gute-sichtbarkeit-parkflaechen-verfuegbar\/"},"modified":"2024-05-10T00:05:06","modified_gmt":"2024-05-09T22:05:06","slug":"top-anbindung-gute-sichtbarkeit-parkflaechen-verfuegbar","status":"publish","type":"property","link":"https:\/\/ruhr-real.de\/en\/objekt\/top-anbindung-gute-sichtbarkeit-parkflaechen-verfuegbar\/","title":{"rendered":"Top Anbindung | Gute Sichtbarkeit | Parkfl\u00e4chen verf\u00fcgbar"},"content":{"rendered":"<p>Das angebotene Objekt bietet vielseitig nutzbare Gewerbefl\u00e4chen auf mehreren Etagen.<br \/>\nEs sind mehrere Eing\u00e4nge und Garagen im Innenhof verf\u00fcgbar.<br \/>\nDer Innenausbau sowie die Raumaufteilung k\u00f6nnen nach Mieterwunsch angepasst werden.<\/p>\n<p>Die gut sichtbare Immobilie befindet sich in an der Grenze zu Rheydt.<br \/>\nDie hochfrequentierten Bundesstra\u00dfen B 230 und B 59 sowie die Autobahn A 61 lassen sich in K\u00fcrze erschlie\u00dfen.<br \/>\nIn unmittelbarer Umgebung befindet sich der Rheydter HBF. Dar\u00fcber hinaus lassen sich zahlreiche Anbindungen an den \u00d6PNV fu\u00dfl\u00e4ufig erreichen.<br \/>\nDie Nahversorgung ist durch ein diverses, gastronomisches Angebot gew\u00e4hrleistet.<\/p>\n<p>Bedeutende Unternehmen in der B\u00fcromarktzone: Santander Consumer Bank AG, Zalando AG, Maria Hilf Kliniken GmbH<\/p>\n<p>Hotels in der Umgebung: Hotel Elisenhof, McDreams Hotel, Hotel Kaiser<\/p>\n<p>\u2022 Sonnenschutz: innenliegend, manuell<br \/>\n\u2022 Bodenbelag: nach Vereinbarung<br \/>\n\u2022 Verkabelung: EDV-Verkabelung vorhanden<br \/>\n\u2022 Kabelf\u00fchrung: Kabelkan\u00e4le<br \/>\n\u2022 Beleuchtung: nach Vereinbarung<br \/>\n\u2022 Teek\u00fcche: vorhanden<br \/>\n\u2022 Aufzug: Personenaufzug<br \/>\n\u2022 mehrere separate Zug\u00e4nge<br \/>\n\u2022 teilweise Klimatisiert<br \/>\n\u2022 Inventar kann teilweise \u00fcbernommen werden<\/p>\n<p>Die Ausstattung kann bei Bedarf angepasst werden!<\/p>\n<p>Es gelten ausschlie\u00dflich unsere AGB (www.ruhr-real.de\/agb). Wir m\u00f6chten Sie darauf hinweisen, dass die Angaben ausschlie\u00dflich auf den uns vom Eigent\u00fcmer \u00fcbermittelten Unterlagen und Informationen basieren. F\u00fcr Richtigkeit und Vollst\u00e4ndigkeit \u00fcbernehmen wir keine Gew\u00e4hr. Zwischenvermietung vorbehalten.<br \/>\n<\/p>\n","protected":false},"excerpt":{"rendered":"<p>Das angebotene Objekt bietet vielseitig nutzbare Gewerbefl\u00e4chen auf mehreren Etagen. Es sind mehrere Eing\u00e4nge und&#8230;<\/p>\n","protected":false},"author":1,"featured_media":126414,"parent":0,"menu_order":0,"template":"","property_type":[379],"property_status":[352],"property_feature":[354,350],"property_label":[],"property_country":[353],"property_state":[],"property_city":[325],"property_area":[],"class_list":["post-126413","property","type-property","status-publish","has-post-thumbnail","hentry","property_type-bueroflaechen","property_status-zu-vermieten","property_feature-personenaufzug","property_feature-raeume-veraenderbar","property_country-deutschland","property_city-monchengladbach"],"acf":[],"property_meta":{"_immonex_import_folder":["users\/RUHRREAL"],"fave_property_map_address":["41236  M\u00f6nchengladbach"],"fave_property_zip":["41236 "],"fave_property_country":["DE"],"_immonex_lat":["51.1695303"],"_immonex_lng":["6.45046284219"],"houzez_geolocation_lat":["51.1695303"],"houzez_geolocation_long":["6.45046284219"],"fave_property_location":["51.1695303,6.45046284219"],"fave_property_price":["8.50"],"fave_property_sec_price":["8.5000"],"fave_property_size":["300"],"fave_property_year":["1915"],"fave_property_id":["3350\/E2"],"_immonex_translation_id":["3350\/E2"],"_immonex_iso_country":["DEU"],"_openimmo_obid":["ABC1A00F95BB45ACB9DB5CF26F041DBA"],"_openimmo_anid":["0000"],"_immonex_group_number":[""],"_immonex_group_id":[""],"_immonex_group_master":[""],"_immonex_import_meta":["a:6:{s:8:\"zip_file\";s:131:\"\/www\/htdocs\/w0172e0e\/ruhr-real_2024\/wp-content\/uploads\/immonex-openimmo-import\/users\/RUHRREAL\/Immowelt_estatePro_20240510095907.zip\";s:8:\"xml_file\";s:158:\"\/www\/htdocs\/w0172e0e\/ruhr-real_2024\/wp-content\/uploads\/immonex-openimmo-import\/immowelt_estatepro_20240510095907\/Homepage_2024_NEW_estatePro20240510095907.xml\";s:12:\"mapping_file\";s:116:\"\/www\/htdocs\/w0172e0e\/ruhr-real_2024\/wp-content\/uploads\/immonex-openimmo-import\/mappings\/houzez_ruhrreal_18122023.csv\";s:9:\"timestamp\";i:1715336226;s:4:\"date\";s:10:\"2024-05-10\";s:4:\"time\";s:8:\"12:17:06\";}"],"_is_immonex_import_property":["1"],"_immonex_is_reference":[""],"_immonex_is_sold":[""],"_immonex_is_reserved":[""],"_immonex_is_available":["1"],"additional_features":["a:14:{i:0;a:2:{s:29:\"fave_additional_feature_title\";s:11:\"Heizungsart\";s:29:\"fave_additional_feature_value\";s:14:\"Zentralheizung\";}i:1;a:2:{s:29:\"fave_additional_feature_title\";s:14:\"Nettokaltmiete\";s:29:\"fave_additional_feature_value\";s:13:\"8,50&nbsp;\u20ac\";}i:2;a:2:{s:29:\"fave_additional_feature_title\";s:9:\"Kaltmiete\";s:29:\"fave_additional_feature_value\";s:13:\"8,50&nbsp;\u20ac\";}i:3;a:2:{s:29:\"fave_additional_feature_title\";s:33:\"Heizkosten in Warmmiete enthalten\";s:29:\"fave_additional_feature_value\";s:4:\"nein\";}i:4;a:2:{s:29:\"fave_additional_feature_title\";s:32:\"Preise zuz\u00fcglich Mehrwertsteuer\";s:29:\"fave_additional_feature_value\";s:4:\"nein\";}i:5;a:2:{s:29:\"fave_additional_feature_title\";s:23:\"Netto-Kaltmiete pro m\u00b2\";s:29:\"fave_additional_feature_value\";s:13:\"8,50&nbsp;\u20ac\";}i:6;a:2:{s:29:\"fave_additional_feature_title\";s:10:\"MwSt.-Satz\";s:29:\"fave_additional_feature_value\";s:9:\"19&nbsp;%\";}i:7;a:2:{s:29:\"fave_additional_feature_title\";s:12:\"B\u00fcrofl\u00e4che\";s:29:\"fave_additional_feature_value\";s:12:\"600&nbsp;m\u00b2\";}i:8;a:2:{s:29:\"fave_additional_feature_title\";s:16:\"B\u00fcroteilfl\u00e4che\";s:29:\"fave_additional_feature_value\";s:12:\"300&nbsp;m\u00b2\";}i:9;a:2:{s:29:\"fave_additional_feature_title\";s:10:\"Teilbar ab\";s:29:\"fave_additional_feature_value\";s:12:\"300&nbsp;m\u00b2\";}i:10;a:2:{s:29:\"fave_additional_feature_title\";s:19:\"Art der Ausstattung\";s:29:\"fave_additional_feature_value\";s:8:\"Standard\";}i:11;a:2:{s:29:\"fave_additional_feature_title\";s:13:\"Stellplatzart\";s:29:\"fave_additional_feature_value\";s:17:\"Garage, Freiplatz\";}i:12;a:2:{s:29:\"fave_additional_feature_title\";s:7:\"Zustand\";s:29:\"fave_additional_feature_value\";s:8:\"gepflegt\";}i:13;a:2:{s:29:\"fave_additional_feature_title\";s:27:\"Immobilie ist verf\u00fcgbar ab\";s:29:\"fave_additional_feature_value\";s:17:\"nach Vereinbarung\";}}"],"fave_additional_features_enable":["enable"],"_immonex_property_xml_source":["<?xml version=\"1.0\"?>\n<immobilie>\n<objektkategorie>\n<nutzungsart WOHNEN=\"false\" GEWERBE=\"true\"\/>\n<vermarktungsart KAUF=\"false\" MIETE_PACHT=\"true\"\/>\n<objektart>\n<buero_praxen buero_typ=\"BUEROHAUS\"\/>\n<\/objektart>\n<user_defined_simplefield\/>\n<\/objektkategorie>\n<geo>\n<plz>41236 <\/plz>\n<ort>M&#xF6;nchengladbach<\/ort>\n<strasse>Wickrather Str.<\/strasse>\n<hausnummer>41<\/hausnummer>\n<land iso_land=\"DEU\"\/>\n<lage_im_bau\/>\n<\/geo>\n<kontaktperson>\n<email_zentrale>anfrage@ruhr-real.de<\/email_zentrale>\n<email_direkt>schuerk@ruhr-real.de<\/email_direkt>\n<tel_durchw>+49 201 99996333<\/tel_durchw>\n<tel_handy>+49 162 4192000<\/tel_handy>\n<name>Sch&#xFC;rk<\/name><vorname>Christopher<\/vorname>\n<anrede>Herr<\/anrede>\n<firma>RUHR REAL GmbH<\/firma>\n<strasse>Holsterhauser Platz<\/strasse>\n<hausnummer>2<\/hausnummer>\n<plz>45147<\/plz>\n<ort>Essen<\/ort>\n<adressfreigabe>true<\/adressfreigabe>\n<\/kontaktperson>\n<preise>\n<nettokaltmiete>8.50<\/nettokaltmiete>\n<kaltmiete>8.50<\/kaltmiete>\n<heizkosten_enthalten>false<\/heizkosten_enthalten>\n<zzg_mehrwertsteuer>false<\/zzg_mehrwertsteuer>\n<preis_zeiteinheit\/>\n<mietpreis_pro_qm>8.5000<\/mietpreis_pro_qm>\n<provisionspflichtig>false<\/provisionspflichtig>\n<waehrung iso_waehrung=\"EUR\"\/>\n<mwst_satz>19.00<\/mwst_satz>\n<stp_carport\/>\n<stp_duplex\/>\n<stp_freiplatz\/>\n<stp_garage\/>\n<stp_parkhaus\/>\n<stp_tiefgarage\/>\n<\/preise>\n<bieterverfahren\/>\n<versteigerung\/>\n<flaechen>\n<bueroflaeche>600<\/bueroflaeche>\n<bueroteilflaeche>300<\/bueroteilflaeche>\n<teilbar_ab>300<\/teilbar_ab>\n<\/flaechen>\n<ausstattung>\n<ausstatt_kategorie>STANDARD<\/ausstatt_kategorie>\n<raeume_veraenderbar>true<\/raeume_veraenderbar>\n<bad\/>\n<kueche\/>\n<heizungsart ZENTRAL=\"true\"\/>\n<befeuerung\/>\n<fahrstuhl PERSONEN=\"true\"\/>\n<stellplatzart FREIPLATZ=\"true\"\/>\n<stellplatzart GARAGE=\"true\"\/>\n<ausricht_balkon_terrasse\/>\n<angeschl_gastronomie\/>\n<sicherheitstechnik\/>\n<\/ausstattung>\n<zustand_angaben>\n<baujahr>1915<\/baujahr>\n<zustand zustand_art=\"GEPFLEGT\"\/>\n<\/zustand_angaben>\n<bewertung\/>\n<infrastruktur\/>\n<freitexte>\n<objekttitel>Top Anbindung | Gute Sichtbarkeit | Parkfl&#xE4;chen verf&#xFC;gbar<\/objekttitel>\n<lage>Die gut sichtbare Immobilie befindet sich in an der Grenze zu Rheydt.\nDie hochfrequentierten Bundesstra&#xDF;en B 230 und B 59 sowie die Autobahn A 61 lassen sich in K&#xFC;rze erschlie&#xDF;en.\nIn unmittelbarer Umgebung befindet sich der Rheydter HBF. Dar&#xFC;ber hinaus lassen sich zahlreiche Anbindungen an den &#xD6;PNV fu&#xDF;l&#xE4;ufig erreichen.\nDie Nahversorgung ist durch ein diverses, gastronomisches Angebot gew&#xE4;hrleistet.\n\nBedeutende Unternehmen in der B&#xFC;romarktzone: Santander Consumer Bank AG, Zalando AG, Maria Hilf Kliniken GmbH\n\nHotels in der Umgebung: Hotel Elisenhof, McDreams Hotel, Hotel Kaiser<\/lage>\n<ausstatt_beschr>&#x2022; Sonnenschutz: innenliegend, manuell\n&#x2022; Bodenbelag: nach Vereinbarung\n&#x2022; Verkabelung: EDV-Verkabelung vorhanden\n&#x2022; Kabelf&#xFC;hrung: Kabelkan&#xE4;le\n&#x2022; Beleuchtung: nach Vereinbarung\n&#x2022; Teek&#xFC;che: vorhanden\n&#x2022; Aufzug: Personenaufzug\n&#x2022; mehrere separate Zug&#xE4;nge\n&#x2022; teilweise Klimatisiert\n&#x2022; Inventar kann teilweise &#xFC;bernommen werden\n\n\nDie Ausstattung kann bei Bedarf angepasst werden!<\/ausstatt_beschr>\n<objektbeschreibung>Das angebotene Objekt bietet vielseitig nutzbare Gewerbefl&#xE4;chen auf mehreren Etagen.\nEs sind mehrere Eing&#xE4;nge und Garagen im Innenhof verf&#xFC;gbar. \nDer Innenausbau sowie die Raumaufteilung k&#xF6;nnen nach Mieterwunsch angepasst werden.<\/objektbeschreibung>\n<sonstige_angaben>Es gelten ausschlie&#xDF;lich unsere AGB (www.ruhr-real.de\/agb). Wir m&#xF6;chten Sie darauf hinweisen, dass die Angaben ausschlie&#xDF;lich auf den uns vom Eigent&#xFC;mer &#xFC;bermittelten Unterlagen und Informationen basieren. F&#xFC;r Richtigkeit und Vollst&#xE4;ndigkeit &#xFC;bernehmen wir keine Gew&#xE4;hr. Zwischenvermietung vorbehalten.<\/sonstige_angaben>\n<\/freitexte>\n<anhaenge>\n<anhang location=\"EXTERN\" gruppe=\"TITELBILD\">\n<anhangtitel>Au&#xDF;enansicht Drohne<\/anhangtitel>\n<format>jpg<\/format>\n<daten>\n<pfad>21027ee7904d4fdc9b1745a2980db262.jpg<\/pfad>\n<\/daten>\n<\/anhang>\n<anhang location=\"EXTERN\" gruppe=\"BILD\">\n<anhangtitel>Innenansicht<\/anhangtitel>\n<format>jpg<\/format>\n<daten>\n<pfad>debf972e8c684a2ea4aecbbd3317ce4c.jpg<\/pfad>\n<\/daten>\n<\/anhang>\n<anhang location=\"EXTERN\" gruppe=\"BILD\">\n<anhangtitel>Innenansicht<\/anhangtitel>\n<format>jpg<\/format>\n<daten>\n<pfad>dbc8c31a4f104fe79a6cd4be6a0ce880.jpg<\/pfad>\n<\/daten>\n<\/anhang>\n<anhang location=\"EXTERN\" gruppe=\"BILD\">\n<anhangtitel>Innenansicht<\/anhangtitel>\n<format>jpg<\/format>\n<daten>\n<pfad>231f6b15cf844a29bcc326882a36f3fd.jpg<\/pfad>\n<\/daten>\n<\/anhang>\n<anhang location=\"EXTERN\" gruppe=\"BILD\">\n<anhangtitel>Innenansicht<\/anhangtitel>\n<format>jpg<\/format>\n<daten>\n<pfad>f1310e88abef42bcb50711b83880eaef.jpg<\/pfad>\n<\/daten>\n<\/anhang>\n<anhang location=\"EXTERN\" gruppe=\"BILD\"><anhangtitel>Innenansicht<\/anhangtitel>\n<format>jpg<\/format>\n<daten>\n<pfad>ef8e65379afc4e52b160556cc05f3dbc.jpg<\/pfad>\n<\/daten>\n<\/anhang>\n<anhang location=\"EXTERN\" gruppe=\"BILD\">\n<anhangtitel>Innenansicht<\/anhangtitel>\n<format>jpg<\/format>\n<daten>\n<pfad>2d743c0a9e97402e85049d170ec59a13.jpg<\/pfad>\n<\/daten>\n<\/anhang>\n<anhang location=\"EXTERN\" gruppe=\"BILD\">\n<anhangtitel>Innenansicht<\/anhangtitel>\n<format>jpg<\/format>\n<daten>\n<pfad>263dd810d8964d41814d829eab20c1ab.jpg<\/pfad>\n<\/daten>\n<\/anhang>\n<anhang location=\"EXTERN\" gruppe=\"BILD\">\n<anhangtitel>Innenansicht<\/anhangtitel>\n<format>jpg<\/format>\n<daten>\n<pfad>02ab87a730c440acb385729dbb89601f.jpg<\/pfad>\n<\/daten>\n<\/anhang>\n<anhang location=\"EXTERN\" gruppe=\"BILD\">\n<anhangtitel>Innenansicht<\/anhangtitel>\n<format>jpg<\/format>\n<daten>\n<pfad>0048cc3b1fa7497f8a5932695dbf49be.jpg<\/pfad>\n<\/daten>\n<\/anhang>\n<\/anhaenge>\n<verwaltung_objekt>\n<objektadresse_freigeben>false<\/objektadresse_freigeben>\n<verfuegbar_ab>nach Vereinbarung<\/verfuegbar_ab>\n<geschlecht\/>\n<gewerbliche_nutzung>true<\/gewerbliche_nutzung>\n<\/verwaltung_objekt>\n<verwaltung_techn>\n<objektnr_intern>ABC1A00F95BB45ACB9DB5CF26F041DBA<\/objektnr_intern>\n<objektnr_extern>3350\/E2<\/objektnr_extern>\n<aktion aktionart=\"CHANGE\"\/>\n<openimmo_obid>ABC1A00F95BB45ACB9DB5CF26F041DBA<\/openimmo_obid>\n<kennung_ursprung>estatePro V10.0.0.8<\/kennung_ursprung>\n<stand_vom>2024-05-10<\/stand_vom>\n<\/verwaltung_techn>\n<user_defined_simplefield feldname=\"Startseite\">Nein<\/user_defined_simplefield>\n<\/immobilie>\n"],"_thumbnail_id":["126414"],"fave_property_images":["126414","126415","126416","126417","126418","126419","126420","126421","126422","126423"],"fave_floor_plans_enable":["disable"],"fave_prop_homeslider":["yes"],"fave_prop_slider_image":["126414"],"fave_agents":["111285"],"fave_agent_display_option":["agent_info"],"fave_single_top_area":["global"],"fave_single_content_area":["global"],"fave_property_map":["1"],"fave_property_map_street_view":["hide"],"fave_property_size_prefix":["m\u00b2"],"fave_property_land_postfix":["m\u00b2"],"fave_featured":["0"],"houzez_featured_listing_date":[""],"fave_property_price_postfix":["pro&nbsp;m\u00b2"],"fave_currency":["EUR"],"fave_currency_info":["a:8:{s:2:\"id\";s:1:\"1\";s:13:\"currency_name\";s:4:\"Euro\";s:13:\"currency_code\";s:3:\"EUR\";s:15:\"currency_symbol\";s:3:\"\u20ac\";s:17:\"currency_position\";s:5:\"after\";s:16:\"currency_decimal\";s:1:\"2\";s:26:\"currency_decimal_separator\";s:1:\",\";s:27:\"currency_thousand_separator\";s:1:\".\";}"],"fave_show_price_placeholder":["0"],"houzez_total_property_views":["2127"],"houzez_views_by_date":["a:61:{s:10:\"02-28-2026\";i:4;s:10:\"03-01-2026\";i:4;s:10:\"03-02-2026\";i:4;s:10:\"03-03-2026\";i:4;s:10:\"03-04-2026\";i:4;s:10:\"03-05-2026\";i:6;s:10:\"03-06-2026\";i:4;s:10:\"03-07-2026\";i:4;s:10:\"03-08-2026\";i:4;s:10:\"03-09-2026\";i:4;s:10:\"03-10-2026\";i:4;s:10:\"03-11-2026\";i:6;s:10:\"03-12-2026\";i:5;s:10:\"03-13-2026\";i:4;s:10:\"03-14-2026\";i:4;s:10:\"03-15-2026\";i:4;s:10:\"03-16-2026\";i:2;s:10:\"03-17-2026\";i:11;s:10:\"03-18-2026\";i:6;s:10:\"03-19-2026\";i:4;s:10:\"03-20-2026\";i:6;s:10:\"03-21-2026\";i:4;s:10:\"03-22-2026\";i:4;s:10:\"03-23-2026\";i:4;s:10:\"03-24-2026\";i:4;s:10:\"03-25-2026\";i:4;s:10:\"03-26-2026\";i:6;s:10:\"03-27-2026\";i:4;s:10:\"03-28-2026\";i:4;s:10:\"03-29-2026\";i:4;s:10:\"03-30-2026\";i:6;s:10:\"03-31-2026\";i:4;s:10:\"04-01-2026\";i:14;s:10:\"04-02-2026\";i:9;s:10:\"04-03-2026\";i:8;s:10:\"04-04-2026\";i:8;s:10:\"04-05-2026\";i:8;s:10:\"04-06-2026\";i:8;s:10:\"04-07-2026\";i:10;s:10:\"04-08-2026\";i:6;s:10:\"04-09-2026\";i:10;s:10:\"04-10-2026\";i:8;s:10:\"04-11-2026\";i:4;s:10:\"04-12-2026\";i:10;s:10:\"04-13-2026\";i:8;s:10:\"04-14-2026\";i:8;s:10:\"04-15-2026\";i:8;s:10:\"04-16-2026\";i:10;s:10:\"04-17-2026\";i:7;s:10:\"04-18-2026\";i:9;s:10:\"04-19-2026\";i:8;s:10:\"04-20-2026\";i:8;s:10:\"04-21-2026\";i:8;s:10:\"04-22-2026\";i:8;s:10:\"04-23-2026\";i:8;s:10:\"04-24-2026\";i:8;s:10:\"04-25-2026\";i:8;s:10:\"04-26-2026\";i:8;s:10:\"04-27-2026\";i:8;s:10:\"04-28-2026\";i:6;s:10:\"04-29-2026\";i:5;}"],"houzez_recently_viewed":["2026-04-29 07:06:25"],"tp_widgets":["a:2:{s:7:\"widgets\";a:0:{}s:9:\"update_at\";s:10:\"1764682733\";}"],"rank_math_news_sitemap_robots":["index"],"rank_math_robots":["a:1:{i:0;s:5:\"index\";}"],"rank_math_internal_links_processed":["1"],"_elementor_page_assets":["a:0:{}"]},"_links":{"self":[{"href":"https:\/\/ruhr-real.de\/en\/wp-json\/wp\/v2\/properties\/126413","targetHints":{"allow":["GET"]}}],"collection":[{"href":"https:\/\/ruhr-real.de\/en\/wp-json\/wp\/v2\/properties"}],"about":[{"href":"https:\/\/ruhr-real.de\/en\/wp-json\/wp\/v2\/types\/property"}],"author":[{"embeddable":true,"href":"https:\/\/ruhr-real.de\/en\/wp-json\/wp\/v2\/users\/1"}],"version-history":[{"count":0,"href":"https:\/\/ruhr-real.de\/en\/wp-json\/wp\/v2\/properties\/126413\/revisions"}],"wp:featuredmedia":[{"embeddable":true,"href":"https:\/\/ruhr-real.de\/en\/wp-json\/wp\/v2\/media\/126414"}],"wp:attachment":[{"href":"https:\/\/ruhr-real.de\/en\/wp-json\/wp\/v2\/media?parent=126413"}],"wp:term":[{"taxonomy":"property_type","embeddable":true,"href":"https:\/\/ruhr-real.de\/en\/wp-json\/wp\/v2\/property_type?post=126413"},{"taxonomy":"property_status","embeddable":true,"href":"https:\/\/ruhr-real.de\/en\/wp-json\/wp\/v2\/property_status?post=126413"},{"taxonomy":"property_feature","embeddable":true,"href":"https:\/\/ruhr-real.de\/en\/wp-json\/wp\/v2\/property_feature?post=126413"},{"taxonomy":"property_label","embeddable":true,"href":"https:\/\/ruhr-real.de\/en\/wp-json\/wp\/v2\/property_label?post=126413"},{"taxonomy":"property_country","embeddable":true,"href":"https:\/\/ruhr-real.de\/en\/wp-json\/wp\/v2\/property_country?post=126413"},{"taxonomy":"property_state","embeddable":true,"href":"https:\/\/ruhr-real.de\/en\/wp-json\/wp\/v2\/property_state?post=126413"},{"taxonomy":"property_city","embeddable":true,"href":"https:\/\/ruhr-real.de\/en\/wp-json\/wp\/v2\/property_city?post=126413"},{"taxonomy":"property_area","embeddable":true,"href":"https:\/\/ruhr-real.de\/en\/wp-json\/wp\/v2\/property_area?post=126413"}],"curies":[{"name":"wp","href":"https:\/\/api.w.org\/{rel}","templated":true}]}}