{"id":126569,"date":"2024-05-10T00:25:31","date_gmt":"2024-05-09T22:25:31","guid":{"rendered":"https:\/\/2024.ruhr-real.de\/immobilien\/logistikneubau-ebenerdige-andienung-rampen-kurzfristig-verfuegbar-provisionsfrei\/"},"modified":"2024-05-10T00:25:31","modified_gmt":"2024-05-09T22:25:31","slug":"logistikneubau-ebenerdige-andienung-rampen-kurzfristig-verfuegbar-provisionsfrei","status":"publish","type":"property","link":"https:\/\/ruhr-real.de\/en\/objekt\/logistikneubau-ebenerdige-andienung-rampen-kurzfristig-verfuegbar-provisionsfrei\/","title":{"rendered":"Logistikneubau |ebenerdige Andienung + Rampen | kurzfristig verf\u00fcgbar | PROVISIONSFREI"},"content":{"rendered":"<p>Der projektierte Logistikneubau verf\u00fcgt \u00fcber insgesamt ca. 32.000 m\u00b2 Mietfl\u00e4che, aufgeteilt in 3 Abschnitte, welche einzeln angemietet werden k\u00f6nnen. Jeder Abschnitt verf\u00fcgt \u00fcber Rampenandienungen und jeweils ein ebenerdiges Sektionaltor. Die Kombination aus Hallen-, Mezzanine- und B\u00fcrofl\u00e4chen bietet optimale Nutzungsm\u00f6glichkeiten. Ausreichend Parkfl\u00e4chen befinden sich direkt vor Ort. Ferner ist das Areal f\u00fcr einen 24\/7-Betrieb vorgesehen.<\/p>\n<p>Zur Zeit stehen folgende Fl\u00e4chen zur Disposition:<\/p>\n<p>Lager: ca. 9.400 m\u00b2<br \/>\nMezzanine: ca. 1.450 m\u00b2<br \/>\nB\u00fcro: 250 m\u00b2<\/p>\n<p>Die Logistikimmobilie befindet sich im beliebten Gewerbegebiet Fichtenhain im Krefelder Norden. Der Standort z\u00e4hlt zu den nachgefragtesten Logistikmarktlagen in Krefeld und Umgebung. Die zentrale Lage bietet perfekte \u00d6PNV- und Autobahnanbindungen. Die A44, A57 und die B9 sind innerhalb weniger Fahrminuten erreichbar. Das Logistikzentrum bietet eine direkte Verbindung zwischen Rotterdam und dem Ruhrgebiet. Das \u00d6PNV-Netz ist zu Fu\u00df zu erschlie\u00dfen.<\/p>\n<p>Hallenfl\u00e4chen:<\/p>\n<p>\u2022 Deckenh\u00f6he: 11,5m UKB<br \/>\n\u2022 Bodenbelastung: ca. 5t\/m\u00b2<br \/>\n\u2022 bis zu 10 Ladetore mit \u00dcberladebr\u00fccke pro Einheit<br \/>\n\u2022 ein ebenerdiges Tor pro Einheit<br \/>\n\u2022 Sprinkleranlage\/RWA-Anlage<br \/>\n\u2022 Heizung: Gasdunkelstrahler<br \/>\n\u2022 Beleuchtung: LED-Beleuchtung<br \/>\n\u2022 m\u00f6gliche 24\/7-Nutzung<br \/>\n\u2022 DGNB Gold-Zertifizierung angestrebt<\/p>\n<p>B\u00fcro-\/Sozialfl\u00e4chen:<\/p>\n<p>\u2022 Repr\u00e4sentative B\u00fcrofl\u00e4chen mit Raumaufteilung<br \/>\nnach Mieterwunsch<br \/>\n\u2022 Fensterbank-Kabelkan\u00e4le<br \/>\n\u2022 Gas-Zentralheizung<br \/>\n\u2022 Sozialfl\u00e4chen<br \/>\n\u2022 Teppichbodenbelag<\/p>\n<p>Es gelten ausschlie\u00dflich unsere AGB (www.ruhr-real.de\/agb). Wir m\u00f6chten Sie darauf hinweisen, dass die Angaben ausschlie\u00dflich auf den uns vom Eigent\u00fcmer \u00fcbermittelten Unterlagen und Informationen basieren. F\u00fcr Richtigkeit und Vollst\u00e4ndigkeit \u00fcbernehmen wir keine Gew\u00e4hr. Zwischenvermietung vorbehalten.<br \/>\n<div class=\"widget widget_immonex_user_defined_properties_widget\"><div class=\"immonex-widget immonex-widget-houzez\">\n\t\t<div class=\"immonex-widget-title clearfix\">\n\t\t<h2 class=\"widgettitle\">Energieeffizienz<\/h2>\t<\/div>\n\t\t<ul class=\"immonex-property-details row list-lined list-unstyled\">\n\t\t\t\t<li>\n\t\t\t<div class=\"list-lined-item w-100 d-flex justify-content-between py-2\">\n\t\t\t\t\t\t\t\t<strong class=\"property-details-label\">Energieausweis-Jahrgang:<\/strong>&nbsp;<span class=\"property-details-value\">not available<\/span>\n\t\t\t\t\t\t\t<\/div>\n\t\t<\/li>\n\t\t\t<\/ul>\n<\/div><\/div><\/p>\n","protected":false},"excerpt":{"rendered":"<p>Der projektierte Logistikneubau verf\u00fcgt \u00fcber insgesamt ca. 32.000 m\u00b2 Mietfl\u00e4che, aufgeteilt in 3 Abschnitte, welche&#8230;<\/p>\n","protected":false},"author":1,"featured_media":126570,"parent":0,"menu_order":0,"template":"","property_type":[380],"property_status":[352],"property_feature":[350],"property_label":[],"property_country":[353],"property_state":[],"property_city":[298],"property_area":[],"class_list":["post-126569","property","type-property","status-publish","has-post-thumbnail","hentry","property_type-lager-und-produktionsflaechen","property_status-zu-vermieten","property_feature-raeume-veraenderbar","property_country-deutschland","property_city-krefeld"],"acf":[],"property_meta":{"_immonex_import_folder":["users\/RUHRREAL"],"fave_property_map_address":["47807 Krefeld"],"fave_property_zip":["47807"],"fave_property_country":["DE"],"_immonex_lat":["51.28960895"],"_immonex_lng":["6.54378800677"],"houzez_geolocation_lat":["51.28960895"],"houzez_geolocation_long":["6.54378800677"],"fave_property_location":["51.28960895,6.54378800677"],"fave_property_id":["1371\/E3"],"_immonex_translation_id":["1371\/E3"],"_immonex_iso_country":["DEU"],"_openimmo_obid":["A0F547E224734393AE8957E8D9FB2492"],"_openimmo_anid":["0000"],"_immonex_group_number":[""],"_immonex_group_id":[""],"_immonex_group_master":[""],"_immonex_import_meta":["a:6:{s:8:\"zip_file\";s:131:\"\/www\/htdocs\/w0172e0e\/ruhr-real_2024\/wp-content\/uploads\/immonex-openimmo-import\/users\/RUHRREAL\/Immowelt_estatePro_20240510095907.zip\";s:8:\"xml_file\";s:158:\"\/www\/htdocs\/w0172e0e\/ruhr-real_2024\/wp-content\/uploads\/immonex-openimmo-import\/immowelt_estatepro_20240510095907\/Homepage_2024_NEW_estatePro20240510095907.xml\";s:12:\"mapping_file\";s:116:\"\/www\/htdocs\/w0172e0e\/ruhr-real_2024\/wp-content\/uploads\/immonex-openimmo-import\/mappings\/houzez_ruhrreal_18122023.csv\";s:9:\"timestamp\";i:1715336371;s:4:\"date\";s:10:\"2024-05-10\";s:4:\"time\";s:8:\"12:19:31\";}"],"_is_immonex_import_property":["1"],"_immonex_is_reference":[""],"_immonex_is_sold":[""],"_immonex_is_reserved":[""],"_immonex_is_available":["1"],"additional_features":["a:9:{i:0;a:2:{s:29:\"fave_additional_feature_title\";s:11:\"Heizungsart\";s:29:\"fave_additional_feature_value\";s:14:\"Zentralheizung\";}i:1;a:2:{s:29:\"fave_additional_feature_title\";s:33:\"Heizkosten in Warmmiete enthalten\";s:29:\"fave_additional_feature_value\";s:4:\"nein\";}i:2;a:2:{s:29:\"fave_additional_feature_title\";s:32:\"Preise zuz\u00fcglich Mehrwertsteuer\";s:29:\"fave_additional_feature_value\";s:4:\"nein\";}i:3;a:2:{s:29:\"fave_additional_feature_title\";s:10:\"MwSt.-Satz\";s:29:\"fave_additional_feature_value\";s:9:\"19&nbsp;%\";}i:4;a:2:{s:29:\"fave_additional_feature_title\";s:19:\"Art der Ausstattung\";s:29:\"fave_additional_feature_value\";s:7:\"gehoben\";}i:5;a:2:{s:29:\"fave_additional_feature_title\";s:10:\"Bodenbelag\";s:29:\"fave_additional_feature_value\";s:5:\"Stein\";}i:6;a:2:{s:29:\"fave_additional_feature_title\";s:13:\"Stellplatzart\";s:29:\"fave_additional_feature_value\";s:9:\"Freiplatz\";}i:7;a:2:{s:29:\"fave_additional_feature_title\";s:7:\"Zustand\";s:29:\"fave_additional_feature_value\";s:9:\"Erstbezug\";}i:8;a:2:{s:29:\"fave_additional_feature_title\";s:27:\"Immobilie ist verf\u00fcgbar ab\";s:29:\"fave_additional_feature_value\";s:17:\"nach Vereinbarung\";}}"],"fave_additional_features_enable":["enable"],"_immonex_custom_fields":["a:1:{s:23:\"Energieausweis-Jahrgang\";a:5:{s:14:\"mapping_source\";s:38:\"zustand_angaben->energiepass->jahrgang\";s:4:\"name\";s:0:\"\";s:5:\"group\";s:5:\"epass\";s:5:\"value\";s:13:\"not available\";s:19:\"value_before_filter\";s:4:\"ohne\";}}"],"_immonex_property_xml_source":["<?xml version=\"1.0\"?>\n<immobilie>\n<objektkategorie>\n<nutzungsart WOHNEN=\"false\" GEWERBE=\"true\"\/>\n<vermarktungsart KAUF=\"false\" MIETE_PACHT=\"true\"\/>\n<objektart>\n<hallen_lager_prod hallen_typ=\"LAGERFLAECHEN\"\/>\n<\/objektart>\n<user_defined_simplefield\/>\n<\/objektkategorie>\n<geo>\n<plz>47807<\/plz>\n<ort>Krefeld<\/ort>\n<strasse>Hans-G&#xFC;nther-Sohl-Stra&#xDF;e<\/strasse>\n<hausnummer>4A<\/hausnummer>\n<land iso_land=\"DEU\"\/>\n<lage_im_bau\/>\n<\/geo>\n<kontaktperson>\n<email_zentrale>anfrage@ruhr-real.de<\/email_zentrale>\n<email_direkt>kano@ruhr-real.de<\/email_direkt>\n<tel_durchw>+49 201 99996335<\/tel_durchw>\n<tel_fax>+49 201 99996344<\/tel_fax>\n<tel_handy>+49 172 3969500<\/tel_handy>\n<name>Kanoniczak<\/name>\n<vorname>Max<\/vorname>\n<anrede>Herr<\/anrede>\n<firma>RUHR REAL GmbH<\/firma>\n<strasse>Holsterhauser Platz<\/strasse>\n<hausnummer>2<\/hausnummer>\n<plz>45147<\/plz>\n<ort>Essen<\/ort>\n<adressfreigabe>true<\/adressfreigabe>\n<\/kontaktperson>\n<preise>\n<heizkosten_enthalten>false<\/heizkosten_enthalten>\n<zzg_mehrwertsteuer>false<\/zzg_mehrwertsteuer>\n<preis_zeiteinheit\/>\n<provisionspflichtig>false<\/provisionspflichtig>\n<waehrung iso_waehrung=\"EUR\"\/>\n<mwst_satz>19.00<\/mwst_satz>\n<stp_carport\/>\n<stp_duplex\/>\n<stp_freiplatz\/>\n<stp_garage\/>\n<stp_parkhaus\/>\n<stp_tiefgarage\/>\n<\/preise>\n<bieterverfahren\/>\n<versteigerung\/>\n<flaechen\/>\n<ausstattung>\n<ausstatt_kategorie>GEHOBEN<\/ausstatt_kategorie>\n<raeume_veraenderbar>true<\/raeume_veraenderbar>\n<bad\/>\n<kueche\/>\n<boden STEIN=\"true\"\/>\n<heizungsart ZENTRAL=\"true\"\/>\n<befeuerung\/>\n<fahrstuhl\/>\n<stellplatzart FREIPLATZ=\"true\"\/>\n<ausricht_balkon_terrasse\/>\n<angeschl_gastronomie\/>\n<sicherheitstechnik\/>\n<\/ausstattung>\n<zustand_angaben>\n<zustand zustand_art=\"ERSTBEZUG\"\/>\n<energiepass>\n<jahrgang>ohne<\/jahrgang>\n<\/energiepass>\n<\/zustand_angaben>\n<bewertung\/>\n<infrastruktur>\n<zulieferung>true<\/zulieferung>\n<\/infrastruktur>\n<freitexte>\n<objekttitel>Logistikneubau |ebenerdige Andienung + Rampen | kurzfristig verf&#xFC;gbar | PROVISIONSFREI<\/objekttitel>\n<lage>Die Logistikimmobilie befindet sich im beliebten Gewerbegebiet Fichtenhain im Krefelder Norden. Der Standort z&#xE4;hlt zu den nachgefragtesten Logistikmarktlagen in Krefeld und Umgebung. Die zentrale Lage bietet perfekte &#xD6;PNV- und Autobahnanbindungen. Die A44, A57 und die B9 sind innerhalb weniger Fahrminuten erreichbar. Das Logistikzentrum bietet eine direkte Verbindung zwischen Rotterdam und dem Ruhrgebiet. Das &#xD6;PNV-Netz ist zu Fu&#xDF; zu erschlie&#xDF;en.<\/lage>\n<ausstatt_beschr>Hallenfl&#xE4;chen:\n\n&#x2022; Deckenh&#xF6;he: 11,5m UKB\n&#x2022; Bodenbelastung: ca. 5t\/m&#xB2;\n&#x2022; bis zu 10 Ladetore mit &#xDC;berladebr&#xFC;cke pro Einheit\n&#x2022; ein ebenerdiges Tor pro Einheit\n&#x2022; Sprinkleranlage\/RWA-Anlage\n&#x2022; Heizung: Gasdunkelstrahler\n&#x2022; Beleuchtung: LED-Beleuchtung\n&#x2022; m&#xF6;gliche 24\/7-Nutzung\n&#x2022; DGNB Gold-Zertifizierung angestrebt\n\nB&#xFC;ro-\/Sozialfl&#xE4;chen:\n\n&#x2022; Repr&#xE4;sentative B&#xFC;rofl&#xE4;chen mit Raumaufteilung\nnach Mieterwunsch\n&#x2022; Fensterbank-Kabelkan&#xE4;le\n&#x2022; Gas-Zentralheizung\n&#x2022; Sozialfl&#xE4;chen\n&#x2022; Teppichbodenbelag<\/ausstatt_beschr>\n<objektbeschreibung>Der projektierte Logistikneubau verf&#xFC;gt &#xFC;ber insgesamt ca. 32.000 m&#xB2; Mietfl&#xE4;che, aufgeteilt in 3 Abschnitte, welche einzeln angemietet werden k&#xF6;nnen. Jeder Abschnitt verf&#xFC;gt &#xFC;ber Rampenandienungen und jeweils ein ebenerdiges Sektionaltor. Die Kombination aus Hallen-, Mezzanine- und B&#xFC;rofl&#xE4;chen bietet optimale Nutzungsm&#xF6;glichkeiten. Ausreichend Parkfl&#xE4;chen befinden sich direkt vor Ort. Ferner ist das Areal f&#xFC;r einen 24\/7-Betrieb vorgesehen.\n\nZur Zeit stehen folgende Fl&#xE4;chen zur Disposition:\n\nLager: ca. 9.400 m&#xB2;\nMezzanine: ca. 1.450 m&#xB2;\nB&#xFC;ro: 250 m&#xB2;<\/objektbeschreibung><sonstige_angaben>Es gelten ausschlie&#xDF;lich unsere AGB (www.ruhr-real.de\/agb). Wir m&#xF6;chten Sie darauf hinweisen, dass die Angaben ausschlie&#xDF;lich auf den uns vom Eigent&#xFC;mer &#xFC;bermittelten Unterlagen und Informationen basieren. F&#xFC;r Richtigkeit und Vollst&#xE4;ndigkeit &#xFC;bernehmen wir keine Gew&#xE4;hr. Zwischenvermietung vorbehalten.<\/sonstige_angaben>\n<\/freitexte>\n<anhaenge>\n<anhang location=\"EXTERN\" gruppe=\"TITELBILD\">\n<anhangtitel>Beispiel<\/anhangtitel>\n<format>JPG<\/format>\n<daten>\n<pfad>840e73f3258246619044d40f1dff0cfd.JPG<\/pfad>\n<\/daten>\n<\/anhang>\n<anhang location=\"EXTERN\" gruppe=\"BILD\">\n<anhangtitel>Beispiel<\/anhangtitel>\n<format>JPG<\/format>\n<daten>\n<pfad>3054a22ecf4644d08c50ccfd27ca0e83.JPG<\/pfad>\n<\/daten>\n<\/anhang>\n<anhang location=\"EXTERN\" gruppe=\"BILD\">\n<anhangtitel>Beispiel<\/anhangtitel>\n<format>JPG<\/format>\n<daten>\n<pfad>8722b556e39f4dbc92137a32d9209335.JPG<\/pfad>\n<\/daten>\n<\/anhang>\n<\/anhaenge>\n<verwaltung_objekt>\n<objektadresse_freigeben>false<\/objektadresse_freigeben>\n<verfuegbar_ab>nach Vereinbarung<\/verfuegbar_ab>\n<geschlecht\/>\n<gewerbliche_nutzung>true<\/gewerbliche_nutzung>\n<\/verwaltung_objekt>\n<verwaltung_techn>\n<objektnr_intern>A0F547E224734393AE8957E8D9FB2492<\/objektnr_intern>\n<objektnr_extern>1371\/E3<\/objektnr_extern>\n<aktion aktionart=\"CHANGE\"\/>\n<openimmo_obid>A0F547E224734393AE8957E8D9FB2492<\/openimmo_obid>\n<kennung_ursprung>estatePro V10.0.0.8<\/kennung_ursprung>\n<stand_vom>2024-05-10<\/stand_vom>\n<\/verwaltung_techn>\n<user_defined_simplefield feldname=\"Startseite\">Nein<\/user_defined_simplefield>\n<\/immobilie>\n"],"_thumbnail_id":["126570"],"fave_property_images":["126570","126571","126572"],"fave_floor_plans_enable":["disable"],"fave_prop_homeslider":["yes"],"fave_prop_slider_image":["126570"],"fave_agents":["111295"],"fave_agent_display_option":["agent_info"],"fave_single_top_area":["global"],"fave_single_content_area":["global"],"fave_property_price":["0"],"fave_property_map":["1"],"fave_property_map_street_view":["hide"],"fave_property_size_prefix":["m\u00b2"],"fave_property_land_postfix":["m\u00b2"],"fave_featured":["0"],"houzez_featured_listing_date":[""],"fave_currency":["EUR"],"fave_currency_info":["a:8:{s:2:\"id\";s:1:\"1\";s:13:\"currency_name\";s:4:\"Euro\";s:13:\"currency_code\";s:3:\"EUR\";s:15:\"currency_symbol\";s:3:\"\u20ac\";s:17:\"currency_position\";s:5:\"after\";s:16:\"currency_decimal\";s:1:\"2\";s:26:\"currency_decimal_separator\";s:1:\",\";s:27:\"currency_thousand_separator\";s:1:\".\";}"],"fave_show_price_placeholder":["1"],"houzez_total_property_views":["2105"],"houzez_views_by_date":["a:61:{s:10:\"02-24-2026\";i:6;s:10:\"02-25-2026\";i:4;s:10:\"02-26-2026\";i:4;s:10:\"02-27-2026\";i:6;s:10:\"02-28-2026\";i:4;s:10:\"03-01-2026\";i:4;s:10:\"03-02-2026\";i:4;s:10:\"03-03-2026\";i:4;s:10:\"03-04-2026\";i:4;s:10:\"03-05-2026\";i:6;s:10:\"03-06-2026\";i:4;s:10:\"03-07-2026\";i:4;s:10:\"03-08-2026\";i:4;s:10:\"03-09-2026\";i:4;s:10:\"03-10-2026\";i:4;s:10:\"03-11-2026\";i:6;s:10:\"03-12-2026\";i:4;s:10:\"03-13-2026\";i:4;s:10:\"03-14-2026\";i:4;s:10:\"03-15-2026\";i:4;s:10:\"03-16-2026\";i:2;s:10:\"03-17-2026\";i:11;s:10:\"03-18-2026\";i:6;s:10:\"03-19-2026\";i:4;s:10:\"03-20-2026\";i:6;s:10:\"03-21-2026\";i:4;s:10:\"03-22-2026\";i:5;s:10:\"03-23-2026\";i:4;s:10:\"03-24-2026\";i:4;s:10:\"03-25-2026\";i:4;s:10:\"03-26-2026\";i:6;s:10:\"03-27-2026\";i:4;s:10:\"03-28-2026\";i:4;s:10:\"03-29-2026\";i:4;s:10:\"03-30-2026\";i:4;s:10:\"03-31-2026\";i:4;s:10:\"04-01-2026\";i:7;s:10:\"04-02-2026\";i:9;s:10:\"04-03-2026\";i:8;s:10:\"04-04-2026\";i:8;s:10:\"04-05-2026\";i:8;s:10:\"04-06-2026\";i:8;s:10:\"04-07-2026\";i:10;s:10:\"04-08-2026\";i:8;s:10:\"04-09-2026\";i:8;s:10:\"04-10-2026\";i:8;s:10:\"04-11-2026\";i:6;s:10:\"04-12-2026\";i:8;s:10:\"04-13-2026\";i:8;s:10:\"04-14-2026\";i:8;s:10:\"04-15-2026\";i:8;s:10:\"04-16-2026\";i:8;s:10:\"04-17-2026\";i:8;s:10:\"04-18-2026\";i:8;s:10:\"04-19-2026\";i:8;s:10:\"04-20-2026\";i:8;s:10:\"04-21-2026\";i:8;s:10:\"04-22-2026\";i:8;s:10:\"04-23-2026\";i:9;s:10:\"04-24-2026\";i:8;s:10:\"04-25-2026\";i:4;}"],"houzez_recently_viewed":["2026-04-25 08:07:33"],"tp_widgets":["a:2:{s:7:\"widgets\";a:0:{}s:9:\"update_at\";s:10:\"1764682733\";}"],"rank_math_news_sitemap_robots":["index"],"rank_math_robots":["a:1:{i:0;s:5:\"index\";}"],"rank_math_internal_links_processed":["1"],"_elementor_page_assets":["a:0:{}"]},"_links":{"self":[{"href":"https:\/\/ruhr-real.de\/en\/wp-json\/wp\/v2\/properties\/126569","targetHints":{"allow":["GET"]}}],"collection":[{"href":"https:\/\/ruhr-real.de\/en\/wp-json\/wp\/v2\/properties"}],"about":[{"href":"https:\/\/ruhr-real.de\/en\/wp-json\/wp\/v2\/types\/property"}],"author":[{"embeddable":true,"href":"https:\/\/ruhr-real.de\/en\/wp-json\/wp\/v2\/users\/1"}],"version-history":[{"count":0,"href":"https:\/\/ruhr-real.de\/en\/wp-json\/wp\/v2\/properties\/126569\/revisions"}],"wp:featuredmedia":[{"embeddable":true,"href":"https:\/\/ruhr-real.de\/en\/wp-json\/wp\/v2\/media\/126570"}],"wp:attachment":[{"href":"https:\/\/ruhr-real.de\/en\/wp-json\/wp\/v2\/media?parent=126569"}],"wp:term":[{"taxonomy":"property_type","embeddable":true,"href":"https:\/\/ruhr-real.de\/en\/wp-json\/wp\/v2\/property_type?post=126569"},{"taxonomy":"property_status","embeddable":true,"href":"https:\/\/ruhr-real.de\/en\/wp-json\/wp\/v2\/property_status?post=126569"},{"taxonomy":"property_feature","embeddable":true,"href":"https:\/\/ruhr-real.de\/en\/wp-json\/wp\/v2\/property_feature?post=126569"},{"taxonomy":"property_label","embeddable":true,"href":"https:\/\/ruhr-real.de\/en\/wp-json\/wp\/v2\/property_label?post=126569"},{"taxonomy":"property_country","embeddable":true,"href":"https:\/\/ruhr-real.de\/en\/wp-json\/wp\/v2\/property_country?post=126569"},{"taxonomy":"property_state","embeddable":true,"href":"https:\/\/ruhr-real.de\/en\/wp-json\/wp\/v2\/property_state?post=126569"},{"taxonomy":"property_city","embeddable":true,"href":"https:\/\/ruhr-real.de\/en\/wp-json\/wp\/v2\/property_city?post=126569"},{"taxonomy":"property_area","embeddable":true,"href":"https:\/\/ruhr-real.de\/en\/wp-json\/wp\/v2\/property_area?post=126569"}],"curies":[{"name":"wp","href":"https:\/\/api.w.org\/{rel}","templated":true}]}}