{"id":126620,"date":"2024-05-10T00:31:22","date_gmt":"2024-05-09T22:31:22","guid":{"rendered":"https:\/\/2024.ruhr-real.de\/immobilien\/neubauprojekt-verkehrsguenstige-lage-kurzfristig-verfuegbar\/"},"modified":"2024-05-10T00:31:22","modified_gmt":"2024-05-09T22:31:22","slug":"neubauprojekt-verkehrsguenstige-lage-kurzfristig-verfuegbar","status":"publish","type":"property","link":"https:\/\/ruhr-real.de\/en\/objekt\/neubauprojekt-verkehrsguenstige-lage-kurzfristig-verfuegbar\/","title":{"rendered":"Neubauprojekt | verkehrsg\u00fcnstige Lage | kurzfristig verf\u00fcgbar"},"content":{"rendered":"<p>Dieses Neubauprojekt entsteht in Estorf-Leeseringen in Form eines Gewerbeparks.<\/p>\n<p>Die ersten Units sind bereits Q1 2024 verf\u00fcgbar, die letzten Units in Q3 2024. Das gesamte Gel\u00e4nde ist komplett umz\u00e4unt und durch Schranken und Toranlagen gesichert. PKW und LKW haben eine separate Zufahrt.<\/p>\n<p>Ebenso sind bei dieser Liegenschaft eine Vielzahl an Fahrradstellpl\u00e4tzen und E-Lades\u00e4ulen f\u00fcr PKW und E-Bikes geplant. Der gesamte Gewerbepark ist nachhaltig konzipiert, wird durch eine W\u00e4rmepumpenanlage beheizt, eine Photovoltaikanlage ist ebenfalls vorgesehen. In jeder Unit befindet sich eine Mezzaninefl\u00e4che mit B\u00fcro- und Sozialfl\u00e4chen. Ebenso sind Sanit\u00e4ranlagen mit Duschen f\u00fcr LKW-Fahrer angedacht. Ebenso ist ein flexibler und individueller Ausbau nach Mieterwunsch m\u00f6glich.<\/p>\n<p>Folgende Fl\u00e4chen stehen zur Disposition:<br \/>\nab Q1 2024:<br \/>\nUnit 1-4 jeweils 10.483 m\u00b2 Halle + 1.260 m\u00b2 Mezzaninefl\u00e4che<\/p>\n<p>ab Q2 2024:<br \/>\nUnit 5-8 jeweils 10.483 m\u00b2 Halle + 1.260 m\u00b2 Mezzaninefl\u00e4che<\/p>\n<p>ab Q3 2024:<br \/>\nUnit 9   6.136 m\u00b2 Halle + 1.260 m\u00b2 Mezzaninefl\u00e4che<br \/>\nUnit 10 7.150 m\u00b2 Halle + 1.104 m\u00b2 Mezzaninefl\u00e4che<br \/>\nUnit 11 7.007 m\u00b2 Halle + 1.104 m\u00b2 Mezzaninefl\u00e4che<br \/>\nUnit 12 8.165 m\u00b2 Halle + 1.260 m\u00b2 Mezzaninefl\u00e4che<\/p>\n<p>Diese Liegenschaft befindet sich in Niedersachsen direkt an der Weser, zwischen den beiden Hauptst\u00e4dten Bremen und Hannover. Von diesem Standort aus erreichen Sie die gro\u00dfen deutschen Seeh\u00e4fen Wilhelmshaven und Hamburg, die St\u00e4dte Hannover, Bremen, Hamburg und Bielefeld erreichen Sie innerhalb von 2 LKW-Fahrstunden.<\/p>\n<p>\u2022 E-Lades\u00e4ulen f\u00fcr PKW und E-Bikes<br \/>\n\u2022 Bodentraglast: 6t\/m\u00b2<br \/>\n\u2022 Deckenh\u00f6he: 12,00 m<br \/>\n\u2022 Andienung: ebenerdig, \u00dcberladebr\u00fccken und jeweils mind. eine Jumbo-\u00dcberladebr\u00fccke<br \/>\n\u2022 Parkpl\u00e4tze PKW: mind. 12 pro Unit<br \/>\n\u2022 Parkpl\u00e4tze LKW: mind. 2 pro Unit<br \/>\n\u2022 Photovoltaikanlage<br \/>\n\u2022 DGNB Platin Zertifizierung<\/p>\n<p>Es gelten ausschlie\u00dflich unsere AGB (www.ruhr-real.de\/agb). Wir m\u00f6chten Sie darauf hinweisen, dass die Angaben ausschlie\u00dflich auf den uns vom Eigent\u00fcmer \u00fcbermittelten Unterlagen und Informationen basieren. F\u00fcr Richtigkeit und Vollst\u00e4ndigkeit \u00fcbernehmen wir keine Gew\u00e4hr. Zwischenvermietung vorbehalten.<br \/>\n<div class=\"widget widget_immonex_user_defined_properties_widget\"><div class=\"immonex-widget immonex-widget-houzez\">\n\t\t<div class=\"immonex-widget-title clearfix\">\n\t\t<h2 class=\"widgettitle\">Energieeffizienz<\/h2>\t<\/div>\n\t\t<ul class=\"immonex-property-details row list-lined list-unstyled\">\n\t\t\t\t<li>\n\t\t\t<div class=\"list-lined-item w-100 d-flex justify-content-between py-2\">\n\t\t\t\t\t\t\t\t<strong class=\"property-details-label\">Energieausweis-Jahrgang:<\/strong>&nbsp;<span class=\"property-details-value\">not available<\/span>\n\t\t\t\t\t\t\t<\/div>\n\t\t<\/li>\n\t\t\t<\/ul>\n<\/div><\/div><\/p>\n","protected":false},"excerpt":{"rendered":"<p>Dieses Neubauprojekt entsteht in Estorf-Leeseringen in Form eines Gewerbeparks. Die ersten Units sind bereits Q1 2024&#8230;<\/p>\n","protected":false},"author":1,"featured_media":126621,"parent":0,"menu_order":0,"template":"","property_type":[380],"property_status":[352],"property_feature":[],"property_label":[],"property_country":[353],"property_state":[],"property_city":[517],"property_area":[],"class_list":["post-126620","property","type-property","status-publish","has-post-thumbnail","hentry","property_type-lager-und-produktionsflaechen","property_status-zu-vermieten","property_country-deutschland","property_city-estorf"],"acf":[],"property_meta":{"_immonex_import_folder":["users\/RUHRREAL"],"fave_property_map_address":["31629 Estorf"],"fave_property_zip":["31629"],"fave_property_country":["DE"],"_immonex_lat":["52.5844139"],"_immonex_lng":["9.1456519"],"houzez_geolocation_lat":["52.5844139"],"houzez_geolocation_long":["9.1456519"],"fave_property_location":["52.5844139,9.1456519"],"fave_property_size":["127000"],"fave_property_year":["2023"],"fave_property_id":["3074\/E1"],"_immonex_translation_id":["3074\/E1"],"_immonex_iso_country":["DEU"],"_openimmo_obid":["DE023F230D364346824755BB2BCE52F3"],"_openimmo_anid":["0000"],"_immonex_group_number":[""],"_immonex_group_id":[""],"_immonex_group_master":[""],"_immonex_import_meta":["a:6:{s:8:\"zip_file\";s:131:\"\/www\/htdocs\/w0172e0e\/ruhr-real_2024\/wp-content\/uploads\/immonex-openimmo-import\/users\/RUHRREAL\/Immowelt_estatePro_20240510095907.zip\";s:8:\"xml_file\";s:158:\"\/www\/htdocs\/w0172e0e\/ruhr-real_2024\/wp-content\/uploads\/immonex-openimmo-import\/immowelt_estatepro_20240510095907\/Homepage_2024_NEW_estatePro20240510095907.xml\";s:12:\"mapping_file\";s:116:\"\/www\/htdocs\/w0172e0e\/ruhr-real_2024\/wp-content\/uploads\/immonex-openimmo-import\/mappings\/houzez_ruhrreal_18122023.csv\";s:9:\"timestamp\";i:1715336422;s:4:\"date\";s:10:\"2024-05-10\";s:4:\"time\";s:8:\"12:20:22\";}"],"_is_immonex_import_property":["1"],"_immonex_is_reference":[""],"_immonex_is_sold":[""],"_immonex_is_reserved":[""],"_immonex_is_available":["1"],"additional_features":["a:15:{i:0;a:2:{s:29:\"fave_additional_feature_title\";s:33:\"Heizkosten in Warmmiete enthalten\";s:29:\"fave_additional_feature_value\";s:4:\"nein\";}i:1;a:2:{s:29:\"fave_additional_feature_title\";s:32:\"Preise zuz\u00fcglich Mehrwertsteuer\";s:29:\"fave_additional_feature_value\";s:4:\"nein\";}i:2;a:2:{s:29:\"fave_additional_feature_title\";s:16:\"K\u00e4uferprovision\";s:29:\"fave_additional_feature_value\";s:21:\"3-4 Nettomonatsmieten\";}i:3;a:2:{s:29:\"fave_additional_feature_title\";s:20:\"Hinweis zur Courtage\";s:29:\"fave_additional_feature_value\";s:233:\"Bei Vertr\u00e4gen bis zu f\u00fcnf Jahren Laufzeit ist ein Honorar von 3 Nettomonatsmieten vom Mieter an RUHR REAL zahlbar; bei Laufzeiten bis zu zehn Jahren werden 4 Nettomonatsmieten f\u00e4llig. Hinzu kommt die jeweils g\u00fcltige Umsatzsteuer.\";}i:4;a:2:{s:29:\"fave_additional_feature_title\";s:10:\"MwSt.-Satz\";s:29:\"fave_additional_feature_value\";s:9:\"19&nbsp;%\";}i:5;a:2:{s:29:\"fave_additional_feature_title\";s:13:\"Gesamtfl\u00e4che\";s:29:\"fave_additional_feature_value\";s:16:\"127.000&nbsp;m\u00b2\";}i:6;a:2:{s:29:\"fave_additional_feature_title\";s:12:\"Lagerfl\u00e4che\";s:29:\"fave_additional_feature_value\";s:15:\"10.483&nbsp;m\u00b2\";}i:7;a:2:{s:29:\"fave_additional_feature_title\";s:12:\"B\u00fcrofl\u00e4che\";s:29:\"fave_additional_feature_value\";s:14:\"1.260&nbsp;m\u00b2\";}i:8;a:2:{s:29:\"fave_additional_feature_title\";s:16:\"B\u00fcroteilfl\u00e4che\";s:29:\"fave_additional_feature_value\";s:14:\"1.260&nbsp;m\u00b2\";}i:9;a:2:{s:29:\"fave_additional_feature_title\";s:10:\"Teilbar ab\";s:29:\"fave_additional_feature_value\";s:15:\"10.483&nbsp;m\u00b2\";}i:10;a:2:{s:29:\"fave_additional_feature_title\";s:19:\"Art der Ausstattung\";s:29:\"fave_additional_feature_value\";s:8:\"Standard\";}i:11;a:2:{s:29:\"fave_additional_feature_title\";s:10:\"Bodenbelag\";s:29:\"fave_additional_feature_value\";s:5:\"Stein\";}i:12;a:2:{s:29:\"fave_additional_feature_title\";s:13:\"Stellplatzart\";s:29:\"fave_additional_feature_value\";s:9:\"Freiplatz\";}i:13;a:2:{s:29:\"fave_additional_feature_title\";s:7:\"Zustand\";s:29:\"fave_additional_feature_value\";s:9:\"Erstbezug\";}i:14;a:2:{s:29:\"fave_additional_feature_title\";s:27:\"Immobilie ist verf\u00fcgbar ab\";s:29:\"fave_additional_feature_value\";s:7:\"Q1 2024\";}}"],"fave_additional_features_enable":["enable"],"_immonex_custom_fields":["a:1:{s:23:\"Energieausweis-Jahrgang\";a:5:{s:14:\"mapping_source\";s:38:\"zustand_angaben->energiepass->jahrgang\";s:4:\"name\";s:0:\"\";s:5:\"group\";s:5:\"epass\";s:5:\"value\";s:13:\"not available\";s:19:\"value_before_filter\";s:4:\"ohne\";}}"],"_immonex_property_xml_source":["<?xml version=\"1.0\"?>\n<immobilie>\n<objektkategorie>\n<nutzungsart WOHNEN=\"false\" GEWERBE=\"true\"\/>\n<vermarktungsart KAUF=\"false\" MIETE_PACHT=\"true\"\/>\n<objektart>\n<hallen_lager_prod hallen_typ=\"LAGERFLAECHEN\"\/>\n<\/objektart>\n<user_defined_simplefield\/>\n<\/objektkategorie>\n<geo>\n<plz>31629<\/plz>\n<ort>Estorf<\/ort>\n<strasse>Brakenhof<\/strasse>\n<hausnummer>9<\/hausnummer>\n<land iso_land=\"DEU\"\/>\n<lage_im_bau\/>\n<\/geo>\n<kontaktperson>\n<email_zentrale>anfrage@ruhr-real.de<\/email_zentrale>\n<email_direkt>degenhardt@ruhr-real.de<\/email_direkt>\n<tel_durchw>+49 201 99996336<\/tel_durchw>\n<tel_fax>+49 201 99996344<\/tel_fax>\n<tel_handy>+49 162 4398000<\/tel_handy>\n<name>Degenhardt<\/name>\n<vorname>Marius<\/vorname>\n<anrede>Herr<\/anrede>\n<firma>RUHR REAL GmbH<\/firma>\n<strasse>Holsterhauser Platz<\/strasse>\n<hausnummer>2<\/hausnummer>\n<plz>45147<\/plz>\n<ort>Essen<\/ort>\n<adressfreigabe>true<\/adressfreigabe>\n<\/kontaktperson>\n<preise>\n<heizkosten_enthalten>false<\/heizkosten_enthalten>\n<zzg_mehrwertsteuer>false<\/zzg_mehrwertsteuer>\n<preis_zeiteinheit\/>\n<provisionspflichtig>false<\/provisionspflichtig>\n<aussen_courtage mit_mwst=\"false\">3-4 Nettomonatsmieten<\/aussen_courtage>\n<courtage_hinweis>Bei Vertr&#xE4;gen bis zu f&#xFC;nf Jahren Laufzeit ist ein Honorar von 3 Nettomonatsmieten vom Mieter an RUHR REAL zahlbar; bei Laufzeiten bis zu zehn Jahren werden 4 Nettomonatsmieten f&#xE4;llig. Hinzu kommt die jeweils g&#xFC;ltige Umsatzsteuer.<\/courtage_hinweis>\n<waehrung iso_waehrung=\"EUR\"\/>\n<mwst_satz>19.00<\/mwst_satz>\n<stp_carport\/>\n<stp_duplex\/>\n<stp_freiplatz\/>\n<stp_garage\/>\n<stp_parkhaus\/>\n<stp_tiefgarage\/>\n<\/preise>\n<bieterverfahren\/>\n<versteigerung\/>\n<flaechen>\n<gesamtflaeche>127000<\/gesamtflaeche>\n<lagerflaeche>10483<\/lagerflaeche>\n<bueroflaeche>1260<\/bueroflaeche>\n<bueroteilflaeche>1260<\/bueroteilflaeche>\n<teilbar_ab>10483<\/teilbar_ab>\n<anzahl_stellplaetze type=\"xsd:decimal\">20<\/anzahl_stellplaetze>\n<\/flaechen>\n<ausstattung>\n<ausstatt_kategorie>STANDARD<\/ausstatt_kategorie>\n<bad\/>\n<kueche\/>\n<boden STEIN=\"true\"\/>\n<heizungsart\/>\n<befeuerung\/>\n<fahrstuhl\/>\n<stellplatzart FREIPLATZ=\"true\"\/>\n<ausricht_balkon_terrasse\/>\n<angeschl_gastronomie\/>\n<sicherheitstechnik\/>\n<\/ausstattung>\n<zustand_angaben>\n<baujahr>2023<\/baujahr>\n<zustand zustand_art=\"ERSTBEZUG\"\/>\n<energiepass>\n<jahrgang>ohne<\/jahrgang>\n<\/energiepass>\n<\/zustand_angaben>\n<bewertung\/>\n<infrastruktur>\n<zulieferung>true<\/zulieferung>\n<\/infrastruktur>\n<freitexte>\n<objekttitel>Neubauprojekt | verkehrsg&#xFC;nstige Lage | kurzfristig verf&#xFC;gbar<\/objekttitel>\n<lage>Diese Liegenschaft befindet sich in Niedersachsen direkt an der Weser, zwischen den beiden Hauptst&#xE4;dten Bremen und Hannover. Von diesem Standort aus erreichen Sie die gro&#xDF;en deutschen Seeh&#xE4;fen Wilhelmshaven und Hamburg, die St&#xE4;dte Hannover, Bremen, Hamburg und Bielefeld erreichen Sie innerhalb von 2 LKW-Fahrstunden. <\/lage><ausstatt_beschr>&#x2022; E-Lades&#xE4;ulen f&#xFC;r PKW und E-Bikes\n&#x2022; Bodentraglast: 6t\/m&#xB2;\n&#x2022; Deckenh&#xF6;he: 12,00 m\n&#x2022; Andienung: ebenerdig, &#xDC;berladebr&#xFC;cken und jeweils mind. eine Jumbo-&#xDC;berladebr&#xFC;cke\n&#x2022; Parkpl&#xE4;tze PKW: mind. 12 pro Unit\n&#x2022; Parkpl&#xE4;tze LKW: mind. 2 pro Unit\n&#x2022; Photovoltaikanlage\n&#x2022; DGNB Platin Zertifizierung<\/ausstatt_beschr>\n<objektbeschreibung>Dieses Neubauprojekt entsteht in Estorf-Leeseringen in Form eines Gewerbeparks. \n\nDie ersten Units sind bereits Q1 2024 verf&#xFC;gbar, die letzten Units in Q3 2024. Das gesamte Gel&#xE4;nde ist komplett umz&#xE4;unt und durch Schranken und Toranlagen gesichert. PKW und LKW haben eine separate Zufahrt. \n\nEbenso sind bei dieser Liegenschaft eine Vielzahl an Fahrradstellpl&#xE4;tzen und E-Lades&#xE4;ulen f&#xFC;r PKW und E-Bikes geplant. Der gesamte Gewerbepark ist nachhaltig konzipiert, wird durch eine W&#xE4;rmepumpenanlage beheizt, eine Photovoltaikanlage ist ebenfalls vorgesehen. In jeder Unit befindet sich eine Mezzaninefl&#xE4;che mit B&#xFC;ro- und Sozialfl&#xE4;chen. Ebenso sind Sanit&#xE4;ranlagen mit Duschen f&#xFC;r LKW-Fahrer angedacht. Ebenso ist ein flexibler und individueller Ausbau nach Mieterwunsch m&#xF6;glich.\n\nFolgende Fl&#xE4;chen stehen zur Disposition:\nab Q1 2024:\nUnit 1-4 jeweils 10.483 m&#xB2; Halle + 1.260 m&#xB2; Mezzaninefl&#xE4;che\n\nab Q2 2024:\nUnit 5-8 jeweils 10.483 m&#xB2; Halle + 1.260 m&#xB2; Mezzaninefl&#xE4;che\n\nab Q3 2024:\nUnit 9   6.136 m&#xB2; Halle + 1.260 m&#xB2; Mezzaninefl&#xE4;che\nUnit 10 7.150 m&#xB2; Halle + 1.104 m&#xB2; Mezzaninefl&#xE4;che\nUnit 11 7.007 m&#xB2; Halle + 1.104 m&#xB2; Mezzaninefl&#xE4;che\nUnit 12 8.165 m&#xB2; Halle + 1.260 m&#xB2; Mezzaninefl&#xE4;che<\/objektbeschreibung>\n<sonstige_angaben>Es gelten ausschlie&#xDF;lich unsere AGB (www.ruhr-real.de\/agb). Wir m&#xF6;chten Sie darauf hinweisen, dass die Angaben ausschlie&#xDF;lich auf den uns vom Eigent&#xFC;mer &#xFC;bermittelten Unterlagen und Informationen basieren. F&#xFC;r Richtigkeit und Vollst&#xE4;ndigkeit &#xFC;bernehmen wir keine Gew&#xE4;hr. Zwischenvermietung vorbehalten.<\/sonstige_angaben>\n<\/freitexte>\n<anhaenge>\n<anhang location=\"EXTERN\" gruppe=\"TITELBILD\">\n<anhangtitel>Beispiel Logistik <\/anhangtitel>\n<format>jpg<\/format>\n<daten>\n<pfad>d5a943293de846e8bd0176308f5fa82a.jpg<\/pfad>\n<\/daten>\n<\/anhang>\n<anhang location=\"EXTERN\" gruppe=\"BILD\">\n<anhangtitel>Beispiel Logistik <\/anhangtitel>\n<format>jpg<\/format>\n<daten>\n<pfad>2fd60db682e74217b52c9847ad0f30c2.jpg<\/pfad>\n<\/daten>\n<\/anhang>\n<\/anhaenge>\n<verwaltung_objekt>\n<objektadresse_freigeben>false<\/objektadresse_freigeben>\n<verfuegbar_ab>Q1 2024<\/verfuegbar_ab>\n<geschlecht\/>\n<gewerbliche_nutzung>true<\/gewerbliche_nutzung>\n<\/verwaltung_objekt>\n<verwaltung_techn>\n<objektnr_intern>DE023F230D364346824755BB2BCE52F3<\/objektnr_intern>\n<objektnr_extern>3074\/E1<\/objektnr_extern>\n<aktion aktionart=\"CHANGE\"\/>\n<openimmo_obid>DE023F230D364346824755BB2BCE52F3<\/openimmo_obid>\n<kennung_ursprung>estatePro V10.0.0.8<\/kennung_ursprung>\n<stand_vom>2024-05-10<\/stand_vom>\n<\/verwaltung_techn>\n<user_defined_simplefield feldname=\"Startseite\">Nein<\/user_defined_simplefield>\n<\/immobilie>\n"],"_thumbnail_id":["126621"],"fave_property_images":["126621","126622"],"fave_floor_plans_enable":["disable"],"fave_prop_homeslider":["yes"],"fave_prop_slider_image":["126621"],"fave_agents":["112643"],"fave_agent_display_option":["agent_info"],"fave_single_top_area":["global"],"fave_single_content_area":["global"],"fave_property_price":["0"],"fave_property_map":["1"],"fave_property_map_street_view":["hide"],"fave_property_size_prefix":["m\u00b2"],"fave_property_land_postfix":["m\u00b2"],"fave_featured":["0"],"houzez_featured_listing_date":[""],"fave_currency":["EUR"],"fave_currency_info":["a:8:{s:2:\"id\";s:1:\"1\";s:13:\"currency_name\";s:4:\"Euro\";s:13:\"currency_code\";s:3:\"EUR\";s:15:\"currency_symbol\";s:3:\"\u20ac\";s:17:\"currency_position\";s:5:\"after\";s:16:\"currency_decimal\";s:1:\"2\";s:26:\"currency_decimal_separator\";s:1:\",\";s:27:\"currency_thousand_separator\";s:1:\".\";}"],"fave_show_price_placeholder":["1"],"houzez_total_property_views":["2187"],"houzez_views_by_date":["a:61:{s:10:\"02-28-2026\";i:4;s:10:\"03-01-2026\";i:4;s:10:\"03-02-2026\";i:4;s:10:\"03-03-2026\";i:4;s:10:\"03-04-2026\";i:4;s:10:\"03-05-2026\";i:6;s:10:\"03-06-2026\";i:4;s:10:\"03-07-2026\";i:4;s:10:\"03-08-2026\";i:4;s:10:\"03-09-2026\";i:4;s:10:\"03-10-2026\";i:4;s:10:\"03-11-2026\";i:6;s:10:\"03-12-2026\";i:5;s:10:\"03-13-2026\";i:4;s:10:\"03-14-2026\";i:4;s:10:\"03-15-2026\";i:4;s:10:\"03-16-2026\";i:2;s:10:\"03-17-2026\";i:10;s:10:\"03-18-2026\";i:6;s:10:\"03-19-2026\";i:4;s:10:\"03-20-2026\";i:6;s:10:\"03-21-2026\";i:4;s:10:\"03-22-2026\";i:4;s:10:\"03-23-2026\";i:4;s:10:\"03-24-2026\";i:4;s:10:\"03-25-2026\";i:4;s:10:\"03-26-2026\";i:6;s:10:\"03-27-2026\";i:4;s:10:\"03-28-2026\";i:4;s:10:\"03-29-2026\";i:4;s:10:\"03-30-2026\";i:4;s:10:\"03-31-2026\";i:4;s:10:\"04-01-2026\";i:7;s:10:\"04-02-2026\";i:9;s:10:\"04-03-2026\";i:8;s:10:\"04-04-2026\";i:8;s:10:\"04-05-2026\";i:8;s:10:\"04-06-2026\";i:8;s:10:\"04-07-2026\";i:10;s:10:\"04-08-2026\";i:8;s:10:\"04-09-2026\";i:8;s:10:\"04-10-2026\";i:8;s:10:\"04-11-2026\";i:6;s:10:\"04-12-2026\";i:8;s:10:\"04-13-2026\";i:8;s:10:\"04-14-2026\";i:8;s:10:\"04-15-2026\";i:8;s:10:\"04-16-2026\";i:8;s:10:\"04-17-2026\";i:8;s:10:\"04-18-2026\";i:8;s:10:\"04-19-2026\";i:8;s:10:\"04-20-2026\";i:8;s:10:\"04-21-2026\";i:8;s:10:\"04-22-2026\";i:8;s:10:\"04-23-2026\";i:10;s:10:\"04-24-2026\";i:8;s:10:\"04-25-2026\";i:8;s:10:\"04-26-2026\";i:9;s:10:\"04-27-2026\";i:8;s:10:\"04-28-2026\";i:6;s:10:\"04-29-2026\";i:8;}"],"houzez_recently_viewed":["2026-04-29 16:26:05"],"tp_widgets":["a:2:{s:7:\"widgets\";a:0:{}s:9:\"update_at\";s:10:\"1764682733\";}"],"rank_math_news_sitemap_robots":["index"],"rank_math_robots":["a:1:{i:0;s:5:\"index\";}"],"rank_math_internal_links_processed":["1"],"_elementor_page_assets":["a:0:{}"]},"_links":{"self":[{"href":"https:\/\/ruhr-real.de\/en\/wp-json\/wp\/v2\/properties\/126620","targetHints":{"allow":["GET"]}}],"collection":[{"href":"https:\/\/ruhr-real.de\/en\/wp-json\/wp\/v2\/properties"}],"about":[{"href":"https:\/\/ruhr-real.de\/en\/wp-json\/wp\/v2\/types\/property"}],"author":[{"embeddable":true,"href":"https:\/\/ruhr-real.de\/en\/wp-json\/wp\/v2\/users\/1"}],"version-history":[{"count":0,"href":"https:\/\/ruhr-real.de\/en\/wp-json\/wp\/v2\/properties\/126620\/revisions"}],"wp:featuredmedia":[{"embeddable":true,"href":"https:\/\/ruhr-real.de\/en\/wp-json\/wp\/v2\/media\/126621"}],"wp:attachment":[{"href":"https:\/\/ruhr-real.de\/en\/wp-json\/wp\/v2\/media?parent=126620"}],"wp:term":[{"taxonomy":"property_type","embeddable":true,"href":"https:\/\/ruhr-real.de\/en\/wp-json\/wp\/v2\/property_type?post=126620"},{"taxonomy":"property_status","embeddable":true,"href":"https:\/\/ruhr-real.de\/en\/wp-json\/wp\/v2\/property_status?post=126620"},{"taxonomy":"property_feature","embeddable":true,"href":"https:\/\/ruhr-real.de\/en\/wp-json\/wp\/v2\/property_feature?post=126620"},{"taxonomy":"property_label","embeddable":true,"href":"https:\/\/ruhr-real.de\/en\/wp-json\/wp\/v2\/property_label?post=126620"},{"taxonomy":"property_country","embeddable":true,"href":"https:\/\/ruhr-real.de\/en\/wp-json\/wp\/v2\/property_country?post=126620"},{"taxonomy":"property_state","embeddable":true,"href":"https:\/\/ruhr-real.de\/en\/wp-json\/wp\/v2\/property_state?post=126620"},{"taxonomy":"property_city","embeddable":true,"href":"https:\/\/ruhr-real.de\/en\/wp-json\/wp\/v2\/property_city?post=126620"},{"taxonomy":"property_area","embeddable":true,"href":"https:\/\/ruhr-real.de\/en\/wp-json\/wp\/v2\/property_area?post=126620"}],"curies":[{"name":"wp","href":"https:\/\/api.w.org\/{rel}","templated":true}]}}