{"id":127004,"date":"2024-05-10T01:21:43","date_gmt":"2024-05-09T23:21:43","guid":{"rendered":"https:\/\/2024.ruhr-real.de\/immobilien\/moderne-bueroflaechen-in-ruettenscheid-verschiedene-flaechenkonstellationen-stellplaetze\/"},"modified":"2024-05-10T01:21:43","modified_gmt":"2024-05-09T23:21:43","slug":"moderne-bueroflaechen-in-ruettenscheid-verschiedene-flaechenkonstellationen-stellplaetze","status":"publish","type":"property","link":"https:\/\/ruhr-real.de\/en\/objekt\/moderne-bueroflaechen-in-ruettenscheid-verschiedene-flaechenkonstellationen-stellplaetze\/","title":{"rendered":"Moderne B\u00fcrofl\u00e4chen in R\u00fcttenscheid | verschiedene Fl\u00e4chenkonstellationen | Stellpl\u00e4tze"},"content":{"rendered":"<p>Bei dem Objekt handelt es sich um ein sehr modernes und zeitgem\u00e4\u00dfes B\u00fcrogeb\u00e4ude aus dem Jahre 2000. Die Immobilie verf\u00fcgt zurzeit \u00fcber B\u00fcrofl\u00e4chen in einer Zellenstruktur. Alle Fl\u00e4chen sind \u00fcber einen Personenaufzug sowie das Treppenhaus zu erreichen. Ausreichend Stellpl\u00e4tze stehen in der hauseigenen Tiefgarage zur Anmietung bereit.<\/p>\n<p>Zur Zeit stehen folgende Fl\u00e4chen zur Disposition:<\/p>\n<p>EG: 827 m\u00b2<br \/>\n2. OG: 859 m\u00b2<br \/>\n3. OG: 449 m\u00b2<br \/>\n5. OG: 1.064 m\u00b2<\/p>\n<p>Ferner stehen dem Nutzer Lagerr\u00e4ume im UG zur Anmietung zur Verf\u00fcgung.<\/p>\n<p>Das Geb\u00e4ude liegt in bester und ruhiger Lage am Stadtgarten. Aufgrund der direkten Anbindung an die Autobahn A40, sowie der N\u00e4he zum Essener Hauptbahnhof, ist das Objekt besonders verkehrsg\u00fcnstig gelegen. In der N\u00e4he des Geb\u00e4udes befindet sich die Philharmonie. Zahlreiche Caf\u00e9s und Restaurants, sowie Einkaufsm\u00f6glichkeiten und Gr\u00fcnfl\u00e4chen sind ebenfalls in nur wenigen Gehminuten erreichbar. Den Flughafen D\u00fcsseldorf erreichen Sie in ca. 20 Minuten.<\/p>\n<p>Bedeutende Unternehmen in der B\u00fcromarktzone: Amevida, STEAG, DEVK, PricewaterhouseCoopers GmbH Wirtschaftspr\u00fcfungsgesellschaft, Ferrostaal<\/p>\n<p>Hotels in der N\u00e4he: Sheraton Hotel, Intercity Hotel, Mercure Hotel, ibis Hotel, Select Hotel Handelshof<\/p>\n<p>\u2022 Bodenbelag: Teppichboden<br \/>\n\u2022 EDV-Verkabelung: CAT-5 vom Vormieter<br \/>\n\u2022 Kabelf\u00fchrung: Bodentanks<br \/>\n\u2022 Sonnenschutz: au\u00dfenliegend, innenliegend<br \/>\n\u2022 Teek\u00fcche: voll ausgestattet<br \/>\n\u2022 Beleuchtung: Deckenleuchten<br \/>\n\u2022 K\u00fchlung: klimatisiert<\/p>\n<p>Die Ausstattung kann bei Bedarf angepasst werden!<\/p>\n<p>Es gelten ausschlie\u00dflich unsere AGB (www.ruhr-real.de\/agb). Wir m\u00f6chten Sie darauf hinweisen, dass die Angaben ausschlie\u00dflich auf den uns vom Eigent\u00fcmer \u00fcbermittelten Unterlagen und Informationen basieren. F\u00fcr Richtigkeit und Vollst\u00e4ndigkeit \u00fcbernehmen wir keine Gew\u00e4hr. Zwischenvermietung vorbehalten.<br \/>\n<div class=\"widget widget_immonex_user_defined_properties_widget\"><div class=\"immonex-widget immonex-widget-houzez\">\n\t\t<div class=\"immonex-widget-title clearfix\">\n\t\t<h2 class=\"widgettitle\">Energieeffizienz<\/h2>\t<\/div>\n\t\t<ul class=\"immonex-property-details row list-lined list-unstyled\">\n\t\t\t\t<li>\n\t\t\t<div class=\"list-lined-item w-100 d-flex justify-content-between py-2\">\n\t\t\t\t\t\t\t\t<strong class=\"property-details-label\">Energieausweis-Art:<\/strong>&nbsp;<span class=\"property-details-value\">Consumption<\/span>\n\t\t\t\t\t\t\t<\/div>\n\t\t<\/li>\n\t\t\t\t<li>\n\t\t\t<div class=\"list-lined-item w-100 d-flex justify-content-between py-2\">\n\t\t\t\t\t\t\t\t<strong class=\"property-details-label\">Prim\u00e4renergietr\u00e4ger:<\/strong>&nbsp;<span class=\"property-details-value\">Fernw\u00e4rme<\/span>\n\t\t\t\t\t\t\t<\/div>\n\t\t<\/li>\n\t\t\t\t<li>\n\t\t\t<div class=\"list-lined-item w-100 d-flex justify-content-between py-2\">\n\t\t\t\t\t\t\t\t<strong class=\"property-details-label\">Stromverbrauchskennwert:<\/strong>&nbsp;<span class=\"property-details-value\">29,9&nbsp;kWh\/(m\u00b2*a)<\/span>\n\t\t\t\t\t\t\t<\/div>\n\t\t<\/li>\n\t\t\t\t<li>\n\t\t\t<div class=\"list-lined-item w-100 d-flex justify-content-between py-2\">\n\t\t\t\t\t\t\t\t<strong class=\"property-details-label\">Heizenergieverbrauchskennwert:<\/strong>&nbsp;<span class=\"property-details-value\">105,6&nbsp;kWh\/(m\u00b2*a)<\/span>\n\t\t\t\t\t\t\t<\/div>\n\t\t<\/li>\n\t\t\t\t<li>\n\t\t\t<div class=\"list-lined-item w-100 d-flex justify-content-between py-2\">\n\t\t\t\t\t\t\t\t<strong class=\"property-details-label\">Energieausweis-Jahrgang:<\/strong>&nbsp;<span class=\"property-details-value\">as from may 2014<\/span>\n\t\t\t\t\t\t\t<\/div>\n\t\t<\/li>\n\t\t\t<\/ul>\n<\/div><\/div><\/p>\n","protected":false},"excerpt":{"rendered":"<p>Bei dem Objekt handelt es sich um ein sehr modernes und zeitgem\u00e4\u00dfes B\u00fcrogeb\u00e4ude aus dem Jahre 2000. Die Immobilie&#8230;<\/p>\n","protected":false},"author":1,"featured_media":127005,"parent":0,"menu_order":0,"template":"","property_type":[379],"property_status":[352],"property_feature":[361,354],"property_label":[],"property_country":[353],"property_state":[],"property_city":[306],"property_area":[319],"class_list":["post-127004","property","type-property","status-publish","has-post-thumbnail","hentry","property_type-bueroflaechen","property_status-zu-vermieten","property_feature-klimaanlage","property_feature-personenaufzug","property_country-deutschland","property_city-essen","property_area-sudviertel"],"acf":[],"property_meta":{"_immonex_import_folder":["users\/RUHRREAL"],"fave_property_map_address":["45128 Essen"],"fave_property_zip":["45128"],"fave_property_country":["DE"],"_immonex_lat":["51.4581041"],"_immonex_lng":["7.00384697953"],"houzez_geolocation_lat":["51.4581041"],"houzez_geolocation_long":["7.00384697953"],"fave_property_location":["51.4581041,7.00384697953"],"fave_property_price":["12.50"],"fave_property_sec_price":["12.5000"],"fave_property_year":["2000"],"fave_property_id":["048\/E5"],"_immonex_translation_id":["048\/E5"],"_immonex_iso_country":["DEU"],"_openimmo_obid":["11803E1522AF437F99D54E3775659FAA"],"_openimmo_anid":["0000"],"_immonex_group_number":["3"],"_immonex_group_id":[""],"_immonex_group_master":[""],"_immonex_import_meta":["a:6:{s:8:\"zip_file\";s:131:\"\/www\/htdocs\/w0172e0e\/ruhr-real_2024\/wp-content\/uploads\/immonex-openimmo-import\/users\/RUHRREAL\/Immowelt_estatePro_20240510095907.zip\";s:8:\"xml_file\";s:158:\"\/www\/htdocs\/w0172e0e\/ruhr-real_2024\/wp-content\/uploads\/immonex-openimmo-import\/immowelt_estatepro_20240510095907\/Homepage_2024_NEW_estatePro20240510095907.xml\";s:12:\"mapping_file\";s:116:\"\/www\/htdocs\/w0172e0e\/ruhr-real_2024\/wp-content\/uploads\/immonex-openimmo-import\/mappings\/houzez_ruhrreal_18122023.csv\";s:9:\"timestamp\";i:1715336743;s:4:\"date\";s:10:\"2024-05-10\";s:4:\"time\";s:8:\"12:25:43\";}"],"_is_immonex_import_property":["1"],"_immonex_is_reference":[""],"_immonex_is_sold":[""],"_immonex_is_reserved":[""],"_immonex_is_available":["1"],"additional_features":["a:14:{i:0;a:2:{s:29:\"fave_additional_feature_title\";s:11:\"Heizungsart\";s:29:\"fave_additional_feature_value\";s:27:\"Zentralheizung, Fernheizung\";}i:1;a:2:{s:29:\"fave_additional_feature_title\";s:14:\"Nettokaltmiete\";s:29:\"fave_additional_feature_value\";s:14:\"12,50&nbsp;\u20ac\";}i:2;a:2:{s:29:\"fave_additional_feature_title\";s:9:\"Kaltmiete\";s:29:\"fave_additional_feature_value\";s:14:\"12,50&nbsp;\u20ac\";}i:3;a:2:{s:29:\"fave_additional_feature_title\";s:29:\"monatl. Betriebs-\/Nebenkosten\";s:29:\"fave_additional_feature_value\";s:13:\"3,50&nbsp;\u20ac\";}i:4;a:2:{s:29:\"fave_additional_feature_title\";s:33:\"Heizkosten in Warmmiete enthalten\";s:29:\"fave_additional_feature_value\";s:4:\"nein\";}i:5;a:2:{s:29:\"fave_additional_feature_title\";s:32:\"Preise zuz\u00fcglich Mehrwertsteuer\";s:29:\"fave_additional_feature_value\";s:4:\"nein\";}i:6;a:2:{s:29:\"fave_additional_feature_title\";s:23:\"Netto-Kaltmiete pro m\u00b2\";s:29:\"fave_additional_feature_value\";s:14:\"12,50&nbsp;\u20ac\";}i:7;a:2:{s:29:\"fave_additional_feature_title\";s:10:\"MwSt.-Satz\";s:29:\"fave_additional_feature_value\";s:9:\"19&nbsp;%\";}i:8;a:2:{s:29:\"fave_additional_feature_title\";s:19:\"Art der Ausstattung\";s:29:\"fave_additional_feature_value\";s:7:\"gehoben\";}i:9;a:2:{s:29:\"fave_additional_feature_title\";s:10:\"Befeuerung\";s:29:\"fave_additional_feature_value\";s:10:\"Fernw\u00e4rme\";}i:10;a:2:{s:29:\"fave_additional_feature_title\";s:10:\"Bodenbelag\";s:29:\"fave_additional_feature_value\";s:7:\"Teppich\";}i:11;a:2:{s:29:\"fave_additional_feature_title\";s:13:\"Stellplatzart\";s:29:\"fave_additional_feature_value\";s:10:\"Tiefgarage\";}i:12;a:2:{s:29:\"fave_additional_feature_title\";s:7:\"Zustand\";s:29:\"fave_additional_feature_value\";s:9:\"neuwertig\";}i:13;a:2:{s:29:\"fave_additional_feature_title\";s:27:\"Immobilie ist verf\u00fcgbar ab\";s:29:\"fave_additional_feature_value\";s:17:\"nach Vereinbarung\";}}"],"fave_additional_features_enable":["enable"],"_immonex_custom_fields":["a:5:{s:18:\"Energieausweis-Art\";a:5:{s:14:\"mapping_source\";s:35:\"zustand_angaben->energiepass->epart\";s:4:\"name\";s:0:\"\";s:5:\"group\";s:5:\"epass\";s:5:\"value\";s:11:\"Consumption\";s:19:\"value_before_filter\";s:9:\"VERBRAUCH\";}s:21:\"Prim\u00e4renergietr\u00e4ger\";a:5:{s:14:\"mapping_source\";s:29:\"ausstattung->befeuerung:FERN+\";s:4:\"name\";s:0:\"\";s:5:\"group\";s:5:\"epass\";s:5:\"value\";s:10:\"Fernw\u00e4rme\";s:19:\"value_before_filter\";s:10:\"Fernw\u00e4rme\";}s:23:\"Stromverbrauchskennwert\";a:5:{s:14:\"mapping_source\";s:39:\"zustand_angaben->energiepass->stromwert\";s:4:\"name\";s:0:\"\";s:5:\"group\";s:5:\"epass\";s:5:\"value\";s:21:\"29,9&nbsp;kWh\/(m\u00b2*a)\";s:19:\"value_before_filter\";s:4:\"29,9\";}s:29:\"Heizenergieverbrauchskennwert\";a:5:{s:14:\"mapping_source\";s:40:\"zustand_angaben->energiepass->waermewert\";s:4:\"name\";s:0:\"\";s:5:\"group\";s:5:\"epass\";s:5:\"value\";s:22:\"105,6&nbsp;kWh\/(m\u00b2*a)\";s:19:\"value_before_filter\";s:5:\"105,6\";}s:23:\"Energieausweis-Jahrgang\";a:5:{s:14:\"mapping_source\";s:38:\"zustand_angaben->energiepass->jahrgang\";s:4:\"name\";s:0:\"\";s:5:\"group\";s:5:\"epass\";s:5:\"value\";s:16:\"as from may 2014\";s:19:\"value_before_filter\";s:4:\"2014\";}}"],"_immonex_property_xml_source":["<?xml version=\"1.0\"?>\n<immobilie>\n<objektkategorie>\n<nutzungsart WOHNEN=\"false\" GEWERBE=\"true\"\/>\n<vermarktungsart KAUF=\"false\" MIETE_PACHT=\"true\"\/>\n<objektart>\n<buero_praxen buero_typ=\"BUEROHAUS\"\/>\n<\/objektart>\n<user_defined_simplefield\/>\n<\/objektkategorie>\n<geo>\n<plz>45128<\/plz>\n<ort>Essen<\/ort>\n<strasse>Baumstra&#xDF;e<\/strasse>\n<hausnummer>25<\/hausnummer>\n<land iso_land=\"DEU\"\/>\n<lage_im_bau\/>\n<regionaler_zusatz>S&#xFC;dviertel<\/regionaler_zusatz>\n<\/geo>\n<kontaktperson>\n<email_zentrale>anfrage@ruhr-real.de<\/email_zentrale>\n<email_direkt>bruckmann@ruhr-real.de<\/email_direkt>\n<tel_durchw>+49 201 99996337<\/tel_durchw>\n<tel_fax>+49 201 99996344<\/tel_fax>\n<tel_handy>+49 172 7088870<\/tel_handy><name>Bruckmann<\/name>\n<vorname>Jonas<\/vorname>\n<anrede>Herr<\/anrede>\n<firma>RUHR REAL GmbH<\/firma>\n<strasse>Holsterhauser Platz<\/strasse>\n<hausnummer>2<\/hausnummer>\n<plz>45147<\/plz>\n<ort>Essen<\/ort>\n<adressfreigabe>true<\/adressfreigabe>\n<\/kontaktperson>\n<preise>\n<nettokaltmiete>12.50<\/nettokaltmiete>\n<kaltmiete>12.50<\/kaltmiete>\n<nebenkosten>3.50<\/nebenkosten>\n<heizkosten_enthalten>false<\/heizkosten_enthalten>\n<zzg_mehrwertsteuer>false<\/zzg_mehrwertsteuer>\n<preis_zeiteinheit\/>\n<mietpreis_pro_qm>12.5000<\/mietpreis_pro_qm>\n<provisionspflichtig>false<\/provisionspflichtig>\n<waehrung iso_waehrung=\"EUR\"\/>\n<mwst_satz>19.00<\/mwst_satz>\n<stp_carport\/>\n<stp_duplex\/>\n<stp_freiplatz\/>\n<stp_garage\/>\n<stp_parkhaus\/>\n<stp_tiefgarage\/>\n<\/preise>\n<bieterverfahren\/>\n<versteigerung\/>\n<flaechen>\n<anzahl_stellplaetze type=\"xsd:decimal\">90<\/anzahl_stellplaetze>\n<\/flaechen>\n<ausstattung>\n<ausstatt_kategorie>GEHOBEN<\/ausstatt_kategorie>\n<bad\/>\n<kueche\/>\n<boden TEPPICH=\"true\"\/>\n<heizungsart ZENTRAL=\"true\" FERN=\"true\"\/>\n<befeuerung FERN=\"true\"\/>\n<klimatisiert>true<\/klimatisiert>\n<fahrstuhl PERSONEN=\"true\"\/>\n<stellplatzart TIEFGARAGE=\"true\"\/>\n<ausricht_balkon_terrasse\/>\n<angeschl_gastronomie\/>\n<sicherheitstechnik\/>\n<\/ausstattung>\n<zustand_angaben>\n<baujahr>2000<\/baujahr>\n<zustand zustand_art=\"NEUWERTIG\"\/>\n<energiepass>\n<epart>VERBRAUCH<\/epart>\n<stromwert>29,9<\/stromwert>\n<waermewert>105,6<\/waermewert>\n<jahrgang>2014<\/jahrgang>\n<\/energiepass>\n<\/zustand_angaben>\n<bewertung\/>\n<infrastruktur\/>\n<freitexte>\n<objekttitel>Moderne B&#xFC;rofl&#xE4;chen in R&#xFC;ttenscheid | verschiedene Fl&#xE4;chenkonstellationen | Stellpl&#xE4;tze<\/objekttitel>\n<lage>Das Geb&#xE4;ude liegt in bester und ruhiger Lage am Stadtgarten. Aufgrund der direkten Anbindung an die Autobahn A40, sowie der N&#xE4;he zum Essener Hauptbahnhof, ist das Objekt besonders verkehrsg&#xFC;nstig gelegen. In der N&#xE4;he des Geb&#xE4;udes befindet sich die Philharmonie. Zahlreiche Caf&#xE9;s und Restaurants, sowie Einkaufsm&#xF6;glichkeiten und Gr&#xFC;nfl&#xE4;chen sind ebenfalls in nur wenigen Gehminuten erreichbar. Den Flughafen D&#xFC;sseldorf erreichen Sie in ca. 20 Minuten.\n\nBedeutende Unternehmen in der B&#xFC;romarktzone: Amevida, STEAG, DEVK, PricewaterhouseCoopers GmbH Wirtschaftspr&#xFC;fungsgesellschaft, Ferrostaal\n\nHotels in der N&#xE4;he: Sheraton Hotel, Intercity Hotel, Mercure Hotel, ibis Hotel, Select Hotel Handelshof<\/lage>\n<ausstatt_beschr>&#x2022; Bodenbelag: Teppichboden\n&#x2022; EDV-Verkabelung: CAT-5 vom Vormieter\n&#x2022; Kabelf&#xFC;hrung: Bodentanks\n&#x2022; Sonnenschutz: au&#xDF;enliegend, innenliegend\n&#x2022; Teek&#xFC;che: voll ausgestattet\n&#x2022; Beleuchtung: Deckenleuchten\n&#x2022; K&#xFC;hlung: klimatisiert\n\nDie Ausstattung kann bei Bedarf angepasst werden!<\/ausstatt_beschr>\n<objektbeschreibung>Bei dem Objekt handelt es sich um ein sehr modernes und zeitgem&#xE4;&#xDF;es B&#xFC;rogeb&#xE4;ude aus dem Jahre 2000. Die Immobilie verf&#xFC;gt zurzeit &#xFC;ber B&#xFC;rofl&#xE4;chen in einer Zellenstruktur. Alle Fl&#xE4;chen sind &#xFC;ber einen Personenaufzug sowie das Treppenhaus zu erreichen. Ausreichend Stellpl&#xE4;tze stehen in der hauseigenen Tiefgarage zur Anmietung bereit. \n\nZur Zeit stehen folgende Fl&#xE4;chen zur Disposition:\n\nEG: 827 m&#xB2;\n2. OG: 859 m&#xB2;\n3. OG: 449 m&#xB2;\n5. OG: 1.064 m&#xB2;\n\nFerner stehen dem Nutzer Lagerr&#xE4;ume im UG zur Anmietung zur Verf&#xFC;gung.<\/objektbeschreibung>\n<sonstige_angaben>Es gelten ausschlie&#xDF;lich unsere AGB (www.ruhr-real.de\/agb). Wir m&#xF6;chten Sie darauf hinweisen, dass die Angaben ausschlie&#xDF;lich auf den uns vom Eigent&#xFC;mer &#xFC;bermittelten Unterlagen und Informationen basieren. F&#xFC;r Richtigkeit und Vollst&#xE4;ndigkeit &#xFC;bernehmen wir keine Gew&#xE4;hr. Zwischenvermietung vorbehalten.<\/sonstige_angaben>\n<\/freitexte>\n<anhaenge>\n<anhang location=\"EXTERN\" gruppe=\"TITELBILD\">\n<anhangtitel>Eingangsbereich<\/anhangtitel>\n<format>jpg<\/format>\n<daten>\n<pfad>7fbde7c94e49436eadb7c8fccbb87349.jpg<\/pfad>\n<\/daten>\n<\/anhang>\n<anhang location=\"EXTERN\" gruppe=\"BILD\">\n<anhangtitel>Au&#xDF;enansicht <\/anhangtitel>\n<format>jpg<\/format>\n<daten>\n<pfad>ff11e0b01818491ca112813f11a0545b.jpg<\/pfad>\n<\/daten>\n<\/anhang>\n<anhang location=\"EXTERN\" gruppe=\"BILD\">\n<anhangtitel>Stra&#xDF;enansicht <\/anhangtitel><format>jpg<\/format>\n<daten>\n<pfad>e68461e0d9594837ba815a72c4d030a1.jpg<\/pfad>\n<\/daten>\n<\/anhang>\n<anhang location=\"EXTERN\" gruppe=\"BILD\">\n<anhangtitel>B&#xFC;ro 1<\/anhangtitel>\n<format>jpg<\/format>\n<daten>\n<pfad>f18c45f6ee844276b77fce7188aad60e.jpg<\/pfad>\n<\/daten>\n<\/anhang>\n<anhang location=\"EXTERN\" gruppe=\"BILD\">\n<anhangtitel>Flur 1 (1)<\/anhangtitel>\n<format>jpg<\/format>\n<daten>\n<pfad>bc30e88112c54df3928dcba510dccdfa.jpg<\/pfad>\n<\/daten>\n<\/anhang>\n<anhang location=\"EXTERN\" gruppe=\"BILD\">\n<anhangtitel>Kleines B&#xFC;ro<\/anhangtitel>\n<format>jpg<\/format>\n<daten>\n<pfad>c2eccfdbc8474644a9ce0780ae97132f.jpg<\/pfad>\n<\/daten>\n<\/anhang>\n<anhang location=\"EXTERN\" gruppe=\"BILD\">\n<anhangtitel>Tiefgarage<\/anhangtitel>\n<format>jpg<\/format>\n<daten>\n<pfad>0867ddb690cb48438bc1b9dc60af2686.jpg<\/pfad>\n<\/daten>\n<\/anhang>\n<anhang location=\"EXTERN\" gruppe=\"GRUNDRISS\">\n<anhangtitel>EG<\/anhangtitel>\n<format>JPG<\/format>\n<daten>\n<pfad>be99f5cf4ad54843b7b1a71696ff7a64.JPG<\/pfad>\n<\/daten>\n<\/anhang>\n<anhang location=\"EXTERN\" gruppe=\"GRUNDRISS\">\n<anhangtitel>3. OG<\/anhangtitel>\n<format>JPG<\/format>\n<daten>\n<pfad>aa2a6a932783447c8b40004750e3d332.JPG<\/pfad>\n<\/daten>\n<\/anhang>\n<anhang location=\"EXTERN\" gruppe=\"GRUNDRISS\">\n<anhangtitel>5. OG<\/anhangtitel>\n<format>JPG<\/format>\n<daten>\n<pfad>6c390a223b9b4e5f9dce17f5f4de3ad3.JPG<\/pfad>\n<\/daten>\n<\/anhang>\n<\/anhaenge>\n<verwaltung_objekt>\n<objektadresse_freigeben>false<\/objektadresse_freigeben>\n<verfuegbar_ab>nach Vereinbarung<\/verfuegbar_ab>\n<gruppennummer>3<\/gruppennummer>\n<geschlecht\/>\n<\/verwaltung_objekt>\n<verwaltung_techn>\n<objektnr_intern>11803E1522AF437F99D54E3775659FAA<\/objektnr_intern>\n<objektnr_extern>048\/E5<\/objektnr_extern>\n<aktion aktionart=\"CHANGE\"\/>\n<openimmo_obid>11803E1522AF437F99D54E3775659FAA<\/openimmo_obid>\n<kennung_ursprung>estatePro V10.0.0.8<\/kennung_ursprung>\n<stand_vom>2024-05-10<\/stand_vom>\n<\/verwaltung_techn>\n<user_defined_simplefield feldname=\"Startseite\">Nein<\/user_defined_simplefield>\n<\/immobilie>\n"],"_thumbnail_id":["127005"],"fave_property_images":["127005","127006","127007","127008","127009","127010","127011"],"fave_floor_plans_enable":["enable"],"floor_plans":["a:3:{i:0;a:7:{s:15:\"fave_plan_title\";s:2:\"EG\";s:15:\"fave_plan_rooms\";s:0:\"\";s:19:\"fave_plan_bathrooms\";s:0:\"\";s:15:\"fave_plan_price\";s:0:\"\";s:14:\"fave_plan_size\";s:0:\"\";s:15:\"fave_plan_image\";s:84:\"https:\/\/ruhr-real.de\/wp-content\/uploads\/2024\/05\/be99f5cf4ad54843b7b1a71696ff7a64.jpg\";s:21:\"fave_plan_description\";s:0:\"\";}i:1;a:7:{s:15:\"fave_plan_title\";s:5:\"3. OG\";s:15:\"fave_plan_rooms\";s:0:\"\";s:19:\"fave_plan_bathrooms\";s:0:\"\";s:15:\"fave_plan_price\";s:0:\"\";s:14:\"fave_plan_size\";s:0:\"\";s:15:\"fave_plan_image\";s:84:\"https:\/\/ruhr-real.de\/wp-content\/uploads\/2024\/05\/aa2a6a932783447c8b40004750e3d332.jpg\";s:21:\"fave_plan_description\";s:0:\"\";}i:2;a:7:{s:15:\"fave_plan_title\";s:5:\"5. OG\";s:15:\"fave_plan_rooms\";s:0:\"\";s:19:\"fave_plan_bathrooms\";s:0:\"\";s:15:\"fave_plan_price\";s:0:\"\";s:14:\"fave_plan_size\";s:0:\"\";s:15:\"fave_plan_image\";s:84:\"https:\/\/ruhr-real.de\/wp-content\/uploads\/2024\/05\/6c390a223b9b4e5f9dce17f5f4de3ad3.jpg\";s:21:\"fave_plan_description\";s:0:\"\";}}"],"fave_prop_homeslider":["yes"],"fave_prop_slider_image":["127005"],"fave_agents":["111496"],"fave_agent_display_option":["agent_info"],"fave_single_top_area":["global"],"fave_single_content_area":["global"],"fave_property_map":["1"],"fave_property_map_street_view":["hide"],"fave_property_size_prefix":["m\u00b2"],"fave_property_land_postfix":["m\u00b2"],"fave_featured":["0"],"houzez_featured_listing_date":[""],"fave_property_price_postfix":["pro&nbsp;m\u00b2"],"fave_currency":["EUR"],"fave_currency_info":["a:8:{s:2:\"id\";s:1:\"1\";s:13:\"currency_name\";s:4:\"Euro\";s:13:\"currency_code\";s:3:\"EUR\";s:15:\"currency_symbol\";s:3:\"\u20ac\";s:17:\"currency_position\";s:5:\"after\";s:16:\"currency_decimal\";s:1:\"2\";s:26:\"currency_decimal_separator\";s:1:\",\";s:27:\"currency_thousand_separator\";s:1:\".\";}"],"fave_show_price_placeholder":["0"],"houzez_total_property_views":["2118"],"houzez_views_by_date":["a:61:{s:10:\"02-24-2026\";i:8;s:10:\"02-25-2026\";i:4;s:10:\"02-26-2026\";i:4;s:10:\"02-27-2026\";i:6;s:10:\"02-28-2026\";i:4;s:10:\"03-01-2026\";i:4;s:10:\"03-02-2026\";i:4;s:10:\"03-03-2026\";i:4;s:10:\"03-04-2026\";i:4;s:10:\"03-05-2026\";i:6;s:10:\"03-06-2026\";i:4;s:10:\"03-07-2026\";i:4;s:10:\"03-08-2026\";i:4;s:10:\"03-09-2026\";i:4;s:10:\"03-10-2026\";i:4;s:10:\"03-11-2026\";i:6;s:10:\"03-12-2026\";i:7;s:10:\"03-13-2026\";i:4;s:10:\"03-14-2026\";i:4;s:10:\"03-15-2026\";i:4;s:10:\"03-16-2026\";i:2;s:10:\"03-17-2026\";i:10;s:10:\"03-18-2026\";i:6;s:10:\"03-19-2026\";i:4;s:10:\"03-20-2026\";i:6;s:10:\"03-21-2026\";i:4;s:10:\"03-22-2026\";i:4;s:10:\"03-23-2026\";i:4;s:10:\"03-24-2026\";i:4;s:10:\"03-25-2026\";i:4;s:10:\"03-26-2026\";i:10;s:10:\"03-27-2026\";i:4;s:10:\"03-28-2026\";i:4;s:10:\"03-29-2026\";i:4;s:10:\"03-30-2026\";i:6;s:10:\"03-31-2026\";i:4;s:10:\"04-01-2026\";i:7;s:10:\"04-02-2026\";i:9;s:10:\"04-03-2026\";i:8;s:10:\"04-04-2026\";i:8;s:10:\"04-05-2026\";i:8;s:10:\"04-06-2026\";i:8;s:10:\"04-07-2026\";i:10;s:10:\"04-08-2026\";i:8;s:10:\"04-09-2026\";i:8;s:10:\"04-10-2026\";i:8;s:10:\"04-11-2026\";i:6;s:10:\"04-12-2026\";i:8;s:10:\"04-13-2026\";i:8;s:10:\"04-14-2026\";i:8;s:10:\"04-15-2026\";i:8;s:10:\"04-16-2026\";i:8;s:10:\"04-17-2026\";i:8;s:10:\"04-18-2026\";i:8;s:10:\"04-19-2026\";i:8;s:10:\"04-20-2026\";i:8;s:10:\"04-21-2026\";i:8;s:10:\"04-22-2026\";i:8;s:10:\"04-23-2026\";i:8;s:10:\"04-24-2026\";i:9;s:10:\"04-25-2026\";i:4;}"],"houzez_recently_viewed":["2026-04-25 07:33:01"],"tp_widgets":["a:2:{s:7:\"widgets\";a:0:{}s:9:\"update_at\";s:10:\"1764682733\";}"],"rank_math_news_sitemap_robots":["index"],"rank_math_robots":["a:1:{i:0;s:5:\"index\";}"],"rank_math_internal_links_processed":["1"],"_elementor_page_assets":["a:0:{}"]},"_links":{"self":[{"href":"https:\/\/ruhr-real.de\/en\/wp-json\/wp\/v2\/properties\/127004","targetHints":{"allow":["GET"]}}],"collection":[{"href":"https:\/\/ruhr-real.de\/en\/wp-json\/wp\/v2\/properties"}],"about":[{"href":"https:\/\/ruhr-real.de\/en\/wp-json\/wp\/v2\/types\/property"}],"author":[{"embeddable":true,"href":"https:\/\/ruhr-real.de\/en\/wp-json\/wp\/v2\/users\/1"}],"version-history":[{"count":0,"href":"https:\/\/ruhr-real.de\/en\/wp-json\/wp\/v2\/properties\/127004\/revisions"}],"wp:featuredmedia":[{"embeddable":true,"href":"https:\/\/ruhr-real.de\/en\/wp-json\/wp\/v2\/media\/127005"}],"wp:attachment":[{"href":"https:\/\/ruhr-real.de\/en\/wp-json\/wp\/v2\/media?parent=127004"}],"wp:term":[{"taxonomy":"property_type","embeddable":true,"href":"https:\/\/ruhr-real.de\/en\/wp-json\/wp\/v2\/property_type?post=127004"},{"taxonomy":"property_status","embeddable":true,"href":"https:\/\/ruhr-real.de\/en\/wp-json\/wp\/v2\/property_status?post=127004"},{"taxonomy":"property_feature","embeddable":true,"href":"https:\/\/ruhr-real.de\/en\/wp-json\/wp\/v2\/property_feature?post=127004"},{"taxonomy":"property_label","embeddable":true,"href":"https:\/\/ruhr-real.de\/en\/wp-json\/wp\/v2\/property_label?post=127004"},{"taxonomy":"property_country","embeddable":true,"href":"https:\/\/ruhr-real.de\/en\/wp-json\/wp\/v2\/property_country?post=127004"},{"taxonomy":"property_state","embeddable":true,"href":"https:\/\/ruhr-real.de\/en\/wp-json\/wp\/v2\/property_state?post=127004"},{"taxonomy":"property_city","embeddable":true,"href":"https:\/\/ruhr-real.de\/en\/wp-json\/wp\/v2\/property_city?post=127004"},{"taxonomy":"property_area","embeddable":true,"href":"https:\/\/ruhr-real.de\/en\/wp-json\/wp\/v2\/property_area?post=127004"}],"curies":[{"name":"wp","href":"https:\/\/api.w.org\/{rel}","templated":true}]}}