{"id":127083,"date":"2025-09-26T15:12:33","date_gmt":"2025-09-26T13:12:33","guid":{"rendered":"https:\/\/2024.ruhr-real.de\/immobilien\/exklusiv-ueber-ruhr-real-9-m-ukb-hallen-und-bueroflaechen-ab-1-165-m%c2%b2-teilbar\/"},"modified":"2025-09-26T15:12:33","modified_gmt":"2025-09-26T13:12:33","slug":"exklusiv-ueber-ruhr-real-9-m-ukb-hallen-und-bueroflaechen-ab-1-165-m%c2%b2-teilbar","status":"publish","type":"property","link":"https:\/\/ruhr-real.de\/en\/objekt\/exklusiv-ueber-ruhr-real-9-m-ukb-hallen-und-bueroflaechen-ab-1-165-m%c2%b2-teilbar\/","title":{"rendered":"Exklusiv \u00fcber RUHR REAL: 9 m UKB | Hallen- und B\u00fcrofl\u00e4chen | ab 1.165 m\u00b2 teilbar"},"content":{"rendered":"<p>Auf dem Logistikareal befindet sich mehrere Hallen, welche \u00fcber eine Gesamtgr\u00f6\u00dfe von 15.500 m\u00b2 verf\u00fcgen. Das Gel\u00e4nde verf\u00fcgt dar\u00fcber hinaus \u00fcber ein B\u00fcrogeb\u00e4ude. Die Anlieferung erfolgt \u00fcber mehrere ebenerdige Tore als auch 11 Rampentore. Die Hallenfl\u00e4chen sind mit einem Stahlbetonboden ausgestattet und verf\u00fcgen \u00fcber eine Bodentraglast von mindesten 5 t\/m\u00b2. Ferner verf\u00fcgen einige der Hallen \u00fcber Kranbahnen. Dem Nutzer stehen nicht nur B\u00fcro-, und Sozialfl\u00e4chen auf dem Gel\u00e4nde zur Verf\u00fcgung sondern auch zahlreiche Stellpl\u00e4tze.<\/p>\n<p>Folgende Teilanmietungen k\u00f6nnen realisiert werden:<\/p>\n<p>Halle 1: ca. 2.000 m\u00b2<br \/>\nHalle 2: ca. 1.165 m\u00b2<br \/>\nHalle 3: ca. 4.296 m\u00b2<br \/>\nHalle 4: ca. 4.303 m\u00b2<br \/>\nHalle 5: ca. 3.186 m\u00b2<\/p>\n<p>Das Objekt in Dortmund-Oberdorstfeld ist sehr verkehrsg\u00fcnstig gelegen. In nur wenigen Fahrminuten erreicht man die Autobahnen A40, A45 sowie die B1. Ferner ist die Liegenschaft hervorragend an den \u00d6PNV angeschlossen.<\/p>\n<p>\u2022 Bodenbelag: Stahlbetonboden<br \/>\n\u2022 Bodentraglast: 5 t\/ m\u00b2<br \/>\n\u2022 Heizung: \u00d6l-Heizung<br \/>\n\u2022 Deckenh\u00f6he: 5 m &#8211; 9 m UKB<\/p>\n<p>Es gelten ausschlie\u00dflich unsere AGB (www.ruhr-real.de\/agb). Die Halle ist nicht f\u00fcr Veranstaltungsr\u00e4ume geeignet. Wir m\u00f6chten Sie darauf hinweisen, dass die Angaben ausschlie\u00dflich auf den uns vom Eigent\u00fcmer \u00fcbermittelten Unterlagen und Informationen basieren. F\u00fcr Richtigkeit und Vollst\u00e4ndigkeit \u00fcbernehmen wir keine Gew\u00e4hr. Zwischenvermietung vorbehalten.<br \/>\n<div class=\"widget widget_immonex_user_defined_properties_widget\"><div class=\"immonex-widget immonex-widget-houzez\">\n\t\t<div class=\"immonex-widget-title clearfix\">\n\t\t<h2 class=\"widgettitle\">Energieeffizienz<\/h2>\t<\/div>\n\t\t<ul class=\"immonex-property-details row list-lined list-unstyled\">\n\t\t\t\t<li>\n\t\t\t<div class=\"list-lined-item w-100 d-flex justify-content-between py-2\">\n\t\t\t\t\t\t\t\t<strong class=\"property-details-label\">Energieausweis-Jahrgang:<\/strong>&nbsp;<span class=\"property-details-value\">not available<\/span>\n\t\t\t\t\t\t\t<\/div>\n\t\t<\/li>\n\t\t\t<\/ul>\n<\/div><\/div><\/p>\n","protected":false},"excerpt":{"rendered":"<p>Auf dem Logistikareal befindet sich mehrere Hallen, welche \u00fcber eine Gesamtgr\u00f6\u00dfe von 15.500 m\u00b2 verf\u00fcgen. Das&#8230;<\/p>\n","protected":false},"author":1,"featured_media":162636,"parent":0,"menu_order":0,"template":"","property_type":[380],"property_status":[352],"property_feature":[537],"property_label":[],"property_country":[353],"property_state":[],"property_city":[304],"property_area":[],"class_list":["post-127083","property","type-property","status-publish","has-post-thumbnail","hentry","property_type-lager-und-produktionsflaechen","property_status-zu-vermieten","property_feature-gewerbliche-nutzung-moeglich","property_country-deutschland","property_city-dortmund"],"acf":[],"property_meta":{"_immonex_import_folder":["users\/RUHRREAL"],"_immonex_translation_id":["2079\/E2"],"_openimmo_obid":["14D92CD407DA4955B7A34CEB4D7DF945"],"_is_immonex_import_property":["1"],"_immonex_is_reference":[""],"rank_math_internal_links_processed":["1"],"_immonex_post_status":["updated"],"fave_property_map_address":["44379 Dortmund"],"fave_property_zip":["44379"],"fave_property_country":["DE"],"_immonex_lat":["51.4992042"],"_immonex_lng":["7.368834"],"houzez_geolocation_lat":["51.4992042"],"houzez_geolocation_long":["7.368834"],"fave_property_location":["51.4992042,7.368834"],"fave_property_price":["5.00"],"fave_property_sec_price":["5.0000"],"fave_property_size":["1298"],"fave_property_year":["1997"],"fave_property_id":["2079\/E2"],"_fave_property_id":["2079\/E2"],"_immonex_iso_country":["DEU"],"_openimmo_anid":["0000"],"_immonex_group_number":["19"],"_immonex_group_id":[""],"_immonex_group_master":[""],"_immonex_import_meta":["a:6:{s:8:\"zip_file\";s:131:\"\/www\/htdocs\/w0172e0e\/ruhr-real_2024\/wp-content\/uploads\/immonex-openimmo-import\/users\/RUHRREAL\/Immowelt_estatePro_20250924175912.zip\";s:8:\"xml_file\";s:158:\"\/www\/htdocs\/w0172e0e\/ruhr-real_2024\/wp-content\/uploads\/immonex-openimmo-import\/immowelt_estatepro_20250924175912\/Homepage_2024_NEW_estatePro20250924175912.xml\";s:12:\"mapping_file\";s:116:\"\/www\/htdocs\/w0172e0e\/ruhr-real_2024\/wp-content\/uploads\/immonex-openimmo-import\/mappings\/houzez_ruhrreal_18122023.csv\";s:9:\"timestamp\";i:1758730492;s:4:\"date\";s:10:\"2025-09-24\";s:4:\"time\";s:8:\"18:14:52\";}"],"_immonex_is_sold":[""],"_immonex_is_reserved":[""],"_immonex_is_available":["1"],"_immonex_areabutler_url_with_address":[""],"_immonex_areabutler_url_no_address":[""],"_immonex_areabutler_url":[""],"additional_features":["a:16:{i:0;a:2:{s:29:\"fave_additional_feature_title\";s:14:\"Nettokaltmiete\";s:29:\"fave_additional_feature_value\";s:10:\"5&nbsp;\u20ac\";}i:1;a:2:{s:29:\"fave_additional_feature_title\";s:9:\"Kaltmiete\";s:29:\"fave_additional_feature_value\";s:10:\"5&nbsp;\u20ac\";}i:2;a:2:{s:29:\"fave_additional_feature_title\";s:33:\"Heizkosten in Warmmiete enthalten\";s:29:\"fave_additional_feature_value\";s:4:\"nein\";}i:3;a:2:{s:29:\"fave_additional_feature_title\";s:32:\"Preise zuz\u00fcglich Mehrwertsteuer\";s:29:\"fave_additional_feature_value\";s:4:\"nein\";}i:4;a:2:{s:29:\"fave_additional_feature_title\";s:23:\"Netto-Kaltmiete pro m\u00b2\";s:29:\"fave_additional_feature_value\";s:10:\"5&nbsp;\u20ac\";}i:5;a:2:{s:29:\"fave_additional_feature_title\";s:20:\"Hinweis zur Courtage\";s:29:\"fave_additional_feature_value\";s:209:\"Bei Vertr\u00e4gen bis zu f\u00fcnf Jahren Laufzeit ist ein Honorar von 3 Nettomonatsmieten zahlbar; bei Laufzeiten bis zu zehn Jahren werden 4 Nettomonatsmieten f\u00e4llig. Hinzu kommt die jeweils g\u00fcltige Umsatzsteuer.\";}i:6;a:2:{s:29:\"fave_additional_feature_title\";s:10:\"MwSt.-Satz\";s:29:\"fave_additional_feature_value\";s:9:\"19&nbsp;%\";}i:7;a:2:{s:29:\"fave_additional_feature_title\";s:13:\"Gesamtfl\u00e4che\";s:29:\"fave_additional_feature_value\";s:14:\"1.298&nbsp;m\u00b2\";}i:8;a:2:{s:29:\"fave_additional_feature_title\";s:12:\"Lagerfl\u00e4che\";s:29:\"fave_additional_feature_value\";s:14:\"1.165&nbsp;m\u00b2\";}i:9;a:2:{s:29:\"fave_additional_feature_title\";s:12:\"B\u00fcrofl\u00e4che\";s:29:\"fave_additional_feature_value\";s:12:\"133&nbsp;m\u00b2\";}i:10;a:2:{s:29:\"fave_additional_feature_title\";s:16:\"B\u00fcroteilfl\u00e4che\";s:29:\"fave_additional_feature_value\";s:12:\"133&nbsp;m\u00b2\";}i:11;a:2:{s:29:\"fave_additional_feature_title\";s:10:\"Teilbar ab\";s:29:\"fave_additional_feature_value\";s:14:\"1.165&nbsp;m\u00b2\";}i:12;a:2:{s:29:\"fave_additional_feature_title\";s:10:\"Bodenbelag\";s:29:\"fave_additional_feature_value\";s:14:\"Stein, Teppich\";}i:13;a:2:{s:29:\"fave_additional_feature_title\";s:13:\"Stellplatzart\";s:29:\"fave_additional_feature_value\";s:9:\"Freiplatz\";}i:14;a:2:{s:29:\"fave_additional_feature_title\";s:7:\"Zustand\";s:29:\"fave_additional_feature_value\";s:17:\"nach Vereinbarung\";}i:15;a:2:{s:29:\"fave_additional_feature_title\";s:27:\"Immobilie ist verf\u00fcgbar ab\";s:29:\"fave_additional_feature_value\";s:15:\"01. Januar 2024\";}}"],"fave_additional_features_enable":["enable"],"_immonex_custom_fields":["a:1:{s:23:\"Energieausweis-Jahrgang\";a:5:{s:14:\"mapping_source\";s:38:\"zustand_angaben->energiepass->jahrgang\";s:4:\"name\";s:0:\"\";s:5:\"group\";s:5:\"epass\";s:5:\"value\";s:13:\"not available\";s:19:\"value_before_filter\";s:4:\"ohne\";}}"],"_immonex_property_xml_source":["<?xml version=\"1.0\"?>\n<immobilie>\n<objektkategorie>\n<nutzungsart WOHNEN=\"false\" GEWERBE=\"true\"\/>\n<vermarktungsart KAUF=\"false\" MIETE_PACHT=\"true\"\/><objektart>\n<hallen_lager_prod hallen_typ=\"HALLE\"\/>\n<\/objektart>\n<user_defined_simplefield\/>\n<\/objektkategorie>\n<geo>\n<plz>44379<\/plz>\n<ort>Dortmund<\/ort>\n<strasse>Planetenfeldstra&#xDF;e<\/strasse>\n<hausnummer>106-112<\/hausnummer>\n<land iso_land=\"DEU\"\/>\n<lage_im_bau\/>\n<\/geo>\n<kontaktperson>\n<email_zentrale>anfrage@ruhr-real.de<\/email_zentrale>\n<email_direkt>mehrer@ruhr-real.de<\/email_direkt>\n<tel_durchw>+49 201 99996330<\/tel_durchw>\n<tel_fax>+49 201 99996344<\/tel_fax>\n<tel_handy>+49 162 2907000<\/tel_handy>\n<name>Mehrer<\/name>\n<vorname>Nils<\/vorname>\n<anrede>Herr<\/anrede>\n<firma>RUHR REAL GmbH<\/firma>\n<strasse>Holsterhauser Platz<\/strasse>\n<hausnummer>2<\/hausnummer>\n<plz>45147<\/plz>\n<ort>Essen<\/ort>\n<adressfreigabe>true<\/adressfreigabe>\n<\/kontaktperson>\n<preise>\n<nettokaltmiete>5.00<\/nettokaltmiete>\n<kaltmiete>5.00<\/kaltmiete>\n<heizkosten_enthalten>false<\/heizkosten_enthalten>\n<zzg_mehrwertsteuer>false<\/zzg_mehrwertsteuer>\n<preis_zeiteinheit\/>\n<mietpreis_pro_qm>5.0000<\/mietpreis_pro_qm>\n<provisionspflichtig>true<\/provisionspflichtig>\n<courtage_hinweis>Bei Vertr&#xE4;gen bis zu f&#xFC;nf Jahren Laufzeit ist ein Honorar von 3 Nettomonatsmieten zahlbar; bei Laufzeiten bis zu zehn Jahren werden 4 Nettomonatsmieten f&#xE4;llig. Hinzu kommt die jeweils g&#xFC;ltige Umsatzsteuer.<\/courtage_hinweis>\n<waehrung iso_waehrung=\"EUR\"\/>\n<mwst_satz>19.00<\/mwst_satz>\n<stp_carport\/>\n<stp_duplex\/>\n<stp_freiplatz\/>\n<stp_garage\/>\n<stp_parkhaus\/>\n<stp_tiefgarage\/>\n<\/preise>\n<bieterverfahren\/>\n<versteigerung\/>\n<flaechen>\n<gesamtflaeche>1298<\/gesamtflaeche>\n<lagerflaeche>1165<\/lagerflaeche>\n<bueroflaeche>133<\/bueroflaeche>\n<bueroteilflaeche>133<\/bueroteilflaeche>\n<teilbar_ab>1165<\/teilbar_ab>\n<\/flaechen>\n<ausstattung>\n<bad\/>\n<kueche\/>\n<boden STEIN=\"true\" TEPPICH=\"true\"\/>\n<heizungsart\/>\n<befeuerung\/>\n<fahrstuhl\/>\n<stellplatzart FREIPLATZ=\"true\"\/>\n<ausricht_balkon_terrasse\/>\n<angeschl_gastronomie\/>\n<sicherheitstechnik\/>\n<\/ausstattung>\n<zustand_angaben>\n<baujahr>1997<\/baujahr>\n<zustand zustand_art=\"NACH_VEREINBARUNG\"\/>\n<energiepass>\n<jahrgang>ohne<\/jahrgang>\n<\/energiepass>\n<\/zustand_angaben>\n<bewertung\/>\n<infrastruktur\/>\n<freitexte>\n<objekttitel>Exklusiv &#xFC;ber RUHR REAL: 9 m UKB | Hallen- und B&#xFC;rofl&#xE4;chen | ab 1.165 m&#xB2; teilbar<\/objekttitel>\n<lage>Das Objekt in Dortmund-Oberdorstfeld ist sehr verkehrsg&#xFC;nstig gelegen. In nur wenigen Fahrminuten erreicht man die Autobahnen A40, A45 sowie die B1. Ferner ist die Liegenschaft hervorragend an den &#xD6;PNV angeschlossen. \n<\/lage>\n<ausstatt_beschr>&#x2022; Bodenbelag: Stahlbetonboden \n&#x2022; Bodentraglast: 5 t\/ m&#xB2;\n&#x2022; Heizung: &#xD6;l-Heizung\n&#x2022; Deckenh&#xF6;he: 5 m - 9 m UKB<\/ausstatt_beschr>\n<objektbeschreibung>Auf dem Logistikareal befindet sich mehrere Hallen, welche &#xFC;ber eine Gesamtgr&#xF6;&#xDF;e von 15.500 m&#xB2; verf&#xFC;gen. Das Gel&#xE4;nde verf&#xFC;gt dar&#xFC;ber hinaus &#xFC;ber ein B&#xFC;rogeb&#xE4;ude. Die Anlieferung erfolgt &#xFC;ber mehrere ebenerdige Tore als auch 11 Rampentore. Die Hallenfl&#xE4;chen sind mit einem Stahlbetonboden ausgestattet und verf&#xFC;gen &#xFC;ber eine Bodentraglast von mindesten 5 t\/m&#xB2;. Ferner verf&#xFC;gen einige der Hallen &#xFC;ber Kranbahnen. Dem Nutzer stehen nicht nur B&#xFC;ro-, und Sozialfl&#xE4;chen auf dem Gel&#xE4;nde zur Verf&#xFC;gung sondern auch zahlreiche Stellpl&#xE4;tze.\n\nFolgende Teilanmietungen k&#xF6;nnen realisiert werden:\n\nHalle 1: ca. 2.000 m&#xB2;\nHalle 2: ca. 1.165 m&#xB2;\nHalle 3: ca. 4.296 m&#xB2;\nHalle 4: ca. 4.303 m&#xB2;\nHalle 5: ca. 3.186 m&#xB2;<\/objektbeschreibung>\n<sonstige_angaben>Es gelten ausschlie&#xDF;lich unsere AGB (www.ruhr-real.de\/agb). Die Halle ist nicht f&#xFC;r Veranstaltungsr&#xE4;ume geeignet. Wir m&#xF6;chten Sie darauf hinweisen, dass die Angaben ausschlie&#xDF;lich auf den uns vom Eigent&#xFC;mer &#xFC;bermittelten Unterlagen und Informationen basieren. F&#xFC;r Richtigkeit und Vollst&#xE4;ndigkeit &#xFC;bernehmen wir keine Gew&#xE4;hr. Zwischenvermietung vorbehalten.<\/sonstige_angaben>\n<\/freitexte>\n<anhaenge>\n<anhang location=\"EXTERN\" gruppe=\"TITELBILD\">\n<anhangtitel>Drohnenbild<\/anhangtitel>\n<format>jpg<\/format>\n<daten>\n<pfad>6cd2a5f308e248cb881c08616d628192.jpg<\/pfad>\n<\/daten>\n<\/anhang>\n<anhang location=\"EXTERN\" gruppe=\"BILD\">\n<anhangtitel>Drohnenaufnahme 2<\/anhangtitel><format>jpg<\/format>\n<daten>\n<pfad>8945ae4a022448f593c2b60196875f6d.jpg<\/pfad>\n<\/daten>\n<\/anhang>\n<anhang location=\"EXTERN\" gruppe=\"BILD\">\n<anhangtitel>Vogelperspektive<\/anhangtitel>\n<format>jpg<\/format>\n<daten>\n<pfad>a9ccc5dc97e245b8addae3611eb1c78c.jpg<\/pfad>\n<\/daten>\n<\/anhang>\n<anhang location=\"EXTERN\" gruppe=\"BILD\">\n<anhangtitel>Halle2<\/anhangtitel>\n<format>jpeg<\/format>\n<daten>\n<pfad>5d1dc8998e8b4237a1ea36b4c4ff8814.jpeg<\/pfad>\n<\/daten>\n<\/anhang>\n<anhang location=\"EXTERN\" gruppe=\"BILD\">\n<anhangtitel>B&#xFC;ror&#xE4;ume<\/anhangtitel>\n<format>jpeg<\/format>\n<daten>\n<pfad>0831fd9ded1f4e23a3489d506db6629f.jpeg<\/pfad>\n<\/daten>\n<\/anhang>\n<anhang location=\"EXTERN\" gruppe=\"BILD\">\n<anhangtitel>Flur<\/anhangtitel>\n<format>jpeg<\/format>\n<daten>\n<pfad>1680d1da630e40148f6f17a9db0a7393.jpeg<\/pfad>\n<\/daten>\n<\/anhang>\n<anhang location=\"EXTERN\" gruppe=\"BILD\">\n<anhangtitel>Anlieferung<\/anhangtitel>\n<format>jpeg<\/format>\n<daten>\n<pfad>bc1f79cb6cb54bde8d8d864f566b9a52.jpeg<\/pfad>\n<\/daten>\n<\/anhang>\n<anhang location=\"EXTERN\" gruppe=\"GRUNDRISS\">\n<anhangtitel>Halle 1<\/anhangtitel>\n<format>PNG<\/format>\n<daten>\n<pfad>1118cac4db10443fa4227759bb2f7687.PNG<\/pfad>\n<\/daten>\n<\/anhang>\n<anhang location=\"EXTERN\" gruppe=\"GRUNDRISS\">\n<anhangtitel>Halle 2<\/anhangtitel>\n<format>PNG<\/format>\n<daten>\n<pfad>511031e0b3184be89d75f49f70efe925.PNG<\/pfad>\n<\/daten>\n<\/anhang>\n<anhang location=\"EXTERN\" gruppe=\"GRUNDRISS\">\n<anhangtitel>Halle 3<\/anhangtitel>\n<format>PNG<\/format>\n<daten>\n<pfad>3cabec55efd3480e8bc93d49473eb009.PNG<\/pfad>\n<\/daten>\n<\/anhang>\n<anhang location=\"EXTERN\" gruppe=\"BILD\">\n<anhangtitel>Halle 4<\/anhangtitel>\n<format>PNG<\/format>\n<daten>\n<pfad>f87b9926a98242a0af6af8a70d5abc2b.PNG<\/pfad>\n<\/daten>\n<\/anhang>\n<\/anhaenge>\n<verwaltung_objekt>\n<objektadresse_freigeben>false<\/objektadresse_freigeben>\n<verfuegbar_ab>01. Januar 2024<\/verfuegbar_ab>\n<gruppennummer>19<\/gruppennummer>\n<geschlecht\/>\n<gewerbliche_nutzung>true<\/gewerbliche_nutzung>\n<\/verwaltung_objekt>\n<verwaltung_techn>\n<objektnr_intern>14D92CD407DA4955B7A34CEB4D7DF945<\/objektnr_intern>\n<objektnr_extern>2079\/E2<\/objektnr_extern>\n<aktion aktionart=\"CHANGE\"\/>\n<openimmo_obid>14D92CD407DA4955B7A34CEB4D7DF945<\/openimmo_obid>\n<kennung_ursprung>estatePro V10.0.0.8<\/kennung_ursprung>\n<stand_vom>2025-09-24<\/stand_vom>\n<\/verwaltung_techn>\n<user_defined_simplefield feldname=\"Startseite\">Nein<\/user_defined_simplefield>\n<\/immobilie>\n"],"_immonex_energy_class":[""],"_immonex_energy_class_id":["0"],"_thumbnail_id":["162636"],"fave_property_images":["162636","162637","162638","162639","162640","162641","162642","162646"],"fave_floor_plans_enable":["enable"],"floor_plans":["a:3:{i:0;a:7:{s:15:\"fave_plan_title\";s:7:\"Halle 1\";s:15:\"fave_plan_rooms\";s:0:\"\";s:19:\"fave_plan_bathrooms\";s:0:\"\";s:15:\"fave_plan_price\";s:0:\"\";s:14:\"fave_plan_size\";s:0:\"\";s:15:\"fave_plan_image\";s:84:\"https:\/\/ruhr-real.de\/wp-content\/uploads\/2025\/09\/1118cac4db10443fa4227759bb2f7687.png\";s:21:\"fave_plan_description\";s:0:\"\";}i:1;a:7:{s:15:\"fave_plan_title\";s:7:\"Halle 2\";s:15:\"fave_plan_rooms\";s:0:\"\";s:19:\"fave_plan_bathrooms\";s:0:\"\";s:15:\"fave_plan_price\";s:0:\"\";s:14:\"fave_plan_size\";s:0:\"\";s:15:\"fave_plan_image\";s:84:\"https:\/\/ruhr-real.de\/wp-content\/uploads\/2025\/09\/511031e0b3184be89d75f49f70efe925.png\";s:21:\"fave_plan_description\";s:0:\"\";}i:2;a:7:{s:15:\"fave_plan_title\";s:7:\"Halle 3\";s:15:\"fave_plan_rooms\";s:0:\"\";s:19:\"fave_plan_bathrooms\";s:0:\"\";s:15:\"fave_plan_price\";s:0:\"\";s:14:\"fave_plan_size\";s:0:\"\";s:15:\"fave_plan_image\";s:84:\"https:\/\/ruhr-real.de\/wp-content\/uploads\/2025\/09\/3cabec55efd3480e8bc93d49473eb009.png\";s:21:\"fave_plan_description\";s:0:\"\";}}"],"fave_prop_homeslider":["yes"],"fave_prop_slider_image":["162636"],"fave_agents":["111859"],"fave_agent_display_option":["agent_info"],"fave_single_top_area":["global"],"fave_single_content_area":["global"],"fave_property_map":["1"],"fave_property_map_street_view":["hide"],"fave_property_size_prefix":["m\u00b2"],"fave_property_land_postfix":["m\u00b2"],"fave_featured":["0"],"houzez_featured_listing_date":[""],"fave_property_price_postfix":["pro&nbsp;m\u00b2"],"fave_currency":["EUR"],"fave_currency_info":["a:8:{s:2:\"id\";s:1:\"1\";s:13:\"currency_name\";s:4:\"Euro\";s:13:\"currency_code\";s:3:\"EUR\";s:15:\"currency_symbol\";s:3:\"\u20ac\";s:17:\"currency_position\";s:5:\"after\";s:16:\"currency_decimal\";s:1:\"2\";s:26:\"currency_decimal_separator\";s:1:\",\";s:27:\"currency_thousand_separator\";s:1:\".\";}"],"houzez_total_property_views":["1067"],"houzez_views_by_date":["a:61:{s:10:\"02-28-2026\";i:4;s:10:\"03-01-2026\";i:4;s:10:\"03-02-2026\";i:4;s:10:\"03-03-2026\";i:4;s:10:\"03-04-2026\";i:4;s:10:\"03-05-2026\";i:6;s:10:\"03-06-2026\";i:4;s:10:\"03-07-2026\";i:4;s:10:\"03-08-2026\";i:4;s:10:\"03-09-2026\";i:4;s:10:\"03-10-2026\";i:4;s:10:\"03-11-2026\";i:6;s:10:\"03-12-2026\";i:4;s:10:\"03-13-2026\";i:4;s:10:\"03-14-2026\";i:4;s:10:\"03-15-2026\";i:4;s:10:\"03-16-2026\";i:2;s:10:\"03-17-2026\";i:7;s:10:\"03-18-2026\";i:6;s:10:\"03-19-2026\";i:4;s:10:\"03-20-2026\";i:6;s:10:\"03-21-2026\";i:4;s:10:\"03-22-2026\";i:4;s:10:\"03-23-2026\";i:4;s:10:\"03-24-2026\";i:4;s:10:\"03-25-2026\";i:4;s:10:\"03-26-2026\";i:7;s:10:\"03-27-2026\";i:4;s:10:\"03-28-2026\";i:4;s:10:\"03-29-2026\";i:4;s:10:\"03-30-2026\";i:3;s:10:\"03-31-2026\";i:4;s:10:\"04-01-2026\";i:7;s:10:\"04-02-2026\";i:8;s:10:\"04-03-2026\";i:8;s:10:\"04-04-2026\";i:8;s:10:\"04-05-2026\";i:8;s:10:\"04-06-2026\";i:8;s:10:\"04-07-2026\";i:12;s:10:\"04-08-2026\";i:6;s:10:\"04-09-2026\";i:10;s:10:\"04-10-2026\";i:8;s:10:\"04-11-2026\";i:8;s:10:\"04-12-2026\";i:8;s:10:\"04-13-2026\";i:8;s:10:\"04-14-2026\";i:8;s:10:\"04-15-2026\";i:8;s:10:\"04-16-2026\";i:8;s:10:\"04-17-2026\";i:8;s:10:\"04-18-2026\";i:8;s:10:\"04-19-2026\";i:8;s:10:\"04-20-2026\";i:10;s:10:\"04-21-2026\";i:8;s:10:\"04-22-2026\";i:8;s:10:\"04-23-2026\";i:10;s:10:\"04-24-2026\";i:10;s:10:\"04-25-2026\";i:8;s:10:\"04-26-2026\";i:8;s:10:\"04-27-2026\";i:8;s:10:\"04-28-2026\";i:8;s:10:\"04-29-2026\";i:9;}"],"houzez_recently_viewed":["2026-04-30 01:35:09"],"tp_widgets":["a:2:{s:7:\"widgets\";a:0:{}s:9:\"update_at\";s:10:\"1764682733\";}"],"_edit_last":["1"],"_elementor_page_assets":["a:0:{}"]},"_links":{"self":[{"href":"https:\/\/ruhr-real.de\/en\/wp-json\/wp\/v2\/properties\/127083","targetHints":{"allow":["GET"]}}],"collection":[{"href":"https:\/\/ruhr-real.de\/en\/wp-json\/wp\/v2\/properties"}],"about":[{"href":"https:\/\/ruhr-real.de\/en\/wp-json\/wp\/v2\/types\/property"}],"author":[{"embeddable":true,"href":"https:\/\/ruhr-real.de\/en\/wp-json\/wp\/v2\/users\/1"}],"version-history":[{"count":0,"href":"https:\/\/ruhr-real.de\/en\/wp-json\/wp\/v2\/properties\/127083\/revisions"}],"wp:featuredmedia":[{"embeddable":true,"href":"https:\/\/ruhr-real.de\/en\/wp-json\/wp\/v2\/media\/162636"}],"wp:attachment":[{"href":"https:\/\/ruhr-real.de\/en\/wp-json\/wp\/v2\/media?parent=127083"}],"wp:term":[{"taxonomy":"property_type","embeddable":true,"href":"https:\/\/ruhr-real.de\/en\/wp-json\/wp\/v2\/property_type?post=127083"},{"taxonomy":"property_status","embeddable":true,"href":"https:\/\/ruhr-real.de\/en\/wp-json\/wp\/v2\/property_status?post=127083"},{"taxonomy":"property_feature","embeddable":true,"href":"https:\/\/ruhr-real.de\/en\/wp-json\/wp\/v2\/property_feature?post=127083"},{"taxonomy":"property_label","embeddable":true,"href":"https:\/\/ruhr-real.de\/en\/wp-json\/wp\/v2\/property_label?post=127083"},{"taxonomy":"property_country","embeddable":true,"href":"https:\/\/ruhr-real.de\/en\/wp-json\/wp\/v2\/property_country?post=127083"},{"taxonomy":"property_state","embeddable":true,"href":"https:\/\/ruhr-real.de\/en\/wp-json\/wp\/v2\/property_state?post=127083"},{"taxonomy":"property_city","embeddable":true,"href":"https:\/\/ruhr-real.de\/en\/wp-json\/wp\/v2\/property_city?post=127083"},{"taxonomy":"property_area","embeddable":true,"href":"https:\/\/ruhr-real.de\/en\/wp-json\/wp\/v2\/property_area?post=127083"}],"curies":[{"name":"wp","href":"https:\/\/api.w.org\/{rel}","templated":true}]}}