{"id":127776,"date":"2026-03-30T02:36:04","date_gmt":"2026-03-30T00:36:04","guid":{"rendered":"https:\/\/ruhr-real.de\/objekt\/provisionsfrei-22-000-m%c2%b2-lagerflaeche-direkt-an-der-a2-rampentore-bueroflaeche-ruhr-real\/"},"modified":"2026-04-02T15:59:04","modified_gmt":"2026-04-02T13:59:04","slug":"provisionsfrei-22-000-m%c2%b2-lagerflaeche-direkt-an-der-a2-rampentore-bueroflaeche-ruhr-real","status":"publish","type":"property","link":"https:\/\/ruhr-real.de\/en\/objekt\/provisionsfrei-22-000-m%c2%b2-lagerflaeche-direkt-an-der-a2-rampentore-bueroflaeche-ruhr-real\/","title":{"rendered":"Provisionsfrei: 22.000 m\u00b2 Lagerfl\u00e4che direkt an der A2 | Rampentore | B\u00fcrofl\u00e4che | RUHR REAL"},"content":{"rendered":"<p>Die hier angebotene Logistikkomplex mit dazugeh\u00f6riger B\u00fcrogeb\u00e4ude kennzeichnet sich durch seine ideale Lage in einem Industriegebiet in B\u00f6nen. Die Gesamtfl\u00e4che betr\u00e4gt ca. 24.200 m\u00b2 und teilt sich in zwei separate Hallenfl\u00e4chen auf. F\u00fcr den Nutzer steht au\u00dferdem ein B\u00fcrogeb\u00e4ude von 1.500 m\u00b2 zur Anmietung bereit.<br \/>\nBesonders \u00fcberzeugt die exzellente Anliefersituation mit 20 Rampentoren wiewohl drei ebenerdigen Zufahrten. Die Halle bietet eine H\u00f6he von 9 m UKB und zahlreiche Mitarbeiterstellpl\u00e4tze.<\/p>\n<p>Zur Zeit stehen folgende Fl\u00e4chen zur Disposition:<\/p>\n<p>Halle: 22.622 m\u00b2<br \/>\nB\u00fcro: 1586m\u00b2<\/p>\n<p>Die angebotene Liegenschaft befindet sich in der Stadt B\u00f6nen, eine Kreisstadt des Kreises Unna im Gewerbegebiet Inlogparc. Anliegende St\u00e4dte, wie Unna, Kamen und Hamm, sowie angeschlossene Infrastruktur, lassen sich innerhalb kurzer Zeit erreichen. Dazu geh\u00f6ren sowohl die Autobahnen A1 und die A2 und auch der Dortmunder Flughafen. Direkt anliegend zum Objekt befindet sich eine Bushaltestelle, der Hauptbahnhof Hamm ist in wenigen Autominuten erreichbar.<\/p>\n<p>\u2022 Heizung: Gas-Dunkelstrahler<br \/>\n\u2022 Andienung: Rampenandienung + ebenerdig<br \/>\n\u2022 Rampen: 20 Rampen + 3 Sektionaltore<br \/>\n\u2022 Bodenbelastung: 4.000 kg \/ m\u00b2<br \/>\n\u2022 Beleuchtung: Lichtkuppeln<br \/>\n\u2022 Alarm-\/Einbruchmeldeanlage in Teilbereichen<br \/>\n\u2022 gute Verkehrsanbindung<br \/>\n\u2022 Stellpl\u00e4tze vorhanden<\/p>\n<p>Es gelten ausschlie\u00dflich unsere AGB (www.ruhr-real.de\/agb). Da der Eigent\u00fcmer ausschlie\u00dflich Lager\/Logistik, Produktion und Light Industrial als Nutzung w\u00fcnscht, bitten wir Sie zu ber\u00fccksichtigen, dass Anfragen zu folgenden Nutzungen nicht bearbeitet werden k\u00f6nnen: Veranstaltungen\/Events, Gastronomie\/Vergn\u00fcgungsst\u00e4tten, religi\u00f6se Einrichtungen sowie Sport- und Spielst\u00e4tten. Wir m\u00f6chten Sie darauf hinweisen, dass die Angaben ausschlie\u00dflich auf den uns vom Eigent\u00fcmer \u00fcbermittelten Unterlagen und Informationen basieren. F\u00fcr Richtigkeit und Vollst\u00e4ndigkeit \u00fcbernehmen wir keine Gew\u00e4hr. Zwischenvermietung vorbehalten.<br \/>\n<div class=\"widget widget_immonex_user_defined_properties_widget\"><div class=\"immonex-widget immonex-widget-houzez\">\n\t\t<div class=\"immonex-widget-title clearfix\">\n\t\t<h2 class=\"widgettitle\">Energieeffizienz<\/h2>\t<\/div>\n\t\t<ul class=\"immonex-property-details row list-lined list-unstyled\">\n\t\t\t\t<li>\n\t\t\t<div class=\"list-lined-item w-100 d-flex justify-content-between py-2\">\n\t\t\t\t\t\t\t\t<strong class=\"property-details-label\">Energieausweis-Jahrgang:<\/strong>&nbsp;<span class=\"property-details-value\">not available<\/span>\n\t\t\t\t\t\t\t<\/div>\n\t\t<\/li>\n\t\t\t<\/ul>\n<\/div><\/div><\/p>\n","protected":false},"excerpt":{"rendered":"<p>Die hier angebotene Logistikkomplex mit dazugeh\u00f6riger B\u00fcrogeb\u00e4ude kennzeichnet sich durch seine ideale Lage in einem&#8230;<\/p>\n","protected":false},"author":1,"featured_media":185567,"parent":0,"menu_order":0,"template":"","property_type":[380],"property_status":[352],"property_feature":[355,537,538],"property_label":[],"property_country":[353],"property_state":[],"property_city":[470],"property_area":[],"class_list":["post-127776","property","type-property","status-publish","has-post-thumbnail","hentry","property_type-lager-und-produktionsflaechen","property_status-zu-vermieten","property_feature-barrierefrei","property_feature-gewerbliche-nutzung-moeglich","property_feature-zulieferung","property_country-deutschland","property_city-boenen"],"acf":[],"property_meta":{"_immonex_import_folder":["users\/RUHRREAL"],"_immonex_translation_id":["1812\/E1"],"_openimmo_obid":["B235153D8CA4433DABAF3B8ADF1DFCA9"],"_is_immonex_import_property":["1"],"_immonex_is_reference":[""],"rank_math_internal_links_processed":["1"],"copied_media_ids":["a:0:{}"],"referenced_media_ids":["a:0:{}"],"_immonex_post_status":["updated"],"fave_property_map_address":["59199 B\u00f6nen"],"fave_property_zip":["59199"],"fave_property_country":["DE"],"_immonex_lat":["51.598077"],"_immonex_lng":["7.7608538"],"houzez_geolocation_lat":["51.598077"],"houzez_geolocation_long":["7.7608538"],"fave_property_location":["51.598077,7.7608538"],"fave_property_year":["1978"],"fave_property_id":["1812\/E1"],"_fave_property_id":["1812\/E1"],"_immonex_iso_country":["DEU"],"_openimmo_anid":["0000"],"_immonex_group_number":[""],"_immonex_group_id":[""],"_immonex_group_master":[""],"_immonex_import_meta":["a:6:{s:8:\"zip_file\";s:131:\"\/www\/htdocs\/w0172e0e\/ruhr-real_2024\/wp-content\/uploads\/immonex-openimmo-import\/users\/RUHRREAL\/Immowelt_estatePro_20260402154854.zip\";s:8:\"xml_file\";s:158:\"\/www\/htdocs\/w0172e0e\/ruhr-real_2024\/wp-content\/uploads\/immonex-openimmo-import\/immowelt_estatepro_20260402154854\/Homepage_2024_NEW_estatePro20260402154854.xml\";s:12:\"mapping_file\";s:116:\"\/www\/htdocs\/w0172e0e\/ruhr-real_2024\/wp-content\/uploads\/immonex-openimmo-import\/mappings\/houzez_ruhrreal_20260325.csv\";s:9:\"timestamp\";i:1775138344;s:4:\"date\";s:10:\"2026-04-02\";s:4:\"time\";s:8:\"15:59:04\";}"],"_immonex_is_sold":[""],"_immonex_is_reserved":[""],"_immonex_is_available":["1"],"_immonex_areabutler_url_with_address":[""],"_immonex_areabutler_url_no_address":[""],"_immonex_areabutler_url":[""],"additional_features":["a:8:{i:0;a:2:{s:29:\"fave_additional_feature_title\";s:33:\"Heizkosten in Warmmiete enthalten\";s:29:\"fave_additional_feature_value\";s:4:\"nein\";}i:1;a:2:{s:29:\"fave_additional_feature_title\";s:32:\"Preise zuz\u00fcglich Mehrwertsteuer\";s:29:\"fave_additional_feature_value\";s:4:\"nein\";}i:2;a:2:{s:29:\"fave_additional_feature_title\";s:10:\"MwSt.-Satz\";s:29:\"fave_additional_feature_value\";s:9:\"19&nbsp;%\";}i:3;a:2:{s:29:\"fave_additional_feature_title\";s:19:\"Art der Ausstattung\";s:29:\"fave_additional_feature_value\";s:8:\"Standard\";}i:4;a:2:{s:29:\"fave_additional_feature_title\";s:18:\"Sicherheitstechnik\";s:29:\"fave_additional_feature_value\";s:11:\"Alarmanlage\";}i:5;a:2:{s:29:\"fave_additional_feature_title\";s:13:\"Stellplatzart\";s:29:\"fave_additional_feature_value\";s:9:\"Freiplatz\";}i:6;a:2:{s:29:\"fave_additional_feature_title\";s:7:\"Zustand\";s:29:\"fave_additional_feature_value\";s:8:\"gepflegt\";}i:7;a:2:{s:29:\"fave_additional_feature_title\";s:27:\"Immobilie ist verf\u00fcgbar ab\";s:29:\"fave_additional_feature_value\";s:17:\"nach Vereinbarung\";}}"],"fave_additional_features_enable":["enable"],"_immonex_custom_fields":["a:1:{s:23:\"Energieausweis-Jahrgang\";a:5:{s:14:\"mapping_source\";s:38:\"zustand_angaben->energiepass->jahrgang\";s:4:\"name\";s:0:\"\";s:5:\"group\";s:5:\"epass\";s:5:\"value\";s:13:\"not available\";s:19:\"value_before_filter\";s:4:\"ohne\";}}"],"_immonex_property_xml_source":["<?xml version=\"1.0\"?>\n<immobilie>\n<objektkategorie>\n<nutzungsart WOHNEN=\"false\" GEWERBE=\"true\"\/>\n<vermarktungsart KAUF=\"false\" MIETE_PACHT=\"true\"\/><objektart>\n<hallen_lager_prod hallen_typ=\"LAGERFLAECHEN\"\/>\n<\/objektart>\n<user_defined_simplefield\/>\n<\/objektkategorie>\n<geo>\n<plz>59199<\/plz>\n<ort>B&#xF6;nen<\/ort>\n<strasse>Rudolf-Diesel-Stra&#xDF;e<\/strasse>\n<hausnummer>3,<\/hausnummer>\n<land iso_land=\"DEU\"\/>\n<lage_im_bau\/>\n<\/geo>\n<kontaktperson>\n<email_zentrale>anfrage@ruhr-real.de<\/email_zentrale>\n<email_direkt>mehrer@ruhr-real.de<\/email_direkt>\n<tel_durchw>+49 201 99996330<\/tel_durchw>\n<tel_fax>+49 201 99996344<\/tel_fax>\n<tel_handy>+49 162 2907000<\/tel_handy>\n<name>Mehrer<\/name>\n<vorname>Nils<\/vorname>\n<anrede>Herr<\/anrede>\n<firma>RUHR REAL GmbH<\/firma>\n<strasse>Holsterhauser Platz<\/strasse>\n<hausnummer>2<\/hausnummer>\n<plz>45147<\/plz>\n<ort>Essen<\/ort>\n<adressfreigabe>true<\/adressfreigabe>\n<\/kontaktperson>\n<preise>\n<heizkosten_enthalten>false<\/heizkosten_enthalten>\n<zzg_mehrwertsteuer>false<\/zzg_mehrwertsteuer>\n<preis_zeiteinheit\/>\n<provisionspflichtig>false<\/provisionspflichtig>\n<waehrung iso_waehrung=\"EUR\"\/>\n<mwst_satz>19.00<\/mwst_satz>\n<stp_carport\/>\n<stp_duplex\/>\n<stp_freiplatz\/>\n<stp_garage\/>\n<stp_parkhaus\/>\n<stp_tiefgarage\/>\n<\/preise>\n<bieterverfahren\/>\n<versteigerung\/>\n<flaechen>\n<anzahl_stellplaetze type=\"xsd:decimal\">20<\/anzahl_stellplaetze>\n<\/flaechen>\n<ausstattung>\n<ausstatt_kategorie>STANDARD<\/ausstatt_kategorie>\n<bad\/>\n<kueche\/>\n<heizungsart\/>\n<befeuerung\/>\n<fahrstuhl\/>\n<stellplatzart FREIPLATZ=\"true\"\/>\n<ausricht_balkon_terrasse\/>\n<barrierefrei>true<\/barrierefrei>\n<angeschl_gastronomie\/>\n<sicherheitstechnik ALARMANLAGE=\"true\"\/>\n<\/ausstattung>\n<zustand_angaben>\n<baujahr>1978<\/baujahr>\n<zustand zustand_art=\"GEPFLEGT\"\/>\n<energiepass>\n<jahrgang>ohne<\/jahrgang>\n<\/energiepass>\n<\/zustand_angaben>\n<bewertung\/>\n<infrastruktur>\n<zulieferung>true<\/zulieferung>\n<\/infrastruktur>\n<freitexte>\n<objekttitel>Provisionsfrei: 22.000 m&#xB2; Lagerfl&#xE4;che direkt an der A2 | Rampentore | B&#xFC;rofl&#xE4;che | RUHR REAL<\/objekttitel>\n<lage>Die angebotene Liegenschaft befindet sich in der Stadt B&#xF6;nen, eine Kreisstadt des Kreises Unna im Gewerbegebiet Inlogparc. Anliegende St&#xE4;dte, wie Unna, Kamen und Hamm, sowie angeschlossene Infrastruktur, lassen sich innerhalb kurzer Zeit erreichen. Dazu geh&#xF6;ren sowohl die Autobahnen A1 und die A2 und auch der Dortmunder Flughafen. Direkt anliegend zum Objekt befindet sich eine Bushaltestelle, der Hauptbahnhof Hamm ist in wenigen Autominuten erreichbar.<\/lage>\n<ausstatt_beschr>&#x2022; Heizung: Gas-Dunkelstrahler\n&#x2022; Andienung: Rampenandienung + ebenerdig\n&#x2022; Rampen: 20 Rampen + 3 Sektionaltore\n&#x2022; Bodenbelastung: 4.000 kg \/ m&#xB2;\n&#x2022; Beleuchtung: Lichtkuppeln\n&#x2022; Alarm-\/Einbruchmeldeanlage in Teilbereichen\t\n&#x2022; gute Verkehrsanbindung\n&#x2022; Stellpl&#xE4;tze vorhanden<\/ausstatt_beschr>\n<objektbeschreibung>Die hier angebotene Logistikkomplex mit dazugeh&#xF6;riger B&#xFC;rogeb&#xE4;ude kennzeichnet sich durch seine ideale Lage in einem Industriegebiet in B&#xF6;nen. Die Gesamtfl&#xE4;che betr&#xE4;gt ca. 24.200 m&#xB2; und teilt sich in zwei separate Hallenfl&#xE4;chen auf. F&#xFC;r den Nutzer steht au&#xDF;erdem ein B&#xFC;rogeb&#xE4;ude von 1.500 m&#xB2; zur Anmietung bereit. \nBesonders &#xFC;berzeugt die exzellente Anliefersituation mit 20 Rampentoren wiewohl drei ebenerdigen Zufahrten. Die Halle bietet eine H&#xF6;he von 9 m UKB und zahlreiche Mitarbeiterstellpl&#xE4;tze. \n\nZur Zeit stehen folgende Fl&#xE4;chen zur Disposition:\n\nHalle: 22.622 m&#xB2;\nB&#xFC;ro: 1586m&#xB2;<\/objektbeschreibung>\n<sonstige_angaben>Es gelten ausschlie&#xDF;lich unsere AGB (www.ruhr-real.de\/agb). Da der Eigent&#xFC;mer ausschlie&#xDF;lich Lager\/Logistik, Produktion und Light Industrial als Nutzung w&#xFC;nscht, bitten wir Sie zu ber&#xFC;cksichtigen, dass Anfragen zu folgenden Nutzungen nicht bearbeitet werden k&#xF6;nnen: Veranstaltungen\/Events, Gastronomie\/Vergn&#xFC;gungsst&#xE4;tten, religi&#xF6;se Einrichtungen sowie Sport- und Spielst&#xE4;tten. Wir m&#xF6;chten Sie darauf hinweisen, dass die Angaben ausschlie&#xDF;lich auf den uns vom Eigent&#xFC;mer &#xFC;bermittelten Unterlagen und Informationen basieren. F&#xFC;r Richtigkeit und Vollst&#xE4;ndigkeit &#xFC;bernehmen wir keine Gew&#xE4;hr. Zwischenvermietung vorbehalten.<\/sonstige_angaben>\n<\/freitexte>\n<anhaenge>\n<anhang location=\"EXTERN\" gruppe=\"TITELBILD\"><anhangtitel>Anlieferung<\/anhangtitel>\n<format>jpg<\/format>\n<daten>\n<pfad>e58a1372b2494306bc3ba86ff590dd73.jpg<\/pfad>\n<\/daten>\n<\/anhang>\n<anhang location=\"EXTERN\" gruppe=\"BILD\">\n<anhangtitel>Rampen<\/anhangtitel>\n<format>jpg<\/format>\n<daten>\n<pfad>979b42e80a7148d7a0c24669f0c4dd2f.jpg<\/pfad>\n<\/daten>\n<\/anhang>\n<anhang location=\"EXTERN\" gruppe=\"BILD\">\n<anhangtitel>Anlieferung<\/anhangtitel>\n<format>PNG<\/format>\n<daten>\n<pfad>39fd2ad59aa04cd796f2d0084c995311.PNG<\/pfad>\n<\/daten>\n<\/anhang>\n<anhang location=\"EXTERN\" gruppe=\"BILD\">\n<anhangtitel>Anlieferung<\/anhangtitel>\n<format>jpg<\/format>\n<daten>\n<pfad>032bdf436c4a4dfeaa979cc85e2b2d2c.jpg<\/pfad>\n<\/daten>\n<\/anhang>\n<anhang location=\"EXTERN\" gruppe=\"BILD\">\n<anhangtitel>Luftbild<\/anhangtitel>\n<format>jpg<\/format>\n<daten>\n<pfad>84a1b2f922a445a993a4f71b8ab9eaad.jpg<\/pfad>\n<\/daten>\n<\/anhang>\n<anhang location=\"EXTERN\" gruppe=\"BILD\">\n<anhangtitel>Au&#xDF;enbild<\/anhangtitel>\n<format>jpg<\/format>\n<daten>\n<pfad>dced6106c08449bb8f3e8a044ad8215f.jpg<\/pfad>\n<\/daten>\n<\/anhang>\n<\/anhaenge>\n<verwaltung_objekt>\n<objektadresse_freigeben>false<\/objektadresse_freigeben>\n<verfuegbar_ab>nach Vereinbarung<\/verfuegbar_ab>\n<geschlecht\/>\n<gewerbliche_nutzung>true<\/gewerbliche_nutzung>\n<\/verwaltung_objekt>\n<verwaltung_techn>\n<objektnr_intern>B235153D8CA4433DABAF3B8ADF1DFCA9<\/objektnr_intern>\n<objektnr_extern>1812\/E1<\/objektnr_extern>\n<aktion aktionart=\"CHANGE\"\/>\n<openimmo_obid>B235153D8CA4433DABAF3B8ADF1DFCA9<\/openimmo_obid>\n<kennung_ursprung>estatePro V10.0.0.8<\/kennung_ursprung>\n<stand_vom>2026-03-30<\/stand_vom>\n<\/verwaltung_techn>\n<user_defined_simplefield feldname=\"Startseite\">Nein<\/user_defined_simplefield>\n<\/immobilie>\n"],"_immonex_energy_class":[""],"_immonex_energy_class_id":["0"],"_thumbnail_id":["185567"],"fave_property_images":["185567","185568","185569","185570","185571","185572"],"fave_floor_plans_enable":["disable"],"fave_prop_homeslider":["yes"],"fave_prop_slider_image":["185567"],"fave_agents":["111859"],"fave_agent_display_option":["agent_info"],"fave_single_top_area":["global"],"fave_single_content_area":["global"],"fave_property_price":["0"],"fave_property_map":["1"],"fave_property_map_street_view":["hide"],"fave_property_size_prefix":["m\u00b2"],"fave_property_land_postfix":["m\u00b2"],"fave_featured":["0"],"houzez_featured_listing_date":[""],"fave_currency":["EUR"],"fave_currency_info":["a:8:{s:2:\"id\";s:1:\"1\";s:13:\"currency_name\";s:4:\"Euro\";s:13:\"currency_code\";s:3:\"EUR\";s:15:\"currency_symbol\";s:3:\"\u20ac\";s:17:\"currency_position\";s:5:\"after\";s:16:\"currency_decimal\";s:1:\"2\";s:26:\"currency_decimal_separator\";s:1:\",\";s:27:\"currency_thousand_separator\";s:1:\".\";}"],"_wpml_word_count":["377"],"fave_show_price_placeholder":["1"],"houzez_total_property_views":["190"],"houzez_views_by_date":["a:24:{s:10:\"04-02-2026\";i:4;s:10:\"04-03-2026\";i:8;s:10:\"04-04-2026\";i:8;s:10:\"04-05-2026\";i:8;s:10:\"04-06-2026\";i:8;s:10:\"04-07-2026\";i:12;s:10:\"04-08-2026\";i:6;s:10:\"04-09-2026\";i:10;s:10:\"04-10-2026\";i:8;s:10:\"04-11-2026\";i:6;s:10:\"04-12-2026\";i:10;s:10:\"04-13-2026\";i:8;s:10:\"04-14-2026\";i:8;s:10:\"04-15-2026\";i:8;s:10:\"04-16-2026\";i:8;s:10:\"04-17-2026\";i:8;s:10:\"04-18-2026\";i:8;s:10:\"04-19-2026\";i:8;s:10:\"04-20-2026\";i:8;s:10:\"04-21-2026\";i:9;s:10:\"04-22-2026\";i:8;s:10:\"04-23-2026\";i:9;s:10:\"04-24-2026\";i:8;s:10:\"04-25-2026\";i:4;}"],"houzez_recently_viewed":["2026-04-25 08:01:50"],"_elementor_page_assets":["a:0:{}"]},"_links":{"self":[{"href":"https:\/\/ruhr-real.de\/en\/wp-json\/wp\/v2\/properties\/127776","targetHints":{"allow":["GET"]}}],"collection":[{"href":"https:\/\/ruhr-real.de\/en\/wp-json\/wp\/v2\/properties"}],"about":[{"href":"https:\/\/ruhr-real.de\/en\/wp-json\/wp\/v2\/types\/property"}],"author":[{"embeddable":true,"href":"https:\/\/ruhr-real.de\/en\/wp-json\/wp\/v2\/users\/1"}],"version-history":[{"count":0,"href":"https:\/\/ruhr-real.de\/en\/wp-json\/wp\/v2\/properties\/127776\/revisions"}],"wp:featuredmedia":[{"embeddable":true,"href":"https:\/\/ruhr-real.de\/en\/wp-json\/wp\/v2\/media\/185567"}],"wp:attachment":[{"href":"https:\/\/ruhr-real.de\/en\/wp-json\/wp\/v2\/media?parent=127776"}],"wp:term":[{"taxonomy":"property_type","embeddable":true,"href":"https:\/\/ruhr-real.de\/en\/wp-json\/wp\/v2\/property_type?post=127776"},{"taxonomy":"property_status","embeddable":true,"href":"https:\/\/ruhr-real.de\/en\/wp-json\/wp\/v2\/property_status?post=127776"},{"taxonomy":"property_feature","embeddable":true,"href":"https:\/\/ruhr-real.de\/en\/wp-json\/wp\/v2\/property_feature?post=127776"},{"taxonomy":"property_label","embeddable":true,"href":"https:\/\/ruhr-real.de\/en\/wp-json\/wp\/v2\/property_label?post=127776"},{"taxonomy":"property_country","embeddable":true,"href":"https:\/\/ruhr-real.de\/en\/wp-json\/wp\/v2\/property_country?post=127776"},{"taxonomy":"property_state","embeddable":true,"href":"https:\/\/ruhr-real.de\/en\/wp-json\/wp\/v2\/property_state?post=127776"},{"taxonomy":"property_city","embeddable":true,"href":"https:\/\/ruhr-real.de\/en\/wp-json\/wp\/v2\/property_city?post=127776"},{"taxonomy":"property_area","embeddable":true,"href":"https:\/\/ruhr-real.de\/en\/wp-json\/wp\/v2\/property_area?post=127776"}],"curies":[{"name":"wp","href":"https:\/\/api.w.org\/{rel}","templated":true}]}}