{"id":128490,"date":"2025-01-09T00:04:25","date_gmt":"2025-01-08T23:04:25","guid":{"rendered":"https:\/\/ruhr-real.de\/objekt\/ausbau-nach-wunsch-zentrale-bueroflaechen-in-duisburg-alleinauftrag\/"},"modified":"2025-01-09T16:25:25","modified_gmt":"2025-01-09T15:25:25","slug":"ausbau-nach-wunsch-zentrale-bueroflaechen-in-duisburg-alleinauftrag","status":"publish","type":"property","link":"https:\/\/ruhr-real.de\/en\/objekt\/ausbau-nach-wunsch-zentrale-bueroflaechen-in-duisburg-alleinauftrag\/","title":{"rendered":"Ausbau nach Wunsch &#8211; Zentrale B\u00fcrofl\u00e4chen in Duisburg | Alleinauftrag"},"content":{"rendered":"<p>Die zur Disposition stehenden Fl\u00e4chen befinden sich in der Duisburger Innenstadt. Die Fl\u00e4chen zeichnen sich durch den gepflegten Zustand aus und sind mithilfe eines Personenaufzuges oder \u00fcber das Treppenhaus zu erreichen.<br \/>\nBei Bedarf k\u00f6nnen die B\u00fcros nach Wunsch angepasst werden. Die Gestaltung erfolgt in enger Abstimmung mit der Eigent\u00fcmerseite.<br \/>\nDes Weiteren stehen weitere Lager- und Archivfl\u00e4chen im Untergeschoss zur Anmietung zur Verf\u00fcgung.<\/p>\n<p>Zurzeit stehen folgende Fl\u00e4chen zur Disposition:<\/p>\n<p>2. OG: ca. 1.287 m\u00b2<br \/>\n3. OG: ca. 1.285 m\u00b2<br \/>\n4. OG: ca. 1.285 m\u00b2<br \/>\n5. OG: ca. 1.284 m\u00b2<\/p>\n<p>Die zentral gelegene Immobilie in der Duisburger Innenstadt, liegt wenige Gehminuten vom belebten Innenhafen entfernt. In unmittelbarer N\u00e4he sind die Autobahnen A59 und A40 zu erreichen. Bus- und Bahnhaltestellen, sowie der naheliegende Hauptbahnhof, sind innerhalb von wenigen Minuten zu Fu\u00df erschlie\u00dfbar. In der Nachbarschaft der Deutschen Oper am Rhein, des Amts- und Landesgerichtes und vieler Banken, befindet sich hier gemeinsam mit dem Forum Duisburg das Zentrum f\u00fcr Einzelhandel, Gastronomie und B\u00fcro in der City.<\/p>\n<p>Hotels in der Umgebung: Duisburger Hof, Mercure Hotels, Ibis, ferrotel Duisburg<\/p>\n<p>Bedeutende Unternehmen in der B\u00fcromarktzone:  TARGO Bank Zentrale, Finanzamt, IHK Duisburg<\/p>\n<p>\u2022 Bodenbelag: Teppichboden, Bodenbelag nach Wunsch<br \/>\n\u2022 EDV-Verkabelung: vom Vormieter<br \/>\n\u2022 Kabelf\u00fchrung: Kabelkan\u00e4le<br \/>\n\u2022 Sonnenschutz: au\u00dfenliegend, elektrisch<br \/>\n\u2022 Barrierearm: ebenerdiger Zugang<\/p>\n<p>Die Ausstattung kann bei Bedarf angepasst werden.<\/p>\n<p>Es gelten ausschlie\u00dflich unsere AGB (www.ruhr-real.de\/agb). Wir m\u00f6chten Sie darauf hinweisen, dass die Angaben ausschlie\u00dflich auf den uns vom Eigent\u00fcmer \u00fcbermittelten Unterlagen und Informationen basieren. F\u00fcr Richtigkeit und Vollst\u00e4ndigkeit \u00fcbernehmen wir keine Gew\u00e4hr. Zwischenvermietung vorbehalten.<br \/>\n<div class=\"widget widget_immonex_user_defined_properties_widget\"><div class=\"immonex-widget immonex-widget-houzez\">\n\t\t<div class=\"immonex-widget-title clearfix\">\n\t\t<h2 class=\"widgettitle\">Energieeffizienz<\/h2>\t<\/div>\n\t\t<ul class=\"immonex-property-details row list-lined list-unstyled\">\n\t\t\t\t<li>\n\t\t\t<div class=\"list-lined-item w-100 d-flex justify-content-between py-2\">\n\t\t\t\t\t\t\t\t<strong class=\"property-details-label\">Energieausweis-Jahrgang:<\/strong>&nbsp;<span class=\"property-details-value\">not available<\/span>\n\t\t\t\t\t\t\t<\/div>\n\t\t<\/li>\n\t\t\t<\/ul>\n<\/div><\/div><\/p>\n","protected":false},"excerpt":{"rendered":"<p>Die zur Disposition stehenden Fl\u00e4chen befinden sich in der Duisburger Innenstadt. Die Fl\u00e4chen zeichnen sich durch den&#8230;<\/p>\n","protected":false},"author":1,"featured_media":142951,"parent":0,"menu_order":0,"template":"","property_type":[379],"property_status":[352],"property_feature":[537,354,350],"property_label":[],"property_country":[353],"property_state":[],"property_city":[334],"property_area":[],"class_list":["post-128490","property","type-property","status-publish","has-post-thumbnail","hentry","property_type-bueroflaechen","property_status-zu-vermieten","property_feature-gewerbliche-nutzung-moeglich","property_feature-personenaufzug","property_feature-raeume-veraenderbar","property_country-deutschland","property_city-duisburg"],"acf":[],"property_meta":{"_immonex_import_folder":["users\/RUHRREAL"],"_immonex_translation_id":["3483\/E3"],"_openimmo_obid":["ACE6F11E01844199A588A8A34544943A"],"_is_immonex_import_property":["1"],"_immonex_is_reference":[""],"rank_math_internal_links_processed":["1"],"fave_property_map_address":["47051 Duisburg"],"fave_property_zip":["47051"],"fave_property_country":["DE"],"_immonex_lat":["51.4346701"],"_immonex_lng":["6.7741771"],"houzez_geolocation_lat":["51.4346701"],"houzez_geolocation_long":["6.7741771"],"fave_property_location":["51.4346701,6.7741771"],"fave_property_price":["9.50"],"fave_property_sec_price":["9.5000"],"fave_property_size":["1287"],"fave_property_id":["3483\/E3"],"_immonex_iso_country":["DEU"],"_openimmo_anid":["0000"],"_immonex_group_number":[""],"_immonex_group_id":[""],"_immonex_group_master":[""],"_immonex_import_meta":["a:6:{s:8:\"zip_file\";s:131:\"\/www\/htdocs\/w0172e0e\/ruhr-real_2024\/wp-content\/uploads\/immonex-openimmo-import\/users\/RUHRREAL\/Immowelt_estatePro_20250109162433.zip\";s:8:\"xml_file\";s:158:\"\/www\/htdocs\/w0172e0e\/ruhr-real_2024\/wp-content\/uploads\/immonex-openimmo-import\/immowelt_estatepro_20250109162433\/Homepage_2024_NEW_estatePro20250109162433.xml\";s:12:\"mapping_file\";s:116:\"\/www\/htdocs\/w0172e0e\/ruhr-real_2024\/wp-content\/uploads\/immonex-openimmo-import\/mappings\/houzez_ruhrreal_18122023.csv\";s:9:\"timestamp\";i:1736436325;s:4:\"date\";s:10:\"2025-01-09\";s:4:\"time\";s:8:\"16:25:25\";}"],"_immonex_is_sold":[""],"_immonex_is_reserved":[""],"_immonex_is_available":["1"],"additional_features":["a:14:{i:0;a:2:{s:29:\"fave_additional_feature_title\";s:14:\"Nettokaltmiete\";s:29:\"fave_additional_feature_value\";s:13:\"9,50&nbsp;\u20ac\";}i:1;a:2:{s:29:\"fave_additional_feature_title\";s:9:\"Kaltmiete\";s:29:\"fave_additional_feature_value\";s:13:\"9,50&nbsp;\u20ac\";}i:2;a:2:{s:29:\"fave_additional_feature_title\";s:33:\"Heizkosten in Warmmiete enthalten\";s:29:\"fave_additional_feature_value\";s:4:\"nein\";}i:3;a:2:{s:29:\"fave_additional_feature_title\";s:32:\"Preise zuz\u00fcglich Mehrwertsteuer\";s:29:\"fave_additional_feature_value\";s:4:\"nein\";}i:4;a:2:{s:29:\"fave_additional_feature_title\";s:23:\"Netto-Kaltmiete pro m\u00b2\";s:29:\"fave_additional_feature_value\";s:13:\"9,50&nbsp;\u20ac\";}i:5;a:2:{s:29:\"fave_additional_feature_title\";s:10:\"MwSt.-Satz\";s:29:\"fave_additional_feature_value\";s:9:\"19&nbsp;%\";}i:6;a:2:{s:29:\"fave_additional_feature_title\";s:12:\"B\u00fcrofl\u00e4che\";s:29:\"fave_additional_feature_value\";s:14:\"1.287&nbsp;m\u00b2\";}i:7;a:2:{s:29:\"fave_additional_feature_title\";s:16:\"B\u00fcroteilfl\u00e4che\";s:29:\"fave_additional_feature_value\";s:14:\"1.287&nbsp;m\u00b2\";}i:8;a:2:{s:29:\"fave_additional_feature_title\";s:10:\"Teilbar ab\";s:29:\"fave_additional_feature_value\";s:14:\"1.287&nbsp;m\u00b2\";}i:9;a:2:{s:29:\"fave_additional_feature_title\";s:19:\"Art der Ausstattung\";s:29:\"fave_additional_feature_value\";s:8:\"Standard\";}i:10;a:2:{s:29:\"fave_additional_feature_title\";s:10:\"Bodenbelag\";s:29:\"fave_additional_feature_value\";s:7:\"Teppich\";}i:11;a:2:{s:29:\"fave_additional_feature_title\";s:13:\"Stellplatzart\";s:29:\"fave_additional_feature_value\";s:10:\"Tiefgarage\";}i:12;a:2:{s:29:\"fave_additional_feature_title\";s:7:\"Zustand\";s:29:\"fave_additional_feature_value\";s:8:\"gepflegt\";}i:13;a:2:{s:29:\"fave_additional_feature_title\";s:27:\"Immobilie ist verf\u00fcgbar ab\";s:29:\"fave_additional_feature_value\";s:17:\"nach Vereinbarung\";}}"],"fave_additional_features_enable":["enable"],"_immonex_custom_fields":["a:1:{s:23:\"Energieausweis-Jahrgang\";a:5:{s:14:\"mapping_source\";s:38:\"zustand_angaben->energiepass->jahrgang\";s:4:\"name\";s:0:\"\";s:5:\"group\";s:5:\"epass\";s:5:\"value\";s:13:\"not available\";s:19:\"value_before_filter\";s:4:\"ohne\";}}"],"_immonex_property_xml_source":["<?xml version=\"1.0\"?>\n<immobilie>\n<objektkategorie>\n<nutzungsart WOHNEN=\"false\" GEWERBE=\"true\"\/>\n<vermarktungsart KAUF=\"false\" MIETE_PACHT=\"true\"\/>\n<objektart>\n<buero_praxen buero_typ=\"BUEROHAUS\"\/><\/objektart>\n<user_defined_simplefield\/>\n<\/objektkategorie>\n<geo>\n<plz>47051<\/plz>\n<ort>Duisburg<\/ort>\n<strasse>K&#xF6;nigstra&#xDF;e<\/strasse>\n<hausnummer>63<\/hausnummer>\n<land iso_land=\"DEU\"\/>\n<lage_im_bau\/>\n<\/geo>\n<kontaktperson>\n<email_zentrale>anfrage@ruhr-real.de<\/email_zentrale>\n<email_direkt>bruckmann@ruhr-real.de<\/email_direkt>\n<tel_durchw>+49 201 99996337<\/tel_durchw>\n<tel_fax>+49 201 99996344<\/tel_fax>\n<tel_handy>+49 172 7088870<\/tel_handy>\n<name>Bruckmann<\/name>\n<vorname>Jonas<\/vorname>\n<anrede>Herr<\/anrede>\n<firma>RUHR REAL GmbH<\/firma>\n<strasse>Holsterhauser Platz<\/strasse>\n<hausnummer>2<\/hausnummer>\n<plz>45147<\/plz>\n<ort>Essen<\/ort>\n<adressfreigabe>true<\/adressfreigabe>\n<\/kontaktperson>\n<preise>\n<nettokaltmiete>9.50<\/nettokaltmiete>\n<kaltmiete>9.50<\/kaltmiete>\n<heizkosten_enthalten>false<\/heizkosten_enthalten>\n<zzg_mehrwertsteuer>false<\/zzg_mehrwertsteuer>\n<preis_zeiteinheit\/>\n<mietpreis_pro_qm>9.5000<\/mietpreis_pro_qm>\n<provisionspflichtig>false<\/provisionspflichtig>\n<waehrung iso_waehrung=\"EUR\"\/>\n<mwst_satz>19.00<\/mwst_satz>\n<stp_carport\/>\n<stp_duplex\/>\n<stp_freiplatz\/>\n<stp_garage\/>\n<stp_parkhaus\/>\n<stp_tiefgarage\/>\n<\/preise>\n<bieterverfahren\/>\n<versteigerung\/>\n<flaechen>\n<bueroflaeche>1287<\/bueroflaeche>\n<bueroteilflaeche>1287<\/bueroteilflaeche>\n<teilbar_ab>1287<\/teilbar_ab>\n<anzahl_stellplaetze type=\"xsd:decimal\">50<\/anzahl_stellplaetze>\n<\/flaechen>\n<ausstattung>\n<ausstatt_kategorie>STANDARD<\/ausstatt_kategorie>\n<raeume_veraenderbar>true<\/raeume_veraenderbar>\n<bad\/>\n<kueche\/>\n<boden TEPPICH=\"true\"\/>\n<heizungsart\/>\n<befeuerung\/>\n<fahrstuhl PERSONEN=\"true\"\/>\n<stellplatzart TIEFGARAGE=\"true\"\/>\n<ausricht_balkon_terrasse\/>\n<angeschl_gastronomie\/>\n<sicherheitstechnik\/>\n<\/ausstattung>\n<zustand_angaben>\n<zustand zustand_art=\"GEPFLEGT\"\/>\n<energiepass>\n<jahrgang>ohne<\/jahrgang>\n<\/energiepass>\n<\/zustand_angaben>\n<bewertung\/>\n<infrastruktur\/>\n<freitexte>\n<objekttitel>Ausbau nach Wunsch - Zentrale B&#xFC;rofl&#xE4;chen in Duisburg | Alleinauftrag<\/objekttitel>\n<lage>Die zentral gelegene Immobilie in der Duisburger Innenstadt, liegt wenige Gehminuten vom belebten Innenhafen entfernt. In unmittelbarer N&#xE4;he sind die Autobahnen A59 und A40 zu erreichen. Bus- und Bahnhaltestellen, sowie der naheliegende Hauptbahnhof, sind innerhalb von wenigen Minuten zu Fu&#xDF; erschlie&#xDF;bar. In der Nachbarschaft der Deutschen Oper am Rhein, des Amts- und Landesgerichtes und vieler Banken, befindet sich hier gemeinsam mit dem Forum Duisburg das Zentrum f&#xFC;r Einzelhandel, Gastronomie und B&#xFC;ro in der City.\n\nHotels in der Umgebung: Duisburger Hof, Mercure Hotels, Ibis, ferrotel Duisburg\n\nBedeutende Unternehmen in der B&#xFC;romarktzone:  TARGO Bank Zentrale, Finanzamt, IHK Duisburg <\/lage>\n<ausstatt_beschr>&#x2022; Bodenbelag: Teppichboden, Bodenbelag nach Wunsch\n&#x2022; EDV-Verkabelung: vom Vormieter\n&#x2022; Kabelf&#xFC;hrung: Kabelkan&#xE4;le \n&#x2022; Sonnenschutz: au&#xDF;enliegend, elektrisch\n&#x2022; Barrierearm: ebenerdiger Zugang\n\nDie Ausstattung kann bei Bedarf angepasst werden.<\/ausstatt_beschr>\n<objektbeschreibung>Die zur Disposition stehenden Fl&#xE4;chen befinden sich in der Duisburger Innenstadt. Die Fl&#xE4;chen zeichnen sich durch den gepflegten Zustand aus und sind mithilfe eines Personenaufzuges oder &#xFC;ber das Treppenhaus zu erreichen.\nBei Bedarf k&#xF6;nnen die B&#xFC;ros nach Wunsch angepasst werden. Die Gestaltung erfolgt in enger Abstimmung mit der Eigent&#xFC;merseite.\nDes Weiteren stehen weitere Lager- und Archivfl&#xE4;chen im Untergeschoss zur Anmietung zur Verf&#xFC;gung. \n\nZurzeit stehen folgende Fl&#xE4;chen zur Disposition:\n\n2. OG: ca. 1.287 m&#xB2;\n3. OG: ca. 1.285 m&#xB2;\n4. OG: ca. 1.285 m&#xB2;\n5. OG: ca. 1.284 m&#xB2;<\/objektbeschreibung>\n<sonstige_angaben>Es gelten ausschlie&#xDF;lich unsere AGB (www.ruhr-real.de\/agb). Wir m&#xF6;chten Sie darauf hinweisen, dass die Angaben ausschlie&#xDF;lich auf den uns vom Eigent&#xFC;mer &#xFC;bermittelten Unterlagen und Informationen basieren. F&#xFC;r Richtigkeit und Vollst&#xE4;ndigkeit &#xFC;bernehmen wir keine Gew&#xE4;hr. Zwischenvermietung vorbehalten.<\/sonstige_angaben>\n<\/freitexte>\n<anhaenge>\n<anhang location=\"EXTERN\" gruppe=\"TITELBILD\">\n<anhangtitel>Au&#xDF;enansicht<\/anhangtitel>\n<format>jpg<\/format>\n<daten>\n<pfad>b2bc6d3ae7b441c79f4c7f5b8b002894.jpg<\/pfad>\n<\/daten>\n<\/anhang>\n<anhang location=\"EXTERN\" gruppe=\"BILD\">\n<anhangtitel>Au&#xDF;enansicht<\/anhangtitel>\n<format>jpg<\/format>\n<daten>\n<pfad>b37e273ae6394c6986536726350c40af.jpg<\/pfad>\n<\/daten>\n<\/anhang>\n<anhang location=\"EXTERN\" gruppe=\"BILD\">\n<anhangtitel>Au&#xDF;enansicht<\/anhangtitel>\n<format>jpg<\/format>\n<daten>\n<pfad>166cd9459bbb4874ab148e1ec2893580.jpg<\/pfad>\n<\/daten>\n<\/anhang>\n<anhang location=\"EXTERN\" gruppe=\"BILD\">\n<anhangtitel>Au&#xDF;enansicht<\/anhangtitel>\n<format>jpg<\/format>\n<daten>\n<pfad>03da6a628d754c888662217ab9cea18d.jpg<\/pfad>\n<\/daten>\n<\/anhang>\n<anhang location=\"EXTERN\" gruppe=\"BILD\">\n<anhangtitel>Loftb&#xFC;ro Ansicht<\/anhangtitel>\n<format>jpg<\/format>\n<daten>\n<pfad>d9817445d6db4a50a8430e92e4d55e5e.jpg<\/pfad>\n<\/daten>\n<\/anhang>\n<anhang location=\"EXTERN\" gruppe=\"BILD\">\n<anhangtitel>Loftb&#xFC;ro Ansichten 2<\/anhangtitel>\n<format>jpg<\/format>\n<daten>\n<pfad>7254bfbaef1841129ee8140a545f5af5.jpg<\/pfad>\n<\/daten>\n<\/anhang>\n<anhang location=\"EXTERN\" gruppe=\"BILD\">\n<anhangtitel>Loftb&#xFC;ro<\/anhangtitel>\n<format>jpg<\/format>\n<daten>\n<pfad>0f4a3f13f74f4c29bfc450439202e958.jpg<\/pfad>\n<\/daten>\n<\/anhang>\n<anhang location=\"EXTERN\" gruppe=\"BILD\">\n<anhangtitel>B&#xFC;roansicht 2<\/anhangtitel>\n<format>jpg<\/format>\n<daten>\n<pfad>ffc891b38746474f81b6737c22b3d919.jpg<\/pfad>\n<\/daten>\n<\/anhang>\n<anhang location=\"EXTERN\" gruppe=\"BILD\">\n<anhangtitel>Empfangstheke<\/anhangtitel>\n<format>jpg<\/format>\n<daten>\n<pfad>a5970cfab6964339b3d15905e051aff0.jpg<\/pfad>\n<\/daten>\n<\/anhang>\n<anhang location=\"EXTERN\" gruppe=\"BILD\">\n<anhangtitel>Empfang 1<\/anhangtitel>\n<format>jpg<\/format>\n<daten>\n<pfad>0ff3da24db234e2892d1b2e81833ab33.jpg<\/pfad>\n<\/daten>\n<\/anhang>\n<anhang location=\"EXTERN\" gruppe=\"GRUNDRISS\">\n<anhangtitel>Regelgeschoss<\/anhangtitel>\n<format>png<\/format>\n<daten>\n<pfad>d156c2a00e084c7eb26000710b5a6c31.png<\/pfad>\n<\/daten>\n<\/anhang>\n<\/anhaenge>\n<verwaltung_objekt>\n<objektadresse_freigeben>false<\/objektadresse_freigeben>\n<verfuegbar_ab>nach Vereinbarung <\/verfuegbar_ab>\n<geschlecht\/>\n<gewerbliche_nutzung>true<\/gewerbliche_nutzung>\n<\/verwaltung_objekt>\n<verwaltung_techn>\n<objektnr_intern>ACE6F11E01844199A588A8A34544943A<\/objektnr_intern>\n<objektnr_extern>3483\/E3<\/objektnr_extern>\n<aktion aktionart=\"CHANGE\"\/>\n<openimmo_obid>ACE6F11E01844199A588A8A34544943A<\/openimmo_obid>\n<kennung_ursprung>estatePro V10.0.0.8<\/kennung_ursprung>\n<stand_vom>2025-01-09<\/stand_vom>\n<\/verwaltung_techn>\n<user_defined_simplefield feldname=\"Startseite\">Nein<\/user_defined_simplefield>\n<\/immobilie>\n"],"_thumbnail_id":["142951"],"fave_property_images":["142951","142952","142953","142954","142955","142956","142957","142958","142959","142960"],"fave_floor_plans_enable":["enable"],"floor_plans":["a:1:{i:0;a:7:{s:15:\"fave_plan_title\";s:13:\"Regelgeschoss\";s:15:\"fave_plan_rooms\";s:0:\"\";s:19:\"fave_plan_bathrooms\";s:0:\"\";s:15:\"fave_plan_price\";s:0:\"\";s:14:\"fave_plan_size\";s:0:\"\";s:15:\"fave_plan_image\";s:93:\"https:\/\/ruhr-real.de\/wp-content\/uploads\/2025\/01\/d156c2a00e084c7eb26000710b5a6c31-759x1024.png\";s:21:\"fave_plan_description\";s:0:\"\";}}"],"fave_prop_homeslider":["yes"],"fave_prop_slider_image":["142951"],"fave_agents":["111496"],"fave_agent_display_option":["agent_info"],"fave_single_top_area":["global"],"fave_single_content_area":["global"],"fave_property_map":["1"],"fave_property_map_street_view":["hide"],"fave_property_size_prefix":["m\u00b2"],"fave_property_land_postfix":["m\u00b2"],"fave_featured":["0"],"houzez_featured_listing_date":[""],"fave_property_price_postfix":["pro&nbsp;m\u00b2"],"fave_currency":["EUR"],"fave_currency_info":["a:8:{s:2:\"id\";s:1:\"1\";s:13:\"currency_name\";s:4:\"Euro\";s:13:\"currency_code\";s:3:\"EUR\";s:15:\"currency_symbol\";s:3:\"\u20ac\";s:17:\"currency_position\";s:5:\"after\";s:16:\"currency_decimal\";s:1:\"2\";s:26:\"currency_decimal_separator\";s:1:\",\";s:27:\"currency_thousand_separator\";s:1:\".\";}"],"houzez_total_property_views":["1777"],"houzez_views_by_date":["a:61:{s:10:\"02-28-2026\";i:4;s:10:\"03-01-2026\";i:4;s:10:\"03-02-2026\";i:4;s:10:\"03-03-2026\";i:4;s:10:\"03-04-2026\";i:4;s:10:\"03-05-2026\";i:6;s:10:\"03-06-2026\";i:4;s:10:\"03-07-2026\";i:4;s:10:\"03-08-2026\";i:4;s:10:\"03-09-2026\";i:4;s:10:\"03-10-2026\";i:4;s:10:\"03-11-2026\";i:6;s:10:\"03-12-2026\";i:4;s:10:\"03-13-2026\";i:4;s:10:\"03-14-2026\";i:5;s:10:\"03-15-2026\";i:4;s:10:\"03-16-2026\";i:2;s:10:\"03-17-2026\";i:11;s:10:\"03-18-2026\";i:6;s:10:\"03-19-2026\";i:4;s:10:\"03-20-2026\";i:6;s:10:\"03-21-2026\";i:4;s:10:\"03-22-2026\";i:4;s:10:\"03-23-2026\";i:4;s:10:\"03-24-2026\";i:4;s:10:\"03-25-2026\";i:4;s:10:\"03-26-2026\";i:6;s:10:\"03-27-2026\";i:4;s:10:\"03-28-2026\";i:4;s:10:\"03-29-2026\";i:4;s:10:\"03-30-2026\";i:6;s:10:\"03-31-2026\";i:4;s:10:\"04-01-2026\";i:13;s:10:\"04-02-2026\";i:11;s:10:\"04-03-2026\";i:8;s:10:\"04-04-2026\";i:8;s:10:\"04-05-2026\";i:8;s:10:\"04-06-2026\";i:8;s:10:\"04-07-2026\";i:10;s:10:\"04-08-2026\";i:8;s:10:\"04-09-2026\";i:8;s:10:\"04-10-2026\";i:8;s:10:\"04-11-2026\";i:6;s:10:\"04-12-2026\";i:8;s:10:\"04-13-2026\";i:8;s:10:\"04-14-2026\";i:8;s:10:\"04-15-2026\";i:8;s:10:\"04-16-2026\";i:8;s:10:\"04-17-2026\";i:8;s:10:\"04-18-2026\";i:8;s:10:\"04-19-2026\";i:8;s:10:\"04-20-2026\";i:8;s:10:\"04-21-2026\";i:8;s:10:\"04-22-2026\";i:8;s:10:\"04-23-2026\";i:9;s:10:\"04-24-2026\";i:8;s:10:\"04-25-2026\";i:8;s:10:\"04-26-2026\";i:8;s:10:\"04-27-2026\";i:8;s:10:\"04-28-2026\";i:8;s:10:\"04-29-2026\";i:4;}"],"houzez_recently_viewed":["2026-04-29 10:58:35"],"tp_widgets":["a:2:{s:7:\"widgets\";a:0:{}s:9:\"update_at\";s:10:\"1764682733\";}"],"_elementor_page_assets":["a:0:{}"]},"_links":{"self":[{"href":"https:\/\/ruhr-real.de\/en\/wp-json\/wp\/v2\/properties\/128490","targetHints":{"allow":["GET"]}}],"collection":[{"href":"https:\/\/ruhr-real.de\/en\/wp-json\/wp\/v2\/properties"}],"about":[{"href":"https:\/\/ruhr-real.de\/en\/wp-json\/wp\/v2\/types\/property"}],"author":[{"embeddable":true,"href":"https:\/\/ruhr-real.de\/en\/wp-json\/wp\/v2\/users\/1"}],"version-history":[{"count":0,"href":"https:\/\/ruhr-real.de\/en\/wp-json\/wp\/v2\/properties\/128490\/revisions"}],"wp:featuredmedia":[{"embeddable":true,"href":"https:\/\/ruhr-real.de\/en\/wp-json\/wp\/v2\/media\/142951"}],"wp:attachment":[{"href":"https:\/\/ruhr-real.de\/en\/wp-json\/wp\/v2\/media?parent=128490"}],"wp:term":[{"taxonomy":"property_type","embeddable":true,"href":"https:\/\/ruhr-real.de\/en\/wp-json\/wp\/v2\/property_type?post=128490"},{"taxonomy":"property_status","embeddable":true,"href":"https:\/\/ruhr-real.de\/en\/wp-json\/wp\/v2\/property_status?post=128490"},{"taxonomy":"property_feature","embeddable":true,"href":"https:\/\/ruhr-real.de\/en\/wp-json\/wp\/v2\/property_feature?post=128490"},{"taxonomy":"property_label","embeddable":true,"href":"https:\/\/ruhr-real.de\/en\/wp-json\/wp\/v2\/property_label?post=128490"},{"taxonomy":"property_country","embeddable":true,"href":"https:\/\/ruhr-real.de\/en\/wp-json\/wp\/v2\/property_country?post=128490"},{"taxonomy":"property_state","embeddable":true,"href":"https:\/\/ruhr-real.de\/en\/wp-json\/wp\/v2\/property_state?post=128490"},{"taxonomy":"property_city","embeddable":true,"href":"https:\/\/ruhr-real.de\/en\/wp-json\/wp\/v2\/property_city?post=128490"},{"taxonomy":"property_area","embeddable":true,"href":"https:\/\/ruhr-real.de\/en\/wp-json\/wp\/v2\/property_area?post=128490"}],"curies":[{"name":"wp","href":"https:\/\/api.w.org\/{rel}","templated":true}]}}