{"id":128858,"date":"2026-03-30T02:24:28","date_gmt":"2026-03-30T00:24:28","guid":{"rendered":"https:\/\/ruhr-real.de\/objekt\/provisionsfrei-ueber-ruhr-real-modernisierte-170-m%c2%b2-bueroflaeche-in-essen-glasfaser\/"},"modified":"2026-04-02T15:58:28","modified_gmt":"2026-04-02T13:58:28","slug":"provisionsfrei-ueber-ruhr-real-modernisierte-170-m%c2%b2-bueroflaeche-in-essen-glasfaser","status":"publish","type":"property","link":"https:\/\/ruhr-real.de\/en\/objekt\/provisionsfrei-ueber-ruhr-real-modernisierte-170-m%c2%b2-bueroflaeche-in-essen-glasfaser\/","title":{"rendered":"Provisionsfrei \u00fcber RUHR REAL | Modernisierte 170 m\u00b2 B\u00fcrofl\u00e4che in Essen | Glasfaser"},"content":{"rendered":"<p>Das im Jahre 2019 vollst\u00e4ndig modernisierte B\u00fcrogeb\u00e4ude verf\u00fcgt \u00fcber eine gehobene Innenausstattung. \u00dcber den gro\u00dfz\u00fcgigen Eingangsbereich gelangt man problemlos in die hochwertig renovierten B\u00fcrofl\u00e4chen. Ausgestattet sind diese mit einem modernen Laminatboden, Glast\u00fcren, Teilklimatisierung sowie einem au\u00dfenliegendem Sonnenschutz. Alle B\u00fcroebenen verf\u00fcgen \u00fcber eine ausgebaute Teek\u00fcche. Parkfl\u00e4chen stehen im Au\u00dfenbereich f\u00fcr den Mieter zur Anmietung zur Verf\u00fcgung.<\/p>\n<p>Zur Zeit stehen folgende Fl\u00e4chen zur Disposition:<\/p>\n<p>EG: ca. 170 m\u00b2<br \/>\n2. OG: ca. 570 m\u00b2<\/p>\n<p>Das Objekt befindet sich im Essener Norden in direkter N\u00e4he zur A42 in Richtung Duisburg und Dortmund. Einkaufsm\u00f6glichkeiten und Gesch\u00e4fte f\u00fcr die t\u00e4gliche Nahversorgung sind fu\u00dfl\u00e4ufig zu erreichen. Das Einkaufszentrum Allee-Center ist ebenfalls fu\u00dfl\u00e4ufig zu erreichen. Zur Innenstadt von Essen gelangt man in 10 Fahrminuten.<\/p>\n<p>Bedeutende Unternehmen in der B\u00fcromarktzone: Strabag, Thyssenkrupp, Vo\u00df Edelstahlhandel GmbH &amp; Co. KG, AOK Rheinland<\/p>\n<p>Hotels in der Umgebung: Ibis Budget, Maritim Hotel Gelsenkirchen, City Hotel Essen<\/p>\n<p>\u2022 Bodenbelag: Laminat-, Teppichboden<br \/>\n\u2022 Kabelf\u00fchrung: Bodentanks<br \/>\n\u2022 Teek\u00fcche: voll ausgestattet<br \/>\n\u2022 Klima: teilklimatisiert<br \/>\n\u2022 Sonnenschutz: au\u00dfenliegend, manuell<br \/>\n\u2022 Beleuchtung: Deckenbeleuchtung<br \/>\n\u2022 Glasfaseranschluss<\/p>\n<p>Die Ausstattung kann kann bei Bedarf angepasst werden!<\/p>\n<p>Es gelten ausschlie\u00dflich unsere AGB (www.ruhr-real.de\/agb). Wir m\u00f6chten Sie darauf hinweisen, dass die Angaben ausschlie\u00dflich auf den uns vom Eigent\u00fcmer \u00fcbermittelten Unterlagen und Informationen basieren. F\u00fcr Richtigkeit und Vollst\u00e4ndigkeit \u00fcbernehmen wir keine Gew\u00e4hr. Zwischenvermietung vorbehalten.<br \/>\n<div class=\"widget widget_immonex_user_defined_properties_widget\"><div class=\"immonex-widget immonex-widget-houzez\">\n\t\t<div class=\"immonex-widget-title clearfix\">\n\t\t<h2 class=\"widgettitle\">Energieeffizienz<\/h2>\t<\/div>\n\t\t<ul class=\"immonex-property-details row list-lined list-unstyled\">\n\t\t\t\t<li>\n\t\t\t<div class=\"list-lined-item w-100 d-flex justify-content-between py-2\">\n\t\t\t\t\t\t\t\t<strong class=\"property-details-label\">Energieausweis-Jahrgang:<\/strong>&nbsp;<span class=\"property-details-value\">not available<\/span>\n\t\t\t\t\t\t\t<\/div>\n\t\t<\/li>\n\t\t\t<\/ul>\n<\/div><\/div><\/p>\n","protected":false},"excerpt":{"rendered":"<p>Das im Jahre 2019 vollst\u00e4ndig modernisierte B\u00fcrogeb\u00e4ude verf\u00fcgt \u00fcber eine gehobene Innenausstattung. \u00dcber den&#8230;<\/p>\n","protected":false},"author":1,"featured_media":185460,"parent":0,"menu_order":0,"template":"","property_type":[379],"property_status":[352],"property_feature":[355,537,361,350],"property_label":[],"property_country":[353],"property_state":[],"property_city":[306],"property_area":[429],"class_list":["post-128858","property","type-property","status-publish","has-post-thumbnail","hentry","property_type-bueroflaechen","property_status-zu-vermieten","property_feature-barrierefrei","property_feature-gewerbliche-nutzung-moeglich","property_feature-klimaanlage","property_feature-raeume-veraenderbar","property_country-deutschland","property_city-essen","property_area-altenessen-nord"],"acf":[],"property_meta":{"_immonex_import_folder":["users\/RUHRREAL"],"_immonex_translation_id":["1269\/E2"],"_openimmo_obid":["5D12F89BB3E44B3EB0275D24F7F88CEE"],"_is_immonex_import_property":["1"],"_immonex_is_reference":[""],"rank_math_internal_links_processed":["1"],"copied_media_ids":["a:0:{}"],"referenced_media_ids":["a:0:{}"],"_immonex_post_status":["updated"],"fave_property_map_address":["45329 Essen"],"fave_property_zip":["45329"],"fave_property_country":["DE"],"_immonex_lat":["51.4928579"],"_immonex_lng":["7.0053008"],"houzez_geolocation_lat":["51.4928579"],"houzez_geolocation_long":["7.0053008"],"fave_property_location":["51.4928579,7.0053008"],"fave_property_id":["1269\/E2"],"_fave_property_id":["1269\/E2"],"_immonex_iso_country":["DEU"],"fave_nebenkosten":["2,50&nbsp;\u20ac"],"_openimmo_anid":["0000"],"_immonex_group_number":["1"],"_immonex_group_id":[""],"_immonex_group_master":[""],"_immonex_import_meta":["a:6:{s:8:\"zip_file\";s:131:\"\/www\/htdocs\/w0172e0e\/ruhr-real_2024\/wp-content\/uploads\/immonex-openimmo-import\/users\/RUHRREAL\/Immowelt_estatePro_20260402154854.zip\";s:8:\"xml_file\";s:158:\"\/www\/htdocs\/w0172e0e\/ruhr-real_2024\/wp-content\/uploads\/immonex-openimmo-import\/immowelt_estatepro_20260402154854\/Homepage_2024_NEW_estatePro20260402154854.xml\";s:12:\"mapping_file\";s:116:\"\/www\/htdocs\/w0172e0e\/ruhr-real_2024\/wp-content\/uploads\/immonex-openimmo-import\/mappings\/houzez_ruhrreal_20260325.csv\";s:9:\"timestamp\";i:1775138308;s:4:\"date\";s:10:\"2026-04-02\";s:4:\"time\";s:8:\"15:58:28\";}"],"_immonex_is_sold":[""],"_immonex_is_reserved":[""],"_immonex_is_available":["1"],"_immonex_areabutler_url_with_address":[""],"_immonex_areabutler_url_no_address":[""],"_immonex_areabutler_url":[""],"additional_features":["a:10:{i:0;a:2:{s:29:\"fave_additional_feature_title\";s:11:\"Heizungsart\";s:29:\"fave_additional_feature_value\";s:14:\"Zentralheizung\";}i:1;a:2:{s:29:\"fave_additional_feature_title\";s:29:\"monatl. Betriebs-\/Nebenkosten\";s:29:\"fave_additional_feature_value\";s:13:\"2,50&nbsp;\u20ac\";}i:2;a:2:{s:29:\"fave_additional_feature_title\";s:33:\"Heizkosten in Warmmiete enthalten\";s:29:\"fave_additional_feature_value\";s:4:\"nein\";}i:3;a:2:{s:29:\"fave_additional_feature_title\";s:32:\"Preise zuz\u00fcglich Mehrwertsteuer\";s:29:\"fave_additional_feature_value\";s:4:\"nein\";}i:4;a:2:{s:29:\"fave_additional_feature_title\";s:10:\"MwSt.-Satz\";s:29:\"fave_additional_feature_value\";s:9:\"19&nbsp;%\";}i:5;a:2:{s:29:\"fave_additional_feature_title\";s:19:\"Art der Ausstattung\";s:29:\"fave_additional_feature_value\";s:7:\"gehoben\";}i:6;a:2:{s:29:\"fave_additional_feature_title\";s:10:\"Bodenbelag\";s:29:\"fave_additional_feature_value\";s:16:\"Teppich, Laminat\";}i:7;a:2:{s:29:\"fave_additional_feature_title\";s:13:\"Stellplatzart\";s:29:\"fave_additional_feature_value\";s:9:\"Freiplatz\";}i:8;a:2:{s:29:\"fave_additional_feature_title\";s:7:\"Zustand\";s:29:\"fave_additional_feature_value\";s:12:\"modernisiert\";}i:9;a:2:{s:29:\"fave_additional_feature_title\";s:27:\"Immobilie ist verf\u00fcgbar ab\";s:29:\"fave_additional_feature_value\";s:17:\"nach Vereinbarung\";}}"],"fave_additional_features_enable":["enable"],"_immonex_custom_fields":["a:1:{s:23:\"Energieausweis-Jahrgang\";a:5:{s:14:\"mapping_source\";s:38:\"zustand_angaben->energiepass->jahrgang\";s:4:\"name\";s:0:\"\";s:5:\"group\";s:5:\"epass\";s:5:\"value\";s:13:\"not available\";s:19:\"value_before_filter\";s:4:\"ohne\";}}"],"_immonex_property_xml_source":["<?xml version=\"1.0\"?>\n<immobilie>\n<objektkategorie>\n<nutzungsart WOHNEN=\"false\" GEWERBE=\"true\"\/>\n<vermarktungsart KAUF=\"false\" MIETE_PACHT=\"true\"\/>\n<objektart>\n<buero_praxen buero_typ=\"BUEROHAUS\"\/>\n<\/objektart>\n<user_defined_simplefield\/>\n<\/objektkategorie>\n<geo>\n<plz>45329<\/plz>\n<ort>Essen<\/ort>\n<strasse>Wolbeckstra&#xDF;e<\/strasse>\n<hausnummer>25<\/hausnummer>\n<land iso_land=\"DEU\"\/>\n<lage_im_bau\/>\n<regionaler_zusatz>Altenessen-Nord<\/regionaler_zusatz>\n<\/geo>\n<kontaktperson>\n<email_zentrale>anfrage@ruhr-real.de<\/email_zentrale>\n<email_direkt>kruse@ruhr-real.de<\/email_direkt>\n<tel_durchw>+49 201 999963-33<\/tel_durchw>\n<tel_fax>+49 201 99 99 63 44<\/tel_fax>\n<tel_handy>+49 162 88 87 076<\/tel_handy>\n<name>Kruse<\/name>\n<vorname>Samuel<\/vorname>\n<anrede>Herr<\/anrede>\n<firma>RUHR REAL GmbH<\/firma>\n<strasse>Holsterhauser Platz<\/strasse>\n<hausnummer>2<\/hausnummer>\n<plz>45147<\/plz>\n<ort>Essen<\/ort>\n<adressfreigabe>true<\/adressfreigabe>\n<\/kontaktperson>\n<preise>\n<nebenkosten>2.50<\/nebenkosten>\n<heizkosten_enthalten>false<\/heizkosten_enthalten>\n<zzg_mehrwertsteuer>false<\/zzg_mehrwertsteuer>\n<preis_zeiteinheit\/>\n<provisionspflichtig>false<\/provisionspflichtig>\n<waehrung iso_waehrung=\"EUR\"\/>\n<mwst_satz>19.00<\/mwst_satz>\n<stp_carport\/>\n<stp_duplex\/>\n<stp_freiplatz\/>\n<stp_garage\/>\n<stp_parkhaus\/>\n<stp_tiefgarage\/>\n<\/preise>\n<bieterverfahren\/>\n<versteigerung\/>\n<flaechen>\n<anzahl_stellplaetze type=\"xsd:decimal\">30<\/anzahl_stellplaetze>\n<\/flaechen>\n<ausstattung>\n<ausstatt_kategorie>GEHOBEN<\/ausstatt_kategorie>\n<raeume_veraenderbar>true<\/raeume_veraenderbar>\n<bad\/>\n<kueche\/>\n<boden TEPPICH=\"true\" LAMINAT=\"true\"\/>\n<heizungsart ZENTRAL=\"true\"\/>\n<befeuerung\/>\n<klimatisiert>true<\/klimatisiert>\n<fahrstuhl\/>\n<stellplatzart FREIPLATZ=\"true\"\/>\n<ausricht_balkon_terrasse\/>\n<barrierefrei>true<\/barrierefrei>\n<angeschl_gastronomie\/>\n<sicherheitstechnik\/>\n<\/ausstattung>\n<zustand_angaben>\n<zustand zustand_art=\"MODERNISIERT\"\/>\n<energiepass>\n<jahrgang>ohne<\/jahrgang>\n<\/energiepass>\n<\/zustand_angaben>\n<bewertung\/>\n<infrastruktur\/>\n<freitexte>\n<objekttitel>Provisionsfrei &#xFC;ber RUHR REAL | Modernisierte 170 m&#xB2; B&#xFC;rofl&#xE4;che in Essen | Glasfaser<\/objekttitel>\n<lage>Das Objekt befindet sich im Essener Norden in direkter N&#xE4;he zur A42 in Richtung Duisburg und Dortmund. Einkaufsm&#xF6;glichkeiten und Gesch&#xE4;fte f&#xFC;r die t&#xE4;gliche Nahversorgung sind fu&#xDF;l&#xE4;ufig zu erreichen. Das Einkaufszentrum Allee-Center ist ebenfalls fu&#xDF;l&#xE4;ufig zu erreichen. Zur Innenstadt von Essen gelangt man in 10 Fahrminuten.\n\nBedeutende Unternehmen in der B&#xFC;romarktzone: Strabag, Thyssenkrupp, Vo&#xDF; Edelstahlhandel GmbH &amp; Co. KG, AOK Rheinland\n\nHotels in der Umgebung: Ibis Budget, Maritim Hotel Gelsenkirchen, City Hotel Essen<\/lage>\n<ausstatt_beschr>&#x2022; Bodenbelag: Laminat-, Teppichboden\n&#x2022; Kabelf&#xFC;hrung: Bodentanks\n&#x2022; Teek&#xFC;che: voll ausgestattet\n&#x2022; Klima: teilklimatisiert\n&#x2022; Sonnenschutz: au&#xDF;enliegend, manuell\n&#x2022; Beleuchtung: Deckenbeleuchtung\n&#x2022; Glasfaseranschluss\n\nDie Ausstattung kann kann bei Bedarf angepasst werden!<\/ausstatt_beschr><objektbeschreibung>Das im Jahre 2019 vollst&#xE4;ndig modernisierte B&#xFC;rogeb&#xE4;ude verf&#xFC;gt &#xFC;ber eine gehobene Innenausstattung. &#xDC;ber den gro&#xDF;z&#xFC;gigen Eingangsbereich gelangt man problemlos in die hochwertig renovierten B&#xFC;rofl&#xE4;chen. Ausgestattet sind diese mit einem modernen Laminatboden, Glast&#xFC;ren, Teilklimatisierung sowie einem au&#xDF;enliegendem Sonnenschutz. Alle B&#xFC;roebenen verf&#xFC;gen &#xFC;ber eine ausgebaute Teek&#xFC;che. Parkfl&#xE4;chen stehen im Au&#xDF;enbereich f&#xFC;r den Mieter zur Anmietung zur Verf&#xFC;gung. \n\nZur Zeit stehen folgende Fl&#xE4;chen zur Disposition:\n\nEG: ca. 170 m&#xB2;\n2. OG: ca. 570 m&#xB2;\n<\/objektbeschreibung>\n<sonstige_angaben>Es gelten ausschlie&#xDF;lich unsere AGB (www.ruhr-real.de\/agb). Wir m&#xF6;chten Sie darauf hinweisen, dass die Angaben ausschlie&#xDF;lich auf den uns vom Eigent&#xFC;mer &#xFC;bermittelten Unterlagen und Informationen basieren. F&#xFC;r Richtigkeit und Vollst&#xE4;ndigkeit &#xFC;bernehmen wir keine Gew&#xE4;hr. Zwischenvermietung vorbehalten.<\/sonstige_angaben>\n<\/freitexte>\n<anhaenge>\n<anhang location=\"EXTERN\" gruppe=\"TITELBILD\">\n<anhangtitel>Au&#xDF;en<\/anhangtitel>\n<format>JPG<\/format>\n<daten>\n<pfad>3c8e4d20fe1b4c4ba650689f4285602d.JPG<\/pfad>\n<\/daten>\n<\/anhang>\n<anhang location=\"EXTERN\" gruppe=\"BILD\">\n<anhangtitel>Au&#xDF;enansicht<\/anhangtitel>\n<format>JPG<\/format>\n<daten>\n<pfad>9a13de5a844945288f9f578f9ef54615.JPG<\/pfad>\n<\/daten>\n<\/anhang>\n<anhang location=\"EXTERN\" gruppe=\"BILD\">\n<anhangtitel>Empfang<\/anhangtitel>\n<format>JPG<\/format>\n<daten>\n<pfad>696882a9f48747eea4428ee215babfaa.JPG<\/pfad>\n<\/daten>\n<\/anhang>\n<anhang location=\"EXTERN\" gruppe=\"BILD\">\n<anhangtitel>Teek&#xFC;che<\/anhangtitel>\n<format>jpg<\/format>\n<daten>\n<pfad>94586cf6232b43c0a8c079ffa5e58381.jpg<\/pfad>\n<\/daten>\n<\/anhang>\n<anhang location=\"EXTERN\" gruppe=\"BILD\">\n<anhangtitel>Eingang<\/anhangtitel>\n<format>jpg<\/format>\n<daten>\n<pfad>a82f5562f5b84744b6a64ad7ef1ca7b2.jpg<\/pfad>\n<\/daten>\n<\/anhang>\n<anhang location=\"EXTERN\" gruppe=\"BILD\">\n<anhangtitel>Gro&#xDF;raum<\/anhangtitel>\n<format>jpg<\/format>\n<daten>\n<pfad>6add3e8244314982a6050c72aa41c74d.jpg<\/pfad>\n<\/daten>\n<\/anhang>\n<anhang location=\"EXTERN\" gruppe=\"BILD\">\n<anhangtitel>Open Space<\/anhangtitel>\n<format>jpg<\/format>\n<daten>\n<pfad>42669eb3df7841568dcbf7c61bcf1525.jpg<\/pfad>\n<\/daten>\n<\/anhang>\n<anhang location=\"EXTERN\" gruppe=\"BILD\">\n<anhangtitel>Nebenraum<\/anhangtitel>\n<format>jpg<\/format>\n<daten>\n<pfad>f0e8d2b672fe4411bc0a490587cedcc2.jpg<\/pfad>\n<\/daten>\n<\/anhang>\n<anhang location=\"EXTERN\" gruppe=\"GRUNDRISS\">\n<anhangtitel>EG_links<\/anhangtitel>\n<format>jpg<\/format>\n<daten>\n<pfad>fc228f8d6f584f128433ed2ed43b0615.jpg<\/pfad>\n<\/daten>\n<\/anhang>\n<\/anhaenge>\n<verwaltung_objekt>\n<objektadresse_freigeben>false<\/objektadresse_freigeben>\n<verfuegbar_ab>nach Vereinbarung<\/verfuegbar_ab>\n<gruppennummer>1<\/gruppennummer>\n<geschlecht\/>\n<gewerbliche_nutzung>true<\/gewerbliche_nutzung>\n<\/verwaltung_objekt>\n<verwaltung_techn>\n<objektnr_intern>5D12F89BB3E44B3EB0275D24F7F88CEE<\/objektnr_intern>\n<objektnr_extern>1269\/E2<\/objektnr_extern>\n<aktion aktionart=\"CHANGE\"\/>\n<openimmo_obid>5D12F89BB3E44B3EB0275D24F7F88CEE<\/openimmo_obid>\n<kennung_ursprung>estatePro V10.0.0.8<\/kennung_ursprung>\n<stand_vom>2026-03-30<\/stand_vom>\n<\/verwaltung_techn>\n<user_defined_simplefield feldname=\"Startseite\">Nein<\/user_defined_simplefield>\n<\/immobilie>\n"],"_immonex_energy_class":[""],"_immonex_energy_class_id":["0"],"_thumbnail_id":["185460"],"fave_property_images":["185460","185461","185462","185463","185464","185465","185466","185467"],"fave_floor_plans_enable":["enable"],"floor_plans":["a:1:{i:0;a:7:{s:15:\"fave_plan_title\";s:8:\"EG_links\";s:15:\"fave_plan_rooms\";s:0:\"\";s:19:\"fave_plan_bathrooms\";s:0:\"\";s:15:\"fave_plan_price\";s:0:\"\";s:14:\"fave_plan_size\";s:0:\"\";s:15:\"fave_plan_image\";s:84:\"https:\/\/ruhr-real.de\/wp-content\/uploads\/2026\/03\/fc228f8d6f584f128433ed2ed43b0615.jpg\";s:21:\"fave_plan_description\";s:0:\"\";}}"],"fave_prop_homeslider":["yes"],"fave_prop_slider_image":["185460"],"fave_agents":["152858"],"fave_agent_display_option":["agent_info"],"fave_single_top_area":["global"],"fave_single_content_area":["global"],"fave_property_price":["0"],"fave_property_map":["1"],"fave_property_map_street_view":["hide"],"fave_property_size_prefix":["m\u00b2"],"fave_property_land_postfix":["m\u00b2"],"fave_featured":["0"],"houzez_featured_listing_date":[""],"fave_currency":["EUR"],"fave_currency_info":["a:8:{s:2:\"id\";s:1:\"1\";s:13:\"currency_name\";s:4:\"Euro\";s:13:\"currency_code\";s:3:\"EUR\";s:15:\"currency_symbol\";s:3:\"\u20ac\";s:17:\"currency_position\";s:5:\"after\";s:16:\"currency_decimal\";s:1:\"2\";s:26:\"currency_decimal_separator\";s:1:\",\";s:27:\"currency_thousand_separator\";s:1:\".\";}"],"_wpml_word_count":["331"],"fave_show_price_placeholder":["1"],"houzez_total_property_views":["214"],"houzez_views_by_date":["a:27:{s:10:\"04-02-2026\";i:4;s:10:\"04-03-2026\";i:8;s:10:\"04-04-2026\";i:8;s:10:\"04-05-2026\";i:8;s:10:\"04-06-2026\";i:8;s:10:\"04-07-2026\";i:12;s:10:\"04-08-2026\";i:6;s:10:\"04-09-2026\";i:10;s:10:\"04-10-2026\";i:8;s:10:\"04-11-2026\";i:8;s:10:\"04-12-2026\";i:8;s:10:\"04-13-2026\";i:8;s:10:\"04-14-2026\";i:8;s:10:\"04-15-2026\";i:8;s:10:\"04-16-2026\";i:8;s:10:\"04-17-2026\";i:8;s:10:\"04-18-2026\";i:8;s:10:\"04-19-2026\";i:8;s:10:\"04-20-2026\";i:8;s:10:\"04-21-2026\";i:8;s:10:\"04-22-2026\";i:8;s:10:\"04-23-2026\";i:11;s:10:\"04-24-2026\";i:8;s:10:\"04-25-2026\";i:8;s:10:\"04-26-2026\";i:8;s:10:\"04-27-2026\";i:8;s:10:\"04-28-2026\";i:3;}"],"houzez_recently_viewed":["2026-04-28 10:30:09"],"_elementor_page_assets":["a:0:{}"]},"_links":{"self":[{"href":"https:\/\/ruhr-real.de\/en\/wp-json\/wp\/v2\/properties\/128858","targetHints":{"allow":["GET"]}}],"collection":[{"href":"https:\/\/ruhr-real.de\/en\/wp-json\/wp\/v2\/properties"}],"about":[{"href":"https:\/\/ruhr-real.de\/en\/wp-json\/wp\/v2\/types\/property"}],"author":[{"embeddable":true,"href":"https:\/\/ruhr-real.de\/en\/wp-json\/wp\/v2\/users\/1"}],"version-history":[{"count":0,"href":"https:\/\/ruhr-real.de\/en\/wp-json\/wp\/v2\/properties\/128858\/revisions"}],"wp:featuredmedia":[{"embeddable":true,"href":"https:\/\/ruhr-real.de\/en\/wp-json\/wp\/v2\/media\/185460"}],"wp:attachment":[{"href":"https:\/\/ruhr-real.de\/en\/wp-json\/wp\/v2\/media?parent=128858"}],"wp:term":[{"taxonomy":"property_type","embeddable":true,"href":"https:\/\/ruhr-real.de\/en\/wp-json\/wp\/v2\/property_type?post=128858"},{"taxonomy":"property_status","embeddable":true,"href":"https:\/\/ruhr-real.de\/en\/wp-json\/wp\/v2\/property_status?post=128858"},{"taxonomy":"property_feature","embeddable":true,"href":"https:\/\/ruhr-real.de\/en\/wp-json\/wp\/v2\/property_feature?post=128858"},{"taxonomy":"property_label","embeddable":true,"href":"https:\/\/ruhr-real.de\/en\/wp-json\/wp\/v2\/property_label?post=128858"},{"taxonomy":"property_country","embeddable":true,"href":"https:\/\/ruhr-real.de\/en\/wp-json\/wp\/v2\/property_country?post=128858"},{"taxonomy":"property_state","embeddable":true,"href":"https:\/\/ruhr-real.de\/en\/wp-json\/wp\/v2\/property_state?post=128858"},{"taxonomy":"property_city","embeddable":true,"href":"https:\/\/ruhr-real.de\/en\/wp-json\/wp\/v2\/property_city?post=128858"},{"taxonomy":"property_area","embeddable":true,"href":"https:\/\/ruhr-real.de\/en\/wp-json\/wp\/v2\/property_area?post=128858"}],"curies":[{"name":"wp","href":"https:\/\/api.w.org\/{rel}","templated":true}]}}