{"id":128996,"date":"2024-06-06T00:01:22","date_gmt":"2024-06-05T22:01:22","guid":{"rendered":"https:\/\/ruhr-real.de\/objekt\/modernisierte-300-1-388-m%c2%b2-bueroflaeche-attraktive-lage-in-der-essener-city-stellplaetze\/"},"modified":"2024-06-06T00:01:22","modified_gmt":"2024-06-05T22:01:22","slug":"modernisierte-300-1-388-m%c2%b2-bueroflaeche-attraktive-lage-in-der-essener-city-stellplaetze","status":"publish","type":"property","link":"https:\/\/ruhr-real.de\/en\/objekt\/modernisierte-300-1-388-m%c2%b2-bueroflaeche-attraktive-lage-in-der-essener-city-stellplaetze\/","title":{"rendered":"Modernisierte 300 &#8211; 1.388 m\u00b2 B\u00fcrofl\u00e4che | attraktive Lage in der Essener City | Stellpl\u00e4tze"},"content":{"rendered":"<p>Bei der angebotenen Liegenschaft handelt es sich um ein repr\u00e4sentatives B\u00fcrogeb\u00e4ude in Essen. Die B\u00fcroimmobilie zeichnet sich durch die attraktive Au\u00dfenfassade aus und befindet sich in einem modernisierten, gepflegten Zustand.<br \/>\nDie gehobene Ausstattung und der repr\u00e4sentative Eingangsbereich bieten optimale Voraussetzungen f\u00fcr eine moderne B\u00fcrogestaltung. F\u00fcr den Nutzer stehen Parkpl\u00e4tze im Au\u00dfenbereich zur Anmietung zur Verf\u00fcgung.<\/p>\n<p>Zur Zeit stehen folgende Fl\u00e4chen zur Disposition:<\/p>\n<p>2. OG: 1.387,92 m\u00b2<br \/>\nteilbar ab ca. 300 m\u00b2<\/p>\n<p>Das Objekt befindet sich in zentraler Lage in Essen. Die Autobahnen A40, A52, sowie die Bundesstra\u00dfe B224 sind in nur wenigen Fahrminuten zu erreichen. Die Anbindung an den \u00f6ffentlichen Nahverkehr ist aufgrund der N\u00e4he zum Essener Hauptbahnhof hervorragend. Zahlreiche, im direkten Umkreis liegende Restaurants und Gesch\u00e4fte des t\u00e4glichen Bedarfs sorgen f\u00fcr eine optimale Nahversorgung.<\/p>\n<p>Bedeutende Unternehmen in der B\u00fcromarktzone: Deutsche Post, Regionalverband Ruhr, Stadt Essen, Radio Essen<\/p>\n<p>Hotels der Umgebung: Intercity Hotel, Select Hotel Handelshof, Top CCL Hotel, Motel One<\/p>\n<p>\u2022 Bodenbelag: Stein- und Laminatboden in Holzoptik<br \/>\n\u2022 EDV-Verkabelung: CAT-5 Verkabelung<br \/>\n\u2022 Kabelf\u00fchrung: Bodentanks, Kabelkan\u00e4le<br \/>\n\u2022 Sonnenschutz: innenliegend, manuell<br \/>\n\u2022 Teek\u00fcche: voll ausgestattet<br \/>\n\u2022 frisch gestrichene W\u00e4nde<br \/>\n\u2022 Beleuchtung: Deckenbeleuchtung<br \/>\n\u2022 Klimatisierung: nach Vereinbarung<br \/>\n\u2022 Keller: Stauraum vorhanden<\/p>\n<p>Die Ausstattung kann bei Bedarf angepasst werden!<\/p>\n<p>Es gelten ausschlie\u00dflich unsere AGB (www.ruhr-real.de\/agb). Wir m\u00f6chten Sie darauf hinweisen, dass die Angaben ausschlie\u00dflich auf den uns vom Eigent\u00fcmer \u00fcbermittelten Unterlagen und Informationen basieren. F\u00fcr Richtigkeit und Vollst\u00e4ndigkeit \u00fcbernehmen wir keine Gew\u00e4hr. Zwischenvermietung vorbehalten.<br \/>\n<div class=\"widget widget_immonex_user_defined_properties_widget\"><div class=\"immonex-widget immonex-widget-houzez\">\n\t\t<div class=\"immonex-widget-title clearfix\">\n\t\t<h2 class=\"widgettitle\">Energieeffizienz<\/h2>\t<\/div>\n\t\t<ul class=\"immonex-property-details row list-lined list-unstyled\">\n\t\t\t\t<li>\n\t\t\t<div class=\"list-lined-item w-100 d-flex justify-content-between py-2\">\n\t\t\t\t\t\t\t\t<strong class=\"property-details-label\">Energieausweis-Jahrgang:<\/strong>&nbsp;<span class=\"property-details-value\">not available<\/span>\n\t\t\t\t\t\t\t<\/div>\n\t\t<\/li>\n\t\t\t<\/ul>\n<\/div><\/div><\/p>\n","protected":false},"excerpt":{"rendered":"<p>Bei der angebotenen Liegenschaft handelt es sich um ein repr\u00e4sentatives B\u00fcrogeb\u00e4ude in Essen. Die B\u00fcroimmobilie&#8230;<\/p>\n","protected":false},"author":1,"featured_media":128997,"parent":0,"menu_order":0,"template":"","property_type":[379],"property_status":[352],"property_feature":[355,354,350],"property_label":[],"property_country":[353],"property_state":[],"property_city":[306],"property_area":[319],"class_list":["post-128996","property","type-property","status-publish","has-post-thumbnail","hentry","property_type-bueroflaechen","property_status-zu-vermieten","property_feature-barrierefrei","property_feature-personenaufzug","property_feature-raeume-veraenderbar","property_country-deutschland","property_city-essen","property_area-sudviertel"],"acf":[],"property_meta":{"_immonex_import_folder":["users\/RUHRREAL"],"fave_property_map_address":["45127 Essen"],"fave_property_zip":["45127"],"fave_property_country":["DE"],"_immonex_lat":["51.4544769"],"_immonex_lng":["7.0174679"],"houzez_geolocation_lat":["51.4544769"],"houzez_geolocation_long":["7.0174679"],"fave_property_location":["51.4544769,7.0174679"],"fave_property_price":["11.00"],"fave_property_sec_price":["11.0000"],"fave_property_size":["300"],"fave_property_id":["1622\/E1"],"_immonex_translation_id":["1622\/E1"],"_immonex_iso_country":["DEU"],"_openimmo_obid":["2C471405CC7F4800AD62375310C2AA9B"],"_openimmo_anid":["0000"],"_immonex_group_number":["1"],"_immonex_group_id":[""],"_immonex_group_master":[""],"_immonex_import_meta":["a:6:{s:8:\"zip_file\";s:131:\"\/www\/htdocs\/w0172e0e\/ruhr-real_2024\/wp-content\/uploads\/immonex-openimmo-import\/users\/RUHRREAL\/Immowelt_estatePro_20240606164427.zip\";s:8:\"xml_file\";s:158:\"\/www\/htdocs\/w0172e0e\/ruhr-real_2024\/wp-content\/uploads\/immonex-openimmo-import\/immowelt_estatepro_20240606164427\/Homepage_2024_NEW_estatePro20240606164427.xml\";s:12:\"mapping_file\";s:116:\"\/www\/htdocs\/w0172e0e\/ruhr-real_2024\/wp-content\/uploads\/immonex-openimmo-import\/mappings\/houzez_ruhrreal_18122023.csv\";s:9:\"timestamp\";i:1717685062;s:4:\"date\";s:10:\"2024-06-06\";s:4:\"time\";s:8:\"16:44:22\";}"],"_is_immonex_import_property":["1"],"_immonex_is_reference":[""],"_immonex_is_sold":[""],"_immonex_is_reserved":[""],"_immonex_is_available":["1"],"additional_features":["a:18:{i:0;a:2:{s:29:\"fave_additional_feature_title\";s:11:\"Heizungsart\";s:29:\"fave_additional_feature_value\";s:11:\"Fernheizung\";}i:1;a:2:{s:29:\"fave_additional_feature_title\";s:14:\"Nettokaltmiete\";s:29:\"fave_additional_feature_value\";s:11:\"11&nbsp;\u20ac\";}i:2;a:2:{s:29:\"fave_additional_feature_title\";s:9:\"Kaltmiete\";s:29:\"fave_additional_feature_value\";s:11:\"11&nbsp;\u20ac\";}i:3;a:2:{s:29:\"fave_additional_feature_title\";s:29:\"monatl. Betriebs-\/Nebenkosten\";s:29:\"fave_additional_feature_value\";s:13:\"3,88&nbsp;\u20ac\";}i:4;a:2:{s:29:\"fave_additional_feature_title\";s:33:\"Heizkosten in Warmmiete enthalten\";s:29:\"fave_additional_feature_value\";s:4:\"nein\";}i:5;a:2:{s:29:\"fave_additional_feature_title\";s:32:\"Preise zuz\u00fcglich Mehrwertsteuer\";s:29:\"fave_additional_feature_value\";s:4:\"nein\";}i:6;a:2:{s:29:\"fave_additional_feature_title\";s:23:\"Netto-Kaltmiete pro m\u00b2\";s:29:\"fave_additional_feature_value\";s:11:\"11&nbsp;\u20ac\";}i:7;a:2:{s:29:\"fave_additional_feature_title\";s:16:\"K\u00e4uferprovision\";s:29:\"fave_additional_feature_value\";s:23:\"3 - 4 Nettomonatsmieten\";}i:8;a:2:{s:29:\"fave_additional_feature_title\";s:20:\"Hinweis zur Courtage\";s:29:\"fave_additional_feature_value\";s:209:\"Bei Vertr\u00e4gen bis zu f\u00fcnf Jahren Laufzeit ist ein Honorar von 3 Nettomonatsmieten zahlbar; bei Laufzeiten bis zu zehn Jahren werden 4 Nettomonatsmieten f\u00e4llig. Hinzu kommt die jeweils g\u00fcltige Umsatzsteuer.\";}i:9;a:2:{s:29:\"fave_additional_feature_title\";s:10:\"MwSt.-Satz\";s:29:\"fave_additional_feature_value\";s:9:\"19&nbsp;%\";}i:10;a:2:{s:29:\"fave_additional_feature_title\";s:12:\"B\u00fcrofl\u00e4che\";s:29:\"fave_additional_feature_value\";s:14:\"1.388&nbsp;m\u00b2\";}i:11;a:2:{s:29:\"fave_additional_feature_title\";s:16:\"B\u00fcroteilfl\u00e4che\";s:29:\"fave_additional_feature_value\";s:12:\"300&nbsp;m\u00b2\";}i:12;a:2:{s:29:\"fave_additional_feature_title\";s:10:\"Teilbar ab\";s:29:\"fave_additional_feature_value\";s:12:\"300&nbsp;m\u00b2\";}i:13;a:2:{s:29:\"fave_additional_feature_title\";s:19:\"Art der Ausstattung\";s:29:\"fave_additional_feature_value\";s:7:\"gehoben\";}i:14;a:2:{s:29:\"fave_additional_feature_title\";s:10:\"Bodenbelag\";s:29:\"fave_additional_feature_value\";s:10:\"Kunststoff\";}i:15;a:2:{s:29:\"fave_additional_feature_title\";s:13:\"Stellplatzart\";s:29:\"fave_additional_feature_value\";s:21:\"Tiefgarage, Freiplatz\";}i:16;a:2:{s:29:\"fave_additional_feature_title\";s:7:\"Zustand\";s:29:\"fave_additional_feature_value\";s:8:\"gepflegt\";}i:17;a:2:{s:29:\"fave_additional_feature_title\";s:27:\"Immobilie ist verf\u00fcgbar ab\";s:29:\"fave_additional_feature_value\";s:17:\"nach Vereinbarung\";}}"],"fave_additional_features_enable":["enable"],"_immonex_custom_fields":["a:1:{s:23:\"Energieausweis-Jahrgang\";a:5:{s:14:\"mapping_source\";s:38:\"zustand_angaben->energiepass->jahrgang\";s:4:\"name\";s:0:\"\";s:5:\"group\";s:5:\"epass\";s:5:\"value\";s:13:\"not available\";s:19:\"value_before_filter\";s:4:\"ohne\";}}"],"_immonex_property_xml_source":["<?xml version=\"1.0\"?>\n<immobilie>\n<objektkategorie>\n<nutzungsart WOHNEN=\"false\" GEWERBE=\"true\"\/>\n<vermarktungsart KAUF=\"false\" MIETE_PACHT=\"true\"\/>\n<objektart>\n<buero_praxen buero_typ=\"BUEROHAUS\"\/>\n<\/objektart>\n<user_defined_simplefield\/>\n<\/objektkategorie>\n<geo>\n<plz>45127<\/plz>\n<ort>Essen<\/ort>\n<strasse>Heinickestra&#xDF;e<\/strasse>\n<hausnummer>44-45<\/hausnummer>\n<land iso_land=\"DEU\"\/>\n<lage_im_bau\/>\n<regionaler_zusatz>S&#xFC;dviertel<\/regionaler_zusatz>\n<\/geo>\n<kontaktperson>\n<email_zentrale>anfrage@ruhr-real.de<\/email_zentrale>\n<email_direkt>bruckmann@ruhr-real.de<\/email_direkt>\n<tel_durchw>+49 201 99996337<\/tel_durchw>\n<tel_fax>+49 201 99996344<\/tel_fax>\n<tel_handy>+49 172 7088870<\/tel_handy>\n<name>Bruckmann<\/name>\n<vorname>Jonas<\/vorname>\n<anrede>Herr<\/anrede>\n<firma>RUHR REAL GmbH<\/firma>\n<strasse>Holsterhauser Platz<\/strasse>\n<hausnummer>2<\/hausnummer>\n<plz>45147<\/plz>\n<ort>Essen<\/ort>\n<adressfreigabe>true<\/adressfreigabe>\n<\/kontaktperson>\n<preise>\n<nettokaltmiete>11.00<\/nettokaltmiete>\n<kaltmiete>11.00<\/kaltmiete>\n<nebenkosten>3.88<\/nebenkosten>\n<heizkosten_enthalten>false<\/heizkosten_enthalten>\n<zzg_mehrwertsteuer>false<\/zzg_mehrwertsteuer>\n<preis_zeiteinheit\/>\n<mietpreis_pro_qm>11.0000<\/mietpreis_pro_qm>\n<provisionspflichtig>true<\/provisionspflichtig>\n<aussen_courtage mit_mwst=\"false\">3 - 4 Nettomonatsmieten<\/aussen_courtage>\n<courtage_hinweis>Bei Vertr&#xE4;gen bis zu f&#xFC;nf Jahren Laufzeit ist ein Honorar von 3 Nettomonatsmieten zahlbar; bei Laufzeiten bis zu zehn Jahren werden 4 Nettomonatsmieten f&#xE4;llig. Hinzu kommt die jeweils g&#xFC;ltige Umsatzsteuer.<\/courtage_hinweis>\n<waehrung iso_waehrung=\"EUR\"\/>\n<mwst_satz>19.00<\/mwst_satz>\n<stp_carport\/>\n<stp_duplex\/>\n<stp_freiplatz\/>\n<stp_garage\/>\n<stp_parkhaus\/>\n<stp_tiefgarage\/>\n<\/preise>\n<bieterverfahren\/>\n<versteigerung\/>\n<flaechen>\n<bueroflaeche>1388<\/bueroflaeche>\n<bueroteilflaeche>300<\/bueroteilflaeche>\n<teilbar_ab>300<\/teilbar_ab>\n<anzahl_stellplaetze type=\"xsd:decimal\">20<\/anzahl_stellplaetze>\n<\/flaechen>\n<ausstattung>\n<ausstatt_kategorie>GEHOBEN<\/ausstatt_kategorie>\n<raeume_veraenderbar>true<\/raeume_veraenderbar>\n<bad\/>\n<kueche\/>\n<boden KUNSTSTOFF=\"true\"\/>\n<heizungsart FERN=\"true\"\/>\n<befeuerung\/>\n<fahrstuhl PERSONEN=\"true\"\/>\n<stellplatzart FREIPLATZ=\"true\"\/>\n<stellplatzart TIEFGARAGE=\"true\"\/>\n<ausricht_balkon_terrasse\/>\n<barrierefrei>true<\/barrierefrei>\n<angeschl_gastronomie\/>\n<sicherheitstechnik\/>\n<\/ausstattung>\n<zustand_angaben>\n<zustand zustand_art=\"GEPFLEGT\"\/>\n<energiepass>\n<jahrgang>ohne<\/jahrgang>\n<\/energiepass>\n<\/zustand_angaben>\n<bewertung\/>\n<infrastruktur\/>\n<freitexte>\n<objekttitel>Modernisierte 300 - 1.388 m&#xB2; B&#xFC;rofl&#xE4;che | attraktive Lage in der Essener City | Stellpl&#xE4;tze<\/objekttitel>\n<lage>Das Objekt befindet sich in zentraler Lage in Essen. Die Autobahnen A40, A52, sowie die Bundesstra&#xDF;e B224 sind in nur wenigen Fahrminuten zu erreichen. Die Anbindung an den &#xF6;ffentlichen Nahverkehr ist aufgrund der N&#xE4;he zum Essener Hauptbahnhof hervorragend. Zahlreiche, im direkten Umkreis liegende Restaurants und Gesch&#xE4;fte des t&#xE4;glichen Bedarfs sorgen f&#xFC;r eine optimale Nahversorgung. \n\nBedeutende Unternehmen in der B&#xFC;romarktzone: Deutsche Post, Regionalverband Ruhr, Stadt Essen, Radio Essen\n\nHotels der Umgebung: Intercity Hotel, Select Hotel Handelshof, Top CCL Hotel, Motel One <\/lage>\n<ausstatt_beschr>&#x2022; Bodenbelag: Stein- und Laminatboden in Holzoptik\n&#x2022; EDV-Verkabelung: CAT-5 Verkabelung\n&#x2022; Kabelf&#xFC;hrung: Bodentanks, Kabelkan&#xE4;le\n&#x2022; Sonnenschutz: innenliegend, manuell\n&#x2022; Teek&#xFC;che: voll ausgestattet\n&#x2022; frisch gestrichene W&#xE4;nde\n&#x2022; Beleuchtung: Deckenbeleuchtung\n&#x2022; Klimatisierung: nach Vereinbarung\n&#x2022; Keller: Stauraum vorhanden\n\nDie Ausstattung kann bei Bedarf angepasst werden!<\/ausstatt_beschr><objektbeschreibung>Bei der angebotenen Liegenschaft handelt es sich um ein repr&#xE4;sentatives B&#xFC;rogeb&#xE4;ude in Essen. Die B&#xFC;roimmobilie zeichnet sich durch die attraktive Au&#xDF;enfassade aus und befindet sich in einem modernisierten, gepflegten Zustand. \nDie gehobene Ausstattung und der repr&#xE4;sentative Eingangsbereich bieten optimale Voraussetzungen f&#xFC;r eine moderne B&#xFC;rogestaltung. F&#xFC;r den Nutzer stehen Parkpl&#xE4;tze im Au&#xDF;enbereich zur Anmietung zur Verf&#xFC;gung.\n\nZur Zeit stehen folgende Fl&#xE4;chen zur Disposition:\n\n2. OG: 1.387,92 m&#xB2;\nteilbar ab ca. 300 m&#xB2;<\/objektbeschreibung>\n<sonstige_angaben>Es gelten ausschlie&#xDF;lich unsere AGB (www.ruhr-real.de\/agb). Wir m&#xF6;chten Sie darauf hinweisen, dass die Angaben ausschlie&#xDF;lich auf den uns vom Eigent&#xFC;mer &#xFC;bermittelten Unterlagen und Informationen basieren. F&#xFC;r Richtigkeit und Vollst&#xE4;ndigkeit &#xFC;bernehmen wir keine Gew&#xE4;hr. Zwischenvermietung vorbehalten.<\/sonstige_angaben>\n<\/freitexte>\n<anhaenge>\n<anhang location=\"EXTERN\" gruppe=\"TITELBILD\">\n<anhangtitel>Au&#xDF;enansicht<\/anhangtitel>\n<format>jpg<\/format>\n<daten>\n<pfad>80b0ff68f0474fc2a8eb022fc99aaef6.jpg<\/pfad>\n<\/daten>\n<\/anhang>\n<anhang location=\"EXTERN\" gruppe=\"BILD\">\n<anhangtitel>Au&#xDF;enansicht<\/anhangtitel>\n<format>jpg<\/format>\n<daten>\n<pfad>cdf361297e6e45ed82b9542fb81a24c0.jpg<\/pfad>\n<\/daten>\n<\/anhang>\n<anhang location=\"EXTERN\" gruppe=\"BILD\">\n<anhangtitel>Au&#xDF;enansicht<\/anhangtitel>\n<format>jpg<\/format>\n<daten>\n<pfad>06c38b61081c4079b1e9385a01363c5a.jpg<\/pfad>\n<\/daten>\n<\/anhang>\n<anhang location=\"EXTERN\" gruppe=\"BILD\">\n<anhangtitel>Au&#xDF;enansicht<\/anhangtitel>\n<format>jpg<\/format>\n<daten>\n<pfad>73a28de9fc124c74b505bdfd1668adfa.jpg<\/pfad>\n<\/daten>\n<\/anhang>\n<anhang location=\"EXTERN\" gruppe=\"BILD\">\n<anhangtitel>Au&#xDF;enansicht<\/anhangtitel>\n<format>jpg<\/format>\n<daten>\n<pfad>1732b466feaf47de8cbd60d95845645f.jpg<\/pfad>\n<\/daten>\n<\/anhang>\n<anhang location=\"EXTERN\" gruppe=\"BILD\">\n<anhangtitel>Stra&#xDF;enecke<\/anhangtitel>\n<format>jpg<\/format>\n<daten>\n<pfad>8bbff43af78946e28dc7061352534448.jpg<\/pfad>\n<\/daten>\n<\/anhang>\n<anhang location=\"EXTERN\" gruppe=\"BILD\">\n<anhangtitel>Au&#xDF;enfassade<\/anhangtitel>\n<format>jpg<\/format>\n<daten>\n<pfad>50286e73b7c240debfd513c55c850455.jpg<\/pfad>\n<\/daten>\n<\/anhang>\n<anhang location=\"EXTERN\" gruppe=\"BILD\">\n<anhangtitel>Au&#xDF;enansicht<\/anhangtitel>\n<format>jpg<\/format>\n<daten>\n<pfad>787100c474794a40b7657738510b381d.jpg<\/pfad>\n<\/daten>\n<\/anhang>\n<anhang location=\"EXTERN\" gruppe=\"BILD\">\n<anhangtitel>Au&#xDF;enansicht<\/anhangtitel>\n<format>jpg<\/format>\n<daten>\n<pfad>ecb1c12e9f3843c4b00bc0462cb3ae6d.jpg<\/pfad>\n<\/daten>\n<\/anhang>\n<\/anhaenge>\n<verwaltung_objekt>\n<objektadresse_freigeben>false<\/objektadresse_freigeben>\n<verfuegbar_ab>nach Vereinbarung<\/verfuegbar_ab>\n<gruppennummer>1<\/gruppennummer>\n<geschlecht\/>\n<gewerbliche_nutzung>true<\/gewerbliche_nutzung>\n<\/verwaltung_objekt>\n<verwaltung_techn>\n<objektnr_intern>2C471405CC7F4800AD62375310C2AA9B<\/objektnr_intern>\n<objektnr_extern>1622\/E1<\/objektnr_extern>\n<aktion aktionart=\"CHANGE\"\/>\n<openimmo_obid>2C471405CC7F4800AD62375310C2AA9B<\/openimmo_obid>\n<kennung_ursprung>estatePro V10.0.0.8<\/kennung_ursprung>\n<stand_vom>2024-06-06<\/stand_vom>\n<\/verwaltung_techn>\n<user_defined_simplefield feldname=\"Startseite\">Nein<\/user_defined_simplefield>\n<\/immobilie>\n"],"_thumbnail_id":["128997"],"fave_property_images":["128997","128998","128999","129000","129001","129002","129003","129004","129005"],"fave_floor_plans_enable":["disable"],"fave_prop_homeslider":["yes"],"fave_prop_slider_image":["128997"],"fave_agents":["111496"],"fave_agent_display_option":["agent_info"],"fave_single_top_area":["global"],"fave_single_content_area":["global"],"fave_property_map":["1"],"fave_property_map_street_view":["hide"],"fave_property_size_prefix":["m\u00b2"],"fave_property_land_postfix":["m\u00b2"],"fave_featured":["0"],"houzez_featured_listing_date":[""],"fave_property_price_postfix":["pro&nbsp;m\u00b2"],"fave_currency":["EUR"],"fave_currency_info":["a:8:{s:2:\"id\";s:1:\"1\";s:13:\"currency_name\";s:4:\"Euro\";s:13:\"currency_code\";s:3:\"EUR\";s:15:\"currency_symbol\";s:3:\"\u20ac\";s:17:\"currency_position\";s:5:\"after\";s:16:\"currency_decimal\";s:1:\"2\";s:26:\"currency_decimal_separator\";s:1:\",\";s:27:\"currency_thousand_separator\";s:1:\".\";}"],"houzez_total_property_views":["2192"],"houzez_views_by_date":["a:61:{s:10:\"02-27-2026\";i:4;s:10:\"02-28-2026\";i:4;s:10:\"03-01-2026\";i:4;s:10:\"03-02-2026\";i:4;s:10:\"03-03-2026\";i:4;s:10:\"03-04-2026\";i:4;s:10:\"03-05-2026\";i:6;s:10:\"03-06-2026\";i:4;s:10:\"03-07-2026\";i:4;s:10:\"03-08-2026\";i:4;s:10:\"03-09-2026\";i:4;s:10:\"03-10-2026\";i:4;s:10:\"03-11-2026\";i:4;s:10:\"03-12-2026\";i:4;s:10:\"03-13-2026\";i:4;s:10:\"03-14-2026\";i:4;s:10:\"03-15-2026\";i:4;s:10:\"03-16-2026\";i:2;s:10:\"03-17-2026\";i:7;s:10:\"03-18-2026\";i:6;s:10:\"03-19-2026\";i:4;s:10:\"03-20-2026\";i:6;s:10:\"03-21-2026\";i:4;s:10:\"03-22-2026\";i:4;s:10:\"03-23-2026\";i:4;s:10:\"03-24-2026\";i:4;s:10:\"03-25-2026\";i:4;s:10:\"03-26-2026\";i:6;s:10:\"03-27-2026\";i:4;s:10:\"03-28-2026\";i:4;s:10:\"03-29-2026\";i:4;s:10:\"03-30-2026\";i:6;s:10:\"03-31-2026\";i:4;s:10:\"04-01-2026\";i:7;s:10:\"04-02-2026\";i:8;s:10:\"04-03-2026\";i:8;s:10:\"04-04-2026\";i:8;s:10:\"04-05-2026\";i:8;s:10:\"04-06-2026\";i:8;s:10:\"04-07-2026\";i:12;s:10:\"04-08-2026\";i:6;s:10:\"04-09-2026\";i:10;s:10:\"04-10-2026\";i:8;s:10:\"04-11-2026\";i:6;s:10:\"04-12-2026\";i:10;s:10:\"04-13-2026\";i:8;s:10:\"04-14-2026\";i:8;s:10:\"04-15-2026\";i:8;s:10:\"04-16-2026\";i:8;s:10:\"04-17-2026\";i:8;s:10:\"04-18-2026\";i:8;s:10:\"04-19-2026\";i:8;s:10:\"04-20-2026\";i:8;s:10:\"04-21-2026\";i:10;s:10:\"04-22-2026\";i:8;s:10:\"04-23-2026\";i:8;s:10:\"04-24-2026\";i:8;s:10:\"04-25-2026\";i:8;s:10:\"04-26-2026\";i:8;s:10:\"04-27-2026\";i:8;s:10:\"04-28-2026\";i:2;}"],"houzez_recently_viewed":["2026-04-28 06:48:17"],"tp_widgets":["a:2:{s:7:\"widgets\";a:0:{}s:9:\"update_at\";s:10:\"1764682733\";}"],"rank_math_news_sitemap_robots":["index"],"rank_math_robots":["a:1:{i:0;s:5:\"index\";}"],"rank_math_internal_links_processed":["1"],"_elementor_page_assets":["a:0:{}"]},"_links":{"self":[{"href":"https:\/\/ruhr-real.de\/en\/wp-json\/wp\/v2\/properties\/128996","targetHints":{"allow":["GET"]}}],"collection":[{"href":"https:\/\/ruhr-real.de\/en\/wp-json\/wp\/v2\/properties"}],"about":[{"href":"https:\/\/ruhr-real.de\/en\/wp-json\/wp\/v2\/types\/property"}],"author":[{"embeddable":true,"href":"https:\/\/ruhr-real.de\/en\/wp-json\/wp\/v2\/users\/1"}],"version-history":[{"count":0,"href":"https:\/\/ruhr-real.de\/en\/wp-json\/wp\/v2\/properties\/128996\/revisions"}],"wp:featuredmedia":[{"embeddable":true,"href":"https:\/\/ruhr-real.de\/en\/wp-json\/wp\/v2\/media\/128997"}],"wp:attachment":[{"href":"https:\/\/ruhr-real.de\/en\/wp-json\/wp\/v2\/media?parent=128996"}],"wp:term":[{"taxonomy":"property_type","embeddable":true,"href":"https:\/\/ruhr-real.de\/en\/wp-json\/wp\/v2\/property_type?post=128996"},{"taxonomy":"property_status","embeddable":true,"href":"https:\/\/ruhr-real.de\/en\/wp-json\/wp\/v2\/property_status?post=128996"},{"taxonomy":"property_feature","embeddable":true,"href":"https:\/\/ruhr-real.de\/en\/wp-json\/wp\/v2\/property_feature?post=128996"},{"taxonomy":"property_label","embeddable":true,"href":"https:\/\/ruhr-real.de\/en\/wp-json\/wp\/v2\/property_label?post=128996"},{"taxonomy":"property_country","embeddable":true,"href":"https:\/\/ruhr-real.de\/en\/wp-json\/wp\/v2\/property_country?post=128996"},{"taxonomy":"property_state","embeddable":true,"href":"https:\/\/ruhr-real.de\/en\/wp-json\/wp\/v2\/property_state?post=128996"},{"taxonomy":"property_city","embeddable":true,"href":"https:\/\/ruhr-real.de\/en\/wp-json\/wp\/v2\/property_city?post=128996"},{"taxonomy":"property_area","embeddable":true,"href":"https:\/\/ruhr-real.de\/en\/wp-json\/wp\/v2\/property_area?post=128996"}],"curies":[{"name":"wp","href":"https:\/\/api.w.org\/{rel}","templated":true}]}}