{"id":129854,"date":"2024-06-14T00:01:59","date_gmt":"2024-06-13T22:01:59","guid":{"rendered":"https:\/\/ruhr-real.de\/objekt\/4-200-m%c2%b2-attraktive-logistikflaeche-rampen-ruhr-real\/"},"modified":"2024-06-14T00:01:59","modified_gmt":"2024-06-13T22:01:59","slug":"4-200-m%c2%b2-attraktive-logistikflaeche-rampen-ruhr-real","status":"publish","type":"property","link":"https:\/\/ruhr-real.de\/en\/objekt\/4-200-m%c2%b2-attraktive-logistikflaeche-rampen-ruhr-real\/","title":{"rendered":"4.200 m\u00b2 attraktive Logistikfl\u00e4che | Rampen | RUHR REAL"},"content":{"rendered":"<p>Die Liegenschaft verf\u00fcgt \u00fcber eine Mietfl\u00e4che von insgesamt 4.200 m\u00b2. Optional stehen dar\u00fcber hinaus noch 4000 m\u00b2 Freifl\u00e4che zur Verf\u00fcgung. Die Hallenh\u00f6he betr\u00e4gt ca. 7m (UKB). Die Andienung erfolgt \u00fcber ebenerdige Tore, allerdings besteht die M\u00f6glichkeit Rampentore zu errichten. Zus\u00e4tzlich verf\u00fcgt die Liegenschaft \u00fcber integrierte Sozialr\u00e4ume.<\/p>\n<p>Die Immobilie genie\u00dft eine \u00e4u\u00dferst verkehrsg\u00fcnstige Lage und ist von den Autobahnen A4, A595 und A59 gut erreichbar. Die Ausfahrt Porz-Gremberghoven befindet sich nur wenige Meter von der Immobilie entfernt. Zus\u00e4tzlich liegt der Flughafen K\u00f6ln\/Bonn nur zehn Autominuten entfernt.<\/p>\n<p>\u2022 Ebenerdige Rolltore<br \/>\n\u2022 Rampen<br \/>\n\u2022 Bodenbelastbarkeit: 5 t<br \/>\n\u2022 Deckenh\u00f6he: 5,00 m<br \/>\n\u2022 gro\u00dfz\u00fcgige Freifl\u00e4che<br \/>\n\u2022 gepflegter Zustand<br \/>\n\u2022 B\u00fcro-\/ und Sozialr\u00e4ume vorhanden<br \/>\n\u2022 zahlreiche Stellpl\u00e4tze<br \/>\n\u2022 Heizung: Gebl\u00e4seheizung<br \/>\n\u2022 RWA<br \/>\n\u2022 Vollst\u00e4ndig eingez\u00e4unt<br \/>\n\u2022 B\u00fcror\u00e4ume k\u00f6nnen nach Mieterwunsch gestaltet werden<\/p>\n<p>Es gelten ausschlie\u00dflich unsere AGB (www.ruhr-real.de\/agb). Wir m\u00f6chten Sie darauf hinweisen, dass die Angaben ausschlie\u00dflich auf den uns vom Eigent\u00fcmer \u00fcbermittelten Unterlagen und Informationen basieren. F\u00fcr Richtigkeit und Vollst\u00e4ndigkeit \u00fcbernehmen wir keine Gew\u00e4hr. Zwischenvermietung vorbehalten.<br \/>\n<div class=\"widget widget_immonex_user_defined_properties_widget\"><div class=\"immonex-widget immonex-widget-houzez\">\n\t\t<div class=\"immonex-widget-title clearfix\">\n\t\t<h2 class=\"widgettitle\">Energieeffizienz<\/h2>\t<\/div>\n\t\t<ul class=\"immonex-property-details row list-lined list-unstyled\">\n\t\t\t\t<li>\n\t\t\t<div class=\"list-lined-item w-100 d-flex justify-content-between py-2\">\n\t\t\t\t\t\t\t\t<strong class=\"property-details-label\">Energieausweis-Jahrgang:<\/strong>&nbsp;<span class=\"property-details-value\">not available<\/span>\n\t\t\t\t\t\t\t<\/div>\n\t\t<\/li>\n\t\t\t<\/ul>\n<\/div><\/div><\/p>\n","protected":false},"excerpt":{"rendered":"<p>Die Liegenschaft verf\u00fcgt \u00fcber eine Mietfl\u00e4che von insgesamt 4.200 m\u00b2. Optional stehen dar\u00fcber hinaus noch 4000 m\u00b2&#8230;<\/p>\n","protected":false},"author":1,"featured_media":129855,"parent":0,"menu_order":0,"template":"","property_type":[380],"property_status":[352],"property_feature":[],"property_label":[],"property_country":[353],"property_state":[],"property_city":[336],"property_area":[],"class_list":["post-129854","property","type-property","status-publish","has-post-thumbnail","hentry","property_type-lager-und-produktionsflaechen","property_status-zu-vermieten","property_country-deutschland","property_city-koln"],"acf":[],"property_meta":{"_immonex_import_folder":["users\/RUHRREAL"],"fave_property_map_address":["51149 K\u00f6ln"],"fave_property_zip":["51149"],"fave_property_country":["DE"],"_immonex_lat":["50.8932751"],"_immonex_lng":["7.0596212"],"houzez_geolocation_lat":["50.8932751"],"houzez_geolocation_long":["7.0596212"],"fave_property_location":["50.8932751,7.0596212"],"fave_property_size":["4200"],"fave_property_id":["2827\/E6"],"_immonex_translation_id":["2827\/E6"],"_immonex_iso_country":["DEU"],"_openimmo_obid":["18DDA2FC1D3040239E3B576B85405BDC"],"_openimmo_anid":["0000"],"_immonex_group_number":[""],"_immonex_group_id":[""],"_immonex_group_master":[""],"_immonex_import_meta":["a:6:{s:8:\"zip_file\";s:131:\"\/www\/htdocs\/w0172e0e\/ruhr-real_2024\/wp-content\/uploads\/immonex-openimmo-import\/users\/RUHRREAL\/Immowelt_estatePro_20240614140331.zip\";s:8:\"xml_file\";s:158:\"\/www\/htdocs\/w0172e0e\/ruhr-real_2024\/wp-content\/uploads\/immonex-openimmo-import\/immowelt_estatepro_20240614140331\/Homepage_2024_NEW_estatePro20240614140331.xml\";s:12:\"mapping_file\";s:116:\"\/www\/htdocs\/w0172e0e\/ruhr-real_2024\/wp-content\/uploads\/immonex-openimmo-import\/mappings\/houzez_ruhrreal_18122023.csv\";s:9:\"timestamp\";i:1718366639;s:4:\"date\";s:10:\"2024-06-14\";s:4:\"time\";s:8:\"14:03:59\";}"],"_is_immonex_import_property":["1"],"_immonex_is_reference":[""],"_immonex_is_sold":[""],"_immonex_is_reserved":[""],"_immonex_is_available":["1"],"additional_features":["a:9:{i:0;a:2:{s:29:\"fave_additional_feature_title\";s:33:\"Heizkosten in Warmmiete enthalten\";s:29:\"fave_additional_feature_value\";s:4:\"nein\";}i:1;a:2:{s:29:\"fave_additional_feature_title\";s:32:\"Preise zuz\u00fcglich Mehrwertsteuer\";s:29:\"fave_additional_feature_value\";s:4:\"nein\";}i:2;a:2:{s:29:\"fave_additional_feature_title\";s:16:\"K\u00e4uferprovision\";s:29:\"fave_additional_feature_value\";s:19:\"3 Nettomonatsmieten\";}i:3;a:2:{s:29:\"fave_additional_feature_title\";s:20:\"Hinweis zur Courtage\";s:29:\"fave_additional_feature_value\";s:209:\"Bei Vertr\u00e4gen bis zu f\u00fcnf Jahren Laufzeit ist ein Honorar von 3 Nettomonatsmieten zahlbar; bei Laufzeiten bis zu zehn Jahren werden 4 Nettomonatsmieten f\u00e4llig. Hinzu kommt die jeweils g\u00fcltige Umsatzsteuer.\";}i:4;a:2:{s:29:\"fave_additional_feature_title\";s:10:\"MwSt.-Satz\";s:29:\"fave_additional_feature_value\";s:9:\"19&nbsp;%\";}i:5;a:2:{s:29:\"fave_additional_feature_title\";s:13:\"Gesamtfl\u00e4che\";s:29:\"fave_additional_feature_value\";s:14:\"4.200&nbsp;m\u00b2\";}i:6;a:2:{s:29:\"fave_additional_feature_title\";s:12:\"Lagerfl\u00e4che\";s:29:\"fave_additional_feature_value\";s:14:\"4.200&nbsp;m\u00b2\";}i:7;a:2:{s:29:\"fave_additional_feature_title\";s:13:\"Stellplatzart\";s:29:\"fave_additional_feature_value\";s:9:\"Freiplatz\";}i:8;a:2:{s:29:\"fave_additional_feature_title\";s:27:\"Immobilie ist verf\u00fcgbar ab\";s:29:\"fave_additional_feature_value\";s:10:\"30.06.2024\";}}"],"fave_additional_features_enable":["enable"],"_immonex_custom_fields":["a:1:{s:23:\"Energieausweis-Jahrgang\";a:5:{s:14:\"mapping_source\";s:38:\"zustand_angaben->energiepass->jahrgang\";s:4:\"name\";s:0:\"\";s:5:\"group\";s:5:\"epass\";s:5:\"value\";s:13:\"not available\";s:19:\"value_before_filter\";s:4:\"ohne\";}}"],"_immonex_property_xml_source":["<?xml version=\"1.0\"?>\n<immobilie>\n<objektkategorie>\n<nutzungsart WOHNEN=\"false\" GEWERBE=\"true\"\/>\n<vermarktungsart KAUF=\"false\" MIETE_PACHT=\"true\"\/>\n<objektart>\n<hallen_lager_prod\/>\n<\/objektart>\n<user_defined_simplefield\/>\n<\/objektkategorie>\n<geo>\n<plz>51149<\/plz>\n<ort>K&#xF6;ln<\/ort>\n<strasse>Ettore-Bugatti-Stra&#xDF;e<\/strasse>\n<hausnummer>7<\/hausnummer>\n<land iso_land=\"DEU\"\/>\n<lage_im_bau\/>\n<\/geo>\n<kontaktperson>\n<email_zentrale>anfrage@ruhr-real.de<\/email_zentrale>\n<email_direkt>roeser@ruhr-real.de<\/email_direkt>\n<tel_durchw>+49 201 99996333<\/tel_durchw>\n<tel_fax>+49 201 99996344<\/tel_fax>\n<tel_handy>+49 162 4231000<\/tel_handy>\n<name>R&#xF6;ser<\/name>\n<vorname>Adrian<\/vorname>\n<anrede>Herr<\/anrede>\n<firma>RUHR REAL GmbH<\/firma>\n<strasse>Holsterhauser Platz<\/strasse>\n<hausnummer>2<\/hausnummer>\n<plz>45147<\/plz>\n<ort>Essen<\/ort>\n<adressfreigabe>true<\/adressfreigabe>\n<\/kontaktperson>\n<preise>\n<heizkosten_enthalten>false<\/heizkosten_enthalten>\n<zzg_mehrwertsteuer>false<\/zzg_mehrwertsteuer>\n<preis_zeiteinheit\/>\n<provisionspflichtig>true<\/provisionspflichtig>\n<aussen_courtage mit_mwst=\"false\">3 Nettomonatsmieten<\/aussen_courtage>\n<courtage_hinweis>Bei Vertr&#xE4;gen bis zu f&#xFC;nf Jahren Laufzeit ist ein Honorar von 3 Nettomonatsmieten zahlbar; bei Laufzeiten bis zu zehn Jahren werden 4 Nettomonatsmieten f&#xE4;llig. Hinzu kommt die jeweils g&#xFC;ltige Umsatzsteuer.<\/courtage_hinweis>\n<waehrung iso_waehrung=\"EUR\"\/>\n<mwst_satz>19.00<\/mwst_satz>\n<stp_carport\/>\n<stp_duplex\/>\n<stp_freiplatz\/>\n<stp_garage\/>\n<stp_parkhaus\/>\n<stp_tiefgarage\/>\n<\/preise>\n<bieterverfahren\/>\n<versteigerung\/>\n<flaechen>\n<gesamtflaeche>4200<\/gesamtflaeche>\n<lagerflaeche>4200<\/lagerflaeche>\n<\/flaechen>\n<ausstattung>\n<bad\/>\n<kueche\/>\n<heizungsart\/>\n<befeuerung\/>\n<fahrstuhl\/>\n<stellplatzart FREIPLATZ=\"true\"\/>\n<ausricht_balkon_terrasse\/>\n<angeschl_gastronomie\/>\n<sicherheitstechnik\/>\n<\/ausstattung>\n<zustand_angaben>\n<energiepass>\n<jahrgang>ohne<\/jahrgang>\n<\/energiepass>\n<\/zustand_angaben>\n<bewertung\/>\n<infrastruktur\/>\n<freitexte>\n<objekttitel>4.200 m&#xB2; attraktive Logistikfl&#xE4;che | Rampen | RUHR REAL<\/objekttitel>\n<lage>Die Immobilie genie&#xDF;t eine &#xE4;u&#xDF;erst verkehrsg&#xFC;nstige Lage und ist von den Autobahnen A4, A595 und A59 gut erreichbar. Die Ausfahrt Porz-Gremberghoven befindet sich nur wenige Meter von der Immobilie entfernt. Zus&#xE4;tzlich liegt der Flughafen K&#xF6;ln\/Bonn nur zehn Autominuten entfernt.  <\/lage>\n<ausstatt_beschr>&#x2022; Ebenerdige Rolltore\n&#x2022; Rampen\n&#x2022; Bodenbelastbarkeit: 5 t\n&#x2022; Deckenh&#xF6;he: 5,00 m\n&#x2022; gro&#xDF;z&#xFC;gige Freifl&#xE4;che\n&#x2022; gepflegter Zustand\n&#x2022; B&#xFC;ro-\/ und Sozialr&#xE4;ume vorhanden \n&#x2022; zahlreiche Stellpl&#xE4;tze\n&#x2022; Heizung: Gebl&#xE4;seheizung\n&#x2022; RWA\n&#x2022; Vollst&#xE4;ndig eingez&#xE4;unt\n&#x2022; B&#xFC;ror&#xE4;ume k&#xF6;nnen nach Mieterwunsch gestaltet werden<\/ausstatt_beschr>\n<objektbeschreibung>Die Liegenschaft verf&#xFC;gt &#xFC;ber eine Mietfl&#xE4;che von insgesamt 4.200 m&#xB2;. Optional stehen dar&#xFC;ber hinaus noch 4000 m&#xB2; Freifl&#xE4;che zur Verf&#xFC;gung. Die Hallenh&#xF6;he betr&#xE4;gt ca. 7m (UKB). Die Andienung erfolgt &#xFC;ber ebenerdige Tore, allerdings besteht die M&#xF6;glichkeit Rampentore zu errichten. Zus&#xE4;tzlich verf&#xFC;gt die Liegenschaft &#xFC;ber integrierte Sozialr&#xE4;ume.<\/objektbeschreibung>\n<sonstige_angaben>Es gelten ausschlie&#xDF;lich unsere AGB (www.ruhr-real.de\/agb). Wir m&#xF6;chten Sie darauf hinweisen, dass die Angaben ausschlie&#xDF;lich auf den uns vom Eigent&#xFC;mer &#xFC;bermittelten Unterlagen und Informationen basieren. F&#xFC;r Richtigkeit und Vollst&#xE4;ndigkeit &#xFC;bernehmen wir keine Gew&#xE4;hr. Zwischenvermietung vorbehalten.<\/sonstige_angaben>\n<\/freitexte>\n<anhaenge>\n<anhang location=\"EXTERN\" gruppe=\"TITELBILD\">\n<anhangtitel>Lagerhalle <\/anhangtitel>\n<format>png<\/format>\n<daten>\n<pfad>10dd0cfcfbf6444b9652b467c98c967e.png<\/pfad><\/daten>\n<\/anhang>\n<anhang location=\"EXTERN\" gruppe=\"BILD\">\n<anhangtitel>Lagerhalle <\/anhangtitel>\n<format>png<\/format>\n<daten>\n<pfad>9ac36fa9cdd642d281a017df740a2ad4.png<\/pfad>\n<\/daten>\n<\/anhang>\n<anhang location=\"EXTERN\" gruppe=\"BILD\">\n<anhangtitel>Lagerhalle <\/anhangtitel>\n<format>png<\/format>\n<daten>\n<pfad>fe03d0b1a67840b5ae3a05cfaf3e0634.png<\/pfad>\n<\/daten>\n<\/anhang>\n<anhang location=\"EXTERN\" gruppe=\"BILD\">\n<anhangtitel>Lagerhalle <\/anhangtitel>\n<format>png<\/format>\n<daten>\n<pfad>1dc0789f52994e48915d2c4dcd6f1fca.png<\/pfad>\n<\/daten>\n<\/anhang>\n<anhang location=\"EXTERN\" gruppe=\"BILD\">\n<anhangtitel>Lagerhalle <\/anhangtitel>\n<format>png<\/format>\n<daten>\n<pfad>93dd33a124ae40588fcf48eecfba44bf.png<\/pfad>\n<\/daten>\n<\/anhang>\n<\/anhaenge>\n<verwaltung_objekt>\n<objektadresse_freigeben>false<\/objektadresse_freigeben>\n<verfuegbar_ab>n.V.<\/verfuegbar_ab>\n<geschlecht\/>\n<\/verwaltung_objekt>\n<verwaltung_techn>\n<objektnr_intern>18DDA2FC1D3040239E3B576B85405BDC<\/objektnr_intern>\n<objektnr_extern>2827\/E6<\/objektnr_extern>\n<aktion aktionart=\"CHANGE\"\/>\n<openimmo_obid>18DDA2FC1D3040239E3B576B85405BDC<\/openimmo_obid>\n<kennung_ursprung>estatePro V10.0.0.8<\/kennung_ursprung>\n<stand_vom>2024-06-14<\/stand_vom>\n<\/verwaltung_techn>\n<user_defined_simplefield feldname=\"Startseite\">Nein<\/user_defined_simplefield>\n<\/immobilie>\n"],"_thumbnail_id":["129855"],"houzez_total_property_views":["2139"],"houzez_views_by_date":["a:61:{s:10:\"02-28-2026\";i:4;s:10:\"03-01-2026\";i:4;s:10:\"03-02-2026\";i:4;s:10:\"03-03-2026\";i:4;s:10:\"03-04-2026\";i:4;s:10:\"03-05-2026\";i:6;s:10:\"03-06-2026\";i:4;s:10:\"03-07-2026\";i:4;s:10:\"03-08-2026\";i:4;s:10:\"03-09-2026\";i:4;s:10:\"03-10-2026\";i:4;s:10:\"03-11-2026\";i:4;s:10:\"03-12-2026\";i:4;s:10:\"03-13-2026\";i:4;s:10:\"03-14-2026\";i:4;s:10:\"03-15-2026\";i:4;s:10:\"03-16-2026\";i:2;s:10:\"03-17-2026\";i:6;s:10:\"03-18-2026\";i:6;s:10:\"03-19-2026\";i:4;s:10:\"03-20-2026\";i:6;s:10:\"03-21-2026\";i:4;s:10:\"03-22-2026\";i:6;s:10:\"03-23-2026\";i:4;s:10:\"03-24-2026\";i:4;s:10:\"03-25-2026\";i:4;s:10:\"03-26-2026\";i:6;s:10:\"03-27-2026\";i:4;s:10:\"03-28-2026\";i:4;s:10:\"03-29-2026\";i:4;s:10:\"03-30-2026\";i:6;s:10:\"03-31-2026\";i:4;s:10:\"04-01-2026\";i:7;s:10:\"04-02-2026\";i:8;s:10:\"04-03-2026\";i:8;s:10:\"04-04-2026\";i:8;s:10:\"04-05-2026\";i:8;s:10:\"04-06-2026\";i:8;s:10:\"04-07-2026\";i:10;s:10:\"04-08-2026\";i:8;s:10:\"04-09-2026\";i:8;s:10:\"04-10-2026\";i:8;s:10:\"04-11-2026\";i:6;s:10:\"04-12-2026\";i:8;s:10:\"04-13-2026\";i:8;s:10:\"04-14-2026\";i:8;s:10:\"04-15-2026\";i:8;s:10:\"04-16-2026\";i:8;s:10:\"04-17-2026\";i:8;s:10:\"04-18-2026\";i:8;s:10:\"04-19-2026\";i:10;s:10:\"04-20-2026\";i:9;s:10:\"04-21-2026\";i:8;s:10:\"04-22-2026\";i:8;s:10:\"04-23-2026\";i:8;s:10:\"04-24-2026\";i:8;s:10:\"04-25-2026\";i:8;s:10:\"04-26-2026\";i:8;s:10:\"04-27-2026\";i:8;s:10:\"04-28-2026\";i:6;s:10:\"04-29-2026\";i:8;}"],"houzez_recently_viewed":["2026-04-29 17:04:34"],"tp_widgets":["a:2:{s:7:\"widgets\";a:0:{}s:9:\"update_at\";s:10:\"1764682733\";}"],"fave_property_images":["129855","129856","129857","129858","129859"],"fave_floor_plans_enable":["disable"],"fave_prop_homeslider":["yes"],"fave_prop_slider_image":["129855"],"fave_agents":["111406"],"fave_agent_display_option":["agent_info"],"fave_single_top_area":["global"],"fave_single_content_area":["global"],"fave_property_price":["0"],"fave_property_map":["1"],"fave_property_map_street_view":["hide"],"fave_property_size_prefix":["m\u00b2"],"fave_property_land_postfix":["m\u00b2"],"fave_featured":["0"],"houzez_featured_listing_date":[""],"fave_currency":["EUR"],"fave_currency_info":["a:8:{s:2:\"id\";s:1:\"1\";s:13:\"currency_name\";s:4:\"Euro\";s:13:\"currency_code\";s:3:\"EUR\";s:15:\"currency_symbol\";s:3:\"\u20ac\";s:17:\"currency_position\";s:5:\"after\";s:16:\"currency_decimal\";s:1:\"2\";s:26:\"currency_decimal_separator\";s:1:\",\";s:27:\"currency_thousand_separator\";s:1:\".\";}"],"fave_show_price_placeholder":["1"],"rank_math_news_sitemap_robots":["index"],"rank_math_robots":["a:1:{i:0;s:5:\"index\";}"],"rank_math_internal_links_processed":["1"],"_elementor_page_assets":["a:0:{}"]},"_links":{"self":[{"href":"https:\/\/ruhr-real.de\/en\/wp-json\/wp\/v2\/properties\/129854","targetHints":{"allow":["GET"]}}],"collection":[{"href":"https:\/\/ruhr-real.de\/en\/wp-json\/wp\/v2\/properties"}],"about":[{"href":"https:\/\/ruhr-real.de\/en\/wp-json\/wp\/v2\/types\/property"}],"author":[{"embeddable":true,"href":"https:\/\/ruhr-real.de\/en\/wp-json\/wp\/v2\/users\/1"}],"version-history":[{"count":0,"href":"https:\/\/ruhr-real.de\/en\/wp-json\/wp\/v2\/properties\/129854\/revisions"}],"wp:featuredmedia":[{"embeddable":true,"href":"https:\/\/ruhr-real.de\/en\/wp-json\/wp\/v2\/media\/129855"}],"wp:attachment":[{"href":"https:\/\/ruhr-real.de\/en\/wp-json\/wp\/v2\/media?parent=129854"}],"wp:term":[{"taxonomy":"property_type","embeddable":true,"href":"https:\/\/ruhr-real.de\/en\/wp-json\/wp\/v2\/property_type?post=129854"},{"taxonomy":"property_status","embeddable":true,"href":"https:\/\/ruhr-real.de\/en\/wp-json\/wp\/v2\/property_status?post=129854"},{"taxonomy":"property_feature","embeddable":true,"href":"https:\/\/ruhr-real.de\/en\/wp-json\/wp\/v2\/property_feature?post=129854"},{"taxonomy":"property_label","embeddable":true,"href":"https:\/\/ruhr-real.de\/en\/wp-json\/wp\/v2\/property_label?post=129854"},{"taxonomy":"property_country","embeddable":true,"href":"https:\/\/ruhr-real.de\/en\/wp-json\/wp\/v2\/property_country?post=129854"},{"taxonomy":"property_state","embeddable":true,"href":"https:\/\/ruhr-real.de\/en\/wp-json\/wp\/v2\/property_state?post=129854"},{"taxonomy":"property_city","embeddable":true,"href":"https:\/\/ruhr-real.de\/en\/wp-json\/wp\/v2\/property_city?post=129854"},{"taxonomy":"property_area","embeddable":true,"href":"https:\/\/ruhr-real.de\/en\/wp-json\/wp\/v2\/property_area?post=129854"}],"curies":[{"name":"wp","href":"https:\/\/api.w.org\/{rel}","templated":true}]}}