{"id":131341,"date":"2024-07-04T00:01:34","date_gmt":"2024-07-03T22:01:34","guid":{"rendered":"https:\/\/ruhr-real.de\/objekt\/moderne-bueroflaeche-mit-sehr-guter-ausstattung-cat-5-verkabelung-repraesentativer-eingangsbereich\/"},"modified":"2024-07-04T00:01:34","modified_gmt":"2024-07-03T22:01:34","slug":"moderne-bueroflaeche-mit-sehr-guter-ausstattung-cat-5-verkabelung-repraesentativer-eingangsbereich","status":"publish","type":"property","link":"https:\/\/ruhr-real.de\/en\/objekt\/moderne-bueroflaeche-mit-sehr-guter-ausstattung-cat-5-verkabelung-repraesentativer-eingangsbereich\/","title":{"rendered":"Moderne B\u00fcrofl\u00e4che mit sehr guter Ausstattung | CAT-5 Verkabelung | repr\u00e4sentativer Eingangsbereich"},"content":{"rendered":"<p>Bei der angebotenen Liegenschaft handelt es sich um ein B\u00fcrogeb\u00e4ude mit dazugeh\u00f6rigen Archivfl\u00e4chen im<br \/>\nUntergeschoss sowie einer hauseigenen Tiefgarage. Das Objekt wurde 1977 erbaut und seither stetig umfangreich modernisiert. Zuletzt im Jahre 2020. Der moderne Eingangsbereich sowie die helle Fassade sorgen f\u00fcr Aufsehen. Die B\u00fcrofl\u00e4che ist mit einem Teppichboden ausgelegt und verf\u00fcgt \u00fcber eine CAT-Verkabelung. Die Teek\u00fcche ist voll ausgestattet. Dem Nutzer stehen ferner zahlreiche Stellpl\u00e4tze in der hauseigenen Tiefgarage zur Anmietung zur Verf\u00fcgung.<\/p>\n<p>Zur Zeit stehen folgende Fl\u00e4chen zur Disposition:<\/p>\n<p>EG: 640 m\u00b2<br \/>\n1. OG: 1.043 m\u00b2<br \/>\n2. OG: 1.047 m\u00b2<br \/>\n3. OG: 604 m\u00b2<br \/>\n4. OG: 301 m\u00b2<br \/>\n5. OG: 277 m\u00b2<\/p>\n<p>Die angebotene Liegenschaft befindet sich im Zentrum der Stadt Duisburg, im Stadtteil Neudorf. Die Verkehrsanbindung ist durch die schnell zu erreichenden Autobahnen A 40, A 3 und A 59 ausgezeichnet. Der Flughafen D\u00fcsseldorf ist ca. 15 Fahrminuten entfernt. Auch die \u00d6PNV-Anbindung ist als hervorragend zu bezeichnen, da der Duisburger Hauptbahnhof nur wenige Gehminuten entfernt ist und alle wichtigsten St\u00e4dte des Umlandes verbindet. In unmittelbarer N\u00e4he der Immobilie befinden sich zahlreiche Gastronomien und Gesch\u00e4fte des Alltages. Die Liegenschaft profitiert insbesondere aufgrund ihrer guten Sichtbarkeit und der unmittelbaren N\u00e4he zur Duisburger City, sowie zur Uni Duisburg Essen.<\/p>\n<p>\u2022 Sonnenschutz: au\u00dfenliegend, elektrisch<br \/>\n\u2022 Bodenbelag: Teppichboden<br \/>\n\u2022 Verkabelung: CAT-5 Verkabelung<br \/>\n\u2022 Kabelf\u00fchrung: Fensterbankkabelkanal<br \/>\n\u2022 Beleuchtung: Rasterdeckenleuchten<br \/>\n\u2022 Teek\u00fcche: voll ausgestattet<br \/>\n\u2022 Aufzug: Personenaufzug<br \/>\n\u2022 Barrierearm: ebenerdiger Zugang<\/p>\n<p>Die Ausstattung kann kann bei Bedarf angepasst werden!<\/p>\n<p>Es gelten ausschlie\u00dflich unsere AGB (www.ruhr-real.de\/agb). Wir m\u00f6chten Sie darauf hinweisen, dass die Angaben ausschlie\u00dflich auf den uns vom Eigent\u00fcmer \u00fcbermittelten Unterlagen und Informationen basieren. F\u00fcr Richtigkeit und Vollst\u00e4ndigkeit \u00fcbernehmen wir keine Gew\u00e4hr. Zwischenvermietung vorbehalten.<br \/>\n<div class=\"widget widget_immonex_user_defined_properties_widget\"><div class=\"immonex-widget immonex-widget-houzez\">\n\t\t<div class=\"immonex-widget-title clearfix\">\n\t\t<h2 class=\"widgettitle\">Energieeffizienz<\/h2>\t<\/div>\n\t\t<ul class=\"immonex-property-details row list-lined list-unstyled\">\n\t\t\t\t<li>\n\t\t\t<div class=\"list-lined-item w-100 d-flex justify-content-between py-2\">\n\t\t\t\t\t\t\t\t<strong class=\"property-details-label\">Energieausweis-Jahrgang:<\/strong>&nbsp;<span class=\"property-details-value\">not available<\/span>\n\t\t\t\t\t\t\t<\/div>\n\t\t<\/li>\n\t\t\t<\/ul>\n<\/div><\/div><\/p>\n","protected":false},"excerpt":{"rendered":"<p>Bei der angebotenen Liegenschaft handelt es sich um ein B\u00fcrogeb\u00e4ude mit dazugeh\u00f6rigen Archivfl\u00e4chen im&#8230;<\/p>\n","protected":false},"author":1,"featured_media":131342,"parent":0,"menu_order":0,"template":"","property_type":[379],"property_status":[352],"property_feature":[355,354,350],"property_label":[],"property_country":[353],"property_state":[],"property_city":[334],"property_area":[],"class_list":["post-131341","property","type-property","status-publish","has-post-thumbnail","hentry","property_type-bueroflaechen","property_status-zu-vermieten","property_feature-barrierefrei","property_feature-personenaufzug","property_feature-raeume-veraenderbar","property_country-deutschland","property_city-duisburg"],"acf":[],"property_meta":{"_immonex_import_folder":["users\/RUHRREAL"],"fave_property_map_address":["47057 Duisburg"],"fave_property_zip":["47057"],"fave_property_country":["DE"],"_immonex_lat":["51.4328312"],"_immonex_lng":["6.78471102941"],"houzez_geolocation_lat":["51.4328312"],"houzez_geolocation_long":["6.78471102941"],"fave_property_location":["51.4328312,6.78471102941"],"fave_property_price":["9.50"],"fave_property_sec_price":["10.5000"],"fave_property_size":["342"],"fave_property_year":["1977"],"fave_property_id":["2092\/E1"],"_immonex_translation_id":["2092\/E1"],"_immonex_iso_country":["DEU"],"_openimmo_obid":["5F8352F079CD491987AF4EECC2C3385F"],"_openimmo_anid":["0000"],"_immonex_group_number":["12"],"_immonex_group_id":[""],"_immonex_group_master":[""],"_immonex_import_meta":["a:6:{s:8:\"zip_file\";s:131:\"\/www\/htdocs\/w0172e0e\/ruhr-real_2024\/wp-content\/uploads\/immonex-openimmo-import\/users\/RUHRREAL\/Immowelt_estatePro_20240704212041.zip\";s:8:\"xml_file\";s:158:\"\/www\/htdocs\/w0172e0e\/ruhr-real_2024\/wp-content\/uploads\/immonex-openimmo-import\/immowelt_estatepro_20240704212041\/Homepage_2024_NEW_estatePro20240704212041.xml\";s:12:\"mapping_file\";s:116:\"\/www\/htdocs\/w0172e0e\/ruhr-real_2024\/wp-content\/uploads\/immonex-openimmo-import\/mappings\/houzez_ruhrreal_18122023.csv\";s:9:\"timestamp\";i:1720121014;s:4:\"date\";s:10:\"2024-07-04\";s:4:\"time\";s:8:\"21:23:34\";}"],"_is_immonex_import_property":["1"],"_immonex_is_reference":[""],"_immonex_is_sold":[""],"_immonex_is_reserved":[""],"_immonex_is_available":["1"],"additional_features":["a:16:{i:0;a:2:{s:29:\"fave_additional_feature_title\";s:11:\"Heizungsart\";s:29:\"fave_additional_feature_value\";s:14:\"Zentralheizung\";}i:1;a:2:{s:29:\"fave_additional_feature_title\";s:14:\"Nettokaltmiete\";s:29:\"fave_additional_feature_value\";s:13:\"9,50&nbsp;\u20ac\";}i:2;a:2:{s:29:\"fave_additional_feature_title\";s:9:\"Kaltmiete\";s:29:\"fave_additional_feature_value\";s:13:\"9,50&nbsp;\u20ac\";}i:3;a:2:{s:29:\"fave_additional_feature_title\";s:29:\"monatl. Betriebs-\/Nebenkosten\";s:29:\"fave_additional_feature_value\";s:13:\"2,20&nbsp;\u20ac\";}i:4;a:2:{s:29:\"fave_additional_feature_title\";s:33:\"Heizkosten in Warmmiete enthalten\";s:29:\"fave_additional_feature_value\";s:4:\"nein\";}i:5;a:2:{s:29:\"fave_additional_feature_title\";s:32:\"Preise zuz\u00fcglich Mehrwertsteuer\";s:29:\"fave_additional_feature_value\";s:4:\"nein\";}i:6;a:2:{s:29:\"fave_additional_feature_title\";s:23:\"Netto-Kaltmiete pro m\u00b2\";s:29:\"fave_additional_feature_value\";s:14:\"10,50&nbsp;\u20ac\";}i:7;a:2:{s:29:\"fave_additional_feature_title\";s:10:\"MwSt.-Satz\";s:29:\"fave_additional_feature_value\";s:9:\"19&nbsp;%\";}i:8;a:2:{s:29:\"fave_additional_feature_title\";s:12:\"B\u00fcrofl\u00e4che\";s:29:\"fave_additional_feature_value\";s:12:\"604&nbsp;m\u00b2\";}i:9;a:2:{s:29:\"fave_additional_feature_title\";s:16:\"B\u00fcroteilfl\u00e4che\";s:29:\"fave_additional_feature_value\";s:12:\"342&nbsp;m\u00b2\";}i:10;a:2:{s:29:\"fave_additional_feature_title\";s:10:\"Teilbar ab\";s:29:\"fave_additional_feature_value\";s:12:\"342&nbsp;m\u00b2\";}i:11;a:2:{s:29:\"fave_additional_feature_title\";s:19:\"Art der Ausstattung\";s:29:\"fave_additional_feature_value\";s:8:\"Standard\";}i:12;a:2:{s:29:\"fave_additional_feature_title\";s:10:\"Bodenbelag\";s:29:\"fave_additional_feature_value\";s:7:\"Teppich\";}i:13;a:2:{s:29:\"fave_additional_feature_title\";s:13:\"Stellplatzart\";s:29:\"fave_additional_feature_value\";s:21:\"Tiefgarage, Freiplatz\";}i:14;a:2:{s:29:\"fave_additional_feature_title\";s:7:\"Zustand\";s:29:\"fave_additional_feature_value\";s:8:\"gepflegt\";}i:15;a:2:{s:29:\"fave_additional_feature_title\";s:27:\"Immobilie ist verf\u00fcgbar ab\";s:29:\"fave_additional_feature_value\";s:7:\"Q1 2024\";}}"],"fave_additional_features_enable":["enable"],"_immonex_custom_fields":["a:1:{s:23:\"Energieausweis-Jahrgang\";a:5:{s:14:\"mapping_source\";s:38:\"zustand_angaben->energiepass->jahrgang\";s:4:\"name\";s:0:\"\";s:5:\"group\";s:5:\"epass\";s:5:\"value\";s:13:\"not available\";s:19:\"value_before_filter\";s:4:\"ohne\";}}"],"_immonex_property_xml_source":["<?xml version=\"1.0\"?>\n<immobilie>\n<objektkategorie>\n<nutzungsart WOHNEN=\"false\" GEWERBE=\"true\"\/>\n<vermarktungsart KAUF=\"false\" MIETE_PACHT=\"true\"\/>\n<objektart>\n<buero_praxen buero_typ=\"BUEROHAUS\"\/>\n<\/objektart>\n<user_defined_simplefield\/>\n<\/objektkategorie>\n<geo>\n<plz>47057<\/plz>\n<ort>Duisburg<\/ort>\n<strasse>M&#xFC;lheimer Stra&#xDF;e<\/strasse>\n<hausnummer>66 \/ L&#xFC;tzowstra&#xDF;e 7<\/hausnummer>\n<land iso_land=\"DEU\"\/>\n<lage_im_bau\/>\n<\/geo>\n<kontaktperson>\n<email_zentrale>anfrage@ruhr-real.de<\/email_zentrale>\n<email_direkt>bruckmann@ruhr-real.de<\/email_direkt>\n<tel_durchw>+49 201 99996337<\/tel_durchw>\n<tel_fax>+49 201 99996344<\/tel_fax>\n<tel_handy>+49 172 7088870<\/tel_handy>\n<name>Bruckmann<\/name>\n<vorname>Jonas<\/vorname>\n<anrede>Herr<\/anrede>\n<firma>RUHR REAL GmbH<\/firma>\n<strasse>Holsterhauser Platz<\/strasse>\n<hausnummer>2<\/hausnummer>\n<plz>45147<\/plz>\n<ort>Essen<\/ort>\n<adressfreigabe>true<\/adressfreigabe>\n<\/kontaktperson>\n<preise>\n<nettokaltmiete>9.50<\/nettokaltmiete>\n<kaltmiete>9.50<\/kaltmiete>\n<nebenkosten>2.20<\/nebenkosten>\n<heizkosten_enthalten>false<\/heizkosten_enthalten>\n<zzg_mehrwertsteuer>false<\/zzg_mehrwertsteuer>\n<preis_zeiteinheit\/>\n<mietpreis_pro_qm>10.5000<\/mietpreis_pro_qm>\n<provisionspflichtig>false<\/provisionspflichtig>\n<waehrung iso_waehrung=\"EUR\"\/>\n<mwst_satz>19.00<\/mwst_satz>\n<stp_carport\/>\n<stp_duplex\/>\n<stp_freiplatz\/>\n<stp_garage\/>\n<stp_parkhaus\/>\n<stp_tiefgarage\/>\n<\/preise>\n<bieterverfahren\/>\n<versteigerung\/>\n<flaechen>\n<bueroflaeche>604<\/bueroflaeche>\n<bueroteilflaeche>342<\/bueroteilflaeche>\n<teilbar_ab>342<\/teilbar_ab>\n<anzahl_stellplaetze type=\"xsd:decimal\">68<\/anzahl_stellplaetze>\n<\/flaechen>\n<ausstattung>\n<ausstatt_kategorie>STANDARD<\/ausstatt_kategorie>\n<raeume_veraenderbar>true<\/raeume_veraenderbar>\n<bad\/>\n<kueche\/>\n<boden TEPPICH=\"true\"\/>\n<heizungsart ZENTRAL=\"true\"\/>\n<befeuerung\/>\n<fahrstuhl PERSONEN=\"true\"\/>\n<stellplatzart FREIPLATZ=\"true\"\/>\n<stellplatzart TIEFGARAGE=\"true\"\/>\n<ausricht_balkon_terrasse\/>\n<barrierefrei>true<\/barrierefrei>\n<angeschl_gastronomie\/>\n<sicherheitstechnik\/>\n<\/ausstattung>\n<zustand_angaben>\n<baujahr>1977<\/baujahr>\n<zustand zustand_art=\"GEPFLEGT\"\/>\n<energiepass>\n<jahrgang>ohne<\/jahrgang>\n<\/energiepass>\n<\/zustand_angaben>\n<bewertung\/>\n<infrastruktur\/>\n<freitexte>\n<objekttitel>Moderne B&#xFC;rofl&#xE4;che mit sehr guter Ausstattung | CAT-5 Verkabelung | repr&#xE4;sentativer Eingangsbereich<\/objekttitel>\n<lage>Die angebotene Liegenschaft befindet sich im Zentrum der Stadt Duisburg, im Stadtteil Neudorf. Die Verkehrsanbindung ist durch die schnell zu erreichenden Autobahnen A 40, A 3 und A 59 ausgezeichnet. Der Flughafen D&#xFC;sseldorf ist ca. 15 Fahrminuten entfernt. Auch die &#xD6;PNV-Anbindung ist als hervorragend zu bezeichnen, da der Duisburger Hauptbahnhof nur wenige Gehminuten entfernt ist und alle wichtigsten St&#xE4;dte des Umlandes verbindet. In unmittelbarer N&#xE4;he der Immobilie befinden sich zahlreiche Gastronomien und Gesch&#xE4;fte des Alltages. Die Liegenschaft profitiert insbesondere aufgrund ihrer guten Sichtbarkeit und der unmittelbaren N&#xE4;he zur Duisburger City, sowie zur Uni Duisburg Essen.<\/lage>\n<ausstatt_beschr>&#x2022; Sonnenschutz: au&#xDF;enliegend, elektrisch\n&#x2022; Bodenbelag: Teppichboden\n&#x2022; Verkabelung: CAT-5 Verkabelung\n&#x2022; Kabelf&#xFC;hrung: Fensterbankkabelkanal\n&#x2022; Beleuchtung: Rasterdeckenleuchten\n&#x2022; Teek&#xFC;che: voll ausgestattet\n&#x2022; Aufzug: Personenaufzug\n&#x2022; Barrierearm: ebenerdiger Zugang\n\nDie Ausstattung kann kann bei Bedarf angepasst werden!<\/ausstatt_beschr>\n<objektbeschreibung>Bei der angebotenen Liegenschaft handelt es sich um ein B&#xFC;rogeb&#xE4;ude mit dazugeh&#xF6;rigen Archivfl&#xE4;chen im\nUntergeschoss sowie einer hauseigenen Tiefgarage. Das Objekt wurde 1977 erbaut und seither stetig umfangreich modernisiert. Zuletzt im Jahre 2020. Der moderne Eingangsbereich sowie die helle Fassade sorgen f&#xFC;r Aufsehen. Die B&#xFC;rofl&#xE4;che ist mit einem Teppichboden ausgelegt und verf&#xFC;gt &#xFC;ber eine CAT-Verkabelung. Die Teek&#xFC;che ist voll ausgestattet. Dem Nutzer stehen ferner zahlreiche Stellpl&#xE4;tze in der hauseigenen Tiefgarage zur Anmietung zur Verf&#xFC;gung.\n\nZur Zeit stehen folgende Fl&#xE4;chen zur Disposition:\n\nEG: 640 m&#xB2;\n1. OG: 1.043 m&#xB2;\n2. OG: 1.047 m&#xB2;\n3. OG: 604 m&#xB2;\n4. OG: 301 m&#xB2;\n5. OG: 277 m&#xB2;<\/objektbeschreibung><sonstige_angaben>Es gelten ausschlie&#xDF;lich unsere AGB (www.ruhr-real.de\/agb). Wir m&#xF6;chten Sie darauf hinweisen, dass die Angaben ausschlie&#xDF;lich auf den uns vom Eigent&#xFC;mer &#xFC;bermittelten Unterlagen und Informationen basieren. F&#xFC;r Richtigkeit und Vollst&#xE4;ndigkeit &#xFC;bernehmen wir keine Gew&#xE4;hr. Zwischenvermietung vorbehalten.<\/sonstige_angaben>\n<\/freitexte>\n<anhaenge>\n<anhang location=\"EXTERN\" gruppe=\"TITELBILD\">\n<anhangtitel>Ansicht Eingang<\/anhangtitel>\n<format>jpg<\/format>\n<daten>\n<pfad>6b2989751b6f46dab6912230b98426d7.jpg<\/pfad>\n<\/daten>\n<\/anhang>\n<anhang location=\"EXTERN\" gruppe=\"BILD\">\n<anhangtitel>Fassadenansicht<\/anhangtitel>\n<format>jpg<\/format>\n<daten>\n<pfad>3fdd85624d3845dfa5a6d06e48e019ed.jpg<\/pfad>\n<\/daten>\n<\/anhang>\n<anhang location=\"EXTERN\" gruppe=\"BILD\">\n<anhangtitel>Ansicht Vogelperspektive<\/anhangtitel>\n<format>jpg<\/format>\n<daten>\n<pfad>29cfef4540aa4dca9c44fd60e04896a4.jpg<\/pfad>\n<\/daten>\n<\/anhang>\n<anhang location=\"EXTERN\" gruppe=\"BILD\">\n<anhangtitel>Ansicht Empfangsbereich<\/anhangtitel>\n<format>jpg<\/format>\n<daten>\n<pfad>452c6b5b8e6b4ba5992e88f534d8e94a.jpg<\/pfad>\n<\/daten>\n<\/anhang>\n<anhang location=\"EXTERN\" gruppe=\"BILD\">\n<anhangtitel>B&#xFC;roraumansicht<\/anhangtitel>\n<format>jpg<\/format>\n<daten>\n<pfad>47966997fd6044bda65120ba1ebb6efc.jpg<\/pfad>\n<\/daten>\n<\/anhang>\n<anhang location=\"EXTERN\" gruppe=\"BILD\">\n<anhangtitel>Teek&#xFC;chenansicht<\/anhangtitel>\n<format>jpg<\/format>\n<daten>\n<pfad>2b827c4e661a4850961eee630ddf8ceb.jpg<\/pfad>\n<\/daten>\n<\/anhang>\n<anhang location=\"EXTERN\" gruppe=\"BILD\">\n<anhangtitel>Ansicht Innenhof<\/anhangtitel>\n<format>jpg<\/format>\n<daten>\n<pfad>722376cbad794274b8dad198ade21758.jpg<\/pfad>\n<\/daten>\n<\/anhang>\n<anhang location=\"EXTERN\" gruppe=\"BILD\">\n<anhangtitel>Ansicht Raucherbereich<\/anhangtitel>\n<format>jpg<\/format>\n<daten>\n<pfad>0e6aee9180c6482daac971437c757735.jpg<\/pfad>\n<\/daten>\n<\/anhang>\n<anhang location=\"EXTERN\" gruppe=\"BILD\">\n<anhangtitel>Ansicht Tiefgarage<\/anhangtitel>\n<format>jpg<\/format>\n<daten>\n<pfad>e5b676f48ab24935bad9318480f788af.jpg<\/pfad>\n<\/daten>\n<\/anhang>\n<anhang location=\"EXTERN\" gruppe=\"GRUNDRISS\">\n<anhangtitel>3. OG<\/anhangtitel>\n<format>png<\/format>\n<daten>\n<pfad>952f847ab4984be79f185aab21c876f3.png<\/pfad>\n<\/daten>\n<\/anhang>\n<\/anhaenge>\n<verwaltung_objekt>\n<objektadresse_freigeben>false<\/objektadresse_freigeben>\n<verfuegbar_ab>Q1 2024<\/verfuegbar_ab>\n<gruppennummer>12<\/gruppennummer>\n<geschlecht\/>\n<gewerbliche_nutzung>true<\/gewerbliche_nutzung>\n<\/verwaltung_objekt>\n<verwaltung_techn>\n<objektnr_intern>5F8352F079CD491987AF4EECC2C3385F<\/objektnr_intern>\n<objektnr_extern>2092\/E1<\/objektnr_extern>\n<aktion aktionart=\"CHANGE\"\/>\n<openimmo_obid>5F8352F079CD491987AF4EECC2C3385F<\/openimmo_obid>\n<kennung_ursprung>estatePro V10.0.0.8<\/kennung_ursprung>\n<stand_vom>2024-07-04<\/stand_vom>\n<\/verwaltung_techn>\n<user_defined_simplefield feldname=\"Startseite\">Nein<\/user_defined_simplefield>\n<\/immobilie>\n"],"_thumbnail_id":["131342"],"fave_property_images":["131342","131343","131344","131345","131346","131347","131348","131349","131350"],"fave_floor_plans_enable":["enable"],"floor_plans":["a:1:{i:0;a:7:{s:15:\"fave_plan_title\";s:5:\"3. OG\";s:15:\"fave_plan_rooms\";s:0:\"\";s:19:\"fave_plan_bathrooms\";s:0:\"\";s:15:\"fave_plan_price\";s:0:\"\";s:14:\"fave_plan_size\";s:0:\"\";s:15:\"fave_plan_image\";s:93:\"https:\/\/ruhr-real.de\/wp-content\/uploads\/2024\/07\/952f847ab4984be79f185aab21c876f3-1024x642.png\";s:21:\"fave_plan_description\";s:0:\"\";}}"],"fave_prop_homeslider":["yes"],"fave_prop_slider_image":["131342"],"fave_agents":["111496"],"fave_agent_display_option":["agent_info"],"fave_single_top_area":["global"],"fave_single_content_area":["global"],"fave_property_map":["1"],"fave_property_map_street_view":["hide"],"fave_property_size_prefix":["m\u00b2"],"fave_property_land_postfix":["m\u00b2"],"fave_featured":["0"],"houzez_featured_listing_date":[""],"fave_property_price_postfix":["pro&nbsp;m\u00b2"],"fave_currency":["EUR"],"fave_currency_info":["a:8:{s:2:\"id\";s:1:\"1\";s:13:\"currency_name\";s:4:\"Euro\";s:13:\"currency_code\";s:3:\"EUR\";s:15:\"currency_symbol\";s:3:\"\u20ac\";s:17:\"currency_position\";s:5:\"after\";s:16:\"currency_decimal\";s:1:\"2\";s:26:\"currency_decimal_separator\";s:1:\",\";s:27:\"currency_thousand_separator\";s:1:\".\";}"],"houzez_total_property_views":["2082"],"houzez_views_by_date":["a:61:{s:10:\"02-27-2026\";i:4;s:10:\"02-28-2026\";i:4;s:10:\"03-01-2026\";i:4;s:10:\"03-02-2026\";i:4;s:10:\"03-03-2026\";i:4;s:10:\"03-04-2026\";i:4;s:10:\"03-05-2026\";i:6;s:10:\"03-06-2026\";i:4;s:10:\"03-07-2026\";i:4;s:10:\"03-08-2026\";i:4;s:10:\"03-09-2026\";i:4;s:10:\"03-10-2026\";i:4;s:10:\"03-11-2026\";i:4;s:10:\"03-12-2026\";i:4;s:10:\"03-13-2026\";i:4;s:10:\"03-14-2026\";i:4;s:10:\"03-15-2026\";i:4;s:10:\"03-16-2026\";i:2;s:10:\"03-17-2026\";i:7;s:10:\"03-18-2026\";i:6;s:10:\"03-19-2026\";i:4;s:10:\"03-20-2026\";i:6;s:10:\"03-21-2026\";i:4;s:10:\"03-22-2026\";i:4;s:10:\"03-23-2026\";i:4;s:10:\"03-24-2026\";i:4;s:10:\"03-25-2026\";i:4;s:10:\"03-26-2026\";i:6;s:10:\"03-27-2026\";i:4;s:10:\"03-28-2026\";i:4;s:10:\"03-29-2026\";i:4;s:10:\"03-30-2026\";i:6;s:10:\"03-31-2026\";i:4;s:10:\"04-01-2026\";i:7;s:10:\"04-02-2026\";i:8;s:10:\"04-03-2026\";i:8;s:10:\"04-04-2026\";i:8;s:10:\"04-05-2026\";i:8;s:10:\"04-06-2026\";i:8;s:10:\"04-07-2026\";i:10;s:10:\"04-08-2026\";i:8;s:10:\"04-09-2026\";i:8;s:10:\"04-10-2026\";i:8;s:10:\"04-11-2026\";i:6;s:10:\"04-12-2026\";i:8;s:10:\"04-13-2026\";i:8;s:10:\"04-14-2026\";i:8;s:10:\"04-15-2026\";i:8;s:10:\"04-16-2026\";i:8;s:10:\"04-17-2026\";i:8;s:10:\"04-18-2026\";i:8;s:10:\"04-19-2026\";i:8;s:10:\"04-20-2026\";i:8;s:10:\"04-21-2026\";i:8;s:10:\"04-22-2026\";i:8;s:10:\"04-23-2026\";i:8;s:10:\"04-24-2026\";i:8;s:10:\"04-25-2026\";i:10;s:10:\"04-26-2026\";i:8;s:10:\"04-27-2026\";i:8;s:10:\"04-28-2026\";i:4;}"],"houzez_recently_viewed":["2026-04-28 11:55:50"],"tp_widgets":["a:2:{s:7:\"widgets\";a:0:{}s:9:\"update_at\";s:10:\"1764682733\";}"],"rank_math_news_sitemap_robots":["index"],"rank_math_robots":["a:1:{i:0;s:5:\"index\";}"],"rank_math_internal_links_processed":["1"],"_elementor_page_assets":["a:0:{}"]},"_links":{"self":[{"href":"https:\/\/ruhr-real.de\/en\/wp-json\/wp\/v2\/properties\/131341","targetHints":{"allow":["GET"]}}],"collection":[{"href":"https:\/\/ruhr-real.de\/en\/wp-json\/wp\/v2\/properties"}],"about":[{"href":"https:\/\/ruhr-real.de\/en\/wp-json\/wp\/v2\/types\/property"}],"author":[{"embeddable":true,"href":"https:\/\/ruhr-real.de\/en\/wp-json\/wp\/v2\/users\/1"}],"version-history":[{"count":0,"href":"https:\/\/ruhr-real.de\/en\/wp-json\/wp\/v2\/properties\/131341\/revisions"}],"wp:featuredmedia":[{"embeddable":true,"href":"https:\/\/ruhr-real.de\/en\/wp-json\/wp\/v2\/media\/131342"}],"wp:attachment":[{"href":"https:\/\/ruhr-real.de\/en\/wp-json\/wp\/v2\/media?parent=131341"}],"wp:term":[{"taxonomy":"property_type","embeddable":true,"href":"https:\/\/ruhr-real.de\/en\/wp-json\/wp\/v2\/property_type?post=131341"},{"taxonomy":"property_status","embeddable":true,"href":"https:\/\/ruhr-real.de\/en\/wp-json\/wp\/v2\/property_status?post=131341"},{"taxonomy":"property_feature","embeddable":true,"href":"https:\/\/ruhr-real.de\/en\/wp-json\/wp\/v2\/property_feature?post=131341"},{"taxonomy":"property_label","embeddable":true,"href":"https:\/\/ruhr-real.de\/en\/wp-json\/wp\/v2\/property_label?post=131341"},{"taxonomy":"property_country","embeddable":true,"href":"https:\/\/ruhr-real.de\/en\/wp-json\/wp\/v2\/property_country?post=131341"},{"taxonomy":"property_state","embeddable":true,"href":"https:\/\/ruhr-real.de\/en\/wp-json\/wp\/v2\/property_state?post=131341"},{"taxonomy":"property_city","embeddable":true,"href":"https:\/\/ruhr-real.de\/en\/wp-json\/wp\/v2\/property_city?post=131341"},{"taxonomy":"property_area","embeddable":true,"href":"https:\/\/ruhr-real.de\/en\/wp-json\/wp\/v2\/property_area?post=131341"}],"curies":[{"name":"wp","href":"https:\/\/api.w.org\/{rel}","templated":true}]}}