{"id":132560,"date":"2026-04-28T00:02:04","date_gmt":"2026-04-27T22:02:04","guid":{"rendered":"https:\/\/ruhr-real.de\/objekt\/attraktive-bueroflaechen-in-der-essener-innenstadt-stellplaetze-vorhanden-hervorragende-anbindung\/"},"modified":"2026-04-28T14:22:04","modified_gmt":"2026-04-28T12:22:04","slug":"attraktive-bueroflaechen-in-der-essener-innenstadt-stellplaetze-vorhanden-hervorragende-anbindung","status":"publish","type":"property","link":"https:\/\/ruhr-real.de\/en\/objekt\/attraktive-bueroflaechen-in-der-essener-innenstadt-stellplaetze-vorhanden-hervorragende-anbindung\/","title":{"rendered":"Attraktive B\u00fcrofl\u00e4chen in der Essener Innenstadt | Stellpl\u00e4tze vorhanden | hervorragende Anbindung"},"content":{"rendered":"<p>Bei der Immobilie handelt es sich um einen Konzernsitz in direkter und fu\u00dfl\u00e4ufiger N\u00e4he zum Essener Hbf. Das Objekt verf\u00fcgt \u00fcber ein repr\u00e4sentatives Foyer und einen besetzten Empfang. Die B\u00fcroetagen sind \u00fcber das Treppenhaus oder per Aufzug zu erreichen. Die Gesamtmietfl\u00e4che (B\u00fcros,<br \/>\ninkl. der umlagef\u00e4higen Verkehrsfl\u00e4chen) von ca. 15.000 m\u00b2 befindet sich im Erdgeschoss und 1. bis<br \/>\n15. Obergeschoss und ist mechanisch gek\u00fchlt. 241 PKW-Stellpl\u00e4tze sind in der Tiefgarage vorhanden. Diverse Archiv-\/Lagerfl\u00e4chen befinden sich in den drei Untergeschossen mit einer Gr\u00f6\u00dfe<br \/>\nvon ca. 1.500 m\u00b2. Im Haus gibt es sowohl Zellenb\u00fcros als auch Open-Space Fl\u00e4chen.<\/p>\n<p>Derzeit stehen folgende Fl\u00e4chen zur Disposition:<\/p>\n<p>EG: 944,99 m\u00b2<br \/>\n1. OG: 956,36 m\u00b2<br \/>\n2. OG: 1.121,15 m\u00b2<br \/>\n3. OG: 1.121,14 m\u00b2<br \/>\n4. OG: 1.123,04 m\u00b2<br \/>\n5. OG: 1.123,04 m\u00b2<br \/>\n6. OG: 1.123,04 m\u00b2<br \/>\n7. OG: 1.123,04 m\u00b2<br \/>\n8. OG: 800,04 m\u00b2<br \/>\n9. OG: 524,31 m\u00b2, Dachterrasse 304,49 m\u00b2<br \/>\n10. OG: 801,60 m\u00b2<br \/>\n11. OG: 801,60 m\u00b2<br \/>\n12. OG: 803,14 m\u00b2<br \/>\n13. OG: 803,14 m\u00b2<br \/>\n14. OG: 796,75 m\u00b2<br \/>\n15. OG: 308,16 m\u00b2, Dachterrasse 130,52 m\u00b2<\/p>\n<p>Der Standort liegt im Herzen der Metropolregion Ruhr und dem Zentrum der Stadt Essen. Die A40 ist innerhalb von 2 Fahrminuten zu erreichen. Ein weiterer Standortvorteil begr\u00fcndet sich mit der unmittelbaren N\u00e4he zur Essener Innenstadt und dem Hauptbahnhof.<\/p>\n<p>Bedeutende Unternehmen in der B\u00fcromarktzone: EVONIK, STEAG, 11880, PricewaterhouseCoopers GmbH Wirtschaftspr\u00fcfungsgesellschaft, Ferrostaal, Brenntag AG, Bitmarck<\/p>\n<p>Hotels in der Umgebung: Sheraton Hotel, Intercity Hotel, Mercure Hotel, ibis Hotel, Select Hotel Handelshof<\/p>\n<p>\u2022 Klima\/ Bel\u00fcftung: teilklimatisiert<br \/>\n\u2022 Sonnenschutz: au\u00dfenliegend, elektrisch<br \/>\n\u2022 Aufz\u00fcge: Personenaufzug\/ Lastenaufzug<br \/>\n\u2022 Schlie\u00dfanlage: Generalschlie\u00dfanlage, mit mieterseitigen Erweiterungen<br \/>\n\u2022 Barrierefreiheit: ebenerdiger Zugang<br \/>\n\u2022 Heizung: Zentralheizungsanlage (Fernw\u00e4rme)<br \/>\n\u2022 Bodenbelag: Teppichboden<br \/>\n\u2022 Beleuchtung: Deckenbeleuchtung<\/p>\n<p>Es gelten ausschlie\u00dflich unsere AGB (www.ruhr-real.de\/agb). Wir m\u00f6chten Sie darauf hinweisen, dass die Angaben ausschlie\u00dflich auf den uns vom Eigent\u00fcmer \u00fcbermittelten Unterlagen und Informationen basieren. F\u00fcr Richtigkeit und Vollst\u00e4ndigkeit \u00fcbernehmen wir keine Gew\u00e4hr. Zwischenvermietung vorbehalten.<br \/>\n<div class=\"widget widget_immonex_user_defined_properties_widget\"><div class=\"immonex-widget immonex-widget-houzez\">\n\t\t<div class=\"immonex-widget-title clearfix\">\n\t\t<h2 class=\"widgettitle\">Energieeffizienz<\/h2>\t<\/div>\n\t\t<ul class=\"immonex-property-details row list-lined list-unstyled\">\n\t\t\t\t<li>\n\t\t\t<div class=\"list-lined-item w-100 d-flex justify-content-between py-2\">\n\t\t\t\t\t\t\t\t<strong class=\"property-details-label\">Energieausweis-Art:<\/strong>&nbsp;<span class=\"property-details-value\">Consumption<\/span>\n\t\t\t\t\t\t\t<\/div>\n\t\t<\/li>\n\t\t\t\t<li>\n\t\t\t<div class=\"list-lined-item w-100 d-flex justify-content-between py-2\">\n\t\t\t\t\t\t\t\t<strong class=\"property-details-label\">Stromverbrauchskennwert:<\/strong>&nbsp;<span class=\"property-details-value\">91&nbsp;kWh\/(m\u00b2*a)<\/span>\n\t\t\t\t\t\t\t<\/div>\n\t\t<\/li>\n\t\t\t\t<li>\n\t\t\t<div class=\"list-lined-item w-100 d-flex justify-content-between py-2\">\n\t\t\t\t\t\t\t\t<strong class=\"property-details-label\">Heizenergieverbrauchskennwert:<\/strong>&nbsp;<span class=\"property-details-value\">100&nbsp;kWh\/(m\u00b2*a)<\/span>\n\t\t\t\t\t\t\t<\/div>\n\t\t<\/li>\n\t\t\t\t<li>\n\t\t\t<div class=\"list-lined-item w-100 d-flex justify-content-between py-2\">\n\t\t\t\t\t\t\t\t<strong class=\"property-details-label\">Energieausweis-Jahrgang:<\/strong>&nbsp;<span class=\"property-details-value\">before 2014<\/span>\n\t\t\t\t\t\t\t<\/div>\n\t\t<\/li>\n\t\t\t<\/ul>\n<\/div><\/div><\/p>\n","protected":false},"excerpt":{"rendered":"<p>Bei der Immobilie handelt es sich um einen Konzernsitz in direkter und fu\u00dfl\u00e4ufiger N\u00e4he zum Essener Hbf. Das Objekt&#8230;<\/p>\n","protected":false},"author":1,"featured_media":188302,"parent":0,"menu_order":0,"template":"","property_type":[379],"property_status":[352],"property_feature":[355,537,361,354,350,360],"property_label":[],"property_country":[353],"property_state":[],"property_city":[306],"property_area":[314],"class_list":["post-132560","property","type-property","status-publish","has-post-thumbnail","hentry","property_type-bueroflaechen","property_status-zu-vermieten","property_feature-barrierefrei","property_feature-gewerbliche-nutzung-moeglich","property_feature-klimaanlage","property_feature-personenaufzug","property_feature-raeume-veraenderbar","property_feature-rollstuhlgerecht","property_country-deutschland","property_city-essen","property_area-sudostviertel"],"acf":[],"property_meta":{"_immonex_import_folder":["users\/RUHRREAL"],"_immonex_translation_id":["1140"],"_openimmo_obid":["C90A2A1648F54E65BF8AAC8F99E44611"],"_is_immonex_import_property":["1"],"_immonex_is_reference":[""],"rank_math_internal_links_processed":["1"],"copied_media_ids":["a:0:{}"],"referenced_media_ids":["a:0:{}"],"_immonex_post_status":["updated"],"fave_property_map_address":["45128 Essen"],"fave_property_zip":["45128"],"fave_property_country":["DE"],"_immonex_lat":["51.4641041"],"_immonex_lng":["7.010847"],"houzez_geolocation_lat":["51.4641041"],"houzez_geolocation_long":["7.010847"],"fave_property_location":["51.4641041,7.010847"],"fave_property_price":["13.00"],"fave_property_sec_price":["13.5000"],"fave_property_size":["439"],"fave_property_year":["1995"],"fave_property_id":["1140"],"_fave_property_id":["1140"],"_immonex_iso_country":["DEU"],"_openimmo_anid":["0000"],"_immonex_group_number":[""],"_immonex_group_id":[""],"_immonex_group_master":[""],"_immonex_import_meta":["a:6:{s:8:\"zip_file\";s:131:\"\/www\/htdocs\/w0172e0e\/ruhr-real_2024\/wp-content\/uploads\/immonex-openimmo-import\/users\/RUHRREAL\/Immowelt_estatePro_20260428142040.zip\";s:8:\"xml_file\";s:158:\"\/www\/htdocs\/w0172e0e\/ruhr-real_2024\/wp-content\/uploads\/immonex-openimmo-import\/immowelt_estatepro_20260428142040\/Homepage_2024_NEW_estatePro20260428142040.xml\";s:12:\"mapping_file\";s:116:\"\/www\/htdocs\/w0172e0e\/ruhr-real_2024\/wp-content\/uploads\/immonex-openimmo-import\/mappings\/houzez_ruhrreal_20260325.csv\";s:9:\"timestamp\";i:1777378924;s:4:\"date\";s:10:\"2026-04-28\";s:4:\"time\";s:8:\"14:22:04\";}"],"_immonex_is_sold":[""],"_immonex_is_reserved":[""],"_immonex_is_available":["1"],"_immonex_areabutler_url_with_address":[""],"_immonex_areabutler_url_no_address":[""],"_immonex_areabutler_url":[""],"additional_features":["a:15:{i:0;a:2:{s:29:\"fave_additional_feature_title\";s:11:\"Heizungsart\";s:29:\"fave_additional_feature_value\";s:27:\"Zentralheizung, Fernheizung\";}i:1;a:2:{s:29:\"fave_additional_feature_title\";s:14:\"Nettokaltmiete\";s:29:\"fave_additional_feature_value\";s:11:\"13&nbsp;\u20ac\";}i:2;a:2:{s:29:\"fave_additional_feature_title\";s:9:\"Kaltmiete\";s:29:\"fave_additional_feature_value\";s:11:\"13&nbsp;\u20ac\";}i:3;a:2:{s:29:\"fave_additional_feature_title\";s:33:\"Heizkosten in Warmmiete enthalten\";s:29:\"fave_additional_feature_value\";s:4:\"nein\";}i:4;a:2:{s:29:\"fave_additional_feature_title\";s:32:\"Preise zuz\u00fcglich Mehrwertsteuer\";s:29:\"fave_additional_feature_value\";s:4:\"nein\";}i:5;a:2:{s:29:\"fave_additional_feature_title\";s:23:\"Netto-Kaltmiete pro m\u00b2\";s:29:\"fave_additional_feature_value\";s:14:\"13,50&nbsp;\u20ac\";}i:6;a:2:{s:29:\"fave_additional_feature_title\";s:10:\"MwSt.-Satz\";s:29:\"fave_additional_feature_value\";s:9:\"19&nbsp;%\";}i:7;a:2:{s:29:\"fave_additional_feature_title\";s:12:\"B\u00fcrofl\u00e4che\";s:29:\"fave_additional_feature_value\";s:15:\"14.710&nbsp;m\u00b2\";}i:8;a:2:{s:29:\"fave_additional_feature_title\";s:16:\"B\u00fcroteilfl\u00e4che\";s:29:\"fave_additional_feature_value\";s:12:\"439&nbsp;m\u00b2\";}i:9;a:2:{s:29:\"fave_additional_feature_title\";s:10:\"Teilbar ab\";s:29:\"fave_additional_feature_value\";s:12:\"439&nbsp;m\u00b2\";}i:10;a:2:{s:29:\"fave_additional_feature_title\";s:19:\"Art der Ausstattung\";s:29:\"fave_additional_feature_value\";s:8:\"Standard\";}i:11;a:2:{s:29:\"fave_additional_feature_title\";s:10:\"Bodenbelag\";s:29:\"fave_additional_feature_value\";s:7:\"Teppich\";}i:12;a:2:{s:29:\"fave_additional_feature_title\";s:13:\"Stellplatzart\";s:29:\"fave_additional_feature_value\";s:21:\"Tiefgarage, Freiplatz\";}i:13;a:2:{s:29:\"fave_additional_feature_title\";s:7:\"Zustand\";s:29:\"fave_additional_feature_value\";s:8:\"gepflegt\";}i:14;a:2:{s:29:\"fave_additional_feature_title\";s:27:\"Immobilie ist verf\u00fcgbar ab\";s:29:\"fave_additional_feature_value\";s:6:\"sofort\";}}"],"fave_additional_features_enable":["enable"],"_immonex_custom_fields":["a:4:{s:18:\"Energieausweis-Art\";a:5:{s:14:\"mapping_source\";s:35:\"zustand_angaben->energiepass->epart\";s:4:\"name\";s:0:\"\";s:5:\"group\";s:5:\"epass\";s:5:\"value\";s:11:\"Consumption\";s:19:\"value_before_filter\";s:9:\"VERBRAUCH\";}s:23:\"Stromverbrauchskennwert\";a:5:{s:14:\"mapping_source\";s:39:\"zustand_angaben->energiepass->stromwert\";s:4:\"name\";s:0:\"\";s:5:\"group\";s:5:\"epass\";s:5:\"value\";s:19:\"91&nbsp;kWh\/(m\u00b2*a)\";s:19:\"value_before_filter\";s:2:\"91\";}s:29:\"Heizenergieverbrauchskennwert\";a:5:{s:14:\"mapping_source\";s:40:\"zustand_angaben->energiepass->waermewert\";s:4:\"name\";s:0:\"\";s:5:\"group\";s:5:\"epass\";s:5:\"value\";s:20:\"100&nbsp;kWh\/(m\u00b2*a)\";s:19:\"value_before_filter\";s:3:\"100\";}s:23:\"Energieausweis-Jahrgang\";a:5:{s:14:\"mapping_source\";s:38:\"zustand_angaben->energiepass->jahrgang\";s:4:\"name\";s:0:\"\";s:5:\"group\";s:5:\"epass\";s:5:\"value\";s:11:\"before 2014\";s:19:\"value_before_filter\";s:4:\"2008\";}}"],"_immonex_property_xml_source":["<?xml version=\"1.0\"?>\n<immobilie>\n<objektkategorie>\n<nutzungsart WOHNEN=\"false\" GEWERBE=\"true\"\/>\n<vermarktungsart KAUF=\"false\" MIETE_PACHT=\"true\"\/>\n<objektart>\n<buero_praxen\/>\n<\/objektart>\n<user_defined_simplefield\/>\n<\/objektkategorie>\n<geo>\n<plz>45128<\/plz>\n<ort>Essen<\/ort>\n<strasse>Rellinghauser Stra&#xDF;e<\/strasse>\n<hausnummer>27<\/hausnummer>\n<land iso_land=\"DEU\"\/>\n<lage_im_bau\/>\n<regionaler_zusatz>S&#xFC;dostviertel<\/regionaler_zusatz>\n<\/geo>\n<kontaktperson>\n<email_zentrale>anfrage@ruhr-real.de<\/email_zentrale>\n<email_direkt>bruckmann@ruhr-real.de<\/email_direkt>\n<tel_durchw>+49 201 99996337<\/tel_durchw>\n<tel_fax>+49 201 99996344<\/tel_fax>\n<tel_handy>+49 172 7088870<\/tel_handy>\n<name>Bruckmann<\/name>\n<vorname>Jonas<\/vorname>\n<anrede>Herr<\/anrede>\n<firma>RUHR REAL GmbH<\/firma>\n<strasse>Holsterhauser Platz<\/strasse>\n<hausnummer>2<\/hausnummer>\n<plz>45147<\/plz>\n<ort>Essen<\/ort>\n<adressfreigabe>true<\/adressfreigabe>\n<\/kontaktperson>\n<preise>\n<nettokaltmiete>13.00<\/nettokaltmiete>\n<kaltmiete>13.00<\/kaltmiete>\n<heizkosten_enthalten>false<\/heizkosten_enthalten>\n<zzg_mehrwertsteuer>false<\/zzg_mehrwertsteuer>\n<preis_zeiteinheit\/>\n<mietpreis_pro_qm>13.5000<\/mietpreis_pro_qm>\n<provisionspflichtig>false<\/provisionspflichtig>\n<waehrung iso_waehrung=\"EUR\"\/>\n<mwst_satz>19.00<\/mwst_satz>\n<stp_carport\/>\n<stp_duplex\/>\n<stp_freiplatz\/>\n<stp_garage\/>\n<stp_parkhaus\/>\n<stp_tiefgarage\/>\n<\/preise>\n<bieterverfahren\/>\n<versteigerung\/>\n<flaechen>\n<bueroflaeche>14710<\/bueroflaeche>\n<bueroteilflaeche>439<\/bueroteilflaeche>\n<teilbar_ab>439<\/teilbar_ab>\n<anzahl_stellplaetze type=\"xsd:decimal\">100<\/anzahl_stellplaetze>\n<\/flaechen>\n<ausstattung>\n<ausstatt_kategorie>STANDARD<\/ausstatt_kategorie>\n<raeume_veraenderbar>true<\/raeume_veraenderbar>\n<bad\/>\n<kueche\/>\n<boden TEPPICH=\"true\"\/>\n<heizungsart ZENTRAL=\"true\" FERN=\"true\"\/>\n<befeuerung\/>\n<klimatisiert>true<\/klimatisiert>\n<fahrstuhl PERSONEN=\"true\"\/>\n<stellplatzart FREIPLATZ=\"true\"\/>\n<stellplatzart TIEFGARAGE=\"true\"\/>\n<ausricht_balkon_terrasse\/>\n<rollstuhlgerecht>true<\/rollstuhlgerecht>\n<barrierefrei>true<\/barrierefrei>\n<angeschl_gastronomie\/>\n<sicherheitstechnik\/>\n<\/ausstattung>\n<zustand_angaben>\n<baujahr>1995<\/baujahr>\n<zustand zustand_art=\"GEPFLEGT\"\/>\n<energiepass>\n<epart>VERBRAUCH<\/epart>\n<stromwert>91<\/stromwert>\n<waermewert>100<\/waermewert>\n<jahrgang>2008<\/jahrgang>\n<\/energiepass>\n<\/zustand_angaben>\n<bewertung\/>\n<infrastruktur\/>\n<freitexte>\n<objekttitel>Attraktive B&#xFC;rofl&#xE4;chen in der Essener Innenstadt | Stellpl&#xE4;tze vorhanden | hervorragende Anbindung <\/objekttitel>\n<lage>Der Standort liegt im Herzen der Metropolregion Ruhr und dem Zentrum der Stadt Essen. Die A40 ist innerhalb von 2 Fahrminuten zu erreichen. Ein weiterer Standortvorteil begr&#xFC;ndet sich mit der unmittelbaren N&#xE4;he zur Essener Innenstadt und dem Hauptbahnhof. \n\nBedeutende Unternehmen in der B&#xFC;romarktzone: EVONIK, STEAG, 11880, PricewaterhouseCoopers GmbH Wirtschaftspr&#xFC;fungsgesellschaft, Ferrostaal, Brenntag AG, Bitmarck\n\nHotels in der Umgebung: Sheraton Hotel, Intercity Hotel, Mercure Hotel, ibis Hotel, Select Hotel Handelshof<\/lage>\n<ausstatt_beschr>&#x2022; Klima\/ Bel&#xFC;ftung: teilklimatisiert\n&#x2022; Sonnenschutz: au&#xDF;enliegend, elektrisch\n&#x2022; Aufz&#xFC;ge: Personenaufzug\/ Lastenaufzug \n&#x2022; Schlie&#xDF;anlage: Generalschlie&#xDF;anlage, mit mieterseitigen Erweiterungen \n&#x2022; Barrierefreiheit: ebenerdiger Zugang \n&#x2022; Heizung: Zentralheizungsanlage (Fernw&#xE4;rme) \n&#x2022; Bodenbelag: Teppichboden\n&#x2022; Beleuchtung: Deckenbeleuchtung<\/ausstatt_beschr>\n<objektbeschreibung>Bei der Immobilie handelt es sich um einen Konzernsitz in direkter und fu&#xDF;l&#xE4;ufiger N&#xE4;he zum Essener Hbf. Das Objekt verf&#xFC;gt &#xFC;ber ein repr&#xE4;sentatives Foyer und einen besetzten Empfang. Die B&#xFC;roetagen sind &#xFC;ber das Treppenhaus oder per Aufzug zu erreichen. Die Gesamtmietfl&#xE4;che (B&#xFC;ros,\ninkl. der umlagef&#xE4;higen Verkehrsfl&#xE4;chen) von ca. 15.000 m&#xB2; befindet sich im Erdgeschoss und 1. bis \n15. Obergeschoss und ist mechanisch gek&#xFC;hlt. 241 PKW-Stellpl&#xE4;tze sind in der Tiefgarage vorhanden. Diverse Archiv-\/Lagerfl&#xE4;chen befinden sich in den drei Untergeschossen mit einer Gr&#xF6;&#xDF;e\nvon ca. 1.500 m&#xB2;. Im Haus gibt es sowohl Zellenb&#xFC;ros als auch Open-Space Fl&#xE4;chen.\n\nDerzeit stehen folgende Fl&#xE4;chen zur Disposition:\n\nEG: 944,99 m&#xB2;\n1. OG: 956,36 m&#xB2;\n2. OG: 1.121,15 m&#xB2;\n3. OG: 1.121,14 m&#xB2;\n4. OG: 1.123,04 m&#xB2;\n5. OG: 1.123,04 m&#xB2;\n6. OG: 1.123,04 m&#xB2;\n7. OG: 1.123,04 m&#xB2;\n8. OG: 800,04 m&#xB2;\n9. OG: 524,31 m&#xB2;, Dachterrasse 304,49 m&#xB2;\n10. OG: 801,60 m&#xB2;\n11. OG: 801,60 m&#xB2;\n12. OG: 803,14 m&#xB2;\n13. OG: 803,14 m&#xB2;\n14. OG: 796,75 m&#xB2;\n15. OG: 308,16 m&#xB2;, Dachterrasse 130,52 m&#xB2;\n\n<\/objektbeschreibung>\n<sonstige_angaben>Es gelten ausschlie&#xDF;lich unsere AGB (www.ruhr-real.de\/agb). Wir m&#xF6;chten Sie darauf hinweisen, dass die Angaben ausschlie&#xDF;lich auf den uns vom Eigent&#xFC;mer &#xFC;bermittelten Unterlagen und Informationen basieren. F&#xFC;r Richtigkeit und Vollst&#xE4;ndigkeit &#xFC;bernehmen wir keine Gew&#xE4;hr. Zwischenvermietung vorbehalten.<\/sonstige_angaben>\n<\/freitexte>\n<anhaenge>\n<anhang location=\"EXTERN\" gruppe=\"TITELBILD\">\n<anhangtitel>Geb&#xE4;udeansicht<\/anhangtitel>\n<format>jpg<\/format>\n<daten>\n<pfad>d164af8d48a84a7f90e456e1c9522699.jpg<\/pfad>\n<\/daten>\n<\/anhang>\n<anhang location=\"EXTERN\" gruppe=\"BILD\">\n<anhangtitel>Konferenzraum<\/anhangtitel>\n<format>jpg<\/format>\n<daten>\n<pfad>416f952306a5491091e5b8682f240e40.jpg<\/pfad>\n<\/daten>\n<\/anhang>\n<anhang location=\"EXTERN\" gruppe=\"BILD\">\n<anhangtitel>B&#xFC;ro<\/anhangtitel>\n<format>jpg<\/format>\n<daten>\n<pfad>ce018ffbda834962a45770034b696d27.jpg<\/pfad>\n<\/daten>\n<\/anhang>\n<anhang location=\"EXTERN\" gruppe=\"BILD\"><anhangtitel>Chilllounge<\/anhangtitel>\n<format>jpg<\/format>\n<daten>\n<pfad>2f40b83d9193407e896f019bcce912f4.jpg<\/pfad>\n<\/daten>\n<\/anhang>\n<anhang location=\"EXTERN\" gruppe=\"BILD\">\n<anhangtitel>Innenansicht<\/anhangtitel>\n<format>jpg<\/format>\n<daten>\n<pfad>3c5985788f37401c9574fbdac66e265a.jpg<\/pfad>\n<\/daten>\n<\/anhang>\n<anhang location=\"EXTERN\" gruppe=\"BILD\">\n<anhangtitel>Eingang<\/anhangtitel>\n<format>jpg<\/format>\n<daten>\n<pfad>e758758ea6964592951fa416d7e62dc6.jpg<\/pfad>\n<\/daten>\n<\/anhang>\n<anhang location=\"EXTERN\" gruppe=\"BILD\">\n<anhangtitel>Au&#xDF;enansicht<\/anhangtitel>\n<format>jpg<\/format>\n<daten>\n<pfad>ec56e33308a543e2af05dcf324817f43.jpg<\/pfad>\n<\/daten>\n<\/anhang>\n<anhang location=\"EXTERN\" gruppe=\"GRUNDRISS\">\n<anhangtitel>5. OG<\/anhangtitel>\n<format>png<\/format>\n<daten>\n<pfad>0677ff678be8474c964ba3789aa4b403.png<\/pfad>\n<\/daten>\n<\/anhang>\n<anhang location=\"EXTERN\" gruppe=\"GRUNDRISS\">\n<anhangtitel>14. OG<\/anhangtitel>\n<format>png<\/format>\n<daten>\n<pfad>da2c6c8816d247d28e8a5c271db62960.png<\/pfad>\n<\/daten>\n<\/anhang>\n<\/anhaenge>\n<verwaltung_objekt>\n<objektadresse_freigeben>false<\/objektadresse_freigeben>\n<verfuegbar_ab>sofort<\/verfuegbar_ab>\n<geschlecht\/>\n<gewerbliche_nutzung>true<\/gewerbliche_nutzung>\n<\/verwaltung_objekt>\n<verwaltung_techn>\n<objektnr_intern>C90A2A1648F54E65BF8AAC8F99E44611<\/objektnr_intern>\n<objektnr_extern>1140<\/objektnr_extern>\n<aktion aktionart=\"CHANGE\"\/>\n<openimmo_obid>C90A2A1648F54E65BF8AAC8F99E44611<\/openimmo_obid>\n<kennung_ursprung>estatePro V10.0.0.8<\/kennung_ursprung>\n<stand_vom>2026-04-28<\/stand_vom>\n<\/verwaltung_techn>\n<user_defined_simplefield feldname=\"Startseite\">Nein<\/user_defined_simplefield>\n<\/immobilie>\n"],"_immonex_energy_class":[""],"_immonex_energy_class_id":["0"],"_thumbnail_id":["188302"],"fave_property_images":["188302","188303","188304","188305","188306","188307","188308"],"fave_floor_plans_enable":["enable"],"floor_plans":["a:2:{i:0;a:7:{s:15:\"fave_plan_title\";s:5:\"5. OG\";s:15:\"fave_plan_rooms\";s:0:\"\";s:19:\"fave_plan_bathrooms\";s:0:\"\";s:15:\"fave_plan_price\";s:0:\"\";s:14:\"fave_plan_size\";s:0:\"\";s:15:\"fave_plan_image\";s:84:\"https:\/\/ruhr-real.de\/wp-content\/uploads\/2026\/04\/0677ff678be8474c964ba3789aa4b403.png\";s:21:\"fave_plan_description\";s:0:\"\";}i:1;a:7:{s:15:\"fave_plan_title\";s:6:\"14. OG\";s:15:\"fave_plan_rooms\";s:0:\"\";s:19:\"fave_plan_bathrooms\";s:0:\"\";s:15:\"fave_plan_price\";s:0:\"\";s:14:\"fave_plan_size\";s:0:\"\";s:15:\"fave_plan_image\";s:84:\"https:\/\/ruhr-real.de\/wp-content\/uploads\/2026\/04\/da2c6c8816d247d28e8a5c271db62960.png\";s:21:\"fave_plan_description\";s:0:\"\";}}"],"fave_prop_homeslider":["yes"],"fave_prop_slider_image":["188302"],"fave_agents":["111496"],"fave_agent_display_option":["agent_info"],"fave_single_top_area":["global"],"fave_single_content_area":["global"],"fave_property_map":["1"],"fave_property_map_street_view":["hide"],"fave_property_size_prefix":["m\u00b2"],"fave_property_land_postfix":["m\u00b2"],"fave_featured":["0"],"houzez_featured_listing_date":[""],"fave_property_price_postfix":["pro&nbsp;m\u00b2"],"fave_currency":["EUR"],"fave_currency_info":["a:8:{s:2:\"id\";s:1:\"1\";s:13:\"currency_name\";s:4:\"Euro\";s:13:\"currency_code\";s:3:\"EUR\";s:15:\"currency_symbol\";s:3:\"\u20ac\";s:17:\"currency_position\";s:5:\"after\";s:16:\"currency_decimal\";s:1:\"2\";s:26:\"currency_decimal_separator\";s:1:\",\";s:27:\"currency_thousand_separator\";s:1:\".\";}"],"_wpml_word_count":["404"],"houzez_total_property_views":["9"],"houzez_views_by_date":["a:2:{s:10:\"04-28-2026\";i:4;s:10:\"04-29-2026\";i:5;}"],"houzez_recently_viewed":["2026-04-29 06:44:19"],"_elementor_page_assets":["a:0:{}"]},"_links":{"self":[{"href":"https:\/\/ruhr-real.de\/en\/wp-json\/wp\/v2\/properties\/132560","targetHints":{"allow":["GET"]}}],"collection":[{"href":"https:\/\/ruhr-real.de\/en\/wp-json\/wp\/v2\/properties"}],"about":[{"href":"https:\/\/ruhr-real.de\/en\/wp-json\/wp\/v2\/types\/property"}],"author":[{"embeddable":true,"href":"https:\/\/ruhr-real.de\/en\/wp-json\/wp\/v2\/users\/1"}],"version-history":[{"count":2,"href":"https:\/\/ruhr-real.de\/en\/wp-json\/wp\/v2\/properties\/132560\/revisions"}],"predecessor-version":[{"id":188301,"href":"https:\/\/ruhr-real.de\/en\/wp-json\/wp\/v2\/properties\/132560\/revisions\/188301"}],"wp:featuredmedia":[{"embeddable":true,"href":"https:\/\/ruhr-real.de\/en\/wp-json\/wp\/v2\/media\/188302"}],"wp:attachment":[{"href":"https:\/\/ruhr-real.de\/en\/wp-json\/wp\/v2\/media?parent=132560"}],"wp:term":[{"taxonomy":"property_type","embeddable":true,"href":"https:\/\/ruhr-real.de\/en\/wp-json\/wp\/v2\/property_type?post=132560"},{"taxonomy":"property_status","embeddable":true,"href":"https:\/\/ruhr-real.de\/en\/wp-json\/wp\/v2\/property_status?post=132560"},{"taxonomy":"property_feature","embeddable":true,"href":"https:\/\/ruhr-real.de\/en\/wp-json\/wp\/v2\/property_feature?post=132560"},{"taxonomy":"property_label","embeddable":true,"href":"https:\/\/ruhr-real.de\/en\/wp-json\/wp\/v2\/property_label?post=132560"},{"taxonomy":"property_country","embeddable":true,"href":"https:\/\/ruhr-real.de\/en\/wp-json\/wp\/v2\/property_country?post=132560"},{"taxonomy":"property_state","embeddable":true,"href":"https:\/\/ruhr-real.de\/en\/wp-json\/wp\/v2\/property_state?post=132560"},{"taxonomy":"property_city","embeddable":true,"href":"https:\/\/ruhr-real.de\/en\/wp-json\/wp\/v2\/property_city?post=132560"},{"taxonomy":"property_area","embeddable":true,"href":"https:\/\/ruhr-real.de\/en\/wp-json\/wp\/v2\/property_area?post=132560"}],"curies":[{"name":"wp","href":"https:\/\/api.w.org\/{rel}","templated":true}]}}