{"id":133163,"date":"2025-09-24T11:01:25","date_gmt":"2025-09-24T09:01:25","guid":{"rendered":"https:\/\/ruhr-real.de\/objekt\/ruhr-real-effiziente-flaeche-mit-hoher-sichtbarkeit-gute-oepnv-anbindung-provisionsfrei\/"},"modified":"2025-09-25T15:16:24","modified_gmt":"2025-09-25T13:16:24","slug":"ruhr-real-effiziente-flaeche-mit-hoher-sichtbarkeit-gute-oepnv-anbindung-provisionsfrei","status":"publish","type":"property","link":"https:\/\/ruhr-real.de\/en\/objekt\/ruhr-real-effiziente-flaeche-mit-hoher-sichtbarkeit-gute-oepnv-anbindung-provisionsfrei\/","title":{"rendered":"RUHR REAL: Effiziente Fl\u00e4che mit hoher Sichtbarkeit | Gute \u00d6PNV-Anbindung | PROVISIONSFREI"},"content":{"rendered":"<p>Die Immobilie befindet sich mitten in der Wittener Innenstadt und besticht somit durch ihre exzellente Anbindung. Auf verschiedenen Geschossen des Geb\u00e4udes befinden sich mehrere zur Disposition stehende, moderne und  B\u00fcrofl\u00e4chen. Zudem verf\u00fcgt das Geb\u00e4ude \u00fcber eine genehmigte Praxis- und Gastronomiefl\u00e4che.<br \/>\nDie R\u00e4ume sind hell, modern und lassen sich flexibel einrichten.  Mit einem Personenaufzug lassen sich alle Etagen problemlos erschlie\u00dfen.<\/p>\n<p>Folgende Fl\u00e4chen stehen aktuell zur Disposition:<\/p>\n<p>1. OG: 538 m\u00b2 Gastronomie<br \/>\n2. OG: 379 m\u00b2 B\u00fcro<br \/>\n3. OG: 245 m\u00b2 B\u00fcro<br \/>\n4. OG rechts: 214 m\u00b2 B\u00fcro<br \/>\n4. OG links: 350 m\u00b2 Praxis<\/p>\n<p>Die Immobilie befindet sich in der Wittener Innenstadt, vis-a-vis mit dem Rathaus. Zahlreiche Einzelhandelsbetrieben, Nahversorgungsm\u00f6glichkeiten und gastronomischen Betrieben liegen unmittelbar am Objekt. Die Autobahnen A43 &amp; 448 sind in wenigen Minuten per PKW erreichbar. \u00d6ffentliche Verkehrsmittel sind fu\u00dfl\u00e4ufig zu erreichen.<\/p>\n<p>\u2022 Bodenbelag: Nach Absprache<br \/>\n\u2022 EDV-Verkabelung: Kat 6a &#8211; Kat 7<br \/>\n\u2022 Kabelf\u00fchrung: Bodentanks<br \/>\n\u2022 Sonnenschutz: Au\u00dfenliegend, elektrisch &amp; innenliegend, manuell<br \/>\n\u2022 Teek\u00fcche: Zum Teil voll ausgestattet<br \/>\n\u2022 Beleuchtung: Pendelleuchten<\/p>\n<p>Es gelten ausschlie\u00dflich unsere AGB (www.ruhr-real.de\/agb). Wir m\u00f6chten Sie darauf hinweisen, dass die Angaben ausschlie\u00dflich auf den uns vom Eigent\u00fcmer \u00fcbermittelten Unterlagen und Informationen basieren. F\u00fcr Richtigkeit und Vollst\u00e4ndigkeit \u00fcbernehmen wir keine Gew\u00e4hr. Zwischenvermietung vorbehalten.<br \/>\n<div class=\"widget widget_immonex_user_defined_properties_widget\"><div class=\"immonex-widget immonex-widget-houzez\">\n\t\t<div class=\"immonex-widget-title clearfix\">\n\t\t<h2 class=\"widgettitle\">Energieeffizienz<\/h2>\t<\/div>\n\t\t<ul class=\"immonex-property-details row list-lined list-unstyled\">\n\t\t\t\t<li>\n\t\t\t<div class=\"list-lined-item w-100 d-flex justify-content-between py-2\">\n\t\t\t\t\t\t\t\t<strong class=\"property-details-label\">Energieausweis-Art:<\/strong>&nbsp;<span class=\"property-details-value\">Consumption<\/span>\n\t\t\t\t\t\t\t<\/div>\n\t\t<\/li>\n\t\t\t\t<li>\n\t\t\t<div class=\"list-lined-item w-100 d-flex justify-content-between py-2\">\n\t\t\t\t\t\t\t\t<strong class=\"property-details-label\">Energieausweis g\u00fcltig bis:<\/strong>&nbsp;<span class=\"property-details-value\">25.04.2028<\/span>\n\t\t\t\t\t\t\t<\/div>\n\t\t<\/li>\n\t\t\t\t<li>\n\t\t\t<div class=\"list-lined-item w-100 d-flex justify-content-between py-2\">\n\t\t\t\t\t\t\t\t<strong class=\"property-details-label\">Prim\u00e4renergietr\u00e4ger:<\/strong>&nbsp;<span class=\"property-details-value\">Gas<\/span>\n\t\t\t\t\t\t\t<\/div>\n\t\t<\/li>\n\t\t\t\t<li>\n\t\t\t<div class=\"list-lined-item w-100 d-flex justify-content-between py-2\">\n\t\t\t\t\t\t\t\t<strong class=\"property-details-label\">Baujahr (Energieausweis):<\/strong>&nbsp;<span class=\"property-details-value\">2001<\/span>\n\t\t\t\t\t\t\t<\/div>\n\t\t<\/li>\n\t\t\t\t<li>\n\t\t\t<div class=\"list-lined-item w-100 d-flex justify-content-between py-2\">\n\t\t\t\t\t\t\t\t<strong class=\"property-details-label\">Energieausweis-Ausstellungsdatum:<\/strong>&nbsp;<span class=\"property-details-value\">26.04.2018<\/span>\n\t\t\t\t\t\t\t<\/div>\n\t\t<\/li>\n\t\t\t<\/ul>\n<\/div><\/div><\/p>\n","protected":false},"excerpt":{"rendered":"<p>Die Immobilie befindet sich mitten in der Wittener Innenstadt und besticht somit durch ihre exzellente Anbindung. Auf&#8230;<\/p>\n","protected":false},"author":1,"featured_media":168093,"parent":0,"menu_order":0,"template":"","property_type":[379],"property_status":[352],"property_feature":[354,350],"property_label":[],"property_country":[353],"property_state":[],"property_city":[518],"property_area":[],"class_list":["post-133163","property","type-property","status-publish","has-post-thumbnail","hentry","property_type-bueroflaechen","property_status-zu-vermieten","property_feature-personenaufzug","property_feature-raeume-veraenderbar","property_country-deutschland","property_city-witten"],"acf":[],"property_meta":{"_immonex_import_folder":["users\/RUHRREAL"],"_immonex_translation_id":["3572\/E1"],"_openimmo_obid":["E3B3F5DFB1FD4834A9E6A53628A105C2"],"_is_immonex_import_property":["1"],"_immonex_is_reference":[""],"rank_math_internal_links_processed":["1"],"_immonex_post_status":["updated"],"fave_property_map_address":["58452 Witten"],"fave_property_zip":["58452"],"fave_property_country":["DE"],"_immonex_lat":["51.4355898"],"_immonex_lng":["7.3253869"],"houzez_geolocation_lat":["51.4355898"],"houzez_geolocation_long":["7.3253869"],"fave_property_location":["51.4355898,7.3253869"],"fave_property_price":["8.50"],"fave_property_size":["538"],"fave_property_year":["2001"],"fave_property_id":["3572\/E1"],"_fave_property_id":["3572\/E1"],"_immonex_iso_country":["DEU"],"_openimmo_anid":["0000"],"_immonex_group_number":[""],"_immonex_group_id":[""],"_immonex_group_master":[""],"_immonex_import_meta":["a:6:{s:8:\"zip_file\";s:131:\"\/www\/htdocs\/w0172e0e\/ruhr-real_2024\/wp-content\/uploads\/immonex-openimmo-import\/users\/RUHRREAL\/Immowelt_estatePro_20250924175912.zip\";s:8:\"xml_file\";s:158:\"\/www\/htdocs\/w0172e0e\/ruhr-real_2024\/wp-content\/uploads\/immonex-openimmo-import\/immowelt_estatepro_20250924175912\/Homepage_2024_NEW_estatePro20250924175912.xml\";s:12:\"mapping_file\";s:116:\"\/www\/htdocs\/w0172e0e\/ruhr-real_2024\/wp-content\/uploads\/immonex-openimmo-import\/mappings\/houzez_ruhrreal_18122023.csv\";s:9:\"timestamp\";i:1758732985;s:4:\"date\";s:10:\"2025-09-24\";s:4:\"time\";s:8:\"18:56:25\";}"],"_immonex_is_sold":[""],"_immonex_is_reserved":[""],"_immonex_is_available":["1"],"_immonex_areabutler_url_with_address":[""],"_immonex_areabutler_url_no_address":[""],"_immonex_areabutler_url":[""],"additional_features":["a:11:{i:0;a:2:{s:29:\"fave_additional_feature_title\";s:14:\"Nettokaltmiete\";s:29:\"fave_additional_feature_value\";s:13:\"8,50&nbsp;\u20ac\";}i:1;a:2:{s:29:\"fave_additional_feature_title\";s:9:\"Kaltmiete\";s:29:\"fave_additional_feature_value\";s:13:\"8,50&nbsp;\u20ac\";}i:2;a:2:{s:29:\"fave_additional_feature_title\";s:29:\"monatl. Betriebs-\/Nebenkosten\";s:29:\"fave_additional_feature_value\";s:13:\"4,10&nbsp;\u20ac\";}i:3;a:2:{s:29:\"fave_additional_feature_title\";s:33:\"Heizkosten in Warmmiete enthalten\";s:29:\"fave_additional_feature_value\";s:4:\"nein\";}i:4;a:2:{s:29:\"fave_additional_feature_title\";s:32:\"Preise zuz\u00fcglich Mehrwertsteuer\";s:29:\"fave_additional_feature_value\";s:4:\"nein\";}i:5;a:2:{s:29:\"fave_additional_feature_title\";s:10:\"MwSt.-Satz\";s:29:\"fave_additional_feature_value\";s:9:\"19&nbsp;%\";}i:6;a:2:{s:29:\"fave_additional_feature_title\";s:13:\"Gastrofl\u00e4che\";s:29:\"fave_additional_feature_value\";s:12:\"538&nbsp;m\u00b2\";}i:7;a:2:{s:29:\"fave_additional_feature_title\";s:19:\"Art der Ausstattung\";s:29:\"fave_additional_feature_value\";s:8:\"Standard\";}i:8;a:2:{s:29:\"fave_additional_feature_title\";s:10:\"Befeuerung\";s:29:\"fave_additional_feature_value\";s:3:\"Gas\";}i:9;a:2:{s:29:\"fave_additional_feature_title\";s:10:\"Bodenbelag\";s:29:\"fave_additional_feature_value\";s:7:\"Teppich\";}i:10;a:2:{s:29:\"fave_additional_feature_title\";s:27:\"Immobilie ist verf\u00fcgbar ab\";s:29:\"fave_additional_feature_value\";s:17:\"Nach Vereinbarung\";}}"],"fave_additional_features_enable":["enable"],"_immonex_custom_fields":["a:5:{s:18:\"Energieausweis-Art\";a:5:{s:14:\"mapping_source\";s:35:\"zustand_angaben->energiepass->epart\";s:4:\"name\";s:0:\"\";s:5:\"group\";s:5:\"epass\";s:5:\"value\";s:11:\"Consumption\";s:19:\"value_before_filter\";s:9:\"VERBRAUCH\";}s:26:\"Energieausweis g\u00fcltig bis\";a:5:{s:14:\"mapping_source\";s:41:\"zustand_angaben->energiepass->gueltig_bis\";s:4:\"name\";s:0:\"\";s:5:\"group\";s:5:\"epass\";s:5:\"value\";s:10:\"25.04.2028\";s:19:\"value_before_filter\";s:10:\"25.04.2028\";}s:21:\"Prim\u00e4renergietr\u00e4ger\";a:5:{s:14:\"mapping_source\";s:28:\"ausstattung->befeuerung:GAS+\";s:4:\"name\";s:0:\"\";s:5:\"group\";s:5:\"epass\";s:5:\"value\";s:3:\"Gas\";s:19:\"value_before_filter\";s:3:\"Gas\";}s:24:\"Baujahr (Energieausweis)\";a:5:{s:14:\"mapping_source\";s:37:\"zustand_angaben->energiepass->baujahr\";s:4:\"name\";s:0:\"\";s:5:\"group\";s:5:\"epass\";s:5:\"value\";s:4:\"2001\";s:19:\"value_before_filter\";s:4:\"2001\";}s:32:\"Energieausweis-Ausstellungsdatum\";a:5:{s:14:\"mapping_source\";s:43:\"zustand_angaben->energiepass->ausstelldatum\";s:4:\"name\";s:0:\"\";s:5:\"group\";s:5:\"epass\";s:5:\"value\";s:10:\"26.04.2018\";s:19:\"value_before_filter\";s:10:\"2018-04-26\";}}"],"_immonex_property_xml_source":["<?xml version=\"1.0\"?>\n<immobilie>\n<objektkategorie>\n<nutzungsart WOHNEN=\"false\" GEWERBE=\"true\"\/>\n<vermarktungsart KAUF=\"false\" MIETE_PACHT=\"true\"\/>\n<objektart>\n<buero_praxen buero_typ=\"BUEROHAUS\"\/>\n<\/objektart>\n<user_defined_simplefield\/>\n<\/objektkategorie>\n<geo>\n<plz>58452<\/plz>\n<ort>Witten<\/ort>\n<strasse>Marktstra&#xDF;e<\/strasse>\n<hausnummer>2<\/hausnummer>\n<land iso_land=\"DEU\"\/>\n<lage_im_bau\/>\n<\/geo>\n<kontaktperson>\n<email_zentrale>anfrage@ruhr-real.de<\/email_zentrale>\n<email_direkt>jeschke@ruhr-real.de<\/email_direkt><tel_durchw>+49 201 99996333<\/tel_durchw>\n<tel_fax>+49 201 99996344<\/tel_fax>\n<tel_handy>+49 172 7447817<\/tel_handy>\n<name>Jeschke<\/name>\n<vorname>Frederic<\/vorname>\n<anrede>Herr<\/anrede>\n<firma>RUHR REAL GmbH<\/firma>\n<strasse>Holsterhauser Platz<\/strasse>\n<hausnummer>2<\/hausnummer>\n<plz>45147<\/plz>\n<ort>Essen<\/ort>\n<adressfreigabe>true<\/adressfreigabe>\n<\/kontaktperson>\n<preise>\n<nettokaltmiete>8.50<\/nettokaltmiete>\n<kaltmiete>8.50<\/kaltmiete>\n<nebenkosten>4.10<\/nebenkosten>\n<heizkosten_enthalten>false<\/heizkosten_enthalten>\n<zzg_mehrwertsteuer>false<\/zzg_mehrwertsteuer>\n<preis_zeiteinheit\/>\n<provisionspflichtig>false<\/provisionspflichtig>\n<waehrung iso_waehrung=\"EUR\"\/>\n<mwst_satz>19.00<\/mwst_satz>\n<stp_carport\/>\n<stp_duplex\/>\n<stp_freiplatz\/>\n<stp_garage\/>\n<stp_parkhaus\/>\n<stp_tiefgarage\/>\n<\/preise>\n<bieterverfahren\/>\n<versteigerung\/>\n<flaechen>\n<gastroflaeche>538<\/gastroflaeche>\n<\/flaechen>\n<ausstattung>\n<ausstatt_kategorie>STANDARD<\/ausstatt_kategorie>\n<raeume_veraenderbar>true<\/raeume_veraenderbar>\n<bad\/>\n<kueche\/>\n<boden TEPPICH=\"true\"\/>\n<heizungsart\/>\n<befeuerung GAS=\"true\"\/>\n<fahrstuhl PERSONEN=\"true\"\/>\n<ausricht_balkon_terrasse\/>\n<angeschl_gastronomie\/>\n<sicherheitstechnik\/>\n<\/ausstattung>\n<zustand_angaben>\n<baujahr>2001<\/baujahr>\n<energiepass>\n<epart>VERBRAUCH<\/epart>\n<gueltig_bis>25.04.2028<\/gueltig_bis>\n<baujahr>2001<\/baujahr>\n<ausstelldatum>2018-04-26<\/ausstelldatum>\n<\/energiepass>\n<\/zustand_angaben>\n<bewertung\/>\n<infrastruktur\/>\n<freitexte>\n<objekttitel>RUHR REAL: Effiziente Fl&#xE4;che mit hoher Sichtbarkeit | Gute &#xD6;PNV-Anbindung | PROVISIONSFREI<\/objekttitel>\n<lage>Die Immobilie befindet sich in der Wittener Innenstadt, vis-a-vis mit dem Rathaus. Zahlreiche Einzelhandelsbetrieben, Nahversorgungsm&#xF6;glichkeiten und gastronomischen Betrieben liegen unmittelbar am Objekt. Die Autobahnen A43 &amp; 448 sind in wenigen Minuten per PKW erreichbar. &#xD6;ffentliche Verkehrsmittel sind fu&#xDF;l&#xE4;ufig zu erreichen. <\/lage>\n<ausstatt_beschr>&#x2022; Bodenbelag: Nach Absprache\n&#x2022; EDV-Verkabelung: Kat 6a - Kat 7\n&#x2022; Kabelf&#xFC;hrung: Bodentanks\n&#x2022; Sonnenschutz: Au&#xDF;enliegend, elektrisch &amp; innenliegend, manuell\n&#x2022; Teek&#xFC;che: Zum Teil voll ausgestattet\n&#x2022; Beleuchtung: Pendelleuchten<\/ausstatt_beschr>\n<objektbeschreibung>Die Immobilie befindet sich mitten in der Wittener Innenstadt und besticht somit durch ihre exzellente Anbindung. Auf verschiedenen Geschossen des Geb&#xE4;udes befinden sich mehrere zur Disposition stehende, moderne und  B&#xFC;rofl&#xE4;chen. Zudem verf&#xFC;gt das Geb&#xE4;ude &#xFC;ber eine genehmigte Praxis- und Gastronomiefl&#xE4;che.\nDie R&#xE4;ume sind hell, modern und lassen sich flexibel einrichten.  Mit einem Personenaufzug lassen sich alle Etagen problemlos erschlie&#xDF;en. \n\nFolgende Fl&#xE4;chen stehen aktuell zur Disposition:\n\n1. OG: 538 m&#xB2; Gastronomie\n2. OG: 379 m&#xB2; B&#xFC;ro\n3. OG: 245 m&#xB2; B&#xFC;ro\n4. OG rechts: 214 m&#xB2; B&#xFC;ro\n4. OG links: 350 m&#xB2; Praxis\n<\/objektbeschreibung>\n<sonstige_angaben>Es gelten ausschlie&#xDF;lich unsere AGB (www.ruhr-real.de\/agb). Wir m&#xF6;chten Sie darauf hinweisen, dass die Angaben ausschlie&#xDF;lich auf den uns vom Eigent&#xFC;mer &#xFC;bermittelten Unterlagen und Informationen basieren. F&#xFC;r Richtigkeit und Vollst&#xE4;ndigkeit &#xFC;bernehmen wir keine Gew&#xE4;hr. Zwischenvermietung vorbehalten.<\/sonstige_angaben>\n<\/freitexte>\n<anhaenge>\n<anhang location=\"EXTERN\" gruppe=\"TITELBILD\">\n<anhangtitel>Au&#xDF;enansicht<\/anhangtitel>\n<format>jpg<\/format>\n<daten>\n<pfad>2d268abf1df44934af35665fc1b9223c.jpg<\/pfad>\n<\/daten>\n<\/anhang>\n<anhang location=\"EXTERN\" gruppe=\"BILD\">\n<anhangtitel>Ansicht Gastro<\/anhangtitel>\n<format>jpg<\/format>\n<daten>\n<pfad>7e30645a8be6435994c1575ba2cfaf6b.jpg<\/pfad>\n<\/daten>\n<\/anhang>\n<anhang location=\"EXTERN\" gruppe=\"BILD\">\n<anhangtitel>Fl&#xE4;chenansicht<\/anhangtitel>\n<format>jpg<\/format>\n<daten>\n<pfad>673dd34830a948f5baf75eb21d136651.jpg<\/pfad>\n<\/daten>\n<\/anhang>\n<anhang location=\"EXTERN\" gruppe=\"BILD\">\n<anhangtitel>Gatronomie<\/anhangtitel>\n<format>jpg<\/format>\n<daten>\n<pfad>4b4c814163df429a9ce7cd1f3d91b2ed.jpg<\/pfad>\n<\/daten>\n<\/anhang>\n<anhang location=\"EXTERN\" gruppe=\"BILD\">\n<anhangtitel>Sitzbereich<\/anhangtitel><format>jpg<\/format>\n<daten>\n<pfad>2bc2551148c84a6dbdc85e690c193453.jpg<\/pfad>\n<\/daten>\n<\/anhang>\n<anhang location=\"EXTERN\" gruppe=\"BILD\">\n<anhangtitel>Au&#xDF;enansicht<\/anhangtitel>\n<format>jpg<\/format>\n<daten>\n<pfad>a73db1817cbe409081cede4ecfbf5168.jpg<\/pfad>\n<\/daten>\n<\/anhang>\n<anhang location=\"EXTERN\" gruppe=\"GRUNDRISS\">\n<anhangtitel>1. OG<\/anhangtitel>\n<format>PNG<\/format>\n<daten>\n<pfad>a0aec3f4be1e440f92e91f387782972e.PNG<\/pfad>\n<\/daten>\n<\/anhang>\n<\/anhaenge>\n<verwaltung_objekt>\n<objektadresse_freigeben>false<\/objektadresse_freigeben>\n<verfuegbar_ab>Nach Vereinbarung<\/verfuegbar_ab>\n<geschlecht\/>\n<\/verwaltung_objekt>\n<verwaltung_techn>\n<objektnr_intern>E3B3F5DFB1FD4834A9E6A53628A105C2<\/objektnr_intern>\n<objektnr_extern>3572\/E1<\/objektnr_extern>\n<aktion aktionart=\"CHANGE\"\/>\n<openimmo_obid>E3B3F5DFB1FD4834A9E6A53628A105C2<\/openimmo_obid>\n<kennung_ursprung>estatePro V10.0.0.8<\/kennung_ursprung>\n<stand_vom>2025-09-24<\/stand_vom>\n<\/verwaltung_techn>\n<user_defined_simplefield feldname=\"Startseite\">Nein<\/user_defined_simplefield>\n<\/immobilie>\n"],"_immonex_energy_class":[""],"_immonex_energy_class_id":["0"],"_thumbnail_id":["168093"],"fave_property_images":["168093","168094","168095","168096","168097","168098"],"fave_floor_plans_enable":["enable"],"floor_plans":["a:1:{i:0;a:7:{s:15:\"fave_plan_title\";s:5:\"1. OG\";s:15:\"fave_plan_rooms\";s:0:\"\";s:19:\"fave_plan_bathrooms\";s:0:\"\";s:15:\"fave_plan_price\";s:0:\"\";s:14:\"fave_plan_size\";s:0:\"\";s:15:\"fave_plan_image\";s:84:\"https:\/\/ruhr-real.de\/wp-content\/uploads\/2025\/09\/a0aec3f4be1e440f92e91f387782972e.png\";s:21:\"fave_plan_description\";s:0:\"\";}}"],"fave_prop_homeslider":["yes"],"fave_prop_slider_image":["168093"],"fave_agents":["113552"],"fave_agent_display_option":["agent_info"],"fave_single_top_area":["global"],"fave_single_content_area":["global"],"fave_property_map":["1"],"fave_property_map_street_view":["hide"],"fave_property_size_prefix":["m\u00b2"],"fave_property_land_postfix":["m\u00b2"],"fave_featured":["0"],"houzez_featured_listing_date":[""],"fave_currency":["EUR"],"fave_currency_info":["a:8:{s:2:\"id\";s:1:\"1\";s:13:\"currency_name\";s:4:\"Euro\";s:13:\"currency_code\";s:3:\"EUR\";s:15:\"currency_symbol\";s:3:\"\u20ac\";s:17:\"currency_position\";s:5:\"after\";s:16:\"currency_decimal\";s:1:\"2\";s:26:\"currency_decimal_separator\";s:1:\",\";s:27:\"currency_thousand_separator\";s:1:\".\";}"],"houzez_total_property_views":["1030"],"houzez_views_by_date":["a:61:{s:10:\"02-27-2026\";i:6;s:10:\"02-28-2026\";i:4;s:10:\"03-01-2026\";i:4;s:10:\"03-02-2026\";i:4;s:10:\"03-03-2026\";i:4;s:10:\"03-04-2026\";i:4;s:10:\"03-05-2026\";i:6;s:10:\"03-06-2026\";i:4;s:10:\"03-07-2026\";i:4;s:10:\"03-08-2026\";i:4;s:10:\"03-09-2026\";i:4;s:10:\"03-10-2026\";i:4;s:10:\"03-11-2026\";i:6;s:10:\"03-12-2026\";i:4;s:10:\"03-13-2026\";i:4;s:10:\"03-14-2026\";i:5;s:10:\"03-15-2026\";i:4;s:10:\"03-16-2026\";i:2;s:10:\"03-17-2026\";i:8;s:10:\"03-18-2026\";i:6;s:10:\"03-19-2026\";i:4;s:10:\"03-20-2026\";i:6;s:10:\"03-21-2026\";i:4;s:10:\"03-22-2026\";i:4;s:10:\"03-23-2026\";i:4;s:10:\"03-24-2026\";i:4;s:10:\"03-25-2026\";i:6;s:10:\"03-26-2026\";i:8;s:10:\"03-27-2026\";i:4;s:10:\"03-28-2026\";i:4;s:10:\"03-29-2026\";i:4;s:10:\"03-30-2026\";i:2;s:10:\"03-31-2026\";i:5;s:10:\"04-01-2026\";i:7;s:10:\"04-02-2026\";i:8;s:10:\"04-03-2026\";i:8;s:10:\"04-04-2026\";i:8;s:10:\"04-05-2026\";i:8;s:10:\"04-06-2026\";i:8;s:10:\"04-07-2026\";i:10;s:10:\"04-08-2026\";i:6;s:10:\"04-09-2026\";i:10;s:10:\"04-10-2026\";i:8;s:10:\"04-11-2026\";i:6;s:10:\"04-12-2026\";i:8;s:10:\"04-13-2026\";i:8;s:10:\"04-14-2026\";i:8;s:10:\"04-15-2026\";i:8;s:10:\"04-16-2026\";i:8;s:10:\"04-17-2026\";i:8;s:10:\"04-18-2026\";i:8;s:10:\"04-19-2026\";i:8;s:10:\"04-20-2026\";i:8;s:10:\"04-21-2026\";i:8;s:10:\"04-22-2026\";i:8;s:10:\"04-23-2026\";i:8;s:10:\"04-24-2026\";i:8;s:10:\"04-25-2026\";i:9;s:10:\"04-26-2026\";i:8;s:10:\"04-27-2026\";i:8;s:10:\"04-28-2026\";i:5;}"],"houzez_recently_viewed":["2026-04-28 20:08:24"],"tp_widgets":["a:2:{s:7:\"widgets\";a:0:{}s:9:\"update_at\";s:10:\"1764682733\";}"],"_edit_last":["13"],"_edit_lock":["1758806184:13"],"_elementor_page_assets":["a:0:{}"]},"_links":{"self":[{"href":"https:\/\/ruhr-real.de\/en\/wp-json\/wp\/v2\/properties\/133163","targetHints":{"allow":["GET"]}}],"collection":[{"href":"https:\/\/ruhr-real.de\/en\/wp-json\/wp\/v2\/properties"}],"about":[{"href":"https:\/\/ruhr-real.de\/en\/wp-json\/wp\/v2\/types\/property"}],"author":[{"embeddable":true,"href":"https:\/\/ruhr-real.de\/en\/wp-json\/wp\/v2\/users\/1"}],"version-history":[{"count":0,"href":"https:\/\/ruhr-real.de\/en\/wp-json\/wp\/v2\/properties\/133163\/revisions"}],"wp:featuredmedia":[{"embeddable":true,"href":"https:\/\/ruhr-real.de\/en\/wp-json\/wp\/v2\/media\/168093"}],"wp:attachment":[{"href":"https:\/\/ruhr-real.de\/en\/wp-json\/wp\/v2\/media?parent=133163"}],"wp:term":[{"taxonomy":"property_type","embeddable":true,"href":"https:\/\/ruhr-real.de\/en\/wp-json\/wp\/v2\/property_type?post=133163"},{"taxonomy":"property_status","embeddable":true,"href":"https:\/\/ruhr-real.de\/en\/wp-json\/wp\/v2\/property_status?post=133163"},{"taxonomy":"property_feature","embeddable":true,"href":"https:\/\/ruhr-real.de\/en\/wp-json\/wp\/v2\/property_feature?post=133163"},{"taxonomy":"property_label","embeddable":true,"href":"https:\/\/ruhr-real.de\/en\/wp-json\/wp\/v2\/property_label?post=133163"},{"taxonomy":"property_country","embeddable":true,"href":"https:\/\/ruhr-real.de\/en\/wp-json\/wp\/v2\/property_country?post=133163"},{"taxonomy":"property_state","embeddable":true,"href":"https:\/\/ruhr-real.de\/en\/wp-json\/wp\/v2\/property_state?post=133163"},{"taxonomy":"property_city","embeddable":true,"href":"https:\/\/ruhr-real.de\/en\/wp-json\/wp\/v2\/property_city?post=133163"},{"taxonomy":"property_area","embeddable":true,"href":"https:\/\/ruhr-real.de\/en\/wp-json\/wp\/v2\/property_area?post=133163"}],"curies":[{"name":"wp","href":"https:\/\/api.w.org\/{rel}","templated":true}]}}