{"id":133576,"date":"2024-07-30T00:01:05","date_gmt":"2024-07-29T22:01:05","guid":{"rendered":"https:\/\/ruhr-real.de\/objekt\/ihre-neue-bueroflaeche-im-westviertel-begruentes-rooftop-stellplaetze-vor-ort\/"},"modified":"2024-07-30T00:01:05","modified_gmt":"2024-07-29T22:01:05","slug":"ihre-neue-bueroflaeche-im-westviertel-begruentes-rooftop-stellplaetze-vor-ort","status":"publish","type":"property","link":"https:\/\/ruhr-real.de\/en\/objekt\/ihre-neue-bueroflaeche-im-westviertel-begruentes-rooftop-stellplaetze-vor-ort\/","title":{"rendered":"Ihre neue B\u00fcrofl\u00e4che im Westviertel | Begr\u00fcntes Rooftop | Stellpl\u00e4tze vor Ort"},"content":{"rendered":"<p>Das Objekt bietet Ihnen flexible M\u00f6glichkeiten der B\u00fcronutzung. Sie haben die Wahl:<br \/>\nOpen-Space, Einzelb\u00fcrol\u00f6sung oder Doppelb\u00fcros.<br \/>\nDas zentral gelegene Objekt bietet Ihnen als zuk\u00fcnftigen Mieter die M\u00f6glichkeit, den Grundriss nach Ihren Anforderungen zu gestalten. Eine Teilfl\u00e4chenanmietung ist dar\u00fcber hinaus m\u00f6glich.<\/p>\n<p>Derzeit stehen folgende Fl\u00e4chen zur Disposition<\/p>\n<p>EG: 506 m\u00b2<br \/>\n1. OG: 512 m\u00b2<\/p>\n<p>Das Objekt befindet sich nahe der Weststadt in unmittelbarer N\u00e4he zur Essener Innenstadt. Die Autobahnauffahrten der A40 und der A52 sind in wenigen Minuten zu erreichen. Ebenfalls bietet die zentrale Lage M\u00f6glichkeiten zur schnellen Anbindung an das \u00f6ffentliche Verkehrsnetz.<\/p>\n<p>Bedeutende Unternehmen in der B\u00fcromarktzone: CANDA International, GNS Nuklear-Service GmbH, Johnson Controls Systems &amp; Service GmbH, Multi Contakt<\/p>\n<p>Hotels der Umgebung: B&amp;B Hotel, Holiday Inn Express, Essen City Suites<\/p>\n<p>\u2022 CAT-Verkabelung: CAT-6<br \/>\n\u2022 Verkabelungsort: Fensterbankkabelkanal<br \/>\n\u2022 Sonnenschutz: au\u00dfenliegend<br \/>\n\u2022 Beleuchtung: Rasterleuchten<br \/>\n\u2022 Bodenbelag: Parkettboden, teilweise Teppichboden<\/p>\n<p>Die Ausstattung kann bei Bedarf angepasst werden!<\/p>\n<p>Es gelten ausschlie\u00dflich unsere AGB (www.ruhr-real.de\/agb). Wir m\u00f6chten Sie darauf hinweisen, dass die Angaben ausschlie\u00dflich auf den uns vom Eigent\u00fcmer \u00fcbermittelten Unterlagen und Informationen basieren. F\u00fcr Richtigkeit und Vollst\u00e4ndigkeit \u00fcbernehmen wir keine Gew\u00e4hr. Zwischenvermietung vorbehalten.<br \/>\n<div class=\"widget widget_immonex_user_defined_properties_widget\"><div class=\"immonex-widget immonex-widget-houzez\">\n\t\t<div class=\"immonex-widget-title clearfix\">\n\t\t<h2 class=\"widgettitle\">Energieeffizienz<\/h2>\t<\/div>\n\t\t<ul class=\"immonex-property-details row list-lined list-unstyled\">\n\t\t\t\t<li>\n\t\t\t<div class=\"list-lined-item w-100 d-flex justify-content-between py-2\">\n\t\t\t\t\t\t\t\t<strong class=\"property-details-label\">Energieausweis-Jahrgang:<\/strong>&nbsp;<span class=\"property-details-value\">not available<\/span>\n\t\t\t\t\t\t\t<\/div>\n\t\t<\/li>\n\t\t\t<\/ul>\n<\/div><\/div><\/p>\n","protected":false},"excerpt":{"rendered":"<p>Das Objekt bietet Ihnen flexible M\u00f6glichkeiten der B\u00fcronutzung. Sie haben die Wahl: Open-Space, Einzelb\u00fcrol\u00f6sung&#8230;<\/p>\n","protected":false},"author":1,"featured_media":133577,"parent":0,"menu_order":0,"template":"","property_type":[379],"property_status":[352],"property_feature":[],"property_label":[],"property_country":[353],"property_state":[],"property_city":[306],"property_area":[458],"class_list":["post-133576","property","type-property","status-publish","has-post-thumbnail","hentry","property_type-bueroflaechen","property_status-zu-vermieten","property_country-deutschland","property_city-essen","property_area-altendorf"],"acf":[],"property_meta":{"rank_math_internal_links_processed":["1"],"_immonex_import_folder":["users\/RUHRREAL"],"fave_property_map_address":["45143 Essen"],"fave_property_zip":["45143"],"fave_property_country":["DE"],"_immonex_lat":["51.4749305"],"_immonex_lng":["6.97931226101"],"houzez_geolocation_lat":["51.4749305"],"houzez_geolocation_long":["6.97931226101"],"fave_property_location":["51.4749305,6.97931226101"],"fave_property_price":["15.00"],"fave_property_sec_price":["15.0000"],"fave_property_size":["512"],"fave_property_id":["237\/E4"],"_immonex_translation_id":["237\/E4"],"_immonex_iso_country":["DEU"],"_openimmo_obid":["9C383B6DBA1843D2914AAC6E5457CA8A"],"_openimmo_anid":["0000"],"_immonex_group_number":[""],"_immonex_group_id":[""],"_immonex_group_master":[""],"_immonex_import_meta":["a:6:{s:8:\"zip_file\";s:131:\"\/www\/htdocs\/w0172e0e\/ruhr-real_2024\/wp-content\/uploads\/immonex-openimmo-import\/users\/RUHRREAL\/Immowelt_estatePro_20240730150836.zip\";s:8:\"xml_file\";s:158:\"\/www\/htdocs\/w0172e0e\/ruhr-real_2024\/wp-content\/uploads\/immonex-openimmo-import\/immowelt_estatepro_20240730150836\/Homepage_2024_NEW_estatePro20240730150836.xml\";s:12:\"mapping_file\";s:116:\"\/www\/htdocs\/w0172e0e\/ruhr-real_2024\/wp-content\/uploads\/immonex-openimmo-import\/mappings\/houzez_ruhrreal_18122023.csv\";s:9:\"timestamp\";i:1722344945;s:4:\"date\";s:10:\"2024-07-30\";s:4:\"time\";s:8:\"15:09:05\";}"],"_is_immonex_import_property":["1"],"_immonex_is_reference":[""],"_immonex_is_sold":[""],"_immonex_is_reserved":[""],"_immonex_is_available":["1"],"additional_features":["a:12:{i:0;a:2:{s:29:\"fave_additional_feature_title\";s:14:\"Nettokaltmiete\";s:29:\"fave_additional_feature_value\";s:11:\"15&nbsp;\u20ac\";}i:1;a:2:{s:29:\"fave_additional_feature_title\";s:9:\"Kaltmiete\";s:29:\"fave_additional_feature_value\";s:11:\"15&nbsp;\u20ac\";}i:2;a:2:{s:29:\"fave_additional_feature_title\";s:29:\"monatl. Betriebs-\/Nebenkosten\";s:29:\"fave_additional_feature_value\";s:13:\"2,50&nbsp;\u20ac\";}i:3;a:2:{s:29:\"fave_additional_feature_title\";s:33:\"Heizkosten in Warmmiete enthalten\";s:29:\"fave_additional_feature_value\";s:4:\"nein\";}i:4;a:2:{s:29:\"fave_additional_feature_title\";s:32:\"Preise zuz\u00fcglich Mehrwertsteuer\";s:29:\"fave_additional_feature_value\";s:4:\"nein\";}i:5;a:2:{s:29:\"fave_additional_feature_title\";s:23:\"Netto-Kaltmiete pro m\u00b2\";s:29:\"fave_additional_feature_value\";s:11:\"15&nbsp;\u20ac\";}i:6;a:2:{s:29:\"fave_additional_feature_title\";s:10:\"MwSt.-Satz\";s:29:\"fave_additional_feature_value\";s:9:\"19&nbsp;%\";}i:7;a:2:{s:29:\"fave_additional_feature_title\";s:12:\"B\u00fcrofl\u00e4che\";s:29:\"fave_additional_feature_value\";s:12:\"512&nbsp;m\u00b2\";}i:8;a:2:{s:29:\"fave_additional_feature_title\";s:16:\"B\u00fcroteilfl\u00e4che\";s:29:\"fave_additional_feature_value\";s:12:\"512&nbsp;m\u00b2\";}i:9;a:2:{s:29:\"fave_additional_feature_title\";s:10:\"Teilbar ab\";s:29:\"fave_additional_feature_value\";s:12:\"512&nbsp;m\u00b2\";}i:10;a:2:{s:29:\"fave_additional_feature_title\";s:13:\"Stellplatzart\";s:29:\"fave_additional_feature_value\";s:21:\"Tiefgarage, Freiplatz\";}i:11;a:2:{s:29:\"fave_additional_feature_title\";s:27:\"Immobilie ist verf\u00fcgbar ab\";s:29:\"fave_additional_feature_value\";s:17:\"nach Vereinbarung\";}}"],"fave_additional_features_enable":["enable"],"_immonex_custom_fields":["a:1:{s:23:\"Energieausweis-Jahrgang\";a:5:{s:14:\"mapping_source\";s:38:\"zustand_angaben->energiepass->jahrgang\";s:4:\"name\";s:0:\"\";s:5:\"group\";s:5:\"epass\";s:5:\"value\";s:13:\"not available\";s:19:\"value_before_filter\";s:4:\"ohne\";}}"],"_immonex_property_xml_source":["<?xml version=\"1.0\"?>\n<immobilie>\n<objektkategorie>\n<nutzungsart WOHNEN=\"false\" GEWERBE=\"true\"\/>\n<vermarktungsart KAUF=\"false\" MIETE_PACHT=\"true\"\/>\n<objektart>\n<buero_praxen buero_typ=\"BUEROHAUS\"\/>\n<\/objektart>\n<user_defined_simplefield\/>\n<\/objektkategorie>\n<geo>\n<plz>45143<\/plz>\n<ort>Essen<\/ort>\n<strasse>Westendhof<\/strasse>\n<hausnummer>10-12<\/hausnummer>\n<land iso_land=\"DEU\"\/>\n<lage_im_bau\/>\n<regionaler_zusatz>Altendorf<\/regionaler_zusatz>\n<\/geo>\n<kontaktperson>\n<email_zentrale>anfrage@ruhr-real.de<\/email_zentrale>\n<email_direkt>bruckmann@ruhr-real.de<\/email_direkt>\n<tel_durchw>+49 201 99996337<\/tel_durchw>\n<tel_fax>+49 201 99996344<\/tel_fax>\n<tel_handy>+49 172 7088870<\/tel_handy>\n<name>Bruckmann<\/name>\n<vorname>Jonas<\/vorname>\n<anrede>Herr<\/anrede>\n<firma>RUHR REAL GmbH<\/firma>\n<strasse>Holsterhauser Platz<\/strasse>\n<hausnummer>2<\/hausnummer>\n<plz>45147<\/plz>\n<ort>Essen<\/ort>\n<adressfreigabe>true<\/adressfreigabe>\n<\/kontaktperson>\n<preise>\n<nettokaltmiete>15.00<\/nettokaltmiete>\n<kaltmiete>15.00<\/kaltmiete>\n<nebenkosten>2.50<\/nebenkosten>\n<heizkosten_enthalten>false<\/heizkosten_enthalten>\n<zzg_mehrwertsteuer>false<\/zzg_mehrwertsteuer>\n<preis_zeiteinheit\/>\n<mietpreis_pro_qm>15.0000<\/mietpreis_pro_qm>\n<provisionspflichtig>false<\/provisionspflichtig>\n<waehrung iso_waehrung=\"EUR\"\/>\n<mwst_satz>19.00<\/mwst_satz>\n<stp_carport\/>\n<stp_duplex\/>\n<stp_freiplatz\/>\n<stp_garage\/>\n<stp_parkhaus\/>\n<stp_tiefgarage\/>\n<\/preise>\n<bieterverfahren\/>\n<versteigerung\/>\n<flaechen>\n<bueroflaeche>512<\/bueroflaeche>\n<bueroteilflaeche>512<\/bueroteilflaeche>\n<teilbar_ab>512<\/teilbar_ab>\n<\/flaechen>\n<ausstattung>\n<bad\/>\n<kueche\/>\n<heizungsart\/>\n<befeuerung\/>\n<fahrstuhl\/>\n<stellplatzart FREIPLATZ=\"true\"\/>\n<stellplatzart TIEFGARAGE=\"true\"\/>\n<ausricht_balkon_terrasse\/>\n<angeschl_gastronomie\/>\n<sicherheitstechnik\/>\n<\/ausstattung>\n<zustand_angaben>\n<energiepass>\n<jahrgang>ohne<\/jahrgang>\n<\/energiepass>\n<\/zustand_angaben>\n<bewertung\/>\n<infrastruktur\/>\n<freitexte>\n<objekttitel>Ihre neue B&#xFC;rofl&#xE4;che im Westviertel | Begr&#xFC;ntes Rooftop | Stellpl&#xE4;tze vor Ort<\/objekttitel>\n<lage>Das Objekt befindet sich nahe der Weststadt in unmittelbarer N&#xE4;he zur Essener Innenstadt. Die Autobahnauffahrten der A40 und der A52 sind in wenigen Minuten zu erreichen. Ebenfalls bietet die zentrale Lage M&#xF6;glichkeiten zur schnellen Anbindung an das &#xF6;ffentliche Verkehrsnetz. \n\nBedeutende Unternehmen in der B&#xFC;romarktzone: CANDA International, GNS Nuklear-Service GmbH, Johnson Controls Systems &amp; Service GmbH, Multi Contakt\n\nHotels der Umgebung: B&amp;B Hotel, Holiday Inn Express, Essen City Suites\n<\/lage>\n<ausstatt_beschr>&#x2022; CAT-Verkabelung: CAT-6\n&#x2022; Verkabelungsort: Fensterbankkabelkanal\n&#x2022; Sonnenschutz: au&#xDF;enliegend\n&#x2022; Beleuchtung: Rasterleuchten\n&#x2022; Bodenbelag: Parkettboden, teilweise Teppichboden\n\nDie Ausstattung kann bei Bedarf angepasst werden!<\/ausstatt_beschr>\n<objektbeschreibung>Das Objekt bietet Ihnen flexible M&#xF6;glichkeiten der B&#xFC;ronutzung. Sie haben die Wahl:\nOpen-Space, Einzelb&#xFC;rol&#xF6;sung oder Doppelb&#xFC;ros.\nDas zentral gelegene Objekt bietet Ihnen als zuk&#xFC;nftigen Mieter die M&#xF6;glichkeit, den Grundriss nach Ihren Anforderungen zu gestalten. Eine Teilfl&#xE4;chenanmietung ist dar&#xFC;ber hinaus m&#xF6;glich.\n\nDerzeit stehen folgende Fl&#xE4;chen zur Disposition\n\nEG: 506 m&#xB2;\n1. OG: 512 m&#xB2;<\/objektbeschreibung>\n<sonstige_angaben>Es gelten ausschlie&#xDF;lich unsere AGB (www.ruhr-real.de\/agb). Wir m&#xF6;chten Sie darauf hinweisen, dass die Angaben ausschlie&#xDF;lich auf den uns vom Eigent&#xFC;mer &#xFC;bermittelten Unterlagen und Informationen basieren. F&#xFC;r Richtigkeit und Vollst&#xE4;ndigkeit &#xFC;bernehmen wir keine Gew&#xE4;hr. Zwischenvermietung vorbehalten.<\/sonstige_angaben>\n<\/freitexte><anhaenge>\n<anhang location=\"EXTERN\" gruppe=\"TITELBILD\">\n<anhangtitel>DSC09533<\/anhangtitel>\n<format>jpg<\/format>\n<daten>\n<pfad>718b8f7ba2884ac2991f4c6be0fb1bb4.jpg<\/pfad>\n<\/daten>\n<\/anhang>\n<anhang location=\"EXTERN\" gruppe=\"BILD\">\n<anhangtitel>Konferenzraum<\/anhangtitel>\n<format>jpg<\/format>\n<daten>\n<pfad>f5ff3bb648754ebeb5fa5d1d22e61bcb.jpg<\/pfad>\n<\/daten>\n<\/anhang>\n<anhang location=\"EXTERN\" gruppe=\"BILD\">\n<anhangtitel>B&#xFC;rofl&#xE4;che<\/anhangtitel>\n<format>jpg<\/format>\n<daten>\n<pfad>c8cbe9af6cda47c684e19c3f539fa90e.jpg<\/pfad>\n<\/daten>\n<\/anhang>\n<anhang location=\"EXTERN\" gruppe=\"BILD\">\n<anhangtitel>Rohbaufl&#xE4;che<\/anhangtitel>\n<format>jpg<\/format>\n<daten>\n<pfad>0e0b59138cb44a2483df0202f5040e9f.jpg<\/pfad>\n<\/daten>\n<\/anhang>\n<anhang location=\"EXTERN\" gruppe=\"BILD\">\n<anhangtitel>Ausbau nach Wunsch<\/anhangtitel>\n<format>jpg<\/format>\n<daten>\n<pfad>5480f9a281d640169a946064b8449ecf.jpg<\/pfad>\n<\/daten>\n<\/anhang>\n<anhang location=\"EXTERN\" gruppe=\"BILD\">\n<anhangtitel>Erdgeschoss<\/anhangtitel>\n<format>jpg<\/format>\n<daten>\n<pfad>e2517d69879f4120bd7339addaadd163.jpg<\/pfad>\n<\/daten>\n<\/anhang>\n<anhang location=\"EXTERN\" gruppe=\"BILD\">\n<anhangtitel>Teek&#xFC;che<\/anhangtitel>\n<format>jpg<\/format>\n<daten>\n<pfad>8cbe421cb0c94d24b17113994e6df5d0.jpg<\/pfad>\n<\/daten>\n<\/anhang>\n<anhang location=\"EXTERN\" gruppe=\"BILD\">\n<anhangtitel>Au&#xDF;enansicht neu<\/anhangtitel>\n<format>jpg<\/format>\n<daten>\n<pfad>9799d4a5e87b44f0af9d54f9a0a788f7.jpg<\/pfad>\n<\/daten>\n<\/anhang>\n<anhang location=\"EXTERN\" gruppe=\"GRUNDRISS\">\n<anhangtitel>EG<\/anhangtitel>\n<format>png<\/format>\n<daten>\n<pfad>3e09e4c67fd14f14bb47a7a4c656886b.png<\/pfad>\n<\/daten>\n<\/anhang>\n<anhang location=\"EXTERN\" gruppe=\"GRUNDRISS\">\n<anhangtitel>1. OG<\/anhangtitel>\n<format>png<\/format>\n<daten>\n<pfad>8a637b53d7444164869f501e0ebdb8ac.png<\/pfad>\n<\/daten>\n<\/anhang>\n<anhang location=\"EXTERN\" gruppe=\"GRUNDRISS\">\n<anhangtitel>3. OG<\/anhangtitel>\n<format>png<\/format>\n<daten>\n<pfad>a4050560ad5449ae92e42be717facb0d.png<\/pfad>\n<\/daten>\n<\/anhang>\n<\/anhaenge>\n<verwaltung_objekt>\n<objektadresse_freigeben>false<\/objektadresse_freigeben>\n<verfuegbar_ab>nach Vereinbarung<\/verfuegbar_ab>\n<geschlecht\/>\n<\/verwaltung_objekt>\n<verwaltung_techn>\n<objektnr_intern>9C383B6DBA1843D2914AAC6E5457CA8A<\/objektnr_intern>\n<objektnr_extern>237\/E4<\/objektnr_extern>\n<aktion aktionart=\"CHANGE\"\/>\n<openimmo_obid>9C383B6DBA1843D2914AAC6E5457CA8A<\/openimmo_obid>\n<kennung_ursprung>estatePro V10.0.0.8<\/kennung_ursprung>\n<stand_vom>2024-07-30<\/stand_vom>\n<\/verwaltung_techn>\n<user_defined_simplefield feldname=\"Startseite\">Nein<\/user_defined_simplefield>\n<\/immobilie>\n"],"_thumbnail_id":["133577"],"fave_property_images":["133577","133578","133579","133580","133581","133582","133583","133584"],"fave_floor_plans_enable":["enable"],"floor_plans":["a:3:{i:0;a:7:{s:15:\"fave_plan_title\";s:2:\"EG\";s:15:\"fave_plan_rooms\";s:0:\"\";s:19:\"fave_plan_bathrooms\";s:0:\"\";s:15:\"fave_plan_price\";s:0:\"\";s:14:\"fave_plan_size\";s:0:\"\";s:15:\"fave_plan_image\";s:93:\"https:\/\/ruhr-real.de\/wp-content\/uploads\/2024\/07\/3e09e4c67fd14f14bb47a7a4c656886b-1024x631.png\";s:21:\"fave_plan_description\";s:0:\"\";}i:1;a:7:{s:15:\"fave_plan_title\";s:5:\"1. OG\";s:15:\"fave_plan_rooms\";s:0:\"\";s:19:\"fave_plan_bathrooms\";s:0:\"\";s:15:\"fave_plan_price\";s:0:\"\";s:14:\"fave_plan_size\";s:0:\"\";s:15:\"fave_plan_image\";s:93:\"https:\/\/ruhr-real.de\/wp-content\/uploads\/2024\/07\/8a637b53d7444164869f501e0ebdb8ac-1024x552.png\";s:21:\"fave_plan_description\";s:0:\"\";}i:2;a:7:{s:15:\"fave_plan_title\";s:5:\"3. OG\";s:15:\"fave_plan_rooms\";s:0:\"\";s:19:\"fave_plan_bathrooms\";s:0:\"\";s:15:\"fave_plan_price\";s:0:\"\";s:14:\"fave_plan_size\";s:0:\"\";s:15:\"fave_plan_image\";s:93:\"https:\/\/ruhr-real.de\/wp-content\/uploads\/2024\/07\/a4050560ad5449ae92e42be717facb0d-1024x558.png\";s:21:\"fave_plan_description\";s:0:\"\";}}"],"fave_prop_homeslider":["yes"],"fave_prop_slider_image":["133577"],"fave_agents":["111496"],"fave_agent_display_option":["agent_info"],"fave_single_top_area":["global"],"fave_single_content_area":["global"],"fave_property_map":["1"],"fave_property_map_street_view":["hide"],"fave_property_size_prefix":["m\u00b2"],"fave_property_land_postfix":["m\u00b2"],"fave_featured":["0"],"houzez_featured_listing_date":[""],"fave_property_price_postfix":["pro&nbsp;m\u00b2"],"fave_currency":["EUR"],"fave_currency_info":["a:8:{s:2:\"id\";s:1:\"1\";s:13:\"currency_name\";s:4:\"Euro\";s:13:\"currency_code\";s:3:\"EUR\";s:15:\"currency_symbol\";s:3:\"\u20ac\";s:17:\"currency_position\";s:5:\"after\";s:16:\"currency_decimal\";s:1:\"2\";s:26:\"currency_decimal_separator\";s:1:\",\";s:27:\"currency_thousand_separator\";s:1:\".\";}"],"houzez_total_property_views":["2033"],"houzez_views_by_date":["a:61:{s:10:\"02-28-2026\";i:4;s:10:\"03-01-2026\";i:4;s:10:\"03-02-2026\";i:4;s:10:\"03-03-2026\";i:4;s:10:\"03-04-2026\";i:4;s:10:\"03-05-2026\";i:6;s:10:\"03-06-2026\";i:4;s:10:\"03-07-2026\";i:4;s:10:\"03-08-2026\";i:4;s:10:\"03-09-2026\";i:4;s:10:\"03-10-2026\";i:4;s:10:\"03-11-2026\";i:4;s:10:\"03-12-2026\";i:4;s:10:\"03-13-2026\";i:4;s:10:\"03-14-2026\";i:5;s:10:\"03-15-2026\";i:4;s:10:\"03-16-2026\";i:2;s:10:\"03-17-2026\";i:7;s:10:\"03-18-2026\";i:6;s:10:\"03-19-2026\";i:4;s:10:\"03-20-2026\";i:6;s:10:\"03-21-2026\";i:4;s:10:\"03-22-2026\";i:4;s:10:\"03-23-2026\";i:4;s:10:\"03-24-2026\";i:4;s:10:\"03-25-2026\";i:4;s:10:\"03-26-2026\";i:6;s:10:\"03-27-2026\";i:4;s:10:\"03-28-2026\";i:4;s:10:\"03-29-2026\";i:4;s:10:\"03-30-2026\";i:6;s:10:\"03-31-2026\";i:4;s:10:\"04-01-2026\";i:7;s:10:\"04-02-2026\";i:8;s:10:\"04-03-2026\";i:8;s:10:\"04-04-2026\";i:8;s:10:\"04-05-2026\";i:8;s:10:\"04-06-2026\";i:8;s:10:\"04-07-2026\";i:11;s:10:\"04-08-2026\";i:7;s:10:\"04-09-2026\";i:8;s:10:\"04-10-2026\";i:8;s:10:\"04-11-2026\";i:6;s:10:\"04-12-2026\";i:10;s:10:\"04-13-2026\";i:8;s:10:\"04-14-2026\";i:8;s:10:\"04-15-2026\";i:8;s:10:\"04-16-2026\";i:8;s:10:\"04-17-2026\";i:8;s:10:\"04-18-2026\";i:8;s:10:\"04-19-2026\";i:8;s:10:\"04-20-2026\";i:8;s:10:\"04-21-2026\";i:8;s:10:\"04-22-2026\";i:8;s:10:\"04-23-2026\";i:8;s:10:\"04-24-2026\";i:8;s:10:\"04-25-2026\";i:8;s:10:\"04-26-2026\";i:8;s:10:\"04-27-2026\";i:8;s:10:\"04-28-2026\";i:6;s:10:\"04-29-2026\";i:9;}"],"houzez_recently_viewed":["2026-04-29 17:18:35"],"tp_widgets":["a:2:{s:7:\"widgets\";a:0:{}s:9:\"update_at\";s:10:\"1764682733\";}"],"_elementor_page_assets":["a:0:{}"]},"_links":{"self":[{"href":"https:\/\/ruhr-real.de\/en\/wp-json\/wp\/v2\/properties\/133576","targetHints":{"allow":["GET"]}}],"collection":[{"href":"https:\/\/ruhr-real.de\/en\/wp-json\/wp\/v2\/properties"}],"about":[{"href":"https:\/\/ruhr-real.de\/en\/wp-json\/wp\/v2\/types\/property"}],"author":[{"embeddable":true,"href":"https:\/\/ruhr-real.de\/en\/wp-json\/wp\/v2\/users\/1"}],"version-history":[{"count":0,"href":"https:\/\/ruhr-real.de\/en\/wp-json\/wp\/v2\/properties\/133576\/revisions"}],"wp:featuredmedia":[{"embeddable":true,"href":"https:\/\/ruhr-real.de\/en\/wp-json\/wp\/v2\/media\/133577"}],"wp:attachment":[{"href":"https:\/\/ruhr-real.de\/en\/wp-json\/wp\/v2\/media?parent=133576"}],"wp:term":[{"taxonomy":"property_type","embeddable":true,"href":"https:\/\/ruhr-real.de\/en\/wp-json\/wp\/v2\/property_type?post=133576"},{"taxonomy":"property_status","embeddable":true,"href":"https:\/\/ruhr-real.de\/en\/wp-json\/wp\/v2\/property_status?post=133576"},{"taxonomy":"property_feature","embeddable":true,"href":"https:\/\/ruhr-real.de\/en\/wp-json\/wp\/v2\/property_feature?post=133576"},{"taxonomy":"property_label","embeddable":true,"href":"https:\/\/ruhr-real.de\/en\/wp-json\/wp\/v2\/property_label?post=133576"},{"taxonomy":"property_country","embeddable":true,"href":"https:\/\/ruhr-real.de\/en\/wp-json\/wp\/v2\/property_country?post=133576"},{"taxonomy":"property_state","embeddable":true,"href":"https:\/\/ruhr-real.de\/en\/wp-json\/wp\/v2\/property_state?post=133576"},{"taxonomy":"property_city","embeddable":true,"href":"https:\/\/ruhr-real.de\/en\/wp-json\/wp\/v2\/property_city?post=133576"},{"taxonomy":"property_area","embeddable":true,"href":"https:\/\/ruhr-real.de\/en\/wp-json\/wp\/v2\/property_area?post=133576"}],"curies":[{"name":"wp","href":"https:\/\/api.w.org\/{rel}","templated":true}]}}