{"id":135465,"date":"2024-08-28T00:01:01","date_gmt":"2024-08-27T22:01:01","guid":{"rendered":"https:\/\/ruhr-real.de\/objekt\/neubau-fuer-lebensmittler-8-785-m%c2%b2-lagerflaeche-inkl-kuehl-tiefkuehlflaechen-dnb-gold-zertifizierung\/"},"modified":"2024-08-28T11:30:01","modified_gmt":"2024-08-28T09:30:01","slug":"neubau-fuer-lebensmittler-8-785-m%c2%b2-lagerflaeche-inkl-kuehl-tiefkuehlflaechen-dnb-gold-zertifizierung","status":"publish","type":"property","link":"https:\/\/ruhr-real.de\/en\/objekt\/neubau-fuer-lebensmittler-8-785-m%c2%b2-lagerflaeche-inkl-kuehl-tiefkuehlflaechen-dnb-gold-zertifizierung\/","title":{"rendered":"Neubau f\u00fcr Lebensmittler: 8.785 m\u00b2 Lagerfl\u00e4che inkl. K\u00fchl-\/ Tiefk\u00fchlfl\u00e4chen |DNB Gold Zertifizierung"},"content":{"rendered":"<p>2022 in Mittenwalde-Rangow nahe Berlin wurde dieser Logistikkomplex f\u00fcr einen Lebensmittler gebaut und seitdem nicht genutzt worden &#8211; daher handelt es sich hierbei um einen Erstbezug. Die Gesamtlagerfl\u00e4che von ca. 8.785 m\u00b2 teilt sich in ca. 5.369 m\u00b2 K\u00fchllager, ca. 797 m\u00b2 Tiefk\u00fchllager, ca. 493 m\u00b2 B\u00e4ckerei-Fl\u00e4che und ca. 496 m\u00b2 Mezzanine. Die Fl\u00e4che verf\u00fcgt \u00fcber insgesamt 26 Verladetore mit insgesamt 8 Jumbo-\u00dcberladebr\u00fccken, sowie einer Deckenh\u00f6he von 12,2 m UKB. Die anliegende B\u00fcro-\/ Sozialfl\u00e4che verf\u00fcgt \u00fcber ca. 1.943 m\u00b2 und verl\u00e4uft \u00fcber 2 Etagen. Das gesamte Geb\u00e4ude ist DGNB-Gold zertifiziert dank hauseigener PV-Anlage, Fassadenbegr\u00fcnung, W\u00e4rmepumpenanlage, Regenwassernutzung, erh\u00f6hte D\u00e4mmung der Fassaden, Nistk\u00e4sten und Wildblumenwiesen, sowie Erholungs- und Aktivit\u00e4tszonen im Au\u00dfenbereich und E-Lades\u00e4ulen. Insgesamt 184 PKW und Van Stellpl\u00e4tze stehen auf dem Grundst\u00fcck zur Verf\u00fcgung.<\/p>\n<p>Die Liegenschaft befindet sich in Mittenwalde-Ragow in Brandenburg, nur 33 km von Berlin. Der internationale Flughafen Berlin\/ Brandenburg ist nur 15 Fahrminuten entfernt, den Hauptbahnhof von Berlin erreicht man in ca. 45 Minuten mit dem Auto. Die n\u00e4chste Autobahnauffahrt ist in unter einer Minute erreicht, eine Bushaltestelle ist direkt vor Ort und die Nahversorgung ist in wenigen Fahrminuten erreicht. Die polnische Landesgrenze ist ca. 80 km entfernt. Viele namhafte Unternehmen besitzen eine Liegenschaft in der unmittelbaren Umgebung, das Grundst\u00fcck verf\u00fcgt \u00fcber eine sehr gute Vsibilit\u00e4t.<\/p>\n<p>\u2022 DGNB Gold Zertifizierung<br \/>\n\u2022 Deckenh\u00f6he: 12,20 m<br \/>\n\u2022 Neubau von 2022\/ Erstbezug<br \/>\n\u2022 K\u00fchl- &amp; Tiefk\u00fchllager vorhanden<br \/>\n\u2022 \u00dcberladebr\u00fccken: 18 + 8 Jumbo<br \/>\n\u2022 viele PKW- &amp; Van-Stellpl\u00e4tze<\/p>\n<p>Es gelten ausschlie\u00dflich unsere AGB (www.ruhr-real.de\/agb). Da der Eigent\u00fcmer ausschlie\u00dflich Lager\/Logistik, Produktion und Light Industrial als Nutzung w\u00fcnscht, bitten wir Sie zu ber\u00fccksichtigen, dass Anfragen zu folgenden Nutzungen nicht bearbeitet werden k\u00f6nnen: Veranstaltungen\/Events, Gastronomie\/Vergn\u00fcgungsst\u00e4tten, religi\u00f6se Einrichtungen sowie Sport- und Spielst\u00e4tten. Wir m\u00f6chten Sie darauf hinweisen, dass die Angaben ausschlie\u00dflich auf den uns vom Eigent\u00fcmer \u00fcbermittelten Unterlagen und Informationen basieren. F\u00fcr Richtigkeit und Vollst\u00e4ndigkeit \u00fcbernehmen wir keine Gew\u00e4hr. Zwischenvermietung vorbehalten.<br \/>\n<div class=\"widget widget_immonex_user_defined_properties_widget\"><div class=\"immonex-widget immonex-widget-houzez\">\n\t\t<div class=\"immonex-widget-title clearfix\">\n\t\t<h2 class=\"widgettitle\">Energieeffizienz<\/h2>\t<\/div>\n\t\t<ul class=\"immonex-property-details row list-lined list-unstyled\">\n\t\t\t\t<li>\n\t\t\t<div class=\"list-lined-item w-100 d-flex justify-content-between py-2\">\n\t\t\t\t\t\t\t\t<strong class=\"property-details-label\">Energieausweis-Jahrgang:<\/strong>&nbsp;<span class=\"property-details-value\">not available<\/span>\n\t\t\t\t\t\t\t<\/div>\n\t\t<\/li>\n\t\t\t<\/ul>\n<\/div><\/div><\/p>\n","protected":false},"excerpt":{"rendered":"<p>2022 in Mittenwalde-Rangow nahe Berlin wurde dieser Logistikkomplex f\u00fcr einen Lebensmittler gebaut und seitdem nicht&#8230;<\/p>\n","protected":false},"author":1,"featured_media":135500,"parent":0,"menu_order":0,"template":"","property_type":[380],"property_status":[352],"property_feature":[537,350,538],"property_label":[],"property_country":[],"property_state":[],"property_city":[542],"property_area":[],"class_list":["post-135465","property","type-property","status-publish","has-post-thumbnail","hentry","property_type-lager-und-produktionsflaechen","property_status-zu-vermieten","property_feature-gewerbliche-nutzung-moeglich","property_feature-raeume-veraenderbar","property_feature-zulieferung","property_city-mittenwalde-ragow"],"acf":[],"property_meta":{"_immonex_import_folder":["users\/RUHRREAL"],"_immonex_translation_id":["3642\/E1"],"_openimmo_obid":["C30F97C16E684D7F8B71D39869A9C5BA"],"_is_immonex_import_property":["1"],"_immonex_is_reference":[""],"rank_math_internal_links_processed":["1"],"fave_property_map_address":["15749 Mittenwalde-Ragow"],"fave_property_zip":["15749"],"_immonex_lat":["52.29302885"],"_immonex_lng":["13.5332912404"],"houzez_geolocation_lat":["52.29302885"],"houzez_geolocation_long":["13.5332912404"],"fave_property_location":["52.29302885,13.5332912404"],"fave_property_price":["7.90"],"fave_property_sec_price":["7.9000"],"fave_property_size":["10728"],"fave_property_year":["2022"],"fave_property_id":["3642\/E1"],"_openimmo_anid":["0000"],"_immonex_group_number":[""],"_immonex_group_id":[""],"_immonex_group_master":[""],"_immonex_import_meta":["a:6:{s:8:\"zip_file\";s:131:\"\/www\/htdocs\/w0172e0e\/ruhr-real_2024\/wp-content\/uploads\/immonex-openimmo-import\/users\/RUHRREAL\/Immowelt_estatePro_20240828112811.zip\";s:8:\"xml_file\";s:158:\"\/www\/htdocs\/w0172e0e\/ruhr-real_2024\/wp-content\/uploads\/immonex-openimmo-import\/immowelt_estatepro_20240828112811\/Homepage_2024_NEW_estatePro20240828112811.xml\";s:12:\"mapping_file\";s:116:\"\/www\/htdocs\/w0172e0e\/ruhr-real_2024\/wp-content\/uploads\/immonex-openimmo-import\/mappings\/houzez_ruhrreal_18122023.csv\";s:9:\"timestamp\";i:1724837402;s:4:\"date\";s:10:\"2024-08-28\";s:4:\"time\";s:8:\"11:30:02\";}"],"_immonex_is_sold":[""],"_immonex_is_reserved":[""],"_immonex_is_available":["1"],"additional_features":["a:19:{i:0;a:2:{s:29:\"fave_additional_feature_title\";s:11:\"Heizungsart\";s:29:\"fave_additional_feature_value\";s:14:\"Zentralheizung\";}i:1;a:2:{s:29:\"fave_additional_feature_title\";s:14:\"Nettokaltmiete\";s:29:\"fave_additional_feature_value\";s:13:\"7,90&nbsp;\u20ac\";}i:2;a:2:{s:29:\"fave_additional_feature_title\";s:9:\"Kaltmiete\";s:29:\"fave_additional_feature_value\";s:13:\"7,90&nbsp;\u20ac\";}i:3;a:2:{s:29:\"fave_additional_feature_title\";s:33:\"Heizkosten in Warmmiete enthalten\";s:29:\"fave_additional_feature_value\";s:4:\"nein\";}i:4;a:2:{s:29:\"fave_additional_feature_title\";s:32:\"Preise zuz\u00fcglich Mehrwertsteuer\";s:29:\"fave_additional_feature_value\";s:4:\"nein\";}i:5;a:2:{s:29:\"fave_additional_feature_title\";s:23:\"Netto-Kaltmiete pro m\u00b2\";s:29:\"fave_additional_feature_value\";s:13:\"7,90&nbsp;\u20ac\";}i:6;a:2:{s:29:\"fave_additional_feature_title\";s:16:\"K\u00e4uferprovision\";s:29:\"fave_additional_feature_value\";s:21:\"3-4 Nettomonatsmieten\";}i:7;a:2:{s:29:\"fave_additional_feature_title\";s:20:\"Hinweis zur Courtage\";s:29:\"fave_additional_feature_value\";s:233:\"Bei Vertr\u00e4gen bis zu f\u00fcnf Jahren Laufzeit ist ein Honorar von 3 Nettomonatsmieten vom Mieter an RUHR REAL zahlbar; bei Laufzeiten bis zu zehn Jahren werden 4 Nettomonatsmieten f\u00e4llig. Hinzu kommt die jeweils g\u00fcltige Umsatzsteuer.\";}i:8;a:2:{s:29:\"fave_additional_feature_title\";s:10:\"MwSt.-Satz\";s:29:\"fave_additional_feature_value\";s:9:\"19&nbsp;%\";}i:9;a:2:{s:29:\"fave_additional_feature_title\";s:13:\"Gesamtfl\u00e4che\";s:29:\"fave_additional_feature_value\";s:15:\"10.728&nbsp;m\u00b2\";}i:10;a:2:{s:29:\"fave_additional_feature_title\";s:12:\"Lagerfl\u00e4che\";s:29:\"fave_additional_feature_value\";s:14:\"8.785&nbsp;m\u00b2\";}i:11;a:2:{s:29:\"fave_additional_feature_title\";s:12:\"B\u00fcrofl\u00e4che\";s:29:\"fave_additional_feature_value\";s:14:\"1.943&nbsp;m\u00b2\";}i:12;a:2:{s:29:\"fave_additional_feature_title\";s:16:\"B\u00fcroteilfl\u00e4che\";s:29:\"fave_additional_feature_value\";s:14:\"1.943&nbsp;m\u00b2\";}i:13;a:2:{s:29:\"fave_additional_feature_title\";s:10:\"Teilbar ab\";s:29:\"fave_additional_feature_value\";s:14:\"8.785&nbsp;m\u00b2\";}i:14;a:2:{s:29:\"fave_additional_feature_title\";s:19:\"Art der Ausstattung\";s:29:\"fave_additional_feature_value\";s:7:\"gehoben\";}i:15;a:2:{s:29:\"fave_additional_feature_title\";s:18:\"Sicherheitstechnik\";s:29:\"fave_additional_feature_value\";s:19:\"Alarmanlage, Kamera\";}i:16;a:2:{s:29:\"fave_additional_feature_title\";s:13:\"Stellplatzart\";s:29:\"fave_additional_feature_value\";s:9:\"Freiplatz\";}i:17;a:2:{s:29:\"fave_additional_feature_title\";s:7:\"Zustand\";s:29:\"fave_additional_feature_value\";s:9:\"Erstbezug\";}i:18;a:2:{s:29:\"fave_additional_feature_title\";s:27:\"Immobilie ist verf\u00fcgbar ab\";s:29:\"fave_additional_feature_value\";s:10:\"01.01.2025\";}}"],"fave_additional_features_enable":["enable"],"_immonex_custom_fields":["a:1:{s:23:\"Energieausweis-Jahrgang\";a:5:{s:14:\"mapping_source\";s:38:\"zustand_angaben->energiepass->jahrgang\";s:4:\"name\";s:0:\"\";s:5:\"group\";s:5:\"epass\";s:5:\"value\";s:13:\"not available\";s:19:\"value_before_filter\";s:4:\"ohne\";}}"],"_immonex_property_xml_source":["<?xml version=\"1.0\"?>\n<immobilie>\n<objektkategorie>\n<nutzungsart WOHNEN=\"false\" GEWERBE=\"true\"\/>\n<vermarktungsart KAUF=\"false\" MIETE_PACHT=\"true\"\/>\n<objektart>\n<hallen_lager_prod hallen_typ=\"LAGERFLAECHEN\"\/>\n<\/objektart>\n<user_defined_simplefield\/>\n<\/objektkategorie>\n<geo>\n<plz>15749<\/plz>\n<ort>Mittenwalde-Ragow<\/ort>\n<strasse>Eichenallee<\/strasse>\n<hausnummer>1<\/hausnummer>\n<lage_im_bau\/>\n<\/geo>\n<kontaktperson>\n<email_zentrale>anfrage@ruhr-real.de<\/email_zentrale>\n<email_direkt>degenhardt@ruhr-real.de<\/email_direkt>\n<tel_durchw>+49 201 99996336<\/tel_durchw>\n<tel_fax>+49 201 99996344<\/tel_fax>\n<tel_handy>+49 162 4398000<\/tel_handy>\n<name>Degenhardt<\/name>\n<vorname>Marius<\/vorname>\n<anrede>Herr<\/anrede>\n<firma>RUHR REAL GmbH<\/firma>\n<strasse>Holsterhauser Platz<\/strasse>\n<hausnummer>2<\/hausnummer>\n<plz>45147<\/plz>\n<ort>Essen<\/ort>\n<adressfreigabe>true<\/adressfreigabe>\n<\/kontaktperson>\n<preise>\n<nettokaltmiete>7.90<\/nettokaltmiete>\n<kaltmiete>7.90<\/kaltmiete>\n<heizkosten_enthalten>false<\/heizkosten_enthalten>\n<zzg_mehrwertsteuer>false<\/zzg_mehrwertsteuer>\n<preis_zeiteinheit\/>\n<mietpreis_pro_qm>7.9000<\/mietpreis_pro_qm>\n<provisionspflichtig>true<\/provisionspflichtig>\n<aussen_courtage mit_mwst=\"false\">3-4 Nettomonatsmieten<\/aussen_courtage>\n<courtage_hinweis>Bei Vertr&#xE4;gen bis zu f&#xFC;nf Jahren Laufzeit ist ein Honorar von 3 Nettomonatsmieten vom Mieter an RUHR REAL zahlbar; bei Laufzeiten bis zu zehn Jahren werden 4 Nettomonatsmieten f&#xE4;llig. Hinzu kommt die jeweils g&#xFC;ltige Umsatzsteuer.<\/courtage_hinweis>\n<waehrung iso_waehrung=\"EUR\"\/>\n<mwst_satz>19.00<\/mwst_satz>\n<stp_carport\/>\n<stp_duplex\/>\n<stp_freiplatz\/>\n<stp_garage\/>\n<stp_parkhaus\/>\n<stp_tiefgarage\/>\n<\/preise>\n<bieterverfahren\/>\n<versteigerung\/>\n<flaechen>\n<gesamtflaeche>10728<\/gesamtflaeche>\n<lagerflaeche>8785<\/lagerflaeche>\n<bueroflaeche>1943<\/bueroflaeche>\n<bueroteilflaeche>1943<\/bueroteilflaeche>\n<teilbar_ab>8785<\/teilbar_ab>\n<anzahl_stellplaetze type=\"xsd:decimal\">184<\/anzahl_stellplaetze>\n<\/flaechen>\n<ausstattung>\n<ausstatt_kategorie>GEHOBEN<\/ausstatt_kategorie>\n<raeume_veraenderbar>true<\/raeume_veraenderbar>\n<bad\/>\n<kueche\/>\n<heizungsart ZENTRAL=\"true\"\/>\n<befeuerung\/>\n<fahrstuhl\/>\n<stellplatzart FREIPLATZ=\"true\"\/>\n<ausricht_balkon_terrasse\/>\n<angeschl_gastronomie\/>\n<sicherheitstechnik ALARMANLAGE=\"true\" KAMERA=\"true\"\/>\n<\/ausstattung>\n<zustand_angaben>\n<baujahr>2022<\/baujahr>\n<zustand zustand_art=\"ERSTBEZUG\"\/>\n<energiepass>\n<jahrgang>ohne<\/jahrgang>\n<\/energiepass>\n<\/zustand_angaben>\n<bewertung\/>\n<infrastruktur>\n<zulieferung>true<\/zulieferung>\n<\/infrastruktur>\n<freitexte>\n<objekttitel>Neubau f&#xFC;r Lebensmittler: 8.785 m&#xB2; Lagerfl&#xE4;che inkl. K&#xFC;hl-\/ Tiefk&#xFC;hlfl&#xE4;chen |DNB Gold Zertifizierung<\/objekttitel>\n<lage>Die Liegenschaft befindet sich in Mittenwalde-Ragow in Brandenburg, nur 33 km von Berlin. Der internationale Flughafen Berlin\/ Brandenburg ist nur 15 Fahrminuten entfernt, den Hauptbahnhof von Berlin erreicht man in ca. 45 Minuten mit dem Auto. Die n&#xE4;chste Autobahnauffahrt ist in unter einer Minute erreicht, eine Bushaltestelle ist direkt vor Ort und die Nahversorgung ist in wenigen Fahrminuten erreicht. Die polnische Landesgrenze ist ca. 80 km entfernt. Viele namhafte Unternehmen besitzen eine Liegenschaft in der unmittelbaren Umgebung, das Grundst&#xFC;ck verf&#xFC;gt &#xFC;ber eine sehr gute Vsibilit&#xE4;t.<\/lage>\n<ausstatt_beschr>&#x2022; DGNB Gold Zertifizierung\n&#x2022; Deckenh&#xF6;he: 12,20 m \n&#x2022; Neubau von 2022\/ Erstbezug\n&#x2022; K&#xFC;hl- &amp; Tiefk&#xFC;hllager vorhanden\n&#x2022; &#xDC;berladebr&#xFC;cken: 18 + 8 Jumbo\n&#x2022; viele PKW- &amp; Van-Stellpl&#xE4;tze<\/ausstatt_beschr>\n<objektbeschreibung>2022 in Mittenwalde-Rangow nahe Berlin wurde dieser Logistikkomplex f&#xFC;r einen Lebensmittler gebaut und seitdem nicht genutzt worden - daher handelt es sich hierbei um einen Erstbezug. Die Gesamtlagerfl&#xE4;che von ca. 8.785 m&#xB2; teilt sich in ca. 5.369 m&#xB2; K&#xFC;hllager, ca. 797 m&#xB2; Tiefk&#xFC;hllager, ca. 493 m&#xB2; B&#xE4;ckerei-Fl&#xE4;che und ca. 496 m&#xB2; Mezzanine. Die Fl&#xE4;che verf&#xFC;gt &#xFC;ber insgesamt 26 Verladetore mit insgesamt 8 Jumbo-&#xDC;berladebr&#xFC;cken, sowie einer Deckenh&#xF6;he von 12,2 m UKB. Die anliegende B&#xFC;ro-\/ Sozialfl&#xE4;che verf&#xFC;gt &#xFC;ber ca. 1.943 m&#xB2; und verl&#xE4;uft &#xFC;ber 2 Etagen. Das gesamte Geb&#xE4;ude ist DGNB-Gold zertifiziert dank hauseigener PV-Anlage, Fassadenbegr&#xFC;nung, W&#xE4;rmepumpenanlage, Regenwassernutzung, erh&#xF6;hte D&#xE4;mmung der Fassaden, Nistk&#xE4;sten und Wildblumenwiesen, sowie Erholungs- und Aktivit&#xE4;tszonen im Au&#xDF;enbereich und E-Lades&#xE4;ulen. Insgesamt 184 PKW und Van Stellpl&#xE4;tze stehen auf dem Grundst&#xFC;ck zur Verf&#xFC;gung.<\/objektbeschreibung><sonstige_angaben>Es gelten ausschlie&#xDF;lich unsere AGB (www.ruhr-real.de\/agb). Da der Eigent&#xFC;mer ausschlie&#xDF;lich Lager\/Logistik, Produktion und Light Industrial als Nutzung w&#xFC;nscht, bitten wir Sie zu ber&#xFC;cksichtigen, dass Anfragen zu folgenden Nutzungen nicht bearbeitet werden k&#xF6;nnen: Veranstaltungen\/Events, Gastronomie\/Vergn&#xFC;gungsst&#xE4;tten, religi&#xF6;se Einrichtungen sowie Sport- und Spielst&#xE4;tten. Wir m&#xF6;chten Sie darauf hinweisen, dass die Angaben ausschlie&#xDF;lich auf den uns vom Eigent&#xFC;mer &#xFC;bermittelten Unterlagen und Informationen basieren. F&#xFC;r Richtigkeit und Vollst&#xE4;ndigkeit &#xFC;bernehmen wir keine Gew&#xE4;hr. Zwischenvermietung vorbehalten.<\/sonstige_angaben>\n<\/freitexte>\n<anhaenge>\n<anhang location=\"EXTERN\" gruppe=\"TITELBILD\">\n<anhangtitel>Logistikbeispiel<\/anhangtitel>\n<format>jpeg<\/format>\n<daten>\n<pfad>50f3c9b008d24ea89f1835b0be137cae.jpeg<\/pfad>\n<\/daten>\n<\/anhang>\n<anhang location=\"EXTERN\" gruppe=\"BILD\">\n<anhangtitel>Grundriss<\/anhangtitel>\n<format>PNG<\/format>\n<daten>\n<pfad>64a7fae6828e4ce78acf3ce3fee77af0.PNG<\/pfad>\n<\/daten>\n<\/anhang>\n<\/anhaenge>\n<verwaltung_objekt>\n<objektadresse_freigeben>false<\/objektadresse_freigeben>\n<verfuegbar_ab>01.01.2025<\/verfuegbar_ab>\n<geschlecht\/>\n<gewerbliche_nutzung>true<\/gewerbliche_nutzung>\n<\/verwaltung_objekt>\n<verwaltung_techn>\n<objektnr_intern>C30F97C16E684D7F8B71D39869A9C5BA<\/objektnr_intern>\n<objektnr_extern>3642\/E1<\/objektnr_extern>\n<aktion aktionart=\"CHANGE\"\/>\n<openimmo_obid>C30F97C16E684D7F8B71D39869A9C5BA<\/openimmo_obid>\n<kennung_ursprung>estatePro V10.0.0.8<\/kennung_ursprung>\n<stand_vom>2024-08-28<\/stand_vom>\n<\/verwaltung_techn>\n<user_defined_simplefield feldname=\"Startseite\">Nein<\/user_defined_simplefield>\n<\/immobilie>\n"],"_thumbnail_id":["135500"],"fave_property_images":["135500","135501"],"fave_floor_plans_enable":["disable"],"fave_prop_homeslider":["yes"],"fave_prop_slider_image":["135500"],"fave_agents":["112643"],"fave_agent_display_option":["agent_info"],"fave_single_top_area":["global"],"fave_single_content_area":["global"],"fave_property_map":["1"],"fave_property_map_street_view":["hide"],"fave_property_size_prefix":["m\u00b2"],"fave_property_land_postfix":["m\u00b2"],"fave_featured":["0"],"houzez_featured_listing_date":[""],"fave_property_price_postfix":["pro&nbsp;m\u00b2"],"fave_currency":["EUR"],"fave_currency_info":["a:8:{s:2:\"id\";s:1:\"1\";s:13:\"currency_name\";s:4:\"Euro\";s:13:\"currency_code\";s:3:\"EUR\";s:15:\"currency_symbol\";s:3:\"\u20ac\";s:17:\"currency_position\";s:5:\"after\";s:16:\"currency_decimal\";s:1:\"2\";s:26:\"currency_decimal_separator\";s:1:\",\";s:27:\"currency_thousand_separator\";s:1:\".\";}"],"houzez_total_property_views":["2092"],"houzez_views_by_date":["a:61:{s:10:\"02-27-2026\";i:4;s:10:\"02-28-2026\";i:4;s:10:\"03-01-2026\";i:4;s:10:\"03-02-2026\";i:4;s:10:\"03-03-2026\";i:4;s:10:\"03-04-2026\";i:4;s:10:\"03-05-2026\";i:6;s:10:\"03-06-2026\";i:4;s:10:\"03-07-2026\";i:4;s:10:\"03-08-2026\";i:4;s:10:\"03-09-2026\";i:4;s:10:\"03-10-2026\";i:4;s:10:\"03-11-2026\";i:4;s:10:\"03-12-2026\";i:4;s:10:\"03-13-2026\";i:4;s:10:\"03-14-2026\";i:4;s:10:\"03-15-2026\";i:4;s:10:\"03-16-2026\";i:2;s:10:\"03-17-2026\";i:8;s:10:\"03-18-2026\";i:6;s:10:\"03-19-2026\";i:4;s:10:\"03-20-2026\";i:6;s:10:\"03-21-2026\";i:4;s:10:\"03-22-2026\";i:5;s:10:\"03-23-2026\";i:4;s:10:\"03-24-2026\";i:4;s:10:\"03-25-2026\";i:5;s:10:\"03-26-2026\";i:7;s:10:\"03-27-2026\";i:4;s:10:\"03-28-2026\";i:4;s:10:\"03-29-2026\";i:4;s:10:\"03-30-2026\";i:6;s:10:\"03-31-2026\";i:4;s:10:\"04-01-2026\";i:8;s:10:\"04-02-2026\";i:9;s:10:\"04-03-2026\";i:8;s:10:\"04-04-2026\";i:8;s:10:\"04-05-2026\";i:8;s:10:\"04-06-2026\";i:8;s:10:\"04-07-2026\";i:11;s:10:\"04-08-2026\";i:7;s:10:\"04-09-2026\";i:9;s:10:\"04-10-2026\";i:8;s:10:\"04-11-2026\";i:4;s:10:\"04-12-2026\";i:10;s:10:\"04-13-2026\";i:8;s:10:\"04-14-2026\";i:8;s:10:\"04-15-2026\";i:8;s:10:\"04-16-2026\";i:8;s:10:\"04-17-2026\";i:8;s:10:\"04-18-2026\";i:8;s:10:\"04-19-2026\";i:8;s:10:\"04-20-2026\";i:8;s:10:\"04-21-2026\";i:8;s:10:\"04-22-2026\";i:8;s:10:\"04-23-2026\";i:8;s:10:\"04-24-2026\";i:8;s:10:\"04-25-2026\";i:8;s:10:\"04-26-2026\";i:8;s:10:\"04-27-2026\";i:8;s:10:\"04-28-2026\";i:4;}"],"houzez_recently_viewed":["2026-04-28 11:13:22"],"tp_widgets":["a:2:{s:7:\"widgets\";a:0:{}s:9:\"update_at\";s:10:\"1764682733\";}"],"_elementor_page_assets":["a:0:{}"]},"_links":{"self":[{"href":"https:\/\/ruhr-real.de\/en\/wp-json\/wp\/v2\/properties\/135465","targetHints":{"allow":["GET"]}}],"collection":[{"href":"https:\/\/ruhr-real.de\/en\/wp-json\/wp\/v2\/properties"}],"about":[{"href":"https:\/\/ruhr-real.de\/en\/wp-json\/wp\/v2\/types\/property"}],"author":[{"embeddable":true,"href":"https:\/\/ruhr-real.de\/en\/wp-json\/wp\/v2\/users\/1"}],"version-history":[{"count":0,"href":"https:\/\/ruhr-real.de\/en\/wp-json\/wp\/v2\/properties\/135465\/revisions"}],"wp:featuredmedia":[{"embeddable":true,"href":"https:\/\/ruhr-real.de\/en\/wp-json\/wp\/v2\/media\/135500"}],"wp:attachment":[{"href":"https:\/\/ruhr-real.de\/en\/wp-json\/wp\/v2\/media?parent=135465"}],"wp:term":[{"taxonomy":"property_type","embeddable":true,"href":"https:\/\/ruhr-real.de\/en\/wp-json\/wp\/v2\/property_type?post=135465"},{"taxonomy":"property_status","embeddable":true,"href":"https:\/\/ruhr-real.de\/en\/wp-json\/wp\/v2\/property_status?post=135465"},{"taxonomy":"property_feature","embeddable":true,"href":"https:\/\/ruhr-real.de\/en\/wp-json\/wp\/v2\/property_feature?post=135465"},{"taxonomy":"property_label","embeddable":true,"href":"https:\/\/ruhr-real.de\/en\/wp-json\/wp\/v2\/property_label?post=135465"},{"taxonomy":"property_country","embeddable":true,"href":"https:\/\/ruhr-real.de\/en\/wp-json\/wp\/v2\/property_country?post=135465"},{"taxonomy":"property_state","embeddable":true,"href":"https:\/\/ruhr-real.de\/en\/wp-json\/wp\/v2\/property_state?post=135465"},{"taxonomy":"property_city","embeddable":true,"href":"https:\/\/ruhr-real.de\/en\/wp-json\/wp\/v2\/property_city?post=135465"},{"taxonomy":"property_area","embeddable":true,"href":"https:\/\/ruhr-real.de\/en\/wp-json\/wp\/v2\/property_area?post=135465"}],"curies":[{"name":"wp","href":"https:\/\/api.w.org\/{rel}","templated":true}]}}