{"id":136959,"date":"2025-05-21T00:04:51","date_gmt":"2025-05-20T22:04:51","guid":{"rendered":"https:\/\/ruhr-real.de\/objekt\/moderne-bueroflaechen-in-der-essener-innenstadt-flexible-nutzung-attraktive-ausstattung-2\/"},"modified":"2025-05-21T18:15:51","modified_gmt":"2025-05-21T16:15:51","slug":"moderne-bueroflaechen-in-der-essener-innenstadt-flexible-nutzung-attraktive-ausstattung-2","status":"publish","type":"property","link":"https:\/\/ruhr-real.de\/en\/objekt\/moderne-bueroflaechen-in-der-essener-innenstadt-flexible-nutzung-attraktive-ausstattung-2\/","title":{"rendered":"Moderne B\u00fcrofl\u00e4chen in der Essener Innenstadt | flexible Nutzung | attraktive Ausstattung"},"content":{"rendered":"<p>Das moderne B\u00fcrogeb\u00e4ude besteht aus zwei eigenst\u00e4ndig gestalteten, aber miteinander verbundenen Bauteilen. Die flexiblen Grundrisse erm\u00f6glichen Raumkonzepte mit Einzel-, Kombi- und Gro\u00dfraumb\u00fcros ab 180 m\u00b2 und bieten damit effiziente sowie repr\u00e4sentative Fl\u00e4chenl\u00f6sungen. In jeder Etage lassen sich bis zu 3 Mieteinheiten realisieren. Ferner sind in der hauseigenen Tiefgarage zahlreiche Stellpl\u00e4tze vorhanden.<\/p>\n<p>Folgende Fl\u00e4chen stehen derzeit zur Disposition:<\/p>\n<p>EGa: ca. 236 m\u00b2<br \/>\nEGb: ca. 188 m\u00b2<br \/>\n3. OG: ca. 243 m\u00b2<br \/>\n4. OG: ca. 282 m\u00b2<br \/>\n5. OG: ca. 240 m\u00b2<\/p>\n<p>Das Objekt befindet sich n\u00f6rdlich der Essener City. Fu\u00dfl\u00e4ufig sind die Fu\u00dfg\u00e4ngerzonen Kettwiger Stra\u00dfe und Limbecker Stra\u00dfe erreichbar. In der urbanen Lage finden sich zahlreiche Caf\u00e9s sowie die Universit\u00e4t Essen-Duisburg. Angrenzend liegt das Rathaus mit dem anschlie\u00dfenden Shopping Center Rathaus-Galerie.<\/p>\n<p>Bedeutende Unternehmen in der B\u00fcromarktzone: Allbau, AOK, Commerzbank, IHK, Nationalbank, RWE, T\u00dcV Nord<\/p>\n<p>Hotels der Umgebung: Welcome Hotel, Novum Hotel, Motel One, M\u00f6venpick Hotel<\/p>\n<p>\u2022 Bodenbelag: Teppichboden<br \/>\n\u2022 EDV-Verkabelung: CAT-7 Verkabelung<br \/>\n\u2022 Kabelf\u00fchrung: Doppelboden<br \/>\n\u2022 Sonnenschutz: au\u00dfenliegend, elektrisch<br \/>\n\u2022 Teek\u00fcche: voll ausgestattet<br \/>\n\u2022 Beleuchtung: Aufsatzleuchten<br \/>\n\u2022 Klimatisierung: Bel\u00fcftung\/Klimatisierung (optional)<\/p>\n<p>Die Ausstattung kann bei Bedarf angepasst werden!<\/p>\n<p>Es gelten ausschlie\u00dflich unsere AGB (www.ruhr-real.de\/agb). Wir m\u00f6chten Sie darauf hinweisen, dass die Angaben ausschlie\u00dflich auf den uns vom Eigent\u00fcmer \u00fcbermittelten Unterlagen und Informationen basieren. F\u00fcr Richtigkeit und Vollst\u00e4ndigkeit \u00fcbernehmen wir keine Gew\u00e4hr. Zwischenvermietung vorbehalten.<br \/>\n<div class=\"widget widget_immonex_user_defined_properties_widget\"><div class=\"immonex-widget immonex-widget-houzez\">\n\t\t<div class=\"immonex-widget-title clearfix\">\n\t\t<h2 class=\"widgettitle\">Energieeffizienz<\/h2>\t<\/div>\n\t\t<ul class=\"immonex-property-details row list-lined list-unstyled\">\n\t\t\t\t<li>\n\t\t\t<div class=\"list-lined-item w-100 d-flex justify-content-between py-2\">\n\t\t\t\t\t\t\t\t<strong class=\"property-details-label\">Energieausweis-Jahrgang:<\/strong>&nbsp;<span class=\"property-details-value\">not available<\/span>\n\t\t\t\t\t\t\t<\/div>\n\t\t<\/li>\n\t\t\t<\/ul>\n<\/div><\/div><\/p>\n","protected":false},"excerpt":{"rendered":"<p>Das moderne B\u00fcrogeb\u00e4ude besteht aus zwei eigenst\u00e4ndig gestalteten, aber miteinander verbundenen Bauteilen. Die&#8230;<\/p>\n","protected":false},"author":1,"featured_media":153170,"parent":0,"menu_order":0,"template":"","property_type":[379],"property_status":[352],"property_feature":[355,537,361,354,350],"property_label":[],"property_country":[353],"property_state":[],"property_city":[306],"property_area":[308],"class_list":["post-136959","property","type-property","status-publish","has-post-thumbnail","hentry","property_type-bueroflaechen","property_status-zu-vermieten","property_feature-barrierefrei","property_feature-gewerbliche-nutzung-moeglich","property_feature-klimaanlage","property_feature-personenaufzug","property_feature-raeume-veraenderbar","property_country-deutschland","property_city-essen","property_area-stadtkern"],"acf":[],"property_meta":{"_immonex_import_folder":["users\/RUHRREAL"],"_immonex_translation_id":["139\/E6"],"_openimmo_obid":["A51E945FB20C4D1DB80C2D631117911B"],"_is_immonex_import_property":["1"],"_immonex_is_reference":[""],"rank_math_internal_links_processed":["1"],"fave_property_map_address":["45127 Essen"],"fave_property_zip":["45127"],"fave_property_country":["DE"],"_immonex_lat":["51.4514769"],"_immonex_lng":["7.0184679"],"houzez_geolocation_lat":["51.4514769"],"houzez_geolocation_long":["7.0184679"],"fave_property_location":["51.4514769,7.0184679"],"fave_property_price":["11.00"],"fave_property_sec_price":["10.0000"],"fave_property_size":["188"],"fave_property_year":["2002"],"fave_property_id":["139\/E6"],"_immonex_iso_country":["DEU"],"_openimmo_anid":["0000"],"_immonex_group_number":["1"],"_immonex_group_id":[""],"_immonex_group_master":[""],"_immonex_import_meta":["a:6:{s:8:\"zip_file\";s:131:\"\/www\/htdocs\/w0172e0e\/ruhr-real_2024\/wp-content\/uploads\/immonex-openimmo-import\/users\/RUHRREAL\/Immowelt_estatePro_20250521181349.zip\";s:8:\"xml_file\";s:158:\"\/www\/htdocs\/w0172e0e\/ruhr-real_2024\/wp-content\/uploads\/immonex-openimmo-import\/immowelt_estatepro_20250521181349\/Homepage_2024_NEW_estatePro20250521181349.xml\";s:12:\"mapping_file\";s:116:\"\/www\/htdocs\/w0172e0e\/ruhr-real_2024\/wp-content\/uploads\/immonex-openimmo-import\/mappings\/houzez_ruhrreal_18122023.csv\";s:9:\"timestamp\";i:1747844151;s:4:\"date\";s:10:\"2025-05-21\";s:4:\"time\";s:8:\"18:15:51\";}"],"_immonex_is_sold":[""],"_immonex_is_reserved":[""],"_immonex_is_available":["1"],"additional_features":["a:16:{i:0;a:2:{s:29:\"fave_additional_feature_title\";s:11:\"Heizungsart\";s:29:\"fave_additional_feature_value\";s:11:\"Fernheizung\";}i:1;a:2:{s:29:\"fave_additional_feature_title\";s:14:\"Nettokaltmiete\";s:29:\"fave_additional_feature_value\";s:11:\"11&nbsp;\u20ac\";}i:2;a:2:{s:29:\"fave_additional_feature_title\";s:9:\"Kaltmiete\";s:29:\"fave_additional_feature_value\";s:11:\"11&nbsp;\u20ac\";}i:3;a:2:{s:29:\"fave_additional_feature_title\";s:29:\"monatl. Betriebs-\/Nebenkosten\";s:29:\"fave_additional_feature_value\";s:13:\"3,50&nbsp;\u20ac\";}i:4;a:2:{s:29:\"fave_additional_feature_title\";s:33:\"Heizkosten in Warmmiete enthalten\";s:29:\"fave_additional_feature_value\";s:4:\"nein\";}i:5;a:2:{s:29:\"fave_additional_feature_title\";s:32:\"Preise zuz\u00fcglich Mehrwertsteuer\";s:29:\"fave_additional_feature_value\";s:4:\"nein\";}i:6;a:2:{s:29:\"fave_additional_feature_title\";s:23:\"Netto-Kaltmiete pro m\u00b2\";s:29:\"fave_additional_feature_value\";s:11:\"10&nbsp;\u20ac\";}i:7;a:2:{s:29:\"fave_additional_feature_title\";s:10:\"MwSt.-Satz\";s:29:\"fave_additional_feature_value\";s:9:\"19&nbsp;%\";}i:8;a:2:{s:29:\"fave_additional_feature_title\";s:12:\"B\u00fcrofl\u00e4che\";s:29:\"fave_additional_feature_value\";s:12:\"188&nbsp;m\u00b2\";}i:9;a:2:{s:29:\"fave_additional_feature_title\";s:16:\"B\u00fcroteilfl\u00e4che\";s:29:\"fave_additional_feature_value\";s:12:\"188&nbsp;m\u00b2\";}i:10;a:2:{s:29:\"fave_additional_feature_title\";s:10:\"Teilbar ab\";s:29:\"fave_additional_feature_value\";s:12:\"188&nbsp;m\u00b2\";}i:11;a:2:{s:29:\"fave_additional_feature_title\";s:19:\"Art der Ausstattung\";s:29:\"fave_additional_feature_value\";s:7:\"gehoben\";}i:12;a:2:{s:29:\"fave_additional_feature_title\";s:10:\"Bodenbelag\";s:29:\"fave_additional_feature_value\";s:7:\"Teppich\";}i:13;a:2:{s:29:\"fave_additional_feature_title\";s:13:\"Stellplatzart\";s:29:\"fave_additional_feature_value\";s:10:\"Tiefgarage\";}i:14;a:2:{s:29:\"fave_additional_feature_title\";s:7:\"Zustand\";s:29:\"fave_additional_feature_value\";s:12:\"modernisiert\";}i:15;a:2:{s:29:\"fave_additional_feature_title\";s:27:\"Immobilie ist verf\u00fcgbar ab\";s:29:\"fave_additional_feature_value\";s:10:\"01.09.2024\";}}"],"fave_additional_features_enable":["enable"],"_immonex_custom_fields":["a:1:{s:23:\"Energieausweis-Jahrgang\";a:5:{s:14:\"mapping_source\";s:38:\"zustand_angaben->energiepass->jahrgang\";s:4:\"name\";s:0:\"\";s:5:\"group\";s:5:\"epass\";s:5:\"value\";s:13:\"not available\";s:19:\"value_before_filter\";s:4:\"ohne\";}}"],"_immonex_property_xml_source":["<?xml version=\"1.0\"?>\n<immobilie>\n<objektkategorie>\n<nutzungsart WOHNEN=\"false\" GEWERBE=\"true\"\/>\n<vermarktungsart KAUF=\"false\" MIETE_PACHT=\"true\"\/>\n<objektart>\n<buero_praxen buero_typ=\"BUEROHAUS\"\/>\n<\/objektart>\n<user_defined_simplefield\/>\n<\/objektkategorie>\n<geo>\n<plz>45127<\/plz>\n<ort>Essen<\/ort>\n<strasse>Sch&#xFC;tzenbahn<\/strasse>\n<hausnummer>58 - 60<\/hausnummer>\n<land iso_land=\"DEU\"\/>\n<lage_im_bau\/>\n<regionaler_zusatz>Stadtkern<\/regionaler_zusatz>\n<\/geo>\n<kontaktperson>\n<email_zentrale>anfrage@ruhr-real.de<\/email_zentrale>\n<email_direkt>kruse@ruhr-real.de<\/email_direkt>\n<tel_durchw>+49 201 999963-33<\/tel_durchw>\n<tel_fax>+49 201 99 99 63 44<\/tel_fax>\n<tel_handy>+49 162 88 87 076<\/tel_handy>\n<name>Kruse<\/name><vorname>Samuel<\/vorname>\n<anrede>Herr<\/anrede>\n<firma>RUHR REAL GmbH<\/firma>\n<strasse>Holsterhauser Platz<\/strasse>\n<hausnummer>2<\/hausnummer>\n<plz>45147<\/plz>\n<ort>Essen<\/ort>\n<adressfreigabe>true<\/adressfreigabe>\n<\/kontaktperson>\n<preise>\n<nettokaltmiete>11.00<\/nettokaltmiete>\n<kaltmiete>11.00<\/kaltmiete>\n<nebenkosten>3.50<\/nebenkosten>\n<heizkosten_enthalten>false<\/heizkosten_enthalten>\n<zzg_mehrwertsteuer>false<\/zzg_mehrwertsteuer>\n<preis_zeiteinheit\/>\n<mietpreis_pro_qm>10.0000<\/mietpreis_pro_qm>\n<provisionspflichtig>false<\/provisionspflichtig>\n<waehrung iso_waehrung=\"EUR\"\/>\n<mwst_satz>19.00<\/mwst_satz>\n<stp_carport\/>\n<stp_duplex\/>\n<stp_freiplatz\/>\n<stp_garage\/>\n<stp_parkhaus\/>\n<stp_tiefgarage\/>\n<\/preise>\n<bieterverfahren\/>\n<versteigerung\/>\n<flaechen>\n<bueroflaeche>188<\/bueroflaeche>\n<bueroteilflaeche>188<\/bueroteilflaeche>\n<teilbar_ab>188<\/teilbar_ab>\n<anzahl_stellplaetze type=\"xsd:decimal\">20<\/anzahl_stellplaetze>\n<\/flaechen>\n<ausstattung>\n<ausstatt_kategorie>GEHOBEN<\/ausstatt_kategorie>\n<raeume_veraenderbar>true<\/raeume_veraenderbar>\n<bad\/>\n<kueche\/>\n<boden TEPPICH=\"true\"\/>\n<heizungsart FERN=\"true\"\/>\n<befeuerung\/>\n<klimatisiert>true<\/klimatisiert>\n<fahrstuhl PERSONEN=\"true\"\/>\n<stellplatzart TIEFGARAGE=\"true\"\/>\n<ausricht_balkon_terrasse\/>\n<barrierefrei>true<\/barrierefrei>\n<angeschl_gastronomie\/>\n<sicherheitstechnik\/>\n<\/ausstattung>\n<zustand_angaben>\n<baujahr>2002<\/baujahr>\n<zustand zustand_art=\"MODERNISIERT\"\/>\n<energiepass>\n<jahrgang>ohne<\/jahrgang>\n<\/energiepass>\n<\/zustand_angaben>\n<bewertung\/>\n<infrastruktur\/>\n<freitexte>\n<objekttitel>Moderne B&#xFC;rofl&#xE4;chen in der Essener Innenstadt | flexible Nutzung | attraktive Ausstattung <\/objekttitel>\n<lage>Das Objekt befindet sich n&#xF6;rdlich der Essener City. Fu&#xDF;l&#xE4;ufig sind die Fu&#xDF;g&#xE4;ngerzonen Kettwiger Stra&#xDF;e und Limbecker Stra&#xDF;e erreichbar. In der urbanen Lage finden sich zahlreiche Caf&#xE9;s sowie die Universit&#xE4;t Essen-Duisburg. Angrenzend liegt das Rathaus mit dem anschlie&#xDF;enden Shopping Center Rathaus-Galerie. \n\nBedeutende Unternehmen in der B&#xFC;romarktzone: Allbau, AOK, Commerzbank, IHK, Nationalbank, RWE, T&#xDC;V Nord\n\nHotels der Umgebung: Welcome Hotel, Novum Hotel, Motel One, M&#xF6;venpick Hotel\n<\/lage>\n<ausstatt_beschr>&#x2022; Bodenbelag: Teppichboden\n&#x2022; EDV-Verkabelung: CAT-7 Verkabelung \n&#x2022; Kabelf&#xFC;hrung: Doppelboden\n&#x2022; Sonnenschutz: au&#xDF;enliegend, elektrisch\n&#x2022; Teek&#xFC;che: voll ausgestattet\n&#x2022; Beleuchtung: Aufsatzleuchten\n&#x2022; Klimatisierung: Bel&#xFC;ftung\/Klimatisierung (optional)\n\nDie Ausstattung kann bei Bedarf angepasst werden!<\/ausstatt_beschr>\n<objektbeschreibung>Das moderne B&#xFC;rogeb&#xE4;ude besteht aus zwei eigenst&#xE4;ndig gestalteten, aber miteinander verbundenen Bauteilen. Die flexiblen Grundrisse erm&#xF6;glichen Raumkonzepte mit Einzel-, Kombi- und Gro&#xDF;raumb&#xFC;ros ab 180 m&#xB2; und bieten damit effiziente sowie repr&#xE4;sentative Fl&#xE4;chenl&#xF6;sungen. In jeder Etage lassen sich bis zu 3 Mieteinheiten realisieren. Ferner sind in der hauseigenen Tiefgarage zahlreiche Stellpl&#xE4;tze vorhanden. \n\nFolgende Fl&#xE4;chen stehen derzeit zur Disposition: \n\nEGa: ca. 236 m&#xB2;\nEGb: ca. 188 m&#xB2;\n3. OG: ca. 243 m&#xB2;\n4. OG: ca. 282 m&#xB2;\n5. OG: ca. 240 m&#xB2;<\/objektbeschreibung>\n<sonstige_angaben>Es gelten ausschlie&#xDF;lich unsere AGB (www.ruhr-real.de\/agb). Wir m&#xF6;chten Sie darauf hinweisen, dass die Angaben ausschlie&#xDF;lich auf den uns vom Eigent&#xFC;mer &#xFC;bermittelten Unterlagen und Informationen basieren. F&#xFC;r Richtigkeit und Vollst&#xE4;ndigkeit &#xFC;bernehmen wir keine Gew&#xE4;hr. Zwischenvermietung vorbehalten.<\/sonstige_angaben>\n<\/freitexte>\n<anhaenge>\n<anhang location=\"EXTERN\" gruppe=\"TITELBILD\">\n<anhangtitel>Geb&#xE4;ude<\/anhangtitel>\n<format>jpg<\/format>\n<daten>\n<pfad>23b6388e79a14950a5edff546434c9bd.jpg<\/pfad>\n<\/daten>\n<\/anhang>\n<anhang location=\"EXTERN\" gruppe=\"BILD\">\n<anhangtitel>Besprechung<\/anhangtitel>\n<format>jpeg<\/format>\n<daten>\n<pfad>1385e8fac4ef4681a859a1dbbd31e765.jpeg<\/pfad>\n<\/daten>\n<\/anhang>\n<anhang location=\"EXTERN\" gruppe=\"BILD\">\n<anhangtitel>B&#xFC;ro <\/anhangtitel>\n<format>jpeg<\/format>\n<daten>\n<pfad>9710b2af5986424b9cd28f38fe5b3103.jpeg<\/pfad>\n<\/daten><\/anhang>\n<anhang location=\"EXTERN\" gruppe=\"BILD\">\n<anhangtitel>B&#xFC;roansicht<\/anhangtitel>\n<format>jpeg<\/format>\n<daten>\n<pfad>14e00a4732714db68d0c74b1177726c5.jpeg<\/pfad>\n<\/daten>\n<\/anhang>\n<anhang location=\"EXTERN\" gruppe=\"BILD\">\n<anhangtitel>B&#xFC;robereich<\/anhangtitel>\n<format>jpeg<\/format>\n<daten>\n<pfad>87b4e9ad82f8451db8f285bbf312f61d.jpeg<\/pfad>\n<\/daten>\n<\/anhang>\n<anhang location=\"EXTERN\" gruppe=\"BILD\">\n<anhangtitel>offene K&#xFC;che<\/anhangtitel>\n<format>jpeg<\/format>\n<daten>\n<pfad>b397c55e15064e38acfc803d773cc3e2.jpeg<\/pfad>\n<\/daten>\n<\/anhang>\n<anhang location=\"EXTERN\" gruppe=\"BILD\">\n<anhangtitel>Eingang<\/anhangtitel>\n<format>jpeg<\/format>\n<daten>\n<pfad>e496595c48474e5babd54e841a60955b.jpeg<\/pfad>\n<\/daten>\n<\/anhang>\n<anhang location=\"EXTERN\" gruppe=\"BILD\">\n<anhangtitel>Treppenhaus<\/anhangtitel>\n<format>jpeg<\/format>\n<daten>\n<pfad>0ff343e4e82649dd98be75788b05a02e.jpeg<\/pfad>\n<\/daten>\n<\/anhang>\n<anhang location=\"EXTERN\" gruppe=\"BILD\">\n<anhangtitel>Ausblick<\/anhangtitel>\n<format>jpeg<\/format>\n<daten>\n<pfad>81305c12326e47e197318350ea912270.jpeg<\/pfad>\n<\/daten>\n<\/anhang>\n<anhang location=\"EXTERN\" gruppe=\"GRUNDRISS\">\n<anhangtitel>EG<\/anhangtitel>\n<format>JPG<\/format>\n<daten>\n<pfad>b8fd03a7dec9439ea8ead19b4ba79306.JPG<\/pfad>\n<\/daten>\n<\/anhang>\n<\/anhaenge>\n<verwaltung_objekt>\n<objektadresse_freigeben>false<\/objektadresse_freigeben>\n<verfuegbar_ab>01.09.2024<\/verfuegbar_ab>\n<gruppennummer>1<\/gruppennummer>\n<geschlecht\/>\n<gewerbliche_nutzung>true<\/gewerbliche_nutzung>\n<\/verwaltung_objekt>\n<verwaltung_techn>\n<objektnr_intern>A51E945FB20C4D1DB80C2D631117911B<\/objektnr_intern>\n<objektnr_extern>139\/E6<\/objektnr_extern>\n<aktion aktionart=\"CHANGE\"\/>\n<openimmo_obid>A51E945FB20C4D1DB80C2D631117911B<\/openimmo_obid>\n<kennung_ursprung>estatePro V10.0.0.8<\/kennung_ursprung>\n<stand_vom>2025-05-21<\/stand_vom>\n<\/verwaltung_techn>\n<user_defined_simplefield feldname=\"Startseite\">Nein<\/user_defined_simplefield>\n<\/immobilie>\n"],"_thumbnail_id":["153170"],"fave_property_images":["153170","153171","153172","153173","153174","153175","153176","153177","153178"],"fave_floor_plans_enable":["enable"],"floor_plans":["a:1:{i:0;a:7:{s:15:\"fave_plan_title\";s:2:\"EG\";s:15:\"fave_plan_rooms\";s:0:\"\";s:19:\"fave_plan_bathrooms\";s:0:\"\";s:15:\"fave_plan_price\";s:0:\"\";s:14:\"fave_plan_size\";s:0:\"\";s:15:\"fave_plan_image\";s:93:\"https:\/\/ruhr-real.de\/wp-content\/uploads\/2025\/05\/b8fd03a7dec9439ea8ead19b4ba79306-705x1024.jpg\";s:21:\"fave_plan_description\";s:0:\"\";}}"],"fave_prop_homeslider":["yes"],"fave_prop_slider_image":["153170"],"fave_agents":["152858"],"fave_agent_display_option":["agent_info"],"fave_single_top_area":["global"],"fave_single_content_area":["global"],"fave_property_map":["1"],"fave_property_map_street_view":["hide"],"fave_property_size_prefix":["m\u00b2"],"fave_property_land_postfix":["m\u00b2"],"fave_featured":["0"],"houzez_featured_listing_date":[""],"fave_property_price_postfix":["pro&nbsp;m\u00b2"],"fave_currency":["EUR"],"fave_currency_info":["a:8:{s:2:\"id\";s:1:\"1\";s:13:\"currency_name\";s:4:\"Euro\";s:13:\"currency_code\";s:3:\"EUR\";s:15:\"currency_symbol\";s:3:\"\u20ac\";s:17:\"currency_position\";s:5:\"after\";s:16:\"currency_decimal\";s:1:\"2\";s:26:\"currency_decimal_separator\";s:1:\",\";s:27:\"currency_thousand_separator\";s:1:\".\";}"],"houzez_total_property_views":["1517"],"houzez_views_by_date":["a:61:{s:10:\"02-27-2026\";i:1;s:10:\"02-28-2026\";i:4;s:10:\"03-01-2026\";i:4;s:10:\"03-02-2026\";i:4;s:10:\"03-03-2026\";i:4;s:10:\"03-04-2026\";i:4;s:10:\"03-05-2026\";i:4;s:10:\"03-06-2026\";i:4;s:10:\"03-07-2026\";i:4;s:10:\"03-08-2026\";i:4;s:10:\"03-09-2026\";i:4;s:10:\"03-10-2026\";i:4;s:10:\"03-11-2026\";i:4;s:10:\"03-12-2026\";i:4;s:10:\"03-13-2026\";i:4;s:10:\"03-14-2026\";i:4;s:10:\"03-15-2026\";i:4;s:10:\"03-16-2026\";i:2;s:10:\"03-17-2026\";i:2;s:10:\"03-18-2026\";i:5;s:10:\"03-19-2026\";i:4;s:10:\"03-20-2026\";i:6;s:10:\"03-21-2026\";i:4;s:10:\"03-22-2026\";i:4;s:10:\"03-23-2026\";i:4;s:10:\"03-24-2026\";i:4;s:10:\"03-25-2026\";i:4;s:10:\"03-26-2026\";i:10;s:10:\"03-27-2026\";i:4;s:10:\"03-28-2026\";i:4;s:10:\"03-29-2026\";i:4;s:10:\"03-30-2026\";i:2;s:10:\"03-31-2026\";i:3;s:10:\"04-01-2026\";i:8;s:10:\"04-02-2026\";i:9;s:10:\"04-03-2026\";i:8;s:10:\"04-04-2026\";i:8;s:10:\"04-05-2026\";i:8;s:10:\"04-06-2026\";i:8;s:10:\"04-07-2026\";i:10;s:10:\"04-08-2026\";i:6;s:10:\"04-09-2026\";i:10;s:10:\"04-10-2026\";i:8;s:10:\"04-11-2026\";i:4;s:10:\"04-12-2026\";i:10;s:10:\"04-13-2026\";i:8;s:10:\"04-14-2026\";i:8;s:10:\"04-15-2026\";i:8;s:10:\"04-16-2026\";i:8;s:10:\"04-17-2026\";i:8;s:10:\"04-18-2026\";i:8;s:10:\"04-19-2026\";i:8;s:10:\"04-20-2026\";i:8;s:10:\"04-21-2026\";i:8;s:10:\"04-22-2026\";i:8;s:10:\"04-23-2026\";i:8;s:10:\"04-24-2026\";i:8;s:10:\"04-25-2026\";i:8;s:10:\"04-26-2026\";i:8;s:10:\"04-27-2026\";i:8;s:10:\"04-28-2026\";i:4;}"],"houzez_recently_viewed":["2026-04-28 11:32:16"],"tp_widgets":["a:2:{s:7:\"widgets\";a:0:{}s:9:\"update_at\";s:10:\"1764682733\";}"],"_elementor_page_assets":["a:0:{}"]},"_links":{"self":[{"href":"https:\/\/ruhr-real.de\/en\/wp-json\/wp\/v2\/properties\/136959","targetHints":{"allow":["GET"]}}],"collection":[{"href":"https:\/\/ruhr-real.de\/en\/wp-json\/wp\/v2\/properties"}],"about":[{"href":"https:\/\/ruhr-real.de\/en\/wp-json\/wp\/v2\/types\/property"}],"author":[{"embeddable":true,"href":"https:\/\/ruhr-real.de\/en\/wp-json\/wp\/v2\/users\/1"}],"version-history":[{"count":0,"href":"https:\/\/ruhr-real.de\/en\/wp-json\/wp\/v2\/properties\/136959\/revisions"}],"wp:featuredmedia":[{"embeddable":true,"href":"https:\/\/ruhr-real.de\/en\/wp-json\/wp\/v2\/media\/153170"}],"wp:attachment":[{"href":"https:\/\/ruhr-real.de\/en\/wp-json\/wp\/v2\/media?parent=136959"}],"wp:term":[{"taxonomy":"property_type","embeddable":true,"href":"https:\/\/ruhr-real.de\/en\/wp-json\/wp\/v2\/property_type?post=136959"},{"taxonomy":"property_status","embeddable":true,"href":"https:\/\/ruhr-real.de\/en\/wp-json\/wp\/v2\/property_status?post=136959"},{"taxonomy":"property_feature","embeddable":true,"href":"https:\/\/ruhr-real.de\/en\/wp-json\/wp\/v2\/property_feature?post=136959"},{"taxonomy":"property_label","embeddable":true,"href":"https:\/\/ruhr-real.de\/en\/wp-json\/wp\/v2\/property_label?post=136959"},{"taxonomy":"property_country","embeddable":true,"href":"https:\/\/ruhr-real.de\/en\/wp-json\/wp\/v2\/property_country?post=136959"},{"taxonomy":"property_state","embeddable":true,"href":"https:\/\/ruhr-real.de\/en\/wp-json\/wp\/v2\/property_state?post=136959"},{"taxonomy":"property_city","embeddable":true,"href":"https:\/\/ruhr-real.de\/en\/wp-json\/wp\/v2\/property_city?post=136959"},{"taxonomy":"property_area","embeddable":true,"href":"https:\/\/ruhr-real.de\/en\/wp-json\/wp\/v2\/property_area?post=136959"}],"curies":[{"name":"wp","href":"https:\/\/api.w.org\/{rel}","templated":true}]}}