{"id":137338,"date":"2026-04-17T00:01:06","date_gmt":"2026-04-16T22:01:06","guid":{"rendered":"https:\/\/ruhr-real.de\/objekt\/vollstaendig-renovierte-bueroflaeche-hochwertige-ausstattung-viele-stellplaetze\/"},"modified":"2026-04-17T13:54:06","modified_gmt":"2026-04-17T11:54:06","slug":"vollstaendig-renovierte-bueroflaeche-hochwertige-ausstattung-viele-stellplaetze","status":"publish","type":"property","link":"https:\/\/ruhr-real.de\/en\/objekt\/vollstaendig-renovierte-bueroflaeche-hochwertige-ausstattung-viele-stellplaetze\/","title":{"rendered":"Vollst\u00e4ndig renovierte B\u00fcrofl\u00e4che | hochwertige Ausstattung | viele Stellpl\u00e4tze"},"content":{"rendered":"<p>Das Objekt im beliebten Bankenvietel Essens bietet Ihnen flexible M\u00f6glichkeiten der B\u00fcronutzung. \u00dcber den modernen Eingangsbereich gelangen Sie mithilfe des Treppenhauses oder den drei Personenaufz\u00fcgen problemlos in jede Etage des Geb\u00e4udes.<br \/>\nDie B\u00fcrofl\u00e4che sind mit einem hochwertigen Teppichboden ausgestattet, verf\u00fcgen \u00fcber eine CAT-7 Verkabelung \u00fcber Fensterbankkabelkan\u00e4le sowie \u00fcber einen au\u00dfenliegenden Sonnenschutz. Eine Klimatisierung der Fl\u00e4chen kann bei Bedarf nachger\u00fcstet werden.<\/p>\n<p>Folgende Fl\u00e4che steht zur Disposition:<\/p>\n<p>EG (Handel): ca. 809 m\u00b2<br \/>\n6. OG: ca. 300 m\u00b2<\/p>\n<p>Das B\u00fcrogeb\u00e4ude befindet sich im Citykern von Essen und  in direkter Lage zur Essener Innenstadt. Der Limbecker Platz befindet sich nur ca. 5 Gehminuten entfernt. Durch die zentrale Lage, bietet das Objekt eine hervorragende \u00d6PVN Anbindung. Die A40 und die B224 ist innerhalb weniger Minuten zu erreichen.<\/p>\n<p>Bedeutende Unternehmen in der B\u00fcromarktzone: Santander Bank, Commerzbank, Deutsche Bank, Stadt Essen, Radio Essen<\/p>\n<p>Hotels der Umgebung: Intercity Hotel, Select Hotel Handelshof, Top CCL Hotel, Motel One<\/p>\n<p>\u2022 Bodenbelag: Teppichboden<br \/>\n\u2022 EDV-Verkabelung: CAT-7<br \/>\n\u2022 Kabelf\u00fchrung: Fensterbankkabelkan\u00e4le<br \/>\n\u2022 Sonnenschutz: au\u00dfenliegend, elektrisch<br \/>\n\u2022 Teek\u00fcche: Mietersache<br \/>\n\u2022 Beleuchtung: Rasterleuchten<br \/>\n\u2022 Klima: m\u00f6glich, nach Mieterwunsch<br \/>\n\u2022 Aufzug: Personenaufzug<br \/>\nSonstiges:<br \/>\n\u2022  getrennte Damen- und Herren WCs<br \/>\n\u2022  Glasfaseranschluss vorhanden<\/p>\n<p>Die Ausstattung kann kann bei Bedarf angepasst werden!<\/p>\n<p>Es gelten ausschlie\u00dflich unsere AGB (www.ruhr-real.de\/agb). Wir m\u00f6chten Sie darauf hinweisen, dass die Angaben ausschlie\u00dflich auf den uns vom Eigent\u00fcmer \u00fcbermittelten Unterlagen und Informationen basieren. F\u00fcr Richtigkeit und Vollst\u00e4ndigkeit \u00fcbernehmen wir keine Gew\u00e4hr. Zwischenvermietung vorbehalten.<br \/>\n<div class=\"widget widget_immonex_user_defined_properties_widget\"><div class=\"immonex-widget immonex-widget-houzez\">\n\t\t<div class=\"immonex-widget-title clearfix\">\n\t\t<h2 class=\"widgettitle\">Energieeffizienz<\/h2>\t<\/div>\n\t\t<ul class=\"immonex-property-details row list-lined list-unstyled\">\n\t\t\t\t<li>\n\t\t\t<div class=\"list-lined-item w-100 d-flex justify-content-between py-2\">\n\t\t\t\t\t\t\t\t<strong class=\"property-details-label\">Energieausweis-Art:<\/strong>&nbsp;<span class=\"property-details-value\">Consumption<\/span>\n\t\t\t\t\t\t\t<\/div>\n\t\t<\/li>\n\t\t\t\t<li>\n\t\t\t<div class=\"list-lined-item w-100 d-flex justify-content-between py-2\">\n\t\t\t\t\t\t\t\t<strong class=\"property-details-label\">Prim\u00e4renergietr\u00e4ger:<\/strong>&nbsp;<span class=\"property-details-value\">Fernw\u00e4rme<\/span>\n\t\t\t\t\t\t\t<\/div>\n\t\t<\/li>\n\t\t\t\t<li>\n\t\t\t<div class=\"list-lined-item w-100 d-flex justify-content-between py-2\">\n\t\t\t\t\t\t\t\t<strong class=\"property-details-label\">Stromverbrauchskennwert:<\/strong>&nbsp;<span class=\"property-details-value\">43,5&nbsp;kWh\/(m\u00b2*a)<\/span>\n\t\t\t\t\t\t\t<\/div>\n\t\t<\/li>\n\t\t\t\t<li>\n\t\t\t<div class=\"list-lined-item w-100 d-flex justify-content-between py-2\">\n\t\t\t\t\t\t\t\t<strong class=\"property-details-label\">Heizenergieverbrauchskennwert:<\/strong>&nbsp;<span class=\"property-details-value\">136,5&nbsp;kWh\/(m\u00b2*a)<\/span>\n\t\t\t\t\t\t\t<\/div>\n\t\t<\/li>\n\t\t\t\t<li>\n\t\t\t<div class=\"list-lined-item w-100 d-flex justify-content-between py-2\">\n\t\t\t\t\t\t\t\t<strong class=\"property-details-label\">Energieausweis-Jahrgang:<\/strong>&nbsp;<span class=\"property-details-value\">as from may 2014<\/span>\n\t\t\t\t\t\t\t<\/div>\n\t\t<\/li>\n\t\t\t<\/ul>\n<\/div><\/div><\/p>\n","protected":false},"excerpt":{"rendered":"<p>Das Objekt im beliebten Bankenvietel Essens bietet Ihnen flexible M\u00f6glichkeiten der B\u00fcronutzung. \u00dcber den modernen&#8230;<\/p>\n","protected":false},"author":1,"featured_media":187699,"parent":0,"menu_order":0,"template":"","property_type":[379],"property_status":[352],"property_feature":[537,354,350],"property_label":[],"property_country":[353],"property_state":[],"property_city":[306],"property_area":[308],"class_list":["post-137338","property","type-property","status-publish","has-post-thumbnail","hentry","property_type-bueroflaechen","property_status-zu-vermieten","property_feature-gewerbliche-nutzung-moeglich","property_feature-personenaufzug","property_feature-raeume-veraenderbar","property_country-deutschland","property_city-essen","property_area-stadtkern"],"acf":[],"property_meta":{"_immonex_import_folder":["users\/RUHRREAL"],"_immonex_translation_id":["228\/E7"],"_openimmo_obid":["64364DF40C394F4AACE02CD9C9D6F575"],"_is_immonex_import_property":["1"],"_immonex_is_reference":[""],"rank_math_internal_links_processed":["1"],"copied_media_ids":["a:0:{}"],"referenced_media_ids":["a:0:{}"],"_immonex_post_status":["updated"],"fave_property_map_address":["45127 Essen"],"fave_property_zip":["45127"],"fave_property_country":["DE"],"_immonex_lat":["51.4464769"],"_immonex_lng":["7.0174679"],"houzez_geolocation_lat":["51.4464769"],"houzez_geolocation_long":["7.0174679"],"fave_property_location":["51.4464769,7.0174679"],"fave_property_price":["11.50"],"fave_property_sec_price":["11.5000"],"fave_property_size":["300"],"fave_property_year":["1977\/2008"],"fave_property_id":["228\/E7"],"_fave_property_id":["228\/E7"],"_immonex_iso_country":["DEU"],"fave_nebenkosten":["6&nbsp;\u20ac"],"_openimmo_anid":["0000"],"_immonex_group_number":["2"],"_immonex_group_id":[""],"_immonex_group_master":[""],"_immonex_import_meta":["a:6:{s:8:\"zip_file\";s:131:\"\/www\/htdocs\/w0172e0e\/ruhr-real_2024\/wp-content\/uploads\/immonex-openimmo-import\/users\/RUHRREAL\/Immowelt_estatePro_20260417135308.zip\";s:8:\"xml_file\";s:158:\"\/www\/htdocs\/w0172e0e\/ruhr-real_2024\/wp-content\/uploads\/immonex-openimmo-import\/immowelt_estatepro_20260417135308\/Homepage_2024_NEW_estatePro20260417135308.xml\";s:12:\"mapping_file\";s:116:\"\/www\/htdocs\/w0172e0e\/ruhr-real_2024\/wp-content\/uploads\/immonex-openimmo-import\/mappings\/houzez_ruhrreal_20260325.csv\";s:9:\"timestamp\";i:1776426846;s:4:\"date\";s:10:\"2026-04-17\";s:4:\"time\";s:8:\"13:54:06\";}"],"_immonex_is_sold":[""],"_immonex_is_reserved":[""],"_immonex_is_available":["1"],"_immonex_areabutler_url_with_address":[""],"_immonex_areabutler_url_no_address":[""],"_immonex_areabutler_url":[""],"additional_features":["a:17:{i:0;a:2:{s:29:\"fave_additional_feature_title\";s:11:\"Heizungsart\";s:29:\"fave_additional_feature_value\";s:11:\"Fernheizung\";}i:1;a:2:{s:29:\"fave_additional_feature_title\";s:14:\"Nettokaltmiete\";s:29:\"fave_additional_feature_value\";s:14:\"11,50&nbsp;\u20ac\";}i:2;a:2:{s:29:\"fave_additional_feature_title\";s:9:\"Kaltmiete\";s:29:\"fave_additional_feature_value\";s:14:\"11,50&nbsp;\u20ac\";}i:3;a:2:{s:29:\"fave_additional_feature_title\";s:29:\"monatl. Betriebs-\/Nebenkosten\";s:29:\"fave_additional_feature_value\";s:10:\"6&nbsp;\u20ac\";}i:4;a:2:{s:29:\"fave_additional_feature_title\";s:33:\"Heizkosten in Warmmiete enthalten\";s:29:\"fave_additional_feature_value\";s:4:\"nein\";}i:5;a:2:{s:29:\"fave_additional_feature_title\";s:32:\"Preise zuz\u00fcglich Mehrwertsteuer\";s:29:\"fave_additional_feature_value\";s:4:\"nein\";}i:6;a:2:{s:29:\"fave_additional_feature_title\";s:23:\"Netto-Kaltmiete pro m\u00b2\";s:29:\"fave_additional_feature_value\";s:14:\"11,50&nbsp;\u20ac\";}i:7;a:2:{s:29:\"fave_additional_feature_title\";s:10:\"MwSt.-Satz\";s:29:\"fave_additional_feature_value\";s:9:\"19&nbsp;%\";}i:8;a:2:{s:29:\"fave_additional_feature_title\";s:12:\"B\u00fcrofl\u00e4che\";s:29:\"fave_additional_feature_value\";s:12:\"300&nbsp;m\u00b2\";}i:9;a:2:{s:29:\"fave_additional_feature_title\";s:16:\"B\u00fcroteilfl\u00e4che\";s:29:\"fave_additional_feature_value\";s:12:\"300&nbsp;m\u00b2\";}i:10;a:2:{s:29:\"fave_additional_feature_title\";s:10:\"Teilbar ab\";s:29:\"fave_additional_feature_value\";s:12:\"300&nbsp;m\u00b2\";}i:11;a:2:{s:29:\"fave_additional_feature_title\";s:19:\"Art der Ausstattung\";s:29:\"fave_additional_feature_value\";s:7:\"gehoben\";}i:12;a:2:{s:29:\"fave_additional_feature_title\";s:10:\"Befeuerung\";s:29:\"fave_additional_feature_value\";s:10:\"Fernw\u00e4rme\";}i:13;a:2:{s:29:\"fave_additional_feature_title\";s:10:\"Bodenbelag\";s:29:\"fave_additional_feature_value\";s:7:\"Teppich\";}i:14;a:2:{s:29:\"fave_additional_feature_title\";s:13:\"Stellplatzart\";s:29:\"fave_additional_feature_value\";s:10:\"Tiefgarage\";}i:15;a:2:{s:29:\"fave_additional_feature_title\";s:7:\"Zustand\";s:29:\"fave_additional_feature_value\";s:8:\"gepflegt\";}i:16;a:2:{s:29:\"fave_additional_feature_title\";s:27:\"Immobilie ist verf\u00fcgbar ab\";s:29:\"fave_additional_feature_value\";s:6:\"sofort\";}}"],"fave_additional_features_enable":["enable"],"_immonex_custom_fields":["a:5:{s:18:\"Energieausweis-Art\";a:5:{s:14:\"mapping_source\";s:35:\"zustand_angaben->energiepass->epart\";s:4:\"name\";s:0:\"\";s:5:\"group\";s:5:\"epass\";s:5:\"value\";s:11:\"Consumption\";s:19:\"value_before_filter\";s:9:\"VERBRAUCH\";}s:21:\"Prim\u00e4renergietr\u00e4ger\";a:5:{s:14:\"mapping_source\";s:29:\"ausstattung->befeuerung:FERN+\";s:4:\"name\";s:0:\"\";s:5:\"group\";s:5:\"epass\";s:5:\"value\";s:10:\"Fernw\u00e4rme\";s:19:\"value_before_filter\";s:10:\"Fernw\u00e4rme\";}s:23:\"Stromverbrauchskennwert\";a:5:{s:14:\"mapping_source\";s:39:\"zustand_angaben->energiepass->stromwert\";s:4:\"name\";s:0:\"\";s:5:\"group\";s:5:\"epass\";s:5:\"value\";s:21:\"43,5&nbsp;kWh\/(m\u00b2*a)\";s:19:\"value_before_filter\";s:4:\"43,5\";}s:29:\"Heizenergieverbrauchskennwert\";a:5:{s:14:\"mapping_source\";s:40:\"zustand_angaben->energiepass->waermewert\";s:4:\"name\";s:0:\"\";s:5:\"group\";s:5:\"epass\";s:5:\"value\";s:22:\"136,5&nbsp;kWh\/(m\u00b2*a)\";s:19:\"value_before_filter\";s:5:\"136,5\";}s:23:\"Energieausweis-Jahrgang\";a:5:{s:14:\"mapping_source\";s:38:\"zustand_angaben->energiepass->jahrgang\";s:4:\"name\";s:0:\"\";s:5:\"group\";s:5:\"epass\";s:5:\"value\";s:16:\"as from may 2014\";s:19:\"value_before_filter\";s:4:\"2014\";}}"],"_immonex_property_xml_source":["<?xml version=\"1.0\"?>\n<immobilie>\n<objektkategorie>\n<nutzungsart WOHNEN=\"false\" GEWERBE=\"true\"\/>\n<vermarktungsart KAUF=\"false\" MIETE_PACHT=\"true\"\/>\n<objektart>\n<buero_praxen buero_typ=\"BUEROHAUS\"\/>\n<\/objektart>\n<user_defined_simplefield\/>\n<\/objektkategorie>\n<geo>\n<plz>45127<\/plz>\n<ort>Essen<\/ort>\n<strasse>Lindenallee<\/strasse>\n<hausnummer>6-8<\/hausnummer>\n<land iso_land=\"DEU\"\/>\n<lage_im_bau\/>\n<regionaler_zusatz>Stadtkern<\/regionaler_zusatz>\n<\/geo>\n<kontaktperson>\n<email_zentrale>anfrage@ruhr-real.de<\/email_zentrale>\n<email_direkt>bruckmann@ruhr-real.de<\/email_direkt>\n<tel_durchw>+49 201 99996337<\/tel_durchw>\n<tel_fax>+49 201 99996344<\/tel_fax>\n<tel_handy>+49 172 7088870<\/tel_handy>\n<name>Bruckmann<\/name>\n<vorname>Jonas<\/vorname>\n<anrede>Herr<\/anrede>\n<firma>RUHR REAL GmbH<\/firma>\n<strasse>Holsterhauser Platz<\/strasse>\n<hausnummer>2<\/hausnummer>\n<plz>45147<\/plz>\n<ort>Essen<\/ort>\n<adressfreigabe>true<\/adressfreigabe>\n<\/kontaktperson>\n<preise>\n<nettokaltmiete>11.50<\/nettokaltmiete>\n<kaltmiete>11.50<\/kaltmiete>\n<nebenkosten>6.00<\/nebenkosten>\n<heizkosten_enthalten>false<\/heizkosten_enthalten>\n<zzg_mehrwertsteuer>false<\/zzg_mehrwertsteuer>\n<preis_zeiteinheit\/>\n<mietpreis_pro_qm>11.5000<\/mietpreis_pro_qm>\n<provisionspflichtig>false<\/provisionspflichtig>\n<waehrung iso_waehrung=\"EUR\"\/>\n<mwst_satz>19.00<\/mwst_satz>\n<stp_carport\/>\n<stp_duplex\/>\n<stp_freiplatz\/>\n<stp_garage\/>\n<stp_parkhaus\/>\n<stp_tiefgarage\/>\n<\/preise>\n<bieterverfahren\/>\n<versteigerung\/>\n<flaechen>\n<bueroflaeche>300<\/bueroflaeche>\n<bueroteilflaeche>300<\/bueroteilflaeche>\n<teilbar_ab>300<\/teilbar_ab>\n<\/flaechen>\n<ausstattung>\n<ausstatt_kategorie>GEHOBEN<\/ausstatt_kategorie>\n<raeume_veraenderbar>true<\/raeume_veraenderbar>\n<bad\/>\n<kueche\/>\n<boden TEPPICH=\"true\"\/>\n<heizungsart FERN=\"true\"\/>\n<befeuerung FERN=\"true\"\/>\n<fahrstuhl PERSONEN=\"true\"\/>\n<stellplatzart TIEFGARAGE=\"true\"\/>\n<ausricht_balkon_terrasse\/>\n<angeschl_gastronomie\/>\n<sicherheitstechnik\/>\n<\/ausstattung>\n<zustand_angaben>\n<baujahr>1977\/2008<\/baujahr>\n<zustand zustand_art=\"GEPFLEGT\"\/>\n<energiepass>\n<epart>VERBRAUCH<\/epart>\n<stromwert>43,5<\/stromwert>\n<waermewert>136,5<\/waermewert>\n<jahrgang>2014<\/jahrgang>\n<\/energiepass>\n<\/zustand_angaben>\n<bewertung\/>\n<infrastruktur\/>\n<freitexte>\n<objekttitel>Vollst&#xE4;ndig renovierte B&#xFC;rofl&#xE4;che | hochwertige Ausstattung | viele Stellpl&#xE4;tze<\/objekttitel>\n<lage>Das B&#xFC;rogeb&#xE4;ude befindet sich im Citykern von Essen und  in direkter Lage zur Essener Innenstadt. Der Limbecker Platz befindet sich nur ca. 5 Gehminuten entfernt. Durch die zentrale Lage, bietet das Objekt eine hervorragende &#xD6;PVN Anbindung. Die A40 und die B224 ist innerhalb weniger Minuten zu erreichen.\n\nBedeutende Unternehmen in der B&#xFC;romarktzone: Santander Bank, Commerzbank, Deutsche Bank, Stadt Essen, Radio Essen\n\nHotels der Umgebung: Intercity Hotel, Select Hotel Handelshof, Top CCL Hotel, Motel One <\/lage>\n<ausstatt_beschr>&#x2022; Bodenbelag: Teppichboden\n&#x2022; EDV-Verkabelung: CAT-7\n&#x2022; Kabelf&#xFC;hrung: Fensterbankkabelkan&#xE4;le\n&#x2022; Sonnenschutz: au&#xDF;enliegend, elektrisch\n&#x2022; Teek&#xFC;che: Mietersache\n&#x2022; Beleuchtung: Rasterleuchten\n&#x2022; Klima: m&#xF6;glich, nach Mieterwunsch\n&#x2022; Aufzug: Personenaufzug\nSonstiges: \n&#x2022;  getrennte Damen- und Herren WCs\n&#x2022;  Glasfaseranschluss vorhanden\n\nDie Ausstattung kann kann bei Bedarf angepasst werden!<\/ausstatt_beschr>\n<objektbeschreibung>Das Objekt im beliebten Bankenvietel Essens bietet Ihnen flexible M&#xF6;glichkeiten der B&#xFC;ronutzung. &#xDC;ber den modernen Eingangsbereich gelangen Sie mithilfe des Treppenhauses oder den drei Personenaufz&#xFC;gen problemlos in jede Etage des Geb&#xE4;udes. \nDie B&#xFC;rofl&#xE4;che sind mit einem hochwertigen Teppichboden ausgestattet, verf&#xFC;gen &#xFC;ber eine CAT-7 Verkabelung &#xFC;ber Fensterbankkabelkan&#xE4;le sowie &#xFC;ber einen au&#xDF;enliegenden Sonnenschutz. Eine Klimatisierung der Fl&#xE4;chen kann bei Bedarf nachger&#xFC;stet werden. \n\nFolgende Fl&#xE4;che steht zur Disposition:\n\nEG (Handel): ca. 809 m&#xB2;\n6. OG: ca. 300 m&#xB2;<\/objektbeschreibung><sonstige_angaben>Es gelten ausschlie&#xDF;lich unsere AGB (www.ruhr-real.de\/agb). Wir m&#xF6;chten Sie darauf hinweisen, dass die Angaben ausschlie&#xDF;lich auf den uns vom Eigent&#xFC;mer &#xFC;bermittelten Unterlagen und Informationen basieren. F&#xFC;r Richtigkeit und Vollst&#xE4;ndigkeit &#xFC;bernehmen wir keine Gew&#xE4;hr. Zwischenvermietung vorbehalten.<\/sonstige_angaben>\n<\/freitexte>\n<anhaenge>\n<anhang location=\"EXTERN\" gruppe=\"TITELBILD\">\n<anhangtitel>Geb&#xE4;ude<\/anhangtitel>\n<format>jpg<\/format>\n<daten>\n<pfad>368c903da3a24ec09839a5b0a768f045.jpg<\/pfad>\n<\/daten>\n<\/anhang>\n<anhang location=\"EXTERN\" gruppe=\"BILD\">\n<anhangtitel>Au&#xDF;enansicht<\/anhangtitel>\n<format>jpg<\/format>\n<daten>\n<pfad>f20c3a237d474bb2b343682219685f18.jpg<\/pfad>\n<\/daten>\n<\/anhang>\n<anhang location=\"EXTERN\" gruppe=\"BILD\">\n<anhangtitel>Eingang<\/anhangtitel>\n<format>jpg<\/format>\n<daten>\n<pfad>8dfeaffb68f245cc991c8e555cbbcbc7.jpg<\/pfad>\n<\/daten>\n<\/anhang>\n<anhang location=\"EXTERN\" gruppe=\"BILD\">\n<anhangtitel>B&#xFC;ro<\/anhangtitel>\n<format>jpg<\/format>\n<daten>\n<pfad>0decc17c8efe4bc0a51885dc6b771aba.jpg<\/pfad>\n<\/daten>\n<\/anhang>\n<anhang location=\"EXTERN\" gruppe=\"BILD\">\n<anhangtitel>Besprechung<\/anhangtitel>\n<format>jpg<\/format>\n<daten>\n<pfad>d10268fa9201498da42ae9714373c883.jpg<\/pfad>\n<\/daten>\n<\/anhang>\n<anhang location=\"EXTERN\" gruppe=\"BILD\">\n<anhangtitel>B&#xFC;ro (2)<\/anhangtitel>\n<format>jpg<\/format>\n<daten>\n<pfad>30d2c7b5dbe14a78a4d7f4255e4eb278.jpg<\/pfad>\n<\/daten>\n<\/anhang>\n<anhang location=\"EXTERN\" gruppe=\"BILD\">\n<anhangtitel>Aufenthalt<\/anhangtitel>\n<format>jpg<\/format>\n<daten>\n<pfad>95db416d269044b787a8f06dcae85bf4.jpg<\/pfad>\n<\/daten>\n<\/anhang>\n<anhang location=\"EXTERN\" gruppe=\"BILD\">\n<anhangtitel>Blick ins Gr&#xFC;ne<\/anhangtitel>\n<format>jpg<\/format>\n<daten>\n<pfad>f5dcffb4a5cd45c7a6ed7251f7983447.jpg<\/pfad>\n<\/daten>\n<\/anhang>\n<anhang location=\"EXTERN\" gruppe=\"GRUNDRISS\">\n<anhangtitel>EG<\/anhangtitel>\n<format>JPG<\/format>\n<daten>\n<pfad>6cc04b71095249fd941ceb0bd9150418.JPG<\/pfad>\n<\/daten>\n<\/anhang>\n<anhang location=\"EXTERN\" gruppe=\"GRUNDRISS\">\n<anhangtitel>6. OG<\/anhangtitel>\n<format>PNG<\/format>\n<daten>\n<pfad>402b91c5b1474c1392158051a8c917e9.PNG<\/pfad>\n<\/daten>\n<\/anhang>\n<\/anhaenge>\n<verwaltung_objekt>\n<objektadresse_freigeben>false<\/objektadresse_freigeben>\n<verfuegbar_ab>sofort<\/verfuegbar_ab>\n<gruppennummer>2<\/gruppennummer>\n<geschlecht\/>\n<gewerbliche_nutzung>true<\/gewerbliche_nutzung>\n<\/verwaltung_objekt>\n<verwaltung_techn>\n<objektnr_intern>64364DF40C394F4AACE02CD9C9D6F575<\/objektnr_intern>\n<objektnr_extern>228\/E7<\/objektnr_extern>\n<aktion aktionart=\"CHANGE\"\/>\n<openimmo_obid>64364DF40C394F4AACE02CD9C9D6F575<\/openimmo_obid>\n<kennung_ursprung>estatePro V10.0.0.8<\/kennung_ursprung>\n<stand_vom>2026-04-17<\/stand_vom>\n<\/verwaltung_techn>\n<user_defined_simplefield feldname=\"Startseite\">Nein<\/user_defined_simplefield>\n<\/immobilie>\n"],"_immonex_energy_class":[""],"_immonex_energy_class_id":["0"],"_thumbnail_id":["187699"],"fave_property_images":["187699","187700","187701","187702","187703","187704","187705","187706"],"fave_floor_plans_enable":["enable"],"floor_plans":["a:2:{i:0;a:7:{s:15:\"fave_plan_title\";s:2:\"EG\";s:15:\"fave_plan_rooms\";s:0:\"\";s:19:\"fave_plan_bathrooms\";s:0:\"\";s:15:\"fave_plan_price\";s:0:\"\";s:14:\"fave_plan_size\";s:0:\"\";s:15:\"fave_plan_image\";s:84:\"https:\/\/ruhr-real.de\/wp-content\/uploads\/2026\/04\/6cc04b71095249fd941ceb0bd9150418.jpg\";s:21:\"fave_plan_description\";s:0:\"\";}i:1;a:7:{s:15:\"fave_plan_title\";s:5:\"6. OG\";s:15:\"fave_plan_rooms\";s:0:\"\";s:19:\"fave_plan_bathrooms\";s:0:\"\";s:15:\"fave_plan_price\";s:0:\"\";s:14:\"fave_plan_size\";s:0:\"\";s:15:\"fave_plan_image\";s:84:\"https:\/\/ruhr-real.de\/wp-content\/uploads\/2026\/04\/402b91c5b1474c1392158051a8c917e9.png\";s:21:\"fave_plan_description\";s:0:\"\";}}"],"fave_prop_homeslider":["yes"],"fave_prop_slider_image":["187699"],"fave_agents":["111496"],"fave_agent_display_option":["agent_info"],"fave_single_top_area":["global"],"fave_single_content_area":["global"],"fave_property_map":["1"],"fave_property_map_street_view":["hide"],"fave_property_size_prefix":["m\u00b2"],"fave_property_land_postfix":["m\u00b2"],"fave_featured":["0"],"houzez_featured_listing_date":[""],"fave_property_price_postfix":["pro&nbsp;m\u00b2"],"fave_currency":["EUR"],"fave_currency_info":["a:8:{s:2:\"id\";s:1:\"1\";s:13:\"currency_name\";s:4:\"Euro\";s:13:\"currency_code\";s:3:\"EUR\";s:15:\"currency_symbol\";s:3:\"\u20ac\";s:17:\"currency_position\";s:5:\"after\";s:16:\"currency_decimal\";s:1:\"2\";s:26:\"currency_decimal_separator\";s:1:\",\";s:27:\"currency_thousand_separator\";s:1:\".\";}"],"_wpml_word_count":["351"],"houzez_total_property_views":["89"],"houzez_views_by_date":["a:12:{s:10:\"04-17-2026\";i:4;s:10:\"04-18-2026\";i:10;s:10:\"04-19-2026\";i:8;s:10:\"04-20-2026\";i:8;s:10:\"04-21-2026\";i:8;s:10:\"04-22-2026\";i:8;s:10:\"04-23-2026\";i:8;s:10:\"04-24-2026\";i:8;s:10:\"04-25-2026\";i:8;s:10:\"04-26-2026\";i:8;s:10:\"04-27-2026\";i:8;s:10:\"04-28-2026\";i:3;}"],"houzez_recently_viewed":["2026-04-28 10:33:38"],"_elementor_page_assets":["a:0:{}"]},"_links":{"self":[{"href":"https:\/\/ruhr-real.de\/en\/wp-json\/wp\/v2\/properties\/137338","targetHints":{"allow":["GET"]}}],"collection":[{"href":"https:\/\/ruhr-real.de\/en\/wp-json\/wp\/v2\/properties"}],"about":[{"href":"https:\/\/ruhr-real.de\/en\/wp-json\/wp\/v2\/types\/property"}],"author":[{"embeddable":true,"href":"https:\/\/ruhr-real.de\/en\/wp-json\/wp\/v2\/users\/1"}],"version-history":[{"count":0,"href":"https:\/\/ruhr-real.de\/en\/wp-json\/wp\/v2\/properties\/137338\/revisions"}],"wp:featuredmedia":[{"embeddable":true,"href":"https:\/\/ruhr-real.de\/en\/wp-json\/wp\/v2\/media\/187699"}],"wp:attachment":[{"href":"https:\/\/ruhr-real.de\/en\/wp-json\/wp\/v2\/media?parent=137338"}],"wp:term":[{"taxonomy":"property_type","embeddable":true,"href":"https:\/\/ruhr-real.de\/en\/wp-json\/wp\/v2\/property_type?post=137338"},{"taxonomy":"property_status","embeddable":true,"href":"https:\/\/ruhr-real.de\/en\/wp-json\/wp\/v2\/property_status?post=137338"},{"taxonomy":"property_feature","embeddable":true,"href":"https:\/\/ruhr-real.de\/en\/wp-json\/wp\/v2\/property_feature?post=137338"},{"taxonomy":"property_label","embeddable":true,"href":"https:\/\/ruhr-real.de\/en\/wp-json\/wp\/v2\/property_label?post=137338"},{"taxonomy":"property_country","embeddable":true,"href":"https:\/\/ruhr-real.de\/en\/wp-json\/wp\/v2\/property_country?post=137338"},{"taxonomy":"property_state","embeddable":true,"href":"https:\/\/ruhr-real.de\/en\/wp-json\/wp\/v2\/property_state?post=137338"},{"taxonomy":"property_city","embeddable":true,"href":"https:\/\/ruhr-real.de\/en\/wp-json\/wp\/v2\/property_city?post=137338"},{"taxonomy":"property_area","embeddable":true,"href":"https:\/\/ruhr-real.de\/en\/wp-json\/wp\/v2\/property_area?post=137338"}],"curies":[{"name":"wp","href":"https:\/\/api.w.org\/{rel}","templated":true}]}}