{"id":139112,"date":"2026-03-30T00:36:04","date_gmt":"2026-03-29T22:36:04","guid":{"rendered":"https:\/\/ruhr-real.de\/objekt\/ihr-neues-buero-in-ratingen-165-m%c2%b2-klimatisiert-stellplaetze-repraesentatives-gebaeude\/"},"modified":"2026-04-02T15:54:04","modified_gmt":"2026-04-02T13:54:04","slug":"ihr-neues-buero-in-ratingen-165-m%c2%b2-klimatisiert-stellplaetze-repraesentatives-gebaeude","status":"publish","type":"property","link":"https:\/\/ruhr-real.de\/en\/objekt\/ihr-neues-buero-in-ratingen-165-m%c2%b2-klimatisiert-stellplaetze-repraesentatives-gebaeude\/","title":{"rendered":"Ihr neues B\u00fcro in Ratingen | 165 m\u00b2 | klimatisiert | Stellpl\u00e4tze | repr\u00e4sentatives Geb\u00e4ude"},"content":{"rendered":"<p>Bei der angebotenen Liegenschaft handelt es sich um einen modernen B\u00fcrokomplex.<br \/>\nDie vakanten Fl\u00e4chen befinden sich in einem top Zustand und stehen kurzfristig zur Anmietung zur Verf\u00fcgung. Die Ausstattung und Gestaltung der vakanten Fl\u00e4chen ist flexibel und kann bei Bedarf an den Mieterwunsch angepasst werden.<\/p>\n<p>Derzeit stehen folgende Fl\u00e4chen zur Disposition:<\/p>\n<p>EG: ca. 165 m\u00b2<br \/>\n1. OG: ca. 272 m\u00b2<\/p>\n<p>Das angebotene Objekt ist im s\u00fcdlichen Teil von Ratingen, im Stadtteil Lintorf situiert und verf\u00fcgt \u00fcber eine optimale Anbindung an das Autobahnnetz. Sowohl die A52 als auch A3 und A524 sind nur unweit entfernt. Dar\u00fcber hinaus sind Bushaltestellen innerhalb k\u00fcrzester Zeit fu\u00dfl\u00e4ufig erreichbar. Gesch\u00e4fte des t\u00e4glichen Bedarfs und gastronomische Lokalit\u00e4ten werden mit dem Auto oder \u00d6PNV ebenfalls unkompliziert erschlossen.<\/p>\n<p>Unternehmen in der B\u00fcromarktzone: CSG Edelstahl GmbH, MC TechGroup, Ferroman GmbH, Kliesch GmbH<\/p>\n<p>\u2022 Bodenbelag: Laminatboden<br \/>\n\u2022 Kabelf\u00fchrung: Bodentanks<br \/>\n\u2022 Sonnenschutz: au\u00dfenliegend &amp; innenliegend<br \/>\n\u2022 Teek\u00fcche: vom Vormieter<br \/>\n\u2022 Beleuchtung: Deckenbeleuchtung<br \/>\n\u2022 K\u00fchlung: Klimaanlage<\/p>\n<p>Die Ausstattung kann kann bei Bedarf angepasst werden!<\/p>\n<p>Es gelten ausschlie\u00dflich unsere AGB (www.ruhr-real.de\/agb). Wir m\u00f6chten Sie darauf hinweisen, dass die Angaben ausschlie\u00dflich auf den uns vom Eigent\u00fcmer \u00fcbermittelten Unterlagen und Informationen basieren. F\u00fcr Richtigkeit und Vollst\u00e4ndigkeit \u00fcbernehmen wir keine Gew\u00e4hr. Zwischenvermietung vorbehalten.<br \/>\n<div class=\"widget widget_immonex_user_defined_properties_widget\"><div class=\"immonex-widget immonex-widget-houzez\">\n\t\t<div class=\"immonex-widget-title clearfix\">\n\t\t<h2 class=\"widgettitle\">Energieeffizienz<\/h2>\t<\/div>\n\t\t<ul class=\"immonex-property-details row list-lined list-unstyled\">\n\t\t\t\t<li>\n\t\t\t<div class=\"list-lined-item w-100 d-flex justify-content-between py-2\">\n\t\t\t\t\t\t\t\t<strong class=\"property-details-label\">Energieausweis-Jahrgang:<\/strong>&nbsp;<span class=\"property-details-value\">not available<\/span>\n\t\t\t\t\t\t\t<\/div>\n\t\t<\/li>\n\t\t\t<\/ul>\n<\/div><\/div><\/p>\n","protected":false},"excerpt":{"rendered":"<p>Bei der angebotenen Liegenschaft handelt es sich um einen modernen B\u00fcrokomplex. Die vakanten Fl\u00e4chen befinden sich in&#8230;<\/p>\n","protected":false},"author":1,"featured_media":184481,"parent":0,"menu_order":0,"template":"","property_type":[379],"property_status":[352],"property_feature":[537,361,350],"property_label":[],"property_country":[353],"property_state":[],"property_city":[432],"property_area":[],"class_list":["post-139112","property","type-property","status-publish","has-post-thumbnail","hentry","property_type-bueroflaechen","property_status-zu-vermieten","property_feature-gewerbliche-nutzung-moeglich","property_feature-klimaanlage","property_feature-raeume-veraenderbar","property_country-deutschland","property_city-ratingen"],"acf":[],"property_meta":{"_immonex_import_folder":["users\/RUHRREAL"],"_immonex_translation_id":["3761\/E1"],"_openimmo_obid":["3ACDE4C326B94541867C8DEF4022A461"],"_is_immonex_import_property":["1"],"_immonex_is_reference":[""],"rank_math_internal_links_processed":["1"],"copied_media_ids":["a:0:{}"],"referenced_media_ids":["a:0:{}"],"_immonex_post_status":["updated"],"fave_property_map_address":["40885 Ratingen"],"fave_property_zip":["40885"],"fave_property_country":["DE"],"_immonex_lat":["51.3506265"],"_immonex_lng":["6.846984"],"houzez_geolocation_lat":["51.3506265"],"houzez_geolocation_long":["6.846984"],"fave_property_location":["51.3506265,6.846984"],"fave_property_price":["9.80"],"fave_property_sec_price":["9.8000"],"fave_property_size":["165"],"fave_property_id":["3761\/E1"],"_fave_property_id":["3761\/E1"],"_immonex_iso_country":["DEU"],"fave_nebenkosten":["2,80&nbsp;\u20ac"],"_openimmo_anid":["0000"],"_immonex_group_number":[""],"_immonex_group_id":[""],"_immonex_group_master":[""],"_immonex_import_meta":["a:6:{s:8:\"zip_file\";s:131:\"\/www\/htdocs\/w0172e0e\/ruhr-real_2024\/wp-content\/uploads\/immonex-openimmo-import\/users\/RUHRREAL\/Immowelt_estatePro_20260402154854.zip\";s:8:\"xml_file\";s:158:\"\/www\/htdocs\/w0172e0e\/ruhr-real_2024\/wp-content\/uploads\/immonex-openimmo-import\/immowelt_estatepro_20260402154854\/Homepage_2024_NEW_estatePro20260402154854.xml\";s:12:\"mapping_file\";s:116:\"\/www\/htdocs\/w0172e0e\/ruhr-real_2024\/wp-content\/uploads\/immonex-openimmo-import\/mappings\/houzez_ruhrreal_20260325.csv\";s:9:\"timestamp\";i:1775138044;s:4:\"date\";s:10:\"2026-04-02\";s:4:\"time\";s:8:\"15:54:04\";}"],"_immonex_is_sold":[""],"_immonex_is_reserved":[""],"_immonex_is_available":["1"],"_immonex_areabutler_url_with_address":[""],"_immonex_areabutler_url_no_address":[""],"_immonex_areabutler_url":[""],"additional_features":["a:17:{i:0;a:2:{s:29:\"fave_additional_feature_title\";s:14:\"Nettokaltmiete\";s:29:\"fave_additional_feature_value\";s:13:\"9,80&nbsp;\u20ac\";}i:1;a:2:{s:29:\"fave_additional_feature_title\";s:9:\"Kaltmiete\";s:29:\"fave_additional_feature_value\";s:13:\"9,80&nbsp;\u20ac\";}i:2;a:2:{s:29:\"fave_additional_feature_title\";s:29:\"monatl. Betriebs-\/Nebenkosten\";s:29:\"fave_additional_feature_value\";s:13:\"2,80&nbsp;\u20ac\";}i:3;a:2:{s:29:\"fave_additional_feature_title\";s:33:\"Heizkosten in Warmmiete enthalten\";s:29:\"fave_additional_feature_value\";s:4:\"nein\";}i:4;a:2:{s:29:\"fave_additional_feature_title\";s:32:\"Preise zuz\u00fcglich Mehrwertsteuer\";s:29:\"fave_additional_feature_value\";s:4:\"nein\";}i:5;a:2:{s:29:\"fave_additional_feature_title\";s:23:\"Netto-Kaltmiete pro m\u00b2\";s:29:\"fave_additional_feature_value\";s:13:\"9,80&nbsp;\u20ac\";}i:6;a:2:{s:29:\"fave_additional_feature_title\";s:15:\"Mieterprovision\";s:29:\"fave_additional_feature_value\";s:21:\"3-4 Nettomonatsmieten\";}i:7;a:2:{s:29:\"fave_additional_feature_title\";s:20:\"Hinweis zur Courtage\";s:29:\"fave_additional_feature_value\";s:313:\"Im Falle der Anmietung ist folgende Maklerprovision vom Auftraggeber an RUHR REAL zu zahlen: Bei Mietvertr\u00e4gen mit einer anf\u00e4nglich bestimmten Vertragslaufzeit von bis 5 Jahren = 2,0 Nettomonatsmieten; ab 5 Jahren = 3,0 Nettomonatsmieten und ab 7 Jahren = 3,5 Nettomonatsmieten, jeweils zuz\u00fcglich Umsatzsteuer.\";}i:8;a:2:{s:29:\"fave_additional_feature_title\";s:10:\"MwSt.-Satz\";s:29:\"fave_additional_feature_value\";s:9:\"19&nbsp;%\";}i:9;a:2:{s:29:\"fave_additional_feature_title\";s:12:\"B\u00fcrofl\u00e4che\";s:29:\"fave_additional_feature_value\";s:12:\"165&nbsp;m\u00b2\";}i:10;a:2:{s:29:\"fave_additional_feature_title\";s:16:\"B\u00fcroteilfl\u00e4che\";s:29:\"fave_additional_feature_value\";s:12:\"165&nbsp;m\u00b2\";}i:11;a:2:{s:29:\"fave_additional_feature_title\";s:10:\"Teilbar ab\";s:29:\"fave_additional_feature_value\";s:12:\"165&nbsp;m\u00b2\";}i:12;a:2:{s:29:\"fave_additional_feature_title\";s:19:\"Art der Ausstattung\";s:29:\"fave_additional_feature_value\";s:8:\"Standard\";}i:13;a:2:{s:29:\"fave_additional_feature_title\";s:10:\"Bodenbelag\";s:29:\"fave_additional_feature_value\";s:7:\"Laminat\";}i:14;a:2:{s:29:\"fave_additional_feature_title\";s:13:\"Stellplatzart\";s:29:\"fave_additional_feature_value\";s:9:\"Freiplatz\";}i:15;a:2:{s:29:\"fave_additional_feature_title\";s:7:\"Zustand\";s:29:\"fave_additional_feature_value\";s:8:\"gepflegt\";}i:16;a:2:{s:29:\"fave_additional_feature_title\";s:27:\"Immobilie ist verf\u00fcgbar ab\";s:29:\"fave_additional_feature_value\";s:9:\"ab sofort\";}}"],"fave_additional_features_enable":["enable"],"_immonex_custom_fields":["a:1:{s:23:\"Energieausweis-Jahrgang\";a:5:{s:14:\"mapping_source\";s:38:\"zustand_angaben->energiepass->jahrgang\";s:4:\"name\";s:0:\"\";s:5:\"group\";s:5:\"epass\";s:5:\"value\";s:13:\"not available\";s:19:\"value_before_filter\";s:4:\"ohne\";}}"],"_immonex_property_xml_source":["<?xml version=\"1.0\"?>\n<immobilie>\n<objektkategorie>\n<nutzungsart WOHNEN=\"false\" GEWERBE=\"true\"\/>\n<vermarktungsart KAUF=\"false\" MIETE_PACHT=\"true\"\/>\n<objektart>\n<buero_praxen buero_typ=\"BUEROHAUS\"\/>\n<\/objektart>\n<user_defined_simplefield\/>\n<\/objektkategorie>\n<geo>\n<plz>40885<\/plz>\n<ort>Ratingen<\/ort>\n<strasse>Am Gierath<\/strasse>\n<hausnummer>20<\/hausnummer>\n<land iso_land=\"DEU\"\/>\n<lage_im_bau\/>\n<\/geo>\n<kontaktperson>\n<email_zentrale>anfrage@ruhr-real.de<\/email_zentrale>\n<email_direkt>schuerk@ruhr-real.de<\/email_direkt>\n<tel_durchw>+49 201 99996333<\/tel_durchw>\n<tel_handy>+49 162 4192000<\/tel_handy>\n<name>Sch&#xFC;rk<\/name>\n<vorname>Christopher<\/vorname>\n<anrede>Herr<\/anrede>\n<firma>RUHR REAL GmbH<\/firma>\n<strasse>Holsterhauser Platz<\/strasse>\n<hausnummer>2<\/hausnummer>\n<plz>45147<\/plz>\n<ort>Essen<\/ort>\n<adressfreigabe>true<\/adressfreigabe>\n<\/kontaktperson>\n<preise>\n<nettokaltmiete>9.80<\/nettokaltmiete>\n<kaltmiete>9.80<\/kaltmiete>\n<nebenkosten>2.80<\/nebenkosten>\n<heizkosten_enthalten>false<\/heizkosten_enthalten>\n<zzg_mehrwertsteuer>false<\/zzg_mehrwertsteuer>\n<preis_zeiteinheit\/>\n<mietpreis_pro_qm>9.8000<\/mietpreis_pro_qm>\n<provisionspflichtig>true<\/provisionspflichtig>\n<aussen_courtage mit_mwst=\"false\">3-4 Nettomonatsmieten<\/aussen_courtage>\n<courtage_hinweis>Im Falle der Anmietung ist folgende Maklerprovision vom Auftraggeber an RUHR REAL zu zahlen: Bei Mietvertr&#xE4;gen mit einer anf&#xE4;nglich bestimmten Vertragslaufzeit von bis 5 Jahren = 2,0 Nettomonatsmieten; ab 5 Jahren = 3,0 Nettomonatsmieten und ab 7 Jahren = 3,5 Nettomonatsmieten, jeweils zuz&#xFC;glich Umsatzsteuer.<\/courtage_hinweis><waehrung iso_waehrung=\"EUR\"\/>\n<mwst_satz>19.00<\/mwst_satz>\n<stp_carport\/>\n<stp_duplex\/>\n<stp_freiplatz\/>\n<stp_garage\/>\n<stp_parkhaus\/>\n<stp_tiefgarage\/>\n<\/preise>\n<bieterverfahren\/>\n<versteigerung\/>\n<flaechen>\n<bueroflaeche>165<\/bueroflaeche>\n<bueroteilflaeche>165<\/bueroteilflaeche>\n<teilbar_ab>165<\/teilbar_ab>\n<\/flaechen>\n<ausstattung>\n<ausstatt_kategorie>STANDARD<\/ausstatt_kategorie>\n<raeume_veraenderbar>true<\/raeume_veraenderbar>\n<bad\/>\n<kueche\/>\n<boden LAMINAT=\"true\"\/>\n<heizungsart\/>\n<befeuerung\/>\n<klimatisiert>true<\/klimatisiert>\n<fahrstuhl\/>\n<stellplatzart FREIPLATZ=\"true\"\/>\n<ausricht_balkon_terrasse\/>\n<angeschl_gastronomie\/>\n<sicherheitstechnik\/>\n<\/ausstattung>\n<zustand_angaben>\n<zustand zustand_art=\"GEPFLEGT\"\/>\n<energiepass>\n<jahrgang>ohne<\/jahrgang>\n<\/energiepass>\n<\/zustand_angaben>\n<bewertung\/>\n<infrastruktur\/>\n<freitexte>\n<objekttitel>Ihr neues B&#xFC;ro in Ratingen | 165 m&#xB2; | klimatisiert | Stellpl&#xE4;tze | repr&#xE4;sentatives Geb&#xE4;ude<\/objekttitel>\n<lage>Das angebotene Objekt ist im s&#xFC;dlichen Teil von Ratingen, im Stadtteil Lintorf situiert und verf&#xFC;gt &#xFC;ber eine optimale Anbindung an das Autobahnnetz. Sowohl die A52 als auch A3 und A524 sind nur unweit entfernt. Dar&#xFC;ber hinaus sind Bushaltestellen innerhalb k&#xFC;rzester Zeit fu&#xDF;l&#xE4;ufig erreichbar. Gesch&#xE4;fte des t&#xE4;glichen Bedarfs und gastronomische Lokalit&#xE4;ten werden mit dem Auto oder &#xD6;PNV ebenfalls unkompliziert erschlossen.\n\nUnternehmen in der B&#xFC;romarktzone: CSG Edelstahl GmbH, MC TechGroup, Ferroman GmbH, Kliesch GmbH <\/lage>\n<ausstatt_beschr>&#x2022; Bodenbelag: Laminatboden\n&#x2022; Kabelf&#xFC;hrung: Bodentanks\n&#x2022; Sonnenschutz: au&#xDF;enliegend &amp; innenliegend\n&#x2022; Teek&#xFC;che: vom Vormieter\n&#x2022; Beleuchtung: Deckenbeleuchtung\n&#x2022; K&#xFC;hlung: Klimaanlage\n\nDie Ausstattung kann kann bei Bedarf angepasst werden!<\/ausstatt_beschr>\n<objektbeschreibung>Bei der angebotenen Liegenschaft handelt es sich um einen modernen B&#xFC;rokomplex. \nDie vakanten Fl&#xE4;chen befinden sich in einem top Zustand und stehen kurzfristig zur Anmietung zur Verf&#xFC;gung. Die Ausstattung und Gestaltung der vakanten Fl&#xE4;chen ist flexibel und kann bei Bedarf an den Mieterwunsch angepasst werden.\n\nDerzeit stehen folgende Fl&#xE4;chen zur Disposition:\n\nEG: ca. 165 m&#xB2; \n1. OG: ca. 272 m&#xB2;<\/objektbeschreibung>\n<sonstige_angaben>Es gelten ausschlie&#xDF;lich unsere AGB (www.ruhr-real.de\/agb). Wir m&#xF6;chten Sie darauf hinweisen, dass die Angaben ausschlie&#xDF;lich auf den uns vom Eigent&#xFC;mer &#xFC;bermittelten Unterlagen und Informationen basieren. F&#xFC;r Richtigkeit und Vollst&#xE4;ndigkeit &#xFC;bernehmen wir keine Gew&#xE4;hr. Zwischenvermietung vorbehalten.<\/sonstige_angaben>\n<\/freitexte>\n<anhaenge>\n<anhang location=\"EXTERN\" gruppe=\"TITELBILD\">\n<anhangtitel>Fl&#xE4;che<\/anhangtitel>\n<format>jpg<\/format>\n<daten>\n<pfad>5889b602e4d1458bbc6bb61fdab58c12.jpg<\/pfad>\n<\/daten>\n<\/anhang>\n<anhang location=\"EXTERN\" gruppe=\"BILD\">\n<anhangtitel>Fl&#xE4;che<\/anhangtitel>\n<format>jpg<\/format>\n<daten>\n<pfad>3cdd292d8a8848cc93bfbd2b125148ef.jpg<\/pfad>\n<\/daten>\n<\/anhang>\n<anhang location=\"EXTERN\" gruppe=\"BILD\">\n<anhangtitel>Fl&#xE4;che<\/anhangtitel>\n<format>jpg<\/format>\n<daten>\n<pfad>1e91e6db171c4d19b35dd05c5f463c0c.jpg<\/pfad>\n<\/daten>\n<\/anhang>\n<anhang location=\"EXTERN\" gruppe=\"BILD\">\n<anhangtitel>Fl&#xE4;che<\/anhangtitel>\n<format>jpg<\/format>\n<daten>\n<pfad>8dfd4f820fd7456fb091cac1287a5725.jpg<\/pfad>\n<\/daten>\n<\/anhang>\n<anhang location=\"EXTERN\" gruppe=\"BILD\">\n<anhangtitel>Fl&#xE4;che<\/anhangtitel>\n<format>jpg<\/format>\n<daten>\n<pfad>c4151dace6444e1d8e155e4bc9a84857.jpg<\/pfad>\n<\/daten>\n<\/anhang>\n<\/anhaenge>\n<verwaltung_objekt>\n<objektadresse_freigeben>false<\/objektadresse_freigeben>\n<verfuegbar_ab>ab sofort<\/verfuegbar_ab>\n<geschlecht\/>\n<gewerbliche_nutzung>true<\/gewerbliche_nutzung>\n<\/verwaltung_objekt>\n<verwaltung_techn>\n<objektnr_intern>3ACDE4C326B94541867C8DEF4022A461<\/objektnr_intern>\n<objektnr_extern>3761\/E1<\/objektnr_extern>\n<aktion aktionart=\"CHANGE\"\/>\n<openimmo_obid>3ACDE4C326B94541867C8DEF4022A461<\/openimmo_obid>\n<kennung_ursprung>estatePro V10.0.0.8<\/kennung_ursprung>\n<stand_vom>2026-03-30<\/stand_vom>\n<\/verwaltung_techn>\n<user_defined_simplefield feldname=\"Startseite\">Nein<\/user_defined_simplefield>\n<\/immobilie>\n"],"_immonex_energy_class":[""],"_immonex_energy_class_id":["0"],"_thumbnail_id":["184481"],"fave_property_images":["184481","184482","184483","184484","184485"],"fave_floor_plans_enable":["disable"],"fave_prop_homeslider":["yes"],"fave_prop_slider_image":["184481"],"fave_agents":["111285"],"fave_agent_display_option":["agent_info"],"fave_single_top_area":["global"],"fave_single_content_area":["global"],"fave_property_map":["1"],"fave_property_map_street_view":["hide"],"fave_property_size_prefix":["m\u00b2"],"fave_property_land_postfix":["m\u00b2"],"fave_featured":["0"],"houzez_featured_listing_date":[""],"fave_property_price_postfix":["pro&nbsp;m\u00b2"],"fave_currency":["EUR"],"fave_currency_info":["a:8:{s:2:\"id\";s:1:\"1\";s:13:\"currency_name\";s:4:\"Euro\";s:13:\"currency_code\";s:3:\"EUR\";s:15:\"currency_symbol\";s:3:\"\u20ac\";s:17:\"currency_position\";s:5:\"after\";s:16:\"currency_decimal\";s:1:\"2\";s:26:\"currency_decimal_separator\";s:1:\",\";s:27:\"currency_thousand_separator\";s:1:\".\";}"],"_wpml_word_count":["294"],"houzez_total_property_views":["226"],"houzez_views_by_date":["a:28:{s:10:\"04-02-2026\";i:4;s:10:\"04-03-2026\";i:8;s:10:\"04-04-2026\";i:8;s:10:\"04-05-2026\";i:8;s:10:\"04-06-2026\";i:8;s:10:\"04-07-2026\";i:12;s:10:\"04-08-2026\";i:6;s:10:\"04-09-2026\";i:10;s:10:\"04-10-2026\";i:8;s:10:\"04-11-2026\";i:8;s:10:\"04-12-2026\";i:8;s:10:\"04-13-2026\";i:8;s:10:\"04-14-2026\";i:8;s:10:\"04-15-2026\";i:8;s:10:\"04-16-2026\";i:8;s:10:\"04-17-2026\";i:8;s:10:\"04-18-2026\";i:8;s:10:\"04-19-2026\";i:8;s:10:\"04-20-2026\";i:8;s:10:\"04-21-2026\";i:8;s:10:\"04-22-2026\";i:8;s:10:\"04-23-2026\";i:10;s:10:\"04-24-2026\";i:8;s:10:\"04-25-2026\";i:8;s:10:\"04-26-2026\";i:8;s:10:\"04-27-2026\";i:8;s:10:\"04-28-2026\";i:8;s:10:\"04-29-2026\";i:8;}"],"houzez_recently_viewed":["2026-04-29 14:56:24"],"_elementor_page_assets":["a:0:{}"]},"_links":{"self":[{"href":"https:\/\/ruhr-real.de\/en\/wp-json\/wp\/v2\/properties\/139112","targetHints":{"allow":["GET"]}}],"collection":[{"href":"https:\/\/ruhr-real.de\/en\/wp-json\/wp\/v2\/properties"}],"about":[{"href":"https:\/\/ruhr-real.de\/en\/wp-json\/wp\/v2\/types\/property"}],"author":[{"embeddable":true,"href":"https:\/\/ruhr-real.de\/en\/wp-json\/wp\/v2\/users\/1"}],"version-history":[{"count":0,"href":"https:\/\/ruhr-real.de\/en\/wp-json\/wp\/v2\/properties\/139112\/revisions"}],"wp:featuredmedia":[{"embeddable":true,"href":"https:\/\/ruhr-real.de\/en\/wp-json\/wp\/v2\/media\/184481"}],"wp:attachment":[{"href":"https:\/\/ruhr-real.de\/en\/wp-json\/wp\/v2\/media?parent=139112"}],"wp:term":[{"taxonomy":"property_type","embeddable":true,"href":"https:\/\/ruhr-real.de\/en\/wp-json\/wp\/v2\/property_type?post=139112"},{"taxonomy":"property_status","embeddable":true,"href":"https:\/\/ruhr-real.de\/en\/wp-json\/wp\/v2\/property_status?post=139112"},{"taxonomy":"property_feature","embeddable":true,"href":"https:\/\/ruhr-real.de\/en\/wp-json\/wp\/v2\/property_feature?post=139112"},{"taxonomy":"property_label","embeddable":true,"href":"https:\/\/ruhr-real.de\/en\/wp-json\/wp\/v2\/property_label?post=139112"},{"taxonomy":"property_country","embeddable":true,"href":"https:\/\/ruhr-real.de\/en\/wp-json\/wp\/v2\/property_country?post=139112"},{"taxonomy":"property_state","embeddable":true,"href":"https:\/\/ruhr-real.de\/en\/wp-json\/wp\/v2\/property_state?post=139112"},{"taxonomy":"property_city","embeddable":true,"href":"https:\/\/ruhr-real.de\/en\/wp-json\/wp\/v2\/property_city?post=139112"},{"taxonomy":"property_area","embeddable":true,"href":"https:\/\/ruhr-real.de\/en\/wp-json\/wp\/v2\/property_area?post=139112"}],"curies":[{"name":"wp","href":"https:\/\/api.w.org\/{rel}","templated":true}]}}