{"id":139241,"date":"2026-03-30T02:32:58","date_gmt":"2026-03-30T00:32:58","guid":{"rendered":"https:\/\/ruhr-real.de\/objekt\/ihre-neue-retailflaeche-in-hagen-stellplaetze-bueroflaechen-vorhanden-gute-anbindung\/"},"modified":"2026-04-02T15:58:58","modified_gmt":"2026-04-02T13:58:58","slug":"ihre-neue-retailflaeche-in-hagen-stellplaetze-bueroflaechen-vorhanden-gute-anbindung","status":"publish","type":"property","link":"https:\/\/ruhr-real.de\/en\/objekt\/ihre-neue-retailflaeche-in-hagen-stellplaetze-bueroflaechen-vorhanden-gute-anbindung\/","title":{"rendered":"Ihre neue Retailfl\u00e4che in Hagen | Stellpl\u00e4tze | B\u00fcrofl\u00e4chen vorhanden | gute Anbindung"},"content":{"rendered":"<p>Die angebotene Retailfl\u00e4che teilt sich auf in zwei Verkaufs-\/Lagerr\u00e4ume mit ebenerdiger Andienung sowie separat erschlie\u00dfbare B\u00fcro- und Sanit\u00e4rr\u00e4umlichkeiten. Je nach Nutzerw\u00fcnschen bietet das Objekt vielseitige Nutzungsm\u00f6glichkeiten und l\u00e4sst sich individuell gestalten. Dar\u00fcber hinaus stehen Stellpl\u00e4tze zur Anmietung bereit.<\/p>\n<p>Bei Bedarf k\u00f6nnen B\u00fcrofl\u00e4chen im 1. OG angemietet werden.<\/p>\n<p>Zurzeit stehen folgende Fl\u00e4chen zur Disposition:<\/p>\n<p>Verkaufs-\/Lagerfl\u00e4che:<br \/>\nEG: 1.304,84 m\u00b2<\/p>\n<p>B\u00fcrofl\u00e4che:<br \/>\n1. OG: 1.066,16 m\u00b2 (teilbar ab 525 m\u00b2)<\/p>\n<p>Die Liegenschaft befindet sich im \u00f6stlichen Teil Hagens. Die Stadt liegt am s\u00fcd\u00f6stlichen Rand des Ruhrgebiets und zeichnet sich durch ihre vorteilhafte Position zwischen Sauerland und Ruhrgebiet aus.<\/p>\n<p>Durch die unmittelbare N\u00e4he zur A45 und A46 sowie B54 und B7 besteht eine sehr gute Anbindung. Dar\u00fcber hinaus ist die A1 in etwa einer Viertelstunde zu erreichen und der Flughafen Dortmund in einer halben Stunde.<\/p>\n<p>Retail:<br \/>\n\u2022 \u00dcbergabezustand: nach Vereinbarung<br \/>\n\u2022 separate B\u00fcror\u00e4ume<br \/>\n\u2022 Sanit\u00e4ranlagen<\/p>\n<p>B\u00fcro:<br \/>\n\u2022 Verkabelung: vom Vormieter<br \/>\n\u2022 Bodenbelag: Teppichboden, Laminat, Steinboden<br \/>\n\u2022 Personenaufzug<br \/>\n\u2022 Beleuchtung: Rasterleuchten<br \/>\n\u2022 Verkabelungsort: Bodentanks<br \/>\n\u2022 Teek\u00fcche<br \/>\n\u2022 Glasfaseranschluss<\/p>\n<p>Es gelten ausschlie\u00dflich unsere AGB (www.ruhr-real.de\/agb). Wir m\u00f6chten Sie darauf hinweisen, dass die Angaben ausschlie\u00dflich auf den uns vom Eigent\u00fcmer \u00fcbermittelten Unterlagen und Informationen basieren. F\u00fcr Richtigkeit und Vollst\u00e4ndigkeit \u00fcbernehmen wir keine Gew\u00e4hr. Zwischenvermietung vorbehalten.<br \/>\n<div class=\"widget widget_immonex_user_defined_properties_widget\"><div class=\"immonex-widget immonex-widget-houzez\">\n\t\t<div class=\"immonex-widget-title clearfix\">\n\t\t<h2 class=\"widgettitle\">Energieeffizienz<\/h2>\t<\/div>\n\t\t<ul class=\"immonex-property-details row list-lined list-unstyled\">\n\t\t\t\t<li>\n\t\t\t<div class=\"list-lined-item w-100 d-flex justify-content-between py-2\">\n\t\t\t\t\t\t\t\t<strong class=\"property-details-label\">Energieausweis-Art:<\/strong>&nbsp;<span class=\"property-details-value\">Demand<\/span>\n\t\t\t\t\t\t\t<\/div>\n\t\t<\/li>\n\t\t\t\t<li>\n\t\t\t<div class=\"list-lined-item w-100 d-flex justify-content-between py-2\">\n\t\t\t\t\t\t\t\t<strong class=\"property-details-label\">Stromverbrauchskennwert:<\/strong>&nbsp;<span class=\"property-details-value\">12,1&nbsp;kWh\/(m\u00b2*a)<\/span>\n\t\t\t\t\t\t\t<\/div>\n\t\t<\/li>\n\t\t\t\t<li>\n\t\t\t<div class=\"list-lined-item w-100 d-flex justify-content-between py-2\">\n\t\t\t\t\t\t\t\t<strong class=\"property-details-label\">Heizenergieverbrauchskennwert:<\/strong>&nbsp;<span class=\"property-details-value\">194,5&nbsp;kWh\/(m\u00b2*a)<\/span>\n\t\t\t\t\t\t\t<\/div>\n\t\t<\/li>\n\t\t\t\t<li>\n\t\t\t<div class=\"list-lined-item w-100 d-flex justify-content-between py-2\">\n\t\t\t\t\t\t\t\t<strong class=\"property-details-label\">Energieausweis-Ausstellungsdatum:<\/strong>&nbsp;<span class=\"property-details-value\">31.08.2020<\/span>\n\t\t\t\t\t\t\t<\/div>\n\t\t<\/li>\n\t\t\t\t<li>\n\t\t\t<div class=\"list-lined-item w-100 d-flex justify-content-between py-2\">\n\t\t\t\t\t\t\t\t<strong class=\"property-details-label\">Energieausweis-Jahrgang:<\/strong>&nbsp;<span class=\"property-details-value\">as from may 2014<\/span>\n\t\t\t\t\t\t\t<\/div>\n\t\t<\/li>\n\t\t\t<\/ul>\n<\/div><\/div><\/p>\n","protected":false},"excerpt":{"rendered":"<p>Die angebotene Retailfl\u00e4che teilt sich auf in zwei Verkaufs-\/Lagerr\u00e4ume mit ebenerdiger Andienung sowie separat&#8230;<\/p>\n","protected":false},"author":1,"featured_media":185537,"parent":0,"menu_order":0,"template":"","property_type":[381],"property_status":[352],"property_feature":[],"property_label":[],"property_country":[353],"property_state":[],"property_city":[396],"property_area":[],"class_list":["post-139241","property","type-property","status-publish","has-post-thumbnail","hentry","property_type-verkaufsflaechen","property_status-zu-vermieten","property_country-deutschland","property_city-hagen"],"acf":[],"property_meta":{"_immonex_import_folder":["users\/RUHRREAL"],"_immonex_translation_id":["3426\/E2"],"_openimmo_obid":["D13005DF714C4757B6698FA62CD272E7"],"_is_immonex_import_property":["1"],"_immonex_is_reference":[""],"rank_math_internal_links_processed":["1"],"copied_media_ids":["a:0:{}"],"referenced_media_ids":["a:0:{}"],"_immonex_post_status":["updated"],"fave_property_map_address":["58119 Hagen"],"fave_property_zip":["58119"],"fave_property_country":["DE"],"_immonex_lat":["51.3539395"],"_immonex_lng":["7.5702713"],"houzez_geolocation_lat":["51.3539395"],"houzez_geolocation_long":["7.5702713"],"fave_property_location":["51.3539395,7.5702713"],"fave_property_price":["4.60"],"fave_property_sec_price":["4.6000"],"fave_property_size":["1305"],"fave_property_year":["1997"],"fave_property_id":["3426\/E2"],"_fave_property_id":["3426\/E2"],"_immonex_iso_country":["DEU"],"fave_nebenkosten":["2&nbsp;\u20ac"],"_openimmo_anid":["0000"],"_immonex_group_number":[""],"_immonex_group_id":[""],"_immonex_group_master":[""],"_immonex_import_meta":["a:6:{s:8:\"zip_file\";s:131:\"\/www\/htdocs\/w0172e0e\/ruhr-real_2024\/wp-content\/uploads\/immonex-openimmo-import\/users\/RUHRREAL\/Immowelt_estatePro_20260402154854.zip\";s:8:\"xml_file\";s:158:\"\/www\/htdocs\/w0172e0e\/ruhr-real_2024\/wp-content\/uploads\/immonex-openimmo-import\/immowelt_estatepro_20260402154854\/Homepage_2024_NEW_estatePro20260402154854.xml\";s:12:\"mapping_file\";s:116:\"\/www\/htdocs\/w0172e0e\/ruhr-real_2024\/wp-content\/uploads\/immonex-openimmo-import\/mappings\/houzez_ruhrreal_20260325.csv\";s:9:\"timestamp\";i:1775138338;s:4:\"date\";s:10:\"2026-04-02\";s:4:\"time\";s:8:\"15:58:58\";}"],"_immonex_is_sold":[""],"_immonex_is_reserved":[""],"_immonex_is_available":["1"],"_immonex_areabutler_url_with_address":[""],"_immonex_areabutler_url_no_address":[""],"_immonex_areabutler_url":[""],"additional_features":["a:14:{i:0;a:2:{s:29:\"fave_additional_feature_title\";s:14:\"Nettokaltmiete\";s:29:\"fave_additional_feature_value\";s:13:\"4,60&nbsp;\u20ac\";}i:1;a:2:{s:29:\"fave_additional_feature_title\";s:9:\"Kaltmiete\";s:29:\"fave_additional_feature_value\";s:13:\"4,60&nbsp;\u20ac\";}i:2;a:2:{s:29:\"fave_additional_feature_title\";s:29:\"monatl. Betriebs-\/Nebenkosten\";s:29:\"fave_additional_feature_value\";s:10:\"2&nbsp;\u20ac\";}i:3;a:2:{s:29:\"fave_additional_feature_title\";s:33:\"Heizkosten in Warmmiete enthalten\";s:29:\"fave_additional_feature_value\";s:4:\"nein\";}i:4;a:2:{s:29:\"fave_additional_feature_title\";s:32:\"Preise zuz\u00fcglich Mehrwertsteuer\";s:29:\"fave_additional_feature_value\";s:4:\"nein\";}i:5;a:2:{s:29:\"fave_additional_feature_title\";s:23:\"Netto-Kaltmiete pro m\u00b2\";s:29:\"fave_additional_feature_value\";s:13:\"4,60&nbsp;\u20ac\";}i:6;a:2:{s:29:\"fave_additional_feature_title\";s:15:\"Mieterprovision\";s:29:\"fave_additional_feature_value\";s:21:\"3-4 Nettomonatsmieten\";}i:7;a:2:{s:29:\"fave_additional_feature_title\";s:20:\"Hinweis zur Courtage\";s:29:\"fave_additional_feature_value\";s:436:\"Bei Abschluss eines Mietvertrags \u00fcber die angebotenen Mietfl\u00e4chen mit bis zu einschlie\u00dflich f\u00fcnf Jahren Laufzeit ist eine Provision in H\u00f6he von 3,0 Nettomonatsmieten; bei einer Laufzeit von bis zu einschlie\u00dflich sieben Jahren ist eine Provision von 3,5 Nettomonatsmieten und bei einer Laufzeit von \u00fcber sieben Jahren ist eine Provision von 4,0 Nettomonatsmieten jeweils zzgl. Umsatzsteuer vom Auftraggeber an RUHR REAL zu zahlen.\";}i:8;a:2:{s:29:\"fave_additional_feature_title\";s:10:\"MwSt.-Satz\";s:29:\"fave_additional_feature_value\";s:9:\"19&nbsp;%\";}i:9;a:2:{s:29:\"fave_additional_feature_title\";s:12:\"Ladenfl\u00e4che\";s:29:\"fave_additional_feature_value\";s:14:\"1.305&nbsp;m\u00b2\";}i:10;a:2:{s:29:\"fave_additional_feature_title\";s:10:\"Teilbar ab\";s:29:\"fave_additional_feature_value\";s:14:\"1.305&nbsp;m\u00b2\";}i:11;a:2:{s:29:\"fave_additional_feature_title\";s:13:\"Stellplatzart\";s:29:\"fave_additional_feature_value\";s:9:\"Freiplatz\";}i:12;a:2:{s:29:\"fave_additional_feature_title\";s:7:\"Zustand\";s:29:\"fave_additional_feature_value\";s:8:\"gepflegt\";}i:13;a:2:{s:29:\"fave_additional_feature_title\";s:27:\"Immobilie ist verf\u00fcgbar ab\";s:29:\"fave_additional_feature_value\";s:17:\"nach Vereinbarung\";}}"],"fave_additional_features_enable":["enable"],"_immonex_custom_fields":["a:5:{s:18:\"Energieausweis-Art\";a:5:{s:14:\"mapping_source\";s:35:\"zustand_angaben->energiepass->epart\";s:4:\"name\";s:0:\"\";s:5:\"group\";s:5:\"epass\";s:5:\"value\";s:6:\"Demand\";s:19:\"value_before_filter\";s:6:\"BEDARF\";}s:23:\"Stromverbrauchskennwert\";a:5:{s:14:\"mapping_source\";s:39:\"zustand_angaben->energiepass->stromwert\";s:4:\"name\";s:0:\"\";s:5:\"group\";s:5:\"epass\";s:5:\"value\";s:21:\"12,1&nbsp;kWh\/(m\u00b2*a)\";s:19:\"value_before_filter\";s:4:\"12,1\";}s:29:\"Heizenergieverbrauchskennwert\";a:5:{s:14:\"mapping_source\";s:40:\"zustand_angaben->energiepass->waermewert\";s:4:\"name\";s:0:\"\";s:5:\"group\";s:5:\"epass\";s:5:\"value\";s:22:\"194,5&nbsp;kWh\/(m\u00b2*a)\";s:19:\"value_before_filter\";s:5:\"194,5\";}s:32:\"Energieausweis-Ausstellungsdatum\";a:5:{s:14:\"mapping_source\";s:43:\"zustand_angaben->energiepass->ausstelldatum\";s:4:\"name\";s:0:\"\";s:5:\"group\";s:5:\"epass\";s:5:\"value\";s:10:\"31.08.2020\";s:19:\"value_before_filter\";s:10:\"2020-08-31\";}s:23:\"Energieausweis-Jahrgang\";a:5:{s:14:\"mapping_source\";s:38:\"zustand_angaben->energiepass->jahrgang\";s:4:\"name\";s:0:\"\";s:5:\"group\";s:5:\"epass\";s:5:\"value\";s:16:\"as from may 2014\";s:19:\"value_before_filter\";s:4:\"2014\";}}"],"_immonex_property_xml_source":["<?xml version=\"1.0\"?>\n<immobilie>\n<objektkategorie>\n<nutzungsart WOHNEN=\"false\" GEWERBE=\"true\"\/>\n<vermarktungsart KAUF=\"false\" MIETE_PACHT=\"true\"\/>\n<objektart>\n<einzelhandel handel_typ=\"VERKAUFSFLAECHE\"\/>\n<\/objektart>\n<user_defined_simplefield\/>\n<\/objektkategorie>\n<geo>\n<plz>58119<\/plz>\n<ort>Hagen<\/ort>\n<strasse>Spannstiftstra&#xDF;e<\/strasse>\n<hausnummer>45<\/hausnummer>\n<land iso_land=\"DEU\"\/>\n<lage_im_bau\/>\n<\/geo>\n<kontaktperson>\n<email_zentrale>anfrage@ruhr-real.de<\/email_zentrale>\n<email_direkt>bruckmann@ruhr-real.de<\/email_direkt>\n<tel_durchw>+49 201 99996337<\/tel_durchw>\n<tel_fax>+49 201 99996344<\/tel_fax>\n<tel_handy>+49 172 7088870<\/tel_handy>\n<name>Bruckmann<\/name>\n<vorname>Jonas<\/vorname>\n<anrede>Herr<\/anrede>\n<firma>RUHR REAL GmbH<\/firma>\n<strasse>Holsterhauser Platz<\/strasse>\n<hausnummer>2<\/hausnummer>\n<plz>45147<\/plz>\n<ort>Essen<\/ort>\n<adressfreigabe>true<\/adressfreigabe>\n<\/kontaktperson>\n<preise>\n<nettokaltmiete>4.60<\/nettokaltmiete>\n<kaltmiete>4.60<\/kaltmiete>\n<nebenkosten>2.00<\/nebenkosten>\n<heizkosten_enthalten>false<\/heizkosten_enthalten>\n<zzg_mehrwertsteuer>false<\/zzg_mehrwertsteuer>\n<preis_zeiteinheit\/>\n<mietpreis_pro_qm>4.6000<\/mietpreis_pro_qm>\n<provisionspflichtig>true<\/provisionspflichtig>\n<aussen_courtage mit_mwst=\"false\">3-4 Nettomonatsmieten<\/aussen_courtage>\n<courtage_hinweis>Bei Abschluss eines Mietvertrags &#xFC;ber die angebotenen Mietfl&#xE4;chen mit bis zu einschlie&#xDF;lich f&#xFC;nf Jahren Laufzeit ist eine Provision in H&#xF6;he von 3,0 Nettomonatsmieten; bei einer Laufzeit von bis zu einschlie&#xDF;lich sieben Jahren ist eine Provision von 3,5 Nettomonatsmieten und bei einer Laufzeit von &#xFC;ber sieben Jahren ist eine Provision von 4,0 Nettomonatsmieten jeweils zzgl. Umsatzsteuer vom Auftraggeber an RUHR REAL zu zahlen.<\/courtage_hinweis>\n<waehrung iso_waehrung=\"EUR\"\/>\n<mwst_satz>19.00<\/mwst_satz>\n<stp_carport\/>\n<stp_duplex\/>\n<stp_freiplatz\/>\n<stp_garage\/>\n<stp_parkhaus\/>\n<stp_tiefgarage\/>\n<\/preise>\n<bieterverfahren\/>\n<versteigerung\/>\n<flaechen>\n<ladenflaeche>1305<\/ladenflaeche>\n<teilbar_ab>1305<\/teilbar_ab>\n<\/flaechen>\n<ausstattung>\n<bad\/>\n<kueche\/>\n<heizungsart\/>\n<befeuerung\/>\n<fahrstuhl\/>\n<stellplatzart FREIPLATZ=\"true\"\/>\n<ausricht_balkon_terrasse\/>\n<angeschl_gastronomie\/>\n<sicherheitstechnik\/>\n<\/ausstattung>\n<zustand_angaben>\n<baujahr>1997<\/baujahr>\n<zustand zustand_art=\"GEPFLEGT\"\/>\n<energiepass>\n<epart>BEDARF<\/epart>\n<stromwert>12,1<\/stromwert>\n<waermewert>194,5<\/waermewert>\n<ausstelldatum>2020-08-31<\/ausstelldatum>\n<jahrgang>2014<\/jahrgang>\n<\/energiepass>\n<\/zustand_angaben>\n<bewertung\/>\n<infrastruktur\/>\n<freitexte>\n<objekttitel>Ihre neue Retailfl&#xE4;che in Hagen | Stellpl&#xE4;tze | B&#xFC;rofl&#xE4;chen vorhanden | gute Anbindung<\/objekttitel>\n<lage>Die Liegenschaft befindet sich im &#xF6;stlichen Teil Hagens. Die Stadt liegt am s&#xFC;d&#xF6;stlichen Rand des Ruhrgebiets und zeichnet sich durch ihre vorteilhafte Position zwischen Sauerland und Ruhrgebiet aus.\n\nDurch die unmittelbare N&#xE4;he zur A45 und A46 sowie B54 und B7 besteht eine sehr gute Anbindung. Dar&#xFC;ber hinaus ist die A1 in etwa einer Viertelstunde zu erreichen und der Flughafen Dortmund in einer halben Stunde.<\/lage>\n<ausstatt_beschr>Retail:\n&#x2022; &#xDC;bergabezustand: nach Vereinbarung\n&#x2022; separate B&#xFC;ror&#xE4;ume\n&#x2022; Sanit&#xE4;ranlagen\n\nB&#xFC;ro:\n&#x2022; Verkabelung: vom Vormieter\n&#x2022; Bodenbelag: Teppichboden, Laminat, Steinboden\n&#x2022; Personenaufzug\n&#x2022; Beleuchtung: Rasterleuchten\n&#x2022; Verkabelungsort: Bodentanks\n&#x2022; Teek&#xFC;che\n&#x2022; Glasfaseranschluss<\/ausstatt_beschr>\n<objektbeschreibung>Die angebotene Retailfl&#xE4;che teilt sich auf in zwei Verkaufs-\/Lagerr&#xE4;ume mit ebenerdiger Andienung sowie separat erschlie&#xDF;bare B&#xFC;ro- und Sanit&#xE4;rr&#xE4;umlichkeiten. Je nach Nutzerw&#xFC;nschen bietet das Objekt vielseitige Nutzungsm&#xF6;glichkeiten und l&#xE4;sst sich individuell gestalten. Dar&#xFC;ber hinaus stehen Stellpl&#xE4;tze zur Anmietung bereit.\n\nBei Bedarf k&#xF6;nnen B&#xFC;rofl&#xE4;chen im 1. OG angemietet werden. \n\nZurzeit stehen folgende Fl&#xE4;chen zur Disposition:\n\nVerkaufs-\/Lagerfl&#xE4;che:\nEG: 1.304,84 m&#xB2;\n\nB&#xFC;rofl&#xE4;che:\n1. OG: 1.066,16 m&#xB2; (teilbar ab 525 m&#xB2;)<\/objektbeschreibung>\n<sonstige_angaben>Es gelten ausschlie&#xDF;lich unsere AGB (www.ruhr-real.de\/agb). Wir m&#xF6;chten Sie darauf hinweisen, dass die Angaben ausschlie&#xDF;lich auf den uns vom Eigent&#xFC;mer &#xFC;bermittelten Unterlagen und Informationen basieren. F&#xFC;r Richtigkeit und Vollst&#xE4;ndigkeit &#xFC;bernehmen wir keine Gew&#xE4;hr. Zwischenvermietung vorbehalten.<\/sonstige_angaben>\n<\/freitexte>\n<anhaenge>\n<anhang location=\"EXTERN\" gruppe=\"TITELBILD\">\n<anhangtitel>Au&#xDF;enbild<\/anhangtitel>\n<format>jpg<\/format>\n<daten>\n<pfad>c7891e78336845219cc925b6299ffdc2.jpg<\/pfad>\n<\/daten>\n<\/anhang>\n<anhang location=\"EXTERN\" gruppe=\"BILD\">\n<anhangtitel>Dachterrasse<\/anhangtitel>\n<format>jpg<\/format>\n<daten>\n<pfad>e9aaaeab913d41b69e99ee89fd12eca0.jpg<\/pfad>\n<\/daten>\n<\/anhang>\n<anhang location=\"EXTERN\" gruppe=\"BILD\">\n<anhangtitel>Sozialr&#xE4;ume<\/anhangtitel>\n<format>jpg<\/format>\n<daten>\n<pfad>b6f983bd74af4644ba98446982d86119.jpg<\/pfad>\n<\/daten>\n<\/anhang>\n<anhang location=\"EXTERN\" gruppe=\"BILD\">\n<anhangtitel>Sozialr&#xE4;umlichkeiten<\/anhangtitel>\n<format>jpg<\/format>\n<daten>\n<pfad>3053ad5922504a91abe56c68a5184c65.jpg<\/pfad>\n<\/daten>\n<\/anhang>\n<anhang location=\"EXTERN\" gruppe=\"GRUNDRISS\">\n<anhangtitel>EG<\/anhangtitel>\n<format>JPG<\/format>\n<daten>\n<pfad>8710c2f266b84a6bb7a216caf574b907.JPG<\/pfad>\n<\/daten>\n<\/anhang>\n<\/anhaenge>\n<verwaltung_objekt>\n<objektadresse_freigeben>false<\/objektadresse_freigeben>\n<verfuegbar_ab>nach Vereinbarung<\/verfuegbar_ab>\n<geschlecht\/>\n<\/verwaltung_objekt>\n<verwaltung_techn>\n<objektnr_intern>D13005DF714C4757B6698FA62CD272E7<\/objektnr_intern>\n<objektnr_extern>3426\/E2<\/objektnr_extern>\n<aktion aktionart=\"CHANGE\"\/>\n<openimmo_obid>D13005DF714C4757B6698FA62CD272E7<\/openimmo_obid>\n<kennung_ursprung>estatePro V10.0.0.8<\/kennung_ursprung>\n<stand_vom>2026-03-30<\/stand_vom>\n<\/verwaltung_techn>\n<user_defined_simplefield feldname=\"Startseite\">Nein<\/user_defined_simplefield>\n<\/immobilie>\n"],"_immonex_energy_class":[""],"_immonex_energy_class_id":["0"],"_thumbnail_id":["185537"],"fave_property_images":["185537","185538","185539","185540"],"fave_floor_plans_enable":["enable"],"floor_plans":["a:1:{i:0;a:7:{s:15:\"fave_plan_title\";s:2:\"EG\";s:15:\"fave_plan_rooms\";s:0:\"\";s:19:\"fave_plan_bathrooms\";s:0:\"\";s:15:\"fave_plan_price\";s:0:\"\";s:14:\"fave_plan_size\";s:0:\"\";s:15:\"fave_plan_image\";s:84:\"https:\/\/ruhr-real.de\/wp-content\/uploads\/2026\/03\/8710c2f266b84a6bb7a216caf574b907.jpg\";s:21:\"fave_plan_description\";s:0:\"\";}}"],"fave_prop_homeslider":["yes"],"fave_prop_slider_image":["185537"],"fave_agents":["111496"],"fave_agent_display_option":["agent_info"],"fave_single_top_area":["global"],"fave_single_content_area":["global"],"fave_property_map":["1"],"fave_property_map_street_view":["hide"],"fave_property_size_prefix":["m\u00b2"],"fave_property_land_postfix":["m\u00b2"],"fave_featured":["0"],"houzez_featured_listing_date":[""],"fave_property_price_postfix":["pro&nbsp;m\u00b2"],"fave_currency":["EUR"],"fave_currency_info":["a:8:{s:2:\"id\";s:1:\"1\";s:13:\"currency_name\";s:4:\"Euro\";s:13:\"currency_code\";s:3:\"EUR\";s:15:\"currency_symbol\";s:3:\"\u20ac\";s:17:\"currency_position\";s:5:\"after\";s:16:\"currency_decimal\";s:1:\"2\";s:26:\"currency_decimal_separator\";s:1:\",\";s:27:\"currency_thousand_separator\";s:1:\".\";}"],"_wpml_word_count":["307"],"houzez_total_property_views":["224"],"houzez_views_by_date":["a:28:{s:10:\"04-02-2026\";i:4;s:10:\"04-03-2026\";i:8;s:10:\"04-04-2026\";i:8;s:10:\"04-05-2026\";i:8;s:10:\"04-06-2026\";i:8;s:10:\"04-07-2026\";i:12;s:10:\"04-08-2026\";i:6;s:10:\"04-09-2026\";i:10;s:10:\"04-10-2026\";i:8;s:10:\"04-11-2026\";i:8;s:10:\"04-12-2026\";i:8;s:10:\"04-13-2026\";i:8;s:10:\"04-14-2026\";i:8;s:10:\"04-15-2026\";i:8;s:10:\"04-16-2026\";i:9;s:10:\"04-17-2026\";i:7;s:10:\"04-18-2026\";i:9;s:10:\"04-19-2026\";i:8;s:10:\"04-20-2026\";i:8;s:10:\"04-21-2026\";i:8;s:10:\"04-22-2026\";i:8;s:10:\"04-23-2026\";i:9;s:10:\"04-24-2026\";i:8;s:10:\"04-25-2026\";i:8;s:10:\"04-26-2026\";i:8;s:10:\"04-27-2026\";i:8;s:10:\"04-28-2026\";i:6;s:10:\"04-29-2026\";i:8;}"],"houzez_recently_viewed":["2026-04-29 16:49:23"],"_elementor_page_assets":["a:0:{}"]},"_links":{"self":[{"href":"https:\/\/ruhr-real.de\/en\/wp-json\/wp\/v2\/properties\/139241","targetHints":{"allow":["GET"]}}],"collection":[{"href":"https:\/\/ruhr-real.de\/en\/wp-json\/wp\/v2\/properties"}],"about":[{"href":"https:\/\/ruhr-real.de\/en\/wp-json\/wp\/v2\/types\/property"}],"author":[{"embeddable":true,"href":"https:\/\/ruhr-real.de\/en\/wp-json\/wp\/v2\/users\/1"}],"version-history":[{"count":0,"href":"https:\/\/ruhr-real.de\/en\/wp-json\/wp\/v2\/properties\/139241\/revisions"}],"wp:featuredmedia":[{"embeddable":true,"href":"https:\/\/ruhr-real.de\/en\/wp-json\/wp\/v2\/media\/185537"}],"wp:attachment":[{"href":"https:\/\/ruhr-real.de\/en\/wp-json\/wp\/v2\/media?parent=139241"}],"wp:term":[{"taxonomy":"property_type","embeddable":true,"href":"https:\/\/ruhr-real.de\/en\/wp-json\/wp\/v2\/property_type?post=139241"},{"taxonomy":"property_status","embeddable":true,"href":"https:\/\/ruhr-real.de\/en\/wp-json\/wp\/v2\/property_status?post=139241"},{"taxonomy":"property_feature","embeddable":true,"href":"https:\/\/ruhr-real.de\/en\/wp-json\/wp\/v2\/property_feature?post=139241"},{"taxonomy":"property_label","embeddable":true,"href":"https:\/\/ruhr-real.de\/en\/wp-json\/wp\/v2\/property_label?post=139241"},{"taxonomy":"property_country","embeddable":true,"href":"https:\/\/ruhr-real.de\/en\/wp-json\/wp\/v2\/property_country?post=139241"},{"taxonomy":"property_state","embeddable":true,"href":"https:\/\/ruhr-real.de\/en\/wp-json\/wp\/v2\/property_state?post=139241"},{"taxonomy":"property_city","embeddable":true,"href":"https:\/\/ruhr-real.de\/en\/wp-json\/wp\/v2\/property_city?post=139241"},{"taxonomy":"property_area","embeddable":true,"href":"https:\/\/ruhr-real.de\/en\/wp-json\/wp\/v2\/property_area?post=139241"}],"curies":[{"name":"wp","href":"https:\/\/api.w.org\/{rel}","templated":true}]}}