{"id":140764,"date":"2025-09-26T15:11:01","date_gmt":"2025-09-26T13:11:01","guid":{"rendered":"https:\/\/ruhr-real.de\/objekt\/modern-ausgestattete-bueroflaeche-in-zentraler-lage-stellplaetze-gute-anbindung\/"},"modified":"2025-09-26T15:11:01","modified_gmt":"2025-09-26T13:11:01","slug":"modern-ausgestattete-bueroflaeche-in-zentraler-lage-stellplaetze-gute-anbindung","status":"publish","type":"property","link":"https:\/\/ruhr-real.de\/en\/objekt\/modern-ausgestattete-bueroflaeche-in-zentraler-lage-stellplaetze-gute-anbindung\/","title":{"rendered":"Modern ausgestattete B\u00fcrofl\u00e4che in zentraler Lage | Stellpl\u00e4tze | gute Anbindung"},"content":{"rendered":"<p>Das angebotene Objekt verf\u00fcgt \u00fcber vier Etagen und \u00fcberzeugt durch sein repr\u00e4sentatives Au\u00dfenbild. Die vakanten Fl\u00e4chen verf\u00fcgen u.a. \u00fcber moderne Deckenspots und CAT-6 Verkabelung. Au\u00dferdem geh\u00f6ren einige PKW Stellpl\u00e4tze zu der Immobilie. Bei Bedarf k\u00f6nnen zus\u00e4tzliche Lagerfl\u00e4chen im 2. OG angemietet werden.<\/p>\n<p>Derzeit stehen folgende Fl\u00e4chen zur Disposition:<\/p>\n<p>1. OG: ca. 631 m\u00b2<\/p>\n<p>Im EG befindet sich dar\u00fcber hinaus eine vakante Retailfl\u00e4che mit ca. 597 m\u00b2.<\/p>\n<p>Die Immobilie befindet sich in M\u00fclheim Altstadt. Durch die verkehrsg\u00fcnstige Lage an einer stark befahrenen Stra\u00dfe bietet das Objekt ideale Visibilit\u00e4t und Werbem\u00f6glichkeiten. Eine gute Erreichbarkeit wird durch eine sehr gute \u00d6PNV-Anbindung, den Anschluss an das Autobahnnetz und \u00fcber die B223 gew\u00e4hrleistet. Auch der M\u00fclheimer Bahnhof ist in 10 Minuten zu Fu\u00df erreicht.<\/p>\n<p>Bedeutende Unternehmen in der B\u00fcromarktzone: Salzgitter Mannesmann, Thysssen Schachtbau, Siemens<\/p>\n<p>Hotels in der Umgebung: B&amp;B Hotel, Holiday Inn Express<\/p>\n<p>\u2022 Sonnenschutz: innenliegend, manuell<br \/>\n\u2022 Bodenbelag: Teppichboden<br \/>\n\u2022 Beleuchtung: Deckenspots<br \/>\n\u2022 Teek\u00fcche: voll ausgestattet<br \/>\n\u2022 Verkabelung: CAT-6<br \/>\n\u2022 Verkabelungsort: Kabelkan\u00e4le, Bodentanks<br \/>\n\u2022 Heizungsart: Gaszentralheizung<\/p>\n<p>Es gelten ausschlie\u00dflich unsere AGB (www.ruhr-real.de\/agb). Wir m\u00f6chten Sie darauf hinweisen, dass die Angaben ausschlie\u00dflich auf den uns vom Eigent\u00fcmer \u00fcbermittelten Unterlagen und Informationen basieren. F\u00fcr Richtigkeit und Vollst\u00e4ndigkeit \u00fcbernehmen wir keine Gew\u00e4hr. Zwischenvermietung vorbehalten.<br \/>\n<div class=\"widget widget_immonex_user_defined_properties_widget\"><div class=\"immonex-widget immonex-widget-houzez\">\n\t\t<div class=\"immonex-widget-title clearfix\">\n\t\t<h2 class=\"widgettitle\">Energieeffizienz<\/h2>\t<\/div>\n\t\t<ul class=\"immonex-property-details row list-lined list-unstyled\">\n\t\t\t\t<li>\n\t\t\t<div class=\"list-lined-item w-100 d-flex justify-content-between py-2\">\n\t\t\t\t\t\t\t\t<strong class=\"property-details-label\">Energieausweis-Jahrgang:<\/strong>&nbsp;<span class=\"property-details-value\">not available<\/span>\n\t\t\t\t\t\t\t<\/div>\n\t\t<\/li>\n\t\t\t<\/ul>\n<\/div><\/div><\/p>\n","protected":false},"excerpt":{"rendered":"<p>Das angebotene Objekt verf\u00fcgt \u00fcber vier Etagen und \u00fcberzeugt durch sein repr\u00e4sentatives Au\u00dfenbild. Die vakanten&#8230;<\/p>\n","protected":false},"author":1,"featured_media":165972,"parent":0,"menu_order":0,"template":"","property_type":[379],"property_status":[352],"property_feature":[537,354,350],"property_label":[],"property_country":[353],"property_state":[],"property_city":[315],"property_area":[],"class_list":["post-140764","property","type-property","status-publish","has-post-thumbnail","hentry","property_type-bueroflaechen","property_status-zu-vermieten","property_feature-gewerbliche-nutzung-moeglich","property_feature-personenaufzug","property_feature-raeume-veraenderbar","property_country-deutschland","property_city-mulheim"],"acf":[],"property_meta":{"_immonex_import_folder":["users\/RUHRREAL"],"_immonex_translation_id":["3814\/E1"],"_openimmo_obid":["F9D8A2D4707845B38A8379B72196F251"],"_is_immonex_import_property":["1"],"_immonex_is_reference":[""],"rank_math_internal_links_processed":["1"],"_immonex_post_status":["updated"],"fave_property_map_address":["45473 M\u00fclheim"],"fave_property_zip":["45473"],"fave_property_country":["DE"],"_immonex_lat":["51.4415852"],"_immonex_lng":["6.8715078"],"houzez_geolocation_lat":["51.4415852"],"houzez_geolocation_long":["6.8715078"],"fave_property_location":["51.4415852,6.8715078"],"fave_property_price":["9.00"],"fave_property_sec_price":["9.0000"],"fave_property_size":["596"],"fave_property_id":["3814\/E1"],"_fave_property_id":["3814\/E1"],"_immonex_iso_country":["DEU"],"_openimmo_anid":["0000"],"_immonex_group_number":[""],"_immonex_group_id":[""],"_immonex_group_master":[""],"_immonex_import_meta":["a:6:{s:8:\"zip_file\";s:131:\"\/www\/htdocs\/w0172e0e\/ruhr-real_2024\/wp-content\/uploads\/immonex-openimmo-import\/users\/RUHRREAL\/Immowelt_estatePro_20250924175912.zip\";s:8:\"xml_file\";s:158:\"\/www\/htdocs\/w0172e0e\/ruhr-real_2024\/wp-content\/uploads\/immonex-openimmo-import\/immowelt_estatepro_20250924175912\/Homepage_2024_NEW_estatePro20250924175912.xml\";s:12:\"mapping_file\";s:116:\"\/www\/htdocs\/w0172e0e\/ruhr-real_2024\/wp-content\/uploads\/immonex-openimmo-import\/mappings\/houzez_ruhrreal_18122023.csv\";s:9:\"timestamp\";i:1758732008;s:4:\"date\";s:10:\"2025-09-24\";s:4:\"time\";s:8:\"18:40:08\";}"],"_immonex_is_sold":[""],"_immonex_is_reserved":[""],"_immonex_is_available":["1"],"_immonex_areabutler_url_with_address":[""],"_immonex_areabutler_url_no_address":[""],"_immonex_areabutler_url":[""],"additional_features":["a:15:{i:0;a:2:{s:29:\"fave_additional_feature_title\";s:11:\"Heizungsart\";s:29:\"fave_additional_feature_value\";s:14:\"Zentralheizung\";}i:1;a:2:{s:29:\"fave_additional_feature_title\";s:14:\"Nettokaltmiete\";s:29:\"fave_additional_feature_value\";s:10:\"9&nbsp;\u20ac\";}i:2;a:2:{s:29:\"fave_additional_feature_title\";s:9:\"Kaltmiete\";s:29:\"fave_additional_feature_value\";s:10:\"9&nbsp;\u20ac\";}i:3;a:2:{s:29:\"fave_additional_feature_title\";s:33:\"Heizkosten in Warmmiete enthalten\";s:29:\"fave_additional_feature_value\";s:4:\"nein\";}i:4;a:2:{s:29:\"fave_additional_feature_title\";s:32:\"Preise zuz\u00fcglich Mehrwertsteuer\";s:29:\"fave_additional_feature_value\";s:4:\"nein\";}i:5;a:2:{s:29:\"fave_additional_feature_title\";s:23:\"Netto-Kaltmiete pro m\u00b2\";s:29:\"fave_additional_feature_value\";s:10:\"9&nbsp;\u20ac\";}i:6;a:2:{s:29:\"fave_additional_feature_title\";s:10:\"MwSt.-Satz\";s:29:\"fave_additional_feature_value\";s:9:\"19&nbsp;%\";}i:7;a:2:{s:29:\"fave_additional_feature_title\";s:12:\"B\u00fcrofl\u00e4che\";s:29:\"fave_additional_feature_value\";s:12:\"596&nbsp;m\u00b2\";}i:8;a:2:{s:29:\"fave_additional_feature_title\";s:16:\"B\u00fcroteilfl\u00e4che\";s:29:\"fave_additional_feature_value\";s:12:\"596&nbsp;m\u00b2\";}i:9;a:2:{s:29:\"fave_additional_feature_title\";s:10:\"Teilbar ab\";s:29:\"fave_additional_feature_value\";s:12:\"596&nbsp;m\u00b2\";}i:10;a:2:{s:29:\"fave_additional_feature_title\";s:19:\"Art der Ausstattung\";s:29:\"fave_additional_feature_value\";s:8:\"Standard\";}i:11;a:2:{s:29:\"fave_additional_feature_title\";s:10:\"Bodenbelag\";s:29:\"fave_additional_feature_value\";s:7:\"Teppich\";}i:12;a:2:{s:29:\"fave_additional_feature_title\";s:13:\"Stellplatzart\";s:29:\"fave_additional_feature_value\";s:9:\"Freiplatz\";}i:13;a:2:{s:29:\"fave_additional_feature_title\";s:7:\"Zustand\";s:29:\"fave_additional_feature_value\";s:8:\"gepflegt\";}i:14;a:2:{s:29:\"fave_additional_feature_title\";s:27:\"Immobilie ist verf\u00fcgbar ab\";s:29:\"fave_additional_feature_value\";s:6:\"sofort\";}}"],"fave_additional_features_enable":["enable"],"_immonex_custom_fields":["a:1:{s:23:\"Energieausweis-Jahrgang\";a:5:{s:14:\"mapping_source\";s:38:\"zustand_angaben->energiepass->jahrgang\";s:4:\"name\";s:0:\"\";s:5:\"group\";s:5:\"epass\";s:5:\"value\";s:13:\"not available\";s:19:\"value_before_filter\";s:4:\"ohne\";}}"],"_immonex_property_xml_source":["<?xml version=\"1.0\"?>\n<immobilie>\n<objektkategorie>\n<nutzungsart WOHNEN=\"false\" GEWERBE=\"true\"\/>\n<vermarktungsart KAUF=\"false\" MIETE_PACHT=\"true\"\/>\n<objektart>\n<buero_praxen buero_typ=\"BUEROHAUS\"\/>\n<\/objektart>\n<user_defined_simplefield\/>\n<\/objektkategorie>\n<geo>\n<plz>45473<\/plz>\n<ort>M&#xFC;lheim<\/ort>\n<strasse>Aktienstra&#xDF;e<\/strasse>\n<hausnummer>53<\/hausnummer>\n<land iso_land=\"DEU\"\/>\n<lage_im_bau\/>\n<\/geo>\n<kontaktperson>\n<email_zentrale>anfrage@ruhr-real.de<\/email_zentrale>\n<email_direkt>kruse@ruhr-real.de<\/email_direkt>\n<tel_durchw>+49 201 999963-33<\/tel_durchw>\n<tel_fax>+49 201 99 99 63 44<\/tel_fax>\n<tel_handy>+49 162 88 87 076<\/tel_handy>\n<name>Kruse<\/name>\n<vorname>Samuel<\/vorname>\n<anrede>Herr<\/anrede>\n<firma>RUHR REAL GmbH<\/firma>\n<strasse>Holsterhauser Platz<\/strasse>\n<hausnummer>2<\/hausnummer>\n<plz>45147<\/plz>\n<ort>Essen<\/ort>\n<adressfreigabe>true<\/adressfreigabe>\n<\/kontaktperson>\n<preise>\n<nettokaltmiete>9.00<\/nettokaltmiete>\n<kaltmiete>9.00<\/kaltmiete>\n<heizkosten_enthalten>false<\/heizkosten_enthalten>\n<zzg_mehrwertsteuer>false<\/zzg_mehrwertsteuer>\n<preis_zeiteinheit\/>\n<mietpreis_pro_qm>9.0000<\/mietpreis_pro_qm>\n<provisionspflichtig>false<\/provisionspflichtig>\n<waehrung iso_waehrung=\"EUR\"\/>\n<mwst_satz>19.00<\/mwst_satz>\n<stp_carport\/>\n<stp_duplex\/>\n<stp_freiplatz\/>\n<stp_garage\/>\n<stp_parkhaus\/>\n<stp_tiefgarage\/>\n<\/preise>\n<bieterverfahren\/>\n<versteigerung\/>\n<flaechen>\n<bueroflaeche>596<\/bueroflaeche>\n<bueroteilflaeche>596<\/bueroteilflaeche>\n<teilbar_ab>596<\/teilbar_ab>\n<anzahl_stellplaetze type=\"xsd:decimal\">200<\/anzahl_stellplaetze>\n<\/flaechen>\n<ausstattung>\n<ausstatt_kategorie>STANDARD<\/ausstatt_kategorie>\n<raeume_veraenderbar>true<\/raeume_veraenderbar>\n<bad\/>\n<kueche\/>\n<boden TEPPICH=\"true\"\/>\n<heizungsart ZENTRAL=\"true\"\/>\n<befeuerung\/>\n<fahrstuhl PERSONEN=\"true\"\/>\n<stellplatzart FREIPLATZ=\"true\"\/>\n<ausricht_balkon_terrasse\/>\n<angeschl_gastronomie\/>\n<sicherheitstechnik\/>\n<\/ausstattung>\n<zustand_angaben>\n<zustand zustand_art=\"GEPFLEGT\"\/>\n<energiepass>\n<jahrgang>ohne<\/jahrgang>\n<\/energiepass>\n<\/zustand_angaben>\n<bewertung\/>\n<infrastruktur\/>\n<freitexte>\n<objekttitel>Modern ausgestattete B&#xFC;rofl&#xE4;che in zentraler Lage | Stellpl&#xE4;tze | gute Anbindung<\/objekttitel>\n<lage>Die Immobilie befindet sich in M&#xFC;lheim Altstadt. Durch die verkehrsg&#xFC;nstige Lage an einer stark befahrenen Stra&#xDF;e bietet das Objekt ideale Visibilit&#xE4;t und Werbem&#xF6;glichkeiten. Eine gute Erreichbarkeit wird durch eine sehr gute &#xD6;PNV-Anbindung, den Anschluss an das Autobahnnetz und &#xFC;ber die B223 gew&#xE4;hrleistet. Auch der M&#xFC;lheimer Bahnhof ist in 10 Minuten zu Fu&#xDF; erreicht.\n\nBedeutende Unternehmen in der B&#xFC;romarktzone: Salzgitter Mannesmann, Thysssen Schachtbau, Siemens\n\nHotels in der Umgebung: B&amp;B Hotel, Holiday Inn Express\n<\/lage>\n<ausstatt_beschr>&#x2022; Sonnenschutz: innenliegend, manuell\n&#x2022; Bodenbelag: Teppichboden\n&#x2022; Beleuchtung: Deckenspots\n&#x2022; Teek&#xFC;che: voll ausgestattet\n&#x2022; Verkabelung: CAT-6\n&#x2022; Verkabelungsort: Kabelkan&#xE4;le, Bodentanks\n&#x2022; Heizungsart: Gaszentralheizung\n<\/ausstatt_beschr>\n<objektbeschreibung>Das angebotene Objekt verf&#xFC;gt &#xFC;ber vier Etagen und &#xFC;berzeugt durch sein repr&#xE4;sentatives Au&#xDF;enbild. Die vakanten Fl&#xE4;chen verf&#xFC;gen u.a. &#xFC;ber moderne Deckenspots und CAT-6 Verkabelung. Au&#xDF;erdem geh&#xF6;ren einige PKW Stellpl&#xE4;tze zu der Immobilie. Bei Bedarf k&#xF6;nnen zus&#xE4;tzliche Lagerfl&#xE4;chen im 2. OG angemietet werden.\n\nDerzeit stehen folgende Fl&#xE4;chen zur Disposition:\n\n1. OG: ca. 631 m&#xB2;\n\nIm EG befindet sich dar&#xFC;ber hinaus eine vakante Retailfl&#xE4;che mit ca. 597 m&#xB2;.<\/objektbeschreibung>\n<sonstige_angaben>Es gelten ausschlie&#xDF;lich unsere AGB (www.ruhr-real.de\/agb). Wir m&#xF6;chten Sie darauf hinweisen, dass die Angaben ausschlie&#xDF;lich auf den uns vom Eigent&#xFC;mer &#xFC;bermittelten Unterlagen und Informationen basieren. F&#xFC;r Richtigkeit und Vollst&#xE4;ndigkeit &#xFC;bernehmen wir keine Gew&#xE4;hr. Zwischenvermietung vorbehalten.<\/sonstige_angaben><\/freitexte>\n<anhaenge>\n<anhang location=\"EXTERN\" gruppe=\"TITELBILD\">\n<anhangtitel>Geb&#xE4;ude Ansicht<\/anhangtitel>\n<format>jpg<\/format>\n<daten>\n<pfad>793ee150b9504742a841345e03ddef84.jpg<\/pfad>\n<\/daten>\n<\/anhang>\n<anhang location=\"EXTERN\" gruppe=\"BILD\">\n<anhangtitel>Eingang au&#xDF;en<\/anhangtitel>\n<format>jpg<\/format>\n<daten>\n<pfad>44c3d01a2a3742daa828808a4e783767.jpg<\/pfad>\n<\/daten>\n<\/anhang>\n<anhang location=\"EXTERN\" gruppe=\"BILD\">\n<anhangtitel>Eingang au&#xDF;en<\/anhangtitel>\n<format>jpg<\/format>\n<daten>\n<pfad>e33c2d32c0b04156aa9b85287406b374.jpg<\/pfad>\n<\/daten>\n<\/anhang>\n<anhang location=\"EXTERN\" gruppe=\"BILD\">\n<anhangtitel>Seitenansicht<\/anhangtitel>\n<format>jpg<\/format>\n<daten>\n<pfad>03cb2e34b4f24e02afb16499354539b6.jpg<\/pfad>\n<\/daten>\n<\/anhang>\n<anhang location=\"EXTERN\" gruppe=\"BILD\">\n<anhangtitel>Stra&#xDF;enansicht<\/anhangtitel>\n<format>jpg<\/format>\n<daten>\n<pfad>8e454e30ada34435afbe7bea40bad5dd.jpg<\/pfad>\n<\/daten>\n<\/anhang>\n<anhang location=\"EXTERN\" gruppe=\"BILD\">\n<anhangtitel>Teek&#xFC;che<\/anhangtitel>\n<format>jpg<\/format>\n<daten>\n<pfad>45b32c42074340ae882d8cd7a9ba7b83.jpg<\/pfad>\n<\/daten>\n<\/anhang>\n<anhang location=\"EXTERN\" gruppe=\"BILD\">\n<anhangtitel>Aufzug<\/anhangtitel>\n<format>jpg<\/format>\n<daten>\n<pfad>c9163f5b08984860bf2e7ad5c736b848.jpg<\/pfad>\n<\/daten>\n<\/anhang>\n<anhang location=\"EXTERN\" gruppe=\"BILD\">\n<anhangtitel>Eingang<\/anhangtitel>\n<format>jpg<\/format>\n<daten>\n<pfad>07f80b22354f4344882503505ed1ab5c.jpg<\/pfad>\n<\/daten>\n<\/anhang>\n<anhang location=\"EXTERN\" gruppe=\"BILD\">\n<anhangtitel>B&#xFC;ro<\/anhangtitel>\n<format>jpg<\/format>\n<daten>\n<pfad>9e1b607e84da44c2a408c2ea4254bf97.jpg<\/pfad>\n<\/daten>\n<\/anhang>\n<anhang location=\"EXTERN\" gruppe=\"BILD\">\n<anhangtitel>Konferenz<\/anhangtitel>\n<format>jpg<\/format>\n<daten>\n<pfad>7b355e9fe1e44be795859ba1e1e33e64.jpg<\/pfad>\n<\/daten>\n<\/anhang>\n<\/anhaenge>\n<verwaltung_objekt>\n<objektadresse_freigeben>false<\/objektadresse_freigeben>\n<verfuegbar_ab>sofort<\/verfuegbar_ab>\n<geschlecht\/>\n<gewerbliche_nutzung>true<\/gewerbliche_nutzung>\n<\/verwaltung_objekt>\n<verwaltung_techn>\n<objektnr_intern>F9D8A2D4707845B38A8379B72196F251<\/objektnr_intern>\n<objektnr_extern>3814\/E1<\/objektnr_extern>\n<aktion aktionart=\"CHANGE\"\/>\n<openimmo_obid>F9D8A2D4707845B38A8379B72196F251<\/openimmo_obid>\n<kennung_ursprung>estatePro V10.0.0.8<\/kennung_ursprung>\n<stand_vom>2025-09-24<\/stand_vom>\n<\/verwaltung_techn>\n<user_defined_simplefield feldname=\"Startseite\">Nein<\/user_defined_simplefield>\n<\/immobilie>\n"],"_immonex_energy_class":[""],"_immonex_energy_class_id":["0"],"_thumbnail_id":["165972"],"fave_property_images":["165972","165973","165974","165975","165976","165977","165978","165979","165980","165981"],"fave_floor_plans_enable":["disable"],"fave_prop_homeslider":["yes"],"fave_prop_slider_image":["165972"],"fave_agents":["152858"],"fave_agent_display_option":["agent_info"],"fave_single_top_area":["global"],"fave_single_content_area":["global"],"fave_property_map":["1"],"fave_property_map_street_view":["hide"],"fave_property_size_prefix":["m\u00b2"],"fave_property_land_postfix":["m\u00b2"],"fave_featured":["0"],"houzez_featured_listing_date":[""],"fave_property_price_postfix":["pro&nbsp;m\u00b2"],"fave_currency":["EUR"],"fave_currency_info":["a:8:{s:2:\"id\";s:1:\"1\";s:13:\"currency_name\";s:4:\"Euro\";s:13:\"currency_code\";s:3:\"EUR\";s:15:\"currency_symbol\";s:3:\"\u20ac\";s:17:\"currency_position\";s:5:\"after\";s:16:\"currency_decimal\";s:1:\"2\";s:26:\"currency_decimal_separator\";s:1:\",\";s:27:\"currency_thousand_separator\";s:1:\".\";}"],"houzez_total_property_views":["1029"],"houzez_views_by_date":["a:61:{s:10:\"02-27-2026\";i:6;s:10:\"02-28-2026\";i:4;s:10:\"03-01-2026\";i:4;s:10:\"03-02-2026\";i:4;s:10:\"03-03-2026\";i:4;s:10:\"03-04-2026\";i:4;s:10:\"03-05-2026\";i:6;s:10:\"03-06-2026\";i:4;s:10:\"03-07-2026\";i:4;s:10:\"03-08-2026\";i:4;s:10:\"03-09-2026\";i:4;s:10:\"03-10-2026\";i:4;s:10:\"03-11-2026\";i:6;s:10:\"03-12-2026\";i:5;s:10:\"03-13-2026\";i:4;s:10:\"03-14-2026\";i:4;s:10:\"03-15-2026\";i:4;s:10:\"03-16-2026\";i:2;s:10:\"03-17-2026\";i:10;s:10:\"03-18-2026\";i:6;s:10:\"03-19-2026\";i:4;s:10:\"03-20-2026\";i:6;s:10:\"03-21-2026\";i:4;s:10:\"03-22-2026\";i:4;s:10:\"03-23-2026\";i:4;s:10:\"03-24-2026\";i:4;s:10:\"03-25-2026\";i:4;s:10:\"03-26-2026\";i:6;s:10:\"03-27-2026\";i:4;s:10:\"03-28-2026\";i:4;s:10:\"03-29-2026\";i:4;s:10:\"03-30-2026\";i:8;s:10:\"03-31-2026\";i:4;s:10:\"04-01-2026\";i:13;s:10:\"04-02-2026\";i:9;s:10:\"04-03-2026\";i:8;s:10:\"04-04-2026\";i:8;s:10:\"04-05-2026\";i:8;s:10:\"04-06-2026\";i:8;s:10:\"04-07-2026\";i:12;s:10:\"04-08-2026\";i:6;s:10:\"04-09-2026\";i:8;s:10:\"04-10-2026\";i:8;s:10:\"04-11-2026\";i:6;s:10:\"04-12-2026\";i:10;s:10:\"04-13-2026\";i:8;s:10:\"04-14-2026\";i:8;s:10:\"04-15-2026\";i:8;s:10:\"04-16-2026\";i:8;s:10:\"04-17-2026\";i:8;s:10:\"04-18-2026\";i:8;s:10:\"04-19-2026\";i:8;s:10:\"04-20-2026\";i:8;s:10:\"04-21-2026\";i:8;s:10:\"04-22-2026\";i:10;s:10:\"04-23-2026\";i:8;s:10:\"04-24-2026\";i:8;s:10:\"04-25-2026\";i:8;s:10:\"04-26-2026\";i:8;s:10:\"04-27-2026\";i:8;s:10:\"04-28-2026\";i:2;}"],"houzez_recently_viewed":["2026-04-28 05:34:49"],"tp_widgets":["a:2:{s:7:\"widgets\";a:0:{}s:9:\"update_at\";s:10:\"1764682733\";}"],"_edit_last":["1"],"_elementor_page_assets":["a:0:{}"]},"_links":{"self":[{"href":"https:\/\/ruhr-real.de\/en\/wp-json\/wp\/v2\/properties\/140764","targetHints":{"allow":["GET"]}}],"collection":[{"href":"https:\/\/ruhr-real.de\/en\/wp-json\/wp\/v2\/properties"}],"about":[{"href":"https:\/\/ruhr-real.de\/en\/wp-json\/wp\/v2\/types\/property"}],"author":[{"embeddable":true,"href":"https:\/\/ruhr-real.de\/en\/wp-json\/wp\/v2\/users\/1"}],"version-history":[{"count":0,"href":"https:\/\/ruhr-real.de\/en\/wp-json\/wp\/v2\/properties\/140764\/revisions"}],"wp:featuredmedia":[{"embeddable":true,"href":"https:\/\/ruhr-real.de\/en\/wp-json\/wp\/v2\/media\/165972"}],"wp:attachment":[{"href":"https:\/\/ruhr-real.de\/en\/wp-json\/wp\/v2\/media?parent=140764"}],"wp:term":[{"taxonomy":"property_type","embeddable":true,"href":"https:\/\/ruhr-real.de\/en\/wp-json\/wp\/v2\/property_type?post=140764"},{"taxonomy":"property_status","embeddable":true,"href":"https:\/\/ruhr-real.de\/en\/wp-json\/wp\/v2\/property_status?post=140764"},{"taxonomy":"property_feature","embeddable":true,"href":"https:\/\/ruhr-real.de\/en\/wp-json\/wp\/v2\/property_feature?post=140764"},{"taxonomy":"property_label","embeddable":true,"href":"https:\/\/ruhr-real.de\/en\/wp-json\/wp\/v2\/property_label?post=140764"},{"taxonomy":"property_country","embeddable":true,"href":"https:\/\/ruhr-real.de\/en\/wp-json\/wp\/v2\/property_country?post=140764"},{"taxonomy":"property_state","embeddable":true,"href":"https:\/\/ruhr-real.de\/en\/wp-json\/wp\/v2\/property_state?post=140764"},{"taxonomy":"property_city","embeddable":true,"href":"https:\/\/ruhr-real.de\/en\/wp-json\/wp\/v2\/property_city?post=140764"},{"taxonomy":"property_area","embeddable":true,"href":"https:\/\/ruhr-real.de\/en\/wp-json\/wp\/v2\/property_area?post=140764"}],"curies":[{"name":"wp","href":"https:\/\/api.w.org\/{rel}","templated":true}]}}